{"id":2590,"date":"2017-11-07T10:23:02","date_gmt":"2017-11-07T13:23:02","guid":{"rendered":"http:\/\/medicina.udd.cl\/centro-medicina-regenerativa\/?page_id=2590"},"modified":"2022-02-24T16:22:24","modified_gmt":"2022-02-24T19:22:24","slug":"desarrollo-biotecnologico","status":"publish","type":"page","link":"https:\/\/medicina.udd.cl\/centro-medicina-regenerativa\/que-hacemos\/desarrollo-biotecnologico\/","title":{"rendered":"Desarrollo biotecnol\u00f3gico"},"content":{"rendered":"\n<p>La investigaci\u00f3n que actualmente lleva a cabo el laboratorio, est\u00e1 estrechamente relacionada con las&nbsp;&nbsp;necesidades y&nbsp;exigencias &nbsp;del sector ap\u00edcola que se presentan en Chile y a nivel mundial. Por un lado, la salud de la abeja mel\u00edfera que se ve afectada por pat\u00f3genos y condiciones ambientales adversas y, por otro, el creciente&nbsp;inter\u00e9s&nbsp;de dar valor a los productos de la colmena debido a sus propiedades y beneficios en la salud y nutrici\u00f3n humana.<\/p>\n\n\n\n<p>Los \u00e1mbitos de acci\u00f3n del laboratorio de investigaci\u00f3n ap\u00edcola son:<\/p>\n\n\n\n<ul class=\"wp-block-list\"><li>Desarrollo de t\u00e9cnicas microbiol\u00f3gicas y moleculares para la de detecci\u00f3n de pat\u00f3genos (bacterias, virus y hongos) que atacan a las abejas<\/li><li>Desarrollo de productos anti-microbianos para el control de microorganismos pat\u00f3genos<\/li><li>Evaluaci\u00f3n del efecto de compuestos qu\u00edmicos sint\u00e9ticos y naturales en la sobrevida y sobre el sistema inmune de\u00a0<em>Apis mel\u00edfera\u00a0<\/em><\/li><li>Estudio de la composici\u00f3n y caracterizaci\u00f3n de productos ap\u00edcolas.<\/li><\/ul>\n\n\n\n<figure class=\"wp-block-gallery columns-4 is-cropped wp-block-gallery-1 is-layout-flex wp-block-gallery-is-layout-flex\"><ul class=\"blocks-gallery-grid\"><li class=\"blocks-gallery-item\"><figure><img loading=\"lazy\" decoding=\"async\" width=\"675\" height=\"450\" src=\"https:\/\/medicina.udd.cl\/centro-medicina-regenerativa\/files\/2017\/11\/Desarrollo-biotecnol\u00f3gico-4.jpg\" alt=\"\" data-id=\"2598\" class=\"wp-image-2598\" srcset=\"https:\/\/medicina.udd.cl\/centro-medicina-regenerativa\/files\/2017\/11\/Desarrollo-biotecnol\u00f3gico-4.jpg 675w, https:\/\/medicina.udd.cl\/centro-medicina-regenerativa\/files\/2017\/11\/Desarrollo-biotecnol\u00f3gico-4-300x200.jpg 300w\" sizes=\"auto, (max-width: 675px) 100vw, 675px\" \/><\/figure><\/li><li class=\"blocks-gallery-item\"><figure><img loading=\"lazy\" decoding=\"async\" width=\"634\" height=\"450\" src=\"https:\/\/medicina.udd.cl\/centro-medicina-regenerativa\/files\/2017\/11\/Desarrollo-biotecnol\u00f3gico-1.jpg\" alt=\"\" data-id=\"2595\" class=\"wp-image-2595\" srcset=\"https:\/\/medicina.udd.cl\/centro-medicina-regenerativa\/files\/2017\/11\/Desarrollo-biotecnol\u00f3gico-1.jpg 634w, https:\/\/medicina.udd.cl\/centro-medicina-regenerativa\/files\/2017\/11\/Desarrollo-biotecnol\u00f3gico-1-300x213.jpg 300w, https:\/\/medicina.udd.cl\/centro-medicina-regenerativa\/files\/2017\/11\/Desarrollo-biotecnol\u00f3gico-1-316x224.jpg 316w, https:\/\/medicina.udd.cl\/centro-medicina-regenerativa\/files\/2017\/11\/Desarrollo-biotecnol\u00f3gico-1-87x62.jpg 87w\" sizes=\"auto, (max-width: 634px) 100vw, 634px\" \/><\/figure><\/li><li class=\"blocks-gallery-item\"><figure><img loading=\"lazy\" decoding=\"async\" width=\"675\" height=\"450\" src=\"https:\/\/medicina.udd.cl\/centro-medicina-regenerativa\/files\/2017\/11\/Desarrollo-biotecnol\u00f3gico-3.jpg\" alt=\"\" data-id=\"2597\" class=\"wp-image-2597\" srcset=\"https:\/\/medicina.udd.cl\/centro-medicina-regenerativa\/files\/2017\/11\/Desarrollo-biotecnol\u00f3gico-3.jpg 675w, https:\/\/medicina.udd.cl\/centro-medicina-regenerativa\/files\/2017\/11\/Desarrollo-biotecnol\u00f3gico-3-300x200.jpg 300w\" sizes=\"auto, (max-width: 675px) 100vw, 675px\" \/><\/figure><\/li><li class=\"blocks-gallery-item\"><figure><img loading=\"lazy\" decoding=\"async\" width=\"800\" height=\"450\" src=\"https:\/\/medicina.udd.cl\/centro-medicina-regenerativa\/files\/2017\/11\/Desarrollo-biotecnol\u00f3gico-6.jpg\" alt=\"\" data-id=\"2600\" class=\"wp-image-2600\" srcset=\"https:\/\/medicina.udd.cl\/centro-medicina-regenerativa\/files\/2017\/11\/Desarrollo-biotecnol\u00f3gico-6.jpg 800w, https:\/\/medicina.udd.cl\/centro-medicina-regenerativa\/files\/2017\/11\/Desarrollo-biotecnol\u00f3gico-6-300x169.jpg 300w, https:\/\/medicina.udd.cl\/centro-medicina-regenerativa\/files\/2017\/11\/Desarrollo-biotecnol\u00f3gico-6-768x432.jpg 768w\" sizes=\"auto, (max-width: 800px) 100vw, 800px\" \/><\/figure><\/li><li class=\"blocks-gallery-item\"><figure><img loading=\"lazy\" decoding=\"async\" width=\"675\" height=\"450\" src=\"https:\/\/medicina.udd.cl\/centro-medicina-regenerativa\/files\/2017\/11\/Desarrollo-biotecnol\u00f3gico-2.jpg\" alt=\"\" data-id=\"2596\" class=\"wp-image-2596\" srcset=\"https:\/\/medicina.udd.cl\/centro-medicina-regenerativa\/files\/2017\/11\/Desarrollo-biotecnol\u00f3gico-2.jpg 675w, https:\/\/medicina.udd.cl\/centro-medicina-regenerativa\/files\/2017\/11\/Desarrollo-biotecnol\u00f3gico-2-300x200.jpg 300w\" sizes=\"auto, (max-width: 675px) 100vw, 675px\" \/><\/figure><\/li><li class=\"blocks-gallery-item\"><figure><img loading=\"lazy\" decoding=\"async\" width=\"859\" height=\"450\" src=\"https:\/\/medicina.udd.cl\/centro-medicina-regenerativa\/files\/2017\/11\/Desarrollo-biotecnol\u00f3gico-5.jpg\" alt=\"\" data-id=\"2599\" class=\"wp-image-2599\" srcset=\"https:\/\/medicina.udd.cl\/centro-medicina-regenerativa\/files\/2017\/11\/Desarrollo-biotecnol\u00f3gico-5.jpg 859w, https:\/\/medicina.udd.cl\/centro-medicina-regenerativa\/files\/2017\/11\/Desarrollo-biotecnol\u00f3gico-5-300x157.jpg 300w, https:\/\/medicina.udd.cl\/centro-medicina-regenerativa\/files\/2017\/11\/Desarrollo-biotecnol\u00f3gico-5-768x402.jpg 768w, https:\/\/medicina.udd.cl\/centro-medicina-regenerativa\/files\/2017\/11\/Desarrollo-biotecnol\u00f3gico-5-288x150.jpg 288w\" sizes=\"auto, (max-width: 859px) 100vw, 859px\" \/><\/figure><\/li><li class=\"blocks-gallery-item\"><figure><img loading=\"lazy\" decoding=\"async\" width=\"799\" height=\"450\" src=\"https:\/\/medicina.udd.cl\/centro-medicina-regenerativa\/files\/2017\/11\/Desarrollo-biotecnol\u00f3gico-7.jpg\" alt=\"\" data-id=\"2601\" class=\"wp-image-2601\" srcset=\"https:\/\/medicina.udd.cl\/centro-medicina-regenerativa\/files\/2017\/11\/Desarrollo-biotecnol\u00f3gico-7.jpg 799w, https:\/\/medicina.udd.cl\/centro-medicina-regenerativa\/files\/2017\/11\/Desarrollo-biotecnol\u00f3gico-7-300x169.jpg 300w, https:\/\/medicina.udd.cl\/centro-medicina-regenerativa\/files\/2017\/11\/Desarrollo-biotecnol\u00f3gico-7-768x433.jpg 768w\" sizes=\"auto, (max-width: 799px) 100vw, 799px\" \/><\/figure><\/li><\/ul><\/figure>\n","protected":false},"excerpt":{"rendered":"<p>La investigaci\u00f3n que actualmente lleva a cabo el laboratorio, est\u00e1 estrechamente relacionada con las&nbsp;&nbsp;necesidades y&nbsp;exigencias &nbsp;del sector ap\u00edcola que se presentan en Chile y a nivel mundial. Por un lado, la salud de la abeja mel\u00edfera que se ve afectada por pat\u00f3genos y condiciones ambientales adversas y, por otro, el creciente&nbsp;inter\u00e9s&nbsp;de dar valor a los [&hellip;]<\/p>\n","protected":false},"author":42,"featured_media":0,"parent":114,"menu_order":0,"comment_status":"closed","ping_status":"closed","template":"","meta":{"footnotes":""},"class_list":["post-2590","page","type-page","status-publish","hentry"],"yoast_head":"<!-- This site is optimized with the Yoast SEO plugin v26.9 - https:\/\/yoast.com\/product\/yoast-seo-wordpress\/ -->\n<title>Desarrollo biotecnol\u00f3gico - Centro de Medicina Regenerativa<\/title>\n<meta name=\"robots\" content=\"index, follow, max-snippet:-1, max-image-preview:large, max-video-preview:-1\" \/>\n<link rel=\"canonical\" href=\"https:\/\/medicina.udd.cl\/centro-medicina-regenerativa\/que-hacemos\/desarrollo-biotecnologico\/\" \/>\n<meta property=\"og:locale\" content=\"es_ES\" \/>\n<meta property=\"og:type\" content=\"article\" \/>\n<meta property=\"og:title\" content=\"Desarrollo biotecnol\u00f3gico - Centro de Medicina Regenerativa\" \/>\n<meta property=\"og:description\" content=\"La investigaci\u00f3n que actualmente lleva a cabo el laboratorio, est\u00e1 estrechamente relacionada con las&nbsp;&nbsp;necesidades y&nbsp;exigencias &nbsp;del sector ap\u00edcola que se presentan en Chile y a nivel mundial. Por un lado, la salud de la abeja mel\u00edfera que se ve afectada por pat\u00f3genos y condiciones ambientales adversas y, por otro, el creciente&nbsp;inter\u00e9s&nbsp;de dar valor a los [&hellip;]\" \/>\n<meta property=\"og:url\" content=\"https:\/\/medicina.udd.cl\/centro-medicina-regenerativa\/que-hacemos\/desarrollo-biotecnologico\/\" \/>\n<meta property=\"og:site_name\" content=\"Centro de Medicina Regenerativa\" \/>\n<meta property=\"article:modified_time\" content=\"2022-02-24T19:22:24+00:00\" \/>\n<meta name=\"twitter:label1\" content=\"Tiempo de lectura\" \/>\n\t<meta name=\"twitter:data1\" content=\"1 minuto\" \/>\n<script type=\"application\/ld+json\" class=\"yoast-schema-graph\">{\"@context\":\"https:\/\/schema.org\",\"@graph\":[{\"@type\":\"WebPage\",\"@id\":\"https:\/\/medicina.udd.cl\/centro-medicina-regenerativa\/que-hacemos\/desarrollo-biotecnologico\/\",\"url\":\"https:\/\/medicina.udd.cl\/centro-medicina-regenerativa\/que-hacemos\/desarrollo-biotecnologico\/\",\"name\":\"Desarrollo biotecnol\u00f3gico - Centro de Medicina Regenerativa\",\"isPartOf\":{\"@id\":\"https:\/\/medicina.udd.cl\/centro-medicina-regenerativa\/#website\"},\"datePublished\":\"2017-11-07T13:23:02+00:00\",\"dateModified\":\"2022-02-24T19:22:24+00:00\",\"breadcrumb\":{\"@id\":\"https:\/\/medicina.udd.cl\/centro-medicina-regenerativa\/que-hacemos\/desarrollo-biotecnologico\/#breadcrumb\"},\"inLanguage\":\"es\",\"potentialAction\":[{\"@type\":\"ReadAction\",\"target\":[\"https:\/\/medicina.udd.cl\/centro-medicina-regenerativa\/que-hacemos\/desarrollo-biotecnologico\/\"]}]},{\"@type\":\"BreadcrumbList\",\"@id\":\"https:\/\/medicina.udd.cl\/centro-medicina-regenerativa\/que-hacemos\/desarrollo-biotecnologico\/#breadcrumb\",\"itemListElement\":[{\"@type\":\"ListItem\",\"position\":1,\"name\":\"Inicio\",\"item\":\"https:\/\/medicina.udd.cl\/centro-medicina-regenerativa\/\"},{\"@type\":\"ListItem\",\"position\":2,\"name\":\"Qu\u00e9 hacemos\",\"item\":\"https:\/\/medicina.udd.cl\/centro-medicina-regenerativa\/que-hacemos\/\"},{\"@type\":\"ListItem\",\"position\":3,\"name\":\"Desarrollo biotecnol\u00f3gico\"}]},{\"@type\":\"WebSite\",\"@id\":\"https:\/\/medicina.udd.cl\/centro-medicina-regenerativa\/#website\",\"url\":\"https:\/\/medicina.udd.cl\/centro-medicina-regenerativa\/\",\"name\":\"Centro de Medicina Regenerativa\",\"description\":\"\",\"inLanguage\":\"es\"}]}<\/script>\n<!-- \/ Yoast SEO plugin. -->","yoast_head_json":{"title":"Desarrollo biotecnol\u00f3gico - Centro de Medicina Regenerativa","robots":{"index":"index","follow":"follow","max-snippet":"max-snippet:-1","max-image-preview":"max-image-preview:large","max-video-preview":"max-video-preview:-1"},"canonical":"https:\/\/medicina.udd.cl\/centro-medicina-regenerativa\/que-hacemos\/desarrollo-biotecnologico\/","og_locale":"es_ES","og_type":"article","og_title":"Desarrollo biotecnol\u00f3gico - Centro de Medicina Regenerativa","og_description":"La investigaci\u00f3n que actualmente lleva a cabo el laboratorio, est\u00e1 estrechamente relacionada con las&nbsp;&nbsp;necesidades y&nbsp;exigencias &nbsp;del sector ap\u00edcola que se presentan en Chile y a nivel mundial. Por un lado, la salud de la abeja mel\u00edfera que se ve afectada por pat\u00f3genos y condiciones ambientales adversas y, por otro, el creciente&nbsp;inter\u00e9s&nbsp;de dar valor a los [&hellip;]","og_url":"https:\/\/medicina.udd.cl\/centro-medicina-regenerativa\/que-hacemos\/desarrollo-biotecnologico\/","og_site_name":"Centro de Medicina Regenerativa","article_modified_time":"2022-02-24T19:22:24+00:00","twitter_misc":{"Tiempo de lectura":"1 minuto"},"schema":{"@context":"https:\/\/schema.org","@graph":[{"@type":"WebPage","@id":"https:\/\/medicina.udd.cl\/centro-medicina-regenerativa\/que-hacemos\/desarrollo-biotecnologico\/","url":"https:\/\/medicina.udd.cl\/centro-medicina-regenerativa\/que-hacemos\/desarrollo-biotecnologico\/","name":"Desarrollo biotecnol\u00f3gico - Centro de Medicina Regenerativa","isPartOf":{"@id":"https:\/\/medicina.udd.cl\/centro-medicina-regenerativa\/#website"},"datePublished":"2017-11-07T13:23:02+00:00","dateModified":"2022-02-24T19:22:24+00:00","breadcrumb":{"@id":"https:\/\/medicina.udd.cl\/centro-medicina-regenerativa\/que-hacemos\/desarrollo-biotecnologico\/#breadcrumb"},"inLanguage":"es","potentialAction":[{"@type":"ReadAction","target":["https:\/\/medicina.udd.cl\/centro-medicina-regenerativa\/que-hacemos\/desarrollo-biotecnologico\/"]}]},{"@type":"BreadcrumbList","@id":"https:\/\/medicina.udd.cl\/centro-medicina-regenerativa\/que-hacemos\/desarrollo-biotecnologico\/#breadcrumb","itemListElement":[{"@type":"ListItem","position":1,"name":"Inicio","item":"https:\/\/medicina.udd.cl\/centro-medicina-regenerativa\/"},{"@type":"ListItem","position":2,"name":"Qu\u00e9 hacemos","item":"https:\/\/medicina.udd.cl\/centro-medicina-regenerativa\/que-hacemos\/"},{"@type":"ListItem","position":3,"name":"Desarrollo biotecnol\u00f3gico"}]},{"@type":"WebSite","@id":"https:\/\/medicina.udd.cl\/centro-medicina-regenerativa\/#website","url":"https:\/\/medicina.udd.cl\/centro-medicina-regenerativa\/","name":"Centro de Medicina Regenerativa","description":"","inLanguage":"es"}]}},"_links":{"self":[{"href":"https:\/\/medicina.udd.cl\/centro-medicina-regenerativa\/wp-json\/wp\/v2\/pages\/2590","targetHints":{"allow":["GET"]}}],"collection":[{"href":"https:\/\/medicina.udd.cl\/centro-medicina-regenerativa\/wp-json\/wp\/v2\/pages"}],"about":[{"href":"https:\/\/medicina.udd.cl\/centro-medicina-regenerativa\/wp-json\/wp\/v2\/types\/page"}],"author":[{"embeddable":true,"href":"https:\/\/medicina.udd.cl\/centro-medicina-regenerativa\/wp-json\/wp\/v2\/users\/42"}],"replies":[{"embeddable":true,"href":"https:\/\/medicina.udd.cl\/centro-medicina-regenerativa\/wp-json\/wp\/v2\/comments?post=2590"}],"version-history":[{"count":6,"href":"https:\/\/medicina.udd.cl\/centro-medicina-regenerativa\/wp-json\/wp\/v2\/pages\/2590\/revisions"}],"predecessor-version":[{"id":3185,"href":"https:\/\/medicina.udd.cl\/centro-medicina-regenerativa\/wp-json\/wp\/v2\/pages\/2590\/revisions\/3185"}],"up":[{"embeddable":true,"href":"https:\/\/medicina.udd.cl\/centro-medicina-regenerativa\/wp-json\/wp\/v2\/pages\/114"}],"wp:attachment":[{"href":"https:\/\/medicina.udd.cl\/centro-medicina-regenerativa\/wp-json\/wp\/v2\/media?parent=2590"}],"curies":[{"name":"wp","href":"https:\/\/api.w.org\/{rel}","templated":true}]}}