{"id":2287,"date":"2016-04-06T11:43:12","date_gmt":"2016-04-06T14:43:12","guid":{"rendered":"http:\/\/medicina.udd.cl\/centro-medicina-regenerativa\/?post_type=person&#038;p=2287"},"modified":"2018-06-06T12:23:47","modified_gmt":"2018-06-06T16:23:47","slug":"fabian-zuniga","status":"publish","type":"person","link":"https:\/\/medicina.udd.cl\/centro-medicina-regenerativa\/persona\/fabian-zuniga\/","title":{"rendered":"Fabi\u00e1n  Zu\u00f1iga"},"featured_media":2288,"template":"","people_tax":[4037],"people_areas":[],"people_levels":[],"class_list":["post-2287","person","type-person","status-publish","has-post-thumbnail","hentry","people_tax-equipo","people_list-centro-de-medicina-regenerativa"],"yoast_head":"<!-- This site is optimized with the Yoast SEO plugin v26.9 - https:\/\/yoast.com\/product\/yoast-seo-wordpress\/ -->\n<title>Fabi\u00e1n Zu\u00f1iga - Centro de Medicina Regenerativa<\/title>\n<meta name=\"robots\" content=\"index, follow, max-snippet:-1, max-image-preview:large, max-video-preview:-1\" \/>\n<link rel=\"canonical\" href=\"https:\/\/medicina.udd.cl\/centro-medicina-regenerativa\/persona\/fabian-zuniga\/\" \/>\n<meta property=\"og:locale\" content=\"es_ES\" \/>\n<meta property=\"og:type\" content=\"article\" \/>\n<meta property=\"og:title\" content=\"Fabi\u00e1n Zu\u00f1iga - Centro de Medicina Regenerativa\" \/>\n<meta property=\"og:url\" content=\"https:\/\/medicina.udd.cl\/centro-medicina-regenerativa\/persona\/fabian-zuniga\/\" \/>\n<meta property=\"og:site_name\" content=\"Centro de Medicina Regenerativa\" \/>\n<meta property=\"article:modified_time\" content=\"2018-06-06T16:23:47+00:00\" \/>\n<meta property=\"og:image\" content=\"https:\/\/medicina.udd.cl\/centro-medicina-regenerativa\/files\/2016\/04\/Fabi\u00e1n-Zu\u00f1iga.jpg\" \/>\n\t<meta property=\"og:image:width\" content=\"524\" \/>\n\t<meta property=\"og:image:height\" content=\"450\" \/>\n\t<meta property=\"og:image:type\" content=\"image\/jpeg\" \/>\n<script type=\"application\/ld+json\" class=\"yoast-schema-graph\">{\"@context\":\"https:\/\/schema.org\",\"@graph\":[{\"@type\":\"WebPage\",\"@id\":\"https:\/\/medicina.udd.cl\/centro-medicina-regenerativa\/persona\/fabian-zuniga\/\",\"url\":\"https:\/\/medicina.udd.cl\/centro-medicina-regenerativa\/persona\/fabian-zuniga\/\",\"name\":\"Fabi\u00e1n Zu\u00f1iga - Centro de Medicina Regenerativa\",\"isPartOf\":{\"@id\":\"https:\/\/medicina.udd.cl\/centro-medicina-regenerativa\/#website\"},\"primaryImageOfPage\":{\"@id\":\"https:\/\/medicina.udd.cl\/centro-medicina-regenerativa\/persona\/fabian-zuniga\/#primaryimage\"},\"image\":{\"@id\":\"https:\/\/medicina.udd.cl\/centro-medicina-regenerativa\/persona\/fabian-zuniga\/#primaryimage\"},\"thumbnailUrl\":\"https:\/\/medicina.udd.cl\/centro-medicina-regenerativa\/files\/2016\/04\/Fabi\u00e1n-Zu\u00f1iga.jpg\",\"datePublished\":\"2016-04-06T14:43:12+00:00\",\"dateModified\":\"2018-06-06T16:23:47+00:00\",\"breadcrumb\":{\"@id\":\"https:\/\/medicina.udd.cl\/centro-medicina-regenerativa\/persona\/fabian-zuniga\/#breadcrumb\"},\"inLanguage\":\"es\",\"potentialAction\":[{\"@type\":\"ReadAction\",\"target\":[\"https:\/\/medicina.udd.cl\/centro-medicina-regenerativa\/persona\/fabian-zuniga\/\"]}]},{\"@type\":\"ImageObject\",\"inLanguage\":\"es\",\"@id\":\"https:\/\/medicina.udd.cl\/centro-medicina-regenerativa\/persona\/fabian-zuniga\/#primaryimage\",\"url\":\"https:\/\/medicina.udd.cl\/centro-medicina-regenerativa\/files\/2016\/04\/Fabi\u00e1n-Zu\u00f1iga.jpg\",\"contentUrl\":\"https:\/\/medicina.udd.cl\/centro-medicina-regenerativa\/files\/2016\/04\/Fabi\u00e1n-Zu\u00f1iga.jpg\",\"width\":524,\"height\":450},{\"@type\":\"BreadcrumbList\",\"@id\":\"https:\/\/medicina.udd.cl\/centro-medicina-regenerativa\/persona\/fabian-zuniga\/#breadcrumb\",\"itemListElement\":[{\"@type\":\"ListItem\",\"position\":1,\"name\":\"Inicio\",\"item\":\"https:\/\/medicina.udd.cl\/centro-medicina-regenerativa\/\"},{\"@type\":\"ListItem\",\"position\":2,\"name\":\"Personas\",\"item\":\"https:\/\/medicina.udd.cl\/centro-medicina-regenerativa\/persona\/\"},{\"@type\":\"ListItem\",\"position\":3,\"name\":\"Fabi\u00e1n Zu\u00f1iga\"}]},{\"@type\":\"WebSite\",\"@id\":\"https:\/\/medicina.udd.cl\/centro-medicina-regenerativa\/#website\",\"url\":\"https:\/\/medicina.udd.cl\/centro-medicina-regenerativa\/\",\"name\":\"Centro de Medicina Regenerativa\",\"description\":\"\",\"inLanguage\":\"es\"}]}<\/script>\n<!-- \/ Yoast SEO plugin. -->","yoast_head_json":{"title":"Fabi\u00e1n Zu\u00f1iga - Centro de Medicina Regenerativa","robots":{"index":"index","follow":"follow","max-snippet":"max-snippet:-1","max-image-preview":"max-image-preview:large","max-video-preview":"max-video-preview:-1"},"canonical":"https:\/\/medicina.udd.cl\/centro-medicina-regenerativa\/persona\/fabian-zuniga\/","og_locale":"es_ES","og_type":"article","og_title":"Fabi\u00e1n Zu\u00f1iga - Centro de Medicina Regenerativa","og_url":"https:\/\/medicina.udd.cl\/centro-medicina-regenerativa\/persona\/fabian-zuniga\/","og_site_name":"Centro de Medicina Regenerativa","article_modified_time":"2018-06-06T16:23:47+00:00","og_image":[{"width":524,"height":450,"url":"https:\/\/medicina.udd.cl\/centro-medicina-regenerativa\/files\/2016\/04\/Fabi\u00e1n-Zu\u00f1iga.jpg","type":"image\/jpeg"}],"schema":{"@context":"https:\/\/schema.org","@graph":[{"@type":"WebPage","@id":"https:\/\/medicina.udd.cl\/centro-medicina-regenerativa\/persona\/fabian-zuniga\/","url":"https:\/\/medicina.udd.cl\/centro-medicina-regenerativa\/persona\/fabian-zuniga\/","name":"Fabi\u00e1n Zu\u00f1iga - Centro de Medicina Regenerativa","isPartOf":{"@id":"https:\/\/medicina.udd.cl\/centro-medicina-regenerativa\/#website"},"primaryImageOfPage":{"@id":"https:\/\/medicina.udd.cl\/centro-medicina-regenerativa\/persona\/fabian-zuniga\/#primaryimage"},"image":{"@id":"https:\/\/medicina.udd.cl\/centro-medicina-regenerativa\/persona\/fabian-zuniga\/#primaryimage"},"thumbnailUrl":"https:\/\/medicina.udd.cl\/centro-medicina-regenerativa\/files\/2016\/04\/Fabi\u00e1n-Zu\u00f1iga.jpg","datePublished":"2016-04-06T14:43:12+00:00","dateModified":"2018-06-06T16:23:47+00:00","breadcrumb":{"@id":"https:\/\/medicina.udd.cl\/centro-medicina-regenerativa\/persona\/fabian-zuniga\/#breadcrumb"},"inLanguage":"es","potentialAction":[{"@type":"ReadAction","target":["https:\/\/medicina.udd.cl\/centro-medicina-regenerativa\/persona\/fabian-zuniga\/"]}]},{"@type":"ImageObject","inLanguage":"es","@id":"https:\/\/medicina.udd.cl\/centro-medicina-regenerativa\/persona\/fabian-zuniga\/#primaryimage","url":"https:\/\/medicina.udd.cl\/centro-medicina-regenerativa\/files\/2016\/04\/Fabi\u00e1n-Zu\u00f1iga.jpg","contentUrl":"https:\/\/medicina.udd.cl\/centro-medicina-regenerativa\/files\/2016\/04\/Fabi\u00e1n-Zu\u00f1iga.jpg","width":524,"height":450},{"@type":"BreadcrumbList","@id":"https:\/\/medicina.udd.cl\/centro-medicina-regenerativa\/persona\/fabian-zuniga\/#breadcrumb","itemListElement":[{"@type":"ListItem","position":1,"name":"Inicio","item":"https:\/\/medicina.udd.cl\/centro-medicina-regenerativa\/"},{"@type":"ListItem","position":2,"name":"Personas","item":"https:\/\/medicina.udd.cl\/centro-medicina-regenerativa\/persona\/"},{"@type":"ListItem","position":3,"name":"Fabi\u00e1n Zu\u00f1iga"}]},{"@type":"WebSite","@id":"https:\/\/medicina.udd.cl\/centro-medicina-regenerativa\/#website","url":"https:\/\/medicina.udd.cl\/centro-medicina-regenerativa\/","name":"Centro de Medicina Regenerativa","description":"","inLanguage":"es"}]}},"label":"Fabi\u00e1n  Zu\u00f1iga","role":"T\u00e9cnico de Laboratorio","thumbnail_url":"https:\/\/medicina.udd.cl\/centro-medicina-regenerativa\/files\/2016\/04\/Fabi\u00e1n-Zu\u00f1iga.jpg","email":"carloszuniga@udd.cl","tel_job":"","content":{"rendered":"<div class=\"person-modal person-modal--scl\">\n\t<header class=\"person-modal__header\">\n\t\t<div class=\"person-modal__bg\"><\/div>\n\t\t<div class=\"modal-container\">\n\t\t\t\t\t\t<div class=\"person-modal__media\">\n\t\t\t\t<img width=\"500\" height=\"429\" src=\"https:\/\/medicina.udd.cl\/centro-medicina-regenerativa\/files\/2016\/04\/Fabi\u00e1n-Zu\u00f1iga-62x62.jpg\" class=\"person-modal__image wp-post-image lazyload\" alt=\"\" decoding=\"async\" loading=\"lazy\" sizes=\"auto, (max-width: 500px) 100vw, 500px\" data-src=\"https:\/\/medicina.udd.cl\/centro-medicina-regenerativa\/files\/2016\/04\/Fabi\u00e1n-Zu\u00f1iga.jpg\" data-srcset=\"https:\/\/medicina.udd.cl\/centro-medicina-regenerativa\/files\/2016\/04\/Fabi\u00e1n-Zu\u00f1iga.jpg 524w, https:\/\/medicina.udd.cl\/centro-medicina-regenerativa\/files\/2016\/04\/Fabi\u00e1n-Zu\u00f1iga-300x258.jpg 300w\" \/>\t\t\t<\/div>\n\t\t\t\t\t\t<div class=\"person-modal__data\">\n\t\t\t\t<h1 class=\"person-modal__name\">Fabi\u00e1n  Zu\u00f1iga<\/h1>\n\t\t\t\t\t\t\t<span class=\"person-modal__description\">T\u00e9cnico de Laboratorio<\/span>\n\t\t\t\t\t\t\t\t\t\t\t\t\t<a href=\"mailto:&#099;&#097;&#114;lo&#115;&#122;u&#110;i&#103;a&#064;u&#100;d&#046;cl\" class=\"person-modal__email\">c&#97;&#114;&#108;os&#122;un&#105;&#103;a&#64;&#117;d&#100;.&#99;&#108;<\/a>\n\t\t\t\t\t\t\t\t\t<\/div>\n\t\t<\/div>\n\t<\/header>\n\t<div class=\"modal-container\">\n\t\t\t<div class=\"person-modal__content text\">\n\t\t\t\t\t<p>Ingeniero en Biotecnolog\u00eda, Universidad Andr\u00e9s Bello. Mag\u00edster en Biotecnolog\u00eda, Universidad Andr\u00e9s Bello.<\/p>\n\t\t\t\t\t\t\t\t\t\t<p>&nbsp;<\/p>\n<p><strong>ACTIVIDADES\u00a0ACAD\u00c9MICAS\u00a0Y PARTICIPACI\u00d3N EN PROYECTOS DE\u00a0<\/strong><b>INVESTIGACI\u00d3N<\/b><\/p>\n<ul>\n<li>2012 Pr\u00e1ctica de laboratorio: manejo de dispositvo port\u00e1til fluorpen 100.<\/li>\n<li>2012-2013 Pasant\u00eda en identificaci\u00f3n de genes involucrados en floraci\u00f3n en Cerezo .Centro de gen\u00f3mica funcional y biotecnolog\u00eda dentro del marco del proyecto \u201cDesarrollo y aplicaci\u00f3n de t\u00e9cnicas de ingenier\u00eda gen\u00e9tica para potenciar el fitomejoramiento del cerezo (Prunus avium), proyecto FONDEF G09I1008 \u201d<\/li>\n<li>2014 Pr\u00e1ctica Profesional: \u201cDesarrollo de PCR en tiempo real para la detecci\u00f3n de genes relacionados con respuesta inmune frente a Paenibacillus larvae en Apis melifera\u201d Universidad del Desarrollo. Proyecto interno N\u00b0 23400084.<\/li>\n<li>2014-2015 Tesista de pregrado. \u201cEfecto sobre la inmunidad individual en abejas adultas (Apis mel\u00edfera) tras la exposici\u00f3n al neonicotinoide\u00a0imidacloprid e infecci\u00f3n con el pat\u00f3geno Nosema cerenae\u201d, Universidad del Desarrollo. Financiamiento Proyecto Fondecyt 1140328.<\/li>\n<\/ul>\n<p>&nbsp;<\/p>\n<p><strong>PARTICIPACI\u00d3N EN ACTIVIDADES DE EXTENSI\u00d3N<\/strong><\/p>\n<p>&nbsp;<\/p>\n<p><strong>Poster<\/strong><\/p>\n<ul>\n<li>Fabi\u00e1n Z\u00fa\u00f1iga, Lissette Figueroa, Julian C. Verdonk, Claudia Sandoval, Andrea Miyasaka Almeida. \u201cQualitative determination of auxin and flavonoids by chromatographic methods (hplc and tlc) in eucalyptus globulus.\u201d VIII Reuni\u00f3n de Biolog\u00eda Vegetal. Puc\u00f3n, Chile. 2-5 de Diciembre, 2013.<\/li>\n<li>Michelle Gatica, Daniel Almonacid, M\u00aa Angeles Miccono, Jose G. Vega, Fabian Zu\u00f1iga, Humberto Prieto, Andrea Miyasaka Almeida. \u201cIdentification and clonation of the ft\/tfl1 family genes in sweet cherry.\u201d VIII Reuni\u00f3n de Biolog\u00eda Vegetal. Puc\u00f3n, Chile. 2-5 de Diciembre, 2013.<\/li>\n<li>Z\u00fa\u00f1iga, F., Leal, G., Fuentes, E., Mart\u00ednez, J. \u201cImplementaci\u00f3n de un modelo in vitro para el estudio de la infecci\u00f3n de abejas de la miel (hymenoptera, apidae) por Nosema ceranae (dissociodihaplophasida, nosematidae).\u201d XXXVI Congreso Nacional De Entomolog\u00eda. Santiago, Chile. 26-28 de Noviembre, 2014<\/li>\n<li>\u00a0Z\u00fa\u00f1iga, F., Leal, G., Fuentes, E., Mart\u00ednez, J. \u201cEfecto sobre la inmunidad humoral en abejas adultas (Apis mel\u00edfera) tras la exposici\u00f3n al neonicotinoide imidacloprid e infecci\u00f3n con el pat\u00f3geno Nosema cerenae.\u201d 8\u00b0 Simposio Internacional Ap\u00edcola, Santiago, Chile. 12-14 de Agosto 2016<\/li>\n<\/ul>\n<p>&nbsp;<\/p>\n<p><strong>Charla<\/strong><\/p>\n<ul>\n<li>Z\u00fa\u00f1iga, F., Leal, G., Fuentes, E., Mart\u00ednez, J. \u201cEfecto sobre la inmunidad humoral en abejas adultas (Apis mel\u00edfera) tras la exposici\u00f3n al neonicotinoide imidacloprid e infecci\u00f3n con el pat\u00f3geno Nosema ceranae.\u201d 8\u00b0 Simposio Internacional Ap\u00edcola, Santiago, Chile. 12-14 de Agosto 2016.<\/li>\n<\/ul>\n<p>&nbsp;<\/p>\n<p><strong>Curso de Capacitaci\u00f3n<\/strong><\/p>\n<ul>\n<li>\u201cCurso de Bioseguridad en el laboratorio cl\u00ednico dirigido a t\u00e9cnicos y auxiliares de laboratorio\u201d Instituto de Salud P\u00fablica, 18 y 19 de Agosto 2016<\/li>\n<\/ul>\n<p>&nbsp;<\/p>\n\t\t<\/div>\n\t<\/div>\n<\/div>\n"},"identifier":"762462e791e2e8ba3f7e8f152a99374517675196","has_credential":[],"given_name":"Fabi\u00e1n ","family_name":"Zu\u00f1iga","name":"Fabi\u00e1n  Zu\u00f1iga","job_title":"T\u00e9cnico de Laboratorio","telephone":"","note":"Ingeniero en Biotecnolog\u00eda, Universidad Andr\u00e9s Bello. Mag\u00edster en Biotecnolog\u00eda, Universidad Andr\u00e9s Bello.","im":"","_self_schedule":null,"_links":{"self":[{"href":"https:\/\/medicina.udd.cl\/centro-medicina-regenerativa\/wp-json\/wp\/v2\/people\/2287","targetHints":{"allow":["GET"]}}],"collection":[{"href":"https:\/\/medicina.udd.cl\/centro-medicina-regenerativa\/wp-json\/wp\/v2\/people"}],"about":[{"href":"https:\/\/medicina.udd.cl\/centro-medicina-regenerativa\/wp-json\/wp\/v2\/types\/person"}],"wp:featuredmedia":[{"embeddable":true,"href":"https:\/\/medicina.udd.cl\/centro-medicina-regenerativa\/wp-json\/wp\/v2\/media\/2288"}],"wp:attachment":[{"href":"https:\/\/medicina.udd.cl\/centro-medicina-regenerativa\/wp-json\/wp\/v2\/media?parent=2287"}],"wp:term":[{"taxonomy":"people_tax","embeddable":true,"href":"https:\/\/medicina.udd.cl\/centro-medicina-regenerativa\/wp-json\/wp\/v2\/people_tax?post=2287"},{"taxonomy":"people_areas","embeddable":true,"href":"https:\/\/medicina.udd.cl\/centro-medicina-regenerativa\/wp-json\/wp\/v2\/people_areas?post=2287"},{"taxonomy":"people_levels","embeddable":true,"href":"https:\/\/medicina.udd.cl\/centro-medicina-regenerativa\/wp-json\/wp\/v2\/people_levels?post=2287"}],"curies":[{"name":"wp","href":"https:\/\/api.w.org\/{rel}","templated":true}]}}