{"id":2437,"date":"2014-08-18T14:54:35","date_gmt":"2014-08-18T18:54:35","guid":{"rendered":"http:\/\/medicina.udd.cl\/enfermeria-santiago\/files\/2014\/08\/Curso-te\u00f3rico-pr\u00e1ctico-2014.jpg"},"modified":"2014-08-18T14:54:35","modified_gmt":"2014-08-18T18:54:35","slug":"curso-teorico-practico-2014","status":"inherit","type":"attachment","link":"https:\/\/medicina.udd.cl\/enfermeria-santiago\/noticias\/2014\/08\/18\/enfermeria-udd-realiza-tercera-capacitacion-a-tutores-clinicos-de-2014\/curso-teorico-practico-2014\/","title":{"rendered":"Curso te\u00f3rico pr\u00e1ctico 2014"},"author":40,"featured_media":0,"comment_status":"open","ping_status":"open","template":"","meta":[],"class_list":["post-2437","attachment","type-attachment","status-inherit","hentry"],"yoast_head":"<!-- This site is optimized with the Yoast SEO plugin v26.9 - https:\/\/yoast.com\/product\/yoast-seo-wordpress\/ -->\n<title>Curso te\u00f3rico pr\u00e1ctico 2014 - Enfermer\u00eda UDD<\/title>\n<meta name=\"robots\" content=\"index, follow, max-snippet:-1, max-image-preview:large, max-video-preview:-1\" \/>\n<link rel=\"canonical\" href=\"https:\/\/medicina.udd.cl\/enfermeria-santiago\/files\/2014\/08\/Curso-te\u00f3rico-pr\u00e1ctico-2014.jpg\" \/>\n<meta property=\"og:locale\" content=\"es_ES\" \/>\n<meta property=\"og:type\" content=\"article\" \/>\n<meta property=\"og:title\" content=\"Curso te\u00f3rico pr\u00e1ctico 2014 - Enfermer\u00eda UDD\" \/>\n<meta property=\"og:url\" content=\"https:\/\/medicina.udd.cl\/enfermeria-santiago\/files\/2014\/08\/Curso-te\u00f3rico-pr\u00e1ctico-2014.jpg\" \/>\n<meta property=\"og:site_name\" content=\"Enfermer\u00eda UDD\" \/>\n<meta property=\"og:image\" content=\"https:\/\/medicina.udd.cl\/enfermeria-santiago\/files\/2014\/08\/Curso-te\u00f3rico-pr\u00e1ctico-2014.jpg\" \/>\n\t<meta property=\"og:image:width\" content=\"1329\" \/>\n\t<meta property=\"og:image:height\" content=\"1467\" \/>\n\t<meta property=\"og:image:type\" content=\"image\/jpeg\" \/>\n<script type=\"application\/ld+json\" class=\"yoast-schema-graph\">{\"@context\":\"https:\/\/schema.org\",\"@graph\":[{\"@type\":\"WebPage\",\"@id\":\"https:\/\/medicina.udd.cl\/enfermeria-santiago\/files\/2014\/08\/Curso-te\u00f3rico-pr\u00e1ctico-2014.jpg\",\"url\":\"https:\/\/medicina.udd.cl\/enfermeria-santiago\/files\/2014\/08\/Curso-te\u00f3rico-pr\u00e1ctico-2014.jpg\",\"name\":\"Curso te\u00f3rico pr\u00e1ctico 2014 - Enfermer\u00eda UDD\",\"isPartOf\":{\"@id\":\"https:\/\/medicina.udd.cl\/enfermeria-santiago\/#website\"},\"datePublished\":\"2014-08-18T18:54:35+00:00\",\"breadcrumb\":{\"@id\":\"https:\/\/medicina.udd.cl\/enfermeria-santiago\/files\/2014\/08\/Curso-te\u00f3rico-pr\u00e1ctico-2014.jpg#breadcrumb\"},\"inLanguage\":\"es\",\"potentialAction\":[{\"@type\":\"ReadAction\",\"target\":[\"https:\/\/medicina.udd.cl\/enfermeria-santiago\/files\/2014\/08\/Curso-te\u00f3rico-pr\u00e1ctico-2014.jpg\"]}]},{\"@type\":\"BreadcrumbList\",\"@id\":\"https:\/\/medicina.udd.cl\/enfermeria-santiago\/files\/2014\/08\/Curso-te\u00f3rico-pr\u00e1ctico-2014.jpg#breadcrumb\",\"itemListElement\":[{\"@type\":\"ListItem\",\"position\":1,\"name\":\"Home\",\"item\":\"https:\/\/medicina.udd.cl\/enfermeria-santiago\/\"},{\"@type\":\"ListItem\",\"position\":2,\"name\":\"Enfermer\u00eda UDD realiza tercera capacitaci\u00f3n a tutores cl\u00ednicos de 2014\",\"item\":\"https:\/\/medicina.udd.cl\/enfermeria-santiago\/noticias\/2014\/08\/18\/enfermeria-udd-realiza-tercera-capacitacion-a-tutores-clinicos-de-2014\/\"},{\"@type\":\"ListItem\",\"position\":3,\"name\":\"Curso te\u00f3rico pr\u00e1ctico 2014\"}]},{\"@type\":\"WebSite\",\"@id\":\"https:\/\/medicina.udd.cl\/enfermeria-santiago\/#website\",\"url\":\"https:\/\/medicina.udd.cl\/enfermeria-santiago\/\",\"name\":\"Enfermer\u00eda UDD\",\"description\":\"Facultad de Medicina Cl\u00ednica Alemana Universidad del Desarrollo\",\"inLanguage\":\"es\"}]}<\/script>\n<!-- \/ Yoast SEO plugin. -->","yoast_head_json":{"title":"Curso te\u00f3rico pr\u00e1ctico 2014 - Enfermer\u00eda UDD","robots":{"index":"index","follow":"follow","max-snippet":"max-snippet:-1","max-image-preview":"max-image-preview:large","max-video-preview":"max-video-preview:-1"},"canonical":"https:\/\/medicina.udd.cl\/enfermeria-santiago\/files\/2014\/08\/Curso-te\u00f3rico-pr\u00e1ctico-2014.jpg","og_locale":"es_ES","og_type":"article","og_title":"Curso te\u00f3rico pr\u00e1ctico 2014 - Enfermer\u00eda UDD","og_url":"https:\/\/medicina.udd.cl\/enfermeria-santiago\/files\/2014\/08\/Curso-te\u00f3rico-pr\u00e1ctico-2014.jpg","og_site_name":"Enfermer\u00eda UDD","og_image":[{"width":1329,"height":1467,"url":"https:\/\/medicina.udd.cl\/enfermeria-santiago\/files\/2014\/08\/Curso-te\u00f3rico-pr\u00e1ctico-2014.jpg","type":"image\/jpeg"}],"schema":{"@context":"https:\/\/schema.org","@graph":[{"@type":"WebPage","@id":"https:\/\/medicina.udd.cl\/enfermeria-santiago\/files\/2014\/08\/Curso-te\u00f3rico-pr\u00e1ctico-2014.jpg","url":"https:\/\/medicina.udd.cl\/enfermeria-santiago\/files\/2014\/08\/Curso-te\u00f3rico-pr\u00e1ctico-2014.jpg","name":"Curso te\u00f3rico pr\u00e1ctico 2014 - Enfermer\u00eda UDD","isPartOf":{"@id":"https:\/\/medicina.udd.cl\/enfermeria-santiago\/#website"},"datePublished":"2014-08-18T18:54:35+00:00","breadcrumb":{"@id":"https:\/\/medicina.udd.cl\/enfermeria-santiago\/files\/2014\/08\/Curso-te\u00f3rico-pr\u00e1ctico-2014.jpg#breadcrumb"},"inLanguage":"es","potentialAction":[{"@type":"ReadAction","target":["https:\/\/medicina.udd.cl\/enfermeria-santiago\/files\/2014\/08\/Curso-te\u00f3rico-pr\u00e1ctico-2014.jpg"]}]},{"@type":"BreadcrumbList","@id":"https:\/\/medicina.udd.cl\/enfermeria-santiago\/files\/2014\/08\/Curso-te\u00f3rico-pr\u00e1ctico-2014.jpg#breadcrumb","itemListElement":[{"@type":"ListItem","position":1,"name":"Home","item":"https:\/\/medicina.udd.cl\/enfermeria-santiago\/"},{"@type":"ListItem","position":2,"name":"Enfermer\u00eda UDD realiza tercera capacitaci\u00f3n a tutores cl\u00ednicos de 2014","item":"https:\/\/medicina.udd.cl\/enfermeria-santiago\/noticias\/2014\/08\/18\/enfermeria-udd-realiza-tercera-capacitacion-a-tutores-clinicos-de-2014\/"},{"@type":"ListItem","position":3,"name":"Curso te\u00f3rico pr\u00e1ctico 2014"}]},{"@type":"WebSite","@id":"https:\/\/medicina.udd.cl\/enfermeria-santiago\/#website","url":"https:\/\/medicina.udd.cl\/enfermeria-santiago\/","name":"Enfermer\u00eda UDD","description":"Facultad de Medicina Cl\u00ednica Alemana Universidad del Desarrollo","inLanguage":"es"}]}},"description":{"rendered":"<p class=\"attachment\"><a href='https:\/\/medicina.udd.cl\/enfermeria-santiago\/files\/2014\/08\/Curso-te\u00f3rico-pr\u00e1ctico-2014.jpg'><img loading=\"lazy\" decoding=\"async\" width=\"272\" height=\"300\" src=\"https:\/\/medicina.udd.cl\/enfermeria-santiago\/files\/2014\/08\/Curso-te\u00f3rico-pr\u00e1ctico-2014-272x300.jpg\" class=\"attachment-medium size-medium\" alt=\"\" srcset=\"https:\/\/medicina.udd.cl\/enfermeria-santiago\/files\/2014\/08\/Curso-te\u00f3rico-pr\u00e1ctico-2014-272x300.jpg 272w, https:\/\/medicina.udd.cl\/enfermeria-santiago\/files\/2014\/08\/Curso-te\u00f3rico-pr\u00e1ctico-2014-768x848.jpg 768w, https:\/\/medicina.udd.cl\/enfermeria-santiago\/files\/2014\/08\/Curso-te\u00f3rico-pr\u00e1ctico-2014-928x1024.jpg 928w, https:\/\/medicina.udd.cl\/enfermeria-santiago\/files\/2014\/08\/Curso-te\u00f3rico-pr\u00e1ctico-2014-870x960.jpg 870w, https:\/\/medicina.udd.cl\/enfermeria-santiago\/files\/2014\/08\/Curso-te\u00f3rico-pr\u00e1ctico-2014.jpg 1329w\" sizes=\"auto, (max-width: 272px) 100vw, 272px\" \/><\/a><\/p>\n"},"caption":{"rendered":""},"alt_text":"","media_type":"image","mime_type":"image\/jpeg","media_details":{"width":1329,"height":1467,"file":"2014\/08\/Curso-te\u00f3rico-pr\u00e1ctico-2014.jpg","sizes":{"thumbnail":{"file":"Curso-te\u00f3rico-pr\u00e1ctico-2014-150x150.jpg","width":150,"height":150,"mime_type":"image\/jpeg","source_url":"https:\/\/medicina.udd.cl\/enfermeria-santiago\/files\/2014\/08\/Curso-te\u00f3rico-pr\u00e1ctico-2014-150x150.jpg"},"medium":{"file":"Curso-te\u00f3rico-pr\u00e1ctico-2014-272x300.jpg","width":272,"height":300,"mime_type":"image\/jpeg","source_url":"https:\/\/medicina.udd.cl\/enfermeria-santiago\/files\/2014\/08\/Curso-te\u00f3rico-pr\u00e1ctico-2014-272x300.jpg"},"medium_large":{"file":"Curso-te\u00f3rico-pr\u00e1ctico-2014-768x848.jpg","width":768,"height":848,"mime_type":"image\/jpeg","source_url":"https:\/\/medicina.udd.cl\/enfermeria-santiago\/files\/2014\/08\/Curso-te\u00f3rico-pr\u00e1ctico-2014-768x848.jpg"},"large":{"file":"Curso-te\u00f3rico-pr\u00e1ctico-2014-928x1024.jpg","width":928,"height":1024,"mime_type":"image\/jpeg","source_url":"https:\/\/medicina.udd.cl\/enfermeria-santiago\/files\/2014\/08\/Curso-te\u00f3rico-pr\u00e1ctico-2014-928x1024.jpg"},"newsletter_featured":{"file":"Curso-te\u00f3rico-pr\u00e1ctico-2014-316x224.jpg","width":316,"height":224,"mime_type":"image\/jpeg","source_url":"https:\/\/medicina.udd.cl\/enfermeria-santiago\/files\/2014\/08\/Curso-te\u00f3rico-pr\u00e1ctico-2014-316x224.jpg"},"newsletter_first":{"file":"Curso-te\u00f3rico-pr\u00e1ctico-2014-286x205.jpg","width":286,"height":205,"mime_type":"image\/jpeg","source_url":"https:\/\/medicina.udd.cl\/enfermeria-santiago\/files\/2014\/08\/Curso-te\u00f3rico-pr\u00e1ctico-2014-286x205.jpg"},"newsletter_thumb":{"file":"Curso-te\u00f3rico-pr\u00e1ctico-2014-288x150.jpg","width":288,"height":150,"mime_type":"image\/jpeg","source_url":"https:\/\/medicina.udd.cl\/enfermeria-santiago\/files\/2014\/08\/Curso-te\u00f3rico-pr\u00e1ctico-2014-288x150.jpg"},"newsletter_column":{"file":"Curso-te\u00f3rico-pr\u00e1ctico-2014-182x140.jpg","width":182,"height":140,"mime_type":"image\/jpeg","source_url":"https:\/\/medicina.udd.cl\/enfermeria-santiago\/files\/2014\/08\/Curso-te\u00f3rico-pr\u00e1ctico-2014-182x140.jpg"},"newsletter_square":{"file":"Curso-te\u00f3rico-pr\u00e1ctico-2014-62x62.jpg","width":62,"height":62,"mime_type":"image\/jpeg","source_url":"https:\/\/medicina.udd.cl\/enfermeria-santiago\/files\/2014\/08\/Curso-te\u00f3rico-pr\u00e1ctico-2014-62x62.jpg"},"newsletter_square_large":{"file":"Curso-te\u00f3rico-pr\u00e1ctico-2014-87x62.jpg","width":87,"height":62,"mime_type":"image\/jpeg","source_url":"https:\/\/medicina.udd.cl\/enfermeria-santiago\/files\/2014\/08\/Curso-te\u00f3rico-pr\u00e1ctico-2014-87x62.jpg"},"featured-home":{"file":"Curso-te\u00f3rico-pr\u00e1ctico-2014-800x450.jpg","width":800,"height":450,"mime_type":"image\/jpeg","source_url":"https:\/\/medicina.udd.cl\/enfermeria-santiago\/files\/2014\/08\/Curso-te\u00f3rico-pr\u00e1ctico-2014-800x450.jpg"},"featured-career":{"file":"Curso-te\u00f3rico-pr\u00e1ctico-2014-660x430.jpg","width":660,"height":430,"mime_type":"image\/jpeg","source_url":"https:\/\/medicina.udd.cl\/enfermeria-santiago\/files\/2014\/08\/Curso-te\u00f3rico-pr\u00e1ctico-2014-660x430.jpg"},"squared":{"file":"Curso-te\u00f3rico-pr\u00e1ctico-2014-300x300.jpg","width":300,"height":300,"mime_type":"image\/jpeg","source_url":"https:\/\/medicina.udd.cl\/enfermeria-santiago\/files\/2014\/08\/Curso-te\u00f3rico-pr\u00e1ctico-2014-300x300.jpg"},"stretch":{"file":"Curso-te\u00f3rico-pr\u00e1ctico-2014-800x450.jpg","width":800,"height":450,"mime_type":"image\/jpeg","source_url":"https:\/\/medicina.udd.cl\/enfermeria-santiago\/files\/2014\/08\/Curso-te\u00f3rico-pr\u00e1ctico-2014-800x450.jpg"},"portrait-medium":{"file":"Curso-te\u00f3rico-pr\u00e1ctico-2014-220x260.jpg","width":220,"height":260,"mime_type":"image\/jpeg","source_url":"https:\/\/medicina.udd.cl\/enfermeria-santiago\/files\/2014\/08\/Curso-te\u00f3rico-pr\u00e1ctico-2014-220x260.jpg"},"landscape-small":{"file":"Curso-te\u00f3rico-pr\u00e1ctico-2014-125x80.jpg","width":125,"height":80,"mime_type":"image\/jpeg","source_url":"https:\/\/medicina.udd.cl\/enfermeria-santiago\/files\/2014\/08\/Curso-te\u00f3rico-pr\u00e1ctico-2014-125x80.jpg"},"landscape-medium":{"file":"Curso-te\u00f3rico-pr\u00e1ctico-2014-340x220.jpg","width":340,"height":220,"mime_type":"image\/jpeg","source_url":"https:\/\/medicina.udd.cl\/enfermeria-santiago\/files\/2014\/08\/Curso-te\u00f3rico-pr\u00e1ctico-2014-340x220.jpg"},"landscape-large":{"file":"Curso-te\u00f3rico-pr\u00e1ctico-2014-365x255.jpg","width":365,"height":255,"mime_type":"image\/jpeg","source_url":"https:\/\/medicina.udd.cl\/enfermeria-santiago\/files\/2014\/08\/Curso-te\u00f3rico-pr\u00e1ctico-2014-365x255.jpg"},"landscape-xlarge":{"file":"Curso-te\u00f3rico-pr\u00e1ctico-2014-660x430.jpg","width":660,"height":430,"mime_type":"image\/jpeg","source_url":"https:\/\/medicina.udd.cl\/enfermeria-santiago\/files\/2014\/08\/Curso-te\u00f3rico-pr\u00e1ctico-2014-660x430.jpg"},"panoramic":{"file":"Curso-te\u00f3rico-pr\u00e1ctico-2014-940x345.jpg","width":940,"height":345,"mime_type":"image\/jpeg","source_url":"https:\/\/medicina.udd.cl\/enfermeria-santiago\/files\/2014\/08\/Curso-te\u00f3rico-pr\u00e1ctico-2014-940x345.jpg"},"stretch-large":{"file":"Curso-te\u00f3rico-pr\u00e1ctico-2014-940x450.jpg","width":940,"height":450,"mime_type":"image\/jpeg","source_url":"https:\/\/medicina.udd.cl\/enfermeria-santiago\/files\/2014\/08\/Curso-te\u00f3rico-pr\u00e1ctico-2014-940x450.jpg"},"proportional-large":{"file":"Curso-te\u00f3rico-pr\u00e1ctico-2014-870x960.jpg","width":870,"height":960,"mime_type":"image\/jpeg","source_url":"https:\/\/medicina.udd.cl\/enfermeria-santiago\/files\/2014\/08\/Curso-te\u00f3rico-pr\u00e1ctico-2014-870x960.jpg"},"custom_content":{"file":"Curso-te\u00f3rico-pr\u00e1ctico-2014-126x126.jpg","width":126,"height":126,"mime_type":"image\/jpeg","source_url":"https:\/\/medicina.udd.cl\/enfermeria-santiago\/files\/2014\/08\/Curso-te\u00f3rico-pr\u00e1ctico-2014-126x126.jpg"},"full":{"file":"Curso-te\u00f3rico-pr\u00e1ctico-2014.jpg","width":1329,"height":1467,"mime_type":"image\/jpeg","source_url":"https:\/\/medicina.udd.cl\/enfermeria-santiago\/files\/2014\/08\/Curso-te\u00f3rico-pr\u00e1ctico-2014.jpg"}},"image_meta":{"aperture":"0","credit":"","camera":"","caption":"","created_timestamp":"0","copyright":"","focal_length":"0","iso":"0","shutter_speed":"0","title":"","orientation":"0","keywords":[]}},"post":2434,"source_url":"https:\/\/medicina.udd.cl\/enfermeria-santiago\/files\/2014\/08\/Curso-te\u00f3rico-pr\u00e1ctico-2014.jpg","_links":{"self":[{"href":"https:\/\/medicina.udd.cl\/enfermeria-santiago\/wp-json\/wp\/v2\/media\/2437","targetHints":{"allow":["GET"]}}],"collection":[{"href":"https:\/\/medicina.udd.cl\/enfermeria-santiago\/wp-json\/wp\/v2\/media"}],"about":[{"href":"https:\/\/medicina.udd.cl\/enfermeria-santiago\/wp-json\/wp\/v2\/types\/attachment"}],"author":[{"embeddable":true,"href":"https:\/\/medicina.udd.cl\/enfermeria-santiago\/wp-json\/wp\/v2\/users\/40"}],"replies":[{"embeddable":true,"href":"https:\/\/medicina.udd.cl\/enfermeria-santiago\/wp-json\/wp\/v2\/comments?post=2437"}],"wp:attached-to":[{"embeddable":true,"post_type":"post","id":2434,"href":"https:\/\/medicina.udd.cl\/enfermeria-santiago\/wp-json\/wp\/v2\/posts\/2434"}],"curies":[{"name":"wp","href":"https:\/\/api.w.org\/{rel}","templated":true}]}}