{"id":2634,"date":"2014-12-19T11:13:27","date_gmt":"2014-12-19T14:13:27","guid":{"rendered":"http:\/\/medicina.udd.cl\/enfermeria-santiago\/files\/2014\/12\/Dra.-Paula-Daza-Cierre-A\u00f1o-Acad\u00e9mico-Cl\u00ednica-D\u00e1vila-2014.jpg"},"modified":"2014-12-19T11:13:27","modified_gmt":"2014-12-19T14:13:27","slug":"dra-paula-daza-cierre-ano-academico-clinica-davila-2014","status":"inherit","type":"attachment","link":"https:\/\/medicina.udd.cl\/enfermeria-santiago\/noticias\/2014\/11\/27\/cierre-de-ano-academico-en-clinica-davila\/dra-paula-daza-cierre-ano-academico-clinica-davila-2014\/","title":{"rendered":"Dra. Paula Daza &#8211; Cierre A\u00f1o Acad\u00e9mico Cl\u00ednica D\u00e1vila 2014"},"author":40,"featured_media":0,"comment_status":"open","ping_status":"open","template":"","meta":[],"class_list":["post-2634","attachment","type-attachment","status-inherit","hentry"],"yoast_head":"<!-- This site is optimized with the Yoast SEO plugin v26.9 - https:\/\/yoast.com\/product\/yoast-seo-wordpress\/ -->\n<title>Dra. Paula Daza - Cierre A\u00f1o Acad\u00e9mico Cl\u00ednica D\u00e1vila 2014 - Enfermer\u00eda UDD<\/title>\n<meta name=\"robots\" content=\"index, follow, max-snippet:-1, max-image-preview:large, max-video-preview:-1\" \/>\n<link rel=\"canonical\" href=\"https:\/\/medicina.udd.cl\/enfermeria-santiago\/files\/2014\/12\/Dra.-Paula-Daza-Cierre-A\u00f1o-Acad\u00e9mico-Cl\u00ednica-D\u00e1vila-2014.jpg\" \/>\n<meta property=\"og:locale\" content=\"es_ES\" \/>\n<meta property=\"og:type\" content=\"article\" \/>\n<meta property=\"og:title\" content=\"Dra. Paula Daza - Cierre A\u00f1o Acad\u00e9mico Cl\u00ednica D\u00e1vila 2014 - Enfermer\u00eda UDD\" \/>\n<meta property=\"og:url\" content=\"https:\/\/medicina.udd.cl\/enfermeria-santiago\/files\/2014\/12\/Dra.-Paula-Daza-Cierre-A\u00f1o-Acad\u00e9mico-Cl\u00ednica-D\u00e1vila-2014.jpg\" \/>\n<meta property=\"og:site_name\" content=\"Enfermer\u00eda UDD\" \/>\n<meta property=\"og:image\" content=\"https:\/\/medicina.udd.cl\/enfermeria-santiago\/files\/2014\/12\/Dra.-Paula-Daza-Cierre-A\u00f1o-Acad\u00e9mico-Cl\u00ednica-D\u00e1vila-2014-1024x768.jpg\" \/>\n\t<meta property=\"og:image:width\" content=\"1024\" \/>\n\t<meta property=\"og:image:height\" content=\"768\" \/>\n\t<meta property=\"og:image:type\" content=\"image\/jpeg\" \/>\n<script type=\"application\/ld+json\" class=\"yoast-schema-graph\">{\"@context\":\"https:\/\/schema.org\",\"@graph\":[{\"@type\":\"WebPage\",\"@id\":\"https:\/\/medicina.udd.cl\/enfermeria-santiago\/files\/2014\/12\/Dra.-Paula-Daza-Cierre-A\u00f1o-Acad\u00e9mico-Cl\u00ednica-D\u00e1vila-2014.jpg\",\"url\":\"https:\/\/medicina.udd.cl\/enfermeria-santiago\/files\/2014\/12\/Dra.-Paula-Daza-Cierre-A\u00f1o-Acad\u00e9mico-Cl\u00ednica-D\u00e1vila-2014.jpg\",\"name\":\"Dra. Paula Daza - Cierre A\u00f1o Acad\u00e9mico Cl\u00ednica D\u00e1vila 2014 - Enfermer\u00eda UDD\",\"isPartOf\":{\"@id\":\"https:\/\/medicina.udd.cl\/enfermeria-santiago\/#website\"},\"datePublished\":\"2014-12-19T14:13:27+00:00\",\"breadcrumb\":{\"@id\":\"https:\/\/medicina.udd.cl\/enfermeria-santiago\/files\/2014\/12\/Dra.-Paula-Daza-Cierre-A\u00f1o-Acad\u00e9mico-Cl\u00ednica-D\u00e1vila-2014.jpg#breadcrumb\"},\"inLanguage\":\"es\",\"potentialAction\":[{\"@type\":\"ReadAction\",\"target\":[\"https:\/\/medicina.udd.cl\/enfermeria-santiago\/files\/2014\/12\/Dra.-Paula-Daza-Cierre-A\u00f1o-Acad\u00e9mico-Cl\u00ednica-D\u00e1vila-2014.jpg\"]}]},{\"@type\":\"BreadcrumbList\",\"@id\":\"https:\/\/medicina.udd.cl\/enfermeria-santiago\/files\/2014\/12\/Dra.-Paula-Daza-Cierre-A\u00f1o-Acad\u00e9mico-Cl\u00ednica-D\u00e1vila-2014.jpg#breadcrumb\",\"itemListElement\":[{\"@type\":\"ListItem\",\"position\":1,\"name\":\"Home\",\"item\":\"https:\/\/medicina.udd.cl\/enfermeria-santiago\/\"},{\"@type\":\"ListItem\",\"position\":2,\"name\":\"Cierre de A\u00f1o Acad\u00e9mico en Cl\u00ednica D\u00e1vila\",\"item\":\"https:\/\/medicina.udd.cl\/enfermeria-santiago\/noticias\/2014\/11\/27\/cierre-de-ano-academico-en-clinica-davila\/\"},{\"@type\":\"ListItem\",\"position\":3,\"name\":\"Dra. Paula Daza &#8211; Cierre A\u00f1o Acad\u00e9mico Cl\u00ednica D\u00e1vila 2014\"}]},{\"@type\":\"WebSite\",\"@id\":\"https:\/\/medicina.udd.cl\/enfermeria-santiago\/#website\",\"url\":\"https:\/\/medicina.udd.cl\/enfermeria-santiago\/\",\"name\":\"Enfermer\u00eda UDD\",\"description\":\"Facultad de Medicina Cl\u00ednica Alemana Universidad del Desarrollo\",\"inLanguage\":\"es\"}]}<\/script>\n<!-- \/ Yoast SEO plugin. -->","yoast_head_json":{"title":"Dra. Paula Daza - Cierre A\u00f1o Acad\u00e9mico Cl\u00ednica D\u00e1vila 2014 - Enfermer\u00eda UDD","robots":{"index":"index","follow":"follow","max-snippet":"max-snippet:-1","max-image-preview":"max-image-preview:large","max-video-preview":"max-video-preview:-1"},"canonical":"https:\/\/medicina.udd.cl\/enfermeria-santiago\/files\/2014\/12\/Dra.-Paula-Daza-Cierre-A\u00f1o-Acad\u00e9mico-Cl\u00ednica-D\u00e1vila-2014.jpg","og_locale":"es_ES","og_type":"article","og_title":"Dra. Paula Daza - Cierre A\u00f1o Acad\u00e9mico Cl\u00ednica D\u00e1vila 2014 - Enfermer\u00eda UDD","og_url":"https:\/\/medicina.udd.cl\/enfermeria-santiago\/files\/2014\/12\/Dra.-Paula-Daza-Cierre-A\u00f1o-Acad\u00e9mico-Cl\u00ednica-D\u00e1vila-2014.jpg","og_site_name":"Enfermer\u00eda UDD","og_image":[{"width":1024,"height":768,"url":"https:\/\/medicina.udd.cl\/enfermeria-santiago\/files\/2014\/12\/Dra.-Paula-Daza-Cierre-A\u00f1o-Acad\u00e9mico-Cl\u00ednica-D\u00e1vila-2014-1024x768.jpg","type":"image\/jpeg"}],"schema":{"@context":"https:\/\/schema.org","@graph":[{"@type":"WebPage","@id":"https:\/\/medicina.udd.cl\/enfermeria-santiago\/files\/2014\/12\/Dra.-Paula-Daza-Cierre-A\u00f1o-Acad\u00e9mico-Cl\u00ednica-D\u00e1vila-2014.jpg","url":"https:\/\/medicina.udd.cl\/enfermeria-santiago\/files\/2014\/12\/Dra.-Paula-Daza-Cierre-A\u00f1o-Acad\u00e9mico-Cl\u00ednica-D\u00e1vila-2014.jpg","name":"Dra. Paula Daza - Cierre A\u00f1o Acad\u00e9mico Cl\u00ednica D\u00e1vila 2014 - Enfermer\u00eda UDD","isPartOf":{"@id":"https:\/\/medicina.udd.cl\/enfermeria-santiago\/#website"},"datePublished":"2014-12-19T14:13:27+00:00","breadcrumb":{"@id":"https:\/\/medicina.udd.cl\/enfermeria-santiago\/files\/2014\/12\/Dra.-Paula-Daza-Cierre-A\u00f1o-Acad\u00e9mico-Cl\u00ednica-D\u00e1vila-2014.jpg#breadcrumb"},"inLanguage":"es","potentialAction":[{"@type":"ReadAction","target":["https:\/\/medicina.udd.cl\/enfermeria-santiago\/files\/2014\/12\/Dra.-Paula-Daza-Cierre-A\u00f1o-Acad\u00e9mico-Cl\u00ednica-D\u00e1vila-2014.jpg"]}]},{"@type":"BreadcrumbList","@id":"https:\/\/medicina.udd.cl\/enfermeria-santiago\/files\/2014\/12\/Dra.-Paula-Daza-Cierre-A\u00f1o-Acad\u00e9mico-Cl\u00ednica-D\u00e1vila-2014.jpg#breadcrumb","itemListElement":[{"@type":"ListItem","position":1,"name":"Home","item":"https:\/\/medicina.udd.cl\/enfermeria-santiago\/"},{"@type":"ListItem","position":2,"name":"Cierre de A\u00f1o Acad\u00e9mico en Cl\u00ednica D\u00e1vila","item":"https:\/\/medicina.udd.cl\/enfermeria-santiago\/noticias\/2014\/11\/27\/cierre-de-ano-academico-en-clinica-davila\/"},{"@type":"ListItem","position":3,"name":"Dra. Paula Daza &#8211; Cierre A\u00f1o Acad\u00e9mico Cl\u00ednica D\u00e1vila 2014"}]},{"@type":"WebSite","@id":"https:\/\/medicina.udd.cl\/enfermeria-santiago\/#website","url":"https:\/\/medicina.udd.cl\/enfermeria-santiago\/","name":"Enfermer\u00eda UDD","description":"Facultad de Medicina Cl\u00ednica Alemana Universidad del Desarrollo","inLanguage":"es"}]}},"description":{"rendered":"<p class=\"attachment\"><a href='https:\/\/medicina.udd.cl\/enfermeria-santiago\/files\/2014\/12\/Dra.-Paula-Daza-Cierre-A\u00f1o-Acad\u00e9mico-Cl\u00ednica-D\u00e1vila-2014.jpg'><img loading=\"lazy\" decoding=\"async\" width=\"300\" height=\"225\" src=\"https:\/\/medicina.udd.cl\/enfermeria-santiago\/files\/2014\/12\/Dra.-Paula-Daza-Cierre-A\u00f1o-Acad\u00e9mico-Cl\u00ednica-D\u00e1vila-2014-300x225.jpg\" class=\"attachment-medium size-medium\" alt=\"\" srcset=\"https:\/\/medicina.udd.cl\/enfermeria-santiago\/files\/2014\/12\/Dra.-Paula-Daza-Cierre-A\u00f1o-Acad\u00e9mico-Cl\u00ednica-D\u00e1vila-2014-300x225.jpg 300w, https:\/\/medicina.udd.cl\/enfermeria-santiago\/files\/2014\/12\/Dra.-Paula-Daza-Cierre-A\u00f1o-Acad\u00e9mico-Cl\u00ednica-D\u00e1vila-2014-768x576.jpg 768w, https:\/\/medicina.udd.cl\/enfermeria-santiago\/files\/2014\/12\/Dra.-Paula-Daza-Cierre-A\u00f1o-Acad\u00e9mico-Cl\u00ednica-D\u00e1vila-2014-1024x768.jpg 1024w, https:\/\/medicina.udd.cl\/enfermeria-santiago\/files\/2014\/12\/Dra.-Paula-Daza-Cierre-A\u00f1o-Acad\u00e9mico-Cl\u00ednica-D\u00e1vila-2014-960x720.jpg 960w\" sizes=\"auto, (max-width: 300px) 100vw, 300px\" \/><\/a><\/p>\n"},"caption":{"rendered":""},"alt_text":"","media_type":"image","mime_type":"image\/jpeg","media_details":{"width":4000,"height":3000,"file":"2014\/12\/Dra.-Paula-Daza-Cierre-A\u00f1o-Acad\u00e9mico-Cl\u00ednica-D\u00e1vila-2014.jpg","sizes":{"thumbnail":{"file":"Dra.-Paula-Daza-Cierre-A\u00f1o-Acad\u00e9mico-Cl\u00ednica-D\u00e1vila-2014-150x150.jpg","width":150,"height":150,"mime_type":"image\/jpeg","source_url":"https:\/\/medicina.udd.cl\/enfermeria-santiago\/files\/2014\/12\/Dra.-Paula-Daza-Cierre-A\u00f1o-Acad\u00e9mico-Cl\u00ednica-D\u00e1vila-2014-150x150.jpg"},"medium":{"file":"Dra.-Paula-Daza-Cierre-A\u00f1o-Acad\u00e9mico-Cl\u00ednica-D\u00e1vila-2014-300x225.jpg","width":300,"height":225,"mime_type":"image\/jpeg","source_url":"https:\/\/medicina.udd.cl\/enfermeria-santiago\/files\/2014\/12\/Dra.-Paula-Daza-Cierre-A\u00f1o-Acad\u00e9mico-Cl\u00ednica-D\u00e1vila-2014-300x225.jpg"},"medium_large":{"file":"Dra.-Paula-Daza-Cierre-A\u00f1o-Acad\u00e9mico-Cl\u00ednica-D\u00e1vila-2014-768x576.jpg","width":768,"height":576,"mime_type":"image\/jpeg","source_url":"https:\/\/medicina.udd.cl\/enfermeria-santiago\/files\/2014\/12\/Dra.-Paula-Daza-Cierre-A\u00f1o-Acad\u00e9mico-Cl\u00ednica-D\u00e1vila-2014-768x576.jpg"},"large":{"file":"Dra.-Paula-Daza-Cierre-A\u00f1o-Acad\u00e9mico-Cl\u00ednica-D\u00e1vila-2014-1024x768.jpg","width":1024,"height":768,"mime_type":"image\/jpeg","source_url":"https:\/\/medicina.udd.cl\/enfermeria-santiago\/files\/2014\/12\/Dra.-Paula-Daza-Cierre-A\u00f1o-Acad\u00e9mico-Cl\u00ednica-D\u00e1vila-2014-1024x768.jpg"},"newsletter_featured":{"file":"Dra.-Paula-Daza-Cierre-A\u00f1o-Acad\u00e9mico-Cl\u00ednica-D\u00e1vila-2014-316x224.jpg","width":316,"height":224,"mime_type":"image\/jpeg","source_url":"https:\/\/medicina.udd.cl\/enfermeria-santiago\/files\/2014\/12\/Dra.-Paula-Daza-Cierre-A\u00f1o-Acad\u00e9mico-Cl\u00ednica-D\u00e1vila-2014-316x224.jpg"},"newsletter_first":{"file":"Dra.-Paula-Daza-Cierre-A\u00f1o-Acad\u00e9mico-Cl\u00ednica-D\u00e1vila-2014-286x205.jpg","width":286,"height":205,"mime_type":"image\/jpeg","source_url":"https:\/\/medicina.udd.cl\/enfermeria-santiago\/files\/2014\/12\/Dra.-Paula-Daza-Cierre-A\u00f1o-Acad\u00e9mico-Cl\u00ednica-D\u00e1vila-2014-286x205.jpg"},"newsletter_thumb":{"file":"Dra.-Paula-Daza-Cierre-A\u00f1o-Acad\u00e9mico-Cl\u00ednica-D\u00e1vila-2014-288x150.jpg","width":288,"height":150,"mime_type":"image\/jpeg","source_url":"https:\/\/medicina.udd.cl\/enfermeria-santiago\/files\/2014\/12\/Dra.-Paula-Daza-Cierre-A\u00f1o-Acad\u00e9mico-Cl\u00ednica-D\u00e1vila-2014-288x150.jpg"},"newsletter_column":{"file":"Dra.-Paula-Daza-Cierre-A\u00f1o-Acad\u00e9mico-Cl\u00ednica-D\u00e1vila-2014-182x140.jpg","width":182,"height":140,"mime_type":"image\/jpeg","source_url":"https:\/\/medicina.udd.cl\/enfermeria-santiago\/files\/2014\/12\/Dra.-Paula-Daza-Cierre-A\u00f1o-Acad\u00e9mico-Cl\u00ednica-D\u00e1vila-2014-182x140.jpg"},"newsletter_square":{"file":"Dra.-Paula-Daza-Cierre-A\u00f1o-Acad\u00e9mico-Cl\u00ednica-D\u00e1vila-2014-62x62.jpg","width":62,"height":62,"mime_type":"image\/jpeg","source_url":"https:\/\/medicina.udd.cl\/enfermeria-santiago\/files\/2014\/12\/Dra.-Paula-Daza-Cierre-A\u00f1o-Acad\u00e9mico-Cl\u00ednica-D\u00e1vila-2014-62x62.jpg"},"newsletter_square_large":{"file":"Dra.-Paula-Daza-Cierre-A\u00f1o-Acad\u00e9mico-Cl\u00ednica-D\u00e1vila-2014-87x62.jpg","width":87,"height":62,"mime_type":"image\/jpeg","source_url":"https:\/\/medicina.udd.cl\/enfermeria-santiago\/files\/2014\/12\/Dra.-Paula-Daza-Cierre-A\u00f1o-Acad\u00e9mico-Cl\u00ednica-D\u00e1vila-2014-87x62.jpg"},"featured-home":{"file":"Dra.-Paula-Daza-Cierre-A\u00f1o-Acad\u00e9mico-Cl\u00ednica-D\u00e1vila-2014-800x450.jpg","width":800,"height":450,"mime_type":"image\/jpeg","source_url":"https:\/\/medicina.udd.cl\/enfermeria-santiago\/files\/2014\/12\/Dra.-Paula-Daza-Cierre-A\u00f1o-Acad\u00e9mico-Cl\u00ednica-D\u00e1vila-2014-800x450.jpg"},"featured-career":{"file":"Dra.-Paula-Daza-Cierre-A\u00f1o-Acad\u00e9mico-Cl\u00ednica-D\u00e1vila-2014-660x430.jpg","width":660,"height":430,"mime_type":"image\/jpeg","source_url":"https:\/\/medicina.udd.cl\/enfermeria-santiago\/files\/2014\/12\/Dra.-Paula-Daza-Cierre-A\u00f1o-Acad\u00e9mico-Cl\u00ednica-D\u00e1vila-2014-660x430.jpg"},"squared":{"file":"Dra.-Paula-Daza-Cierre-A\u00f1o-Acad\u00e9mico-Cl\u00ednica-D\u00e1vila-2014-300x300.jpg","width":300,"height":300,"mime_type":"image\/jpeg","source_url":"https:\/\/medicina.udd.cl\/enfermeria-santiago\/files\/2014\/12\/Dra.-Paula-Daza-Cierre-A\u00f1o-Acad\u00e9mico-Cl\u00ednica-D\u00e1vila-2014-300x300.jpg"},"stretch":{"file":"Dra.-Paula-Daza-Cierre-A\u00f1o-Acad\u00e9mico-Cl\u00ednica-D\u00e1vila-2014-800x450.jpg","width":800,"height":450,"mime_type":"image\/jpeg","source_url":"https:\/\/medicina.udd.cl\/enfermeria-santiago\/files\/2014\/12\/Dra.-Paula-Daza-Cierre-A\u00f1o-Acad\u00e9mico-Cl\u00ednica-D\u00e1vila-2014-800x450.jpg"},"portrait-medium":{"file":"Dra.-Paula-Daza-Cierre-A\u00f1o-Acad\u00e9mico-Cl\u00ednica-D\u00e1vila-2014-220x260.jpg","width":220,"height":260,"mime_type":"image\/jpeg","source_url":"https:\/\/medicina.udd.cl\/enfermeria-santiago\/files\/2014\/12\/Dra.-Paula-Daza-Cierre-A\u00f1o-Acad\u00e9mico-Cl\u00ednica-D\u00e1vila-2014-220x260.jpg"},"landscape-small":{"file":"Dra.-Paula-Daza-Cierre-A\u00f1o-Acad\u00e9mico-Cl\u00ednica-D\u00e1vila-2014-125x80.jpg","width":125,"height":80,"mime_type":"image\/jpeg","source_url":"https:\/\/medicina.udd.cl\/enfermeria-santiago\/files\/2014\/12\/Dra.-Paula-Daza-Cierre-A\u00f1o-Acad\u00e9mico-Cl\u00ednica-D\u00e1vila-2014-125x80.jpg"},"landscape-medium":{"file":"Dra.-Paula-Daza-Cierre-A\u00f1o-Acad\u00e9mico-Cl\u00ednica-D\u00e1vila-2014-340x220.jpg","width":340,"height":220,"mime_type":"image\/jpeg","source_url":"https:\/\/medicina.udd.cl\/enfermeria-santiago\/files\/2014\/12\/Dra.-Paula-Daza-Cierre-A\u00f1o-Acad\u00e9mico-Cl\u00ednica-D\u00e1vila-2014-340x220.jpg"},"landscape-large":{"file":"Dra.-Paula-Daza-Cierre-A\u00f1o-Acad\u00e9mico-Cl\u00ednica-D\u00e1vila-2014-365x255.jpg","width":365,"height":255,"mime_type":"image\/jpeg","source_url":"https:\/\/medicina.udd.cl\/enfermeria-santiago\/files\/2014\/12\/Dra.-Paula-Daza-Cierre-A\u00f1o-Acad\u00e9mico-Cl\u00ednica-D\u00e1vila-2014-365x255.jpg"},"landscape-xlarge":{"file":"Dra.-Paula-Daza-Cierre-A\u00f1o-Acad\u00e9mico-Cl\u00ednica-D\u00e1vila-2014-660x430.jpg","width":660,"height":430,"mime_type":"image\/jpeg","source_url":"https:\/\/medicina.udd.cl\/enfermeria-santiago\/files\/2014\/12\/Dra.-Paula-Daza-Cierre-A\u00f1o-Acad\u00e9mico-Cl\u00ednica-D\u00e1vila-2014-660x430.jpg"},"panoramic":{"file":"Dra.-Paula-Daza-Cierre-A\u00f1o-Acad\u00e9mico-Cl\u00ednica-D\u00e1vila-2014-940x345.jpg","width":940,"height":345,"mime_type":"image\/jpeg","source_url":"https:\/\/medicina.udd.cl\/enfermeria-santiago\/files\/2014\/12\/Dra.-Paula-Daza-Cierre-A\u00f1o-Acad\u00e9mico-Cl\u00ednica-D\u00e1vila-2014-940x345.jpg"},"stretch-large":{"file":"Dra.-Paula-Daza-Cierre-A\u00f1o-Acad\u00e9mico-Cl\u00ednica-D\u00e1vila-2014-940x450.jpg","width":940,"height":450,"mime_type":"image\/jpeg","source_url":"https:\/\/medicina.udd.cl\/enfermeria-santiago\/files\/2014\/12\/Dra.-Paula-Daza-Cierre-A\u00f1o-Acad\u00e9mico-Cl\u00ednica-D\u00e1vila-2014-940x450.jpg"},"proportional-large":{"file":"Dra.-Paula-Daza-Cierre-A\u00f1o-Acad\u00e9mico-Cl\u00ednica-D\u00e1vila-2014-960x720.jpg","width":960,"height":720,"mime_type":"image\/jpeg","source_url":"https:\/\/medicina.udd.cl\/enfermeria-santiago\/files\/2014\/12\/Dra.-Paula-Daza-Cierre-A\u00f1o-Acad\u00e9mico-Cl\u00ednica-D\u00e1vila-2014-960x720.jpg"},"custom_content":{"file":"Dra.-Paula-Daza-Cierre-A\u00f1o-Acad\u00e9mico-Cl\u00ednica-D\u00e1vila-2014-126x126.jpg","width":126,"height":126,"mime_type":"image\/jpeg","source_url":"https:\/\/medicina.udd.cl\/enfermeria-santiago\/files\/2014\/12\/Dra.-Paula-Daza-Cierre-A\u00f1o-Acad\u00e9mico-Cl\u00ednica-D\u00e1vila-2014-126x126.jpg"},"full":{"file":"Dra.-Paula-Daza-Cierre-A\u00f1o-Acad\u00e9mico-Cl\u00ednica-D\u00e1vila-2014.jpg","width":4000,"height":3000,"mime_type":"image\/jpeg","source_url":"https:\/\/medicina.udd.cl\/enfermeria-santiago\/files\/2014\/12\/Dra.-Paula-Daza-Cierre-A\u00f1o-Acad\u00e9mico-Cl\u00ednica-D\u00e1vila-2014.jpg"}},"image_meta":{"aperture":"5","credit":"","camera":"Canon PowerShot SX510 HS","caption":"","created_timestamp":"315532829","copyright":"","focal_length":"13.502","iso":"640","shutter_speed":"0.016666666666667","title":"","orientation":"1","keywords":[]}},"post":2630,"source_url":"https:\/\/medicina.udd.cl\/enfermeria-santiago\/files\/2014\/12\/Dra.-Paula-Daza-Cierre-A\u00f1o-Acad\u00e9mico-Cl\u00ednica-D\u00e1vila-2014.jpg","_links":{"self":[{"href":"https:\/\/medicina.udd.cl\/enfermeria-santiago\/wp-json\/wp\/v2\/media\/2634","targetHints":{"allow":["GET"]}}],"collection":[{"href":"https:\/\/medicina.udd.cl\/enfermeria-santiago\/wp-json\/wp\/v2\/media"}],"about":[{"href":"https:\/\/medicina.udd.cl\/enfermeria-santiago\/wp-json\/wp\/v2\/types\/attachment"}],"author":[{"embeddable":true,"href":"https:\/\/medicina.udd.cl\/enfermeria-santiago\/wp-json\/wp\/v2\/users\/40"}],"replies":[{"embeddable":true,"href":"https:\/\/medicina.udd.cl\/enfermeria-santiago\/wp-json\/wp\/v2\/comments?post=2634"}],"wp:attached-to":[{"embeddable":true,"post_type":"post","id":2630,"href":"https:\/\/medicina.udd.cl\/enfermeria-santiago\/wp-json\/wp\/v2\/posts\/2630"}],"curies":[{"name":"wp","href":"https:\/\/api.w.org\/{rel}","templated":true}]}}