{"id":8285,"date":"2023-05-25T16:03:40","date_gmt":"2023-05-25T20:03:40","guid":{"rendered":"https:\/\/medicina.udd.cl\/enfermeria-santiago\/files\/2023\/05\/enf-dia-internacional-de-la-enfermeria-34.jpg"},"modified":"2023-05-25T16:03:40","modified_gmt":"2023-05-25T20:03:40","slug":"enf-dia-internacional-de-la-enfermeria-34","status":"inherit","type":"attachment","link":"https:\/\/medicina.udd.cl\/enfermeria-santiago\/noticias\/2023\/05\/22\/celebracion-por-el-dia-de-la-enfermeria-en-la-udd-y-hph\/enf-dia-internacional-de-la-enfermeria-34\/","title":{"rendered":"enf-dia-internacional-de-la-enfermeria-34"},"author":9192219,"featured_media":0,"comment_status":"","ping_status":"closed","template":"","meta":[],"class_list":["post-8285","attachment","type-attachment","status-inherit","hentry"],"yoast_head":"<!-- This site is optimized with the Yoast SEO plugin v26.9 - https:\/\/yoast.com\/product\/yoast-seo-wordpress\/ -->\n<title>enf-dia-internacional-de-la-enfermeria-34 - Enfermer\u00eda UDD<\/title>\n<meta name=\"robots\" content=\"index, follow, max-snippet:-1, max-image-preview:large, max-video-preview:-1\" \/>\n<link rel=\"canonical\" href=\"https:\/\/medicina.udd.cl\/enfermeria-santiago\/files\/2023\/05\/enf-dia-internacional-de-la-enfermeria-34-scaled.jpg\" \/>\n<meta property=\"og:locale\" content=\"es_ES\" \/>\n<meta property=\"og:type\" content=\"article\" \/>\n<meta property=\"og:title\" content=\"enf-dia-internacional-de-la-enfermeria-34 - Enfermer\u00eda UDD\" \/>\n<meta property=\"og:url\" content=\"https:\/\/medicina.udd.cl\/enfermeria-santiago\/files\/2023\/05\/enf-dia-internacional-de-la-enfermeria-34-scaled.jpg\" \/>\n<meta property=\"og:site_name\" content=\"Enfermer\u00eda UDD\" \/>\n<meta property=\"og:image\" content=\"https:\/\/medicina.udd.cl\/enfermeria-santiago\/files\/2023\/05\/enf-dia-internacional-de-la-enfermeria-34-scaled.jpg\" \/>\n\t<meta property=\"og:image:width\" content=\"2560\" \/>\n\t<meta property=\"og:image:height\" content=\"1707\" \/>\n\t<meta property=\"og:image:type\" content=\"image\/jpeg\" \/>\n<script type=\"application\/ld+json\" class=\"yoast-schema-graph\">{\"@context\":\"https:\/\/schema.org\",\"@graph\":[{\"@type\":\"WebPage\",\"@id\":\"https:\/\/medicina.udd.cl\/enfermeria-santiago\/files\/2023\/05\/enf-dia-internacional-de-la-enfermeria-34-scaled.jpg\",\"url\":\"https:\/\/medicina.udd.cl\/enfermeria-santiago\/files\/2023\/05\/enf-dia-internacional-de-la-enfermeria-34-scaled.jpg\",\"name\":\"enf-dia-internacional-de-la-enfermeria-34 - Enfermer\u00eda UDD\",\"isPartOf\":{\"@id\":\"https:\/\/medicina.udd.cl\/enfermeria-santiago\/#website\"},\"datePublished\":\"2023-05-25T20:03:40+00:00\",\"breadcrumb\":{\"@id\":\"https:\/\/medicina.udd.cl\/enfermeria-santiago\/files\/2023\/05\/enf-dia-internacional-de-la-enfermeria-34-scaled.jpg#breadcrumb\"},\"inLanguage\":\"es\",\"potentialAction\":[{\"@type\":\"ReadAction\",\"target\":[\"https:\/\/medicina.udd.cl\/enfermeria-santiago\/files\/2023\/05\/enf-dia-internacional-de-la-enfermeria-34-scaled.jpg\"]}]},{\"@type\":\"BreadcrumbList\",\"@id\":\"https:\/\/medicina.udd.cl\/enfermeria-santiago\/files\/2023\/05\/enf-dia-internacional-de-la-enfermeria-34-scaled.jpg#breadcrumb\",\"itemListElement\":[{\"@type\":\"ListItem\",\"position\":1,\"name\":\"Home\",\"item\":\"https:\/\/medicina.udd.cl\/enfermeria-santiago\/\"},{\"@type\":\"ListItem\",\"position\":2,\"name\":\"Celebraci\u00f3n por el D\u00eda de la Enfermer\u00eda en la UDD y HPH\",\"item\":\"https:\/\/medicina.udd.cl\/enfermeria-santiago\/noticias\/2023\/05\/22\/celebracion-por-el-dia-de-la-enfermeria-en-la-udd-y-hph\/\"},{\"@type\":\"ListItem\",\"position\":3,\"name\":\"enf-dia-internacional-de-la-enfermeria-34\"}]},{\"@type\":\"WebSite\",\"@id\":\"https:\/\/medicina.udd.cl\/enfermeria-santiago\/#website\",\"url\":\"https:\/\/medicina.udd.cl\/enfermeria-santiago\/\",\"name\":\"Enfermer\u00eda UDD\",\"description\":\"Facultad de Medicina Cl\u00ednica Alemana Universidad del Desarrollo\",\"inLanguage\":\"es\"}]}<\/script>\n<!-- \/ Yoast SEO plugin. -->","yoast_head_json":{"title":"enf-dia-internacional-de-la-enfermeria-34 - Enfermer\u00eda UDD","robots":{"index":"index","follow":"follow","max-snippet":"max-snippet:-1","max-image-preview":"max-image-preview:large","max-video-preview":"max-video-preview:-1"},"canonical":"https:\/\/medicina.udd.cl\/enfermeria-santiago\/files\/2023\/05\/enf-dia-internacional-de-la-enfermeria-34-scaled.jpg","og_locale":"es_ES","og_type":"article","og_title":"enf-dia-internacional-de-la-enfermeria-34 - Enfermer\u00eda UDD","og_url":"https:\/\/medicina.udd.cl\/enfermeria-santiago\/files\/2023\/05\/enf-dia-internacional-de-la-enfermeria-34-scaled.jpg","og_site_name":"Enfermer\u00eda UDD","og_image":[{"width":2560,"height":1707,"url":"https:\/\/medicina.udd.cl\/enfermeria-santiago\/files\/2023\/05\/enf-dia-internacional-de-la-enfermeria-34-scaled.jpg","type":"image\/jpeg"}],"schema":{"@context":"https:\/\/schema.org","@graph":[{"@type":"WebPage","@id":"https:\/\/medicina.udd.cl\/enfermeria-santiago\/files\/2023\/05\/enf-dia-internacional-de-la-enfermeria-34-scaled.jpg","url":"https:\/\/medicina.udd.cl\/enfermeria-santiago\/files\/2023\/05\/enf-dia-internacional-de-la-enfermeria-34-scaled.jpg","name":"enf-dia-internacional-de-la-enfermeria-34 - Enfermer\u00eda UDD","isPartOf":{"@id":"https:\/\/medicina.udd.cl\/enfermeria-santiago\/#website"},"datePublished":"2023-05-25T20:03:40+00:00","breadcrumb":{"@id":"https:\/\/medicina.udd.cl\/enfermeria-santiago\/files\/2023\/05\/enf-dia-internacional-de-la-enfermeria-34-scaled.jpg#breadcrumb"},"inLanguage":"es","potentialAction":[{"@type":"ReadAction","target":["https:\/\/medicina.udd.cl\/enfermeria-santiago\/files\/2023\/05\/enf-dia-internacional-de-la-enfermeria-34-scaled.jpg"]}]},{"@type":"BreadcrumbList","@id":"https:\/\/medicina.udd.cl\/enfermeria-santiago\/files\/2023\/05\/enf-dia-internacional-de-la-enfermeria-34-scaled.jpg#breadcrumb","itemListElement":[{"@type":"ListItem","position":1,"name":"Home","item":"https:\/\/medicina.udd.cl\/enfermeria-santiago\/"},{"@type":"ListItem","position":2,"name":"Celebraci\u00f3n por el D\u00eda de la Enfermer\u00eda en la UDD y HPH","item":"https:\/\/medicina.udd.cl\/enfermeria-santiago\/noticias\/2023\/05\/22\/celebracion-por-el-dia-de-la-enfermeria-en-la-udd-y-hph\/"},{"@type":"ListItem","position":3,"name":"enf-dia-internacional-de-la-enfermeria-34"}]},{"@type":"WebSite","@id":"https:\/\/medicina.udd.cl\/enfermeria-santiago\/#website","url":"https:\/\/medicina.udd.cl\/enfermeria-santiago\/","name":"Enfermer\u00eda UDD","description":"Facultad de Medicina Cl\u00ednica Alemana Universidad del Desarrollo","inLanguage":"es"}]}},"description":{"rendered":"<p class=\"attachment\"><a href='https:\/\/medicina.udd.cl\/enfermeria-santiago\/files\/2023\/05\/enf-dia-internacional-de-la-enfermeria-34-scaled.jpg'><img loading=\"lazy\" decoding=\"async\" width=\"300\" height=\"200\" src=\"https:\/\/medicina.udd.cl\/enfermeria-santiago\/files\/2023\/05\/enf-dia-internacional-de-la-enfermeria-34-300x200.jpg\" class=\"attachment-medium size-medium\" alt=\"\" srcset=\"https:\/\/medicina.udd.cl\/enfermeria-santiago\/files\/2023\/05\/enf-dia-internacional-de-la-enfermeria-34-300x200.jpg 300w, https:\/\/medicina.udd.cl\/enfermeria-santiago\/files\/2023\/05\/enf-dia-internacional-de-la-enfermeria-34-1024x683.jpg 1024w, https:\/\/medicina.udd.cl\/enfermeria-santiago\/files\/2023\/05\/enf-dia-internacional-de-la-enfermeria-34-768x512.jpg 768w, https:\/\/medicina.udd.cl\/enfermeria-santiago\/files\/2023\/05\/enf-dia-internacional-de-la-enfermeria-34-1536x1024.jpg 1536w, https:\/\/medicina.udd.cl\/enfermeria-santiago\/files\/2023\/05\/enf-dia-internacional-de-la-enfermeria-34-2048x1365.jpg 2048w\" sizes=\"auto, (max-width: 300px) 100vw, 300px\" \/><\/a><\/p>\n"},"caption":{"rendered":""},"alt_text":"","media_type":"image","mime_type":"image\/jpeg","media_details":{"width":2560,"height":1707,"file":"2023\/05\/enf-dia-internacional-de-la-enfermeria-34-scaled.jpg","filesize":407926,"sizes":{"medium":{"file":"enf-dia-internacional-de-la-enfermeria-34-300x200.jpg","width":300,"height":200,"filesize":34140,"mime_type":"image\/jpeg","source_url":"https:\/\/medicina.udd.cl\/enfermeria-santiago\/files\/2023\/05\/enf-dia-internacional-de-la-enfermeria-34-300x200.jpg"},"large":{"file":"enf-dia-internacional-de-la-enfermeria-34-1024x683.jpg","width":1024,"height":683,"filesize":96829,"mime_type":"image\/jpeg","source_url":"https:\/\/medicina.udd.cl\/enfermeria-santiago\/files\/2023\/05\/enf-dia-internacional-de-la-enfermeria-34-1024x683.jpg"},"thumbnail":{"file":"enf-dia-internacional-de-la-enfermeria-34-150x150.jpg","width":150,"height":150,"filesize":28873,"mime_type":"image\/jpeg","source_url":"https:\/\/medicina.udd.cl\/enfermeria-santiago\/files\/2023\/05\/enf-dia-internacional-de-la-enfermeria-34-150x150.jpg"},"medium_large":{"file":"enf-dia-internacional-de-la-enfermeria-34-768x512.jpg","width":768,"height":512,"filesize":68871,"mime_type":"image\/jpeg","source_url":"https:\/\/medicina.udd.cl\/enfermeria-santiago\/files\/2023\/05\/enf-dia-internacional-de-la-enfermeria-34-768x512.jpg"},"newsletter_featured":{"file":"enf-dia-internacional-de-la-enfermeria-34-316x224.jpg","width":316,"height":224,"filesize":35372,"mime_type":"image\/jpeg","source_url":"https:\/\/medicina.udd.cl\/enfermeria-santiago\/files\/2023\/05\/enf-dia-internacional-de-la-enfermeria-34-316x224.jpg"},"newsletter_first":{"file":"enf-dia-internacional-de-la-enfermeria-34-286x205.jpg","width":286,"height":205,"filesize":33887,"mime_type":"image\/jpeg","source_url":"https:\/\/medicina.udd.cl\/enfermeria-santiago\/files\/2023\/05\/enf-dia-internacional-de-la-enfermeria-34-286x205.jpg"},"newsletter_thumb":{"file":"enf-dia-internacional-de-la-enfermeria-34-288x150.jpg","width":288,"height":150,"filesize":32299,"mime_type":"image\/jpeg","source_url":"https:\/\/medicina.udd.cl\/enfermeria-santiago\/files\/2023\/05\/enf-dia-internacional-de-la-enfermeria-34-288x150.jpg"},"newsletter_column":{"file":"enf-dia-internacional-de-la-enfermeria-34-182x140.jpg","width":182,"height":140,"filesize":29531,"mime_type":"image\/jpeg","source_url":"https:\/\/medicina.udd.cl\/enfermeria-santiago\/files\/2023\/05\/enf-dia-internacional-de-la-enfermeria-34-182x140.jpg"},"newsletter_square":{"file":"enf-dia-internacional-de-la-enfermeria-34-62x62.jpg","width":62,"height":62,"filesize":25497,"mime_type":"image\/jpeg","source_url":"https:\/\/medicina.udd.cl\/enfermeria-santiago\/files\/2023\/05\/enf-dia-internacional-de-la-enfermeria-34-62x62.jpg"},"newsletter_square_large":{"file":"enf-dia-internacional-de-la-enfermeria-34-87x62.jpg","width":87,"height":62,"filesize":25853,"mime_type":"image\/jpeg","source_url":"https:\/\/medicina.udd.cl\/enfermeria-santiago\/files\/2023\/05\/enf-dia-internacional-de-la-enfermeria-34-87x62.jpg"},"1536x1536":{"file":"enf-dia-internacional-de-la-enfermeria-34-1536x1024.jpg","width":1536,"height":1024,"filesize":172172,"mime_type":"image\/jpeg","source_url":"https:\/\/medicina.udd.cl\/enfermeria-santiago\/files\/2023\/05\/enf-dia-internacional-de-la-enfermeria-34-1536x1024.jpg"},"2048x2048":{"file":"enf-dia-internacional-de-la-enfermeria-34-2048x1365.jpg","width":2048,"height":1365,"filesize":275734,"mime_type":"image\/jpeg","source_url":"https:\/\/medicina.udd.cl\/enfermeria-santiago\/files\/2023\/05\/enf-dia-internacional-de-la-enfermeria-34-2048x1365.jpg"},"landscape_1920":{"file":"enf-dia-internacional-de-la-enfermeria-34-1920x1080.jpg","width":1920,"height":1080,"filesize":220850,"mime_type":"image\/jpeg","source_url":"https:\/\/medicina.udd.cl\/enfermeria-santiago\/files\/2023\/05\/enf-dia-internacional-de-la-enfermeria-34-1920x1080.jpg"},"landscape_1366":{"file":"enf-dia-internacional-de-la-enfermeria-34-1366x768.jpg","width":1366,"height":768,"filesize":131808,"mime_type":"image\/jpeg","source_url":"https:\/\/medicina.udd.cl\/enfermeria-santiago\/files\/2023\/05\/enf-dia-internacional-de-la-enfermeria-34-1366x768.jpg"},"landscape_952":{"file":"enf-dia-internacional-de-la-enfermeria-34-952x534.jpg","width":952,"height":534,"filesize":81528,"mime_type":"image\/jpeg","source_url":"https:\/\/medicina.udd.cl\/enfermeria-santiago\/files\/2023\/05\/enf-dia-internacional-de-la-enfermeria-34-952x534.jpg"},"landscape_680":{"file":"enf-dia-internacional-de-la-enfermeria-34-680x382.jpg","width":680,"height":382,"filesize":57505,"mime_type":"image\/jpeg","source_url":"https:\/\/medicina.udd.cl\/enfermeria-santiago\/files\/2023\/05\/enf-dia-internacional-de-la-enfermeria-34-680x382.jpg"},"square_750":{"file":"enf-dia-internacional-de-la-enfermeria-34-750x750.jpg","width":750,"height":750,"filesize":83013,"mime_type":"image\/jpeg","source_url":"https:\/\/medicina.udd.cl\/enfermeria-santiago\/files\/2023\/05\/enf-dia-internacional-de-la-enfermeria-34-750x750.jpg"},"square_500":{"file":"enf-dia-internacional-de-la-enfermeria-34-500x500.jpg","width":500,"height":500,"filesize":53956,"mime_type":"image\/jpeg","source_url":"https:\/\/medicina.udd.cl\/enfermeria-santiago\/files\/2023\/05\/enf-dia-internacional-de-la-enfermeria-34-500x500.jpg"},"square_200":{"file":"enf-dia-internacional-de-la-enfermeria-34-250x250.jpg","width":250,"height":250,"filesize":34394,"mime_type":"image\/jpeg","source_url":"https:\/\/medicina.udd.cl\/enfermeria-santiago\/files\/2023\/05\/enf-dia-internacional-de-la-enfermeria-34-250x250.jpg"},"post-thumbnail":{"file":"enf-dia-internacional-de-la-enfermeria-34-952x534.jpg","width":952,"height":534,"filesize":81528,"mime_type":"image\/jpeg","source_url":"https:\/\/medicina.udd.cl\/enfermeria-santiago\/files\/2023\/05\/enf-dia-internacional-de-la-enfermeria-34-952x534.jpg"},"custom_content":{"file":"enf-dia-internacional-de-la-enfermeria-34-126x126.jpg","width":126,"height":126,"filesize":27711,"mime_type":"image\/jpeg","source_url":"https:\/\/medicina.udd.cl\/enfermeria-santiago\/files\/2023\/05\/enf-dia-internacional-de-la-enfermeria-34-126x126.jpg"},"full":{"file":"enf-dia-internacional-de-la-enfermeria-34-scaled.jpg","width":2560,"height":1707,"mime_type":"image\/jpeg","source_url":"https:\/\/medicina.udd.cl\/enfermeria-santiago\/files\/2023\/05\/enf-dia-internacional-de-la-enfermeria-34-scaled.jpg"}},"image_meta":{"aperture":"4","credit":"","camera":"Canon EOS REBEL T5","caption":"","created_timestamp":"1683826284","copyright":"","focal_length":"18","iso":"800","shutter_speed":"0.016666666666667","title":"","orientation":"1","keywords":[]},"original_image":"enf-dia-internacional-de-la-enfermeria-34.jpg"},"post":8262,"source_url":"https:\/\/medicina.udd.cl\/enfermeria-santiago\/files\/2023\/05\/enf-dia-internacional-de-la-enfermeria-34-scaled.jpg","_links":{"self":[{"href":"https:\/\/medicina.udd.cl\/enfermeria-santiago\/wp-json\/wp\/v2\/media\/8285","targetHints":{"allow":["GET"]}}],"collection":[{"href":"https:\/\/medicina.udd.cl\/enfermeria-santiago\/wp-json\/wp\/v2\/media"}],"about":[{"href":"https:\/\/medicina.udd.cl\/enfermeria-santiago\/wp-json\/wp\/v2\/types\/attachment"}],"author":[{"embeddable":true,"href":"https:\/\/medicina.udd.cl\/enfermeria-santiago\/wp-json\/wp\/v2\/users\/9192219"}],"replies":[{"embeddable":true,"href":"https:\/\/medicina.udd.cl\/enfermeria-santiago\/wp-json\/wp\/v2\/comments?post=8285"}],"wp:attached-to":[{"embeddable":true,"post_type":"post","id":8262,"href":"https:\/\/medicina.udd.cl\/enfermeria-santiago\/wp-json\/wp\/v2\/posts\/8262"}],"curies":[{"name":"wp","href":"https:\/\/api.w.org\/{rel}","templated":true}]}}