{"id":8354,"date":"2023-09-06T16:47:27","date_gmt":"2023-09-06T19:47:27","guid":{"rendered":"https:\/\/medicina.udd.cl\/enfermeria-santiago\/files\/2023\/09\/noticia-1-enf-udd-viaje-foto-4.jpeg"},"modified":"2023-09-06T16:47:27","modified_gmt":"2023-09-06T19:47:27","slug":"noticia-1-enf-udd-viaje-foto-4","status":"inherit","type":"attachment","link":"https:\/\/medicina.udd.cl\/enfermeria-santiago\/noticias\/2023\/07\/10\/directora-y-coordinadora-academica-de-enfermeria-udd-refuerzan-lazos-internacionales-con-viaje-a-espana\/noticia-1-enf-udd-viaje-foto-4\/","title":{"rendered":"Noticia 1 ENF UDD &#8211; Viaje &#8211; Foto 4"},"author":9192219,"featured_media":0,"comment_status":"","ping_status":"closed","template":"","meta":[],"class_list":["post-8354","attachment","type-attachment","status-inherit","hentry"],"yoast_head":"<!-- This site is optimized with the Yoast SEO plugin v26.9 - https:\/\/yoast.com\/product\/yoast-seo-wordpress\/ -->\n<title>Noticia 1 ENF UDD - Viaje - Foto 4 - Enfermer\u00eda UDD<\/title>\n<meta name=\"robots\" content=\"index, follow, max-snippet:-1, max-image-preview:large, max-video-preview:-1\" \/>\n<link rel=\"canonical\" href=\"https:\/\/medicina.udd.cl\/enfermeria-santiago\/files\/2023\/09\/noticia-1-enf-udd-viaje-foto-4.jpeg\" \/>\n<meta property=\"og:locale\" content=\"es_ES\" \/>\n<meta property=\"og:type\" content=\"article\" \/>\n<meta property=\"og:title\" content=\"Noticia 1 ENF UDD - Viaje - Foto 4 - Enfermer\u00eda UDD\" \/>\n<meta property=\"og:url\" content=\"https:\/\/medicina.udd.cl\/enfermeria-santiago\/files\/2023\/09\/noticia-1-enf-udd-viaje-foto-4.jpeg\" \/>\n<meta property=\"og:site_name\" content=\"Enfermer\u00eda UDD\" \/>\n<meta property=\"og:image\" content=\"https:\/\/medicina.udd.cl\/enfermeria-santiago\/files\/2023\/09\/noticia-1-enf-udd-viaje-foto-4.jpeg\" \/>\n\t<meta property=\"og:image:width\" content=\"1600\" \/>\n\t<meta property=\"og:image:height\" content=\"1300\" \/>\n\t<meta property=\"og:image:type\" content=\"image\/jpeg\" \/>\n<script type=\"application\/ld+json\" class=\"yoast-schema-graph\">{\"@context\":\"https:\/\/schema.org\",\"@graph\":[{\"@type\":\"WebPage\",\"@id\":\"https:\/\/medicina.udd.cl\/enfermeria-santiago\/files\/2023\/09\/noticia-1-enf-udd-viaje-foto-4.jpeg\",\"url\":\"https:\/\/medicina.udd.cl\/enfermeria-santiago\/files\/2023\/09\/noticia-1-enf-udd-viaje-foto-4.jpeg\",\"name\":\"Noticia 1 ENF UDD - Viaje - Foto 4 - Enfermer\u00eda UDD\",\"isPartOf\":{\"@id\":\"https:\/\/medicina.udd.cl\/enfermeria-santiago\/#website\"},\"datePublished\":\"2023-09-06T19:47:27+00:00\",\"breadcrumb\":{\"@id\":\"https:\/\/medicina.udd.cl\/enfermeria-santiago\/files\/2023\/09\/noticia-1-enf-udd-viaje-foto-4.jpeg#breadcrumb\"},\"inLanguage\":\"es\",\"potentialAction\":[{\"@type\":\"ReadAction\",\"target\":[\"https:\/\/medicina.udd.cl\/enfermeria-santiago\/files\/2023\/09\/noticia-1-enf-udd-viaje-foto-4.jpeg\"]}]},{\"@type\":\"BreadcrumbList\",\"@id\":\"https:\/\/medicina.udd.cl\/enfermeria-santiago\/files\/2023\/09\/noticia-1-enf-udd-viaje-foto-4.jpeg#breadcrumb\",\"itemListElement\":[{\"@type\":\"ListItem\",\"position\":1,\"name\":\"Home\",\"item\":\"https:\/\/medicina.udd.cl\/enfermeria-santiago\/\"},{\"@type\":\"ListItem\",\"position\":2,\"name\":\"Directora y Coordinadora Acad\u00e9mica de Enfermer\u00eda UDD refuerzan lazos Internacionales con viaje a Espa\u00f1a\",\"item\":\"https:\/\/medicina.udd.cl\/enfermeria-santiago\/noticias\/2023\/07\/10\/directora-y-coordinadora-academica-de-enfermeria-udd-refuerzan-lazos-internacionales-con-viaje-a-espana\/\"},{\"@type\":\"ListItem\",\"position\":3,\"name\":\"Noticia 1 ENF UDD &#8211; Viaje &#8211; Foto 4\"}]},{\"@type\":\"WebSite\",\"@id\":\"https:\/\/medicina.udd.cl\/enfermeria-santiago\/#website\",\"url\":\"https:\/\/medicina.udd.cl\/enfermeria-santiago\/\",\"name\":\"Enfermer\u00eda UDD\",\"description\":\"Facultad de Medicina Cl\u00ednica Alemana Universidad del Desarrollo\",\"inLanguage\":\"es\"}]}<\/script>\n<!-- \/ Yoast SEO plugin. -->","yoast_head_json":{"title":"Noticia 1 ENF UDD - Viaje - Foto 4 - Enfermer\u00eda UDD","robots":{"index":"index","follow":"follow","max-snippet":"max-snippet:-1","max-image-preview":"max-image-preview:large","max-video-preview":"max-video-preview:-1"},"canonical":"https:\/\/medicina.udd.cl\/enfermeria-santiago\/files\/2023\/09\/noticia-1-enf-udd-viaje-foto-4.jpeg","og_locale":"es_ES","og_type":"article","og_title":"Noticia 1 ENF UDD - Viaje - Foto 4 - Enfermer\u00eda UDD","og_url":"https:\/\/medicina.udd.cl\/enfermeria-santiago\/files\/2023\/09\/noticia-1-enf-udd-viaje-foto-4.jpeg","og_site_name":"Enfermer\u00eda UDD","og_image":[{"width":1600,"height":1300,"url":"https:\/\/medicina.udd.cl\/enfermeria-santiago\/files\/2023\/09\/noticia-1-enf-udd-viaje-foto-4.jpeg","type":"image\/jpeg"}],"schema":{"@context":"https:\/\/schema.org","@graph":[{"@type":"WebPage","@id":"https:\/\/medicina.udd.cl\/enfermeria-santiago\/files\/2023\/09\/noticia-1-enf-udd-viaje-foto-4.jpeg","url":"https:\/\/medicina.udd.cl\/enfermeria-santiago\/files\/2023\/09\/noticia-1-enf-udd-viaje-foto-4.jpeg","name":"Noticia 1 ENF UDD - Viaje - Foto 4 - Enfermer\u00eda UDD","isPartOf":{"@id":"https:\/\/medicina.udd.cl\/enfermeria-santiago\/#website"},"datePublished":"2023-09-06T19:47:27+00:00","breadcrumb":{"@id":"https:\/\/medicina.udd.cl\/enfermeria-santiago\/files\/2023\/09\/noticia-1-enf-udd-viaje-foto-4.jpeg#breadcrumb"},"inLanguage":"es","potentialAction":[{"@type":"ReadAction","target":["https:\/\/medicina.udd.cl\/enfermeria-santiago\/files\/2023\/09\/noticia-1-enf-udd-viaje-foto-4.jpeg"]}]},{"@type":"BreadcrumbList","@id":"https:\/\/medicina.udd.cl\/enfermeria-santiago\/files\/2023\/09\/noticia-1-enf-udd-viaje-foto-4.jpeg#breadcrumb","itemListElement":[{"@type":"ListItem","position":1,"name":"Home","item":"https:\/\/medicina.udd.cl\/enfermeria-santiago\/"},{"@type":"ListItem","position":2,"name":"Directora y Coordinadora Acad\u00e9mica de Enfermer\u00eda UDD refuerzan lazos Internacionales con viaje a Espa\u00f1a","item":"https:\/\/medicina.udd.cl\/enfermeria-santiago\/noticias\/2023\/07\/10\/directora-y-coordinadora-academica-de-enfermeria-udd-refuerzan-lazos-internacionales-con-viaje-a-espana\/"},{"@type":"ListItem","position":3,"name":"Noticia 1 ENF UDD &#8211; Viaje &#8211; Foto 4"}]},{"@type":"WebSite","@id":"https:\/\/medicina.udd.cl\/enfermeria-santiago\/#website","url":"https:\/\/medicina.udd.cl\/enfermeria-santiago\/","name":"Enfermer\u00eda UDD","description":"Facultad de Medicina Cl\u00ednica Alemana Universidad del Desarrollo","inLanguage":"es"}]}},"description":{"rendered":"<p class=\"attachment\"><a href='https:\/\/medicina.udd.cl\/enfermeria-santiago\/files\/2023\/09\/noticia-1-enf-udd-viaje-foto-4.jpeg'><img loading=\"lazy\" decoding=\"async\" width=\"300\" height=\"244\" src=\"https:\/\/medicina.udd.cl\/enfermeria-santiago\/files\/2023\/09\/noticia-1-enf-udd-viaje-foto-4-300x244.jpeg\" class=\"attachment-medium size-medium\" alt=\"\" srcset=\"https:\/\/medicina.udd.cl\/enfermeria-santiago\/files\/2023\/09\/noticia-1-enf-udd-viaje-foto-4-300x244.jpeg 300w, https:\/\/medicina.udd.cl\/enfermeria-santiago\/files\/2023\/09\/noticia-1-enf-udd-viaje-foto-4-1024x832.jpeg 1024w, https:\/\/medicina.udd.cl\/enfermeria-santiago\/files\/2023\/09\/noticia-1-enf-udd-viaje-foto-4-768x624.jpeg 768w, https:\/\/medicina.udd.cl\/enfermeria-santiago\/files\/2023\/09\/noticia-1-enf-udd-viaje-foto-4-1536x1248.jpeg 1536w, https:\/\/medicina.udd.cl\/enfermeria-santiago\/files\/2023\/09\/noticia-1-enf-udd-viaje-foto-4.jpeg 1600w\" sizes=\"auto, (max-width: 300px) 100vw, 300px\" \/><\/a><\/p>\n"},"caption":{"rendered":""},"alt_text":"","media_type":"image","mime_type":"image\/jpeg","media_details":{"width":1600,"height":1300,"file":"2023\/09\/noticia-1-enf-udd-viaje-foto-4.jpeg","filesize":226755,"sizes":{"medium":{"file":"noticia-1-enf-udd-viaje-foto-4-300x244.jpeg","width":300,"height":244,"filesize":17822,"mime_type":"image\/jpeg","source_url":"https:\/\/medicina.udd.cl\/enfermeria-santiago\/files\/2023\/09\/noticia-1-enf-udd-viaje-foto-4-300x244.jpeg"},"large":{"file":"noticia-1-enf-udd-viaje-foto-4-1024x832.jpeg","width":1024,"height":832,"filesize":130390,"mime_type":"image\/jpeg","source_url":"https:\/\/medicina.udd.cl\/enfermeria-santiago\/files\/2023\/09\/noticia-1-enf-udd-viaje-foto-4-1024x832.jpeg"},"thumbnail":{"file":"noticia-1-enf-udd-viaje-foto-4-150x150.jpeg","width":150,"height":150,"filesize":6724,"mime_type":"image\/jpeg","source_url":"https:\/\/medicina.udd.cl\/enfermeria-santiago\/files\/2023\/09\/noticia-1-enf-udd-viaje-foto-4-150x150.jpeg"},"medium_large":{"file":"noticia-1-enf-udd-viaje-foto-4-768x624.jpeg","width":768,"height":624,"filesize":82458,"mime_type":"image\/jpeg","source_url":"https:\/\/medicina.udd.cl\/enfermeria-santiago\/files\/2023\/09\/noticia-1-enf-udd-viaje-foto-4-768x624.jpeg"},"newsletter_featured":{"file":"noticia-1-enf-udd-viaje-foto-4-316x224.jpeg","width":316,"height":224,"filesize":17402,"mime_type":"image\/jpeg","source_url":"https:\/\/medicina.udd.cl\/enfermeria-santiago\/files\/2023\/09\/noticia-1-enf-udd-viaje-foto-4-316x224.jpeg"},"newsletter_first":{"file":"noticia-1-enf-udd-viaje-foto-4-286x205.jpeg","width":286,"height":205,"filesize":15203,"mime_type":"image\/jpeg","source_url":"https:\/\/medicina.udd.cl\/enfermeria-santiago\/files\/2023\/09\/noticia-1-enf-udd-viaje-foto-4-286x205.jpeg"},"newsletter_thumb":{"file":"noticia-1-enf-udd-viaje-foto-4-288x150.jpeg","width":288,"height":150,"filesize":10814,"mime_type":"image\/jpeg","source_url":"https:\/\/medicina.udd.cl\/enfermeria-santiago\/files\/2023\/09\/noticia-1-enf-udd-viaje-foto-4-288x150.jpeg"},"newsletter_column":{"file":"noticia-1-enf-udd-viaje-foto-4-182x140.jpeg","width":182,"height":140,"filesize":7799,"mime_type":"image\/jpeg","source_url":"https:\/\/medicina.udd.cl\/enfermeria-santiago\/files\/2023\/09\/noticia-1-enf-udd-viaje-foto-4-182x140.jpeg"},"newsletter_square":{"file":"noticia-1-enf-udd-viaje-foto-4-62x62.jpeg","width":62,"height":62,"filesize":1675,"mime_type":"image\/jpeg","source_url":"https:\/\/medicina.udd.cl\/enfermeria-santiago\/files\/2023\/09\/noticia-1-enf-udd-viaje-foto-4-62x62.jpeg"},"newsletter_square_large":{"file":"noticia-1-enf-udd-viaje-foto-4-87x62.jpeg","width":87,"height":62,"filesize":2246,"mime_type":"image\/jpeg","source_url":"https:\/\/medicina.udd.cl\/enfermeria-santiago\/files\/2023\/09\/noticia-1-enf-udd-viaje-foto-4-87x62.jpeg"},"1536x1536":{"file":"noticia-1-enf-udd-viaje-foto-4-1536x1248.jpeg","width":1536,"height":1248,"filesize":241325,"mime_type":"image\/jpeg","source_url":"https:\/\/medicina.udd.cl\/enfermeria-santiago\/files\/2023\/09\/noticia-1-enf-udd-viaje-foto-4-1536x1248.jpeg"},"landscape_1920":{"file":"noticia-1-enf-udd-viaje-foto-4-1600x1080.jpeg","width":1600,"height":1080,"filesize":228982,"mime_type":"image\/jpeg","source_url":"https:\/\/medicina.udd.cl\/enfermeria-santiago\/files\/2023\/09\/noticia-1-enf-udd-viaje-foto-4-1600x1080.jpeg"},"landscape_1366":{"file":"noticia-1-enf-udd-viaje-foto-4-1366x768.jpeg","width":1366,"height":768,"filesize":143974,"mime_type":"image\/jpeg","source_url":"https:\/\/medicina.udd.cl\/enfermeria-santiago\/files\/2023\/09\/noticia-1-enf-udd-viaje-foto-4-1366x768.jpeg"},"landscape_952":{"file":"noticia-1-enf-udd-viaje-foto-4-952x534.jpeg","width":952,"height":534,"filesize":82812,"mime_type":"image\/jpeg","source_url":"https:\/\/medicina.udd.cl\/enfermeria-santiago\/files\/2023\/09\/noticia-1-enf-udd-viaje-foto-4-952x534.jpeg"},"landscape_680":{"file":"noticia-1-enf-udd-viaje-foto-4-680x382.jpeg","width":680,"height":382,"filesize":47939,"mime_type":"image\/jpeg","source_url":"https:\/\/medicina.udd.cl\/enfermeria-santiago\/files\/2023\/09\/noticia-1-enf-udd-viaje-foto-4-680x382.jpeg"},"square_750":{"file":"noticia-1-enf-udd-viaje-foto-4-750x750.jpeg","width":750,"height":750,"filesize":90732,"mime_type":"image\/jpeg","source_url":"https:\/\/medicina.udd.cl\/enfermeria-santiago\/files\/2023\/09\/noticia-1-enf-udd-viaje-foto-4-750x750.jpeg"},"square_500":{"file":"noticia-1-enf-udd-viaje-foto-4-500x500.jpeg","width":500,"height":500,"filesize":48037,"mime_type":"image\/jpeg","source_url":"https:\/\/medicina.udd.cl\/enfermeria-santiago\/files\/2023\/09\/noticia-1-enf-udd-viaje-foto-4-500x500.jpeg"},"square_200":{"file":"noticia-1-enf-udd-viaje-foto-4-250x250.jpeg","width":250,"height":250,"filesize":15672,"mime_type":"image\/jpeg","source_url":"https:\/\/medicina.udd.cl\/enfermeria-santiago\/files\/2023\/09\/noticia-1-enf-udd-viaje-foto-4-250x250.jpeg"},"post-thumbnail":{"file":"noticia-1-enf-udd-viaje-foto-4-952x534.jpeg","width":952,"height":534,"filesize":82812,"mime_type":"image\/jpeg","source_url":"https:\/\/medicina.udd.cl\/enfermeria-santiago\/files\/2023\/09\/noticia-1-enf-udd-viaje-foto-4-952x534.jpeg"},"custom_content":{"file":"noticia-1-enf-udd-viaje-foto-4-126x126.jpeg","width":126,"height":126,"filesize":5071,"mime_type":"image\/jpeg","source_url":"https:\/\/medicina.udd.cl\/enfermeria-santiago\/files\/2023\/09\/noticia-1-enf-udd-viaje-foto-4-126x126.jpeg"},"full":{"file":"noticia-1-enf-udd-viaje-foto-4.jpeg","width":1600,"height":1300,"mime_type":"image\/jpeg","source_url":"https:\/\/medicina.udd.cl\/enfermeria-santiago\/files\/2023\/09\/noticia-1-enf-udd-viaje-foto-4.jpeg"}},"image_meta":{"aperture":"0","credit":"","camera":"","caption":"","created_timestamp":"0","copyright":"","focal_length":"0","iso":"0","shutter_speed":"0","title":"","orientation":"0","keywords":[]}},"post":8350,"source_url":"https:\/\/medicina.udd.cl\/enfermeria-santiago\/files\/2023\/09\/noticia-1-enf-udd-viaje-foto-4.jpeg","_links":{"self":[{"href":"https:\/\/medicina.udd.cl\/enfermeria-santiago\/wp-json\/wp\/v2\/media\/8354","targetHints":{"allow":["GET"]}}],"collection":[{"href":"https:\/\/medicina.udd.cl\/enfermeria-santiago\/wp-json\/wp\/v2\/media"}],"about":[{"href":"https:\/\/medicina.udd.cl\/enfermeria-santiago\/wp-json\/wp\/v2\/types\/attachment"}],"author":[{"embeddable":true,"href":"https:\/\/medicina.udd.cl\/enfermeria-santiago\/wp-json\/wp\/v2\/users\/9192219"}],"replies":[{"embeddable":true,"href":"https:\/\/medicina.udd.cl\/enfermeria-santiago\/wp-json\/wp\/v2\/comments?post=8354"}],"wp:attached-to":[{"embeddable":true,"post_type":"post","id":8350,"href":"https:\/\/medicina.udd.cl\/enfermeria-santiago\/wp-json\/wp\/v2\/posts\/8350"}],"curies":[{"name":"wp","href":"https:\/\/api.w.org\/{rel}","templated":true}]}}