{"id":8453,"date":"2023-11-16T13:33:27","date_gmt":"2023-11-16T16:33:27","guid":{"rendered":"https:\/\/medicina.udd.cl\/enfermeria-santiago\/files\/2023\/11\/enf-curso-de-direccion-estrategica-para-organizaciones-sanitarias-5.jpeg"},"modified":"2023-11-16T13:33:27","modified_gmt":"2023-11-16T16:33:27","slug":"enf-curso-de-direccion-estrategica-para-organizaciones-sanitarias-5","status":"inherit","type":"attachment","link":"https:\/\/medicina.udd.cl\/enfermeria-santiago\/noticias\/2023\/11\/16\/enfermeria-y-globalizacion-udd-realizan-cuarta-edicion-del-curso-de-direccion-estrategica-para-organizaciones-sanitarias-en-la-universidad-autonoma-de-barcelona\/enf-curso-de-direccion-estrategica-para-organizaciones-sanitarias-5\/","title":{"rendered":"ENF &#8211; Curso de Direcci\u00f3n Estrat\u00e9gica para Organizaciones Sanitarias (5)"},"author":9192219,"featured_media":0,"comment_status":"","ping_status":"closed","template":"","meta":[],"class_list":["post-8453","attachment","type-attachment","status-inherit","hentry"],"yoast_head":"<!-- This site is optimized with the Yoast SEO plugin v26.9 - https:\/\/yoast.com\/product\/yoast-seo-wordpress\/ -->\n<title>ENF - Curso de Direcci\u00f3n Estrat\u00e9gica para Organizaciones Sanitarias (5) - Enfermer\u00eda UDD<\/title>\n<meta name=\"robots\" content=\"index, follow, max-snippet:-1, max-image-preview:large, max-video-preview:-1\" \/>\n<link rel=\"canonical\" href=\"https:\/\/medicina.udd.cl\/enfermeria-santiago\/files\/2023\/11\/enf-curso-de-direccion-estrategica-para-organizaciones-sanitarias-5-scaled.jpeg\" \/>\n<meta property=\"og:locale\" content=\"es_ES\" \/>\n<meta property=\"og:type\" content=\"article\" \/>\n<meta property=\"og:title\" content=\"ENF - Curso de Direcci\u00f3n Estrat\u00e9gica para Organizaciones Sanitarias (5) - Enfermer\u00eda UDD\" \/>\n<meta property=\"og:url\" content=\"https:\/\/medicina.udd.cl\/enfermeria-santiago\/files\/2023\/11\/enf-curso-de-direccion-estrategica-para-organizaciones-sanitarias-5-scaled.jpeg\" \/>\n<meta property=\"og:site_name\" content=\"Enfermer\u00eda UDD\" \/>\n<meta property=\"og:image\" content=\"https:\/\/medicina.udd.cl\/enfermeria-santiago\/files\/2023\/11\/enf-curso-de-direccion-estrategica-para-organizaciones-sanitarias-5-scaled.jpeg\" \/>\n\t<meta property=\"og:image:width\" content=\"1441\" \/>\n\t<meta property=\"og:image:height\" content=\"2560\" \/>\n\t<meta property=\"og:image:type\" content=\"image\/jpeg\" \/>\n<script type=\"application\/ld+json\" class=\"yoast-schema-graph\">{\"@context\":\"https:\/\/schema.org\",\"@graph\":[{\"@type\":\"WebPage\",\"@id\":\"https:\/\/medicina.udd.cl\/enfermeria-santiago\/files\/2023\/11\/enf-curso-de-direccion-estrategica-para-organizaciones-sanitarias-5-scaled.jpeg\",\"url\":\"https:\/\/medicina.udd.cl\/enfermeria-santiago\/files\/2023\/11\/enf-curso-de-direccion-estrategica-para-organizaciones-sanitarias-5-scaled.jpeg\",\"name\":\"ENF - Curso de Direcci\u00f3n Estrat\u00e9gica para Organizaciones Sanitarias (5) - Enfermer\u00eda UDD\",\"isPartOf\":{\"@id\":\"https:\/\/medicina.udd.cl\/enfermeria-santiago\/#website\"},\"datePublished\":\"2023-11-16T16:33:27+00:00\",\"breadcrumb\":{\"@id\":\"https:\/\/medicina.udd.cl\/enfermeria-santiago\/files\/2023\/11\/enf-curso-de-direccion-estrategica-para-organizaciones-sanitarias-5-scaled.jpeg#breadcrumb\"},\"inLanguage\":\"es\",\"potentialAction\":[{\"@type\":\"ReadAction\",\"target\":[\"https:\/\/medicina.udd.cl\/enfermeria-santiago\/files\/2023\/11\/enf-curso-de-direccion-estrategica-para-organizaciones-sanitarias-5-scaled.jpeg\"]}]},{\"@type\":\"BreadcrumbList\",\"@id\":\"https:\/\/medicina.udd.cl\/enfermeria-santiago\/files\/2023\/11\/enf-curso-de-direccion-estrategica-para-organizaciones-sanitarias-5-scaled.jpeg#breadcrumb\",\"itemListElement\":[{\"@type\":\"ListItem\",\"position\":1,\"name\":\"Home\",\"item\":\"https:\/\/medicina.udd.cl\/enfermeria-santiago\/\"},{\"@type\":\"ListItem\",\"position\":2,\"name\":\"Enfermer\u00eda y Globalizaci\u00f3n UDD realizan cuarta edici\u00f3n del Curso de Direcci\u00f3n Estrat\u00e9gica para Organizaciones Sanitarias en la Universidad Aut\u00f3noma de Barcelona\",\"item\":\"https:\/\/medicina.udd.cl\/enfermeria-santiago\/noticias\/2023\/11\/16\/enfermeria-y-globalizacion-udd-realizan-cuarta-edicion-del-curso-de-direccion-estrategica-para-organizaciones-sanitarias-en-la-universidad-autonoma-de-barcelona\/\"},{\"@type\":\"ListItem\",\"position\":3,\"name\":\"ENF &#8211; Curso de Direcci\u00f3n Estrat\u00e9gica para Organizaciones Sanitarias (5)\"}]},{\"@type\":\"WebSite\",\"@id\":\"https:\/\/medicina.udd.cl\/enfermeria-santiago\/#website\",\"url\":\"https:\/\/medicina.udd.cl\/enfermeria-santiago\/\",\"name\":\"Enfermer\u00eda UDD\",\"description\":\"Facultad de Medicina Cl\u00ednica Alemana Universidad del Desarrollo\",\"inLanguage\":\"es\"}]}<\/script>\n<!-- \/ Yoast SEO plugin. -->","yoast_head_json":{"title":"ENF - Curso de Direcci\u00f3n Estrat\u00e9gica para Organizaciones Sanitarias (5) - Enfermer\u00eda UDD","robots":{"index":"index","follow":"follow","max-snippet":"max-snippet:-1","max-image-preview":"max-image-preview:large","max-video-preview":"max-video-preview:-1"},"canonical":"https:\/\/medicina.udd.cl\/enfermeria-santiago\/files\/2023\/11\/enf-curso-de-direccion-estrategica-para-organizaciones-sanitarias-5-scaled.jpeg","og_locale":"es_ES","og_type":"article","og_title":"ENF - Curso de Direcci\u00f3n Estrat\u00e9gica para Organizaciones Sanitarias (5) - Enfermer\u00eda UDD","og_url":"https:\/\/medicina.udd.cl\/enfermeria-santiago\/files\/2023\/11\/enf-curso-de-direccion-estrategica-para-organizaciones-sanitarias-5-scaled.jpeg","og_site_name":"Enfermer\u00eda UDD","og_image":[{"width":1441,"height":2560,"url":"https:\/\/medicina.udd.cl\/enfermeria-santiago\/files\/2023\/11\/enf-curso-de-direccion-estrategica-para-organizaciones-sanitarias-5-scaled.jpeg","type":"image\/jpeg"}],"schema":{"@context":"https:\/\/schema.org","@graph":[{"@type":"WebPage","@id":"https:\/\/medicina.udd.cl\/enfermeria-santiago\/files\/2023\/11\/enf-curso-de-direccion-estrategica-para-organizaciones-sanitarias-5-scaled.jpeg","url":"https:\/\/medicina.udd.cl\/enfermeria-santiago\/files\/2023\/11\/enf-curso-de-direccion-estrategica-para-organizaciones-sanitarias-5-scaled.jpeg","name":"ENF - Curso de Direcci\u00f3n Estrat\u00e9gica para Organizaciones Sanitarias (5) - Enfermer\u00eda UDD","isPartOf":{"@id":"https:\/\/medicina.udd.cl\/enfermeria-santiago\/#website"},"datePublished":"2023-11-16T16:33:27+00:00","breadcrumb":{"@id":"https:\/\/medicina.udd.cl\/enfermeria-santiago\/files\/2023\/11\/enf-curso-de-direccion-estrategica-para-organizaciones-sanitarias-5-scaled.jpeg#breadcrumb"},"inLanguage":"es","potentialAction":[{"@type":"ReadAction","target":["https:\/\/medicina.udd.cl\/enfermeria-santiago\/files\/2023\/11\/enf-curso-de-direccion-estrategica-para-organizaciones-sanitarias-5-scaled.jpeg"]}]},{"@type":"BreadcrumbList","@id":"https:\/\/medicina.udd.cl\/enfermeria-santiago\/files\/2023\/11\/enf-curso-de-direccion-estrategica-para-organizaciones-sanitarias-5-scaled.jpeg#breadcrumb","itemListElement":[{"@type":"ListItem","position":1,"name":"Home","item":"https:\/\/medicina.udd.cl\/enfermeria-santiago\/"},{"@type":"ListItem","position":2,"name":"Enfermer\u00eda y Globalizaci\u00f3n UDD realizan cuarta edici\u00f3n del Curso de Direcci\u00f3n Estrat\u00e9gica para Organizaciones Sanitarias en la Universidad Aut\u00f3noma de Barcelona","item":"https:\/\/medicina.udd.cl\/enfermeria-santiago\/noticias\/2023\/11\/16\/enfermeria-y-globalizacion-udd-realizan-cuarta-edicion-del-curso-de-direccion-estrategica-para-organizaciones-sanitarias-en-la-universidad-autonoma-de-barcelona\/"},{"@type":"ListItem","position":3,"name":"ENF &#8211; Curso de Direcci\u00f3n Estrat\u00e9gica para Organizaciones Sanitarias (5)"}]},{"@type":"WebSite","@id":"https:\/\/medicina.udd.cl\/enfermeria-santiago\/#website","url":"https:\/\/medicina.udd.cl\/enfermeria-santiago\/","name":"Enfermer\u00eda UDD","description":"Facultad de Medicina Cl\u00ednica Alemana Universidad del Desarrollo","inLanguage":"es"}]}},"description":{"rendered":"<p class=\"attachment\"><a href='https:\/\/medicina.udd.cl\/enfermeria-santiago\/files\/2023\/11\/enf-curso-de-direccion-estrategica-para-organizaciones-sanitarias-5-scaled.jpeg'><img loading=\"lazy\" decoding=\"async\" width=\"169\" height=\"300\" src=\"https:\/\/medicina.udd.cl\/enfermeria-santiago\/files\/2023\/11\/enf-curso-de-direccion-estrategica-para-organizaciones-sanitarias-5-169x300.jpeg\" class=\"attachment-medium size-medium\" alt=\"\" srcset=\"https:\/\/medicina.udd.cl\/enfermeria-santiago\/files\/2023\/11\/enf-curso-de-direccion-estrategica-para-organizaciones-sanitarias-5-169x300.jpeg 169w, https:\/\/medicina.udd.cl\/enfermeria-santiago\/files\/2023\/11\/enf-curso-de-direccion-estrategica-para-organizaciones-sanitarias-5-577x1024.jpeg 577w, https:\/\/medicina.udd.cl\/enfermeria-santiago\/files\/2023\/11\/enf-curso-de-direccion-estrategica-para-organizaciones-sanitarias-5-768x1364.jpeg 768w, https:\/\/medicina.udd.cl\/enfermeria-santiago\/files\/2023\/11\/enf-curso-de-direccion-estrategica-para-organizaciones-sanitarias-5-865x1536.jpeg 865w, https:\/\/medicina.udd.cl\/enfermeria-santiago\/files\/2023\/11\/enf-curso-de-direccion-estrategica-para-organizaciones-sanitarias-5-1153x2048.jpeg 1153w, https:\/\/medicina.udd.cl\/enfermeria-santiago\/files\/2023\/11\/enf-curso-de-direccion-estrategica-para-organizaciones-sanitarias-5-scaled.jpeg 1441w\" sizes=\"auto, (max-width: 169px) 100vw, 169px\" \/><\/a><\/p>\n"},"caption":{"rendered":""},"alt_text":"","media_type":"image","mime_type":"image\/jpeg","media_details":{"width":1441,"height":2560,"file":"2023\/11\/enf-curso-de-direccion-estrategica-para-organizaciones-sanitarias-5-scaled.jpeg","filesize":642145,"sizes":{"medium":{"file":"enf-curso-de-direccion-estrategica-para-organizaciones-sanitarias-5-169x300.jpeg","width":169,"height":300,"filesize":17716,"mime_type":"image\/jpeg","source_url":"https:\/\/medicina.udd.cl\/enfermeria-santiago\/files\/2023\/11\/enf-curso-de-direccion-estrategica-para-organizaciones-sanitarias-5-169x300.jpeg"},"large":{"file":"enf-curso-de-direccion-estrategica-para-organizaciones-sanitarias-5-577x1024.jpeg","width":577,"height":1024,"filesize":140039,"mime_type":"image\/jpeg","source_url":"https:\/\/medicina.udd.cl\/enfermeria-santiago\/files\/2023\/11\/enf-curso-de-direccion-estrategica-para-organizaciones-sanitarias-5-577x1024.jpeg"},"thumbnail":{"file":"enf-curso-de-direccion-estrategica-para-organizaciones-sanitarias-5-150x150.jpeg","width":150,"height":150,"filesize":8991,"mime_type":"image\/jpeg","source_url":"https:\/\/medicina.udd.cl\/enfermeria-santiago\/files\/2023\/11\/enf-curso-de-direccion-estrategica-para-organizaciones-sanitarias-5-150x150.jpeg"},"medium_large":{"file":"enf-curso-de-direccion-estrategica-para-organizaciones-sanitarias-5-768x1364.jpeg","width":768,"height":1364,"filesize":225098,"mime_type":"image\/jpeg","source_url":"https:\/\/medicina.udd.cl\/enfermeria-santiago\/files\/2023\/11\/enf-curso-de-direccion-estrategica-para-organizaciones-sanitarias-5-768x1364.jpeg"},"newsletter_featured":{"file":"enf-curso-de-direccion-estrategica-para-organizaciones-sanitarias-5-316x224.jpeg","width":316,"height":224,"filesize":22240,"mime_type":"image\/jpeg","source_url":"https:\/\/medicina.udd.cl\/enfermeria-santiago\/files\/2023\/11\/enf-curso-de-direccion-estrategica-para-organizaciones-sanitarias-5-316x224.jpeg"},"newsletter_first":{"file":"enf-curso-de-direccion-estrategica-para-organizaciones-sanitarias-5-286x205.jpeg","width":286,"height":205,"filesize":19130,"mime_type":"image\/jpeg","source_url":"https:\/\/medicina.udd.cl\/enfermeria-santiago\/files\/2023\/11\/enf-curso-de-direccion-estrategica-para-organizaciones-sanitarias-5-286x205.jpeg"},"newsletter_thumb":{"file":"enf-curso-de-direccion-estrategica-para-organizaciones-sanitarias-5-288x150.jpeg","width":288,"height":150,"filesize":13798,"mime_type":"image\/jpeg","source_url":"https:\/\/medicina.udd.cl\/enfermeria-santiago\/files\/2023\/11\/enf-curso-de-direccion-estrategica-para-organizaciones-sanitarias-5-288x150.jpeg"},"newsletter_column":{"file":"enf-curso-de-direccion-estrategica-para-organizaciones-sanitarias-5-182x140.jpeg","width":182,"height":140,"filesize":9752,"mime_type":"image\/jpeg","source_url":"https:\/\/medicina.udd.cl\/enfermeria-santiago\/files\/2023\/11\/enf-curso-de-direccion-estrategica-para-organizaciones-sanitarias-5-182x140.jpeg"},"newsletter_square":{"file":"enf-curso-de-direccion-estrategica-para-organizaciones-sanitarias-5-62x62.jpeg","width":62,"height":62,"filesize":2443,"mime_type":"image\/jpeg","source_url":"https:\/\/medicina.udd.cl\/enfermeria-santiago\/files\/2023\/11\/enf-curso-de-direccion-estrategica-para-organizaciones-sanitarias-5-62x62.jpeg"},"newsletter_square_large":{"file":"enf-curso-de-direccion-estrategica-para-organizaciones-sanitarias-5-87x62.jpeg","width":87,"height":62,"filesize":2952,"mime_type":"image\/jpeg","source_url":"https:\/\/medicina.udd.cl\/enfermeria-santiago\/files\/2023\/11\/enf-curso-de-direccion-estrategica-para-organizaciones-sanitarias-5-87x62.jpeg"},"1536x1536":{"file":"enf-curso-de-direccion-estrategica-para-organizaciones-sanitarias-5-865x1536.jpeg","width":865,"height":1536,"filesize":275632,"mime_type":"image\/jpeg","source_url":"https:\/\/medicina.udd.cl\/enfermeria-santiago\/files\/2023\/11\/enf-curso-de-direccion-estrategica-para-organizaciones-sanitarias-5-865x1536.jpeg"},"2048x2048":{"file":"enf-curso-de-direccion-estrategica-para-organizaciones-sanitarias-5-1153x2048.jpeg","width":1153,"height":2048,"filesize":443640,"mime_type":"image\/jpeg","source_url":"https:\/\/medicina.udd.cl\/enfermeria-santiago\/files\/2023\/11\/enf-curso-de-direccion-estrategica-para-organizaciones-sanitarias-5-1153x2048.jpeg"},"landscape_1920":{"file":"enf-curso-de-direccion-estrategica-para-organizaciones-sanitarias-5-1920x1080.jpeg","width":1920,"height":1080,"filesize":345324,"mime_type":"image\/jpeg","source_url":"https:\/\/medicina.udd.cl\/enfermeria-santiago\/files\/2023\/11\/enf-curso-de-direccion-estrategica-para-organizaciones-sanitarias-5-1920x1080.jpeg"},"landscape_1366":{"file":"enf-curso-de-direccion-estrategica-para-organizaciones-sanitarias-5-1366x768.jpeg","width":1366,"height":768,"filesize":202826,"mime_type":"image\/jpeg","source_url":"https:\/\/medicina.udd.cl\/enfermeria-santiago\/files\/2023\/11\/enf-curso-de-direccion-estrategica-para-organizaciones-sanitarias-5-1366x768.jpeg"},"landscape_952":{"file":"enf-curso-de-direccion-estrategica-para-organizaciones-sanitarias-5-952x534.jpeg","width":952,"height":534,"filesize":112392,"mime_type":"image\/jpeg","source_url":"https:\/\/medicina.udd.cl\/enfermeria-santiago\/files\/2023\/11\/enf-curso-de-direccion-estrategica-para-organizaciones-sanitarias-5-952x534.jpeg"},"landscape_680":{"file":"enf-curso-de-direccion-estrategica-para-organizaciones-sanitarias-5-680x382.jpeg","width":680,"height":382,"filesize":63808,"mime_type":"image\/jpeg","source_url":"https:\/\/medicina.udd.cl\/enfermeria-santiago\/files\/2023\/11\/enf-curso-de-direccion-estrategica-para-organizaciones-sanitarias-5-680x382.jpeg"},"square_750":{"file":"enf-curso-de-direccion-estrategica-para-organizaciones-sanitarias-5-750x750.jpeg","width":750,"height":750,"filesize":132621,"mime_type":"image\/jpeg","source_url":"https:\/\/medicina.udd.cl\/enfermeria-santiago\/files\/2023\/11\/enf-curso-de-direccion-estrategica-para-organizaciones-sanitarias-5-750x750.jpeg"},"square_500":{"file":"enf-curso-de-direccion-estrategica-para-organizaciones-sanitarias-5-500x500.jpeg","width":500,"height":500,"filesize":67921,"mime_type":"image\/jpeg","source_url":"https:\/\/medicina.udd.cl\/enfermeria-santiago\/files\/2023\/11\/enf-curso-de-direccion-estrategica-para-organizaciones-sanitarias-5-500x500.jpeg"},"square_200":{"file":"enf-curso-de-direccion-estrategica-para-organizaciones-sanitarias-5-250x250.jpeg","width":250,"height":250,"filesize":21286,"mime_type":"image\/jpeg","source_url":"https:\/\/medicina.udd.cl\/enfermeria-santiago\/files\/2023\/11\/enf-curso-de-direccion-estrategica-para-organizaciones-sanitarias-5-250x250.jpeg"},"post-thumbnail":{"file":"enf-curso-de-direccion-estrategica-para-organizaciones-sanitarias-5-952x534.jpeg","width":952,"height":534,"filesize":112392,"mime_type":"image\/jpeg","source_url":"https:\/\/medicina.udd.cl\/enfermeria-santiago\/files\/2023\/11\/enf-curso-de-direccion-estrategica-para-organizaciones-sanitarias-5-952x534.jpeg"},"custom_content":{"file":"enf-curso-de-direccion-estrategica-para-organizaciones-sanitarias-5-126x126.jpeg","width":126,"height":126,"filesize":6685,"mime_type":"image\/jpeg","source_url":"https:\/\/medicina.udd.cl\/enfermeria-santiago\/files\/2023\/11\/enf-curso-de-direccion-estrategica-para-organizaciones-sanitarias-5-126x126.jpeg"},"full":{"file":"enf-curso-de-direccion-estrategica-para-organizaciones-sanitarias-5-scaled.jpeg","width":1441,"height":2560,"mime_type":"image\/jpeg","source_url":"https:\/\/medicina.udd.cl\/enfermeria-santiago\/files\/2023\/11\/enf-curso-de-direccion-estrategica-para-organizaciones-sanitarias-5-scaled.jpeg"}},"image_meta":{"aperture":"0","credit":"","camera":"","caption":"","created_timestamp":"0","copyright":"","focal_length":"0","iso":"0","shutter_speed":"0","title":"","orientation":"0","keywords":[]},"original_image":"enf-curso-de-direccion-estrategica-para-organizaciones-sanitarias-5.jpeg"},"post":8449,"source_url":"https:\/\/medicina.udd.cl\/enfermeria-santiago\/files\/2023\/11\/enf-curso-de-direccion-estrategica-para-organizaciones-sanitarias-5-scaled.jpeg","_links":{"self":[{"href":"https:\/\/medicina.udd.cl\/enfermeria-santiago\/wp-json\/wp\/v2\/media\/8453","targetHints":{"allow":["GET"]}}],"collection":[{"href":"https:\/\/medicina.udd.cl\/enfermeria-santiago\/wp-json\/wp\/v2\/media"}],"about":[{"href":"https:\/\/medicina.udd.cl\/enfermeria-santiago\/wp-json\/wp\/v2\/types\/attachment"}],"author":[{"embeddable":true,"href":"https:\/\/medicina.udd.cl\/enfermeria-santiago\/wp-json\/wp\/v2\/users\/9192219"}],"replies":[{"embeddable":true,"href":"https:\/\/medicina.udd.cl\/enfermeria-santiago\/wp-json\/wp\/v2\/comments?post=8453"}],"wp:attached-to":[{"embeddable":true,"post_type":"post","id":8449,"href":"https:\/\/medicina.udd.cl\/enfermeria-santiago\/wp-json\/wp\/v2\/posts\/8449"}],"curies":[{"name":"wp","href":"https:\/\/api.w.org\/{rel}","templated":true}]}}