{"id":9262,"date":"2024-06-19T15:43:39","date_gmt":"2024-06-19T19:43:39","guid":{"rendered":"https:\/\/medicina.udd.cl\/enfermeria-santiago\/files\/2024\/06\/enf-feria-tecnologica-facultad-de-ingenieria-udd-6.jpeg"},"modified":"2024-06-19T15:43:39","modified_gmt":"2024-06-19T19:43:39","slug":"enf-feria-tecnologica-facultad-de-ingenieria-udd-6","status":"inherit","type":"attachment","link":"https:\/\/medicina.udd.cl\/enfermeria-santiago\/noticias\/2024\/06\/19\/estudiantes-de-enfermeria-participan-en-feria-tecnologica-de-la-facultad-de-ingenieria-udd\/enf-feria-tecnologica-facultad-de-ingenieria-udd-6\/","title":{"rendered":"ENF &#8211; Feria Tecnol\u00f3gica Facultad de Ingenier\u00eda UDD (6)"},"author":9192219,"featured_media":0,"comment_status":"","ping_status":"closed","template":"","meta":[],"class_list":["post-9262","attachment","type-attachment","status-inherit","hentry"],"yoast_head":"<!-- This site is optimized with the Yoast SEO plugin v26.9 - https:\/\/yoast.com\/product\/yoast-seo-wordpress\/ -->\n<title>ENF - Feria Tecnol\u00f3gica Facultad de Ingenier\u00eda UDD (6) - Enfermer\u00eda UDD<\/title>\n<meta name=\"robots\" content=\"index, follow, max-snippet:-1, max-image-preview:large, max-video-preview:-1\" \/>\n<link rel=\"canonical\" href=\"https:\/\/medicina.udd.cl\/enfermeria-santiago\/files\/2024\/06\/enf-feria-tecnologica-facultad-de-ingenieria-udd-6-scaled.jpeg\" \/>\n<meta property=\"og:locale\" content=\"es_ES\" \/>\n<meta property=\"og:type\" content=\"article\" \/>\n<meta property=\"og:title\" content=\"ENF - Feria Tecnol\u00f3gica Facultad de Ingenier\u00eda UDD (6) - Enfermer\u00eda UDD\" \/>\n<meta property=\"og:url\" content=\"https:\/\/medicina.udd.cl\/enfermeria-santiago\/files\/2024\/06\/enf-feria-tecnologica-facultad-de-ingenieria-udd-6-scaled.jpeg\" \/>\n<meta property=\"og:site_name\" content=\"Enfermer\u00eda UDD\" \/>\n<meta property=\"og:image\" content=\"https:\/\/medicina.udd.cl\/enfermeria-santiago\/files\/2024\/06\/enf-feria-tecnologica-facultad-de-ingenieria-udd-6.jpeg\" \/>\n\t<meta property=\"og:image:width\" content=\"1\" \/>\n\t<meta property=\"og:image:height\" content=\"1\" \/>\n\t<meta property=\"og:image:type\" content=\"image\/jpeg\" \/>\n<script type=\"application\/ld+json\" class=\"yoast-schema-graph\">{\"@context\":\"https:\/\/schema.org\",\"@graph\":[{\"@type\":\"WebPage\",\"@id\":\"https:\/\/medicina.udd.cl\/enfermeria-santiago\/files\/2024\/06\/enf-feria-tecnologica-facultad-de-ingenieria-udd-6-scaled.jpeg\",\"url\":\"https:\/\/medicina.udd.cl\/enfermeria-santiago\/files\/2024\/06\/enf-feria-tecnologica-facultad-de-ingenieria-udd-6-scaled.jpeg\",\"name\":\"ENF - Feria Tecnol\u00f3gica Facultad de Ingenier\u00eda UDD (6) - Enfermer\u00eda UDD\",\"isPartOf\":{\"@id\":\"https:\/\/medicina.udd.cl\/enfermeria-santiago\/#website\"},\"datePublished\":\"2024-06-19T19:43:39+00:00\",\"breadcrumb\":{\"@id\":\"https:\/\/medicina.udd.cl\/enfermeria-santiago\/files\/2024\/06\/enf-feria-tecnologica-facultad-de-ingenieria-udd-6-scaled.jpeg#breadcrumb\"},\"inLanguage\":\"es\",\"potentialAction\":[{\"@type\":\"ReadAction\",\"target\":[\"https:\/\/medicina.udd.cl\/enfermeria-santiago\/files\/2024\/06\/enf-feria-tecnologica-facultad-de-ingenieria-udd-6-scaled.jpeg\"]}]},{\"@type\":\"BreadcrumbList\",\"@id\":\"https:\/\/medicina.udd.cl\/enfermeria-santiago\/files\/2024\/06\/enf-feria-tecnologica-facultad-de-ingenieria-udd-6-scaled.jpeg#breadcrumb\",\"itemListElement\":[{\"@type\":\"ListItem\",\"position\":1,\"name\":\"Home\",\"item\":\"https:\/\/medicina.udd.cl\/enfermeria-santiago\/\"},{\"@type\":\"ListItem\",\"position\":2,\"name\":\"Estudiantes de Enfermer\u00eda participan en Feria Tecnol\u00f3gica de la Facultad de Ingenier\u00eda UDD\",\"item\":\"https:\/\/medicina.udd.cl\/enfermeria-santiago\/noticias\/2024\/06\/19\/estudiantes-de-enfermeria-participan-en-feria-tecnologica-de-la-facultad-de-ingenieria-udd\/\"},{\"@type\":\"ListItem\",\"position\":3,\"name\":\"ENF &#8211; Feria Tecnol\u00f3gica Facultad de Ingenier\u00eda UDD (6)\"}]},{\"@type\":\"WebSite\",\"@id\":\"https:\/\/medicina.udd.cl\/enfermeria-santiago\/#website\",\"url\":\"https:\/\/medicina.udd.cl\/enfermeria-santiago\/\",\"name\":\"Enfermer\u00eda UDD\",\"description\":\"Facultad de Medicina Cl\u00ednica Alemana Universidad del Desarrollo\",\"inLanguage\":\"es\"}]}<\/script>\n<!-- \/ Yoast SEO plugin. -->","yoast_head_json":{"title":"ENF - Feria Tecnol\u00f3gica Facultad de Ingenier\u00eda UDD (6) - Enfermer\u00eda UDD","robots":{"index":"index","follow":"follow","max-snippet":"max-snippet:-1","max-image-preview":"max-image-preview:large","max-video-preview":"max-video-preview:-1"},"canonical":"https:\/\/medicina.udd.cl\/enfermeria-santiago\/files\/2024\/06\/enf-feria-tecnologica-facultad-de-ingenieria-udd-6-scaled.jpeg","og_locale":"es_ES","og_type":"article","og_title":"ENF - Feria Tecnol\u00f3gica Facultad de Ingenier\u00eda UDD (6) - Enfermer\u00eda UDD","og_url":"https:\/\/medicina.udd.cl\/enfermeria-santiago\/files\/2024\/06\/enf-feria-tecnologica-facultad-de-ingenieria-udd-6-scaled.jpeg","og_site_name":"Enfermer\u00eda UDD","og_image":[{"url":"https:\/\/medicina.udd.cl\/enfermeria-santiago\/files\/2024\/06\/enf-feria-tecnologica-facultad-de-ingenieria-udd-6.jpeg","width":1,"height":1,"type":"image\/jpeg"}],"schema":{"@context":"https:\/\/schema.org","@graph":[{"@type":"WebPage","@id":"https:\/\/medicina.udd.cl\/enfermeria-santiago\/files\/2024\/06\/enf-feria-tecnologica-facultad-de-ingenieria-udd-6-scaled.jpeg","url":"https:\/\/medicina.udd.cl\/enfermeria-santiago\/files\/2024\/06\/enf-feria-tecnologica-facultad-de-ingenieria-udd-6-scaled.jpeg","name":"ENF - Feria Tecnol\u00f3gica Facultad de Ingenier\u00eda UDD (6) - Enfermer\u00eda UDD","isPartOf":{"@id":"https:\/\/medicina.udd.cl\/enfermeria-santiago\/#website"},"datePublished":"2024-06-19T19:43:39+00:00","breadcrumb":{"@id":"https:\/\/medicina.udd.cl\/enfermeria-santiago\/files\/2024\/06\/enf-feria-tecnologica-facultad-de-ingenieria-udd-6-scaled.jpeg#breadcrumb"},"inLanguage":"es","potentialAction":[{"@type":"ReadAction","target":["https:\/\/medicina.udd.cl\/enfermeria-santiago\/files\/2024\/06\/enf-feria-tecnologica-facultad-de-ingenieria-udd-6-scaled.jpeg"]}]},{"@type":"BreadcrumbList","@id":"https:\/\/medicina.udd.cl\/enfermeria-santiago\/files\/2024\/06\/enf-feria-tecnologica-facultad-de-ingenieria-udd-6-scaled.jpeg#breadcrumb","itemListElement":[{"@type":"ListItem","position":1,"name":"Home","item":"https:\/\/medicina.udd.cl\/enfermeria-santiago\/"},{"@type":"ListItem","position":2,"name":"Estudiantes de Enfermer\u00eda participan en Feria Tecnol\u00f3gica de la Facultad de Ingenier\u00eda UDD","item":"https:\/\/medicina.udd.cl\/enfermeria-santiago\/noticias\/2024\/06\/19\/estudiantes-de-enfermeria-participan-en-feria-tecnologica-de-la-facultad-de-ingenieria-udd\/"},{"@type":"ListItem","position":3,"name":"ENF &#8211; Feria Tecnol\u00f3gica Facultad de Ingenier\u00eda UDD (6)"}]},{"@type":"WebSite","@id":"https:\/\/medicina.udd.cl\/enfermeria-santiago\/#website","url":"https:\/\/medicina.udd.cl\/enfermeria-santiago\/","name":"Enfermer\u00eda UDD","description":"Facultad de Medicina Cl\u00ednica Alemana Universidad del Desarrollo","inLanguage":"es"}]}},"description":{"rendered":"<p class=\"attachment\"><a href='https:\/\/medicina.udd.cl\/enfermeria-santiago\/files\/2024\/06\/enf-feria-tecnologica-facultad-de-ingenieria-udd-6-scaled.jpeg'><img loading=\"lazy\" decoding=\"async\" width=\"169\" height=\"300\" src=\"https:\/\/medicina.udd.cl\/enfermeria-santiago\/files\/2024\/06\/enf-feria-tecnologica-facultad-de-ingenieria-udd-6-169x300.jpeg\" class=\"attachment-medium size-medium\" alt=\"\" srcset=\"https:\/\/medicina.udd.cl\/enfermeria-santiago\/files\/2024\/06\/enf-feria-tecnologica-facultad-de-ingenieria-udd-6-169x300.jpeg 169w, https:\/\/medicina.udd.cl\/enfermeria-santiago\/files\/2024\/06\/enf-feria-tecnologica-facultad-de-ingenieria-udd-6-576x1024.jpeg 576w, https:\/\/medicina.udd.cl\/enfermeria-santiago\/files\/2024\/06\/enf-feria-tecnologica-facultad-de-ingenieria-udd-6-768x1365.jpeg 768w, https:\/\/medicina.udd.cl\/enfermeria-santiago\/files\/2024\/06\/enf-feria-tecnologica-facultad-de-ingenieria-udd-6-864x1536.jpeg 864w, https:\/\/medicina.udd.cl\/enfermeria-santiago\/files\/2024\/06\/enf-feria-tecnologica-facultad-de-ingenieria-udd-6-1152x2048.jpeg 1152w, https:\/\/medicina.udd.cl\/enfermeria-santiago\/files\/2024\/06\/enf-feria-tecnologica-facultad-de-ingenieria-udd-6-scaled.jpeg 1440w\" sizes=\"auto, (max-width: 169px) 100vw, 169px\" \/><\/a><\/p>\n"},"caption":{"rendered":""},"alt_text":"","media_type":"image","mime_type":"image\/jpeg","media_details":{"width":1440,"height":2560,"file":"2024\/06\/enf-feria-tecnologica-facultad-de-ingenieria-udd-6-scaled.jpeg","filesize":342932,"sizes":{"medium":{"file":"enf-feria-tecnologica-facultad-de-ingenieria-udd-6-169x300.jpeg","width":169,"height":300,"filesize":21299,"mime_type":"image\/jpeg","source_url":"https:\/\/medicina.udd.cl\/enfermeria-santiago\/files\/2024\/06\/enf-feria-tecnologica-facultad-de-ingenieria-udd-6-169x300.jpeg"},"large":{"file":"enf-feria-tecnologica-facultad-de-ingenieria-udd-6-576x1024.jpeg","width":576,"height":1024,"filesize":85171,"mime_type":"image\/jpeg","source_url":"https:\/\/medicina.udd.cl\/enfermeria-santiago\/files\/2024\/06\/enf-feria-tecnologica-facultad-de-ingenieria-udd-6-576x1024.jpeg"},"thumbnail":{"file":"enf-feria-tecnologica-facultad-de-ingenieria-udd-6-150x150.jpeg","width":150,"height":150,"filesize":16950,"mime_type":"image\/jpeg","source_url":"https:\/\/medicina.udd.cl\/enfermeria-santiago\/files\/2024\/06\/enf-feria-tecnologica-facultad-de-ingenieria-udd-6-150x150.jpeg"},"medium_large":{"file":"enf-feria-tecnologica-facultad-de-ingenieria-udd-6-768x1365.jpeg","width":768,"height":1365,"filesize":129844,"mime_type":"image\/jpeg","source_url":"https:\/\/medicina.udd.cl\/enfermeria-santiago\/files\/2024\/06\/enf-feria-tecnologica-facultad-de-ingenieria-udd-6-768x1365.jpeg"},"newsletter_featured":{"file":"enf-feria-tecnologica-facultad-de-ingenieria-udd-6-316x224.jpeg","width":316,"height":224,"filesize":27394,"mime_type":"image\/jpeg","source_url":"https:\/\/medicina.udd.cl\/enfermeria-santiago\/files\/2024\/06\/enf-feria-tecnologica-facultad-de-ingenieria-udd-6-316x224.jpeg"},"newsletter_first":{"file":"enf-feria-tecnologica-facultad-de-ingenieria-udd-6-286x205.jpeg","width":286,"height":205,"filesize":25001,"mime_type":"image\/jpeg","source_url":"https:\/\/medicina.udd.cl\/enfermeria-santiago\/files\/2024\/06\/enf-feria-tecnologica-facultad-de-ingenieria-udd-6-286x205.jpeg"},"newsletter_thumb":{"file":"enf-feria-tecnologica-facultad-de-ingenieria-udd-6-288x150.jpeg","width":288,"height":150,"filesize":21643,"mime_type":"image\/jpeg","source_url":"https:\/\/medicina.udd.cl\/enfermeria-santiago\/files\/2024\/06\/enf-feria-tecnologica-facultad-de-ingenieria-udd-6-288x150.jpeg"},"newsletter_column":{"file":"enf-feria-tecnologica-facultad-de-ingenieria-udd-6-182x140.jpeg","width":182,"height":140,"filesize":17839,"mime_type":"image\/jpeg","source_url":"https:\/\/medicina.udd.cl\/enfermeria-santiago\/files\/2024\/06\/enf-feria-tecnologica-facultad-de-ingenieria-udd-6-182x140.jpeg"},"newsletter_square":{"file":"enf-feria-tecnologica-facultad-de-ingenieria-udd-6-62x62.jpeg","width":62,"height":62,"filesize":11916,"mime_type":"image\/jpeg","source_url":"https:\/\/medicina.udd.cl\/enfermeria-santiago\/files\/2024\/06\/enf-feria-tecnologica-facultad-de-ingenieria-udd-6-62x62.jpeg"},"newsletter_square_large":{"file":"enf-feria-tecnologica-facultad-de-ingenieria-udd-6-87x62.jpeg","width":87,"height":62,"filesize":12507,"mime_type":"image\/jpeg","source_url":"https:\/\/medicina.udd.cl\/enfermeria-santiago\/files\/2024\/06\/enf-feria-tecnologica-facultad-de-ingenieria-udd-6-87x62.jpeg"},"1536x1536":{"file":"enf-feria-tecnologica-facultad-de-ingenieria-udd-6-864x1536.jpeg","width":864,"height":1536,"filesize":155321,"mime_type":"image\/jpeg","source_url":"https:\/\/medicina.udd.cl\/enfermeria-santiago\/files\/2024\/06\/enf-feria-tecnologica-facultad-de-ingenieria-udd-6-864x1536.jpeg"},"2048x2048":{"file":"enf-feria-tecnologica-facultad-de-ingenieria-udd-6-1152x2048.jpeg","width":1152,"height":2048,"filesize":242732,"mime_type":"image\/jpeg","source_url":"https:\/\/medicina.udd.cl\/enfermeria-santiago\/files\/2024\/06\/enf-feria-tecnologica-facultad-de-ingenieria-udd-6-1152x2048.jpeg"},"landscape_1920":{"file":"enf-feria-tecnologica-facultad-de-ingenieria-udd-6-1920x1080.jpeg","width":1920,"height":1080,"filesize":233126,"mime_type":"image\/jpeg","source_url":"https:\/\/medicina.udd.cl\/enfermeria-santiago\/files\/2024\/06\/enf-feria-tecnologica-facultad-de-ingenieria-udd-6-1920x1080.jpeg"},"landscape_1366":{"file":"enf-feria-tecnologica-facultad-de-ingenieria-udd-6-1366x768.jpeg","width":1366,"height":768,"filesize":143886,"mime_type":"image\/jpeg","source_url":"https:\/\/medicina.udd.cl\/enfermeria-santiago\/files\/2024\/06\/enf-feria-tecnologica-facultad-de-ingenieria-udd-6-1366x768.jpeg"},"landscape_952":{"file":"enf-feria-tecnologica-facultad-de-ingenieria-udd-6-952x534.jpeg","width":952,"height":534,"filesize":87652,"mime_type":"image\/jpeg","source_url":"https:\/\/medicina.udd.cl\/enfermeria-santiago\/files\/2024\/06\/enf-feria-tecnologica-facultad-de-ingenieria-udd-6-952x534.jpeg"},"landscape_680":{"file":"enf-feria-tecnologica-facultad-de-ingenieria-udd-6-680x382.jpeg","width":680,"height":382,"filesize":56563,"mime_type":"image\/jpeg","source_url":"https:\/\/medicina.udd.cl\/enfermeria-santiago\/files\/2024\/06\/enf-feria-tecnologica-facultad-de-ingenieria-udd-6-680x382.jpeg"},"square_750":{"file":"enf-feria-tecnologica-facultad-de-ingenieria-udd-6-750x750.jpeg","width":750,"height":750,"filesize":93725,"mime_type":"image\/jpeg","source_url":"https:\/\/medicina.udd.cl\/enfermeria-santiago\/files\/2024\/06\/enf-feria-tecnologica-facultad-de-ingenieria-udd-6-750x750.jpeg"},"square_500":{"file":"enf-feria-tecnologica-facultad-de-ingenieria-udd-6-500x500.jpeg","width":500,"height":500,"filesize":55527,"mime_type":"image\/jpeg","source_url":"https:\/\/medicina.udd.cl\/enfermeria-santiago\/files\/2024\/06\/enf-feria-tecnologica-facultad-de-ingenieria-udd-6-500x500.jpeg"},"square_200":{"file":"enf-feria-tecnologica-facultad-de-ingenieria-udd-6-250x250.jpeg","width":250,"height":250,"filesize":25337,"mime_type":"image\/jpeg","source_url":"https:\/\/medicina.udd.cl\/enfermeria-santiago\/files\/2024\/06\/enf-feria-tecnologica-facultad-de-ingenieria-udd-6-250x250.jpeg"},"post-thumbnail":{"file":"enf-feria-tecnologica-facultad-de-ingenieria-udd-6-952x534.jpeg","width":952,"height":534,"filesize":87652,"mime_type":"image\/jpeg","source_url":"https:\/\/medicina.udd.cl\/enfermeria-santiago\/files\/2024\/06\/enf-feria-tecnologica-facultad-de-ingenieria-udd-6-952x534.jpeg"},"custom_content":{"file":"enf-feria-tecnologica-facultad-de-ingenieria-udd-6-126x126.jpeg","width":126,"height":126,"filesize":15231,"mime_type":"image\/jpeg","source_url":"https:\/\/medicina.udd.cl\/enfermeria-santiago\/files\/2024\/06\/enf-feria-tecnologica-facultad-de-ingenieria-udd-6-126x126.jpeg"},"full":{"file":"enf-feria-tecnologica-facultad-de-ingenieria-udd-6-scaled.jpeg","width":1440,"height":2560,"mime_type":"image\/jpeg","source_url":"https:\/\/medicina.udd.cl\/enfermeria-santiago\/files\/2024\/06\/enf-feria-tecnologica-facultad-de-ingenieria-udd-6-scaled.jpeg"}},"image_meta":{"aperture":"2.4","credit":"","camera":"iPhone 11","caption":"","created_timestamp":"1718630223","copyright":"","focal_length":"1.54","iso":"400","shutter_speed":"0.02","title":"","orientation":"1","keywords":[]},"original_image":"enf-feria-tecnologica-facultad-de-ingenieria-udd-6.jpeg"},"post":9244,"source_url":"https:\/\/medicina.udd.cl\/enfermeria-santiago\/files\/2024\/06\/enf-feria-tecnologica-facultad-de-ingenieria-udd-6-scaled.jpeg","_links":{"self":[{"href":"https:\/\/medicina.udd.cl\/enfermeria-santiago\/wp-json\/wp\/v2\/media\/9262","targetHints":{"allow":["GET"]}}],"collection":[{"href":"https:\/\/medicina.udd.cl\/enfermeria-santiago\/wp-json\/wp\/v2\/media"}],"about":[{"href":"https:\/\/medicina.udd.cl\/enfermeria-santiago\/wp-json\/wp\/v2\/types\/attachment"}],"author":[{"embeddable":true,"href":"https:\/\/medicina.udd.cl\/enfermeria-santiago\/wp-json\/wp\/v2\/users\/9192219"}],"replies":[{"embeddable":true,"href":"https:\/\/medicina.udd.cl\/enfermeria-santiago\/wp-json\/wp\/v2\/comments?post=9262"}],"wp:attached-to":[{"embeddable":true,"post_type":"post","id":9244,"href":"https:\/\/medicina.udd.cl\/enfermeria-santiago\/wp-json\/wp\/v2\/posts\/9244"}],"curies":[{"name":"wp","href":"https:\/\/api.w.org\/{rel}","templated":true}]}}