{"id":9458,"date":"2024-11-06T17:47:26","date_gmt":"2024-11-06T20:47:26","guid":{"rendered":"https:\/\/medicina.udd.cl\/enfermeria-santiago\/files\/2024\/11\/enf-capacitacion-en-rcp-en-chiloe-2.jpg"},"modified":"2024-11-06T17:47:26","modified_gmt":"2024-11-06T20:47:26","slug":"enf-capacitacion-en-rcp-en-chiloe-2-2","status":"inherit","type":"attachment","link":"https:\/\/medicina.udd.cl\/enfermeria-santiago\/noticias\/2024\/11\/06\/exitosa-capacitacion-en-rcp-para-equipos-de-salud-en-chiloe-liderada-por-enfermeria-udd\/enf-capacitacion-en-rcp-en-chiloe-2-2\/","title":{"rendered":"ENF &#8211; Capacitaci\u00f3n en RCP en Chilo\u00e9 (2)"},"author":9192219,"featured_media":0,"comment_status":"","ping_status":"closed","template":"","meta":[],"class_list":["post-9458","attachment","type-attachment","status-inherit","hentry"],"yoast_head":"<!-- This site is optimized with the Yoast SEO plugin v26.9 - https:\/\/yoast.com\/product\/yoast-seo-wordpress\/ -->\n<title>ENF - Capacitaci\u00f3n en RCP en Chilo\u00e9 (2) - Enfermer\u00eda UDD<\/title>\n<meta name=\"robots\" content=\"index, follow, max-snippet:-1, max-image-preview:large, max-video-preview:-1\" \/>\n<link rel=\"canonical\" href=\"https:\/\/medicina.udd.cl\/enfermeria-santiago\/files\/2024\/11\/enf-capacitacion-en-rcp-en-chiloe-2.jpg\" \/>\n<meta property=\"og:locale\" content=\"es_ES\" \/>\n<meta property=\"og:type\" content=\"article\" \/>\n<meta property=\"og:title\" content=\"ENF - Capacitaci\u00f3n en RCP en Chilo\u00e9 (2) - Enfermer\u00eda UDD\" \/>\n<meta property=\"og:url\" content=\"https:\/\/medicina.udd.cl\/enfermeria-santiago\/files\/2024\/11\/enf-capacitacion-en-rcp-en-chiloe-2.jpg\" \/>\n<meta property=\"og:site_name\" content=\"Enfermer\u00eda UDD\" \/>\n<meta property=\"og:image\" content=\"https:\/\/medicina.udd.cl\/enfermeria-santiago\/files\/2024\/11\/enf-capacitacion-en-rcp-en-chiloe-2.jpg\" \/>\n\t<meta property=\"og:image:width\" content=\"1600\" \/>\n\t<meta property=\"og:image:height\" content=\"1200\" \/>\n\t<meta property=\"og:image:type\" content=\"image\/jpeg\" \/>\n<script type=\"application\/ld+json\" class=\"yoast-schema-graph\">{\"@context\":\"https:\/\/schema.org\",\"@graph\":[{\"@type\":\"WebPage\",\"@id\":\"https:\/\/medicina.udd.cl\/enfermeria-santiago\/files\/2024\/11\/enf-capacitacion-en-rcp-en-chiloe-2.jpg\",\"url\":\"https:\/\/medicina.udd.cl\/enfermeria-santiago\/files\/2024\/11\/enf-capacitacion-en-rcp-en-chiloe-2.jpg\",\"name\":\"ENF - Capacitaci\u00f3n en RCP en Chilo\u00e9 (2) - Enfermer\u00eda UDD\",\"isPartOf\":{\"@id\":\"https:\/\/medicina.udd.cl\/enfermeria-santiago\/#website\"},\"datePublished\":\"2024-11-06T20:47:26+00:00\",\"breadcrumb\":{\"@id\":\"https:\/\/medicina.udd.cl\/enfermeria-santiago\/files\/2024\/11\/enf-capacitacion-en-rcp-en-chiloe-2.jpg#breadcrumb\"},\"inLanguage\":\"es\",\"potentialAction\":[{\"@type\":\"ReadAction\",\"target\":[\"https:\/\/medicina.udd.cl\/enfermeria-santiago\/files\/2024\/11\/enf-capacitacion-en-rcp-en-chiloe-2.jpg\"]}]},{\"@type\":\"BreadcrumbList\",\"@id\":\"https:\/\/medicina.udd.cl\/enfermeria-santiago\/files\/2024\/11\/enf-capacitacion-en-rcp-en-chiloe-2.jpg#breadcrumb\",\"itemListElement\":[{\"@type\":\"ListItem\",\"position\":1,\"name\":\"Home\",\"item\":\"https:\/\/medicina.udd.cl\/enfermeria-santiago\/\"},{\"@type\":\"ListItem\",\"position\":2,\"name\":\"Exitosa capacitaci\u00f3n en RCP para equipos de salud en Chilo\u00e9 liderada por Enfermer\u00eda UDD\",\"item\":\"https:\/\/medicina.udd.cl\/enfermeria-santiago\/noticias\/2024\/11\/06\/exitosa-capacitacion-en-rcp-para-equipos-de-salud-en-chiloe-liderada-por-enfermeria-udd\/\"},{\"@type\":\"ListItem\",\"position\":3,\"name\":\"ENF &#8211; Capacitaci\u00f3n en RCP en Chilo\u00e9 (2)\"}]},{\"@type\":\"WebSite\",\"@id\":\"https:\/\/medicina.udd.cl\/enfermeria-santiago\/#website\",\"url\":\"https:\/\/medicina.udd.cl\/enfermeria-santiago\/\",\"name\":\"Enfermer\u00eda UDD\",\"description\":\"Facultad de Medicina Cl\u00ednica Alemana Universidad del Desarrollo\",\"inLanguage\":\"es\"}]}<\/script>\n<!-- \/ Yoast SEO plugin. -->","yoast_head_json":{"title":"ENF - Capacitaci\u00f3n en RCP en Chilo\u00e9 (2) - Enfermer\u00eda UDD","robots":{"index":"index","follow":"follow","max-snippet":"max-snippet:-1","max-image-preview":"max-image-preview:large","max-video-preview":"max-video-preview:-1"},"canonical":"https:\/\/medicina.udd.cl\/enfermeria-santiago\/files\/2024\/11\/enf-capacitacion-en-rcp-en-chiloe-2.jpg","og_locale":"es_ES","og_type":"article","og_title":"ENF - Capacitaci\u00f3n en RCP en Chilo\u00e9 (2) - Enfermer\u00eda UDD","og_url":"https:\/\/medicina.udd.cl\/enfermeria-santiago\/files\/2024\/11\/enf-capacitacion-en-rcp-en-chiloe-2.jpg","og_site_name":"Enfermer\u00eda UDD","og_image":[{"width":1600,"height":1200,"url":"https:\/\/medicina.udd.cl\/enfermeria-santiago\/files\/2024\/11\/enf-capacitacion-en-rcp-en-chiloe-2.jpg","type":"image\/jpeg"}],"schema":{"@context":"https:\/\/schema.org","@graph":[{"@type":"WebPage","@id":"https:\/\/medicina.udd.cl\/enfermeria-santiago\/files\/2024\/11\/enf-capacitacion-en-rcp-en-chiloe-2.jpg","url":"https:\/\/medicina.udd.cl\/enfermeria-santiago\/files\/2024\/11\/enf-capacitacion-en-rcp-en-chiloe-2.jpg","name":"ENF - Capacitaci\u00f3n en RCP en Chilo\u00e9 (2) - Enfermer\u00eda UDD","isPartOf":{"@id":"https:\/\/medicina.udd.cl\/enfermeria-santiago\/#website"},"datePublished":"2024-11-06T20:47:26+00:00","breadcrumb":{"@id":"https:\/\/medicina.udd.cl\/enfermeria-santiago\/files\/2024\/11\/enf-capacitacion-en-rcp-en-chiloe-2.jpg#breadcrumb"},"inLanguage":"es","potentialAction":[{"@type":"ReadAction","target":["https:\/\/medicina.udd.cl\/enfermeria-santiago\/files\/2024\/11\/enf-capacitacion-en-rcp-en-chiloe-2.jpg"]}]},{"@type":"BreadcrumbList","@id":"https:\/\/medicina.udd.cl\/enfermeria-santiago\/files\/2024\/11\/enf-capacitacion-en-rcp-en-chiloe-2.jpg#breadcrumb","itemListElement":[{"@type":"ListItem","position":1,"name":"Home","item":"https:\/\/medicina.udd.cl\/enfermeria-santiago\/"},{"@type":"ListItem","position":2,"name":"Exitosa capacitaci\u00f3n en RCP para equipos de salud en Chilo\u00e9 liderada por Enfermer\u00eda UDD","item":"https:\/\/medicina.udd.cl\/enfermeria-santiago\/noticias\/2024\/11\/06\/exitosa-capacitacion-en-rcp-para-equipos-de-salud-en-chiloe-liderada-por-enfermeria-udd\/"},{"@type":"ListItem","position":3,"name":"ENF &#8211; Capacitaci\u00f3n en RCP en Chilo\u00e9 (2)"}]},{"@type":"WebSite","@id":"https:\/\/medicina.udd.cl\/enfermeria-santiago\/#website","url":"https:\/\/medicina.udd.cl\/enfermeria-santiago\/","name":"Enfermer\u00eda UDD","description":"Facultad de Medicina Cl\u00ednica Alemana Universidad del Desarrollo","inLanguage":"es"}]}},"description":{"rendered":"<p class=\"attachment\"><a href='https:\/\/medicina.udd.cl\/enfermeria-santiago\/files\/2024\/11\/enf-capacitacion-en-rcp-en-chiloe-2.jpg'><img loading=\"lazy\" decoding=\"async\" width=\"300\" height=\"225\" src=\"https:\/\/medicina.udd.cl\/enfermeria-santiago\/files\/2024\/11\/enf-capacitacion-en-rcp-en-chiloe-2-300x225.jpg\" class=\"attachment-medium size-medium\" alt=\"\" srcset=\"https:\/\/medicina.udd.cl\/enfermeria-santiago\/files\/2024\/11\/enf-capacitacion-en-rcp-en-chiloe-2-300x225.jpg 300w, https:\/\/medicina.udd.cl\/enfermeria-santiago\/files\/2024\/11\/enf-capacitacion-en-rcp-en-chiloe-2-1024x768.jpg 1024w, https:\/\/medicina.udd.cl\/enfermeria-santiago\/files\/2024\/11\/enf-capacitacion-en-rcp-en-chiloe-2-768x576.jpg 768w, https:\/\/medicina.udd.cl\/enfermeria-santiago\/files\/2024\/11\/enf-capacitacion-en-rcp-en-chiloe-2-1536x1152.jpg 1536w, https:\/\/medicina.udd.cl\/enfermeria-santiago\/files\/2024\/11\/enf-capacitacion-en-rcp-en-chiloe-2.jpg 1600w\" sizes=\"auto, (max-width: 300px) 100vw, 300px\" \/><\/a><\/p>\n"},"caption":{"rendered":""},"alt_text":"","media_type":"image","mime_type":"image\/jpeg","media_details":{"width":1600,"height":1200,"file":"2024\/11\/enf-capacitacion-en-rcp-en-chiloe-2.jpg","filesize":335041,"sizes":{"medium":{"file":"enf-capacitacion-en-rcp-en-chiloe-2-300x225.jpg","width":300,"height":225,"filesize":18678,"mime_type":"image\/jpeg","source_url":"https:\/\/medicina.udd.cl\/enfermeria-santiago\/files\/2024\/11\/enf-capacitacion-en-rcp-en-chiloe-2-300x225.jpg"},"large":{"file":"enf-capacitacion-en-rcp-en-chiloe-2-1024x768.jpg","width":1024,"height":768,"filesize":131827,"mime_type":"image\/jpeg","source_url":"https:\/\/medicina.udd.cl\/enfermeria-santiago\/files\/2024\/11\/enf-capacitacion-en-rcp-en-chiloe-2-1024x768.jpg"},"thumbnail":{"file":"enf-capacitacion-en-rcp-en-chiloe-2-150x150.jpg","width":150,"height":150,"filesize":7754,"mime_type":"image\/jpeg","source_url":"https:\/\/medicina.udd.cl\/enfermeria-santiago\/files\/2024\/11\/enf-capacitacion-en-rcp-en-chiloe-2-150x150.jpg"},"medium_large":{"file":"enf-capacitacion-en-rcp-en-chiloe-2-768x576.jpg","width":768,"height":576,"filesize":82922,"mime_type":"image\/jpeg","source_url":"https:\/\/medicina.udd.cl\/enfermeria-santiago\/files\/2024\/11\/enf-capacitacion-en-rcp-en-chiloe-2-768x576.jpg"},"newsletter_featured":{"file":"enf-capacitacion-en-rcp-en-chiloe-2-316x224.jpg","width":316,"height":224,"filesize":19260,"mime_type":"image\/jpeg","source_url":"https:\/\/medicina.udd.cl\/enfermeria-santiago\/files\/2024\/11\/enf-capacitacion-en-rcp-en-chiloe-2-316x224.jpg"},"newsletter_first":{"file":"enf-capacitacion-en-rcp-en-chiloe-2-286x205.jpg","width":286,"height":205,"filesize":16699,"mime_type":"image\/jpeg","source_url":"https:\/\/medicina.udd.cl\/enfermeria-santiago\/files\/2024\/11\/enf-capacitacion-en-rcp-en-chiloe-2-286x205.jpg"},"newsletter_thumb":{"file":"enf-capacitacion-en-rcp-en-chiloe-2-288x150.jpg","width":288,"height":150,"filesize":13354,"mime_type":"image\/jpeg","source_url":"https:\/\/medicina.udd.cl\/enfermeria-santiago\/files\/2024\/11\/enf-capacitacion-en-rcp-en-chiloe-2-288x150.jpg"},"newsletter_column":{"file":"enf-capacitacion-en-rcp-en-chiloe-2-182x140.jpg","width":182,"height":140,"filesize":8775,"mime_type":"image\/jpeg","source_url":"https:\/\/medicina.udd.cl\/enfermeria-santiago\/files\/2024\/11\/enf-capacitacion-en-rcp-en-chiloe-2-182x140.jpg"},"newsletter_square":{"file":"enf-capacitacion-en-rcp-en-chiloe-2-62x62.jpg","width":62,"height":62,"filesize":2339,"mime_type":"image\/jpeg","source_url":"https:\/\/medicina.udd.cl\/enfermeria-santiago\/files\/2024\/11\/enf-capacitacion-en-rcp-en-chiloe-2-62x62.jpg"},"newsletter_square_large":{"file":"enf-capacitacion-en-rcp-en-chiloe-2-87x62.jpg","width":87,"height":62,"filesize":2950,"mime_type":"image\/jpeg","source_url":"https:\/\/medicina.udd.cl\/enfermeria-santiago\/files\/2024\/11\/enf-capacitacion-en-rcp-en-chiloe-2-87x62.jpg"},"1536x1536":{"file":"enf-capacitacion-en-rcp-en-chiloe-2-1536x1152.jpg","width":1536,"height":1152,"filesize":247877,"mime_type":"image\/jpeg","source_url":"https:\/\/medicina.udd.cl\/enfermeria-santiago\/files\/2024\/11\/enf-capacitacion-en-rcp-en-chiloe-2-1536x1152.jpg"},"landscape_1920":{"file":"enf-capacitacion-en-rcp-en-chiloe-2-1600x1080.jpg","width":1600,"height":1080,"filesize":269366,"mime_type":"image\/jpeg","source_url":"https:\/\/medicina.udd.cl\/enfermeria-santiago\/files\/2024\/11\/enf-capacitacion-en-rcp-en-chiloe-2-1600x1080.jpg"},"landscape_1366":{"file":"enf-capacitacion-en-rcp-en-chiloe-2-1366x768.jpg","width":1366,"height":768,"filesize":170154,"mime_type":"image\/jpeg","source_url":"https:\/\/medicina.udd.cl\/enfermeria-santiago\/files\/2024\/11\/enf-capacitacion-en-rcp-en-chiloe-2-1366x768.jpg"},"landscape_952":{"file":"enf-capacitacion-en-rcp-en-chiloe-2-952x534.jpg","width":952,"height":534,"filesize":96333,"mime_type":"image\/jpeg","source_url":"https:\/\/medicina.udd.cl\/enfermeria-santiago\/files\/2024\/11\/enf-capacitacion-en-rcp-en-chiloe-2-952x534.jpg"},"landscape_680":{"file":"enf-capacitacion-en-rcp-en-chiloe-2-680x382.jpg","width":680,"height":382,"filesize":55811,"mime_type":"image\/jpeg","source_url":"https:\/\/medicina.udd.cl\/enfermeria-santiago\/files\/2024\/11\/enf-capacitacion-en-rcp-en-chiloe-2-680x382.jpg"},"square_750":{"file":"enf-capacitacion-en-rcp-en-chiloe-2-750x750.jpg","width":750,"height":750,"filesize":97474,"mime_type":"image\/jpeg","source_url":"https:\/\/medicina.udd.cl\/enfermeria-santiago\/files\/2024\/11\/enf-capacitacion-en-rcp-en-chiloe-2-750x750.jpg"},"square_500":{"file":"enf-capacitacion-en-rcp-en-chiloe-2-500x500.jpg","width":500,"height":500,"filesize":51430,"mime_type":"image\/jpeg","source_url":"https:\/\/medicina.udd.cl\/enfermeria-santiago\/files\/2024\/11\/enf-capacitacion-en-rcp-en-chiloe-2-500x500.jpg"},"square_200":{"file":"enf-capacitacion-en-rcp-en-chiloe-2-250x250.jpg","width":250,"height":250,"filesize":17111,"mime_type":"image\/jpeg","source_url":"https:\/\/medicina.udd.cl\/enfermeria-santiago\/files\/2024\/11\/enf-capacitacion-en-rcp-en-chiloe-2-250x250.jpg"},"post-thumbnail":{"file":"enf-capacitacion-en-rcp-en-chiloe-2-952x534.jpg","width":952,"height":534,"filesize":96333,"mime_type":"image\/jpeg","source_url":"https:\/\/medicina.udd.cl\/enfermeria-santiago\/files\/2024\/11\/enf-capacitacion-en-rcp-en-chiloe-2-952x534.jpg"},"custom_content":{"file":"enf-capacitacion-en-rcp-en-chiloe-2-126x126.jpg","width":126,"height":126,"filesize":5927,"mime_type":"image\/jpeg","source_url":"https:\/\/medicina.udd.cl\/enfermeria-santiago\/files\/2024\/11\/enf-capacitacion-en-rcp-en-chiloe-2-126x126.jpg"},"full":{"file":"enf-capacitacion-en-rcp-en-chiloe-2.jpg","width":1600,"height":1200,"mime_type":"image\/jpeg","source_url":"https:\/\/medicina.udd.cl\/enfermeria-santiago\/files\/2024\/11\/enf-capacitacion-en-rcp-en-chiloe-2.jpg"}},"image_meta":{"aperture":"0","credit":"","camera":"","caption":"","created_timestamp":"1727986496","copyright":"","focal_length":"0","iso":"0","shutter_speed":"0","title":"","orientation":"1","keywords":[]}},"post":9454,"source_url":"https:\/\/medicina.udd.cl\/enfermeria-santiago\/files\/2024\/11\/enf-capacitacion-en-rcp-en-chiloe-2.jpg","_links":{"self":[{"href":"https:\/\/medicina.udd.cl\/enfermeria-santiago\/wp-json\/wp\/v2\/media\/9458","targetHints":{"allow":["GET"]}}],"collection":[{"href":"https:\/\/medicina.udd.cl\/enfermeria-santiago\/wp-json\/wp\/v2\/media"}],"about":[{"href":"https:\/\/medicina.udd.cl\/enfermeria-santiago\/wp-json\/wp\/v2\/types\/attachment"}],"author":[{"embeddable":true,"href":"https:\/\/medicina.udd.cl\/enfermeria-santiago\/wp-json\/wp\/v2\/users\/9192219"}],"replies":[{"embeddable":true,"href":"https:\/\/medicina.udd.cl\/enfermeria-santiago\/wp-json\/wp\/v2\/comments?post=9458"}],"wp:attached-to":[{"embeddable":true,"post_type":"post","id":9454,"href":"https:\/\/medicina.udd.cl\/enfermeria-santiago\/wp-json\/wp\/v2\/posts\/9454"}],"curies":[{"name":"wp","href":"https:\/\/api.w.org\/{rel}","templated":true}]}}