{"id":9552,"date":"2025-01-02T17:15:44","date_gmt":"2025-01-02T20:15:44","guid":{"rendered":"https:\/\/medicina.udd.cl\/enfermeria-santiago\/files\/2025\/01\/enf-ceremonia-doblegrado-en-udd-2024-28.jpg"},"modified":"2025-01-02T17:15:44","modified_gmt":"2025-01-02T20:15:44","slug":"enf-ceremonia-doblegrado-en-udd-2024-28","status":"inherit","type":"attachment","link":"https:\/\/medicina.udd.cl\/enfermeria-santiago\/noticias\/2024\/11\/26\/enfermeria-udd-celebro-mas-de-100-titulados-en-programa-de-doble-grado-con-espana\/enf-ceremonia-doblegrado-en-udd-2024-28\/","title":{"rendered":"ENF &#8211; Ceremonia DobleGrado en UDD 2024 (28)"},"author":9192219,"featured_media":0,"comment_status":"","ping_status":"closed","template":"","meta":[],"class_list":["post-9552","attachment","type-attachment","status-inherit","hentry"],"yoast_head":"<!-- This site is optimized with the Yoast SEO plugin v26.9 - https:\/\/yoast.com\/product\/yoast-seo-wordpress\/ -->\n<title>ENF - Ceremonia DobleGrado en UDD 2024 (28) - Enfermer\u00eda UDD<\/title>\n<meta name=\"robots\" content=\"index, follow, max-snippet:-1, max-image-preview:large, max-video-preview:-1\" \/>\n<link rel=\"canonical\" href=\"https:\/\/medicina.udd.cl\/enfermeria-santiago\/files\/2025\/01\/enf-ceremonia-doblegrado-en-udd-2024-28-scaled.jpg\" \/>\n<meta property=\"og:locale\" content=\"es_ES\" \/>\n<meta property=\"og:type\" content=\"article\" \/>\n<meta property=\"og:title\" content=\"ENF - Ceremonia DobleGrado en UDD 2024 (28) - Enfermer\u00eda UDD\" \/>\n<meta property=\"og:url\" content=\"https:\/\/medicina.udd.cl\/enfermeria-santiago\/files\/2025\/01\/enf-ceremonia-doblegrado-en-udd-2024-28-scaled.jpg\" \/>\n<meta property=\"og:site_name\" content=\"Enfermer\u00eda UDD\" \/>\n<meta property=\"og:image\" content=\"https:\/\/medicina.udd.cl\/enfermeria-santiago\/files\/2025\/01\/enf-ceremonia-doblegrado-en-udd-2024-28.jpg\" \/>\n\t<meta property=\"og:image:width\" content=\"1\" \/>\n\t<meta property=\"og:image:height\" content=\"1\" \/>\n\t<meta property=\"og:image:type\" content=\"image\/jpeg\" \/>\n<script type=\"application\/ld+json\" class=\"yoast-schema-graph\">{\"@context\":\"https:\/\/schema.org\",\"@graph\":[{\"@type\":\"WebPage\",\"@id\":\"https:\/\/medicina.udd.cl\/enfermeria-santiago\/files\/2025\/01\/enf-ceremonia-doblegrado-en-udd-2024-28-scaled.jpg\",\"url\":\"https:\/\/medicina.udd.cl\/enfermeria-santiago\/files\/2025\/01\/enf-ceremonia-doblegrado-en-udd-2024-28-scaled.jpg\",\"name\":\"ENF - Ceremonia DobleGrado en UDD 2024 (28) - Enfermer\u00eda UDD\",\"isPartOf\":{\"@id\":\"https:\/\/medicina.udd.cl\/enfermeria-santiago\/#website\"},\"datePublished\":\"2025-01-02T20:15:44+00:00\",\"breadcrumb\":{\"@id\":\"https:\/\/medicina.udd.cl\/enfermeria-santiago\/files\/2025\/01\/enf-ceremonia-doblegrado-en-udd-2024-28-scaled.jpg#breadcrumb\"},\"inLanguage\":\"es\",\"potentialAction\":[{\"@type\":\"ReadAction\",\"target\":[\"https:\/\/medicina.udd.cl\/enfermeria-santiago\/files\/2025\/01\/enf-ceremonia-doblegrado-en-udd-2024-28-scaled.jpg\"]}]},{\"@type\":\"BreadcrumbList\",\"@id\":\"https:\/\/medicina.udd.cl\/enfermeria-santiago\/files\/2025\/01\/enf-ceremonia-doblegrado-en-udd-2024-28-scaled.jpg#breadcrumb\",\"itemListElement\":[{\"@type\":\"ListItem\",\"position\":1,\"name\":\"Home\",\"item\":\"https:\/\/medicina.udd.cl\/enfermeria-santiago\/\"},{\"@type\":\"ListItem\",\"position\":2,\"name\":\"Enfermer\u00eda UDD celebr\u00f3 m\u00e1s de 100 titulados en programa de doble grado con Espa\u00f1a\",\"item\":\"https:\/\/medicina.udd.cl\/enfermeria-santiago\/noticias\/2024\/11\/26\/enfermeria-udd-celebro-mas-de-100-titulados-en-programa-de-doble-grado-con-espana\/\"},{\"@type\":\"ListItem\",\"position\":3,\"name\":\"ENF &#8211; Ceremonia DobleGrado en UDD 2024 (28)\"}]},{\"@type\":\"WebSite\",\"@id\":\"https:\/\/medicina.udd.cl\/enfermeria-santiago\/#website\",\"url\":\"https:\/\/medicina.udd.cl\/enfermeria-santiago\/\",\"name\":\"Enfermer\u00eda UDD\",\"description\":\"Facultad de Medicina Cl\u00ednica Alemana Universidad del Desarrollo\",\"inLanguage\":\"es\"}]}<\/script>\n<!-- \/ Yoast SEO plugin. -->","yoast_head_json":{"title":"ENF - Ceremonia DobleGrado en UDD 2024 (28) - Enfermer\u00eda UDD","robots":{"index":"index","follow":"follow","max-snippet":"max-snippet:-1","max-image-preview":"max-image-preview:large","max-video-preview":"max-video-preview:-1"},"canonical":"https:\/\/medicina.udd.cl\/enfermeria-santiago\/files\/2025\/01\/enf-ceremonia-doblegrado-en-udd-2024-28-scaled.jpg","og_locale":"es_ES","og_type":"article","og_title":"ENF - Ceremonia DobleGrado en UDD 2024 (28) - Enfermer\u00eda UDD","og_url":"https:\/\/medicina.udd.cl\/enfermeria-santiago\/files\/2025\/01\/enf-ceremonia-doblegrado-en-udd-2024-28-scaled.jpg","og_site_name":"Enfermer\u00eda UDD","og_image":[{"url":"https:\/\/medicina.udd.cl\/enfermeria-santiago\/files\/2025\/01\/enf-ceremonia-doblegrado-en-udd-2024-28.jpg","width":1,"height":1,"type":"image\/jpeg"}],"schema":{"@context":"https:\/\/schema.org","@graph":[{"@type":"WebPage","@id":"https:\/\/medicina.udd.cl\/enfermeria-santiago\/files\/2025\/01\/enf-ceremonia-doblegrado-en-udd-2024-28-scaled.jpg","url":"https:\/\/medicina.udd.cl\/enfermeria-santiago\/files\/2025\/01\/enf-ceremonia-doblegrado-en-udd-2024-28-scaled.jpg","name":"ENF - Ceremonia DobleGrado en UDD 2024 (28) - Enfermer\u00eda UDD","isPartOf":{"@id":"https:\/\/medicina.udd.cl\/enfermeria-santiago\/#website"},"datePublished":"2025-01-02T20:15:44+00:00","breadcrumb":{"@id":"https:\/\/medicina.udd.cl\/enfermeria-santiago\/files\/2025\/01\/enf-ceremonia-doblegrado-en-udd-2024-28-scaled.jpg#breadcrumb"},"inLanguage":"es","potentialAction":[{"@type":"ReadAction","target":["https:\/\/medicina.udd.cl\/enfermeria-santiago\/files\/2025\/01\/enf-ceremonia-doblegrado-en-udd-2024-28-scaled.jpg"]}]},{"@type":"BreadcrumbList","@id":"https:\/\/medicina.udd.cl\/enfermeria-santiago\/files\/2025\/01\/enf-ceremonia-doblegrado-en-udd-2024-28-scaled.jpg#breadcrumb","itemListElement":[{"@type":"ListItem","position":1,"name":"Home","item":"https:\/\/medicina.udd.cl\/enfermeria-santiago\/"},{"@type":"ListItem","position":2,"name":"Enfermer\u00eda UDD celebr\u00f3 m\u00e1s de 100 titulados en programa de doble grado con Espa\u00f1a","item":"https:\/\/medicina.udd.cl\/enfermeria-santiago\/noticias\/2024\/11\/26\/enfermeria-udd-celebro-mas-de-100-titulados-en-programa-de-doble-grado-con-espana\/"},{"@type":"ListItem","position":3,"name":"ENF &#8211; Ceremonia DobleGrado en UDD 2024 (28)"}]},{"@type":"WebSite","@id":"https:\/\/medicina.udd.cl\/enfermeria-santiago\/#website","url":"https:\/\/medicina.udd.cl\/enfermeria-santiago\/","name":"Enfermer\u00eda UDD","description":"Facultad de Medicina Cl\u00ednica Alemana Universidad del Desarrollo","inLanguage":"es"}]}},"description":{"rendered":"<p class=\"attachment\"><a href='https:\/\/medicina.udd.cl\/enfermeria-santiago\/files\/2025\/01\/enf-ceremonia-doblegrado-en-udd-2024-28-scaled.jpg'><img loading=\"lazy\" decoding=\"async\" width=\"200\" height=\"300\" src=\"https:\/\/medicina.udd.cl\/enfermeria-santiago\/files\/2025\/01\/enf-ceremonia-doblegrado-en-udd-2024-28-200x300.jpg\" class=\"attachment-medium size-medium\" alt=\"\" srcset=\"https:\/\/medicina.udd.cl\/enfermeria-santiago\/files\/2025\/01\/enf-ceremonia-doblegrado-en-udd-2024-28-200x300.jpg 200w, https:\/\/medicina.udd.cl\/enfermeria-santiago\/files\/2025\/01\/enf-ceremonia-doblegrado-en-udd-2024-28-683x1024.jpg 683w, https:\/\/medicina.udd.cl\/enfermeria-santiago\/files\/2025\/01\/enf-ceremonia-doblegrado-en-udd-2024-28-768x1152.jpg 768w, https:\/\/medicina.udd.cl\/enfermeria-santiago\/files\/2025\/01\/enf-ceremonia-doblegrado-en-udd-2024-28-1024x1536.jpg 1024w, https:\/\/medicina.udd.cl\/enfermeria-santiago\/files\/2025\/01\/enf-ceremonia-doblegrado-en-udd-2024-28-1365x2048.jpg 1365w, https:\/\/medicina.udd.cl\/enfermeria-santiago\/files\/2025\/01\/enf-ceremonia-doblegrado-en-udd-2024-28-scaled.jpg 1706w\" sizes=\"auto, (max-width: 200px) 100vw, 200px\" \/><\/a><\/p>\n"},"caption":{"rendered":""},"alt_text":"","media_type":"image","mime_type":"image\/jpeg","media_details":{"width":1706,"height":2560,"file":"2025\/01\/enf-ceremonia-doblegrado-en-udd-2024-28-scaled.jpg","filesize":672983,"sizes":{"medium":{"file":"enf-ceremonia-doblegrado-en-udd-2024-28-200x300.jpg","width":200,"height":300,"filesize":31995,"mime_type":"image\/jpeg","source_url":"https:\/\/medicina.udd.cl\/enfermeria-santiago\/files\/2025\/01\/enf-ceremonia-doblegrado-en-udd-2024-28-200x300.jpg"},"large":{"file":"enf-ceremonia-doblegrado-en-udd-2024-28-683x1024.jpg","width":683,"height":1024,"filesize":144651,"mime_type":"image\/jpeg","source_url":"https:\/\/medicina.udd.cl\/enfermeria-santiago\/files\/2025\/01\/enf-ceremonia-doblegrado-en-udd-2024-28-683x1024.jpg"},"thumbnail":{"file":"enf-ceremonia-doblegrado-en-udd-2024-28-150x150.jpg","width":150,"height":150,"filesize":24632,"mime_type":"image\/jpeg","source_url":"https:\/\/medicina.udd.cl\/enfermeria-santiago\/files\/2025\/01\/enf-ceremonia-doblegrado-en-udd-2024-28-150x150.jpg"},"medium_large":{"file":"enf-ceremonia-doblegrado-en-udd-2024-28-768x1152.jpg","width":768,"height":1152,"filesize":173075,"mime_type":"image\/jpeg","source_url":"https:\/\/medicina.udd.cl\/enfermeria-santiago\/files\/2025\/01\/enf-ceremonia-doblegrado-en-udd-2024-28-768x1152.jpg"},"newsletter_featured":{"file":"enf-ceremonia-doblegrado-en-udd-2024-28-316x224.jpg","width":316,"height":224,"filesize":37744,"mime_type":"image\/jpeg","source_url":"https:\/\/medicina.udd.cl\/enfermeria-santiago\/files\/2025\/01\/enf-ceremonia-doblegrado-en-udd-2024-28-316x224.jpg"},"newsletter_first":{"file":"enf-ceremonia-doblegrado-en-udd-2024-28-286x205.jpg","width":286,"height":205,"filesize":34786,"mime_type":"image\/jpeg","source_url":"https:\/\/medicina.udd.cl\/enfermeria-santiago\/files\/2025\/01\/enf-ceremonia-doblegrado-en-udd-2024-28-286x205.jpg"},"newsletter_thumb":{"file":"enf-ceremonia-doblegrado-en-udd-2024-28-288x150.jpg","width":288,"height":150,"filesize":30533,"mime_type":"image\/jpeg","source_url":"https:\/\/medicina.udd.cl\/enfermeria-santiago\/files\/2025\/01\/enf-ceremonia-doblegrado-en-udd-2024-28-288x150.jpg"},"newsletter_column":{"file":"enf-ceremonia-doblegrado-en-udd-2024-28-182x140.jpg","width":182,"height":140,"filesize":25745,"mime_type":"image\/jpeg","source_url":"https:\/\/medicina.udd.cl\/enfermeria-santiago\/files\/2025\/01\/enf-ceremonia-doblegrado-en-udd-2024-28-182x140.jpg"},"newsletter_square":{"file":"enf-ceremonia-doblegrado-en-udd-2024-28-62x62.jpg","width":62,"height":62,"filesize":18482,"mime_type":"image\/jpeg","source_url":"https:\/\/medicina.udd.cl\/enfermeria-santiago\/files\/2025\/01\/enf-ceremonia-doblegrado-en-udd-2024-28-62x62.jpg"},"newsletter_square_large":{"file":"enf-ceremonia-doblegrado-en-udd-2024-28-87x62.jpg","width":87,"height":62,"filesize":19122,"mime_type":"image\/jpeg","source_url":"https:\/\/medicina.udd.cl\/enfermeria-santiago\/files\/2025\/01\/enf-ceremonia-doblegrado-en-udd-2024-28-87x62.jpg"},"1536x1536":{"file":"enf-ceremonia-doblegrado-en-udd-2024-28-1024x1536.jpg","width":1024,"height":1536,"filesize":275172,"mime_type":"image\/jpeg","source_url":"https:\/\/medicina.udd.cl\/enfermeria-santiago\/files\/2025\/01\/enf-ceremonia-doblegrado-en-udd-2024-28-1024x1536.jpg"},"2048x2048":{"file":"enf-ceremonia-doblegrado-en-udd-2024-28-1365x2048.jpg","width":1365,"height":2048,"filesize":450931,"mime_type":"image\/jpeg","source_url":"https:\/\/medicina.udd.cl\/enfermeria-santiago\/files\/2025\/01\/enf-ceremonia-doblegrado-en-udd-2024-28-1365x2048.jpg"},"landscape_1920":{"file":"enf-ceremonia-doblegrado-en-udd-2024-28-1920x1080.jpg","width":1920,"height":1080,"filesize":388031,"mime_type":"image\/jpeg","source_url":"https:\/\/medicina.udd.cl\/enfermeria-santiago\/files\/2025\/01\/enf-ceremonia-doblegrado-en-udd-2024-28-1920x1080.jpg"},"landscape_1366":{"file":"enf-ceremonia-doblegrado-en-udd-2024-28-1366x768.jpg","width":1366,"height":768,"filesize":218650,"mime_type":"image\/jpeg","source_url":"https:\/\/medicina.udd.cl\/enfermeria-santiago\/files\/2025\/01\/enf-ceremonia-doblegrado-en-udd-2024-28-1366x768.jpg"},"landscape_952":{"file":"enf-ceremonia-doblegrado-en-udd-2024-28-952x534.jpg","width":952,"height":534,"filesize":125833,"mime_type":"image\/jpeg","source_url":"https:\/\/medicina.udd.cl\/enfermeria-santiago\/files\/2025\/01\/enf-ceremonia-doblegrado-en-udd-2024-28-952x534.jpg"},"landscape_680":{"file":"enf-ceremonia-doblegrado-en-udd-2024-28-680x382.jpg","width":680,"height":382,"filesize":78704,"mime_type":"image\/jpeg","source_url":"https:\/\/medicina.udd.cl\/enfermeria-santiago\/files\/2025\/01\/enf-ceremonia-doblegrado-en-udd-2024-28-680x382.jpg"},"square_750":{"file":"enf-ceremonia-doblegrado-en-udd-2024-28-750x750.jpg","width":750,"height":750,"filesize":136656,"mime_type":"image\/jpeg","source_url":"https:\/\/medicina.udd.cl\/enfermeria-santiago\/files\/2025\/01\/enf-ceremonia-doblegrado-en-udd-2024-28-750x750.jpg"},"square_500":{"file":"enf-ceremonia-doblegrado-en-udd-2024-28-500x500.jpg","width":500,"height":500,"filesize":78074,"mime_type":"image\/jpeg","source_url":"https:\/\/medicina.udd.cl\/enfermeria-santiago\/files\/2025\/01\/enf-ceremonia-doblegrado-en-udd-2024-28-500x500.jpg"},"square_200":{"file":"enf-ceremonia-doblegrado-en-udd-2024-28-250x250.jpg","width":250,"height":250,"filesize":35859,"mime_type":"image\/jpeg","source_url":"https:\/\/medicina.udd.cl\/enfermeria-santiago\/files\/2025\/01\/enf-ceremonia-doblegrado-en-udd-2024-28-250x250.jpg"},"post-thumbnail":{"file":"enf-ceremonia-doblegrado-en-udd-2024-28-952x534.jpg","width":952,"height":534,"filesize":125833,"mime_type":"image\/jpeg","source_url":"https:\/\/medicina.udd.cl\/enfermeria-santiago\/files\/2025\/01\/enf-ceremonia-doblegrado-en-udd-2024-28-952x534.jpg"},"custom_content":{"file":"enf-ceremonia-doblegrado-en-udd-2024-28-126x126.jpg","width":126,"height":126,"filesize":22658,"mime_type":"image\/jpeg","source_url":"https:\/\/medicina.udd.cl\/enfermeria-santiago\/files\/2025\/01\/enf-ceremonia-doblegrado-en-udd-2024-28-126x126.jpg"},"full":{"file":"enf-ceremonia-doblegrado-en-udd-2024-28-scaled.jpg","width":1706,"height":2560,"mime_type":"image\/jpeg","source_url":"https:\/\/medicina.udd.cl\/enfermeria-santiago\/files\/2025\/01\/enf-ceremonia-doblegrado-en-udd-2024-28-scaled.jpg"}},"image_meta":{"aperture":"5.6","credit":"","camera":"Canon EOS 5D Mark IV","caption":"","created_timestamp":"1732216036","copyright":"","focal_length":"126","iso":"1600","shutter_speed":"0.02","title":"","orientation":"1","keywords":[]},"original_image":"enf-ceremonia-doblegrado-en-udd-2024-28.jpg"},"post":9541,"source_url":"https:\/\/medicina.udd.cl\/enfermeria-santiago\/files\/2025\/01\/enf-ceremonia-doblegrado-en-udd-2024-28-scaled.jpg","_links":{"self":[{"href":"https:\/\/medicina.udd.cl\/enfermeria-santiago\/wp-json\/wp\/v2\/media\/9552","targetHints":{"allow":["GET"]}}],"collection":[{"href":"https:\/\/medicina.udd.cl\/enfermeria-santiago\/wp-json\/wp\/v2\/media"}],"about":[{"href":"https:\/\/medicina.udd.cl\/enfermeria-santiago\/wp-json\/wp\/v2\/types\/attachment"}],"author":[{"embeddable":true,"href":"https:\/\/medicina.udd.cl\/enfermeria-santiago\/wp-json\/wp\/v2\/users\/9192219"}],"replies":[{"embeddable":true,"href":"https:\/\/medicina.udd.cl\/enfermeria-santiago\/wp-json\/wp\/v2\/comments?post=9552"}],"wp:attached-to":[{"embeddable":true,"post_type":"post","id":9541,"href":"https:\/\/medicina.udd.cl\/enfermeria-santiago\/wp-json\/wp\/v2\/posts\/9541"}],"curies":[{"name":"wp","href":"https:\/\/api.w.org\/{rel}","templated":true}]}}