{"id":9686,"date":"2025-05-13T12:48:53","date_gmt":"2025-05-13T16:48:53","guid":{"rendered":"https:\/\/medicina.udd.cl\/enfermeria-santiago\/files\/2025\/05\/enf-dia-de-la-enfermeria-2025-79.jpg"},"modified":"2025-05-13T12:48:53","modified_gmt":"2025-05-13T16:48:53","slug":"enf-dia-de-la-enfermeria-2025-79","status":"inherit","type":"attachment","link":"https:\/\/medicina.udd.cl\/enfermeria-santiago\/noticias\/2025\/05\/13\/enfermeria-udd-conmemora-el-dia-internacional-de-la-profesion-con-emotiva-ceremonia\/enf-dia-de-la-enfermeria-2025-79\/","title":{"rendered":"ENF &#8211; D\u00eda de la Enfermer\u00eda 2025 (79)"},"author":9192219,"featured_media":0,"comment_status":"","ping_status":"closed","template":"","meta":[],"class_list":["post-9686","attachment","type-attachment","status-inherit","hentry"],"yoast_head":"<!-- This site is optimized with the Yoast SEO plugin v26.9 - https:\/\/yoast.com\/product\/yoast-seo-wordpress\/ -->\n<title>ENF - D\u00eda de la Enfermer\u00eda 2025 (79) - Enfermer\u00eda UDD<\/title>\n<meta name=\"robots\" content=\"index, follow, max-snippet:-1, max-image-preview:large, max-video-preview:-1\" \/>\n<link rel=\"canonical\" href=\"https:\/\/medicina.udd.cl\/enfermeria-santiago\/files\/2025\/05\/enf-dia-de-la-enfermeria-2025-79-scaled.jpg\" \/>\n<meta property=\"og:locale\" content=\"es_ES\" \/>\n<meta property=\"og:type\" content=\"article\" \/>\n<meta property=\"og:title\" content=\"ENF - D\u00eda de la Enfermer\u00eda 2025 (79) - Enfermer\u00eda UDD\" \/>\n<meta property=\"og:url\" content=\"https:\/\/medicina.udd.cl\/enfermeria-santiago\/files\/2025\/05\/enf-dia-de-la-enfermeria-2025-79-scaled.jpg\" \/>\n<meta property=\"og:site_name\" content=\"Enfermer\u00eda UDD\" \/>\n<meta property=\"og:image\" content=\"https:\/\/medicina.udd.cl\/enfermeria-santiago\/files\/2025\/05\/enf-dia-de-la-enfermeria-2025-79.jpg\" \/>\n\t<meta property=\"og:image:width\" content=\"1\" \/>\n\t<meta property=\"og:image:height\" content=\"1\" \/>\n\t<meta property=\"og:image:type\" content=\"image\/jpeg\" \/>\n<script type=\"application\/ld+json\" class=\"yoast-schema-graph\">{\"@context\":\"https:\/\/schema.org\",\"@graph\":[{\"@type\":\"WebPage\",\"@id\":\"https:\/\/medicina.udd.cl\/enfermeria-santiago\/files\/2025\/05\/enf-dia-de-la-enfermeria-2025-79-scaled.jpg\",\"url\":\"https:\/\/medicina.udd.cl\/enfermeria-santiago\/files\/2025\/05\/enf-dia-de-la-enfermeria-2025-79-scaled.jpg\",\"name\":\"ENF - D\u00eda de la Enfermer\u00eda 2025 (79) - Enfermer\u00eda UDD\",\"isPartOf\":{\"@id\":\"https:\/\/medicina.udd.cl\/enfermeria-santiago\/#website\"},\"datePublished\":\"2025-05-13T16:48:53+00:00\",\"breadcrumb\":{\"@id\":\"https:\/\/medicina.udd.cl\/enfermeria-santiago\/files\/2025\/05\/enf-dia-de-la-enfermeria-2025-79-scaled.jpg#breadcrumb\"},\"inLanguage\":\"es\",\"potentialAction\":[{\"@type\":\"ReadAction\",\"target\":[\"https:\/\/medicina.udd.cl\/enfermeria-santiago\/files\/2025\/05\/enf-dia-de-la-enfermeria-2025-79-scaled.jpg\"]}]},{\"@type\":\"BreadcrumbList\",\"@id\":\"https:\/\/medicina.udd.cl\/enfermeria-santiago\/files\/2025\/05\/enf-dia-de-la-enfermeria-2025-79-scaled.jpg#breadcrumb\",\"itemListElement\":[{\"@type\":\"ListItem\",\"position\":1,\"name\":\"Home\",\"item\":\"https:\/\/medicina.udd.cl\/enfermeria-santiago\/\"},{\"@type\":\"ListItem\",\"position\":2,\"name\":\"Enfermer\u00eda UDD conmemora el D\u00eda Internacional de la profesi\u00f3n con emotiva ceremonia\",\"item\":\"https:\/\/medicina.udd.cl\/enfermeria-santiago\/noticias\/2025\/05\/13\/enfermeria-udd-conmemora-el-dia-internacional-de-la-profesion-con-emotiva-ceremonia\/\"},{\"@type\":\"ListItem\",\"position\":3,\"name\":\"ENF &#8211; D\u00eda de la Enfermer\u00eda 2025 (79)\"}]},{\"@type\":\"WebSite\",\"@id\":\"https:\/\/medicina.udd.cl\/enfermeria-santiago\/#website\",\"url\":\"https:\/\/medicina.udd.cl\/enfermeria-santiago\/\",\"name\":\"Enfermer\u00eda UDD\",\"description\":\"Facultad de Medicina Cl\u00ednica Alemana Universidad del Desarrollo\",\"inLanguage\":\"es\"}]}<\/script>\n<!-- \/ Yoast SEO plugin. -->","yoast_head_json":{"title":"ENF - D\u00eda de la Enfermer\u00eda 2025 (79) - Enfermer\u00eda UDD","robots":{"index":"index","follow":"follow","max-snippet":"max-snippet:-1","max-image-preview":"max-image-preview:large","max-video-preview":"max-video-preview:-1"},"canonical":"https:\/\/medicina.udd.cl\/enfermeria-santiago\/files\/2025\/05\/enf-dia-de-la-enfermeria-2025-79-scaled.jpg","og_locale":"es_ES","og_type":"article","og_title":"ENF - D\u00eda de la Enfermer\u00eda 2025 (79) - Enfermer\u00eda UDD","og_url":"https:\/\/medicina.udd.cl\/enfermeria-santiago\/files\/2025\/05\/enf-dia-de-la-enfermeria-2025-79-scaled.jpg","og_site_name":"Enfermer\u00eda UDD","og_image":[{"url":"https:\/\/medicina.udd.cl\/enfermeria-santiago\/files\/2025\/05\/enf-dia-de-la-enfermeria-2025-79.jpg","width":1,"height":1,"type":"image\/jpeg"}],"schema":{"@context":"https:\/\/schema.org","@graph":[{"@type":"WebPage","@id":"https:\/\/medicina.udd.cl\/enfermeria-santiago\/files\/2025\/05\/enf-dia-de-la-enfermeria-2025-79-scaled.jpg","url":"https:\/\/medicina.udd.cl\/enfermeria-santiago\/files\/2025\/05\/enf-dia-de-la-enfermeria-2025-79-scaled.jpg","name":"ENF - D\u00eda de la Enfermer\u00eda 2025 (79) - Enfermer\u00eda UDD","isPartOf":{"@id":"https:\/\/medicina.udd.cl\/enfermeria-santiago\/#website"},"datePublished":"2025-05-13T16:48:53+00:00","breadcrumb":{"@id":"https:\/\/medicina.udd.cl\/enfermeria-santiago\/files\/2025\/05\/enf-dia-de-la-enfermeria-2025-79-scaled.jpg#breadcrumb"},"inLanguage":"es","potentialAction":[{"@type":"ReadAction","target":["https:\/\/medicina.udd.cl\/enfermeria-santiago\/files\/2025\/05\/enf-dia-de-la-enfermeria-2025-79-scaled.jpg"]}]},{"@type":"BreadcrumbList","@id":"https:\/\/medicina.udd.cl\/enfermeria-santiago\/files\/2025\/05\/enf-dia-de-la-enfermeria-2025-79-scaled.jpg#breadcrumb","itemListElement":[{"@type":"ListItem","position":1,"name":"Home","item":"https:\/\/medicina.udd.cl\/enfermeria-santiago\/"},{"@type":"ListItem","position":2,"name":"Enfermer\u00eda UDD conmemora el D\u00eda Internacional de la profesi\u00f3n con emotiva ceremonia","item":"https:\/\/medicina.udd.cl\/enfermeria-santiago\/noticias\/2025\/05\/13\/enfermeria-udd-conmemora-el-dia-internacional-de-la-profesion-con-emotiva-ceremonia\/"},{"@type":"ListItem","position":3,"name":"ENF &#8211; D\u00eda de la Enfermer\u00eda 2025 (79)"}]},{"@type":"WebSite","@id":"https:\/\/medicina.udd.cl\/enfermeria-santiago\/#website","url":"https:\/\/medicina.udd.cl\/enfermeria-santiago\/","name":"Enfermer\u00eda UDD","description":"Facultad de Medicina Cl\u00ednica Alemana Universidad del Desarrollo","inLanguage":"es"}]}},"description":{"rendered":"<p class=\"attachment\"><a href='https:\/\/medicina.udd.cl\/enfermeria-santiago\/files\/2025\/05\/enf-dia-de-la-enfermeria-2025-79-scaled.jpg'><img loading=\"lazy\" decoding=\"async\" width=\"300\" height=\"200\" src=\"https:\/\/medicina.udd.cl\/enfermeria-santiago\/files\/2025\/05\/enf-dia-de-la-enfermeria-2025-79-300x200.jpg\" class=\"attachment-medium size-medium\" alt=\"\" srcset=\"https:\/\/medicina.udd.cl\/enfermeria-santiago\/files\/2025\/05\/enf-dia-de-la-enfermeria-2025-79-300x200.jpg 300w, https:\/\/medicina.udd.cl\/enfermeria-santiago\/files\/2025\/05\/enf-dia-de-la-enfermeria-2025-79-1024x683.jpg 1024w, https:\/\/medicina.udd.cl\/enfermeria-santiago\/files\/2025\/05\/enf-dia-de-la-enfermeria-2025-79-768x512.jpg 768w, https:\/\/medicina.udd.cl\/enfermeria-santiago\/files\/2025\/05\/enf-dia-de-la-enfermeria-2025-79-1536x1024.jpg 1536w, https:\/\/medicina.udd.cl\/enfermeria-santiago\/files\/2025\/05\/enf-dia-de-la-enfermeria-2025-79-2048x1365.jpg 2048w\" sizes=\"auto, (max-width: 300px) 100vw, 300px\" \/><\/a><\/p>\n"},"caption":{"rendered":""},"alt_text":"","media_type":"image","mime_type":"image\/jpeg","media_details":{"width":2560,"height":1707,"file":"2025\/05\/enf-dia-de-la-enfermeria-2025-79-scaled.jpg","filesize":374550,"sizes":{"medium":{"file":"enf-dia-de-la-enfermeria-2025-79-300x200.jpg","width":300,"height":200,"filesize":35356,"mime_type":"image\/jpeg","source_url":"https:\/\/medicina.udd.cl\/enfermeria-santiago\/files\/2025\/05\/enf-dia-de-la-enfermeria-2025-79-300x200.jpg"},"large":{"file":"enf-dia-de-la-enfermeria-2025-79-1024x683.jpg","width":1024,"height":683,"filesize":96360,"mime_type":"image\/jpeg","source_url":"https:\/\/medicina.udd.cl\/enfermeria-santiago\/files\/2025\/05\/enf-dia-de-la-enfermeria-2025-79-1024x683.jpg"},"thumbnail":{"file":"enf-dia-de-la-enfermeria-2025-79-150x150.jpg","width":150,"height":150,"filesize":30127,"mime_type":"image\/jpeg","source_url":"https:\/\/medicina.udd.cl\/enfermeria-santiago\/files\/2025\/05\/enf-dia-de-la-enfermeria-2025-79-150x150.jpg"},"medium_large":{"file":"enf-dia-de-la-enfermeria-2025-79-768x512.jpg","width":768,"height":512,"filesize":69518,"mime_type":"image\/jpeg","source_url":"https:\/\/medicina.udd.cl\/enfermeria-santiago\/files\/2025\/05\/enf-dia-de-la-enfermeria-2025-79-768x512.jpg"},"newsletter_featured":{"file":"enf-dia-de-la-enfermeria-2025-79-316x224.jpg","width":316,"height":224,"filesize":36441,"mime_type":"image\/jpeg","source_url":"https:\/\/medicina.udd.cl\/enfermeria-santiago\/files\/2025\/05\/enf-dia-de-la-enfermeria-2025-79-316x224.jpg"},"newsletter_first":{"file":"enf-dia-de-la-enfermeria-2025-79-286x205.jpg","width":286,"height":205,"filesize":35292,"mime_type":"image\/jpeg","source_url":"https:\/\/medicina.udd.cl\/enfermeria-santiago\/files\/2025\/05\/enf-dia-de-la-enfermeria-2025-79-286x205.jpg"},"newsletter_thumb":{"file":"enf-dia-de-la-enfermeria-2025-79-288x150.jpg","width":288,"height":150,"filesize":32928,"mime_type":"image\/jpeg","source_url":"https:\/\/medicina.udd.cl\/enfermeria-santiago\/files\/2025\/05\/enf-dia-de-la-enfermeria-2025-79-288x150.jpg"},"newsletter_column":{"file":"enf-dia-de-la-enfermeria-2025-79-182x140.jpg","width":182,"height":140,"filesize":30369,"mime_type":"image\/jpeg","source_url":"https:\/\/medicina.udd.cl\/enfermeria-santiago\/files\/2025\/05\/enf-dia-de-la-enfermeria-2025-79-182x140.jpg"},"newsletter_square":{"file":"enf-dia-de-la-enfermeria-2025-79-62x62.jpg","width":62,"height":62,"filesize":26398,"mime_type":"image\/jpeg","source_url":"https:\/\/medicina.udd.cl\/enfermeria-santiago\/files\/2025\/05\/enf-dia-de-la-enfermeria-2025-79-62x62.jpg"},"newsletter_square_large":{"file":"enf-dia-de-la-enfermeria-2025-79-87x62.jpg","width":87,"height":62,"filesize":26787,"mime_type":"image\/jpeg","source_url":"https:\/\/medicina.udd.cl\/enfermeria-santiago\/files\/2025\/05\/enf-dia-de-la-enfermeria-2025-79-87x62.jpg"},"1536x1536":{"file":"enf-dia-de-la-enfermeria-2025-79-1536x1024.jpg","width":1536,"height":1024,"filesize":165595,"mime_type":"image\/jpeg","source_url":"https:\/\/medicina.udd.cl\/enfermeria-santiago\/files\/2025\/05\/enf-dia-de-la-enfermeria-2025-79-1536x1024.jpg"},"2048x2048":{"file":"enf-dia-de-la-enfermeria-2025-79-2048x1365.jpg","width":2048,"height":1365,"filesize":258513,"mime_type":"image\/jpeg","source_url":"https:\/\/medicina.udd.cl\/enfermeria-santiago\/files\/2025\/05\/enf-dia-de-la-enfermeria-2025-79-2048x1365.jpg"},"landscape_1920":{"file":"enf-dia-de-la-enfermeria-2025-79-1920x1080.jpg","width":1920,"height":1080,"filesize":202883,"mime_type":"image\/jpeg","source_url":"https:\/\/medicina.udd.cl\/enfermeria-santiago\/files\/2025\/05\/enf-dia-de-la-enfermeria-2025-79-1920x1080.jpg"},"landscape_1366":{"file":"enf-dia-de-la-enfermeria-2025-79-1366x768.jpg","width":1366,"height":768,"filesize":124412,"mime_type":"image\/jpeg","source_url":"https:\/\/medicina.udd.cl\/enfermeria-santiago\/files\/2025\/05\/enf-dia-de-la-enfermeria-2025-79-1366x768.jpg"},"landscape_952":{"file":"enf-dia-de-la-enfermeria-2025-79-952x534.jpg","width":952,"height":534,"filesize":79591,"mime_type":"image\/jpeg","source_url":"https:\/\/medicina.udd.cl\/enfermeria-santiago\/files\/2025\/05\/enf-dia-de-la-enfermeria-2025-79-952x534.jpg"},"landscape_680":{"file":"enf-dia-de-la-enfermeria-2025-79-680x382.jpg","width":680,"height":382,"filesize":57145,"mime_type":"image\/jpeg","source_url":"https:\/\/medicina.udd.cl\/enfermeria-santiago\/files\/2025\/05\/enf-dia-de-la-enfermeria-2025-79-680x382.jpg"},"square_750":{"file":"enf-dia-de-la-enfermeria-2025-79-750x750.jpg","width":750,"height":750,"filesize":84402,"mime_type":"image\/jpeg","source_url":"https:\/\/medicina.udd.cl\/enfermeria-santiago\/files\/2025\/05\/enf-dia-de-la-enfermeria-2025-79-750x750.jpg"},"square_500":{"file":"enf-dia-de-la-enfermeria-2025-79-500x500.jpg","width":500,"height":500,"filesize":56184,"mime_type":"image\/jpeg","source_url":"https:\/\/medicina.udd.cl\/enfermeria-santiago\/files\/2025\/05\/enf-dia-de-la-enfermeria-2025-79-500x500.jpg"},"square_200":{"file":"enf-dia-de-la-enfermeria-2025-79-250x250.jpg","width":250,"height":250,"filesize":35863,"mime_type":"image\/jpeg","source_url":"https:\/\/medicina.udd.cl\/enfermeria-santiago\/files\/2025\/05\/enf-dia-de-la-enfermeria-2025-79-250x250.jpg"},"post-thumbnail":{"file":"enf-dia-de-la-enfermeria-2025-79-952x534.jpg","width":952,"height":534,"filesize":79591,"mime_type":"image\/jpeg","source_url":"https:\/\/medicina.udd.cl\/enfermeria-santiago\/files\/2025\/05\/enf-dia-de-la-enfermeria-2025-79-952x534.jpg"},"custom_content":{"file":"enf-dia-de-la-enfermeria-2025-79-126x126.jpg","width":126,"height":126,"filesize":28940,"mime_type":"image\/jpeg","source_url":"https:\/\/medicina.udd.cl\/enfermeria-santiago\/files\/2025\/05\/enf-dia-de-la-enfermeria-2025-79-126x126.jpg"},"full":{"file":"enf-dia-de-la-enfermeria-2025-79-scaled.jpg","width":2560,"height":1707,"mime_type":"image\/jpeg","source_url":"https:\/\/medicina.udd.cl\/enfermeria-santiago\/files\/2025\/05\/enf-dia-de-la-enfermeria-2025-79-scaled.jpg"}},"image_meta":{"aperture":"4","credit":"","camera":"Canon EOS REBEL T5","caption":"","created_timestamp":"1747075208","copyright":"","focal_length":"25","iso":"800","shutter_speed":"0.016666666666667","title":"","orientation":"1","keywords":[]},"original_image":"enf-dia-de-la-enfermeria-2025-79.jpg"},"post":9661,"source_url":"https:\/\/medicina.udd.cl\/enfermeria-santiago\/files\/2025\/05\/enf-dia-de-la-enfermeria-2025-79-scaled.jpg","_links":{"self":[{"href":"https:\/\/medicina.udd.cl\/enfermeria-santiago\/wp-json\/wp\/v2\/media\/9686","targetHints":{"allow":["GET"]}}],"collection":[{"href":"https:\/\/medicina.udd.cl\/enfermeria-santiago\/wp-json\/wp\/v2\/media"}],"about":[{"href":"https:\/\/medicina.udd.cl\/enfermeria-santiago\/wp-json\/wp\/v2\/types\/attachment"}],"author":[{"embeddable":true,"href":"https:\/\/medicina.udd.cl\/enfermeria-santiago\/wp-json\/wp\/v2\/users\/9192219"}],"replies":[{"embeddable":true,"href":"https:\/\/medicina.udd.cl\/enfermeria-santiago\/wp-json\/wp\/v2\/comments?post=9686"}],"wp:attached-to":[{"embeddable":true,"post_type":"post","id":9661,"href":"https:\/\/medicina.udd.cl\/enfermeria-santiago\/wp-json\/wp\/v2\/posts\/9661"}],"curies":[{"name":"wp","href":"https:\/\/api.w.org\/{rel}","templated":true}]}}