{"id":9722,"date":"2025-06-18T17:22:38","date_gmt":"2025-06-18T21:22:38","guid":{"rendered":"https:\/\/medicina.udd.cl\/enfermeria-santiago\/files\/2025\/06\/enf-titulacion-del-programa-de-espana-2025-11.jpg"},"modified":"2025-06-18T17:22:38","modified_gmt":"2025-06-18T21:22:38","slug":"enf-titulacion-del-programa-de-espana-2025-11","status":"inherit","type":"attachment","link":"https:\/\/medicina.udd.cl\/enfermeria-santiago\/noticias\/2025\/06\/18\/enfermeria-udd-celebra-la-doble-titulacion-en-espana-de-37-estudiantes-de-la-generacion-2025\/enf-titulacion-del-programa-de-espana-2025-11\/","title":{"rendered":"ENF &#8211; Titulaci\u00f3n del Programa de Espa\u00f1a 2025 (11)"},"author":9192219,"featured_media":0,"comment_status":"","ping_status":"closed","template":"","meta":[],"class_list":["post-9722","attachment","type-attachment","status-inherit","hentry"],"yoast_head":"<!-- This site is optimized with the Yoast SEO plugin v26.9 - https:\/\/yoast.com\/product\/yoast-seo-wordpress\/ -->\n<title>ENF - Titulaci\u00f3n del Programa de Espa\u00f1a 2025 (11) - Enfermer\u00eda UDD<\/title>\n<meta name=\"robots\" content=\"index, follow, max-snippet:-1, max-image-preview:large, max-video-preview:-1\" \/>\n<link rel=\"canonical\" href=\"https:\/\/medicina.udd.cl\/enfermeria-santiago\/files\/2025\/06\/enf-titulacion-del-programa-de-espana-2025-11.jpg\" \/>\n<meta property=\"og:locale\" content=\"es_ES\" \/>\n<meta property=\"og:type\" content=\"article\" \/>\n<meta property=\"og:title\" content=\"ENF - Titulaci\u00f3n del Programa de Espa\u00f1a 2025 (11) - Enfermer\u00eda UDD\" \/>\n<meta property=\"og:url\" content=\"https:\/\/medicina.udd.cl\/enfermeria-santiago\/files\/2025\/06\/enf-titulacion-del-programa-de-espana-2025-11.jpg\" \/>\n<meta property=\"og:site_name\" content=\"Enfermer\u00eda UDD\" \/>\n<meta property=\"og:image\" content=\"https:\/\/medicina.udd.cl\/enfermeria-santiago\/files\/2025\/06\/enf-titulacion-del-programa-de-espana-2025-11.jpg\" \/>\n\t<meta property=\"og:image:width\" content=\"1\" \/>\n\t<meta property=\"og:image:height\" content=\"1\" \/>\n\t<meta property=\"og:image:type\" content=\"image\/jpeg\" \/>\n<script type=\"application\/ld+json\" class=\"yoast-schema-graph\">{\"@context\":\"https:\/\/schema.org\",\"@graph\":[{\"@type\":\"WebPage\",\"@id\":\"https:\/\/medicina.udd.cl\/enfermeria-santiago\/files\/2025\/06\/enf-titulacion-del-programa-de-espana-2025-11.jpg\",\"url\":\"https:\/\/medicina.udd.cl\/enfermeria-santiago\/files\/2025\/06\/enf-titulacion-del-programa-de-espana-2025-11.jpg\",\"name\":\"ENF - Titulaci\u00f3n del Programa de Espa\u00f1a 2025 (11) - Enfermer\u00eda UDD\",\"isPartOf\":{\"@id\":\"https:\/\/medicina.udd.cl\/enfermeria-santiago\/#website\"},\"datePublished\":\"2025-06-18T21:22:38+00:00\",\"breadcrumb\":{\"@id\":\"https:\/\/medicina.udd.cl\/enfermeria-santiago\/files\/2025\/06\/enf-titulacion-del-programa-de-espana-2025-11.jpg#breadcrumb\"},\"inLanguage\":\"es\",\"potentialAction\":[{\"@type\":\"ReadAction\",\"target\":[\"https:\/\/medicina.udd.cl\/enfermeria-santiago\/files\/2025\/06\/enf-titulacion-del-programa-de-espana-2025-11.jpg\"]}]},{\"@type\":\"BreadcrumbList\",\"@id\":\"https:\/\/medicina.udd.cl\/enfermeria-santiago\/files\/2025\/06\/enf-titulacion-del-programa-de-espana-2025-11.jpg#breadcrumb\",\"itemListElement\":[{\"@type\":\"ListItem\",\"position\":1,\"name\":\"Home\",\"item\":\"https:\/\/medicina.udd.cl\/enfermeria-santiago\/\"},{\"@type\":\"ListItem\",\"position\":2,\"name\":\"Enfermer\u00eda UDD celebra la doble titulaci\u00f3n en Espa\u00f1a de 37 estudiantes de la generaci\u00f3n 2025\",\"item\":\"https:\/\/medicina.udd.cl\/enfermeria-santiago\/noticias\/2025\/06\/18\/enfermeria-udd-celebra-la-doble-titulacion-en-espana-de-37-estudiantes-de-la-generacion-2025\/\"},{\"@type\":\"ListItem\",\"position\":3,\"name\":\"ENF &#8211; Titulaci\u00f3n del Programa de Espa\u00f1a 2025 (11)\"}]},{\"@type\":\"WebSite\",\"@id\":\"https:\/\/medicina.udd.cl\/enfermeria-santiago\/#website\",\"url\":\"https:\/\/medicina.udd.cl\/enfermeria-santiago\/\",\"name\":\"Enfermer\u00eda UDD\",\"description\":\"Facultad de Medicina Cl\u00ednica Alemana Universidad del Desarrollo\",\"inLanguage\":\"es\"}]}<\/script>\n<!-- \/ Yoast SEO plugin. -->","yoast_head_json":{"title":"ENF - Titulaci\u00f3n del Programa de Espa\u00f1a 2025 (11) - Enfermer\u00eda UDD","robots":{"index":"index","follow":"follow","max-snippet":"max-snippet:-1","max-image-preview":"max-image-preview:large","max-video-preview":"max-video-preview:-1"},"canonical":"https:\/\/medicina.udd.cl\/enfermeria-santiago\/files\/2025\/06\/enf-titulacion-del-programa-de-espana-2025-11.jpg","og_locale":"es_ES","og_type":"article","og_title":"ENF - Titulaci\u00f3n del Programa de Espa\u00f1a 2025 (11) - Enfermer\u00eda UDD","og_url":"https:\/\/medicina.udd.cl\/enfermeria-santiago\/files\/2025\/06\/enf-titulacion-del-programa-de-espana-2025-11.jpg","og_site_name":"Enfermer\u00eda UDD","og_image":[{"url":"https:\/\/medicina.udd.cl\/enfermeria-santiago\/files\/2025\/06\/enf-titulacion-del-programa-de-espana-2025-11.jpg","width":1,"height":1,"type":"image\/jpeg"}],"schema":{"@context":"https:\/\/schema.org","@graph":[{"@type":"WebPage","@id":"https:\/\/medicina.udd.cl\/enfermeria-santiago\/files\/2025\/06\/enf-titulacion-del-programa-de-espana-2025-11.jpg","url":"https:\/\/medicina.udd.cl\/enfermeria-santiago\/files\/2025\/06\/enf-titulacion-del-programa-de-espana-2025-11.jpg","name":"ENF - Titulaci\u00f3n del Programa de Espa\u00f1a 2025 (11) - Enfermer\u00eda UDD","isPartOf":{"@id":"https:\/\/medicina.udd.cl\/enfermeria-santiago\/#website"},"datePublished":"2025-06-18T21:22:38+00:00","breadcrumb":{"@id":"https:\/\/medicina.udd.cl\/enfermeria-santiago\/files\/2025\/06\/enf-titulacion-del-programa-de-espana-2025-11.jpg#breadcrumb"},"inLanguage":"es","potentialAction":[{"@type":"ReadAction","target":["https:\/\/medicina.udd.cl\/enfermeria-santiago\/files\/2025\/06\/enf-titulacion-del-programa-de-espana-2025-11.jpg"]}]},{"@type":"BreadcrumbList","@id":"https:\/\/medicina.udd.cl\/enfermeria-santiago\/files\/2025\/06\/enf-titulacion-del-programa-de-espana-2025-11.jpg#breadcrumb","itemListElement":[{"@type":"ListItem","position":1,"name":"Home","item":"https:\/\/medicina.udd.cl\/enfermeria-santiago\/"},{"@type":"ListItem","position":2,"name":"Enfermer\u00eda UDD celebra la doble titulaci\u00f3n en Espa\u00f1a de 37 estudiantes de la generaci\u00f3n 2025","item":"https:\/\/medicina.udd.cl\/enfermeria-santiago\/noticias\/2025\/06\/18\/enfermeria-udd-celebra-la-doble-titulacion-en-espana-de-37-estudiantes-de-la-generacion-2025\/"},{"@type":"ListItem","position":3,"name":"ENF &#8211; Titulaci\u00f3n del Programa de Espa\u00f1a 2025 (11)"}]},{"@type":"WebSite","@id":"https:\/\/medicina.udd.cl\/enfermeria-santiago\/#website","url":"https:\/\/medicina.udd.cl\/enfermeria-santiago\/","name":"Enfermer\u00eda UDD","description":"Facultad de Medicina Cl\u00ednica Alemana Universidad del Desarrollo","inLanguage":"es"}]}},"description":{"rendered":"<p class=\"attachment\"><a href='https:\/\/medicina.udd.cl\/enfermeria-santiago\/files\/2025\/06\/enf-titulacion-del-programa-de-espana-2025-11.jpg'><img loading=\"lazy\" decoding=\"async\" width=\"225\" height=\"300\" src=\"https:\/\/medicina.udd.cl\/enfermeria-santiago\/files\/2025\/06\/enf-titulacion-del-programa-de-espana-2025-11-225x300.jpg\" class=\"attachment-medium size-medium\" alt=\"\" srcset=\"https:\/\/medicina.udd.cl\/enfermeria-santiago\/files\/2025\/06\/enf-titulacion-del-programa-de-espana-2025-11-225x300.jpg 225w, https:\/\/medicina.udd.cl\/enfermeria-santiago\/files\/2025\/06\/enf-titulacion-del-programa-de-espana-2025-11-768x1024.jpg 768w, https:\/\/medicina.udd.cl\/enfermeria-santiago\/files\/2025\/06\/enf-titulacion-del-programa-de-espana-2025-11-1152x1536.jpg 1152w, https:\/\/medicina.udd.cl\/enfermeria-santiago\/files\/2025\/06\/enf-titulacion-del-programa-de-espana-2025-11.jpg 1536w\" sizes=\"auto, (max-width: 225px) 100vw, 225px\" \/><\/a><\/p>\n"},"caption":{"rendered":""},"alt_text":"","media_type":"image","mime_type":"image\/jpeg","media_details":{"width":1536,"height":2048,"file":"2025\/06\/enf-titulacion-del-programa-de-espana-2025-11.jpg","filesize":401137,"sizes":{"medium":{"file":"enf-titulacion-del-programa-de-espana-2025-11-225x300.jpg","width":225,"height":300,"filesize":15111,"mime_type":"image\/jpeg","source_url":"https:\/\/medicina.udd.cl\/enfermeria-santiago\/files\/2025\/06\/enf-titulacion-del-programa-de-espana-2025-11-225x300.jpg"},"large":{"file":"enf-titulacion-del-programa-de-espana-2025-11-768x1024.jpg","width":768,"height":1024,"filesize":126261,"mime_type":"image\/jpeg","source_url":"https:\/\/medicina.udd.cl\/enfermeria-santiago\/files\/2025\/06\/enf-titulacion-del-programa-de-espana-2025-11-768x1024.jpg"},"thumbnail":{"file":"enf-titulacion-del-programa-de-espana-2025-11-150x150.jpg","width":150,"height":150,"filesize":5833,"mime_type":"image\/jpeg","source_url":"https:\/\/medicina.udd.cl\/enfermeria-santiago\/files\/2025\/06\/enf-titulacion-del-programa-de-espana-2025-11-150x150.jpg"},"medium_large":{"file":"enf-titulacion-del-programa-de-espana-2025-11-768x1024.jpg","width":768,"height":1024,"filesize":126261,"mime_type":"image\/jpeg","source_url":"https:\/\/medicina.udd.cl\/enfermeria-santiago\/files\/2025\/06\/enf-titulacion-del-programa-de-espana-2025-11-768x1024.jpg"},"newsletter_featured":{"file":"enf-titulacion-del-programa-de-espana-2025-11-316x224.jpg","width":316,"height":224,"filesize":14988,"mime_type":"image\/jpeg","source_url":"https:\/\/medicina.udd.cl\/enfermeria-santiago\/files\/2025\/06\/enf-titulacion-del-programa-de-espana-2025-11-316x224.jpg"},"newsletter_first":{"file":"enf-titulacion-del-programa-de-espana-2025-11-286x205.jpg","width":286,"height":205,"filesize":12854,"mime_type":"image\/jpeg","source_url":"https:\/\/medicina.udd.cl\/enfermeria-santiago\/files\/2025\/06\/enf-titulacion-del-programa-de-espana-2025-11-286x205.jpg"},"newsletter_thumb":{"file":"enf-titulacion-del-programa-de-espana-2025-11-288x150.jpg","width":288,"height":150,"filesize":9160,"mime_type":"image\/jpeg","source_url":"https:\/\/medicina.udd.cl\/enfermeria-santiago\/files\/2025\/06\/enf-titulacion-del-programa-de-espana-2025-11-288x150.jpg"},"newsletter_column":{"file":"enf-titulacion-del-programa-de-espana-2025-11-182x140.jpg","width":182,"height":140,"filesize":6307,"mime_type":"image\/jpeg","source_url":"https:\/\/medicina.udd.cl\/enfermeria-santiago\/files\/2025\/06\/enf-titulacion-del-programa-de-espana-2025-11-182x140.jpg"},"newsletter_square":{"file":"enf-titulacion-del-programa-de-espana-2025-11-62x62.jpg","width":62,"height":62,"filesize":1479,"mime_type":"image\/jpeg","source_url":"https:\/\/medicina.udd.cl\/enfermeria-santiago\/files\/2025\/06\/enf-titulacion-del-programa-de-espana-2025-11-62x62.jpg"},"newsletter_square_large":{"file":"enf-titulacion-del-programa-de-espana-2025-11-87x62.jpg","width":87,"height":62,"filesize":1847,"mime_type":"image\/jpeg","source_url":"https:\/\/medicina.udd.cl\/enfermeria-santiago\/files\/2025\/06\/enf-titulacion-del-programa-de-espana-2025-11-87x62.jpg"},"1536x1536":{"file":"enf-titulacion-del-programa-de-espana-2025-11-1152x1536.jpg","width":1152,"height":1536,"filesize":255710,"mime_type":"image\/jpeg","source_url":"https:\/\/medicina.udd.cl\/enfermeria-santiago\/files\/2025\/06\/enf-titulacion-del-programa-de-espana-2025-11-1152x1536.jpg"},"landscape_1920":{"file":"enf-titulacion-del-programa-de-espana-2025-11-1536x1080.jpg","width":1536,"height":1080,"filesize":227604,"mime_type":"image\/jpeg","source_url":"https:\/\/medicina.udd.cl\/enfermeria-santiago\/files\/2025\/06\/enf-titulacion-del-programa-de-espana-2025-11-1536x1080.jpg"},"landscape_1366":{"file":"enf-titulacion-del-programa-de-espana-2025-11-1366x768.jpg","width":1366,"height":768,"filesize":135187,"mime_type":"image\/jpeg","source_url":"https:\/\/medicina.udd.cl\/enfermeria-santiago\/files\/2025\/06\/enf-titulacion-del-programa-de-espana-2025-11-1366x768.jpg"},"landscape_952":{"file":"enf-titulacion-del-programa-de-espana-2025-11-952x534.jpg","width":952,"height":534,"filesize":74128,"mime_type":"image\/jpeg","source_url":"https:\/\/medicina.udd.cl\/enfermeria-santiago\/files\/2025\/06\/enf-titulacion-del-programa-de-espana-2025-11-952x534.jpg"},"landscape_680":{"file":"enf-titulacion-del-programa-de-espana-2025-11-680x382.jpg","width":680,"height":382,"filesize":42261,"mime_type":"image\/jpeg","source_url":"https:\/\/medicina.udd.cl\/enfermeria-santiago\/files\/2025\/06\/enf-titulacion-del-programa-de-espana-2025-11-680x382.jpg"},"square_750":{"file":"enf-titulacion-del-programa-de-espana-2025-11-750x750.jpg","width":750,"height":750,"filesize":92266,"mime_type":"image\/jpeg","source_url":"https:\/\/medicina.udd.cl\/enfermeria-santiago\/files\/2025\/06\/enf-titulacion-del-programa-de-espana-2025-11-750x750.jpg"},"square_500":{"file":"enf-titulacion-del-programa-de-espana-2025-11-500x500.jpg","width":500,"height":500,"filesize":46374,"mime_type":"image\/jpeg","source_url":"https:\/\/medicina.udd.cl\/enfermeria-santiago\/files\/2025\/06\/enf-titulacion-del-programa-de-espana-2025-11-500x500.jpg"},"square_200":{"file":"enf-titulacion-del-programa-de-espana-2025-11-250x250.jpg","width":250,"height":250,"filesize":14084,"mime_type":"image\/jpeg","source_url":"https:\/\/medicina.udd.cl\/enfermeria-santiago\/files\/2025\/06\/enf-titulacion-del-programa-de-espana-2025-11-250x250.jpg"},"post-thumbnail":{"file":"enf-titulacion-del-programa-de-espana-2025-11-952x534.jpg","width":952,"height":534,"filesize":74128,"mime_type":"image\/jpeg","source_url":"https:\/\/medicina.udd.cl\/enfermeria-santiago\/files\/2025\/06\/enf-titulacion-del-programa-de-espana-2025-11-952x534.jpg"},"custom_content":{"file":"enf-titulacion-del-programa-de-espana-2025-11-126x126.jpg","width":126,"height":126,"filesize":4291,"mime_type":"image\/jpeg","source_url":"https:\/\/medicina.udd.cl\/enfermeria-santiago\/files\/2025\/06\/enf-titulacion-del-programa-de-espana-2025-11-126x126.jpg"},"full":{"file":"enf-titulacion-del-programa-de-espana-2025-11.jpg","width":1536,"height":2048,"mime_type":"image\/jpeg","source_url":"https:\/\/medicina.udd.cl\/enfermeria-santiago\/files\/2025\/06\/enf-titulacion-del-programa-de-espana-2025-11.jpg"}},"image_meta":{"aperture":"0","credit":"","camera":"","caption":"","created_timestamp":"0","copyright":"","focal_length":"0","iso":"0","shutter_speed":"0","title":"","orientation":"0","keywords":[]}},"post":9711,"source_url":"https:\/\/medicina.udd.cl\/enfermeria-santiago\/files\/2025\/06\/enf-titulacion-del-programa-de-espana-2025-11.jpg","_links":{"self":[{"href":"https:\/\/medicina.udd.cl\/enfermeria-santiago\/wp-json\/wp\/v2\/media\/9722","targetHints":{"allow":["GET"]}}],"collection":[{"href":"https:\/\/medicina.udd.cl\/enfermeria-santiago\/wp-json\/wp\/v2\/media"}],"about":[{"href":"https:\/\/medicina.udd.cl\/enfermeria-santiago\/wp-json\/wp\/v2\/types\/attachment"}],"author":[{"embeddable":true,"href":"https:\/\/medicina.udd.cl\/enfermeria-santiago\/wp-json\/wp\/v2\/users\/9192219"}],"replies":[{"embeddable":true,"href":"https:\/\/medicina.udd.cl\/enfermeria-santiago\/wp-json\/wp\/v2\/comments?post=9722"}],"wp:attached-to":[{"embeddable":true,"post_type":"post","id":9711,"href":"https:\/\/medicina.udd.cl\/enfermeria-santiago\/wp-json\/wp\/v2\/posts\/9711"}],"curies":[{"name":"wp","href":"https:\/\/api.w.org\/{rel}","templated":true}]}}