{"id":1147,"date":"2012-11-05T15:27:01","date_gmt":"2012-11-05T18:27:01","guid":{"rendered":"http:\/\/medicina.udd.cl\/enfermeria-santiago\/"},"modified":"2013-08-07T16:33:46","modified_gmt":"2013-08-07T20:33:46","slug":"alianza-udd-con-corporacion-chileno-alemana-de-beneficencia","status":"publish","type":"page","link":"https:\/\/medicina.udd.cl\/enfermeria-santiago\/alianza-udd-con-corporacion-chileno-alemana-de-beneficencia\/","title":{"rendered":"Alianza UDD con Corporaci\u00f3n Chileno Alemana de Beneficencia"},"content":{"rendered":"<div id=\"_mcePaste\">\n<p><a href=\"http:\/\/medicina.udd.cl\/enfermeria-santiago\/files\/2012\/11\/anchoalemana.png\"><img loading=\"lazy\" decoding=\"async\" class=\"aligncenter size-full wp-image-1149\" alt=\"Cl\u00ednica Alemana\" src=\"http:\/\/medicina.udd.cl\/enfermeria-santiago\/files\/2012\/11\/anchoalemana.png\" width=\"680\" height=\"150\" srcset=\"https:\/\/medicina.udd.cl\/enfermeria-santiago\/files\/2012\/11\/anchoalemana.png 680w, https:\/\/medicina.udd.cl\/enfermeria-santiago\/files\/2012\/11\/anchoalemana-300x66.png 300w\" sizes=\"auto, (max-width: 680px) 100vw, 680px\" \/><\/a>En 2001, un acuerdo entre la Universidad del Desarrollo y la <a href=\"http:\/\/ccab.cl\/\">Corporaci\u00f3n Chileno Alemana de Beneficencia<\/a>, propietaria de la <a href=\"http:\/\/portal.alemana.cl\/wps\/wcm\/connect\/internet\/home\">Cl\u00ednica Alemana de Santiago<\/a>, permiti\u00f3 la creaci\u00f3n de la <a href=\"http:\/\/medicina.udd.cl\/\">Facultad de Medicina Cl\u00ednica Alemana Universidad del Desarrollo<\/a>.<\/p>\n<\/div>\n<div>\n<p>Tras varios a\u00f1os de trabajo conjunto en 2007, ambas instituciones decidieron profundizar esta alianza estrat\u00e9gica con la incorporaci\u00f3n de la Corporaci\u00f3n al m\u00e1ximo organismo de gobierno de la UDD, designando a tres de sus nueve integrantes al Consejo Directivo.<\/p>\n<\/div>\n<div id=\"_mcePaste\">\n<p>Esta alianza se ha traducido en la formaci\u00f3n de excelentes profesionales en el campo de la salud, en especial, en la de nuestros m\u00e9dicos que han obtenido los mejores resultados en el <a href=\"http:\/\/www.eunacom.cl\/\">Examen \u00danico Nacional de Conocimientos de Medicina (Eunacom).<\/a><\/p>\n<\/div>\n<div id=\"_mcePaste\">\n<p>Contar con el prestigio y respaldo de <a href=\"http:\/\/portal.alemana.cl\/wps\/wcm\/connect\/internet\/home\">Cl\u00ednica Alemana de Santiago<\/a>; disponer de campos cl\u00ednicos exclusivos como el <a href=\"http:\/\/www.hurtadohosp.cl\/\">Hospital Padre Hurtado<\/a> y de profesores de excelencia nos han permitido lograr una visi\u00f3n interdisciplinaria de la salud, asociada a la pr\u00e1ctica profesional desde los primeros a\u00f1os de cada carrera.<\/p>\n<\/div>\n","protected":false},"excerpt":{"rendered":"<p>En 2001, un acuerdo entre la Universidad del Desarrollo y la Corporaci\u00f3n Chileno Alemana de Beneficencia, propietaria de la Cl\u00ednica Alemana de Santiago, permiti\u00f3 la creaci\u00f3n de la Facultad de Medicina Cl\u00ednica Alemana Universidad del Desarrollo. Tras varios a\u00f1os de trabajo conjunto en 2007, ambas instituciones decidieron profundizar esta alianza estrat\u00e9gica con la incorporaci\u00f3n de [&hellip;]<\/p>\n","protected":false},"author":1,"featured_media":0,"parent":0,"menu_order":100,"comment_status":"open","ping_status":"open","template":"template-wide-content.php","meta":{"footnotes":""},"class_list":["post-1147","page","type-page","status-publish","hentry"],"yoast_head":"<!-- This site is optimized with the Yoast SEO plugin v26.9 - https:\/\/yoast.com\/product\/yoast-seo-wordpress\/ -->\n<title>Alianza UDD con Corporaci\u00f3n Chileno Alemana de Beneficencia - Enfermer\u00eda UDD<\/title>\n<meta name=\"robots\" content=\"index, follow, max-snippet:-1, max-image-preview:large, max-video-preview:-1\" \/>\n<link rel=\"canonical\" href=\"https:\/\/medicina.udd.cl\/enfermeria-santiago\/alianza-udd-con-corporacion-chileno-alemana-de-beneficencia\/\" \/>\n<meta property=\"og:locale\" content=\"es_ES\" \/>\n<meta property=\"og:type\" content=\"article\" \/>\n<meta property=\"og:title\" content=\"Alianza UDD con Corporaci\u00f3n Chileno Alemana de Beneficencia - Enfermer\u00eda UDD\" \/>\n<meta property=\"og:description\" content=\"En 2001, un acuerdo entre la Universidad del Desarrollo y la Corporaci\u00f3n Chileno Alemana de Beneficencia, propietaria de la Cl\u00ednica Alemana de Santiago, permiti\u00f3 la creaci\u00f3n de la Facultad de Medicina Cl\u00ednica Alemana Universidad del Desarrollo. Tras varios a\u00f1os de trabajo conjunto en 2007, ambas instituciones decidieron profundizar esta alianza estrat\u00e9gica con la incorporaci\u00f3n de [&hellip;]\" \/>\n<meta property=\"og:url\" content=\"https:\/\/medicina.udd.cl\/enfermeria-santiago\/alianza-udd-con-corporacion-chileno-alemana-de-beneficencia\/\" \/>\n<meta property=\"og:site_name\" content=\"Enfermer\u00eda UDD\" \/>\n<meta property=\"article:modified_time\" content=\"2013-08-07T20:33:46+00:00\" \/>\n<meta property=\"og:image\" content=\"http:\/\/medicina.udd.cl\/enfermeria-santiago\/files\/2012\/11\/anchoalemana.png\" \/>\n<meta name=\"twitter:label1\" content=\"Tiempo de lectura\" \/>\n\t<meta name=\"twitter:data1\" content=\"1 minuto\" \/>\n<script type=\"application\/ld+json\" class=\"yoast-schema-graph\">{\"@context\":\"https:\/\/schema.org\",\"@graph\":[{\"@type\":\"WebPage\",\"@id\":\"https:\/\/medicina.udd.cl\/enfermeria-santiago\/alianza-udd-con-corporacion-chileno-alemana-de-beneficencia\/\",\"url\":\"https:\/\/medicina.udd.cl\/enfermeria-santiago\/alianza-udd-con-corporacion-chileno-alemana-de-beneficencia\/\",\"name\":\"Alianza UDD con Corporaci\u00f3n Chileno Alemana de Beneficencia - Enfermer\u00eda UDD\",\"isPartOf\":{\"@id\":\"https:\/\/medicina.udd.cl\/enfermeria-santiago\/#website\"},\"primaryImageOfPage\":{\"@id\":\"https:\/\/medicina.udd.cl\/enfermeria-santiago\/alianza-udd-con-corporacion-chileno-alemana-de-beneficencia\/#primaryimage\"},\"image\":{\"@id\":\"https:\/\/medicina.udd.cl\/enfermeria-santiago\/alianza-udd-con-corporacion-chileno-alemana-de-beneficencia\/#primaryimage\"},\"thumbnailUrl\":\"http:\/\/medicina.udd.cl\/enfermeria-santiago\/files\/2012\/11\/anchoalemana.png\",\"datePublished\":\"2012-11-05T18:27:01+00:00\",\"dateModified\":\"2013-08-07T20:33:46+00:00\",\"breadcrumb\":{\"@id\":\"https:\/\/medicina.udd.cl\/enfermeria-santiago\/alianza-udd-con-corporacion-chileno-alemana-de-beneficencia\/#breadcrumb\"},\"inLanguage\":\"es\",\"potentialAction\":[{\"@type\":\"ReadAction\",\"target\":[\"https:\/\/medicina.udd.cl\/enfermeria-santiago\/alianza-udd-con-corporacion-chileno-alemana-de-beneficencia\/\"]}]},{\"@type\":\"ImageObject\",\"inLanguage\":\"es\",\"@id\":\"https:\/\/medicina.udd.cl\/enfermeria-santiago\/alianza-udd-con-corporacion-chileno-alemana-de-beneficencia\/#primaryimage\",\"url\":\"http:\/\/medicina.udd.cl\/enfermeria-santiago\/files\/2012\/11\/anchoalemana.png\",\"contentUrl\":\"http:\/\/medicina.udd.cl\/enfermeria-santiago\/files\/2012\/11\/anchoalemana.png\"},{\"@type\":\"BreadcrumbList\",\"@id\":\"https:\/\/medicina.udd.cl\/enfermeria-santiago\/alianza-udd-con-corporacion-chileno-alemana-de-beneficencia\/#breadcrumb\",\"itemListElement\":[{\"@type\":\"ListItem\",\"position\":1,\"name\":\"Home\",\"item\":\"https:\/\/medicina.udd.cl\/enfermeria-santiago\/\"},{\"@type\":\"ListItem\",\"position\":2,\"name\":\"Alianza UDD con Corporaci\u00f3n Chileno Alemana de Beneficencia\"}]},{\"@type\":\"WebSite\",\"@id\":\"https:\/\/medicina.udd.cl\/enfermeria-santiago\/#website\",\"url\":\"https:\/\/medicina.udd.cl\/enfermeria-santiago\/\",\"name\":\"Enfermer\u00eda UDD\",\"description\":\"Facultad de Medicina Cl\u00ednica Alemana Universidad del Desarrollo\",\"inLanguage\":\"es\"}]}<\/script>\n<!-- \/ Yoast SEO plugin. -->","yoast_head_json":{"title":"Alianza UDD con Corporaci\u00f3n Chileno Alemana de Beneficencia - Enfermer\u00eda UDD","robots":{"index":"index","follow":"follow","max-snippet":"max-snippet:-1","max-image-preview":"max-image-preview:large","max-video-preview":"max-video-preview:-1"},"canonical":"https:\/\/medicina.udd.cl\/enfermeria-santiago\/alianza-udd-con-corporacion-chileno-alemana-de-beneficencia\/","og_locale":"es_ES","og_type":"article","og_title":"Alianza UDD con Corporaci\u00f3n Chileno Alemana de Beneficencia - Enfermer\u00eda UDD","og_description":"En 2001, un acuerdo entre la Universidad del Desarrollo y la Corporaci\u00f3n Chileno Alemana de Beneficencia, propietaria de la Cl\u00ednica Alemana de Santiago, permiti\u00f3 la creaci\u00f3n de la Facultad de Medicina Cl\u00ednica Alemana Universidad del Desarrollo. Tras varios a\u00f1os de trabajo conjunto en 2007, ambas instituciones decidieron profundizar esta alianza estrat\u00e9gica con la incorporaci\u00f3n de [&hellip;]","og_url":"https:\/\/medicina.udd.cl\/enfermeria-santiago\/alianza-udd-con-corporacion-chileno-alemana-de-beneficencia\/","og_site_name":"Enfermer\u00eda UDD","article_modified_time":"2013-08-07T20:33:46+00:00","og_image":[{"url":"http:\/\/medicina.udd.cl\/enfermeria-santiago\/files\/2012\/11\/anchoalemana.png","type":"","width":"","height":""}],"twitter_misc":{"Tiempo de lectura":"1 minuto"},"schema":{"@context":"https:\/\/schema.org","@graph":[{"@type":"WebPage","@id":"https:\/\/medicina.udd.cl\/enfermeria-santiago\/alianza-udd-con-corporacion-chileno-alemana-de-beneficencia\/","url":"https:\/\/medicina.udd.cl\/enfermeria-santiago\/alianza-udd-con-corporacion-chileno-alemana-de-beneficencia\/","name":"Alianza UDD con Corporaci\u00f3n Chileno Alemana de Beneficencia - Enfermer\u00eda UDD","isPartOf":{"@id":"https:\/\/medicina.udd.cl\/enfermeria-santiago\/#website"},"primaryImageOfPage":{"@id":"https:\/\/medicina.udd.cl\/enfermeria-santiago\/alianza-udd-con-corporacion-chileno-alemana-de-beneficencia\/#primaryimage"},"image":{"@id":"https:\/\/medicina.udd.cl\/enfermeria-santiago\/alianza-udd-con-corporacion-chileno-alemana-de-beneficencia\/#primaryimage"},"thumbnailUrl":"http:\/\/medicina.udd.cl\/enfermeria-santiago\/files\/2012\/11\/anchoalemana.png","datePublished":"2012-11-05T18:27:01+00:00","dateModified":"2013-08-07T20:33:46+00:00","breadcrumb":{"@id":"https:\/\/medicina.udd.cl\/enfermeria-santiago\/alianza-udd-con-corporacion-chileno-alemana-de-beneficencia\/#breadcrumb"},"inLanguage":"es","potentialAction":[{"@type":"ReadAction","target":["https:\/\/medicina.udd.cl\/enfermeria-santiago\/alianza-udd-con-corporacion-chileno-alemana-de-beneficencia\/"]}]},{"@type":"ImageObject","inLanguage":"es","@id":"https:\/\/medicina.udd.cl\/enfermeria-santiago\/alianza-udd-con-corporacion-chileno-alemana-de-beneficencia\/#primaryimage","url":"http:\/\/medicina.udd.cl\/enfermeria-santiago\/files\/2012\/11\/anchoalemana.png","contentUrl":"http:\/\/medicina.udd.cl\/enfermeria-santiago\/files\/2012\/11\/anchoalemana.png"},{"@type":"BreadcrumbList","@id":"https:\/\/medicina.udd.cl\/enfermeria-santiago\/alianza-udd-con-corporacion-chileno-alemana-de-beneficencia\/#breadcrumb","itemListElement":[{"@type":"ListItem","position":1,"name":"Home","item":"https:\/\/medicina.udd.cl\/enfermeria-santiago\/"},{"@type":"ListItem","position":2,"name":"Alianza UDD con Corporaci\u00f3n Chileno Alemana de Beneficencia"}]},{"@type":"WebSite","@id":"https:\/\/medicina.udd.cl\/enfermeria-santiago\/#website","url":"https:\/\/medicina.udd.cl\/enfermeria-santiago\/","name":"Enfermer\u00eda UDD","description":"Facultad de Medicina Cl\u00ednica Alemana Universidad del Desarrollo","inLanguage":"es"}]}},"_links":{"self":[{"href":"https:\/\/medicina.udd.cl\/enfermeria-santiago\/wp-json\/wp\/v2\/pages\/1147","targetHints":{"allow":["GET"]}}],"collection":[{"href":"https:\/\/medicina.udd.cl\/enfermeria-santiago\/wp-json\/wp\/v2\/pages"}],"about":[{"href":"https:\/\/medicina.udd.cl\/enfermeria-santiago\/wp-json\/wp\/v2\/types\/page"}],"author":[{"embeddable":true,"href":"https:\/\/medicina.udd.cl\/enfermeria-santiago\/wp-json\/wp\/v2\/users\/1"}],"replies":[{"embeddable":true,"href":"https:\/\/medicina.udd.cl\/enfermeria-santiago\/wp-json\/wp\/v2\/comments?post=1147"}],"version-history":[{"count":5,"href":"https:\/\/medicina.udd.cl\/enfermeria-santiago\/wp-json\/wp\/v2\/pages\/1147\/revisions"}],"predecessor-version":[{"id":1665,"href":"https:\/\/medicina.udd.cl\/enfermeria-santiago\/wp-json\/wp\/v2\/pages\/1147\/revisions\/1665"}],"wp:attachment":[{"href":"https:\/\/medicina.udd.cl\/enfermeria-santiago\/wp-json\/wp\/v2\/media?parent=1147"}],"curies":[{"name":"wp","href":"https:\/\/api.w.org\/{rel}","templated":true}]}}