{"id":2643,"date":"2014-12-22T17:15:49","date_gmt":"2014-12-22T20:15:49","guid":{"rendered":"http:\/\/medicina.udd.cl\/enfermeria-santiago\/?page_id=2643"},"modified":"2016-08-12T10:19:41","modified_gmt":"2016-08-12T14:19:41","slug":"area-de-investigacion","status":"publish","type":"page","link":"https:\/\/medicina.udd.cl\/enfermeria-santiago\/equipo-de-investigacion\/area-de-investigacion\/","title":{"rendered":"\u00c1rea de Investigaci\u00f3n"},"content":{"rendered":"<h3 style=\"text-align: justify;\">Avances Fondecyt de Iniciaci\u00f3n \u00abDesarrollando inteligencia en salud p\u00fablica primaria para inmigrantes en Chile: un estudio multi-m\u00e9todos<\/h3>\n<p>Este estudio de cuatro a\u00f1os de duraci\u00f3n (2013-2017) tiene como prop\u00f3sito\u00a0avanzar en el conocimiento actual acerca de la salud, necesidades de salud y uso de\u00a0servicios de atenci\u00f3n primaria por parte de inmigrantes internacionales en Chile.\u00a0Este proyecto ha sido financiado por el fondo nacional Fondecyt de Iniciaci\u00f3n\u00a0n\u00famero 11130042.<\/p>\n<p><strong>Objetivos\u00a0fase cualitativa:<\/strong><\/p>\n<ul>\n<li>Actualizar el conocimiento desarrollado en torno a condiciones de vida\u00a0y salud de inmigrantes internacionales en Chile, a partir de an\u00e1lisis de encuestas\u00a0CASEN 2006 a 2013.<\/li>\n<li>Identificar las condiciones de vida y salud de inmigrantes\u00a0internacionales de las 8 comunas con mayor densidad de poblaci\u00f3n inmigrante en\u00a0Chile, a partir de an\u00e1lisis de encuestas CASEN 2006 a 2013.<\/li>\n<\/ul>\n<p><strong>Objetivos fase cuantitativa:<\/strong><\/p>\n<ul>\n<li>Explorar las necesidades percibidas de salud por parte de inmigrantes\u00a0internacionales de las 8 comunas con mayor densidad de poblaci\u00f3n inmigrante en\u00a0Chile, seg\u00fan la percepci\u00f3n de alcaldes, directores de centros primarios y los mismos\u00a0inmigrantes.<\/li>\n<li>Explorar c\u00f3mo los centros de salud primarias de las 8 comunas con\u00a0mayor densidad de poblaci\u00f3n inmigrante en Chile se han adaptado a las\u00a0necesidades de los inmigrantes<\/li>\n<li>Explorar c\u00f3mo los centros de salud primarias de las 8 comunas con\u00a0mayor densidad de poblaci\u00f3n inmigrante en Chile han evaluado su grado de \u00e9xito\u00a0en la atenci\u00f3n de las necesidades de los inmigrantes<\/li>\n<\/ul>\n<p><strong>Objetivos\u00a0fase integrativa:<\/strong><\/p>\n<ul>\n<li>Integrar los resultados de este estudio (cuantitativos y cualitativos)\u00a0para la elaboraci\u00f3n de recomendaciones para el pa\u00eds y diseminarlas a actores clave.<\/li>\n<\/ul>\n<p style=\"text-align: justify;\"><strong>Participaci\u00f3n en mesa intersectorial de Programa de Salud Migrantes de la\u00a0SEREMI regi\u00f3n metropolitana.\u00a0<\/strong>Este equipo de investigaci\u00f3n es el \u00fanico grupo\u00a0acad\u00e9mico considerado en esta mesa intersectorial (septiembre 2015 en adelante).<\/p>\n<p style=\"text-align: justify;\"><a href=\"http:\/\/medicina.udd.cl\/enfermeria-santiago\/files\/2014\/12\/mesa-seremi.jpg\" rel=\"attachment wp-att-4048\"><img loading=\"lazy\" decoding=\"async\" class=\"size-medium wp-image-4048 aligncenter\" src=\"http:\/\/medicina.udd.cl\/enfermeria-santiago\/files\/2014\/12\/mesa-seremi-300x170.jpg\" alt=\"mesa seremi\" width=\"300\" height=\"170\" srcset=\"https:\/\/medicina.udd.cl\/enfermeria-santiago\/files\/2014\/12\/mesa-seremi-300x170.jpg 300w, https:\/\/medicina.udd.cl\/enfermeria-santiago\/files\/2014\/12\/mesa-seremi-768x436.jpg 768w, https:\/\/medicina.udd.cl\/enfermeria-santiago\/files\/2014\/12\/mesa-seremi-800x450.jpg 800w, https:\/\/medicina.udd.cl\/enfermeria-santiago\/files\/2014\/12\/mesa-seremi.jpg 807w\" sizes=\"auto, (max-width: 300px) 100vw, 300px\" \/><\/a><\/p>\n<p style=\"text-align: justify;\"><strong>Mesa de discusi\u00f3n con RAT nacional (research advisory team) del\u00a0proyecto Fondecyt, <\/strong>en mayo del 2015, para la elaboraci\u00f3n de recomendaciones para\u00a0pol\u00edticas y programas de salud acerca de migrantes internacionales en Chile.<\/p>\n<p style=\"text-align: justify;\"><a href=\"http:\/\/medicina.udd.cl\/enfermeria-santiago\/files\/2014\/12\/Mesa-RAT.jpg\" rel=\"attachment wp-att-4049\"><img loading=\"lazy\" decoding=\"async\" class=\"size-medium wp-image-4049 aligncenter\" src=\"http:\/\/medicina.udd.cl\/enfermeria-santiago\/files\/2014\/12\/Mesa-RAT-300x184.jpg\" alt=\"Mesa RAT\" width=\"300\" height=\"184\" srcset=\"https:\/\/medicina.udd.cl\/enfermeria-santiago\/files\/2014\/12\/Mesa-RAT-300x184.jpg 300w, https:\/\/medicina.udd.cl\/enfermeria-santiago\/files\/2014\/12\/Mesa-RAT-660x407.jpg 660w, https:\/\/medicina.udd.cl\/enfermeria-santiago\/files\/2014\/12\/Mesa-RAT.jpg 665w\" sizes=\"auto, (max-width: 300px) 100vw, 300px\" \/><\/a><\/p>\n<h3 style=\"text-align: justify;\">Otros proyectos\u00a0liderados por el programa<\/h3>\n<ol>\n<li>T\u00edtulo:\u00a0Desarrollando inteligencia\u00a0en salud p\u00fablica primaria para migrantes internacionales en Chile: un\u00a0estudio multi-m\u00e9todos. Financiamiento: Chile Fondecyt N \u00b0 11130042 Colaboradores: Universidad de York, Instituto Bradford\u00a0de investigaci\u00f3n en salud. Prop\u00f3sito: Evaluar cu\u00e1les son las condiciones de salud y\u00a0necesidades de poblaci\u00f3n inmigrante en Chile y en los 8 municipios con mayor densidad de migrantes en Chile y c\u00f3mo se est\u00e1 abordando este tema a nivel de atenci\u00f3n primaria. Duraci\u00f3n: 2013-2017.<\/li>\n<\/ol>\n<ol start=\"2\">\n<li>T\u00edtulo: Acceso y uso efectivo de servicios de salud, pobreza multidimensional y salud auto-reportada en la poblaci\u00f3n adulta en Chile: path analysis. Financiador: Direcci\u00f3n de Investigaci\u00f3n en la UDD. Colaboradores: Universidad de York, Instituto Bradford para de investigaci\u00f3n en salud. Prop\u00f3sito: Evaluar la asociaci\u00f3n entre el acceso efectivo a la asistencia sanitaria, la pobreza multidimensional y el estado de salud auto-reportada en la poblaci\u00f3n adulta en Chile. Duraci\u00f3n: 2016.<\/li>\n<\/ol>\n<ol start=\"3\">\n<li>T\u00edtulo: La vulnerabilidad social y su efecto en\u00a0salud en\u00a0la\u00a0poblaci\u00f3n en Chile: un estudio de participaci\u00f3n-acci\u00f3n. Financiador: Direcci\u00f3n de Investigaci\u00f3n en la UDD y Ministerio de Educaci\u00f3n. Colaboradores: Ministerio de Salud, Ministerio de Educaci\u00f3n, Am\u00e9rica Solidaria, la OPS \/ OMS. Objetivo: Desarrollar un nuevo libro sobre la vulnerabilidad y la salud efectos sociales en Chile a trav\u00e9s de un proceso participativo intersectorial en el pa\u00eds. Duraci\u00f3n: 2015-2016.<\/li>\n<\/ol>\n<ol start=\"4\">\n<li>T\u00edtulo: Conocimiento y actitudes hacia los desastres naturales entre\u00a0migrantes internacionales en Chile: el caso del incendio en Valpara\u00edso 2015. Financiador: Direcci\u00f3n de Investigaci\u00f3n en la UDD. Colaboradores: Universidad de York Prop\u00f3sito: Explorar los conocimientos y las actitudes hacia los desastres naturales entre los inmigrantes internacionales en Chile. Duraci\u00f3n: 2016.<\/li>\n<\/ol>\n<ol start=\"5\">\n<li>T\u00edtulo: Un manual sobre la investigaci\u00f3n traslacional para los estudiantes universitarios de ciencias de la salud en la UDD: un proyecto de participaci\u00f3n-acci\u00f3n. Financiador: Direcci\u00f3n de Investigaci\u00f3n en la UDD. Colaboradores: Universidad de York. Prop\u00f3sito: Para desarrollar un nuevo manual sobre la investigaci\u00f3n traslacional para los estudiantes universitarios de ciencias de la salud en la UDD. Duraci\u00f3n: 2016.<\/li>\n<\/ol>\n<ol start=\"6\">\n<li>T\u00edtulo: La experiencia de \u00abambientes amigables\u00bb dentro de la atenci\u00f3n primaria para las mujeres embarazadas adolescentes en barrios vulnerables de Santiago. Financiador: FONIS Colaboradores: SSMSO. Prop\u00f3sito: Explorar la experiencia de \u00abambientes amigables\u00bb dentro de la atenci\u00f3n primaria para las mujeres embarazadas adolescentes en barrios vulnerables de Santiago. Duraci\u00f3n: 2016-2017.<\/li>\n<\/ol>\n<h3 style=\"text-align: justify;\">Proyectos en los cuales el Programa colabora<\/h3>\n<ol>\n<li>T\u00edtulo: Born In Bradford Cohort Study. Financiadores: El gobierno brit\u00e1nico a trav\u00e9s de diversos funders.\u00a0Colaboradores: m\u00faltiples equipos de investigaci\u00f3n de toda Europa y en el Reino Unido.<\/li>\n<\/ol>\n<ol start=\"2\">\n<li>T\u00edtulo: Proyecto MEDALL: Mecanismos del desarrollo de la alergia Financiadores: Proyecto de colaboraci\u00f3n (integraci\u00f3n a gran escala proyecto de investigaci\u00f3n que incluye 21 diferentes centros de investigaci\u00f3n de toda Europa). Coordinadores en Par\u00eds, Francia: Jean Bousquet y Josep M. Ant\u00f3.<\/li>\n<\/ol>\n<ol start=\"3\">\n<li>T\u00edtulo: Anomal\u00edas cong\u00e9nitas y trastornos del desarrollo: evaluaci\u00f3n de costo-efectividad de las nuevas herramientas de diagn\u00f3stico. Financiador: Fonis Chile.<\/li>\n<\/ol>\n<h3 style=\"text-align: justify;\">Publicaciones cient\u00edficas (2015)<\/h3>\n<h5 style=\"text-align: justify;\">Full papers publicados en revistas Cient\u00edficas<\/h5>\n<ul style=\"text-align: justify;\">\n<li>Mason-Jones A, <strong>Cabieses B<\/strong>. (2015). Alcohol, binge drinking and associated mental health problems in young urban chileans. Plos One. 1;10(4):e0121116.<\/li>\n<li>Farach N, Faba G, Julian S, Mej\u00eda F, <strong>Cabieses B<\/strong>, Cortinois A (2015). Stories from the field: the use of ICT to address public health inequalities in Latin America and the Caribbean. Journal of Medical Internet Research (JMIR) Public Health and Surveillance.1(1):e1<\/li>\n<li>Uphoff EP, <strong>Cabieses B, <\/strong>Pickett KE, Wright J. (2015). International variations in prevalence rates of asthma and allergy are associated with income inequality, not average incomes. J Allergy Clin Immunol. pii: S0091-6749(15) 00181-5.<\/li>\n<li>Dressler C, <strong>Cabieses B <\/strong>(2015) Exploring gender differences in the prevalence of cardiovascular and cerebrovascular disease in Chile: A population-based study. International Journal of Nursing. 3(2), 39-50.<\/li>\n<li>Ferrer L, <strong>Bernales M<\/strong>, Cianelli R, <strong>Cabieses B, <\/strong>Trivi\u00f1o X, Reed R, Irarr\u00e1zabal L, Peragallo N, Norr K (2015). Mano a Mano for Health Professions Students in Chile: A Pilot HIV Prevention Program. J Assoc Nurses AIDS Care. pii: S1055- 3290(15)00123-5<\/li>\n<li><strong>Bernales M, Cabieses B, Obach A<\/strong>, Maturana A. (2015). Translational research in Health topics: A road for pragmatic and interdisciplinary research Carta al editor. Revista M\u00e9dica de Chile.143(1).<\/li>\n<li><strong>Cabieses B<\/strong>, Faba G, et al (2014). Young leaders in public health in Latin America: testimonies from the eSAC project. Carta al editor. Pan American J of Public Health. 36(4):279-8.<\/li>\n<li><strong>Pedrero V, Cabieses B, Bernales M <\/strong>.El potencial de las variables latentes en investigaci\u00f3n en salud. Revista M\u00e9dica de Chile. 2015; 143(6):814-5.<\/li>\n<li><strong>Bernales M, Pedrero V, Obach A, <\/strong>P\u00e9rez C. Cultural Competence in health: an urgent need for health workers. Rev Med Chil. 2015. Mar;143(3):401-2.<\/li>\n<li><strong>Vasquez A <\/strong>&amp; <strong>Cabieses B <\/strong>(2015) Where are vulnerable immigrants located in Chile? A spatial analysis of Census data using an Index of Multiple Deprivation from the last three decades (1992-2012) Plos One (in press)<\/li>\n<li>McEachan R, Prady S, Smith GR, Fairley L, <strong>Cabieses B<\/strong>, Gildow C, Wright J, Dadvand P, Nieuwenhuijsen M. (2015). The association between green space and depressive symptoms in pregnant women: moderating roles of socio-economic status and physical activity Journal of Epidemiology &amp; Community Health pii: jech-2015-205954.<\/li>\n<li><strong>Cabieses B<\/strong>, Cookson R, Espinoza M, Santorelli G, Delgado I (2015). Did socioeconomic inequality in self-reported health in Chile fall after the equity-based healthcare reform of 2005? A concentration index decomposition analysis\u201d Plos One Sep 29;10(9):e0138227.<\/li>\n<li><strong>Cabieses B<\/strong>, Tunstall H &amp; Pickett KE. (2015). Understanding the socioeconomic status of international immigrants in Chile through hierarchical cluster analysis: a population-based study. International Migration; 53(2): 303-320.<\/li>\n<\/ul>\n<h5 style=\"text-align: justify;\">Abstracts de res\u00famenes publicados en revistas Cient\u00edficas<\/h5>\n<ul style=\"text-align: justify;\">\n<li>Zitko P, <strong>Cabieses B <\/strong>(2015). Value in Health (in press). Is spatial segregation by income associated with self-reported disability in Chile? Exploratory analysis using a population-based survey. Value in Health <em>\u03b1<\/em>18 (3), A97<\/li>\n<li>V\u00e1squez A, <strong>Cabieses B, McIntyre AM, Aragay M<\/strong>. (2015). Social and health vulnerability of international immigrants in Chile: preliminary findings from a spatial analysis using 2002-2012 census data. Value in Health <em>\u03b1<\/em>18 (3), A98.<\/li>\n<li><strong>Cabieses B<\/strong>, Delgado I, <strong>Bernales M, Obach A <\/strong>(2015). The relationship between disability and migration status in Chile: preliminary analysis from repeated cross-sectional surveys. Value in Health <em>\u03b1<\/em>18 (3), A98.<\/li>\n<li>V\u00e1squez A, <strong>Cabieses B<\/strong>. (2015). Configuracion Espacial\u00a0de La Vulnerabilidad Social de Inmigrantes Internacionales en Iquique 2002- 2012 y Su Relacion Con La Localizacion de Red de Atencion Primaria de Salud. Value Health. 2015 Nov;18(7):A855.<\/li>\n<li><strong>Cabieses B<\/strong>, Delgado I, <strong>Bernales M, Obach A<\/strong>. (2015). Access to Healthcare Among International Immigrants in Chile: Repeated Cross-Sectional Analysis of Casen Survey 2006-2009-2011. Value Health. 2015 Nov;18(7):A849.<\/li>\n<li>Espinoza MA, <strong>Cabieses B<\/strong>. How to Institutionalize The \u00abKnowledge to Action\u00bb Framework for Health Technology Assessment? Value Health. 2015 Nov;18(7):A569-70.<\/li>\n<\/ul>\n<h4 style=\"text-align: justify;\"><strong>Libros y Cap\u00edtulos de libros <\/strong><\/h4>\n<p style=\"text-align: justify;\"><strong>LIBRO: Cabieses, Bernales, Obach y Pedrero <\/strong>(2016)\u201cVulnerabilidad social en salud por parte de migrantes internacionales en Chile\u201d en <a href=\"http:\/\/medicina.udd.cl\/formulario-libro-vulnerabilidad-social\/\">\u201cVulnerabilidad social y sus efectos en salud en Chile\u201d<\/a>. Universidad del Desarrollo, Organizaci\u00f3n Panamericana de la Salud.<\/p>\n<p style=\"text-align: justify;\"><strong>CAP\u00cdTULO: Cabieses B<\/strong>, Pickett K, Wilkinson R (2016). Impact of socioeconomic inequality on children\u00b4s health. In: Handbook of Economics and Human Biology. Oxford: Oxford University Press. (in press).<\/p>\n<p style=\"text-align: justify;\"><strong>CAP\u00cdTULO: Cabieses B, Bernales M, Obach A, <\/strong>Maturana A. (2015). El modelo de investigaci\u00f3n traslacional: Su aporte y desaf\u00edos para la toma de decisiones en salud. En: Salud: Pol\u00edticas y Paradigmas. Toronto: York University Press.<\/p>\n<h4 style=\"text-align: justify;\"><strong>Presentaciones a congresos y jornadas (sin publicaci\u00f3n en revista cient\u00edfica)<\/strong><\/h4>\n<p style=\"text-align: justify;\"><strong><a href=\"http:\/\/medicina.udd.cl\/enfermeria-santiago\/files\/2014\/12\/Jornadas.jpg\" rel=\"attachment wp-att-4042\"><img loading=\"lazy\" decoding=\"async\" class=\"alignright wp-image-4042\" src=\"http:\/\/medicina.udd.cl\/enfermeria-santiago\/files\/2014\/12\/Jornadas-300x215.jpg\" alt=\"Jornadas\" width=\"250\" height=\"179\" srcset=\"https:\/\/medicina.udd.cl\/enfermeria-santiago\/files\/2014\/12\/Jornadas-300x215.jpg 300w, https:\/\/medicina.udd.cl\/enfermeria-santiago\/files\/2014\/12\/Jornadas-286x205.jpg 286w, https:\/\/medicina.udd.cl\/enfermeria-santiago\/files\/2014\/12\/Jornadas-87x62.jpg 87w, https:\/\/medicina.udd.cl\/enfermeria-santiago\/files\/2014\/12\/Jornadas.jpg 611w\" sizes=\"auto, (max-width: 250px) 100vw, 250px\" \/><\/a>XXXII Jornadas Chilenas de Salud P\u00fablica, que en esta oportunidad y con el lema:\u00a0\u00abLa Salud en una sociedad de derechos\u00bb, noviembre de 2015.<\/strong><\/p>\n<p style=\"text-align: justify;\">El Equipo de Estudios Sociales en Salud present\u00f3 dos trabajos en modalidad oral,\u00a0titulados \u201cDesaf\u00edos de acceso a salud de poblaci\u00f3n migrante de Arica\u201d. Hallazgos\u00a0cualitativos preliminares Proyecto Fondecyt 11130042 \u00a0Desarrollando inteligencia\u00a0en salud p\u00fablica primaria para migrantes internacionales en Chile: un estudio\u00a0multi-m\u00e9todos\u201d, por la docente Macarena Chepo, y \u201cEcuaciones estructurales con\u00a0variables latentes para estudiar la relaci\u00f3n entre salud, acceso y posici\u00f3n\u00a0socioecon\u00f3mica en Chile\u201d, por el docente Victor Pedrero. En modalidad p\u00f3ster se\u00a0present\u00f3 el trabajo titulado \u201cRelaci\u00f3n entre tasa de morbilidad por tumores y\u00a0condici\u00f3n de migrante en Chile seg\u00fan egresos hospitalarios del a\u00f1o 2012\u201d, por\u00a0Marcela Oyarte.<\/p>\n<p>&nbsp;<\/p>\n","protected":false},"excerpt":{"rendered":"<p>Avances Fondecyt de Iniciaci\u00f3n \u00abDesarrollando inteligencia en salud p\u00fablica primaria para inmigrantes en Chile: un estudio multi-m\u00e9todos Este estudio de cuatro a\u00f1os de duraci\u00f3n (2013-2017) tiene como prop\u00f3sito\u00a0avanzar en el conocimiento actual acerca de la salud, necesidades de salud y uso de\u00a0servicios de atenci\u00f3n primaria por parte de inmigrantes internacionales en Chile.\u00a0Este proyecto ha sido [&hellip;]<\/p>\n","protected":false},"author":40,"featured_media":0,"parent":2594,"menu_order":0,"comment_status":"open","ping_status":"open","template":"template-wide-content.php","meta":{"footnotes":""},"class_list":["post-2643","page","type-page","status-publish","hentry"],"yoast_head":"<!-- This site is optimized with the Yoast SEO plugin v26.9 - https:\/\/yoast.com\/product\/yoast-seo-wordpress\/ -->\n<title>\u00c1rea de Investigaci\u00f3n - Enfermer\u00eda UDD<\/title>\n<meta name=\"robots\" content=\"index, follow, max-snippet:-1, max-image-preview:large, max-video-preview:-1\" \/>\n<link rel=\"canonical\" href=\"https:\/\/medicina.udd.cl\/enfermeria-santiago\/equipo-de-investigacion\/area-de-investigacion\/\" \/>\n<meta property=\"og:locale\" content=\"es_ES\" \/>\n<meta property=\"og:type\" content=\"article\" \/>\n<meta property=\"og:title\" content=\"\u00c1rea de Investigaci\u00f3n - Enfermer\u00eda UDD\" \/>\n<meta property=\"og:description\" content=\"Avances Fondecyt de Iniciaci\u00f3n \u00abDesarrollando inteligencia en salud p\u00fablica primaria para inmigrantes en Chile: un estudio multi-m\u00e9todos Este estudio de cuatro a\u00f1os de duraci\u00f3n (2013-2017) tiene como prop\u00f3sito\u00a0avanzar en el conocimiento actual acerca de la salud, necesidades de salud y uso de\u00a0servicios de atenci\u00f3n primaria por parte de inmigrantes internacionales en Chile.\u00a0Este proyecto ha sido [&hellip;]\" \/>\n<meta property=\"og:url\" content=\"https:\/\/medicina.udd.cl\/enfermeria-santiago\/equipo-de-investigacion\/area-de-investigacion\/\" \/>\n<meta property=\"og:site_name\" content=\"Enfermer\u00eda UDD\" \/>\n<meta property=\"article:modified_time\" content=\"2016-08-12T14:19:41+00:00\" \/>\n<meta property=\"og:image\" content=\"http:\/\/medicina.udd.cl\/enfermeria-santiago\/files\/2014\/12\/mesa-seremi-300x170.jpg\" \/>\n<meta name=\"twitter:label1\" content=\"Tiempo de lectura\" \/>\n\t<meta name=\"twitter:data1\" content=\"9 minutos\" \/>\n<script type=\"application\/ld+json\" class=\"yoast-schema-graph\">{\"@context\":\"https:\/\/schema.org\",\"@graph\":[{\"@type\":\"WebPage\",\"@id\":\"https:\/\/medicina.udd.cl\/enfermeria-santiago\/equipo-de-investigacion\/area-de-investigacion\/\",\"url\":\"https:\/\/medicina.udd.cl\/enfermeria-santiago\/equipo-de-investigacion\/area-de-investigacion\/\",\"name\":\"\u00c1rea de Investigaci\u00f3n - Enfermer\u00eda UDD\",\"isPartOf\":{\"@id\":\"https:\/\/medicina.udd.cl\/enfermeria-santiago\/#website\"},\"primaryImageOfPage\":{\"@id\":\"https:\/\/medicina.udd.cl\/enfermeria-santiago\/equipo-de-investigacion\/area-de-investigacion\/#primaryimage\"},\"image\":{\"@id\":\"https:\/\/medicina.udd.cl\/enfermeria-santiago\/equipo-de-investigacion\/area-de-investigacion\/#primaryimage\"},\"thumbnailUrl\":\"http:\/\/medicina.udd.cl\/enfermeria-santiago\/files\/2014\/12\/mesa-seremi-300x170.jpg\",\"datePublished\":\"2014-12-22T20:15:49+00:00\",\"dateModified\":\"2016-08-12T14:19:41+00:00\",\"breadcrumb\":{\"@id\":\"https:\/\/medicina.udd.cl\/enfermeria-santiago\/equipo-de-investigacion\/area-de-investigacion\/#breadcrumb\"},\"inLanguage\":\"es\",\"potentialAction\":[{\"@type\":\"ReadAction\",\"target\":[\"https:\/\/medicina.udd.cl\/enfermeria-santiago\/equipo-de-investigacion\/area-de-investigacion\/\"]}]},{\"@type\":\"ImageObject\",\"inLanguage\":\"es\",\"@id\":\"https:\/\/medicina.udd.cl\/enfermeria-santiago\/equipo-de-investigacion\/area-de-investigacion\/#primaryimage\",\"url\":\"http:\/\/medicina.udd.cl\/enfermeria-santiago\/files\/2014\/12\/mesa-seremi-300x170.jpg\",\"contentUrl\":\"http:\/\/medicina.udd.cl\/enfermeria-santiago\/files\/2014\/12\/mesa-seremi-300x170.jpg\"},{\"@type\":\"BreadcrumbList\",\"@id\":\"https:\/\/medicina.udd.cl\/enfermeria-santiago\/equipo-de-investigacion\/area-de-investigacion\/#breadcrumb\",\"itemListElement\":[{\"@type\":\"ListItem\",\"position\":1,\"name\":\"Home\",\"item\":\"https:\/\/medicina.udd.cl\/enfermeria-santiago\/\"},{\"@type\":\"ListItem\",\"position\":2,\"name\":\"Investigaci\u00f3n\",\"item\":\"https:\/\/medicina.udd.cl\/enfermeria-santiago\/equipo-de-investigacion\/\"},{\"@type\":\"ListItem\",\"position\":3,\"name\":\"\u00c1rea de Investigaci\u00f3n\"}]},{\"@type\":\"WebSite\",\"@id\":\"https:\/\/medicina.udd.cl\/enfermeria-santiago\/#website\",\"url\":\"https:\/\/medicina.udd.cl\/enfermeria-santiago\/\",\"name\":\"Enfermer\u00eda UDD\",\"description\":\"Facultad de Medicina Cl\u00ednica Alemana Universidad del Desarrollo\",\"inLanguage\":\"es\"}]}<\/script>\n<!-- \/ Yoast SEO plugin. -->","yoast_head_json":{"title":"\u00c1rea de Investigaci\u00f3n - Enfermer\u00eda UDD","robots":{"index":"index","follow":"follow","max-snippet":"max-snippet:-1","max-image-preview":"max-image-preview:large","max-video-preview":"max-video-preview:-1"},"canonical":"https:\/\/medicina.udd.cl\/enfermeria-santiago\/equipo-de-investigacion\/area-de-investigacion\/","og_locale":"es_ES","og_type":"article","og_title":"\u00c1rea de Investigaci\u00f3n - Enfermer\u00eda UDD","og_description":"Avances Fondecyt de Iniciaci\u00f3n \u00abDesarrollando inteligencia en salud p\u00fablica primaria para inmigrantes en Chile: un estudio multi-m\u00e9todos Este estudio de cuatro a\u00f1os de duraci\u00f3n (2013-2017) tiene como prop\u00f3sito\u00a0avanzar en el conocimiento actual acerca de la salud, necesidades de salud y uso de\u00a0servicios de atenci\u00f3n primaria por parte de inmigrantes internacionales en Chile.\u00a0Este proyecto ha sido [&hellip;]","og_url":"https:\/\/medicina.udd.cl\/enfermeria-santiago\/equipo-de-investigacion\/area-de-investigacion\/","og_site_name":"Enfermer\u00eda UDD","article_modified_time":"2016-08-12T14:19:41+00:00","og_image":[{"url":"http:\/\/medicina.udd.cl\/enfermeria-santiago\/files\/2014\/12\/mesa-seremi-300x170.jpg","type":"","width":"","height":""}],"twitter_misc":{"Tiempo de lectura":"9 minutos"},"schema":{"@context":"https:\/\/schema.org","@graph":[{"@type":"WebPage","@id":"https:\/\/medicina.udd.cl\/enfermeria-santiago\/equipo-de-investigacion\/area-de-investigacion\/","url":"https:\/\/medicina.udd.cl\/enfermeria-santiago\/equipo-de-investigacion\/area-de-investigacion\/","name":"\u00c1rea de Investigaci\u00f3n - Enfermer\u00eda UDD","isPartOf":{"@id":"https:\/\/medicina.udd.cl\/enfermeria-santiago\/#website"},"primaryImageOfPage":{"@id":"https:\/\/medicina.udd.cl\/enfermeria-santiago\/equipo-de-investigacion\/area-de-investigacion\/#primaryimage"},"image":{"@id":"https:\/\/medicina.udd.cl\/enfermeria-santiago\/equipo-de-investigacion\/area-de-investigacion\/#primaryimage"},"thumbnailUrl":"http:\/\/medicina.udd.cl\/enfermeria-santiago\/files\/2014\/12\/mesa-seremi-300x170.jpg","datePublished":"2014-12-22T20:15:49+00:00","dateModified":"2016-08-12T14:19:41+00:00","breadcrumb":{"@id":"https:\/\/medicina.udd.cl\/enfermeria-santiago\/equipo-de-investigacion\/area-de-investigacion\/#breadcrumb"},"inLanguage":"es","potentialAction":[{"@type":"ReadAction","target":["https:\/\/medicina.udd.cl\/enfermeria-santiago\/equipo-de-investigacion\/area-de-investigacion\/"]}]},{"@type":"ImageObject","inLanguage":"es","@id":"https:\/\/medicina.udd.cl\/enfermeria-santiago\/equipo-de-investigacion\/area-de-investigacion\/#primaryimage","url":"http:\/\/medicina.udd.cl\/enfermeria-santiago\/files\/2014\/12\/mesa-seremi-300x170.jpg","contentUrl":"http:\/\/medicina.udd.cl\/enfermeria-santiago\/files\/2014\/12\/mesa-seremi-300x170.jpg"},{"@type":"BreadcrumbList","@id":"https:\/\/medicina.udd.cl\/enfermeria-santiago\/equipo-de-investigacion\/area-de-investigacion\/#breadcrumb","itemListElement":[{"@type":"ListItem","position":1,"name":"Home","item":"https:\/\/medicina.udd.cl\/enfermeria-santiago\/"},{"@type":"ListItem","position":2,"name":"Investigaci\u00f3n","item":"https:\/\/medicina.udd.cl\/enfermeria-santiago\/equipo-de-investigacion\/"},{"@type":"ListItem","position":3,"name":"\u00c1rea de Investigaci\u00f3n"}]},{"@type":"WebSite","@id":"https:\/\/medicina.udd.cl\/enfermeria-santiago\/#website","url":"https:\/\/medicina.udd.cl\/enfermeria-santiago\/","name":"Enfermer\u00eda UDD","description":"Facultad de Medicina Cl\u00ednica Alemana Universidad del Desarrollo","inLanguage":"es"}]}},"_links":{"self":[{"href":"https:\/\/medicina.udd.cl\/enfermeria-santiago\/wp-json\/wp\/v2\/pages\/2643","targetHints":{"allow":["GET"]}}],"collection":[{"href":"https:\/\/medicina.udd.cl\/enfermeria-santiago\/wp-json\/wp\/v2\/pages"}],"about":[{"href":"https:\/\/medicina.udd.cl\/enfermeria-santiago\/wp-json\/wp\/v2\/types\/page"}],"author":[{"embeddable":true,"href":"https:\/\/medicina.udd.cl\/enfermeria-santiago\/wp-json\/wp\/v2\/users\/40"}],"replies":[{"embeddable":true,"href":"https:\/\/medicina.udd.cl\/enfermeria-santiago\/wp-json\/wp\/v2\/comments?post=2643"}],"version-history":[{"count":33,"href":"https:\/\/medicina.udd.cl\/enfermeria-santiago\/wp-json\/wp\/v2\/pages\/2643\/revisions"}],"predecessor-version":[{"id":4090,"href":"https:\/\/medicina.udd.cl\/enfermeria-santiago\/wp-json\/wp\/v2\/pages\/2643\/revisions\/4090"}],"up":[{"embeddable":true,"href":"https:\/\/medicina.udd.cl\/enfermeria-santiago\/wp-json\/wp\/v2\/pages\/2594"}],"wp:attachment":[{"href":"https:\/\/medicina.udd.cl\/enfermeria-santiago\/wp-json\/wp\/v2\/media?parent=2643"}],"curies":[{"name":"wp","href":"https:\/\/api.w.org\/{rel}","templated":true}]}}