{"id":3980,"date":"2016-08-10T14:24:09","date_gmt":"2016-08-10T18:24:09","guid":{"rendered":"http:\/\/medicina.udd.cl\/enfermeria-santiago\/?page_id=3980"},"modified":"2016-08-12T14:00:52","modified_gmt":"2016-08-12T18:00:52","slug":"area-de-extension-2","status":"publish","type":"page","link":"https:\/\/medicina.udd.cl\/enfermeria-santiago\/equipo-de-investigacion\/area-de-extension-2\/","title":{"rendered":"\u00c1rea de Extensi\u00f3n"},"content":{"rendered":"<p style=\"text-align: justify;\"><strong>Cursos y asesor\u00edas<\/strong><\/p>\n<ul>\n<li style=\"text-align: justify;\">Unidad\u00a0\u201cMedicina basada en Evidencia\u201d, del\u00a0Diplomado en Bio\u00e9tica Asistencial y Medicina basada en Evidencia, dictado\u00a0por el Centro de Bio\u00e9tica de la Facultad de Medicina CAS-UDD para capacitar a\u00a0profesionales de distintas \u00e1reas de la Superintendencia de Salud.<\/li>\n<\/ul>\n<p><a href=\"http:\/\/medicina.udd.cl\/enfermeria-santiago\/files\/2016\/05\/diplomado-bio\u00e9tica.jpg\" rel=\"attachment wp-att-3681\"><img loading=\"lazy\" decoding=\"async\" class=\"wp-image-3681 aligncenter\" src=\"http:\/\/medicina.udd.cl\/enfermeria-santiago\/files\/2016\/05\/diplomado-bio\u00e9tica-300x164.jpg\" alt=\"diplomado bio\u00e9tica\" width=\"250\" height=\"136\" srcset=\"https:\/\/medicina.udd.cl\/enfermeria-santiago\/files\/2016\/05\/diplomado-bio\u00e9tica-300x164.jpg 300w, https:\/\/medicina.udd.cl\/enfermeria-santiago\/files\/2016\/05\/diplomado-bio\u00e9tica.jpg 502w\" sizes=\"auto, (max-width: 250px) 100vw, 250px\" \/><\/a><\/p>\n<ul>\n<li style=\"text-align: justify;\">Proyecto \u201cPlan Inicial de Atenci\u00f3n a Migrantes\u201d.\u00a0Trabajo colaborativo entre el Programa de Estudios Sociales en Salud de la Facultad de Medicina Cl\u00ednica Alemana Universidad del Desarrollo y la Direcci\u00f3n de Salud de la Ilustre Municipalidad de Santiago<\/li>\n<\/ul>\n<p><a href=\"http:\/\/medicina.udd.cl\/enfermeria-santiago\/files\/2016\/05\/Programa-migrantes-2.jpg\" rel=\"attachment wp-att-3697\"><img loading=\"lazy\" decoding=\"async\" class=\"wp-image-3697 aligncenter\" src=\"http:\/\/medicina.udd.cl\/enfermeria-santiago\/files\/2016\/05\/Programa-migrantes-2-300x224.jpg\" alt=\"Programa migrantes 2\" width=\"250\" height=\"187\" srcset=\"https:\/\/medicina.udd.cl\/enfermeria-santiago\/files\/2016\/05\/Programa-migrantes-2-300x224.jpg 300w, https:\/\/medicina.udd.cl\/enfermeria-santiago\/files\/2016\/05\/Programa-migrantes-2-768x575.jpg 768w, https:\/\/medicina.udd.cl\/enfermeria-santiago\/files\/2016\/05\/Programa-migrantes-2.jpg 957w\" sizes=\"auto, (max-width: 250px) 100vw, 250px\" \/><\/a><\/p>\n<ul>\n<li style=\"text-align: justify;\">Curso introductorio sobre revisiones sistem\u00e1ticas, Universidad del Desarrollo.<\/li>\n<\/ul>\n<p><a href=\"http:\/\/medicina.udd.cl\/enfermeria-santiago\/files\/2016\/03\/curso-estudios-sociales-en-salud-2.jpg\" rel=\"attachment wp-att-3512\"><img loading=\"lazy\" decoding=\"async\" class=\"wp-image-3512 aligncenter\" src=\"http:\/\/medicina.udd.cl\/enfermeria-santiago\/files\/2016\/03\/curso-estudios-sociales-en-salud-2-300x187.jpg\" alt=\"curso estudios sociales en salud 2\" width=\"250\" height=\"156\" srcset=\"https:\/\/medicina.udd.cl\/enfermeria-santiago\/files\/2016\/03\/curso-estudios-sociales-en-salud-2-300x187.jpg 300w, https:\/\/medicina.udd.cl\/enfermeria-santiago\/files\/2016\/03\/curso-estudios-sociales-en-salud-2.jpg 723w\" sizes=\"auto, (max-width: 250px) 100vw, 250px\" \/><\/a><\/p>\n<ul>\n<li>Curso \u201cDerechos humanos, determinantes sociales y migraci\u00f3n internacional en programas de Salud: del conocimiento a la acci\u00f3n\u201d, dirigido a funcionarios del Ministerios de Salud.<\/li>\n<\/ul>\n<p><a href=\"http:\/\/medicina.udd.cl\/enfermeria-santiago\/files\/2016\/08\/Curso-Minsal-1.jpg\" rel=\"attachment wp-att-3868\"><img loading=\"lazy\" decoding=\"async\" class=\"aligncenter wp-image-3868\" src=\"http:\/\/medicina.udd.cl\/enfermeria-santiago\/files\/2016\/08\/Curso-Minsal-1-300x225.jpg\" alt=\"Curso Minsal 1\" width=\"250\" height=\"188\" srcset=\"https:\/\/medicina.udd.cl\/enfermeria-santiago\/files\/2016\/08\/Curso-Minsal-1-300x225.jpg 300w, https:\/\/medicina.udd.cl\/enfermeria-santiago\/files\/2016\/08\/Curso-Minsal-1-768x576.jpg 768w, https:\/\/medicina.udd.cl\/enfermeria-santiago\/files\/2016\/08\/Curso-Minsal-1-1024x768.jpg 1024w, https:\/\/medicina.udd.cl\/enfermeria-santiago\/files\/2016\/08\/Curso-Minsal-1-960x720.jpg 960w\" sizes=\"auto, (max-width: 250px) 100vw, 250px\" \/><\/a><\/p>\n<ul style=\"text-align: justify;\">\n<li>Curso determinantes sociales y su aplicaci\u00f3n en la gesti\u00f3n en los servicios de salud y de sus usuarios, Hospital S\u00f3tero del R\u00edo, Servicio de Salud Metropolitano Sur Oriente.<\/li>\n<li style=\"text-align: left;\">Participaci\u00f3n en curso de postgrado Salud de Migrantes en Chile, organizado por la Escuela de Salud P\u00fablica de la Universidad de Chile.<\/li>\n<\/ul>\n<p style=\"text-align: justify;\"><a href=\"http:\/\/medicina.udd.cl\/enfermeria-santiago\/files\/2016\/08\/curso-postgrado.jpg\" rel=\"attachment wp-att-4058\"><img loading=\"lazy\" decoding=\"async\" class=\"wp-image-4058 aligncenter\" src=\"http:\/\/medicina.udd.cl\/enfermeria-santiago\/files\/2016\/08\/curso-postgrado-300x260.jpg\" alt=\"curso postgrado\" width=\"250\" height=\"217\" \/><\/a><\/p>\n<ul style=\"text-align: justify;\">\n<li>Asesor\u00eda a comuna de Isla de Maipo, acerca de encuestas de medici\u00f3n utilizadas en APS. V\u00edctor Pedrero, MSc.<\/li>\n<\/ul>\n<p style=\"text-align: justify;\"><a href=\"http:\/\/medicina.udd.cl\/enfermeria-santiago\/files\/2016\/08\/asesor\u00eda-isla-maipo.jpg\" rel=\"attachment wp-att-4062\"><img loading=\"lazy\" decoding=\"async\" class=\"aligncenter wp-image-4062\" src=\"http:\/\/medicina.udd.cl\/enfermeria-santiago\/files\/2016\/08\/asesor\u00eda-isla-maipo-300x197.jpg\" alt=\"asesor\u00eda isla maipo\" width=\"250\" height=\"164\" srcset=\"https:\/\/medicina.udd.cl\/enfermeria-santiago\/files\/2016\/08\/asesor\u00eda-isla-maipo-300x197.jpg 300w, https:\/\/medicina.udd.cl\/enfermeria-santiago\/files\/2016\/08\/asesor\u00eda-isla-maipo.jpg 581w\" sizes=\"auto, (max-width: 250px) 100vw, 250px\" \/><\/a><\/p>\n<ul style=\"text-align: justify;\">\n<li style=\"text-align: justify;\">Curso manejo integral de heridas en pacientes con Atenci\u00f3n Domiciliaria. Capacitaci\u00f3n certificada por el MINSAL, realizada a distintos profesionales de la salud de la red de atenci\u00f3n primaria en el manejo de heridas con el fin de impulsar el manejo muldisciplinario de heridas. Servicio de Salud Occidente en conjunto con CIRUMED. Dictado por Dra. Camila Pino, parte del Equipo de Estudios Sociales en Salud.<\/li>\n<\/ul>\n<p style=\"text-align: justify;\"><a href=\"http:\/\/medicina.udd.cl\/enfermeria-santiago\/files\/2016\/08\/curso-manejo-de-heridas.jpg\" rel=\"attachment wp-att-4065\"><img loading=\"lazy\" decoding=\"async\" class=\"aligncenter wp-image-4065\" src=\"http:\/\/medicina.udd.cl\/enfermeria-santiago\/files\/2016\/08\/curso-manejo-de-heridas-300x182.jpg\" alt=\"curso manejo de heridas\" width=\"250\" height=\"152\" srcset=\"https:\/\/medicina.udd.cl\/enfermeria-santiago\/files\/2016\/08\/curso-manejo-de-heridas-300x182.jpg 300w, https:\/\/medicina.udd.cl\/enfermeria-santiago\/files\/2016\/08\/curso-manejo-de-heridas.jpg 657w\" sizes=\"auto, (max-width: 250px) 100vw, 250px\" \/><\/a><\/p>\n<ul style=\"text-align: justify;\">\n<li style=\"text-align: justify;\">Asesor\u00eda a Direcci\u00f3n de Atenci\u00f3n Primaria, SSMOccidente, acerca de desigualdad social en salud y competencia cultural en salud.<\/li>\n<\/ul>\n<p style=\"text-align: justify;\"><strong>Seminarios y reuniones cient\u00edficas<\/strong><\/p>\n<ul>\n<li style=\"text-align: justify;\">Presentaci\u00f3n del proyecto Fondecyt 11130042 \u201cDesarrollando inteligencia en salud p\u00fablica primaria para migrantes internacionales en Chile: un estudio multi-m\u00e9todos\u201d en el\u00a0II Encuentro Chileno de Investigadores en Bienestar.<\/li>\n<\/ul>\n<p><a href=\"http:\/\/medicina.udd.cl\/enfermeria-santiago\/files\/2016\/07\/v.-pedrero.jpg\" rel=\"attachment wp-att-3859\"><img loading=\"lazy\" decoding=\"async\" class=\"wp-image-3859 aligncenter\" src=\"http:\/\/medicina.udd.cl\/enfermeria-santiago\/files\/2016\/07\/v.-pedrero-300x201.jpg\" alt=\"v. pedrero\" width=\"250\" height=\"167\" srcset=\"https:\/\/medicina.udd.cl\/enfermeria-santiago\/files\/2016\/07\/v.-pedrero-300x201.jpg 300w, https:\/\/medicina.udd.cl\/enfermeria-santiago\/files\/2016\/07\/v.-pedrero-768x514.jpg 768w, https:\/\/medicina.udd.cl\/enfermeria-santiago\/files\/2016\/07\/v.-pedrero-1024x685.jpg 1024w, https:\/\/medicina.udd.cl\/enfermeria-santiago\/files\/2016\/07\/v.-pedrero-960x642.jpg 960w, https:\/\/medicina.udd.cl\/enfermeria-santiago\/files\/2016\/07\/v.-pedrero.jpg 1088w\" sizes=\"auto, (max-width: 250px) 100vw, 250px\" \/><\/a><\/p>\n<p>&nbsp;<\/p>\n<ul>\n<li>IV Jornada de Adolescencia \u201cDesde la salud a la calidad de vida y bienestar: un nuevo desaf\u00edo en la atenci\u00f3n con adolescentes\u201d, organizada por el Centro de Adolescencia y el Departamento Cient\u00edfico Docente de la Cl\u00ednica Alemana de Santiago.<\/li>\n<\/ul>\n<p><a href=\"http:\/\/medicina.udd.cl\/enfermeria-santiago\/files\/2016\/07\/bernales.jpg\" rel=\"attachment wp-att-3815\"><img loading=\"lazy\" decoding=\"async\" class=\"wp-image-3815 aligncenter\" src=\"http:\/\/medicina.udd.cl\/enfermeria-santiago\/files\/2016\/07\/bernales-300x199.jpg\" alt=\"bernales\" width=\"250\" height=\"166\" srcset=\"https:\/\/medicina.udd.cl\/enfermeria-santiago\/files\/2016\/07\/bernales-300x199.jpg 300w, https:\/\/medicina.udd.cl\/enfermeria-santiago\/files\/2016\/07\/bernales.jpg 462w\" sizes=\"auto, (max-width: 250px) 100vw, 250px\" \/><\/a><\/p>\n<ul>\n<li>Coloquios de Investigaci\u00f3n del Centro MideUC.\u00a0V\u00edctor Pedrero, coordinador de Dise\u00f1o de Proyectos de la carrera de Enfermer\u00eda de la Universidad del Desarrollo, present\u00f3 su estudio \u201cMedici\u00f3n de Invarianza Factorial: an\u00e1lisis de seis escalas de TIMSS 2011\u201d.<\/li>\n<\/ul>\n<p><a href=\"http:\/\/medicina.udd.cl\/enfermeria-santiago\/files\/2016\/05\/victor-pedrero.jpg\" rel=\"attachment wp-att-3692\"><img loading=\"lazy\" decoding=\"async\" class=\"wp-image-3692 aligncenter\" src=\"http:\/\/medicina.udd.cl\/enfermeria-santiago\/files\/2016\/05\/victor-pedrero-300x224.jpg\" alt=\"victor pedrero\" width=\"250\" height=\"187\" srcset=\"https:\/\/medicina.udd.cl\/enfermeria-santiago\/files\/2016\/05\/victor-pedrero-300x224.jpg 300w, https:\/\/medicina.udd.cl\/enfermeria-santiago\/files\/2016\/05\/victor-pedrero-768x574.jpg 768w, https:\/\/medicina.udd.cl\/enfermeria-santiago\/files\/2016\/05\/victor-pedrero-1024x765.jpg 1024w, https:\/\/medicina.udd.cl\/enfermeria-santiago\/files\/2016\/05\/victor-pedrero-960x717.jpg 960w, https:\/\/medicina.udd.cl\/enfermeria-santiago\/files\/2016\/05\/victor-pedrero.jpg 1280w\" sizes=\"auto, (max-width: 250px) 100vw, 250px\" \/><\/a><\/p>\n<ul>\n<li>Primer Congreso Ecuatoriano sobre Salud y Migraci\u00f3n: El Dolor de un Sue\u00f1o. Invitada: B\u00e1ltica Cabieses<a href=\"http:\/\/medicina.udd.cl\/enfermeria-santiago\/files\/2016\/02\/Conferencia-B\u00e1ltica-en-Ecuador-2.jpg\" rel=\"attachment wp-att-3508\"><img loading=\"lazy\" decoding=\"async\" class=\"wp-image-3508 aligncenter\" src=\"http:\/\/medicina.udd.cl\/enfermeria-santiago\/files\/2016\/02\/Conferencia-B\u00e1ltica-en-Ecuador-2-300x163.jpg\" alt=\"Conferencia B\u00e1ltica en Ecuador 2\" width=\"250\" height=\"136\" srcset=\"https:\/\/medicina.udd.cl\/enfermeria-santiago\/files\/2016\/02\/Conferencia-B\u00e1ltica-en-Ecuador-2-300x163.jpg 300w, https:\/\/medicina.udd.cl\/enfermeria-santiago\/files\/2016\/02\/Conferencia-B\u00e1ltica-en-Ecuador-2-768x418.jpg 768w, https:\/\/medicina.udd.cl\/enfermeria-santiago\/files\/2016\/02\/Conferencia-B\u00e1ltica-en-Ecuador-2-1024x557.jpg 1024w, https:\/\/medicina.udd.cl\/enfermeria-santiago\/files\/2016\/02\/Conferencia-B\u00e1ltica-en-Ecuador-2-960x522.jpg 960w, https:\/\/medicina.udd.cl\/enfermeria-santiago\/files\/2016\/02\/Conferencia-B\u00e1ltica-en-Ecuador-2.jpg 1777w\" sizes=\"auto, (max-width: 250px) 100vw, 250px\" \/><\/a><\/li>\n<li>Participaci\u00f3n en jornada de Actividad F\u00edsica, Ejercicio y Deporte en las\u00a0Pol\u00edticas P\u00fablicas de Salud, organizado por la Universidad San Sebasti\u00e1n,\u00a0mediante exposici\u00f3n oral \u201cDeterminantes sociales en Salud y Estilos de Vida\u201d,\u00a0relatada por la Docente e investigadora de la Escuela de Enfermer\u00eda de la\u00a0Universidad de Desarrollo, Margarita Bernales, agosto 2015.<\/li>\n<\/ul>\n<p style=\"text-align: justify;\"><a href=\"http:\/\/medicina.udd.cl\/enfermeria-santiago\/files\/2016\/08\/jornada-u-san-sebastian.jpg\" rel=\"attachment wp-att-4073\"><img loading=\"lazy\" decoding=\"async\" class=\"aligncenter wp-image-4073\" src=\"http:\/\/medicina.udd.cl\/enfermeria-santiago\/files\/2016\/08\/jornada-u-san-sebastian-300x143.jpg\" alt=\"jornada u san sebastian\" width=\"265\" height=\"126\" srcset=\"https:\/\/medicina.udd.cl\/enfermeria-santiago\/files\/2016\/08\/jornada-u-san-sebastian-300x143.jpg 300w, https:\/\/medicina.udd.cl\/enfermeria-santiago\/files\/2016\/08\/jornada-u-san-sebastian.jpg 713w\" sizes=\"auto, (max-width: 265px) 100vw, 265px\" \/><\/a><\/p>\n<ul style=\"text-align: justify;\">\n<li>Presentaci\u00f3n en seminario de RedCiencia de CONICYT acerca de la\u00a0investigaci\u00f3n en Chile, mayo 2015.<\/li>\n<\/ul>\n<p style=\"text-align: justify;\"><a href=\"http:\/\/medicina.udd.cl\/enfermeria-santiago\/files\/2016\/08\/seminario-redciencia.jpg\" rel=\"attachment wp-att-4075\"><img loading=\"lazy\" decoding=\"async\" class=\"aligncenter wp-image-4075\" src=\"http:\/\/medicina.udd.cl\/enfermeria-santiago\/files\/2016\/08\/seminario-redciencia-300x216.jpg\" alt=\"seminario redciencia\" width=\"254\" height=\"183\" srcset=\"https:\/\/medicina.udd.cl\/enfermeria-santiago\/files\/2016\/08\/seminario-redciencia-300x216.jpg 300w, https:\/\/medicina.udd.cl\/enfermeria-santiago\/files\/2016\/08\/seminario-redciencia-286x205.jpg 286w, https:\/\/medicina.udd.cl\/enfermeria-santiago\/files\/2016\/08\/seminario-redciencia-87x62.jpg 87w, https:\/\/medicina.udd.cl\/enfermeria-santiago\/files\/2016\/08\/seminario-redciencia.jpg 534w\" sizes=\"auto, (max-width: 254px) 100vw, 254px\" \/><\/a><\/p>\n<ul style=\"text-align: justify;\">\n<li>Participaci\u00f3n en mesa intersectorial de Programa de Salud Migrantes de la\u00a0SEREMI regi\u00f3n metropolitana. Este equipo de investigaci\u00f3n es el \u00fanico grupo\u00a0acad\u00e9mico considerado en esta mesa intersectorial (septiembre 2015 en\u00a0adelante).<\/li>\n<\/ul>\n<p style=\"text-align: justify;\"><a href=\"http:\/\/medicina.udd.cl\/enfermeria-santiago\/files\/2016\/08\/mesa-seremi.jpg\" rel=\"attachment wp-att-4077\"><img loading=\"lazy\" decoding=\"async\" class=\"alignnone wp-image-4077\" src=\"http:\/\/medicina.udd.cl\/enfermeria-santiago\/files\/2016\/08\/mesa-seremi-300x170.jpg\" alt=\"mesa seremi\" width=\"264\" height=\"150\" srcset=\"https:\/\/medicina.udd.cl\/enfermeria-santiago\/files\/2016\/08\/mesa-seremi-300x170.jpg 300w, https:\/\/medicina.udd.cl\/enfermeria-santiago\/files\/2016\/08\/mesa-seremi-768x436.jpg 768w, https:\/\/medicina.udd.cl\/enfermeria-santiago\/files\/2016\/08\/mesa-seremi-800x450.jpg 800w, https:\/\/medicina.udd.cl\/enfermeria-santiago\/files\/2016\/08\/mesa-seremi.jpg 807w\" sizes=\"auto, (max-width: 264px) 100vw, 264px\" \/><\/a><\/p>\n<ul style=\"text-align: justify;\">\n<li>Presentaci\u00f3n de resultados preliminares del estudio en IX Encuentro Anual\u00a0de la Sociedad Chilena de Medicina Conductual y Psicolog\u00eda de la Salud en el\u00a0seminario \u201cSalud en poblaciones Migrantes\u201d PUC, abril 2015.<\/li>\n<\/ul>\n<p style=\"text-align: justify;\"><a href=\"http:\/\/medicina.udd.cl\/enfermeria-santiago\/files\/2016\/08\/presentacion-PUC.jpg\" rel=\"attachment wp-att-4078\"><img loading=\"lazy\" decoding=\"async\" class=\"aligncenter wp-image-4078\" src=\"http:\/\/medicina.udd.cl\/enfermeria-santiago\/files\/2016\/08\/presentacion-PUC-300x188.jpg\" alt=\"presentacion PUC\" width=\"250\" height=\"157\" srcset=\"https:\/\/medicina.udd.cl\/enfermeria-santiago\/files\/2016\/08\/presentacion-PUC-300x188.jpg 300w, https:\/\/medicina.udd.cl\/enfermeria-santiago\/files\/2016\/08\/presentacion-PUC-768x482.jpg 768w, https:\/\/medicina.udd.cl\/enfermeria-santiago\/files\/2016\/08\/presentacion-PUC-125x80.jpg 125w, https:\/\/medicina.udd.cl\/enfermeria-santiago\/files\/2016\/08\/presentacion-PUC.jpg 849w\" sizes=\"auto, (max-width: 250px) 100vw, 250px\" \/><\/a><\/p>\n<ul style=\"text-align: justify;\">\n<li>Presentaci\u00f3n en Seminario Bioderecho y Salud Medioambiental (2015)\u00a0Alexandra Obach, PhD, B\u00e1ltica Cabieses, PhD.<\/li>\n<\/ul>\n<p style=\"text-align: justify;\"><a href=\"http:\/\/medicina.udd.cl\/enfermeria-santiago\/files\/2016\/08\/presentacion-OByD.jpg\" rel=\"attachment wp-att-4079\"><img loading=\"lazy\" decoding=\"async\" class=\"aligncenter wp-image-4079\" src=\"http:\/\/medicina.udd.cl\/enfermeria-santiago\/files\/2016\/08\/presentacion-OByD-300x166.jpg\" alt=\"presentacion OByD\" width=\"267\" height=\"148\" srcset=\"https:\/\/medicina.udd.cl\/enfermeria-santiago\/files\/2016\/08\/presentacion-OByD-300x166.jpg 300w, https:\/\/medicina.udd.cl\/enfermeria-santiago\/files\/2016\/08\/presentacion-OByD.jpg 574w\" sizes=\"auto, (max-width: 267px) 100vw, 267px\" \/><\/a><\/p>\n<ul style=\"text-align: justify;\">\n<li>Presentaci\u00f3n en Seminario cient\u00edfico Universidad del Desarrollo. Alexandra\u00a0Obach, PhD; Margarita Bernales, PhD, Docentes Investigador Facultad de\u00a0Medicina Universidad del Desarrollo, Santiago, Chile.<\/li>\n<\/ul>\n<p style=\"text-align: justify;\"><a href=\"http:\/\/medicina.udd.cl\/enfermeria-santiago\/files\/2016\/08\/seminario-academico.jpg\" rel=\"attachment wp-att-4080\"><img loading=\"lazy\" decoding=\"async\" class=\"aligncenter wp-image-4080\" src=\"http:\/\/medicina.udd.cl\/enfermeria-santiago\/files\/2016\/08\/seminario-academico-300x190.jpg\" alt=\"seminario academico\" width=\"263\" height=\"167\" srcset=\"https:\/\/medicina.udd.cl\/enfermeria-santiago\/files\/2016\/08\/seminario-academico-300x190.jpg 300w, https:\/\/medicina.udd.cl\/enfermeria-santiago\/files\/2016\/08\/seminario-academico-125x80.jpg 125w, https:\/\/medicina.udd.cl\/enfermeria-santiago\/files\/2016\/08\/seminario-academico.jpg 448w\" sizes=\"auto, (max-width: 263px) 100vw, 263px\" \/><\/a><\/p>\n<ul style=\"text-align: justify;\">\n<li>Participaci\u00f3n en Seminario Salud de migrantes internacionales en Chile,\u00a0Expositores Externos: B\u00e1ltica Cabieses, PhD. Encargada equipo de Estudios\u00a0Sociales de la Salud, Enfermer\u00eda, Facultad de Medicina Cl\u00ednica Alemana-Universidad\u00a0del Desarrollo. Andrea V\u00e1squez, MSc.; Margarita Bernales, PhD; Alexandra<br \/>\nObach, PhD, Docentes investigadoras del equipo de Estudios Sociales de la\u00a0Salud, Enfermer\u00eda, Facultad de Medicina Cl\u00ednica Alemana-Universidad del\u00a0Desarrollo. Sala Alma Ata, Dependencias Ministerio de Salud, noviembre 2015.<\/li>\n<\/ul>\n<p style=\"text-align: justify;\"><a href=\"http:\/\/medicina.udd.cl\/enfermeria-santiago\/files\/2016\/08\/minsal.jpg\" rel=\"attachment wp-att-4081\"><img loading=\"lazy\" decoding=\"async\" class=\"aligncenter wp-image-4081\" src=\"http:\/\/medicina.udd.cl\/enfermeria-santiago\/files\/2016\/08\/minsal-300x174.jpg\" alt=\"minsal\" width=\"266\" height=\"154\" srcset=\"https:\/\/medicina.udd.cl\/enfermeria-santiago\/files\/2016\/08\/minsal-300x174.jpg 300w, https:\/\/medicina.udd.cl\/enfermeria-santiago\/files\/2016\/08\/minsal.jpg 598w\" sizes=\"auto, (max-width: 266px) 100vw, 266px\" \/><\/a><\/p>\n<ul style=\"text-align: justify;\">\n<li>Cierre de a\u00f1o acad\u00e9mico en Cl\u00ednica D\u00e1vila, se certific\u00f3 a los tutores cl\u00ednicos y\u00a0se realiz\u00f3 una clase magistral sobre la competencial cultural en salud, a cargo\u00a0de la docente e investigadora de Enfermer\u00eda Margarita Bernales. Cl\u00ednica\u00a0Davila, campo cl\u00ednico para las \u00e1reas de urgencia e internado hospitalario\u00a0pedi\u00e1trico de la Facultad de Medicina CAS-UDD.<\/li>\n<\/ul>\n<p style=\"text-align: justify;\"><a href=\"http:\/\/medicina.udd.cl\/enfermeria-santiago\/files\/2016\/08\/clinica-davila.jpg\" rel=\"attachment wp-att-4083\"><img loading=\"lazy\" decoding=\"async\" class=\"aligncenter wp-image-4083\" src=\"http:\/\/medicina.udd.cl\/enfermeria-santiago\/files\/2016\/08\/clinica-davila-300x168.jpg\" alt=\"clinica davila\" width=\"263\" height=\"147\" srcset=\"https:\/\/medicina.udd.cl\/enfermeria-santiago\/files\/2016\/08\/clinica-davila-300x168.jpg 300w, https:\/\/medicina.udd.cl\/enfermeria-santiago\/files\/2016\/08\/clinica-davila-768x430.jpg 768w, https:\/\/medicina.udd.cl\/enfermeria-santiago\/files\/2016\/08\/clinica-davila-800x450.jpg 800w, https:\/\/medicina.udd.cl\/enfermeria-santiago\/files\/2016\/08\/clinica-davila.jpg 815w\" sizes=\"auto, (max-width: 263px) 100vw, 263px\" \/><\/a><\/p>\n<ul style=\"text-align: justify;\">\n<li>Presentaci\u00f3n como invitada internacional de IV Jornada Internacional de\u00a0Investigaci\u00f3n, Lima Per\u00fa. Tema: Complejidad en salud.<\/li>\n<\/ul>\n<p style=\"text-align: justify;\"><a href=\"http:\/\/medicina.udd.cl\/enfermeria-santiago\/files\/2016\/08\/per\u00fa.jpg\" rel=\"attachment wp-att-4084\"><img loading=\"lazy\" decoding=\"async\" class=\"aligncenter wp-image-4084\" src=\"http:\/\/medicina.udd.cl\/enfermeria-santiago\/files\/2016\/08\/per\u00fa-300x188.jpg\" alt=\"per\u00fa\" width=\"258\" height=\"161\" srcset=\"https:\/\/medicina.udd.cl\/enfermeria-santiago\/files\/2016\/08\/per\u00fa-300x188.jpg 300w, https:\/\/medicina.udd.cl\/enfermeria-santiago\/files\/2016\/08\/per\u00fa.jpg 719w\" sizes=\"auto, (max-width: 258px) 100vw, 258px\" \/><\/a><\/p>\n<p style=\"text-align: justify;\"><strong>Participaci\u00f3n en Sociedades y grupos cient\u00edficos<\/strong><\/p>\n<ul style=\"text-align: justify;\">\n<li>Red Global de Investigaci\u00f3n en Desigualdad en Salud de la Ni\u00f1ez (INRICH). B\u00e1ltica Cabieses (miembro de la Red).<\/li>\n<li>Comit\u00e9 Asesor del\u00a0Fondo Nacional de Investigaci\u00f3n y Desarrollo en Salud\u00a0(FONIS): B\u00e1ltica Cabieses (miembro del Comit\u00e9)<\/li>\n<li>Programa Atracci\u00f3n e Inserci\u00f3n de Capital Humano Avanzado de Conicyt: B\u00e1ltica Cabieses (evaluadora)<\/li>\n<li>Comit\u00e9 de grupo Medicina Fondecyt Regular: B\u00e1ltica Cabieses (evaluadora externa del grupo de Medicina de los proyectos postulados en el \u00e1rea de salud).<\/li>\n<li>Directorio Sociedad Cient\u00edfica SOCHEPI: Baltica Cabieses, Vicepresidenta de la SOCHEPI desde el a\u00f1o 2014.<\/li>\n<li>Sociedad Chilena de Medicina conductual y Psicolog\u00eda de la Salud:\u00a0Margarita Bernales.<\/li>\n<\/ul>\n<p style=\"text-align: justify;\"><strong>Participaci\u00f3n en Comit\u00e9s organizadores y cient\u00edficos de conferencias internacionales\u00a0<\/strong><\/p>\n<ul style=\"text-align: justify;\">\n<li>Margarita Bernales se desempe\u00f1\u00f3 como miembro del Comit\u00e9 Cient\u00edfico del V Coloquio de Masculinidades, realizado en Santiago de Chile entre los d\u00edas 14 y 16 de enero del 2015.<\/li>\n<li>En la XII Jornada Cient\u00edfica del Instituto de Salud P\u00fablica, B\u00e1ltica Cabieses particip\u00f3 como miembro del comit\u00e9 cient\u00edfico de la XII Jornada cient\u00edfica del ISP.<\/li>\n<li>En el Congreso internacional ISPOR, B\u00e1ltica Cabieses fue evaluadora del comit\u00e9 cient\u00edfico.<\/li>\n<\/ul>\n<p style=\"text-align: justify;\"><strong>Edi<a href=\"http:\/\/medicina.udd.cl\/enfermeria-santiago\/files\/2016\/07\/Portada-Libro-Vulnerabilidad-social-y-su-efecto-en-salud-en-Chile-portada-865x1024.jpg\" rel=\"attachment wp-att-3834\"><img loading=\"lazy\" decoding=\"async\" class=\"alignright wp-image-3834\" src=\"http:\/\/medicina.udd.cl\/enfermeria-santiago\/files\/2016\/07\/Portada-Libro-Vulnerabilidad-social-y-su-efecto-en-salud-en-Chile-portada-865x1024-253x300.jpg\" alt=\"Portada-Libro-Vulnerabilidad-social-y-su-efecto-en-salud-en-Chile-portada-865x1024\" width=\"145\" height=\"172\" srcset=\"https:\/\/medicina.udd.cl\/enfermeria-santiago\/files\/2016\/07\/Portada-Libro-Vulnerabilidad-social-y-su-efecto-en-salud-en-Chile-portada-865x1024-253x300.jpg 253w, https:\/\/medicina.udd.cl\/enfermeria-santiago\/files\/2016\/07\/Portada-Libro-Vulnerabilidad-social-y-su-efecto-en-salud-en-Chile-portada-865x1024-768x909.jpg 768w, https:\/\/medicina.udd.cl\/enfermeria-santiago\/files\/2016\/07\/Portada-Libro-Vulnerabilidad-social-y-su-efecto-en-salud-en-Chile-portada-865x1024.jpg 865w, https:\/\/medicina.udd.cl\/enfermeria-santiago\/files\/2016\/07\/Portada-Libro-Vulnerabilidad-social-y-su-efecto-en-salud-en-Chile-portada-865x1024-220x260.jpg 220w, https:\/\/medicina.udd.cl\/enfermeria-santiago\/files\/2016\/07\/Portada-Libro-Vulnerabilidad-social-y-su-efecto-en-salud-en-Chile-portada-865x1024-811x960.jpg 811w\" sizes=\"auto, (max-width: 145px) 100vw, 145px\" \/><\/a>ci\u00f3n de libro<\/strong><\/p>\n<p style=\"text-align: justify;\">El equipo de Estudios Sociales en Salud edito el Libro <a href=\"http:\/\/medicina.udd.cl\/formulario-libro-vulnerabilidad-social\/\">\u201cVulnerabilidad social y su\u00a0efecto en salud en Chile: desde la comprensi\u00f3n del fen\u00f3meno hacia la\u00a0implementaci\u00f3n de soluciones\u201d<\/a>, el cual recorre las etapas de la vida y las diferentes\u00a0formas en las que el ser humano puede encontrarse en vulnerabilidad y recoge las\u00a0recomendaciones de expertos en cada uno de los cap\u00edtulos redactados por m\u00e1s de\u00a0100 investigadores chilenos especialistas en los temas tratados.<\/p>\n","protected":false},"excerpt":{"rendered":"<p>Cursos y asesor\u00edas Unidad\u00a0\u201cMedicina basada en Evidencia\u201d, del\u00a0Diplomado en Bio\u00e9tica Asistencial y Medicina basada en Evidencia, dictado\u00a0por el Centro de Bio\u00e9tica de la Facultad de Medicina CAS-UDD para capacitar a\u00a0profesionales de distintas \u00e1reas de la Superintendencia de Salud. Proyecto \u201cPlan Inicial de Atenci\u00f3n a Migrantes\u201d.\u00a0Trabajo colaborativo entre el Programa de Estudios Sociales en Salud de [&hellip;]<\/p>\n","protected":false},"author":42,"featured_media":0,"parent":2594,"menu_order":0,"comment_status":"closed","ping_status":"closed","template":"template-wide-content.php","meta":{"footnotes":""},"class_list":["post-3980","page","type-page","status-publish","hentry"],"yoast_head":"<!-- This site is optimized with the Yoast SEO plugin v26.9 - https:\/\/yoast.com\/product\/yoast-seo-wordpress\/ -->\n<title>\u00c1rea de Extensi\u00f3n - Enfermer\u00eda UDD<\/title>\n<meta name=\"robots\" content=\"index, follow, max-snippet:-1, max-image-preview:large, max-video-preview:-1\" \/>\n<link rel=\"canonical\" href=\"https:\/\/medicina.udd.cl\/enfermeria-santiago\/equipo-de-investigacion\/area-de-extension-2\/\" \/>\n<meta property=\"og:locale\" content=\"es_ES\" \/>\n<meta property=\"og:type\" content=\"article\" \/>\n<meta property=\"og:title\" content=\"\u00c1rea de Extensi\u00f3n - Enfermer\u00eda UDD\" \/>\n<meta property=\"og:description\" content=\"Cursos y asesor\u00edas Unidad\u00a0\u201cMedicina basada en Evidencia\u201d, del\u00a0Diplomado en Bio\u00e9tica Asistencial y Medicina basada en Evidencia, dictado\u00a0por el Centro de Bio\u00e9tica de la Facultad de Medicina CAS-UDD para capacitar a\u00a0profesionales de distintas \u00e1reas de la Superintendencia de Salud. Proyecto \u201cPlan Inicial de Atenci\u00f3n a Migrantes\u201d.\u00a0Trabajo colaborativo entre el Programa de Estudios Sociales en Salud de [&hellip;]\" \/>\n<meta property=\"og:url\" content=\"https:\/\/medicina.udd.cl\/enfermeria-santiago\/equipo-de-investigacion\/area-de-extension-2\/\" \/>\n<meta property=\"og:site_name\" content=\"Enfermer\u00eda UDD\" \/>\n<meta property=\"article:modified_time\" content=\"2016-08-12T18:00:52+00:00\" \/>\n<meta property=\"og:image\" content=\"http:\/\/medicina.udd.cl\/enfermeria-santiago\/files\/2016\/05\/Programa-migrantes-2-300x224.jpg\" \/>\n<meta name=\"twitter:label1\" content=\"Tiempo de lectura\" \/>\n\t<meta name=\"twitter:data1\" content=\"5 minutos\" \/>\n<script type=\"application\/ld+json\" class=\"yoast-schema-graph\">{\"@context\":\"https:\/\/schema.org\",\"@graph\":[{\"@type\":\"WebPage\",\"@id\":\"https:\/\/medicina.udd.cl\/enfermeria-santiago\/equipo-de-investigacion\/area-de-extension-2\/\",\"url\":\"https:\/\/medicina.udd.cl\/enfermeria-santiago\/equipo-de-investigacion\/area-de-extension-2\/\",\"name\":\"\u00c1rea de Extensi\u00f3n - Enfermer\u00eda UDD\",\"isPartOf\":{\"@id\":\"https:\/\/medicina.udd.cl\/enfermeria-santiago\/#website\"},\"primaryImageOfPage\":{\"@id\":\"https:\/\/medicina.udd.cl\/enfermeria-santiago\/equipo-de-investigacion\/area-de-extension-2\/#primaryimage\"},\"image\":{\"@id\":\"https:\/\/medicina.udd.cl\/enfermeria-santiago\/equipo-de-investigacion\/area-de-extension-2\/#primaryimage\"},\"thumbnailUrl\":\"http:\/\/medicina.udd.cl\/enfermeria-santiago\/files\/2016\/05\/Programa-migrantes-2-300x224.jpg\",\"datePublished\":\"2016-08-10T18:24:09+00:00\",\"dateModified\":\"2016-08-12T18:00:52+00:00\",\"breadcrumb\":{\"@id\":\"https:\/\/medicina.udd.cl\/enfermeria-santiago\/equipo-de-investigacion\/area-de-extension-2\/#breadcrumb\"},\"inLanguage\":\"es\",\"potentialAction\":[{\"@type\":\"ReadAction\",\"target\":[\"https:\/\/medicina.udd.cl\/enfermeria-santiago\/equipo-de-investigacion\/area-de-extension-2\/\"]}]},{\"@type\":\"ImageObject\",\"inLanguage\":\"es\",\"@id\":\"https:\/\/medicina.udd.cl\/enfermeria-santiago\/equipo-de-investigacion\/area-de-extension-2\/#primaryimage\",\"url\":\"http:\/\/medicina.udd.cl\/enfermeria-santiago\/files\/2016\/05\/Programa-migrantes-2-300x224.jpg\",\"contentUrl\":\"http:\/\/medicina.udd.cl\/enfermeria-santiago\/files\/2016\/05\/Programa-migrantes-2-300x224.jpg\"},{\"@type\":\"BreadcrumbList\",\"@id\":\"https:\/\/medicina.udd.cl\/enfermeria-santiago\/equipo-de-investigacion\/area-de-extension-2\/#breadcrumb\",\"itemListElement\":[{\"@type\":\"ListItem\",\"position\":1,\"name\":\"Home\",\"item\":\"https:\/\/medicina.udd.cl\/enfermeria-santiago\/\"},{\"@type\":\"ListItem\",\"position\":2,\"name\":\"Investigaci\u00f3n\",\"item\":\"https:\/\/medicina.udd.cl\/enfermeria-santiago\/equipo-de-investigacion\/\"},{\"@type\":\"ListItem\",\"position\":3,\"name\":\"\u00c1rea de Extensi\u00f3n\"}]},{\"@type\":\"WebSite\",\"@id\":\"https:\/\/medicina.udd.cl\/enfermeria-santiago\/#website\",\"url\":\"https:\/\/medicina.udd.cl\/enfermeria-santiago\/\",\"name\":\"Enfermer\u00eda UDD\",\"description\":\"Facultad de Medicina Cl\u00ednica Alemana Universidad del Desarrollo\",\"inLanguage\":\"es\"}]}<\/script>\n<!-- \/ Yoast SEO plugin. -->","yoast_head_json":{"title":"\u00c1rea de Extensi\u00f3n - Enfermer\u00eda UDD","robots":{"index":"index","follow":"follow","max-snippet":"max-snippet:-1","max-image-preview":"max-image-preview:large","max-video-preview":"max-video-preview:-1"},"canonical":"https:\/\/medicina.udd.cl\/enfermeria-santiago\/equipo-de-investigacion\/area-de-extension-2\/","og_locale":"es_ES","og_type":"article","og_title":"\u00c1rea de Extensi\u00f3n - Enfermer\u00eda UDD","og_description":"Cursos y asesor\u00edas Unidad\u00a0\u201cMedicina basada en Evidencia\u201d, del\u00a0Diplomado en Bio\u00e9tica Asistencial y Medicina basada en Evidencia, dictado\u00a0por el Centro de Bio\u00e9tica de la Facultad de Medicina CAS-UDD para capacitar a\u00a0profesionales de distintas \u00e1reas de la Superintendencia de Salud. Proyecto \u201cPlan Inicial de Atenci\u00f3n a Migrantes\u201d.\u00a0Trabajo colaborativo entre el Programa de Estudios Sociales en Salud de [&hellip;]","og_url":"https:\/\/medicina.udd.cl\/enfermeria-santiago\/equipo-de-investigacion\/area-de-extension-2\/","og_site_name":"Enfermer\u00eda UDD","article_modified_time":"2016-08-12T18:00:52+00:00","og_image":[{"url":"http:\/\/medicina.udd.cl\/enfermeria-santiago\/files\/2016\/05\/Programa-migrantes-2-300x224.jpg","type":"","width":"","height":""}],"twitter_misc":{"Tiempo de lectura":"5 minutos"},"schema":{"@context":"https:\/\/schema.org","@graph":[{"@type":"WebPage","@id":"https:\/\/medicina.udd.cl\/enfermeria-santiago\/equipo-de-investigacion\/area-de-extension-2\/","url":"https:\/\/medicina.udd.cl\/enfermeria-santiago\/equipo-de-investigacion\/area-de-extension-2\/","name":"\u00c1rea de Extensi\u00f3n - Enfermer\u00eda UDD","isPartOf":{"@id":"https:\/\/medicina.udd.cl\/enfermeria-santiago\/#website"},"primaryImageOfPage":{"@id":"https:\/\/medicina.udd.cl\/enfermeria-santiago\/equipo-de-investigacion\/area-de-extension-2\/#primaryimage"},"image":{"@id":"https:\/\/medicina.udd.cl\/enfermeria-santiago\/equipo-de-investigacion\/area-de-extension-2\/#primaryimage"},"thumbnailUrl":"http:\/\/medicina.udd.cl\/enfermeria-santiago\/files\/2016\/05\/Programa-migrantes-2-300x224.jpg","datePublished":"2016-08-10T18:24:09+00:00","dateModified":"2016-08-12T18:00:52+00:00","breadcrumb":{"@id":"https:\/\/medicina.udd.cl\/enfermeria-santiago\/equipo-de-investigacion\/area-de-extension-2\/#breadcrumb"},"inLanguage":"es","potentialAction":[{"@type":"ReadAction","target":["https:\/\/medicina.udd.cl\/enfermeria-santiago\/equipo-de-investigacion\/area-de-extension-2\/"]}]},{"@type":"ImageObject","inLanguage":"es","@id":"https:\/\/medicina.udd.cl\/enfermeria-santiago\/equipo-de-investigacion\/area-de-extension-2\/#primaryimage","url":"http:\/\/medicina.udd.cl\/enfermeria-santiago\/files\/2016\/05\/Programa-migrantes-2-300x224.jpg","contentUrl":"http:\/\/medicina.udd.cl\/enfermeria-santiago\/files\/2016\/05\/Programa-migrantes-2-300x224.jpg"},{"@type":"BreadcrumbList","@id":"https:\/\/medicina.udd.cl\/enfermeria-santiago\/equipo-de-investigacion\/area-de-extension-2\/#breadcrumb","itemListElement":[{"@type":"ListItem","position":1,"name":"Home","item":"https:\/\/medicina.udd.cl\/enfermeria-santiago\/"},{"@type":"ListItem","position":2,"name":"Investigaci\u00f3n","item":"https:\/\/medicina.udd.cl\/enfermeria-santiago\/equipo-de-investigacion\/"},{"@type":"ListItem","position":3,"name":"\u00c1rea de Extensi\u00f3n"}]},{"@type":"WebSite","@id":"https:\/\/medicina.udd.cl\/enfermeria-santiago\/#website","url":"https:\/\/medicina.udd.cl\/enfermeria-santiago\/","name":"Enfermer\u00eda UDD","description":"Facultad de Medicina Cl\u00ednica Alemana Universidad del Desarrollo","inLanguage":"es"}]}},"_links":{"self":[{"href":"https:\/\/medicina.udd.cl\/enfermeria-santiago\/wp-json\/wp\/v2\/pages\/3980","targetHints":{"allow":["GET"]}}],"collection":[{"href":"https:\/\/medicina.udd.cl\/enfermeria-santiago\/wp-json\/wp\/v2\/pages"}],"about":[{"href":"https:\/\/medicina.udd.cl\/enfermeria-santiago\/wp-json\/wp\/v2\/types\/page"}],"author":[{"embeddable":true,"href":"https:\/\/medicina.udd.cl\/enfermeria-santiago\/wp-json\/wp\/v2\/users\/42"}],"replies":[{"embeddable":true,"href":"https:\/\/medicina.udd.cl\/enfermeria-santiago\/wp-json\/wp\/v2\/comments?post=3980"}],"version-history":[{"count":30,"href":"https:\/\/medicina.udd.cl\/enfermeria-santiago\/wp-json\/wp\/v2\/pages\/3980\/revisions"}],"predecessor-version":[{"id":4099,"href":"https:\/\/medicina.udd.cl\/enfermeria-santiago\/wp-json\/wp\/v2\/pages\/3980\/revisions\/4099"}],"up":[{"embeddable":true,"href":"https:\/\/medicina.udd.cl\/enfermeria-santiago\/wp-json\/wp\/v2\/pages\/2594"}],"wp:attachment":[{"href":"https:\/\/medicina.udd.cl\/enfermeria-santiago\/wp-json\/wp\/v2\/media?parent=3980"}],"curies":[{"name":"wp","href":"https:\/\/api.w.org\/{rel}","templated":true}]}}