{"id":4861,"date":"2017-06-13T11:53:57","date_gmt":"2017-06-13T15:53:57","guid":{"rendered":"http:\/\/medicina.udd.cl\/enfermeria-santiago\/?page_id=4861"},"modified":"2017-06-13T12:21:01","modified_gmt":"2017-06-13T16:21:01","slug":"curso","status":"publish","type":"page","link":"https:\/\/medicina.udd.cl\/enfermeria-santiago\/enfermeria-de-practica-avanzada\/curso\/","title":{"rendered":"Curso"},"content":{"rendered":"<h4 style=\"text-align: center\"><span style=\"color: #008080\">Introducci\u00f3n a la Valoraci\u00f3n Avanzada en Enfermer\u00eda<\/span><\/h4>\n<p style=\"text-align: center\"><strong>17 y 18 de noviembre, 2016<\/strong><\/p>\n<div id=\"gallery-1\" class=\"carousel slide carousel-gallery\" data-ride=\"false\" data-interval=\"false\"><div class=\"carousel-inner\" role=\"listbox\"><figure class=\"carousel-item active\"><img loading=\"lazy\" decoding=\"async\" width=\"801\" height=\"534\" src=\"https:\/\/medicina.udd.cl\/enfermeria-santiago\/files\/2016\/12\/Curso-Enfermer\u00eda-Avanzada-3.jpg\" class=\"attachment-landscape_952 size-landscape_952\" alt=\"\" srcset=\"https:\/\/medicina.udd.cl\/enfermeria-santiago\/files\/2016\/12\/Curso-Enfermer\u00eda-Avanzada-3.jpg 900w, https:\/\/medicina.udd.cl\/enfermeria-santiago\/files\/2016\/12\/Curso-Enfermer\u00eda-Avanzada-3-300x200.jpg 300w, https:\/\/medicina.udd.cl\/enfermeria-santiago\/files\/2016\/12\/Curso-Enfermer\u00eda-Avanzada-3-768x512.jpg 768w\" sizes=\"auto, (max-width: 801px) 100vw, 801px\" \/><\/figure><figure class=\"carousel-item\"><img loading=\"lazy\" decoding=\"async\" width=\"801\" height=\"534\" src=\"https:\/\/medicina.udd.cl\/enfermeria-santiago\/files\/2016\/12\/Curso-Enfermer\u00eda-Avanzada-4.jpg\" class=\"attachment-landscape_952 size-landscape_952\" alt=\"\" srcset=\"https:\/\/medicina.udd.cl\/enfermeria-santiago\/files\/2016\/12\/Curso-Enfermer\u00eda-Avanzada-4.jpg 900w, https:\/\/medicina.udd.cl\/enfermeria-santiago\/files\/2016\/12\/Curso-Enfermer\u00eda-Avanzada-4-300x200.jpg 300w, https:\/\/medicina.udd.cl\/enfermeria-santiago\/files\/2016\/12\/Curso-Enfermer\u00eda-Avanzada-4-768x512.jpg 768w\" sizes=\"auto, (max-width: 801px) 100vw, 801px\" \/><\/figure><figure class=\"carousel-item\"><img loading=\"lazy\" decoding=\"async\" width=\"801\" height=\"534\" src=\"https:\/\/medicina.udd.cl\/enfermeria-santiago\/files\/2016\/12\/Curso-Enfermer\u00eda-Avanzada-8.jpg\" class=\"attachment-landscape_952 size-landscape_952\" alt=\"\" srcset=\"https:\/\/medicina.udd.cl\/enfermeria-santiago\/files\/2016\/12\/Curso-Enfermer\u00eda-Avanzada-8.jpg 900w, https:\/\/medicina.udd.cl\/enfermeria-santiago\/files\/2016\/12\/Curso-Enfermer\u00eda-Avanzada-8-300x200.jpg 300w, https:\/\/medicina.udd.cl\/enfermeria-santiago\/files\/2016\/12\/Curso-Enfermer\u00eda-Avanzada-8-768x512.jpg 768w\" sizes=\"auto, (max-width: 801px) 100vw, 801px\" \/><\/figure><figure class=\"carousel-item\"><img loading=\"lazy\" decoding=\"async\" width=\"801\" height=\"534\" src=\"https:\/\/medicina.udd.cl\/enfermeria-santiago\/files\/2016\/12\/Curso-Enfermer\u00eda-Avanzada-10.jpg\" class=\"attachment-landscape_952 size-landscape_952\" alt=\"\" srcset=\"https:\/\/medicina.udd.cl\/enfermeria-santiago\/files\/2016\/12\/Curso-Enfermer\u00eda-Avanzada-10.jpg 900w, https:\/\/medicina.udd.cl\/enfermeria-santiago\/files\/2016\/12\/Curso-Enfermer\u00eda-Avanzada-10-300x200.jpg 300w, https:\/\/medicina.udd.cl\/enfermeria-santiago\/files\/2016\/12\/Curso-Enfermer\u00eda-Avanzada-10-768x512.jpg 768w\" sizes=\"auto, (max-width: 801px) 100vw, 801px\" \/><\/figure><figure class=\"carousel-item\"><img loading=\"lazy\" decoding=\"async\" width=\"801\" height=\"534\" src=\"https:\/\/medicina.udd.cl\/enfermeria-santiago\/files\/2016\/12\/Curso-Enfermer\u00eda-Avanzada-12.jpg\" class=\"attachment-landscape_952 size-landscape_952\" alt=\"\" srcset=\"https:\/\/medicina.udd.cl\/enfermeria-santiago\/files\/2016\/12\/Curso-Enfermer\u00eda-Avanzada-12.jpg 900w, https:\/\/medicina.udd.cl\/enfermeria-santiago\/files\/2016\/12\/Curso-Enfermer\u00eda-Avanzada-12-300x200.jpg 300w, https:\/\/medicina.udd.cl\/enfermeria-santiago\/files\/2016\/12\/Curso-Enfermer\u00eda-Avanzada-12-768x512.jpg 768w\" sizes=\"auto, (max-width: 801px) 100vw, 801px\" \/><\/figure><figure class=\"carousel-item\"><img loading=\"lazy\" decoding=\"async\" width=\"801\" height=\"534\" src=\"https:\/\/medicina.udd.cl\/enfermeria-santiago\/files\/2016\/12\/Curso-Enfermer\u00eda-Avanzada-13.jpg\" class=\"attachment-landscape_952 size-landscape_952\" alt=\"\" srcset=\"https:\/\/medicina.udd.cl\/enfermeria-santiago\/files\/2016\/12\/Curso-Enfermer\u00eda-Avanzada-13.jpg 900w, https:\/\/medicina.udd.cl\/enfermeria-santiago\/files\/2016\/12\/Curso-Enfermer\u00eda-Avanzada-13-300x200.jpg 300w, https:\/\/medicina.udd.cl\/enfermeria-santiago\/files\/2016\/12\/Curso-Enfermer\u00eda-Avanzada-13-768x512.jpg 768w\" sizes=\"auto, (max-width: 801px) 100vw, 801px\" \/><\/figure><figure class=\"carousel-item\"><img loading=\"lazy\" decoding=\"async\" width=\"801\" height=\"534\" src=\"https:\/\/medicina.udd.cl\/enfermeria-santiago\/files\/2016\/12\/Curso-Enfermer\u00eda-Avanzada-14.jpg\" class=\"attachment-landscape_952 size-landscape_952\" alt=\"\" srcset=\"https:\/\/medicina.udd.cl\/enfermeria-santiago\/files\/2016\/12\/Curso-Enfermer\u00eda-Avanzada-14.jpg 900w, https:\/\/medicina.udd.cl\/enfermeria-santiago\/files\/2016\/12\/Curso-Enfermer\u00eda-Avanzada-14-300x200.jpg 300w, https:\/\/medicina.udd.cl\/enfermeria-santiago\/files\/2016\/12\/Curso-Enfermer\u00eda-Avanzada-14-768x512.jpg 768w\" sizes=\"auto, (max-width: 801px) 100vw, 801px\" \/><\/figure><\/div><footer class=\"carousel-footer\"><div class=\"carousel-counter\"><span class=\"carousel-counter-current\"><\/span> \/ <span class=\"carousel-counter-total\"><\/span><\/div><a class=\"carousel-control-prev\" href=\"#gallery-1\" role=\"button\" data-slide=\"prev\"><svg aria-hidden=\"true\" class=\"svg-chevron-left-dims\"><use xlink:href='https:\/\/medicina.udd.cl\/enfermeria-santiago\/wp-content\/themes\/facultades-2018\/assets\/img\/svg\/dist\/main.svg?version=1695853099#chevron-left'><\/use><\/svg><span class=\"sr-only\">Anterior<\/span><\/a><a class=\"carousel-control-next\" href=\"#gallery-1\" role=\"button\" data-slide=\"next\"><svg aria-hidden=\"true\" class=\"svg-chevron-right-dims\"><use xlink:href='https:\/\/medicina.udd.cl\/enfermeria-santiago\/wp-content\/themes\/facultades-2018\/assets\/img\/svg\/dist\/main.svg?version=1695853099#chevron-right'><\/use><\/svg><span class=\"sr-only\">Siguiente<\/span><\/a><\/footer><\/div>\n<h4><span style=\"color: #008080\">Presentaci\u00f3n<\/span><\/h4>\n<p style=\"text-align: justify\">Curso te\u00f3rico-pr\u00e1ctico, organizado por la carrera de Enfermer\u00eda de la Universidad del Desarrollo, que dict\u00f3 <strong>Claudia Swanton<\/strong>, directora del Programa de Residencia Cl\u00ednica de Enfermeras de Pr\u00e1ctica Avanzada de <em>Mayo School of Health Sciences<\/em> (Rochester).<\/p>\n<p style=\"text-align: justify\">Durante el primer d\u00eda, los inscritos aprendieron c\u00f3mo realizar una buena entrevista a los pacientes para desarrollar su historia cl\u00ednica, adem\u00e1s de la importancia del examen f\u00edsico c\u00e9falo caudal en el contexto de valoraci\u00f3n avanzada y la presentaci\u00f3n del paciente al equipo de salud. Del mismo modo, participaron en talleres sobre problemas agudos, cr\u00f3nicos y de salud mental.<\/p>\n<p style=\"text-align: justify\">Para la segunda jornada, el tema principal fue la evaluaci\u00f3n del sistema cardiovascular, para el que se llevaron a cabo tres actividades pr\u00e1cticas sobre el desarrollo de la evaluaci\u00f3n de soplos cardiacos y sonidos adventicios del coraz\u00f3n.<\/p>\n<h4 style=\"text-align: justify\"><span style=\"color: #008080\">Objetivos<\/span><\/h4>\n<ul>\n<li style=\"text-align: justify\">Introducir al estudiante en las t\u00e9cnicas de entrevista para la construcci\u00f3n de la historia de salud del paciente de forma minuciosa, organizada y completa, en el contexto de la pr\u00e1ctica avanzada<\/li>\n<li style=\"text-align: justify\">Introducir al estudiante a la valoraci\u00f3n avanzada de la persona con problema de salud espec\u00edfico<\/li>\n<li style=\"text-align: justify\">Aplicar las herramientas de la valoraci\u00f3n avanzada de enfermer\u00eda en la persona con problema de salud espec\u00edfico<\/li>\n<\/ul>\n","protected":false},"excerpt":{"rendered":"<p>Introducci\u00f3n a la Valoraci\u00f3n Avanzada en Enfermer\u00eda 17 y 18 de noviembre, 2016 Presentaci\u00f3n Curso te\u00f3rico-pr\u00e1ctico, organizado por la carrera de Enfermer\u00eda de la Universidad del Desarrollo, que dict\u00f3 Claudia Swanton, directora del Programa de Residencia Cl\u00ednica de Enfermeras de Pr\u00e1ctica Avanzada de Mayo School of Health Sciences (Rochester). Durante el primer d\u00eda, los inscritos [&hellip;]<\/p>\n","protected":false},"author":9192192,"featured_media":0,"parent":4863,"menu_order":3,"comment_status":"closed","ping_status":"closed","template":"","meta":{"footnotes":""},"class_list":["post-4861","page","type-page","status-publish","hentry"],"yoast_head":"<!-- This site is optimized with the Yoast SEO plugin v26.9 - https:\/\/yoast.com\/product\/yoast-seo-wordpress\/ -->\n<title>Curso - Enfermer\u00eda UDD<\/title>\n<meta name=\"robots\" content=\"index, follow, max-snippet:-1, max-image-preview:large, max-video-preview:-1\" \/>\n<link rel=\"canonical\" href=\"https:\/\/medicina.udd.cl\/enfermeria-santiago\/enfermeria-de-practica-avanzada\/curso\/\" \/>\n<meta property=\"og:locale\" content=\"es_ES\" \/>\n<meta property=\"og:type\" content=\"article\" \/>\n<meta property=\"og:title\" content=\"Curso - Enfermer\u00eda UDD\" \/>\n<meta property=\"og:description\" content=\"Introducci\u00f3n a la Valoraci\u00f3n Avanzada en Enfermer\u00eda 17 y 18 de noviembre, 2016 Presentaci\u00f3n Curso te\u00f3rico-pr\u00e1ctico, organizado por la carrera de Enfermer\u00eda de la Universidad del Desarrollo, que dict\u00f3 Claudia Swanton, directora del Programa de Residencia Cl\u00ednica de Enfermeras de Pr\u00e1ctica Avanzada de Mayo School of Health Sciences (Rochester). Durante el primer d\u00eda, los inscritos [&hellip;]\" \/>\n<meta property=\"og:url\" content=\"https:\/\/medicina.udd.cl\/enfermeria-santiago\/enfermeria-de-practica-avanzada\/curso\/\" \/>\n<meta property=\"og:site_name\" content=\"Enfermer\u00eda UDD\" \/>\n<meta property=\"article:modified_time\" content=\"2017-06-13T16:21:01+00:00\" \/>\n<meta property=\"og:image\" content=\"https:\/\/medicina.udd.cl\/enfermeria-santiago\/files\/2016\/12\/Curso-Enfermer\u00eda-Avanzada-3.jpg\" \/>\n<meta name=\"twitter:label1\" content=\"Tiempo de lectura\" \/>\n\t<meta name=\"twitter:data1\" content=\"1 minuto\" \/>\n<script type=\"application\/ld+json\" class=\"yoast-schema-graph\">{\"@context\":\"https:\/\/schema.org\",\"@graph\":[{\"@type\":\"WebPage\",\"@id\":\"https:\/\/medicina.udd.cl\/enfermeria-santiago\/enfermeria-de-practica-avanzada\/curso\/\",\"url\":\"https:\/\/medicina.udd.cl\/enfermeria-santiago\/enfermeria-de-practica-avanzada\/curso\/\",\"name\":\"Curso - Enfermer\u00eda UDD\",\"isPartOf\":{\"@id\":\"https:\/\/medicina.udd.cl\/enfermeria-santiago\/#website\"},\"datePublished\":\"2017-06-13T15:53:57+00:00\",\"dateModified\":\"2017-06-13T16:21:01+00:00\",\"breadcrumb\":{\"@id\":\"https:\/\/medicina.udd.cl\/enfermeria-santiago\/enfermeria-de-practica-avanzada\/curso\/#breadcrumb\"},\"inLanguage\":\"es\",\"potentialAction\":[{\"@type\":\"ReadAction\",\"target\":[\"https:\/\/medicina.udd.cl\/enfermeria-santiago\/enfermeria-de-practica-avanzada\/curso\/\"]}]},{\"@type\":\"BreadcrumbList\",\"@id\":\"https:\/\/medicina.udd.cl\/enfermeria-santiago\/enfermeria-de-practica-avanzada\/curso\/#breadcrumb\",\"itemListElement\":[{\"@type\":\"ListItem\",\"position\":1,\"name\":\"Home\",\"item\":\"https:\/\/medicina.udd.cl\/enfermeria-santiago\/\"},{\"@type\":\"ListItem\",\"position\":2,\"name\":\"Enfermer\u00eda de Pr\u00e1ctica Avanzada\",\"item\":\"https:\/\/medicina.udd.cl\/enfermeria-santiago\/enfermeria-de-practica-avanzada\/\"},{\"@type\":\"ListItem\",\"position\":3,\"name\":\"Curso\"}]},{\"@type\":\"WebSite\",\"@id\":\"https:\/\/medicina.udd.cl\/enfermeria-santiago\/#website\",\"url\":\"https:\/\/medicina.udd.cl\/enfermeria-santiago\/\",\"name\":\"Enfermer\u00eda UDD\",\"description\":\"Facultad de Medicina Cl\u00ednica Alemana Universidad del Desarrollo\",\"inLanguage\":\"es\"}]}<\/script>\n<!-- \/ Yoast SEO plugin. -->","yoast_head_json":{"title":"Curso - Enfermer\u00eda UDD","robots":{"index":"index","follow":"follow","max-snippet":"max-snippet:-1","max-image-preview":"max-image-preview:large","max-video-preview":"max-video-preview:-1"},"canonical":"https:\/\/medicina.udd.cl\/enfermeria-santiago\/enfermeria-de-practica-avanzada\/curso\/","og_locale":"es_ES","og_type":"article","og_title":"Curso - Enfermer\u00eda UDD","og_description":"Introducci\u00f3n a la Valoraci\u00f3n Avanzada en Enfermer\u00eda 17 y 18 de noviembre, 2016 Presentaci\u00f3n Curso te\u00f3rico-pr\u00e1ctico, organizado por la carrera de Enfermer\u00eda de la Universidad del Desarrollo, que dict\u00f3 Claudia Swanton, directora del Programa de Residencia Cl\u00ednica de Enfermeras de Pr\u00e1ctica Avanzada de Mayo School of Health Sciences (Rochester). Durante el primer d\u00eda, los inscritos [&hellip;]","og_url":"https:\/\/medicina.udd.cl\/enfermeria-santiago\/enfermeria-de-practica-avanzada\/curso\/","og_site_name":"Enfermer\u00eda UDD","article_modified_time":"2017-06-13T16:21:01+00:00","og_image":[{"url":"https:\/\/medicina.udd.cl\/enfermeria-santiago\/files\/2016\/12\/Curso-Enfermer\u00eda-Avanzada-3.jpg","type":"","width":"","height":""}],"twitter_misc":{"Tiempo de lectura":"1 minuto"},"schema":{"@context":"https:\/\/schema.org","@graph":[{"@type":"WebPage","@id":"https:\/\/medicina.udd.cl\/enfermeria-santiago\/enfermeria-de-practica-avanzada\/curso\/","url":"https:\/\/medicina.udd.cl\/enfermeria-santiago\/enfermeria-de-practica-avanzada\/curso\/","name":"Curso - Enfermer\u00eda UDD","isPartOf":{"@id":"https:\/\/medicina.udd.cl\/enfermeria-santiago\/#website"},"datePublished":"2017-06-13T15:53:57+00:00","dateModified":"2017-06-13T16:21:01+00:00","breadcrumb":{"@id":"https:\/\/medicina.udd.cl\/enfermeria-santiago\/enfermeria-de-practica-avanzada\/curso\/#breadcrumb"},"inLanguage":"es","potentialAction":[{"@type":"ReadAction","target":["https:\/\/medicina.udd.cl\/enfermeria-santiago\/enfermeria-de-practica-avanzada\/curso\/"]}]},{"@type":"BreadcrumbList","@id":"https:\/\/medicina.udd.cl\/enfermeria-santiago\/enfermeria-de-practica-avanzada\/curso\/#breadcrumb","itemListElement":[{"@type":"ListItem","position":1,"name":"Home","item":"https:\/\/medicina.udd.cl\/enfermeria-santiago\/"},{"@type":"ListItem","position":2,"name":"Enfermer\u00eda de Pr\u00e1ctica Avanzada","item":"https:\/\/medicina.udd.cl\/enfermeria-santiago\/enfermeria-de-practica-avanzada\/"},{"@type":"ListItem","position":3,"name":"Curso"}]},{"@type":"WebSite","@id":"https:\/\/medicina.udd.cl\/enfermeria-santiago\/#website","url":"https:\/\/medicina.udd.cl\/enfermeria-santiago\/","name":"Enfermer\u00eda UDD","description":"Facultad de Medicina Cl\u00ednica Alemana Universidad del Desarrollo","inLanguage":"es"}]}},"_links":{"self":[{"href":"https:\/\/medicina.udd.cl\/enfermeria-santiago\/wp-json\/wp\/v2\/pages\/4861","targetHints":{"allow":["GET"]}}],"collection":[{"href":"https:\/\/medicina.udd.cl\/enfermeria-santiago\/wp-json\/wp\/v2\/pages"}],"about":[{"href":"https:\/\/medicina.udd.cl\/enfermeria-santiago\/wp-json\/wp\/v2\/types\/page"}],"author":[{"embeddable":true,"href":"https:\/\/medicina.udd.cl\/enfermeria-santiago\/wp-json\/wp\/v2\/users\/9192192"}],"replies":[{"embeddable":true,"href":"https:\/\/medicina.udd.cl\/enfermeria-santiago\/wp-json\/wp\/v2\/comments?post=4861"}],"version-history":[{"count":5,"href":"https:\/\/medicina.udd.cl\/enfermeria-santiago\/wp-json\/wp\/v2\/pages\/4861\/revisions"}],"predecessor-version":[{"id":4874,"href":"https:\/\/medicina.udd.cl\/enfermeria-santiago\/wp-json\/wp\/v2\/pages\/4861\/revisions\/4874"}],"up":[{"embeddable":true,"href":"https:\/\/medicina.udd.cl\/enfermeria-santiago\/wp-json\/wp\/v2\/pages\/4863"}],"wp:attachment":[{"href":"https:\/\/medicina.udd.cl\/enfermeria-santiago\/wp-json\/wp\/v2\/media?parent=4861"}],"curies":[{"name":"wp","href":"https:\/\/api.w.org\/{rel}","templated":true}]}}