{"id":5149,"date":"2017-11-21T10:16:32","date_gmt":"2017-11-21T13:16:32","guid":{"rendered":"http:\/\/medicina.udd.cl\/enfermeria-santiago\/?page_id=5149"},"modified":"2017-11-27T15:06:46","modified_gmt":"2017-11-27T18:06:46","slug":"iii-seminario-internacional","status":"publish","type":"page","link":"https:\/\/medicina.udd.cl\/enfermeria-santiago\/iii-seminario-internacional\/","title":{"rendered":"III Seminario Internacional"},"content":{"rendered":"<p style=\"text-align: center\"><strong><span style=\"color: #008080\">\u201cCUIDADO AVANZADO EN ENFERMER\u00cdA: UN DESAF\u00cdO HACIA LA EXCELENCIA DEL CUIDAR\u201d<\/span><\/strong><\/p>\n<p style=\"text-align: center\">16 de noviembre 2017<\/p>\n<div id=\"gallery-1\" class=\"carousel slide carousel-gallery\" data-ride=\"false\" data-interval=\"false\"><div class=\"carousel-inner\" role=\"listbox\"><figure class=\"carousel-item active\"><img loading=\"lazy\" decoding=\"async\" width=\"712\" height=\"534\" src=\"https:\/\/medicina.udd.cl\/enfermeria-santiago\/files\/2017\/11\/IMG_0968.jpg\" class=\"attachment-landscape_952 size-landscape_952\" alt=\"\" srcset=\"https:\/\/medicina.udd.cl\/enfermeria-santiago\/files\/2017\/11\/IMG_0968.jpg 4608w, https:\/\/medicina.udd.cl\/enfermeria-santiago\/files\/2017\/11\/IMG_0968-300x225.jpg 300w, https:\/\/medicina.udd.cl\/enfermeria-santiago\/files\/2017\/11\/IMG_0968-768x576.jpg 768w, https:\/\/medicina.udd.cl\/enfermeria-santiago\/files\/2017\/11\/IMG_0968-1024x768.jpg 1024w, https:\/\/medicina.udd.cl\/enfermeria-santiago\/files\/2017\/11\/IMG_0968-960x720.jpg 960w\" sizes=\"auto, (max-width: 712px) 100vw, 712px\" \/><\/figure><figure class=\"carousel-item\"><img loading=\"lazy\" decoding=\"async\" width=\"712\" height=\"534\" src=\"https:\/\/medicina.udd.cl\/enfermeria-santiago\/files\/2017\/11\/IMG_1006.jpg\" class=\"attachment-landscape_952 size-landscape_952\" alt=\"\" srcset=\"https:\/\/medicina.udd.cl\/enfermeria-santiago\/files\/2017\/11\/IMG_1006.jpg 4608w, https:\/\/medicina.udd.cl\/enfermeria-santiago\/files\/2017\/11\/IMG_1006-300x225.jpg 300w, https:\/\/medicina.udd.cl\/enfermeria-santiago\/files\/2017\/11\/IMG_1006-768x576.jpg 768w, https:\/\/medicina.udd.cl\/enfermeria-santiago\/files\/2017\/11\/IMG_1006-1024x768.jpg 1024w, https:\/\/medicina.udd.cl\/enfermeria-santiago\/files\/2017\/11\/IMG_1006-960x720.jpg 960w\" sizes=\"auto, (max-width: 712px) 100vw, 712px\" \/><\/figure><figure class=\"carousel-item\"><img loading=\"lazy\" decoding=\"async\" width=\"712\" height=\"534\" src=\"https:\/\/medicina.udd.cl\/enfermeria-santiago\/files\/2017\/11\/IMG_0994.jpg\" class=\"attachment-landscape_952 size-landscape_952\" alt=\"\" srcset=\"https:\/\/medicina.udd.cl\/enfermeria-santiago\/files\/2017\/11\/IMG_0994.jpg 4608w, https:\/\/medicina.udd.cl\/enfermeria-santiago\/files\/2017\/11\/IMG_0994-300x225.jpg 300w, https:\/\/medicina.udd.cl\/enfermeria-santiago\/files\/2017\/11\/IMG_0994-768x576.jpg 768w, https:\/\/medicina.udd.cl\/enfermeria-santiago\/files\/2017\/11\/IMG_0994-1024x768.jpg 1024w, https:\/\/medicina.udd.cl\/enfermeria-santiago\/files\/2017\/11\/IMG_0994-960x720.jpg 960w\" sizes=\"auto, (max-width: 712px) 100vw, 712px\" \/><\/figure><figure class=\"carousel-item\"><img loading=\"lazy\" decoding=\"async\" width=\"712\" height=\"534\" src=\"https:\/\/medicina.udd.cl\/enfermeria-santiago\/files\/2017\/11\/IMG_1015.jpg\" class=\"attachment-landscape_952 size-landscape_952\" alt=\"\" srcset=\"https:\/\/medicina.udd.cl\/enfermeria-santiago\/files\/2017\/11\/IMG_1015.jpg 4608w, https:\/\/medicina.udd.cl\/enfermeria-santiago\/files\/2017\/11\/IMG_1015-300x225.jpg 300w, https:\/\/medicina.udd.cl\/enfermeria-santiago\/files\/2017\/11\/IMG_1015-768x576.jpg 768w, https:\/\/medicina.udd.cl\/enfermeria-santiago\/files\/2017\/11\/IMG_1015-1024x768.jpg 1024w, https:\/\/medicina.udd.cl\/enfermeria-santiago\/files\/2017\/11\/IMG_1015-960x720.jpg 960w\" sizes=\"auto, (max-width: 712px) 100vw, 712px\" \/><\/figure><figure class=\"carousel-item\"><img loading=\"lazy\" decoding=\"async\" width=\"712\" height=\"534\" src=\"https:\/\/medicina.udd.cl\/enfermeria-santiago\/files\/2017\/11\/IMG_1024.jpg\" class=\"attachment-landscape_952 size-landscape_952\" alt=\"\" srcset=\"https:\/\/medicina.udd.cl\/enfermeria-santiago\/files\/2017\/11\/IMG_1024.jpg 4608w, https:\/\/medicina.udd.cl\/enfermeria-santiago\/files\/2017\/11\/IMG_1024-300x225.jpg 300w, https:\/\/medicina.udd.cl\/enfermeria-santiago\/files\/2017\/11\/IMG_1024-768x576.jpg 768w, https:\/\/medicina.udd.cl\/enfermeria-santiago\/files\/2017\/11\/IMG_1024-1024x768.jpg 1024w, https:\/\/medicina.udd.cl\/enfermeria-santiago\/files\/2017\/11\/IMG_1024-960x720.jpg 960w\" sizes=\"auto, (max-width: 712px) 100vw, 712px\" \/><\/figure><figure class=\"carousel-item\"><img loading=\"lazy\" decoding=\"async\" width=\"712\" height=\"534\" src=\"https:\/\/medicina.udd.cl\/enfermeria-santiago\/files\/2017\/11\/IMG_1036.jpg\" class=\"attachment-landscape_952 size-landscape_952\" alt=\"\" srcset=\"https:\/\/medicina.udd.cl\/enfermeria-santiago\/files\/2017\/11\/IMG_1036.jpg 4608w, https:\/\/medicina.udd.cl\/enfermeria-santiago\/files\/2017\/11\/IMG_1036-300x225.jpg 300w, https:\/\/medicina.udd.cl\/enfermeria-santiago\/files\/2017\/11\/IMG_1036-768x576.jpg 768w, https:\/\/medicina.udd.cl\/enfermeria-santiago\/files\/2017\/11\/IMG_1036-1024x768.jpg 1024w, https:\/\/medicina.udd.cl\/enfermeria-santiago\/files\/2017\/11\/IMG_1036-960x720.jpg 960w\" sizes=\"auto, (max-width: 712px) 100vw, 712px\" \/><\/figure><\/div><footer class=\"carousel-footer\"><div class=\"carousel-counter\"><span class=\"carousel-counter-current\"><\/span> \/ <span class=\"carousel-counter-total\"><\/span><\/div><a class=\"carousel-control-prev\" href=\"#gallery-1\" role=\"button\" data-slide=\"prev\"><svg aria-hidden=\"true\" class=\"svg-chevron-left-dims\"><use xlink:href='https:\/\/medicina.udd.cl\/enfermeria-santiago\/wp-content\/themes\/facultades-2018\/assets\/img\/svg\/dist\/main.svg?version=1695853099#chevron-left'><\/use><\/svg><span class=\"sr-only\">Anterior<\/span><\/a><a class=\"carousel-control-next\" href=\"#gallery-1\" role=\"button\" data-slide=\"next\"><svg aria-hidden=\"true\" class=\"svg-chevron-right-dims\"><use xlink:href='https:\/\/medicina.udd.cl\/enfermeria-santiago\/wp-content\/themes\/facultades-2018\/assets\/img\/svg\/dist\/main.svg?version=1695853099#chevron-right'><\/use><\/svg><span class=\"sr-only\">Siguiente<\/span><\/a><\/footer><\/div>\n<p style=\"text-align: justify\">El tercer \u201cSeminario Internacional Cuidado Avanzado en Enfermer\u00eda: Un desaf\u00edo hacia la excelencia del cuidar\u00bb, comenz\u00f3 con las palabras de bienvenida de la Vicedecana de las carreras de la salud Liliana Jadue, quien reconoci\u00f3 el aporte de las enfermeras de pr\u00e1ctica avanzada al campo de la salud como un importante agente de cambio que debiese servir de ejemplo en otras \u00e1reas de la medicina.<\/p>\n<p style=\"text-align: justify\">La primera exposici\u00f3n de la jornada estuvo a cargo de la Directora de la carrera de enfermer\u00eda, Claudia P\u00e9rez, quien explic\u00f3 los conceptos de enfermer\u00eda de pr\u00e1ctica avanzada, el rol expansivo de la formaci\u00f3n de los profesionales y el marco legal chileno, apto para la realizaci\u00f3n de esta disciplina.<\/p>\n<p style=\"text-align: justify\">\u00abLas enfermeras de pr\u00e1ctica avanzada son m\u00e1s que una especialidad, son enfermeras que tienen preparaci\u00f3n de postgrado, que agregan otras habilidades y responsabilidades al ejercicio profesional, ah\u00ed est\u00e1 el rol expandido, en potenciar a la enfermera y que no solo asuma otras funciones\u201d, precis\u00f3.<\/p>\n<p style=\"text-align: justify\">La docente adem\u00e1s destac\u00f3 la importancia de ser reconocidas por su labor en la calidad del cuidado del paciente, \u201cque nos reconozcan por lo que hacemos, no por el color de nuestro uniforme, porque mediante la pr\u00e1ctica avanzada hacemos nuestro trabajo cada d\u00eda mejor, brindando un cuidado de la m\u00e1s alta calidad\u201d finaliz\u00f3 P\u00e9rez.<\/p>\n<p style=\"text-align: justify\">Por videoconferencia se realiz\u00f3 la exposici\u00f3n de Claudia Swanton, pionera en pr\u00e1ctica avanzada de la Cl\u00ednica Mayo, refiri\u00e9ndose al aporte de la telemedicina a la pr\u00e1ctica avanzada, de su uso como medio de consulta en zonas de aislamiento geogr\u00e1fico, comunidades marginales, c\u00e1rceles y otros, y de c\u00f3mo es posible combinar las diferentes ramas de la medicina con la tecnolog\u00eda.<\/p>\n<p style=\"text-align: justify\">Continu\u00f3 exponiendo B\u00e1ltica\u00a0Cabieses, EM., MgE., PhD in Health Sciences de la Facultad de Medicina Cl\u00ednica Alemana Universidad del Desarrollo, quien habl\u00f3 desde la investigaci\u00f3n sobre la oportunidad del cuidado avanzado de enfermer\u00eda en personas migrantes internacionales.<\/p>\n<p style=\"text-align: justify\">Durante la tarde tambi\u00e9n se realiz\u00f3 la charla de\u00a0V\u00edctor\u00a0Pedrero,<strong>\u00a0<\/strong>ENF., MgM de la\u00a0Facultad de Medicina Cl\u00ednica Alemana Universidad del Desarrollo.<\/p>\n<table width=\"699\">\n<tbody>\n<tr>\n<td colspan=\"3\" width=\"699\">\n<p style=\"text-align: center\"><strong>PROGRAMA DE ACTIVIDADES<\/strong><\/p>\n<\/td>\n<\/tr>\n<tr>\n<td width=\"104\"><strong>Horario<\/strong><\/td>\n<td width=\"265\">\n<p style=\"text-align: center\"><strong>Actividad<\/strong><\/p>\n<\/td>\n<td width=\"331\">\n<p style=\"text-align: center\"><strong>Expositor<\/strong><\/p>\n<\/td>\n<\/tr>\n<tr>\n<td width=\"104\">13:30-14:00<\/td>\n<td width=\"265\">\n<p style=\"text-align: center\">Inscripciones<\/p>\n<\/td>\n<td width=\"331\">&nbsp;<\/td>\n<\/tr>\n<tr>\n<td width=\"104\">14:00-14:10<\/td>\n<td width=\"265\">\n<p style=\"text-align: center\">Palabras de bienvenida<\/p>\n<\/td>\n<td width=\"331\"><strong>Dra. Liliana Jadue.\u00a0 <\/strong>Vicedecana Carreras de la Salud, Facultad de Medicina Cl\u00ednica Alemana-Universidad del Desarrollo.<\/td>\n<\/tr>\n<tr>\n<td width=\"104\">14:10-14:45<\/td>\n<td width=\"265\">\n<p style=\"text-align: center\">Conferencia: Desaf\u00edos de la enfermer\u00eda de pr\u00e1ctica avanzada.<\/p>\n<\/td>\n<td width=\"331\"><strong>Claudia P\u00e9rez, <\/strong>EM.\u00a0 Mg.Ps., Directora Carrera de Enfermer\u00eda, Facultad de Medicina Cl\u00ednica Alemana- Universidad del Desarrollo.<\/td>\n<\/tr>\n<tr>\n<td width=\"104\">14:45-15:30<\/td>\n<td width=\"265\">\n<p style=\"text-align: center\">Conferencia: Aporte de la telemedicina a la Enfermer\u00eda de Pr\u00e1ctica Avanzada.<\/p>\n<\/td>\n<td width=\"331\"><strong>Claudia L. Swanton<\/strong>, APRN, CNP, DNP. Directora del programa de <em>Nurse Practitioner<\/em>, Mayo School of Health Sciences, Mayo Clinic College of Medicine, Rochester, MN.<\/td>\n<\/tr>\n<tr>\n<td width=\"104\">15:30-16:15<\/td>\n<td width=\"265\">\n<p style=\"text-align: center\"><em>Conferencia: <\/em>Innovaci\u00f3n en salud y traslaci\u00f3n del conocimiento para fortalecer la Enfermer\u00eda de Practica Avanzada.<\/p>\n<\/td>\n<td width=\"331\">\n<h5>B\u00e1ltica Cabieses, EM., MgE., PhD, Profesora Titular y Directora del Programa de Estudios Sociales en Salud. Facultad de Medicina Cl\u00ednica Alemana-Universidad del Desarrollo.<\/h5>\n<\/td>\n<\/tr>\n<tr>\n<td width=\"104\">16:15-16:45<\/td>\n<td width=\"265\"><strong>Coffee Break<\/strong><\/td>\n<td width=\"331\">\n<h5><\/h5>\n<\/td>\n<\/tr>\n<tr>\n<td width=\"104\">16:45 -17:30<\/td>\n<td width=\"265\">\n<p style=\"text-align: center\"><em>Conferencia:<\/em> Competencia Cultural en el perfil de egreso de la Enfermera de Pr\u00e1ctica Avanzada<\/p>\n<\/td>\n<td width=\"331\"><strong>V\u00edctor Pedrero, <\/strong>ENF., MgM., Profesor Asistente, Carrera de Enfermer\u00eda, e Investigador del Programa de Estudios Sociales en Salud. Facultad de Medicina Cl\u00ednica Alemana-Universidad del Desarrollo.<\/td>\n<\/tr>\n<tr>\n<td width=\"104\">17:30-18:00<\/td>\n<td width=\"265\">\n<p style=\"text-align: center\">Palabras de cierre<\/p>\n<\/td>\n<td width=\"331\"><strong>ENF. Claudia P\u00e9rez.<\/strong> EM.\u00a0 Mg.Ps., Directora Carrera de Enfermer\u00eda, Facultad de Medicina Cl\u00ednica Alemana- Universidad del Desarrollo.<\/td>\n<\/tr>\n<\/tbody>\n<\/table>\n","protected":false},"excerpt":{"rendered":"<p>\u201cCUIDADO AVANZADO EN ENFERMER\u00cdA: UN DESAF\u00cdO HACIA LA EXCELENCIA DEL CUIDAR\u201d 16 de noviembre 2017 El tercer \u201cSeminario Internacional Cuidado Avanzado en Enfermer\u00eda: Un desaf\u00edo hacia la excelencia del cuidar\u00bb, comenz\u00f3 con las palabras de bienvenida de la Vicedecana de las carreras de la salud Liliana Jadue, quien reconoci\u00f3 el aporte de las enfermeras de [&hellip;]<\/p>\n","protected":false},"author":9192210,"featured_media":0,"parent":0,"menu_order":0,"comment_status":"closed","ping_status":"closed","template":"","meta":{"footnotes":""},"class_list":["post-5149","page","type-page","status-publish","hentry"],"yoast_head":"<!-- This site is optimized with the Yoast SEO plugin v26.9 - https:\/\/yoast.com\/product\/yoast-seo-wordpress\/ -->\n<title>III Seminario Internacional - Enfermer\u00eda UDD<\/title>\n<meta name=\"robots\" content=\"index, follow, max-snippet:-1, max-image-preview:large, max-video-preview:-1\" \/>\n<link rel=\"canonical\" href=\"https:\/\/medicina.udd.cl\/enfermeria-santiago\/iii-seminario-internacional\/\" \/>\n<meta property=\"og:locale\" content=\"es_ES\" \/>\n<meta property=\"og:type\" content=\"article\" \/>\n<meta property=\"og:title\" content=\"III Seminario Internacional - Enfermer\u00eda UDD\" \/>\n<meta property=\"og:description\" content=\"\u201cCUIDADO AVANZADO EN ENFERMER\u00cdA: UN DESAF\u00cdO HACIA LA EXCELENCIA DEL CUIDAR\u201d 16 de noviembre 2017 El tercer \u201cSeminario Internacional Cuidado Avanzado en Enfermer\u00eda: Un desaf\u00edo hacia la excelencia del cuidar\u00bb, comenz\u00f3 con las palabras de bienvenida de la Vicedecana de las carreras de la salud Liliana Jadue, quien reconoci\u00f3 el aporte de las enfermeras de [&hellip;]\" \/>\n<meta property=\"og:url\" content=\"https:\/\/medicina.udd.cl\/enfermeria-santiago\/iii-seminario-internacional\/\" \/>\n<meta property=\"og:site_name\" content=\"Enfermer\u00eda UDD\" \/>\n<meta property=\"article:modified_time\" content=\"2017-11-27T18:06:46+00:00\" \/>\n<meta property=\"og:image\" content=\"https:\/\/medicina.udd.cl\/enfermeria-santiago\/files\/2017\/11\/IMG_0968.jpg\" \/>\n<meta name=\"twitter:label1\" content=\"Tiempo de lectura\" \/>\n\t<meta name=\"twitter:data1\" content=\"3 minutos\" \/>\n<script type=\"application\/ld+json\" class=\"yoast-schema-graph\">{\"@context\":\"https:\/\/schema.org\",\"@graph\":[{\"@type\":\"WebPage\",\"@id\":\"https:\/\/medicina.udd.cl\/enfermeria-santiago\/iii-seminario-internacional\/\",\"url\":\"https:\/\/medicina.udd.cl\/enfermeria-santiago\/iii-seminario-internacional\/\",\"name\":\"III Seminario Internacional - Enfermer\u00eda UDD\",\"isPartOf\":{\"@id\":\"https:\/\/medicina.udd.cl\/enfermeria-santiago\/#website\"},\"datePublished\":\"2017-11-21T13:16:32+00:00\",\"dateModified\":\"2017-11-27T18:06:46+00:00\",\"breadcrumb\":{\"@id\":\"https:\/\/medicina.udd.cl\/enfermeria-santiago\/iii-seminario-internacional\/#breadcrumb\"},\"inLanguage\":\"es\",\"potentialAction\":[{\"@type\":\"ReadAction\",\"target\":[\"https:\/\/medicina.udd.cl\/enfermeria-santiago\/iii-seminario-internacional\/\"]}]},{\"@type\":\"BreadcrumbList\",\"@id\":\"https:\/\/medicina.udd.cl\/enfermeria-santiago\/iii-seminario-internacional\/#breadcrumb\",\"itemListElement\":[{\"@type\":\"ListItem\",\"position\":1,\"name\":\"Home\",\"item\":\"https:\/\/medicina.udd.cl\/enfermeria-santiago\/\"},{\"@type\":\"ListItem\",\"position\":2,\"name\":\"III Seminario Internacional\"}]},{\"@type\":\"WebSite\",\"@id\":\"https:\/\/medicina.udd.cl\/enfermeria-santiago\/#website\",\"url\":\"https:\/\/medicina.udd.cl\/enfermeria-santiago\/\",\"name\":\"Enfermer\u00eda UDD\",\"description\":\"Facultad de Medicina Cl\u00ednica Alemana Universidad del Desarrollo\",\"inLanguage\":\"es\"}]}<\/script>\n<!-- \/ Yoast SEO plugin. -->","yoast_head_json":{"title":"III Seminario Internacional - Enfermer\u00eda UDD","robots":{"index":"index","follow":"follow","max-snippet":"max-snippet:-1","max-image-preview":"max-image-preview:large","max-video-preview":"max-video-preview:-1"},"canonical":"https:\/\/medicina.udd.cl\/enfermeria-santiago\/iii-seminario-internacional\/","og_locale":"es_ES","og_type":"article","og_title":"III Seminario Internacional - Enfermer\u00eda UDD","og_description":"\u201cCUIDADO AVANZADO EN ENFERMER\u00cdA: UN DESAF\u00cdO HACIA LA EXCELENCIA DEL CUIDAR\u201d 16 de noviembre 2017 El tercer \u201cSeminario Internacional Cuidado Avanzado en Enfermer\u00eda: Un desaf\u00edo hacia la excelencia del cuidar\u00bb, comenz\u00f3 con las palabras de bienvenida de la Vicedecana de las carreras de la salud Liliana Jadue, quien reconoci\u00f3 el aporte de las enfermeras de [&hellip;]","og_url":"https:\/\/medicina.udd.cl\/enfermeria-santiago\/iii-seminario-internacional\/","og_site_name":"Enfermer\u00eda UDD","article_modified_time":"2017-11-27T18:06:46+00:00","og_image":[{"url":"https:\/\/medicina.udd.cl\/enfermeria-santiago\/files\/2017\/11\/IMG_0968.jpg","type":"","width":"","height":""}],"twitter_misc":{"Tiempo de lectura":"3 minutos"},"schema":{"@context":"https:\/\/schema.org","@graph":[{"@type":"WebPage","@id":"https:\/\/medicina.udd.cl\/enfermeria-santiago\/iii-seminario-internacional\/","url":"https:\/\/medicina.udd.cl\/enfermeria-santiago\/iii-seminario-internacional\/","name":"III Seminario Internacional - Enfermer\u00eda UDD","isPartOf":{"@id":"https:\/\/medicina.udd.cl\/enfermeria-santiago\/#website"},"datePublished":"2017-11-21T13:16:32+00:00","dateModified":"2017-11-27T18:06:46+00:00","breadcrumb":{"@id":"https:\/\/medicina.udd.cl\/enfermeria-santiago\/iii-seminario-internacional\/#breadcrumb"},"inLanguage":"es","potentialAction":[{"@type":"ReadAction","target":["https:\/\/medicina.udd.cl\/enfermeria-santiago\/iii-seminario-internacional\/"]}]},{"@type":"BreadcrumbList","@id":"https:\/\/medicina.udd.cl\/enfermeria-santiago\/iii-seminario-internacional\/#breadcrumb","itemListElement":[{"@type":"ListItem","position":1,"name":"Home","item":"https:\/\/medicina.udd.cl\/enfermeria-santiago\/"},{"@type":"ListItem","position":2,"name":"III Seminario Internacional"}]},{"@type":"WebSite","@id":"https:\/\/medicina.udd.cl\/enfermeria-santiago\/#website","url":"https:\/\/medicina.udd.cl\/enfermeria-santiago\/","name":"Enfermer\u00eda UDD","description":"Facultad de Medicina Cl\u00ednica Alemana Universidad del Desarrollo","inLanguage":"es"}]}},"_links":{"self":[{"href":"https:\/\/medicina.udd.cl\/enfermeria-santiago\/wp-json\/wp\/v2\/pages\/5149","targetHints":{"allow":["GET"]}}],"collection":[{"href":"https:\/\/medicina.udd.cl\/enfermeria-santiago\/wp-json\/wp\/v2\/pages"}],"about":[{"href":"https:\/\/medicina.udd.cl\/enfermeria-santiago\/wp-json\/wp\/v2\/types\/page"}],"author":[{"embeddable":true,"href":"https:\/\/medicina.udd.cl\/enfermeria-santiago\/wp-json\/wp\/v2\/users\/9192210"}],"replies":[{"embeddable":true,"href":"https:\/\/medicina.udd.cl\/enfermeria-santiago\/wp-json\/wp\/v2\/comments?post=5149"}],"version-history":[{"count":4,"href":"https:\/\/medicina.udd.cl\/enfermeria-santiago\/wp-json\/wp\/v2\/pages\/5149\/revisions"}],"predecessor-version":[{"id":5163,"href":"https:\/\/medicina.udd.cl\/enfermeria-santiago\/wp-json\/wp\/v2\/pages\/5149\/revisions\/5163"}],"wp:attachment":[{"href":"https:\/\/medicina.udd.cl\/enfermeria-santiago\/wp-json\/wp\/v2\/media?parent=5149"}],"curies":[{"name":"wp","href":"https:\/\/api.w.org\/{rel}","templated":true}]}}