{"id":5710,"date":"2018-12-20T13:59:19","date_gmt":"2018-12-20T16:59:19","guid":{"rendered":"http:\/\/medicina.udd.cl\/enfermeria-santiago\/?page_id=5710"},"modified":"2019-01-11T17:51:30","modified_gmt":"2019-01-11T20:51:30","slug":"programa-de-adaptacion-a-la-vida-universitaria-2019-carreras-de-la-salud","status":"publish","type":"page","link":"https:\/\/medicina.udd.cl\/enfermeria-santiago\/programa-de-adaptacion-a-la-vida-universitaria-2019-carreras-de-la-salud\/","title":{"rendered":"PROGRAMA DE ADAPTACI\u00d3N A LA VIDA UNIVERSITARIA 2019 &#8211; CARRERAS DE LA SALUD"},"content":{"rendered":"<p><span style=\"font-weight: 400;\">Est\u00e1s a punto de empezar tu vida universitaria. Seguramente est\u00e1s ilusionado y tambi\u00e9n tienes algunas dudas: \u00bfc\u00f3mo ser\u00e1 el ritmo de estudios?, \u00bfc\u00f3mo ser\u00e1n mis nuevos compa\u00f1eros y profesores?, \u00bfpodr\u00e9 organizar mi tiempo?<\/span><br \/>\n<span style=\"font-weight: 400;\">Todas estas inquietudes son frecuentes y para apoyarte en esta nueva etapa de tu vida, las carreras de la salud de la FM UDD, han organizado un Programa de Adaptaci\u00f3n a la Vida Universitaria.<\/span><\/p>\n<p><b>\u00bfEn qu\u00e9 consiste este Programa?<\/b><br \/>\n<span style=\"font-weight: 400;\">En una primera etapa, todos los matriculados acceder\u00e1n a un <\/span><b>Curso en L\u00ednea<\/b><span style=\"font-weight: 400;\"> de reforzamiento en Ciencias B\u00e1sicas (Biolog\u00eda, Qu\u00edmica y Matem\u00e1tica). Al finalizarlo deber\u00e1n rendir una <\/span><b>Prueba de Diagn\u00f3stico.<\/b><br \/>\n<span style=\"font-weight: 400;\">Estos instrumentos (curso y prueba) estar\u00e1n disponibles entre el 16 de enero y el 18 de febrero 2019.<\/span><\/p>\n<p><span style=\"font-weight: 400;\">La segunda etapa contempla actividades presenciales con metodolog\u00eda activa y participativa: <\/span><\/p>\n<ul>\n<li style=\"font-weight: 400;\"><span style=\"font-weight: 400;\">Clases-taller para reforzar los contenidos de Biolog\u00eda, Matem\u00e1tica y Qu\u00edmica y<\/span><\/li>\n<li style=\"font-weight: 400;\"><span style=\"font-weight: 400;\">Talleres de estrategias de aprendizaje y gesti\u00f3n del tiempo<\/span><\/li>\n<\/ul>\n<p><span style=\"font-weight: 400;\">Esto se realizar\u00e1 <\/span><b>los d\u00edas 25, 26 y 27 de febrero y 9 y 16 de marzo <\/b><span style=\"font-weight: 400;\">en el campus RESB<\/span>.<br \/>\n<span style=\"font-weight: 400;\">Quienes aprueben el curso y la prueba en l\u00ednea se eximir\u00e1n de las actividades presenciales. A trav\u00e9s de tu correo UDD te informaremos entre el 20 y el 22 de febrero si te eximiste del curso presencial.<\/span><\/p>\n<p>&nbsp;<\/p>\n<p><a href=\"\/\/medicina.udd.cl\/enfermeria-santiago\/files\/2019\/01\/imagensalud.jpg\"><img loading=\"lazy\" decoding=\"async\" class=\"wp-image-5726 aligncenter\" src=\"\/\/medicina.udd.cl\/enfermeria-santiago\/files\/2019\/01\/imagensalud.jpg\" alt=\"\" width=\"590\" height=\"99\" srcset=\"https:\/\/medicina.udd.cl\/enfermeria-santiago\/files\/2019\/01\/imagensalud.jpg 524w, https:\/\/medicina.udd.cl\/enfermeria-santiago\/files\/2019\/01\/imagensalud-300x50.jpg 300w\" sizes=\"auto, (max-width: 590px) 100vw, 590px\" \/><\/a><\/p>\n<p><b>Preguntas Frecuentes<\/b><\/p>\n<p><b>\u00bfQui\u00e9nes deben participar en el Programa de Adaptaci\u00f3n a la Vida Universitaria?<\/b><br \/>\n<span style=\"font-weight: 400;\">Deben participar todos los estudiantes que se matriculen el a\u00f1o 2019 en las carreras de Enfermer\u00eda, Fonoaudiolog\u00eda, Kinesiolog\u00eda, Nutrici\u00f3n y Diet\u00e9tica, Obstetricia y Tecnolog\u00eda M\u00e9dica.<\/span><\/p>\n<p><b>\u00bfQui\u00e9nes deben asistir a las sesiones presenciales?<\/b><br \/>\n<span style=\"font-weight: 400;\">Deben asistir los estudiantes que no hagan el curso en l\u00ednea y quienes no aprueben la prueba de diagn\u00f3stico.<\/span><\/p>\n<p><b>\u00bfC\u00f3mo sabr\u00e9 si debo ir a las sesiones presenciales?<\/b><br \/>\n<span style=\"font-weight: 400;\">Todos los estudiantes matriculados el a\u00f1o 2019 ser\u00e1n notificados del resultado en sus correos UDD a partir del 20 de febrero.<\/span><\/p>\n<p><b>\u00bfEste programa ser\u00e1 evaluado?<\/b><br \/>\n<span style=\"font-weight: 400;\">La participaci\u00f3n en el programa no tendr\u00e1 nota. Sin embargo, la condici\u00f3n de aprobado o reprobado quedar\u00e1 registrada en la ficha acad\u00e9mica.<\/span><\/p>\n<p><b>\u00bfCu\u00e1l es la fecha de ingreso a clases si no hago el curso el curso en l\u00ednea?<\/b><br \/>\n<span style=\"font-weight: 400;\">Si no haces o no apruebas el curso en l\u00ednea, deber\u00e1s participar en el curso presencial que se inicia el 25 de febrero.<\/span><\/p>\n<p><b>\u00bfCu\u00e1l es la fecha de ingreso a clases si apruebo el curso en l\u00ednea y la prueba de diagn\u00f3stico?<\/b><br \/>\n<span style=\"font-weight: 400;\">Quienes aprueben el curso y la prueba en l\u00ednea iniciar\u00e1n sus clases el d\u00eda 28 de febrero.<\/span><\/p>\n<p>&nbsp;<\/p>\n<p><iframe loading=\"lazy\" title=\"Nivelaci\u00f3n Ciencia de la salud UDD - Giovana Monichi\" width=\"500\" height=\"281\" src=\"https:\/\/www.youtube.com\/embed\/K-JI9zhXC5c?feature=oembed&#038;rel=0&#038;modestbranding=1&#038;autohide=1&#038;autoplay=0&#038;enablejsapi=1&#038;showinfo=0\" allowautoplay=\"allowautoplay\" frameborder=\"0\" allow=\"accelerometer; autoplay; clipboard-write; encrypted-media; gyroscope; picture-in-picture; web-share\" referrerpolicy=\"strict-origin-when-cross-origin\" allowfullscreen><\/iframe><\/p>\n<p><iframe loading=\"lazy\" title=\"Nivelacion Ciencias de la salud UDD - Lukas Potocnjnak\" width=\"500\" height=\"281\" src=\"https:\/\/www.youtube.com\/embed\/AclzpSDEs1g?feature=oembed&#038;rel=0&#038;modestbranding=1&#038;autohide=1&#038;autoplay=0&#038;enablejsapi=1&#038;showinfo=0\" allowautoplay=\"allowautoplay\" frameborder=\"0\" allow=\"accelerometer; autoplay; clipboard-write; encrypted-media; gyroscope; picture-in-picture; web-share\" referrerpolicy=\"strict-origin-when-cross-origin\" allowfullscreen><\/iframe><\/p>\n<p>&nbsp;<\/p>\n","protected":false},"excerpt":{"rendered":"<p>Est\u00e1s a punto de empezar tu vida universitaria. Seguramente est\u00e1s ilusionado y tambi\u00e9n tienes algunas dudas: \u00bfc\u00f3mo ser\u00e1 el ritmo de estudios?, \u00bfc\u00f3mo ser\u00e1n mis nuevos compa\u00f1eros y profesores?, \u00bfpodr\u00e9 organizar mi tiempo? Todas estas inquietudes son frecuentes y para apoyarte en esta nueva etapa de tu vida, las carreras de la salud de la [&hellip;]<\/p>\n","protected":false},"author":1,"featured_media":0,"parent":0,"menu_order":0,"comment_status":"closed","ping_status":"closed","template":"template-wide-content.php","meta":{"footnotes":""},"class_list":["post-5710","page","type-page","status-publish","hentry"],"yoast_head":"<!-- This site is optimized with the Yoast SEO plugin v26.9 - https:\/\/yoast.com\/product\/yoast-seo-wordpress\/ -->\n<title>PROGRAMA DE ADAPTACI\u00d3N A LA VIDA UNIVERSITARIA 2019 - CARRERAS DE LA SALUD - Enfermer\u00eda UDD<\/title>\n<meta name=\"robots\" content=\"index, follow, max-snippet:-1, max-image-preview:large, max-video-preview:-1\" \/>\n<link rel=\"canonical\" href=\"https:\/\/medicina.udd.cl\/enfermeria-santiago\/programa-de-adaptacion-a-la-vida-universitaria-2019-carreras-de-la-salud\/\" \/>\n<meta property=\"og:locale\" content=\"es_ES\" \/>\n<meta property=\"og:type\" content=\"article\" \/>\n<meta property=\"og:title\" content=\"PROGRAMA DE ADAPTACI\u00d3N A LA VIDA UNIVERSITARIA 2019 - CARRERAS DE LA SALUD - Enfermer\u00eda UDD\" \/>\n<meta property=\"og:description\" content=\"Est\u00e1s a punto de empezar tu vida universitaria. Seguramente est\u00e1s ilusionado y tambi\u00e9n tienes algunas dudas: \u00bfc\u00f3mo ser\u00e1 el ritmo de estudios?, \u00bfc\u00f3mo ser\u00e1n mis nuevos compa\u00f1eros y profesores?, \u00bfpodr\u00e9 organizar mi tiempo? Todas estas inquietudes son frecuentes y para apoyarte en esta nueva etapa de tu vida, las carreras de la salud de la [&hellip;]\" \/>\n<meta property=\"og:url\" content=\"https:\/\/medicina.udd.cl\/enfermeria-santiago\/programa-de-adaptacion-a-la-vida-universitaria-2019-carreras-de-la-salud\/\" \/>\n<meta property=\"og:site_name\" content=\"Enfermer\u00eda UDD\" \/>\n<meta property=\"article:modified_time\" content=\"2019-01-11T20:51:30+00:00\" \/>\n<meta name=\"twitter:label1\" content=\"Tiempo de lectura\" \/>\n\t<meta name=\"twitter:data1\" content=\"2 minutos\" \/>\n<script type=\"application\/ld+json\" class=\"yoast-schema-graph\">{\"@context\":\"https:\/\/schema.org\",\"@graph\":[{\"@type\":\"WebPage\",\"@id\":\"https:\/\/medicina.udd.cl\/enfermeria-santiago\/programa-de-adaptacion-a-la-vida-universitaria-2019-carreras-de-la-salud\/\",\"url\":\"https:\/\/medicina.udd.cl\/enfermeria-santiago\/programa-de-adaptacion-a-la-vida-universitaria-2019-carreras-de-la-salud\/\",\"name\":\"PROGRAMA DE ADAPTACI\u00d3N A LA VIDA UNIVERSITARIA 2019 - CARRERAS DE LA SALUD - Enfermer\u00eda UDD\",\"isPartOf\":{\"@id\":\"https:\/\/medicina.udd.cl\/enfermeria-santiago\/#website\"},\"datePublished\":\"2018-12-20T16:59:19+00:00\",\"dateModified\":\"2019-01-11T20:51:30+00:00\",\"breadcrumb\":{\"@id\":\"https:\/\/medicina.udd.cl\/enfermeria-santiago\/programa-de-adaptacion-a-la-vida-universitaria-2019-carreras-de-la-salud\/#breadcrumb\"},\"inLanguage\":\"es\",\"potentialAction\":[{\"@type\":\"ReadAction\",\"target\":[\"https:\/\/medicina.udd.cl\/enfermeria-santiago\/programa-de-adaptacion-a-la-vida-universitaria-2019-carreras-de-la-salud\/\"]}]},{\"@type\":\"BreadcrumbList\",\"@id\":\"https:\/\/medicina.udd.cl\/enfermeria-santiago\/programa-de-adaptacion-a-la-vida-universitaria-2019-carreras-de-la-salud\/#breadcrumb\",\"itemListElement\":[{\"@type\":\"ListItem\",\"position\":1,\"name\":\"Home\",\"item\":\"https:\/\/medicina.udd.cl\/enfermeria-santiago\/\"},{\"@type\":\"ListItem\",\"position\":2,\"name\":\"PROGRAMA DE ADAPTACI\u00d3N A LA VIDA UNIVERSITARIA 2019 &#8211; CARRERAS DE LA SALUD\"}]},{\"@type\":\"WebSite\",\"@id\":\"https:\/\/medicina.udd.cl\/enfermeria-santiago\/#website\",\"url\":\"https:\/\/medicina.udd.cl\/enfermeria-santiago\/\",\"name\":\"Enfermer\u00eda UDD\",\"description\":\"Facultad de Medicina Cl\u00ednica Alemana Universidad del Desarrollo\",\"inLanguage\":\"es\"}]}<\/script>\n<!-- \/ Yoast SEO plugin. -->","yoast_head_json":{"title":"PROGRAMA DE ADAPTACI\u00d3N A LA VIDA UNIVERSITARIA 2019 - CARRERAS DE LA SALUD - Enfermer\u00eda UDD","robots":{"index":"index","follow":"follow","max-snippet":"max-snippet:-1","max-image-preview":"max-image-preview:large","max-video-preview":"max-video-preview:-1"},"canonical":"https:\/\/medicina.udd.cl\/enfermeria-santiago\/programa-de-adaptacion-a-la-vida-universitaria-2019-carreras-de-la-salud\/","og_locale":"es_ES","og_type":"article","og_title":"PROGRAMA DE ADAPTACI\u00d3N A LA VIDA UNIVERSITARIA 2019 - CARRERAS DE LA SALUD - Enfermer\u00eda UDD","og_description":"Est\u00e1s a punto de empezar tu vida universitaria. Seguramente est\u00e1s ilusionado y tambi\u00e9n tienes algunas dudas: \u00bfc\u00f3mo ser\u00e1 el ritmo de estudios?, \u00bfc\u00f3mo ser\u00e1n mis nuevos compa\u00f1eros y profesores?, \u00bfpodr\u00e9 organizar mi tiempo? Todas estas inquietudes son frecuentes y para apoyarte en esta nueva etapa de tu vida, las carreras de la salud de la [&hellip;]","og_url":"https:\/\/medicina.udd.cl\/enfermeria-santiago\/programa-de-adaptacion-a-la-vida-universitaria-2019-carreras-de-la-salud\/","og_site_name":"Enfermer\u00eda UDD","article_modified_time":"2019-01-11T20:51:30+00:00","twitter_misc":{"Tiempo de lectura":"2 minutos"},"schema":{"@context":"https:\/\/schema.org","@graph":[{"@type":"WebPage","@id":"https:\/\/medicina.udd.cl\/enfermeria-santiago\/programa-de-adaptacion-a-la-vida-universitaria-2019-carreras-de-la-salud\/","url":"https:\/\/medicina.udd.cl\/enfermeria-santiago\/programa-de-adaptacion-a-la-vida-universitaria-2019-carreras-de-la-salud\/","name":"PROGRAMA DE ADAPTACI\u00d3N A LA VIDA UNIVERSITARIA 2019 - CARRERAS DE LA SALUD - Enfermer\u00eda UDD","isPartOf":{"@id":"https:\/\/medicina.udd.cl\/enfermeria-santiago\/#website"},"datePublished":"2018-12-20T16:59:19+00:00","dateModified":"2019-01-11T20:51:30+00:00","breadcrumb":{"@id":"https:\/\/medicina.udd.cl\/enfermeria-santiago\/programa-de-adaptacion-a-la-vida-universitaria-2019-carreras-de-la-salud\/#breadcrumb"},"inLanguage":"es","potentialAction":[{"@type":"ReadAction","target":["https:\/\/medicina.udd.cl\/enfermeria-santiago\/programa-de-adaptacion-a-la-vida-universitaria-2019-carreras-de-la-salud\/"]}]},{"@type":"BreadcrumbList","@id":"https:\/\/medicina.udd.cl\/enfermeria-santiago\/programa-de-adaptacion-a-la-vida-universitaria-2019-carreras-de-la-salud\/#breadcrumb","itemListElement":[{"@type":"ListItem","position":1,"name":"Home","item":"https:\/\/medicina.udd.cl\/enfermeria-santiago\/"},{"@type":"ListItem","position":2,"name":"PROGRAMA DE ADAPTACI\u00d3N A LA VIDA UNIVERSITARIA 2019 &#8211; CARRERAS DE LA SALUD"}]},{"@type":"WebSite","@id":"https:\/\/medicina.udd.cl\/enfermeria-santiago\/#website","url":"https:\/\/medicina.udd.cl\/enfermeria-santiago\/","name":"Enfermer\u00eda UDD","description":"Facultad de Medicina Cl\u00ednica Alemana Universidad del Desarrollo","inLanguage":"es"}]}},"_links":{"self":[{"href":"https:\/\/medicina.udd.cl\/enfermeria-santiago\/wp-json\/wp\/v2\/pages\/5710","targetHints":{"allow":["GET"]}}],"collection":[{"href":"https:\/\/medicina.udd.cl\/enfermeria-santiago\/wp-json\/wp\/v2\/pages"}],"about":[{"href":"https:\/\/medicina.udd.cl\/enfermeria-santiago\/wp-json\/wp\/v2\/types\/page"}],"author":[{"embeddable":true,"href":"https:\/\/medicina.udd.cl\/enfermeria-santiago\/wp-json\/wp\/v2\/users\/1"}],"replies":[{"embeddable":true,"href":"https:\/\/medicina.udd.cl\/enfermeria-santiago\/wp-json\/wp\/v2\/comments?post=5710"}],"version-history":[{"count":3,"href":"https:\/\/medicina.udd.cl\/enfermeria-santiago\/wp-json\/wp\/v2\/pages\/5710\/revisions"}],"predecessor-version":[{"id":5728,"href":"https:\/\/medicina.udd.cl\/enfermeria-santiago\/wp-json\/wp\/v2\/pages\/5710\/revisions\/5728"}],"wp:attachment":[{"href":"https:\/\/medicina.udd.cl\/enfermeria-santiago\/wp-json\/wp\/v2\/media?parent=5710"}],"curies":[{"name":"wp","href":"https:\/\/api.w.org\/{rel}","templated":true}]}}