{"id":1495,"date":"2013-07-25T22:50:47","date_gmt":"2013-07-26T02:50:47","guid":{"rendered":"http:\/\/medicina.udd.cl\/enfermeria-santiago\/persona\/marcia-aragay-r\/"},"modified":"2026-03-04T15:16:06","modified_gmt":"2026-03-04T18:16:06","slug":"marcia-aragay-r","status":"publish","type":"person","link":"https:\/\/medicina.udd.cl\/enfermeria-santiago\/persona\/marcia-aragay-r\/","title":{"rendered":"Marcia Aragay Rodr\u00edguez"},"featured_media":5001,"template":"","people_tax":[4037],"people_areas":[],"people_levels":[],"class_list":["post-1495","person","type-person","status-publish","has-post-thumbnail","hentry","people_tax-equipo","people_list-docentes"],"yoast_head":"<!-- This site is optimized with the Yoast SEO plugin v26.9 - https:\/\/yoast.com\/product\/yoast-seo-wordpress\/ -->\n<title>Marcia Aragay Rodr\u00edguez - Enfermer\u00eda UDD<\/title>\n<meta name=\"robots\" content=\"index, follow, max-snippet:-1, max-image-preview:large, max-video-preview:-1\" \/>\n<link rel=\"canonical\" href=\"https:\/\/medicina.udd.cl\/enfermeria-santiago\/persona\/marcia-aragay-r\/\" \/>\n<meta property=\"og:locale\" content=\"es_ES\" \/>\n<meta property=\"og:type\" content=\"article\" \/>\n<meta property=\"og:title\" content=\"Marcia Aragay Rodr\u00edguez - Enfermer\u00eda UDD\" \/>\n<meta property=\"og:url\" content=\"https:\/\/medicina.udd.cl\/enfermeria-santiago\/persona\/marcia-aragay-r\/\" \/>\n<meta property=\"og:site_name\" content=\"Enfermer\u00eda UDD\" \/>\n<meta property=\"article:modified_time\" content=\"2026-03-04T18:16:06+00:00\" \/>\n<meta property=\"og:image\" content=\"https:\/\/medicina.udd.cl\/enfermeria-santiago\/files\/2013\/07\/Marcia-Aragay-Rodr\u00edguez-815x1024.jpg\" \/>\n\t<meta property=\"og:image:width\" content=\"815\" \/>\n\t<meta property=\"og:image:height\" content=\"1024\" \/>\n\t<meta property=\"og:image:type\" content=\"image\/jpeg\" \/>\n<meta name=\"twitter:label1\" content=\"Tiempo de lectura\" \/>\n\t<meta name=\"twitter:data1\" content=\"1 minuto\" \/>\n<script type=\"application\/ld+json\" class=\"yoast-schema-graph\">{\"@context\":\"https:\/\/schema.org\",\"@graph\":[{\"@type\":\"WebPage\",\"@id\":\"https:\/\/medicina.udd.cl\/enfermeria-santiago\/persona\/marcia-aragay-r\/\",\"url\":\"https:\/\/medicina.udd.cl\/enfermeria-santiago\/persona\/marcia-aragay-r\/\",\"name\":\"Marcia Aragay Rodr\u00edguez - Enfermer\u00eda UDD\",\"isPartOf\":{\"@id\":\"https:\/\/medicina.udd.cl\/enfermeria-santiago\/#website\"},\"primaryImageOfPage\":{\"@id\":\"https:\/\/medicina.udd.cl\/enfermeria-santiago\/persona\/marcia-aragay-r\/#primaryimage\"},\"image\":{\"@id\":\"https:\/\/medicina.udd.cl\/enfermeria-santiago\/persona\/marcia-aragay-r\/#primaryimage\"},\"thumbnailUrl\":\"https:\/\/medicina.udd.cl\/enfermeria-santiago\/files\/2013\/07\/Marcia-Aragay-Rodr\u00edguez.jpg\",\"datePublished\":\"2013-07-26T02:50:47+00:00\",\"dateModified\":\"2026-03-04T18:16:06+00:00\",\"breadcrumb\":{\"@id\":\"https:\/\/medicina.udd.cl\/enfermeria-santiago\/persona\/marcia-aragay-r\/#breadcrumb\"},\"inLanguage\":\"es\",\"potentialAction\":[{\"@type\":\"ReadAction\",\"target\":[\"https:\/\/medicina.udd.cl\/enfermeria-santiago\/persona\/marcia-aragay-r\/\"]}]},{\"@type\":\"ImageObject\",\"inLanguage\":\"es\",\"@id\":\"https:\/\/medicina.udd.cl\/enfermeria-santiago\/persona\/marcia-aragay-r\/#primaryimage\",\"url\":\"https:\/\/medicina.udd.cl\/enfermeria-santiago\/files\/2013\/07\/Marcia-Aragay-Rodr\u00edguez.jpg\",\"contentUrl\":\"https:\/\/medicina.udd.cl\/enfermeria-santiago\/files\/2013\/07\/Marcia-Aragay-Rodr\u00edguez.jpg\",\"width\":2798,\"height\":3515},{\"@type\":\"BreadcrumbList\",\"@id\":\"https:\/\/medicina.udd.cl\/enfermeria-santiago\/persona\/marcia-aragay-r\/#breadcrumb\",\"itemListElement\":[{\"@type\":\"ListItem\",\"position\":1,\"name\":\"Home\",\"item\":\"https:\/\/medicina.udd.cl\/enfermeria-santiago\/\"},{\"@type\":\"ListItem\",\"position\":2,\"name\":\"Personas\",\"item\":\"https:\/\/medicina.udd.cl\/enfermeria-santiago\/persona\/\"},{\"@type\":\"ListItem\",\"position\":3,\"name\":\"Marcia Aragay Rodr\u00edguez\"}]},{\"@type\":\"WebSite\",\"@id\":\"https:\/\/medicina.udd.cl\/enfermeria-santiago\/#website\",\"url\":\"https:\/\/medicina.udd.cl\/enfermeria-santiago\/\",\"name\":\"Enfermer\u00eda UDD\",\"description\":\"Facultad de Medicina Cl\u00ednica Alemana Universidad del Desarrollo\",\"inLanguage\":\"es\"}]}<\/script>\n<!-- \/ Yoast SEO plugin. -->","yoast_head_json":{"title":"Marcia Aragay Rodr\u00edguez - Enfermer\u00eda UDD","robots":{"index":"index","follow":"follow","max-snippet":"max-snippet:-1","max-image-preview":"max-image-preview:large","max-video-preview":"max-video-preview:-1"},"canonical":"https:\/\/medicina.udd.cl\/enfermeria-santiago\/persona\/marcia-aragay-r\/","og_locale":"es_ES","og_type":"article","og_title":"Marcia Aragay Rodr\u00edguez - Enfermer\u00eda UDD","og_url":"https:\/\/medicina.udd.cl\/enfermeria-santiago\/persona\/marcia-aragay-r\/","og_site_name":"Enfermer\u00eda UDD","article_modified_time":"2026-03-04T18:16:06+00:00","og_image":[{"width":815,"height":1024,"url":"https:\/\/medicina.udd.cl\/enfermeria-santiago\/files\/2013\/07\/Marcia-Aragay-Rodr\u00edguez-815x1024.jpg","type":"image\/jpeg"}],"twitter_misc":{"Tiempo de lectura":"1 minuto"},"schema":{"@context":"https:\/\/schema.org","@graph":[{"@type":"WebPage","@id":"https:\/\/medicina.udd.cl\/enfermeria-santiago\/persona\/marcia-aragay-r\/","url":"https:\/\/medicina.udd.cl\/enfermeria-santiago\/persona\/marcia-aragay-r\/","name":"Marcia Aragay Rodr\u00edguez - Enfermer\u00eda UDD","isPartOf":{"@id":"https:\/\/medicina.udd.cl\/enfermeria-santiago\/#website"},"primaryImageOfPage":{"@id":"https:\/\/medicina.udd.cl\/enfermeria-santiago\/persona\/marcia-aragay-r\/#primaryimage"},"image":{"@id":"https:\/\/medicina.udd.cl\/enfermeria-santiago\/persona\/marcia-aragay-r\/#primaryimage"},"thumbnailUrl":"https:\/\/medicina.udd.cl\/enfermeria-santiago\/files\/2013\/07\/Marcia-Aragay-Rodr\u00edguez.jpg","datePublished":"2013-07-26T02:50:47+00:00","dateModified":"2026-03-04T18:16:06+00:00","breadcrumb":{"@id":"https:\/\/medicina.udd.cl\/enfermeria-santiago\/persona\/marcia-aragay-r\/#breadcrumb"},"inLanguage":"es","potentialAction":[{"@type":"ReadAction","target":["https:\/\/medicina.udd.cl\/enfermeria-santiago\/persona\/marcia-aragay-r\/"]}]},{"@type":"ImageObject","inLanguage":"es","@id":"https:\/\/medicina.udd.cl\/enfermeria-santiago\/persona\/marcia-aragay-r\/#primaryimage","url":"https:\/\/medicina.udd.cl\/enfermeria-santiago\/files\/2013\/07\/Marcia-Aragay-Rodr\u00edguez.jpg","contentUrl":"https:\/\/medicina.udd.cl\/enfermeria-santiago\/files\/2013\/07\/Marcia-Aragay-Rodr\u00edguez.jpg","width":2798,"height":3515},{"@type":"BreadcrumbList","@id":"https:\/\/medicina.udd.cl\/enfermeria-santiago\/persona\/marcia-aragay-r\/#breadcrumb","itemListElement":[{"@type":"ListItem","position":1,"name":"Home","item":"https:\/\/medicina.udd.cl\/enfermeria-santiago\/"},{"@type":"ListItem","position":2,"name":"Personas","item":"https:\/\/medicina.udd.cl\/enfermeria-santiago\/persona\/"},{"@type":"ListItem","position":3,"name":"Marcia Aragay Rodr\u00edguez"}]},{"@type":"WebSite","@id":"https:\/\/medicina.udd.cl\/enfermeria-santiago\/#website","url":"https:\/\/medicina.udd.cl\/enfermeria-santiago\/","name":"Enfermer\u00eda UDD","description":"Facultad de Medicina Cl\u00ednica Alemana Universidad del Desarrollo","inLanguage":"es"}]}},"label":"Marcia Aragay Rodr\u00edguez","role":"Coordinadora de Admisi\u00f3n","thumbnail_url":"https:\/\/medicina.udd.cl\/enfermeria-santiago\/files\/2013\/07\/Marcia-Aragay-Rodr\u00edguez.jpg","email":"maragay@udd.cl","tel_job":"","content":{"rendered":"<div class=\"person-modal person-modal--scl\">\n\t<header class=\"person-modal__header\">\n\t\t<div class=\"person-modal__bg\"><\/div>\n\t\t<div class=\"modal-container\">\n\t\t\t\t\t\t<div class=\"person-modal__media\">\n\t\t\t\t<img width=\"398\" height=\"500\" src=\"https:\/\/medicina.udd.cl\/enfermeria-santiago\/files\/2013\/07\/Marcia-Aragay-Rodr\u00edguez.jpg\" class=\"person-modal__image wp-post-image\" alt=\"\" decoding=\"async\" loading=\"lazy\" srcset=\"https:\/\/medicina.udd.cl\/enfermeria-santiago\/files\/2013\/07\/Marcia-Aragay-Rodr\u00edguez.jpg 2798w, https:\/\/medicina.udd.cl\/enfermeria-santiago\/files\/2013\/07\/Marcia-Aragay-Rodr\u00edguez-239x300.jpg 239w, https:\/\/medicina.udd.cl\/enfermeria-santiago\/files\/2013\/07\/Marcia-Aragay-Rodr\u00edguez-768x965.jpg 768w, https:\/\/medicina.udd.cl\/enfermeria-santiago\/files\/2013\/07\/Marcia-Aragay-Rodr\u00edguez-815x1024.jpg 815w, https:\/\/medicina.udd.cl\/enfermeria-santiago\/files\/2013\/07\/Marcia-Aragay-Rodr\u00edguez-764x960.jpg 764w\" sizes=\"auto, (max-width: 398px) 100vw, 398px\" \/>\t\t\t<\/div>\n\t\t\t\t\t\t<div class=\"person-modal__data\">\n\t\t\t\t<h1 class=\"person-modal__name\">Marcia Aragay Rodr\u00edguez<\/h1>\n\t\t\t\t\t\t\t<span class=\"person-modal__description\">Coordinadora de Admisi\u00f3n<\/span>\n\t\t\t\t\t\t\t\t\t\t\t\t\t<a href=\"mailto:&#109;a&#114;aga&#121;&#064;&#117;dd.c&#108;\" class=\"person-modal__email\">&#109;&#97;&#114;&#97;&#103;&#97;y&#64;&#117;&#100;&#100;.c&#108;<\/a>\n\t\t\t\t\t\t\t\t\t<\/div>\n\t\t<\/div>\n\t<\/header>\n\t<div class=\"modal-container\">\n\t\t\t<div class=\"person-modal__content text\">\n\t\t\t\t\t\t\t\t\t\t<ul>\n<li class=\"MsoNormal\"><span>Enfermera-Matrona, Universidad de Talca.<\/span><\/li>\n<li class=\"MsoNormal\"><span>Diplomada en Educaci\u00f3n en Docencia Cl\u00ednica, Universidad del Desarrollo.<\/span><\/li>\n<li class=\"MsoNormal\"><span>Profesora Asistente Regular, Facultad de Medicina Cl\u00ednica Alemana Universidad del Desarrollo.<\/span><\/li>\n<li class=\"MsoNormal\"><span>\u00c1rea de docencia: enfermer\u00eda del adulto.<\/span><\/li>\n<\/ul>\n\t\t<\/div>\n\t<\/div>\n<\/div>\n"},"identifier":"997ea3f4b734abe559d30810719e2706c9e0ce01","has_credential":[],"given_name":"Marcia","family_name":"Aragay Rodr\u00edguez","name":"Marcia Aragay Rodr\u00edguez","job_title":"Coordinadora de Admisi\u00f3n","telephone":"+56936101867","note":"","im":"56936101867","_self_schedule":null,"_links":{"self":[{"href":"https:\/\/medicina.udd.cl\/enfermeria-santiago\/wp-json\/wp\/v2\/people\/1495","targetHints":{"allow":["GET"]}}],"collection":[{"href":"https:\/\/medicina.udd.cl\/enfermeria-santiago\/wp-json\/wp\/v2\/people"}],"about":[{"href":"https:\/\/medicina.udd.cl\/enfermeria-santiago\/wp-json\/wp\/v2\/types\/person"}],"wp:featuredmedia":[{"embeddable":true,"href":"https:\/\/medicina.udd.cl\/enfermeria-santiago\/wp-json\/wp\/v2\/media\/5001"}],"wp:attachment":[{"href":"https:\/\/medicina.udd.cl\/enfermeria-santiago\/wp-json\/wp\/v2\/media?parent=1495"}],"wp:term":[{"taxonomy":"people_tax","embeddable":true,"href":"https:\/\/medicina.udd.cl\/enfermeria-santiago\/wp-json\/wp\/v2\/people_tax?post=1495"},{"taxonomy":"people_areas","embeddable":true,"href":"https:\/\/medicina.udd.cl\/enfermeria-santiago\/wp-json\/wp\/v2\/people_areas?post=1495"},{"taxonomy":"people_levels","embeddable":true,"href":"https:\/\/medicina.udd.cl\/enfermeria-santiago\/wp-json\/wp\/v2\/people_levels?post=1495"}],"curies":[{"name":"wp","href":"https:\/\/api.w.org\/{rel}","templated":true}]}}