{"id":3896,"date":"2016-08-08T11:59:01","date_gmt":"2016-08-08T15:59:01","guid":{"rendered":"http:\/\/medicina.udd.cl\/enfermeria-santiago\/?post_type=person&#038;p=3896"},"modified":"2016-08-08T11:59:01","modified_gmt":"2016-08-08T15:59:01","slug":"marcela-oyarte","status":"publish","type":"person","link":"https:\/\/medicina.udd.cl\/enfermeria-santiago\/persona\/marcela-oyarte\/","title":{"rendered":"Marcela  Oyarte"},"featured_media":3897,"template":"","people_tax":[5639],"people_areas":[],"people_levels":[],"class_list":["post-3896","person","type-person","status-publish","has-post-thumbnail","hentry","people_tax-equipo-estudios-sociales-en-salud","people_list-desigualdad"],"yoast_head":"<!-- This site is optimized with the Yoast SEO plugin v26.9 - https:\/\/yoast.com\/product\/yoast-seo-wordpress\/ -->\n<title>Marcela Oyarte - Enfermer\u00eda UDD<\/title>\n<meta name=\"robots\" content=\"index, follow, max-snippet:-1, max-image-preview:large, max-video-preview:-1\" \/>\n<link rel=\"canonical\" href=\"https:\/\/medicina.udd.cl\/enfermeria-santiago\/persona\/marcela-oyarte\/\" \/>\n<meta property=\"og:locale\" content=\"es_ES\" \/>\n<meta property=\"og:type\" content=\"article\" \/>\n<meta property=\"og:title\" content=\"Marcela Oyarte - Enfermer\u00eda UDD\" \/>\n<meta property=\"og:url\" content=\"https:\/\/medicina.udd.cl\/enfermeria-santiago\/persona\/marcela-oyarte\/\" \/>\n<meta property=\"og:site_name\" content=\"Enfermer\u00eda UDD\" \/>\n<meta property=\"og:image\" content=\"https:\/\/medicina.udd.cl\/enfermeria-santiago\/files\/2016\/08\/Marcela-Oyarte.jpg\" \/>\n\t<meta property=\"og:image:width\" content=\"243\" \/>\n\t<meta property=\"og:image:height\" content=\"315\" \/>\n\t<meta property=\"og:image:type\" content=\"image\/jpeg\" \/>\n<script type=\"application\/ld+json\" class=\"yoast-schema-graph\">{\"@context\":\"https:\/\/schema.org\",\"@graph\":[{\"@type\":\"WebPage\",\"@id\":\"https:\/\/medicina.udd.cl\/enfermeria-santiago\/persona\/marcela-oyarte\/\",\"url\":\"https:\/\/medicina.udd.cl\/enfermeria-santiago\/persona\/marcela-oyarte\/\",\"name\":\"Marcela Oyarte - Enfermer\u00eda UDD\",\"isPartOf\":{\"@id\":\"https:\/\/medicina.udd.cl\/enfermeria-santiago\/#website\"},\"primaryImageOfPage\":{\"@id\":\"https:\/\/medicina.udd.cl\/enfermeria-santiago\/persona\/marcela-oyarte\/#primaryimage\"},\"image\":{\"@id\":\"https:\/\/medicina.udd.cl\/enfermeria-santiago\/persona\/marcela-oyarte\/#primaryimage\"},\"thumbnailUrl\":\"https:\/\/medicina.udd.cl\/enfermeria-santiago\/files\/2016\/08\/Marcela-Oyarte.jpg\",\"datePublished\":\"2016-08-08T15:59:01+00:00\",\"breadcrumb\":{\"@id\":\"https:\/\/medicina.udd.cl\/enfermeria-santiago\/persona\/marcela-oyarte\/#breadcrumb\"},\"inLanguage\":\"es\",\"potentialAction\":[{\"@type\":\"ReadAction\",\"target\":[\"https:\/\/medicina.udd.cl\/enfermeria-santiago\/persona\/marcela-oyarte\/\"]}]},{\"@type\":\"ImageObject\",\"inLanguage\":\"es\",\"@id\":\"https:\/\/medicina.udd.cl\/enfermeria-santiago\/persona\/marcela-oyarte\/#primaryimage\",\"url\":\"https:\/\/medicina.udd.cl\/enfermeria-santiago\/files\/2016\/08\/Marcela-Oyarte.jpg\",\"contentUrl\":\"https:\/\/medicina.udd.cl\/enfermeria-santiago\/files\/2016\/08\/Marcela-Oyarte.jpg\",\"width\":243,\"height\":315},{\"@type\":\"BreadcrumbList\",\"@id\":\"https:\/\/medicina.udd.cl\/enfermeria-santiago\/persona\/marcela-oyarte\/#breadcrumb\",\"itemListElement\":[{\"@type\":\"ListItem\",\"position\":1,\"name\":\"Home\",\"item\":\"https:\/\/medicina.udd.cl\/enfermeria-santiago\/\"},{\"@type\":\"ListItem\",\"position\":2,\"name\":\"Personas\",\"item\":\"https:\/\/medicina.udd.cl\/enfermeria-santiago\/persona\/\"},{\"@type\":\"ListItem\",\"position\":3,\"name\":\"Marcela Oyarte\"}]},{\"@type\":\"WebSite\",\"@id\":\"https:\/\/medicina.udd.cl\/enfermeria-santiago\/#website\",\"url\":\"https:\/\/medicina.udd.cl\/enfermeria-santiago\/\",\"name\":\"Enfermer\u00eda UDD\",\"description\":\"Facultad de Medicina Cl\u00ednica Alemana Universidad del Desarrollo\",\"inLanguage\":\"es\"}]}<\/script>\n<!-- \/ Yoast SEO plugin. -->","yoast_head_json":{"title":"Marcela Oyarte - Enfermer\u00eda UDD","robots":{"index":"index","follow":"follow","max-snippet":"max-snippet:-1","max-image-preview":"max-image-preview:large","max-video-preview":"max-video-preview:-1"},"canonical":"https:\/\/medicina.udd.cl\/enfermeria-santiago\/persona\/marcela-oyarte\/","og_locale":"es_ES","og_type":"article","og_title":"Marcela Oyarte - Enfermer\u00eda UDD","og_url":"https:\/\/medicina.udd.cl\/enfermeria-santiago\/persona\/marcela-oyarte\/","og_site_name":"Enfermer\u00eda UDD","og_image":[{"width":243,"height":315,"url":"https:\/\/medicina.udd.cl\/enfermeria-santiago\/files\/2016\/08\/Marcela-Oyarte.jpg","type":"image\/jpeg"}],"schema":{"@context":"https:\/\/schema.org","@graph":[{"@type":"WebPage","@id":"https:\/\/medicina.udd.cl\/enfermeria-santiago\/persona\/marcela-oyarte\/","url":"https:\/\/medicina.udd.cl\/enfermeria-santiago\/persona\/marcela-oyarte\/","name":"Marcela Oyarte - Enfermer\u00eda UDD","isPartOf":{"@id":"https:\/\/medicina.udd.cl\/enfermeria-santiago\/#website"},"primaryImageOfPage":{"@id":"https:\/\/medicina.udd.cl\/enfermeria-santiago\/persona\/marcela-oyarte\/#primaryimage"},"image":{"@id":"https:\/\/medicina.udd.cl\/enfermeria-santiago\/persona\/marcela-oyarte\/#primaryimage"},"thumbnailUrl":"https:\/\/medicina.udd.cl\/enfermeria-santiago\/files\/2016\/08\/Marcela-Oyarte.jpg","datePublished":"2016-08-08T15:59:01+00:00","breadcrumb":{"@id":"https:\/\/medicina.udd.cl\/enfermeria-santiago\/persona\/marcela-oyarte\/#breadcrumb"},"inLanguage":"es","potentialAction":[{"@type":"ReadAction","target":["https:\/\/medicina.udd.cl\/enfermeria-santiago\/persona\/marcela-oyarte\/"]}]},{"@type":"ImageObject","inLanguage":"es","@id":"https:\/\/medicina.udd.cl\/enfermeria-santiago\/persona\/marcela-oyarte\/#primaryimage","url":"https:\/\/medicina.udd.cl\/enfermeria-santiago\/files\/2016\/08\/Marcela-Oyarte.jpg","contentUrl":"https:\/\/medicina.udd.cl\/enfermeria-santiago\/files\/2016\/08\/Marcela-Oyarte.jpg","width":243,"height":315},{"@type":"BreadcrumbList","@id":"https:\/\/medicina.udd.cl\/enfermeria-santiago\/persona\/marcela-oyarte\/#breadcrumb","itemListElement":[{"@type":"ListItem","position":1,"name":"Home","item":"https:\/\/medicina.udd.cl\/enfermeria-santiago\/"},{"@type":"ListItem","position":2,"name":"Personas","item":"https:\/\/medicina.udd.cl\/enfermeria-santiago\/persona\/"},{"@type":"ListItem","position":3,"name":"Marcela Oyarte"}]},{"@type":"WebSite","@id":"https:\/\/medicina.udd.cl\/enfermeria-santiago\/#website","url":"https:\/\/medicina.udd.cl\/enfermeria-santiago\/","name":"Enfermer\u00eda UDD","description":"Facultad de Medicina Cl\u00ednica Alemana Universidad del Desarrollo","inLanguage":"es"}]}},"label":"Marcela  Oyarte","role":"Investigadora","thumbnail_url":"https:\/\/medicina.udd.cl\/enfermeria-santiago\/files\/2016\/08\/Marcela-Oyarte.jpg","email":"","tel_job":"","content":{"rendered":"<div class=\"person-modal person-modal--scl\">\n\t<header class=\"person-modal__header\">\n\t\t<div class=\"person-modal__bg\"><\/div>\n\t\t<div class=\"modal-container\">\n\t\t\t\t\t\t<div class=\"person-modal__media\">\n\t\t\t\t<img width=\"243\" height=\"315\" src=\"https:\/\/medicina.udd.cl\/enfermeria-santiago\/files\/2016\/08\/Marcela-Oyarte.jpg\" class=\"person-modal__image wp-post-image\" alt=\"\" decoding=\"async\" loading=\"lazy\" srcset=\"https:\/\/medicina.udd.cl\/enfermeria-santiago\/files\/2016\/08\/Marcela-Oyarte.jpg 243w, https:\/\/medicina.udd.cl\/enfermeria-santiago\/files\/2016\/08\/Marcela-Oyarte-231x300.jpg 231w\" sizes=\"auto, (max-width: 243px) 100vw, 243px\" \/>\t\t\t<\/div>\n\t\t\t\t\t\t<div class=\"person-modal__data\">\n\t\t\t\t<h1 class=\"person-modal__name\">Marcela  Oyarte<\/h1>\n\t\t\t\t\t\t\t<span class=\"person-modal__description\">Investigadora<\/span>\n\t\t\t\t\t\t\t\t\t\t\t\t\t\t\t<\/div>\n\t\t<\/div>\n\t<\/header>\n\t<div class=\"modal-container\">\n\t\t\t<div class=\"person-modal__content text\">\n\t\t\t\t\t\t\t<ul>\n\t\t\t\t\t\t\t<li>Estad\u00edstico<\/li>\n\t\t\t\t\t\t\t<li>Mag\u00edster (c) Epidemiolog\u00eda, PUC<\/li>\n\t\t\t\t\t\t<\/ul>\n\t\t\t\t\t\t\t\t\t\t<\/div>\n\t<\/div>\n<\/div>\n"},"identifier":"1031752f0b4482d94569aad25ba0bba4e0786de2","has_credential":["Estad\u00edstico","Mag\u00edster (c) Epidemiolog\u00eda, PUC"],"given_name":"Marcela ","family_name":"Oyarte","name":"Marcela  Oyarte","job_title":"Investigadora","telephone":"","note":"","im":"","_self_schedule":null,"_links":{"self":[{"href":"https:\/\/medicina.udd.cl\/enfermeria-santiago\/wp-json\/wp\/v2\/people\/3896","targetHints":{"allow":["GET"]}}],"collection":[{"href":"https:\/\/medicina.udd.cl\/enfermeria-santiago\/wp-json\/wp\/v2\/people"}],"about":[{"href":"https:\/\/medicina.udd.cl\/enfermeria-santiago\/wp-json\/wp\/v2\/types\/person"}],"wp:featuredmedia":[{"embeddable":true,"href":"https:\/\/medicina.udd.cl\/enfermeria-santiago\/wp-json\/wp\/v2\/media\/3897"}],"wp:attachment":[{"href":"https:\/\/medicina.udd.cl\/enfermeria-santiago\/wp-json\/wp\/v2\/media?parent=3896"}],"wp:term":[{"taxonomy":"people_tax","embeddable":true,"href":"https:\/\/medicina.udd.cl\/enfermeria-santiago\/wp-json\/wp\/v2\/people_tax?post=3896"},{"taxonomy":"people_areas","embeddable":true,"href":"https:\/\/medicina.udd.cl\/enfermeria-santiago\/wp-json\/wp\/v2\/people_areas?post=3896"},{"taxonomy":"people_levels","embeddable":true,"href":"https:\/\/medicina.udd.cl\/enfermeria-santiago\/wp-json\/wp\/v2\/people_levels?post=3896"}],"curies":[{"name":"wp","href":"https:\/\/api.w.org\/{rel}","templated":true}]}}