{"id":5213,"date":"2017-12-21T16:08:11","date_gmt":"2017-12-21T19:08:11","guid":{"rendered":"http:\/\/medicina.udd.cl\/enfermeria-santiago\/?post_type=person&#038;p=5213"},"modified":"2017-12-21T16:08:11","modified_gmt":"2017-12-21T19:08:11","slug":"josefina-larrain","status":"publish","type":"person","link":"https:\/\/medicina.udd.cl\/enfermeria-santiago\/persona\/josefina-larrain\/","title":{"rendered":"Josefina  Larra\u00edn "},"featured_media":0,"template":"","people_tax":[],"people_areas":[],"people_levels":[],"class_list":["post-5213","person","type-person","status-publish","hentry"],"yoast_head":"<!-- This site is optimized with the Yoast SEO plugin v26.9 - https:\/\/yoast.com\/product\/yoast-seo-wordpress\/ -->\n<title>Josefina Larra\u00edn  - Enfermer\u00eda UDD<\/title>\n<meta name=\"robots\" content=\"index, follow, max-snippet:-1, max-image-preview:large, max-video-preview:-1\" \/>\n<link rel=\"canonical\" href=\"https:\/\/medicina.udd.cl\/enfermeria-santiago\/persona\/josefina-larrain\/\" \/>\n<meta property=\"og:locale\" content=\"es_ES\" \/>\n<meta property=\"og:type\" content=\"article\" \/>\n<meta property=\"og:title\" content=\"Josefina Larra\u00edn  - Enfermer\u00eda UDD\" \/>\n<meta property=\"og:url\" content=\"https:\/\/medicina.udd.cl\/enfermeria-santiago\/persona\/josefina-larrain\/\" \/>\n<meta property=\"og:site_name\" content=\"Enfermer\u00eda UDD\" \/>\n<script type=\"application\/ld+json\" class=\"yoast-schema-graph\">{\"@context\":\"https:\/\/schema.org\",\"@graph\":[{\"@type\":\"WebPage\",\"@id\":\"https:\/\/medicina.udd.cl\/enfermeria-santiago\/persona\/josefina-larrain\/\",\"url\":\"https:\/\/medicina.udd.cl\/enfermeria-santiago\/persona\/josefina-larrain\/\",\"name\":\"Josefina Larra\u00edn - Enfermer\u00eda UDD\",\"isPartOf\":{\"@id\":\"https:\/\/medicina.udd.cl\/enfermeria-santiago\/#website\"},\"datePublished\":\"2017-12-21T19:08:11+00:00\",\"breadcrumb\":{\"@id\":\"https:\/\/medicina.udd.cl\/enfermeria-santiago\/persona\/josefina-larrain\/#breadcrumb\"},\"inLanguage\":\"es\",\"potentialAction\":[{\"@type\":\"ReadAction\",\"target\":[\"https:\/\/medicina.udd.cl\/enfermeria-santiago\/persona\/josefina-larrain\/\"]}]},{\"@type\":\"BreadcrumbList\",\"@id\":\"https:\/\/medicina.udd.cl\/enfermeria-santiago\/persona\/josefina-larrain\/#breadcrumb\",\"itemListElement\":[{\"@type\":\"ListItem\",\"position\":1,\"name\":\"Home\",\"item\":\"https:\/\/medicina.udd.cl\/enfermeria-santiago\/\"},{\"@type\":\"ListItem\",\"position\":2,\"name\":\"Personas\",\"item\":\"https:\/\/medicina.udd.cl\/enfermeria-santiago\/persona\/\"},{\"@type\":\"ListItem\",\"position\":3,\"name\":\"Josefina Larra\u00edn\"}]},{\"@type\":\"WebSite\",\"@id\":\"https:\/\/medicina.udd.cl\/enfermeria-santiago\/#website\",\"url\":\"https:\/\/medicina.udd.cl\/enfermeria-santiago\/\",\"name\":\"Enfermer\u00eda UDD\",\"description\":\"Facultad de Medicina Cl\u00ednica Alemana Universidad del Desarrollo\",\"inLanguage\":\"es\"}]}<\/script>\n<!-- \/ Yoast SEO plugin. -->","yoast_head_json":{"title":"Josefina Larra\u00edn  - Enfermer\u00eda UDD","robots":{"index":"index","follow":"follow","max-snippet":"max-snippet:-1","max-image-preview":"max-image-preview:large","max-video-preview":"max-video-preview:-1"},"canonical":"https:\/\/medicina.udd.cl\/enfermeria-santiago\/persona\/josefina-larrain\/","og_locale":"es_ES","og_type":"article","og_title":"Josefina Larra\u00edn  - Enfermer\u00eda UDD","og_url":"https:\/\/medicina.udd.cl\/enfermeria-santiago\/persona\/josefina-larrain\/","og_site_name":"Enfermer\u00eda UDD","schema":{"@context":"https:\/\/schema.org","@graph":[{"@type":"WebPage","@id":"https:\/\/medicina.udd.cl\/enfermeria-santiago\/persona\/josefina-larrain\/","url":"https:\/\/medicina.udd.cl\/enfermeria-santiago\/persona\/josefina-larrain\/","name":"Josefina Larra\u00edn - Enfermer\u00eda UDD","isPartOf":{"@id":"https:\/\/medicina.udd.cl\/enfermeria-santiago\/#website"},"datePublished":"2017-12-21T19:08:11+00:00","breadcrumb":{"@id":"https:\/\/medicina.udd.cl\/enfermeria-santiago\/persona\/josefina-larrain\/#breadcrumb"},"inLanguage":"es","potentialAction":[{"@type":"ReadAction","target":["https:\/\/medicina.udd.cl\/enfermeria-santiago\/persona\/josefina-larrain\/"]}]},{"@type":"BreadcrumbList","@id":"https:\/\/medicina.udd.cl\/enfermeria-santiago\/persona\/josefina-larrain\/#breadcrumb","itemListElement":[{"@type":"ListItem","position":1,"name":"Home","item":"https:\/\/medicina.udd.cl\/enfermeria-santiago\/"},{"@type":"ListItem","position":2,"name":"Personas","item":"https:\/\/medicina.udd.cl\/enfermeria-santiago\/persona\/"},{"@type":"ListItem","position":3,"name":"Josefina Larra\u00edn"}]},{"@type":"WebSite","@id":"https:\/\/medicina.udd.cl\/enfermeria-santiago\/#website","url":"https:\/\/medicina.udd.cl\/enfermeria-santiago\/","name":"Enfermer\u00eda UDD","description":"Facultad de Medicina Cl\u00ednica Alemana Universidad del Desarrollo","inLanguage":"es"}]}},"label":"Josefina  Larra\u00edn ","role":"Fonoaudi\u00f3loga. Psic\u00f3loga. Post\u00edtulo en psicomotricidad. Doctora en Psicolog\u00eda \u00a9. Coordinadora Cl\u00ednica Centro de Investigaci\u00f3n de Complejidad Social Universidad del Desarrollo. ","thumbnail_url":false,"email":"","tel_job":"","content":{"rendered":"<div class=\"person-modal person-modal--scl\">\n\t<header class=\"person-modal__header\">\n\t\t<div class=\"person-modal__bg\"><\/div>\n\t\t<div class=\"modal-container\">\n\t\t\t\t\t\t<div class=\"person-modal__data\">\n\t\t\t\t<h1 class=\"person-modal__name\">Josefina  Larra\u00edn<\/h1>\n\t\t\t\t\t\t\t<span class=\"person-modal__description\">Fonoaudi\u00f3loga. Psic\u00f3loga. Post\u00edtulo en psicomotricidad. Doctora en Psicolog\u00eda \u00a9. Coordinadora Cl\u00ednica Centro de Investigaci\u00f3n de Complejidad Social Universidad del Desarrollo. <\/span>\n\t\t\t\t\t\t\t\t\t\t\t\t\t\t\t<\/div>\n\t\t<\/div>\n\t<\/header>\n\t<div class=\"modal-container\">\n\t\t\t<div class=\"person-modal__content text\">\n\t\t\t\t\t\t\t\t\t\t\t\t<\/div>\n\t<\/div>\n<\/div>\n"},"identifier":"3b528d1de0d5e637c5cd8377684cb366c78d57ce","has_credential":[],"given_name":"Josefina ","family_name":"Larra\u00edn ","name":"Josefina  Larra\u00edn ","job_title":"Fonoaudi\u00f3loga. Psic\u00f3loga. Post\u00edtulo en psicomotricidad. Doctora en Psicolog\u00eda \u00a9. Coordinadora Cl\u00ednica Centro de Investigaci\u00f3n de Complejidad Social Universidad del Desarrollo. ","telephone":"","note":"","im":"","_self_schedule":null,"_links":{"self":[{"href":"https:\/\/medicina.udd.cl\/enfermeria-santiago\/wp-json\/wp\/v2\/people\/5213","targetHints":{"allow":["GET"]}}],"collection":[{"href":"https:\/\/medicina.udd.cl\/enfermeria-santiago\/wp-json\/wp\/v2\/people"}],"about":[{"href":"https:\/\/medicina.udd.cl\/enfermeria-santiago\/wp-json\/wp\/v2\/types\/person"}],"wp:attachment":[{"href":"https:\/\/medicina.udd.cl\/enfermeria-santiago\/wp-json\/wp\/v2\/media?parent=5213"}],"wp:term":[{"taxonomy":"people_tax","embeddable":true,"href":"https:\/\/medicina.udd.cl\/enfermeria-santiago\/wp-json\/wp\/v2\/people_tax?post=5213"},{"taxonomy":"people_areas","embeddable":true,"href":"https:\/\/medicina.udd.cl\/enfermeria-santiago\/wp-json\/wp\/v2\/people_areas?post=5213"},{"taxonomy":"people_levels","embeddable":true,"href":"https:\/\/medicina.udd.cl\/enfermeria-santiago\/wp-json\/wp\/v2\/people_levels?post=5213"}],"curies":[{"name":"wp","href":"https:\/\/api.w.org\/{rel}","templated":true}]}}