{"id":26281,"date":"2017-12-26T14:28:11","date_gmt":"2017-12-26T17:28:11","guid":{"rendered":"http:\/\/medicina.udd.cl\/?page_id=26281"},"modified":"2017-12-26T14:28:11","modified_gmt":"2017-12-26T17:28:11","slug":"apoyo-para-estudiantes-de-primer-ano-2018","status":"publish","type":"page","link":"https:\/\/medicina.udd.cl\/english\/apoyo-para-estudiantes-de-primer-ano-2018\/","title":{"rendered":"Apoyo al Estudiante: PROGRAMA DE ADMISI\u00d3N CARRERAS DE LA SALUD"},"content":{"rendered":"<h2 style=\"text-align: center\">PROGRAMA DE ADMISI\u00d3N CARRERAS DE LA SALUD<\/h2>\n<div id=\"gallery-1\" class=\"carousel slide carousel-gallery\" data-ride=\"false\" data-interval=\"false\"><div class=\"carousel-inner\" role=\"listbox\"><figure class=\"carousel-item active\"><img loading=\"lazy\" decoding=\"async\" width=\"916\" height=\"534\" src=\"https:\/\/medicina.udd.cl\/english\/files\/2017\/12\/image-2-2-680x382.png\" class=\"attachment-landscape_952 size-landscape_952 lazyload\" alt=\"\" data-src=\"https:\/\/medicina.udd.cl\/english\/files\/2017\/12\/image-2-2-916x534.png\" \/><\/figure><figure class=\"carousel-item\"><img loading=\"lazy\" decoding=\"async\" width=\"900\" height=\"534\" src=\"https:\/\/medicina.udd.cl\/english\/files\/2017\/12\/nivelacion-cde-10-680x382.jpg\" class=\"attachment-landscape_952 size-landscape_952 lazyload\" alt=\"\" data-src=\"https:\/\/medicina.udd.cl\/english\/files\/2017\/12\/nivelacion-cde-10-900x534.jpg\" \/><\/figure><figure class=\"carousel-item\"><img loading=\"lazy\" decoding=\"async\" width=\"900\" height=\"534\" src=\"https:\/\/medicina.udd.cl\/english\/files\/2017\/12\/nivelacion-cde-11-680x382.jpg\" class=\"attachment-landscape_952 size-landscape_952 lazyload\" alt=\"\" data-src=\"https:\/\/medicina.udd.cl\/english\/files\/2017\/12\/nivelacion-cde-11-900x534.jpg\" \/><\/figure><figure class=\"carousel-item\"><img loading=\"lazy\" decoding=\"async\" width=\"900\" height=\"534\" src=\"https:\/\/medicina.udd.cl\/english\/files\/2017\/12\/nivelacion-cde-14-680x382.jpg\" class=\"attachment-landscape_952 size-landscape_952 lazyload\" alt=\"\" data-src=\"https:\/\/medicina.udd.cl\/english\/files\/2017\/12\/nivelacion-cde-14-900x534.jpg\" \/><\/figure><figure class=\"carousel-item\"><img loading=\"lazy\" decoding=\"async\" width=\"900\" height=\"534\" src=\"https:\/\/medicina.udd.cl\/english\/files\/2017\/12\/nivelacion-cde-15-680x382.jpg\" class=\"attachment-landscape_952 size-landscape_952 lazyload\" alt=\"\" data-src=\"https:\/\/medicina.udd.cl\/english\/files\/2017\/12\/nivelacion-cde-15-900x534.jpg\" \/><\/figure><figure class=\"carousel-item\"><img loading=\"lazy\" decoding=\"async\" width=\"900\" height=\"534\" src=\"https:\/\/medicina.udd.cl\/english\/files\/2017\/12\/nivelacion-cde-18-680x382.jpg\" class=\"attachment-landscape_952 size-landscape_952 lazyload\" alt=\"\" data-src=\"https:\/\/medicina.udd.cl\/english\/files\/2017\/12\/nivelacion-cde-18-900x534.jpg\" \/><\/figure><\/div><footer class=\"carousel-footer\"><div class=\"carousel-counter\"><span class=\"carousel-counter-current\"><\/span> \/ <span class=\"carousel-counter-total\"><\/span><\/div><a class=\"carousel-control-prev\" href=\"#gallery-1\" role=\"button\" data-slide=\"prev\"><svg aria-hidden=\"true\" class=\"svg-chevron-left-dims\"><use xlink:href='https:\/\/medicina.udd.cl\/english\/wp-content\/themes\/facultades-2018\/assets\/img\/svg\/dist\/main.svg?version=1695853099#chevron-left'><\/use><\/svg><span class=\"sr-only\">Previous<\/span><\/a><a class=\"carousel-control-next\" href=\"#gallery-1\" role=\"button\" data-slide=\"next\"><svg aria-hidden=\"true\" class=\"svg-chevron-right-dims\"><use xlink:href='https:\/\/medicina.udd.cl\/english\/wp-content\/themes\/facultades-2018\/assets\/img\/svg\/dist\/main.svg?version=1695853099#chevron-right'><\/use><\/svg><span class=\"sr-only\">Next<\/span><\/a><\/footer><\/div>\n<p>&nbsp;<\/p>\n<p><span style=\"font-weight: 400\">En la Facultad de Medicina Cl\u00ednica Alemana \u2013 Universidad del Desarrollo potenciamos el desarrollo integral de nuestros estudiantes desde su ingreso a la Universidad. \u00a0El Programa de Admisi\u00f3n para las carreras de Enfermer\u00eda, Fonoaudiolog\u00eda, Kinesiolog\u00eda, Nutrici\u00f3n y Diet\u00e9tica y Tecnolog\u00eda M\u00e9dica los <strong>ayuda a iniciar mejor su vida universitaria<\/strong>.<\/span><\/p>\n<p><span style=\"font-weight: 400\">Todos los matriculados en estas carreras rendir\u00e1n una prueba de Diagn\u00f3stico en las \u00e1reas de Biolog\u00eda, Matem\u00e1tica y Qu\u00edmica.<\/span><\/p>\n<p><span style=\"font-weight: 400\">Los alumnos que\u00a0no logren el nivel esperado asistir\u00e1n obligatoriamente a un Curso de Nivelaci\u00f3n y a talleres de Aprendizaje Estrat\u00e9gico. Es una oportunidad para reforzar conocimientos y habilidades y tener un buen desempe\u00f1o en el primer a\u00f1o.<\/span><\/p>\n<table style=\"height: 277px\" border=\"1\" width=\"793\">\n<tbody>\n<tr>\n<td style=\"text-align: center\">\n<h3><\/h3>\n<h3><span style=\"color: #15977d\"><strong>Prueba de diagn\u00f3stico<\/strong><\/span><\/h3>\n<\/td>\n<td>\n<ul>\n<li>\n<div><strong><span style=\"color: #15977d\">Fechas: 19, 20 y 21 de enero, disponible de 9:00 a 18:00 horas<\/span><\/strong><\/div>\n<\/li>\n<li>\n<div><strong><span style=\"color: #15977d\">Fechas: 22, 23 y 24 de enero, disponible de 9:00 a 13:00 horas<\/span><\/strong><\/div>\n<\/li>\n<li>\n<div><strong><span style=\"color: #15977d\">Lugar : Laboratorios de computaci\u00f3n campus RESB<\/span><\/strong><\/div>\n<\/li>\n<\/ul>\n<\/td>\n<\/tr>\n<tr>\n<td style=\"text-align: center\">\n<h3><\/h3>\n<h3><\/h3>\n<h3><span style=\"color: #15977d\"><strong>Curso de nivelaci\u00f3n<\/strong><\/span><\/h3>\n<\/td>\n<td>\n<ul>\n<li><span style=\"color: #15977d\"><strong>Fechas:<\/strong><\/span>\n<ul>\n<li><span style=\"color: #15977d\"><strong>26, 27 y 28 de febrero<\/strong><\/span><\/li>\n<li><span style=\"color: #15977d\"><strong>10 y 17 de marzo<\/strong><\/span><\/li>\n<\/ul>\n<\/li>\n<li><span style=\"color: #15977d\"><strong>Lugar: Campus RESB<\/strong><\/span><\/li>\n<\/ul>\n<\/td>\n<\/tr>\n<\/tbody>\n<\/table>\n<p><span style=\"font-weight: 400\">Este programa ha permitido a nuestros estudiantes insertarse exitosamente en la vida universitaria, experimentando el apoyo de la Facultad en esta importante etapa de sus vidas.<\/span><\/p>\n<h5><span style=\"text-decoration: underline\"><a href=\"http:\/\/medicina.udd.cl\/files\/2018\/02\/PROGRAMA-CURSO-DE-NIVELACIO\u0301N-CARRERAS-DE-LA-SALUD-2018.pdf\">Descarga el programa del curso de nivelaci\u00f3n carreras de la\u00a0Salud<\/a><\/span><\/h5>\n<h4 style=\"text-align: left\"><b>Testimonios de la promoci\u00f3n 2017<\/b><\/h4>\n<p><iframe loading=\"lazy\" title=\"Nivelaci\u00f3n Ciencia de la salud UDD - Giovana Monichi\" width=\"500\" height=\"281\" src=\"https:\/\/www.youtube.com\/embed\/K-JI9zhXC5c?feature=oembed\" frameborder=\"0\" allow=\"accelerometer; autoplay; clipboard-write; encrypted-media; gyroscope; picture-in-picture; web-share\" referrerpolicy=\"strict-origin-when-cross-origin\" allowfullscreen><\/iframe><\/p>\n<p><iframe loading=\"lazy\" title=\"Nivelacion Ciencias de la salud UDD - Lukas Potocnjnak\" width=\"500\" height=\"281\" src=\"https:\/\/www.youtube.com\/embed\/AclzpSDEs1g?feature=oembed\" frameborder=\"0\" allow=\"accelerometer; autoplay; clipboard-write; encrypted-media; gyroscope; picture-in-picture; web-share\" referrerpolicy=\"strict-origin-when-cross-origin\" allowfullscreen><\/iframe><\/p>\n<ul>\n<li style=\"font-weight: 800\"><span style=\"color: #15977d;font-size: 12pt\"><em><span style=\"font-weight: 400\">\u201cEl taller de aprendizaje estrat\u00e9gico lo considero esencial para aclimatarse al cambio de colegio a universidad.\u201d<\/span><\/em><\/span><\/li>\n<li style=\"font-weight: 400\"><span style=\"color: #15977d;font-size: 12pt\"><em><span style=\"font-weight: 400\">\u201cMe ayud\u00f3 a reforzar las materias que m\u00e1s me costaban y pude conocer antes a mis compa\u00f1eros\u201d<\/span><\/em><\/span><\/li>\n<li style=\"font-weight: 400\"><span style=\"color: #15977d;font-size: 12pt\"><em><span style=\"font-weight: 400\">\u201cLas materias de los cursos eran muy bien explicadas y me ayud\u00f3 a entrar con confianza a mi primer semestre de universidad.\u201d<\/span><\/em><\/span><\/li>\n<li style=\"font-weight: 400\"><span style=\"color: #15977d;font-size: 12pt\"><em><span style=\"font-weight: 400\">\u201cLas materias fueron bien seleccionadas para cada ramo; eran desde lo m\u00e1s b\u00e1sico hasta lo m\u00e1s complejo que necesitar\u00edamos para comenzar correctamente el a\u00f1o.\u201d<\/span><\/em><\/span><\/li>\n<\/ul>\n","protected":false},"excerpt":{"rendered":"<p>PROGRAMA DE ADMISI\u00d3N CARRERAS DE LA SALUD &nbsp; En la Facultad de Medicina Cl\u00ednica Alemana \u2013 Universidad del Desarrollo potenciamos el desarrollo integral de nuestros estudiantes desde su ingreso a la Universidad. \u00a0El Programa de Admisi\u00f3n para las carreras de Enfermer\u00eda, Fonoaudiolog\u00eda, Kinesiolog\u00eda, Nutrici\u00f3n y Diet\u00e9tica y Tecnolog\u00eda M\u00e9dica los ayuda a iniciar mejor su [&hellip;]<\/p>\n","protected":false},"author":1,"featured_media":0,"parent":0,"menu_order":0,"comment_status":"closed","ping_status":"closed","template":"template-wide-no-sidebar.php","meta":{"footnotes":""},"class_list":["post-26281","page","type-page","status-publish","hentry"],"yoast_head":"<!-- This site is optimized with the Yoast SEO plugin v26.9 - https:\/\/yoast.com\/product\/yoast-seo-wordpress\/ -->\n<title>Apoyo al Estudiante: PROGRAMA DE ADMISI\u00d3N CARRERAS DE LA SALUD - Faculty of Medicine<\/title>\n<meta name=\"robots\" content=\"index, follow, max-snippet:-1, max-image-preview:large, max-video-preview:-1\" \/>\n<link rel=\"canonical\" href=\"https:\/\/medicina.udd.cl\/english\/apoyo-para-estudiantes-de-primer-ano-2018\/\" \/>\n<meta property=\"og:locale\" content=\"en_US\" \/>\n<meta property=\"og:type\" content=\"article\" \/>\n<meta property=\"og:title\" content=\"Apoyo al Estudiante: PROGRAMA DE ADMISI\u00d3N CARRERAS DE LA SALUD - Faculty of Medicine\" \/>\n<meta property=\"og:description\" content=\"PROGRAMA DE ADMISI\u00d3N CARRERAS DE LA SALUD &nbsp; En la Facultad de Medicina Cl\u00ednica Alemana \u2013 Universidad del Desarrollo potenciamos el desarrollo integral de nuestros estudiantes desde su ingreso a la Universidad. \u00a0El Programa de Admisi\u00f3n para las carreras de Enfermer\u00eda, Fonoaudiolog\u00eda, Kinesiolog\u00eda, Nutrici\u00f3n y Diet\u00e9tica y Tecnolog\u00eda M\u00e9dica los ayuda a iniciar mejor su [&hellip;]\" \/>\n<meta property=\"og:url\" content=\"https:\/\/medicina.udd.cl\/english\/apoyo-para-estudiantes-de-primer-ano-2018\/\" \/>\n<meta property=\"og:site_name\" content=\"Faculty of Medicine\" \/>\n<meta name=\"twitter:card\" content=\"summary_large_image\" \/>\n<meta name=\"twitter:label1\" content=\"Est. reading time\" \/>\n\t<meta name=\"twitter:data1\" content=\"2 minutes\" \/>\n<script type=\"application\/ld+json\" class=\"yoast-schema-graph\">{\"@context\":\"https:\/\/schema.org\",\"@graph\":[{\"@type\":\"WebPage\",\"@id\":\"https:\/\/medicina.udd.cl\/english\/apoyo-para-estudiantes-de-primer-ano-2018\/\",\"url\":\"https:\/\/medicina.udd.cl\/english\/apoyo-para-estudiantes-de-primer-ano-2018\/\",\"name\":\"Apoyo al Estudiante: PROGRAMA DE ADMISI\u00d3N CARRERAS DE LA SALUD - Faculty of Medicine\",\"isPartOf\":{\"@id\":\"https:\/\/medicina.udd.cl\/english\/#website\"},\"datePublished\":\"2017-12-26T17:28:11+00:00\",\"breadcrumb\":{\"@id\":\"https:\/\/medicina.udd.cl\/english\/apoyo-para-estudiantes-de-primer-ano-2018\/#breadcrumb\"},\"inLanguage\":\"en-US\",\"potentialAction\":[{\"@type\":\"ReadAction\",\"target\":[\"https:\/\/medicina.udd.cl\/english\/apoyo-para-estudiantes-de-primer-ano-2018\/\"]}]},{\"@type\":\"BreadcrumbList\",\"@id\":\"https:\/\/medicina.udd.cl\/english\/apoyo-para-estudiantes-de-primer-ano-2018\/#breadcrumb\",\"itemListElement\":[{\"@type\":\"ListItem\",\"position\":1,\"name\":\"Portada\",\"item\":\"https:\/\/medicina.udd.cl\/english\/\"},{\"@type\":\"ListItem\",\"position\":2,\"name\":\"Apoyo al Estudiante: PROGRAMA DE ADMISI\u00d3N CARRERAS DE LA SALUD\"}]},{\"@type\":\"WebSite\",\"@id\":\"https:\/\/medicina.udd.cl\/english\/#website\",\"url\":\"https:\/\/medicina.udd.cl\/english\/\",\"name\":\"Faculty of Medicine\",\"description\":\"Cl\u00ednica Alemana Universidad del Desarrollo\",\"inLanguage\":\"en-US\"}]}<\/script>\n<!-- \/ Yoast SEO plugin. -->","yoast_head_json":{"title":"Apoyo al Estudiante: PROGRAMA DE ADMISI\u00d3N CARRERAS DE LA SALUD - Faculty of Medicine","robots":{"index":"index","follow":"follow","max-snippet":"max-snippet:-1","max-image-preview":"max-image-preview:large","max-video-preview":"max-video-preview:-1"},"canonical":"https:\/\/medicina.udd.cl\/english\/apoyo-para-estudiantes-de-primer-ano-2018\/","og_locale":"en_US","og_type":"article","og_title":"Apoyo al Estudiante: PROGRAMA DE ADMISI\u00d3N CARRERAS DE LA SALUD - Faculty of Medicine","og_description":"PROGRAMA DE ADMISI\u00d3N CARRERAS DE LA SALUD &nbsp; En la Facultad de Medicina Cl\u00ednica Alemana \u2013 Universidad del Desarrollo potenciamos el desarrollo integral de nuestros estudiantes desde su ingreso a la Universidad. \u00a0El Programa de Admisi\u00f3n para las carreras de Enfermer\u00eda, Fonoaudiolog\u00eda, Kinesiolog\u00eda, Nutrici\u00f3n y Diet\u00e9tica y Tecnolog\u00eda M\u00e9dica los ayuda a iniciar mejor su [&hellip;]","og_url":"https:\/\/medicina.udd.cl\/english\/apoyo-para-estudiantes-de-primer-ano-2018\/","og_site_name":"Faculty of Medicine","twitter_card":"summary_large_image","twitter_misc":{"Est. reading time":"2 minutes"},"schema":{"@context":"https:\/\/schema.org","@graph":[{"@type":"WebPage","@id":"https:\/\/medicina.udd.cl\/english\/apoyo-para-estudiantes-de-primer-ano-2018\/","url":"https:\/\/medicina.udd.cl\/english\/apoyo-para-estudiantes-de-primer-ano-2018\/","name":"Apoyo al Estudiante: PROGRAMA DE ADMISI\u00d3N CARRERAS DE LA SALUD - Faculty of Medicine","isPartOf":{"@id":"https:\/\/medicina.udd.cl\/english\/#website"},"datePublished":"2017-12-26T17:28:11+00:00","breadcrumb":{"@id":"https:\/\/medicina.udd.cl\/english\/apoyo-para-estudiantes-de-primer-ano-2018\/#breadcrumb"},"inLanguage":"en-US","potentialAction":[{"@type":"ReadAction","target":["https:\/\/medicina.udd.cl\/english\/apoyo-para-estudiantes-de-primer-ano-2018\/"]}]},{"@type":"BreadcrumbList","@id":"https:\/\/medicina.udd.cl\/english\/apoyo-para-estudiantes-de-primer-ano-2018\/#breadcrumb","itemListElement":[{"@type":"ListItem","position":1,"name":"Portada","item":"https:\/\/medicina.udd.cl\/english\/"},{"@type":"ListItem","position":2,"name":"Apoyo al Estudiante: PROGRAMA DE ADMISI\u00d3N CARRERAS DE LA SALUD"}]},{"@type":"WebSite","@id":"https:\/\/medicina.udd.cl\/english\/#website","url":"https:\/\/medicina.udd.cl\/english\/","name":"Faculty of Medicine","description":"Cl\u00ednica Alemana Universidad del Desarrollo","inLanguage":"en-US"}]}},"_links":{"self":[{"href":"https:\/\/medicina.udd.cl\/english\/wp-json\/wp\/v2\/pages\/26281","targetHints":{"allow":["GET"]}}],"collection":[{"href":"https:\/\/medicina.udd.cl\/english\/wp-json\/wp\/v2\/pages"}],"about":[{"href":"https:\/\/medicina.udd.cl\/english\/wp-json\/wp\/v2\/types\/page"}],"author":[{"embeddable":true,"href":"https:\/\/medicina.udd.cl\/english\/wp-json\/wp\/v2\/users\/1"}],"replies":[{"embeddable":true,"href":"https:\/\/medicina.udd.cl\/english\/wp-json\/wp\/v2\/comments?post=26281"}],"version-history":[{"count":0,"href":"https:\/\/medicina.udd.cl\/english\/wp-json\/wp\/v2\/pages\/26281\/revisions"}],"wp:attachment":[{"href":"https:\/\/medicina.udd.cl\/english\/wp-json\/wp\/v2\/media?parent=26281"}],"curies":[{"name":"wp","href":"https:\/\/api.w.org\/{rel}","templated":true}]}}