{"id":45125,"date":"2021-01-27T12:42:09","date_gmt":"2021-01-27T15:42:09","guid":{"rendered":"https:\/\/medicina.udd.cl\/?page_id=45125"},"modified":"2021-01-27T12:42:09","modified_gmt":"2021-01-27T15:42:09","slug":"history","status":"publish","type":"page","link":"https:\/\/medicina.udd.cl\/english\/history\/","title":{"rendered":"History"},"content":{"rendered":"\n<p>In 2000, thanks to the\ninvitation of the then Rector of the Universidad del Desarrollo, Ernesto Silva\nBafalluy (R.I.P), the Universidad del Desarrollo (UDD) and the Cl\u00ednica Alemana\nof Santiago jointly decide to create a Faculty of Medicine. The cornerstone of\nthis School would be innovation and public accountability, adherence to ethical\nconduct, and targeting to optimum results.<\/p>\n\n\n\n<p>In March 2001, authorities\nfrom the Corporaci\u00f3n Chileno-Alemana de Beneficencia (Chilean-German Charity\nCorporation) and members of the UDD Board of Directors met to create a Facultad\nCiencias de la Salud (School of Health Sciences), which would provide a solid\nbase for a scientific, ethical and service culture.<\/p>\n\n\n\n<p>In July of that same year, t<strong>he UDD and the Cl\u00ednica Alemana signed a\ncollaboration agreement for the creation of the Faculty,<\/strong> an innovative\nalliance. Two months later the Hospital Padre Hurtado (HPH) joined the\nagreement undertaking to assist academic education. In this way, HPH became the\nmain clinical campus of the Faculty, as well as a strategic partner.<\/p>\n\n\n\n<p>In 2002, the Facultad\nreceived its first cadre of students of the Medicine and Nursing programs.<\/p>\n\n\n\n<p>Additionally, and to\nsupport the scientific and ethical base of students, as of 2002 we have created\nmany research centers\/institutes, now grouped under the Instituto de Ciencias e Innovaci\u00f3n en&nbsp; Medicina.<\/p>\n\n\n\n<p>In the interest of academic\nquality, in 2003 we created an area in charge of the continuous training of academicians,\ncurrently called the Centro\nde Desarrollo Educacional (Center\nfor Educational Development), (CDE).<\/p>\n\n\n\n<p>Since 2003, we have signed academic\nand health care agreements with various institutions, such as the health care centers\nof the municipalities of La Granja, San Ram\u00f3n and La Pintana and the Hogar de\nCristo (Chilean Public Charity) and the Instituto Nacional del C\u00e1ncer, among\nothers.<\/p>\n\n\n\n<p>In 2004, we built a 1,000\nsq. m. (10,764 sq. ft.) academic module, attached to the HPH. This module has\nthe equipment required for classes and discussion of clinical cases. To date,\nthe Faculty has built three academic modules, infrastructures oriented to both\nhealth care and education.<\/p>\n\n\n\n<p>In 2005, we welcomed the\nfirst cadre of Dentistry students; likewise, in 2007, we welcomed students entering\nthe following programs: Nutrition and Dietetics, Medical Technology, Physical\nTherapy, and Speech Therapy.<\/p>\n\n\n\n<p>In 2009, we inaugurated the\nbuilding of the UDD Dental Clinic in the municipality of La Florida, the main\nclinical campus of the Dentistry program. This building also has facilities for\nacademic assistance activities for students following Physical Therapy, Speech\nTherapy, Nutrition and Dietetics, and Psychology.<\/p>\n\n\n\n<p>In 2019, the Obstetrics program\nopened its doors to the first generation of Obstetric Nurses and in 2020, we\nlaunched the Occupational Therapy program, thus completing nine undergraduate\ncareers.<\/p>\n\n\n\n<p>In the area of Postgraduate\nstudies, the Faculty currently offers postgraduate specialization and sub-specialization\nprograms at the Cl\u00ednica Alemana, the Instituto Nacional del C\u00e1ncer, and the\nPadre Hurtado Hospital.<\/p>\n","protected":false},"excerpt":{"rendered":"<p>In 2000, thanks to the invitation of the then Rector of the Universidad del Desarrollo, Ernesto Silva Bafalluy (R.I.P), the Universidad del Desarrollo (UDD) and the Cl\u00ednica Alemana of Santiago jointly decide to create a Faculty of Medicine. The cornerstone of this School would be innovation and public accountability, adherence to ethical conduct, and targeting [&hellip;]<\/p>\n","protected":false},"author":0,"featured_media":0,"parent":0,"menu_order":0,"comment_status":"closed","ping_status":"closed","template":"","meta":{"footnotes":""},"class_list":["post-45125","page","type-page","status-publish","hentry"],"yoast_head":"<!-- This site is optimized with the Yoast SEO plugin v26.9 - https:\/\/yoast.com\/product\/yoast-seo-wordpress\/ -->\n<title>Historia | Facultad de Medicina UDD<\/title>\n<meta name=\"description\" content=\"En Marzo de 2001 nace la Facultad de Medicina UDD, en colaboraci\u00f3n con la Cl\u00ednica Alemana. Conoce su historia aqu\u00ed.\" \/>\n<meta name=\"robots\" content=\"index, follow, max-snippet:-1, max-image-preview:large, max-video-preview:-1\" \/>\n<link rel=\"canonical\" href=\"https:\/\/medicina.udd.cl\/english\/history\/\" \/>\n<meta property=\"og:locale\" content=\"en_US\" \/>\n<meta property=\"og:type\" content=\"article\" \/>\n<meta property=\"og:title\" content=\"Historia | Facultad de Medicina UDD\" \/>\n<meta property=\"og:description\" content=\"En Marzo de 2001 nace la Facultad de Medicina UDD, en colaboraci\u00f3n con la Cl\u00ednica Alemana. Conoce su historia aqu\u00ed.\" \/>\n<meta property=\"og:url\" content=\"https:\/\/medicina.udd.cl\/english\/history\/\" \/>\n<meta property=\"og:site_name\" content=\"Faculty of Medicine\" \/>\n<meta name=\"twitter:card\" content=\"summary_large_image\" \/>\n<meta name=\"twitter:label1\" content=\"Est. reading time\" \/>\n\t<meta name=\"twitter:data1\" content=\"2 minutes\" \/>\n<script type=\"application\/ld+json\" class=\"yoast-schema-graph\">{\"@context\":\"https:\/\/schema.org\",\"@graph\":[{\"@type\":\"WebPage\",\"@id\":\"https:\/\/medicina.udd.cl\/english\/history\/\",\"url\":\"https:\/\/medicina.udd.cl\/english\/history\/\",\"name\":\"Historia | Facultad de Medicina UDD\",\"isPartOf\":{\"@id\":\"https:\/\/medicina.udd.cl\/english\/#website\"},\"datePublished\":\"2021-01-27T15:42:09+00:00\",\"description\":\"En Marzo de 2001 nace la Facultad de Medicina UDD, en colaboraci\u00f3n con la Cl\u00ednica Alemana. Conoce su historia aqu\u00ed.\",\"breadcrumb\":{\"@id\":\"https:\/\/medicina.udd.cl\/english\/history\/#breadcrumb\"},\"inLanguage\":\"en-US\",\"potentialAction\":[{\"@type\":\"ReadAction\",\"target\":[\"https:\/\/medicina.udd.cl\/english\/history\/\"]}]},{\"@type\":\"BreadcrumbList\",\"@id\":\"https:\/\/medicina.udd.cl\/english\/history\/#breadcrumb\",\"itemListElement\":[{\"@type\":\"ListItem\",\"position\":1,\"name\":\"Portada\",\"item\":\"https:\/\/medicina.udd.cl\/english\/\"},{\"@type\":\"ListItem\",\"position\":2,\"name\":\"History\"}]},{\"@type\":\"WebSite\",\"@id\":\"https:\/\/medicina.udd.cl\/english\/#website\",\"url\":\"https:\/\/medicina.udd.cl\/english\/\",\"name\":\"Faculty of Medicine\",\"description\":\"Cl\u00ednica Alemana Universidad del Desarrollo\",\"inLanguage\":\"en-US\"}]}<\/script>\n<!-- \/ Yoast SEO plugin. -->","yoast_head_json":{"title":"Historia | Facultad de Medicina UDD","description":"En Marzo de 2001 nace la Facultad de Medicina UDD, en colaboraci\u00f3n con la Cl\u00ednica Alemana. Conoce su historia aqu\u00ed.","robots":{"index":"index","follow":"follow","max-snippet":"max-snippet:-1","max-image-preview":"max-image-preview:large","max-video-preview":"max-video-preview:-1"},"canonical":"https:\/\/medicina.udd.cl\/english\/history\/","og_locale":"en_US","og_type":"article","og_title":"Historia | Facultad de Medicina UDD","og_description":"En Marzo de 2001 nace la Facultad de Medicina UDD, en colaboraci\u00f3n con la Cl\u00ednica Alemana. Conoce su historia aqu\u00ed.","og_url":"https:\/\/medicina.udd.cl\/english\/history\/","og_site_name":"Faculty of Medicine","twitter_card":"summary_large_image","twitter_misc":{"Est. reading time":"2 minutes"},"schema":{"@context":"https:\/\/schema.org","@graph":[{"@type":"WebPage","@id":"https:\/\/medicina.udd.cl\/english\/history\/","url":"https:\/\/medicina.udd.cl\/english\/history\/","name":"Historia | Facultad de Medicina UDD","isPartOf":{"@id":"https:\/\/medicina.udd.cl\/english\/#website"},"datePublished":"2021-01-27T15:42:09+00:00","description":"En Marzo de 2001 nace la Facultad de Medicina UDD, en colaboraci\u00f3n con la Cl\u00ednica Alemana. Conoce su historia aqu\u00ed.","breadcrumb":{"@id":"https:\/\/medicina.udd.cl\/english\/history\/#breadcrumb"},"inLanguage":"en-US","potentialAction":[{"@type":"ReadAction","target":["https:\/\/medicina.udd.cl\/english\/history\/"]}]},{"@type":"BreadcrumbList","@id":"https:\/\/medicina.udd.cl\/english\/history\/#breadcrumb","itemListElement":[{"@type":"ListItem","position":1,"name":"Portada","item":"https:\/\/medicina.udd.cl\/english\/"},{"@type":"ListItem","position":2,"name":"History"}]},{"@type":"WebSite","@id":"https:\/\/medicina.udd.cl\/english\/#website","url":"https:\/\/medicina.udd.cl\/english\/","name":"Faculty of Medicine","description":"Cl\u00ednica Alemana Universidad del Desarrollo","inLanguage":"en-US"}]}},"_links":{"self":[{"href":"https:\/\/medicina.udd.cl\/english\/wp-json\/wp\/v2\/pages\/45125","targetHints":{"allow":["GET"]}}],"collection":[{"href":"https:\/\/medicina.udd.cl\/english\/wp-json\/wp\/v2\/pages"}],"about":[{"href":"https:\/\/medicina.udd.cl\/english\/wp-json\/wp\/v2\/types\/page"}],"replies":[{"embeddable":true,"href":"https:\/\/medicina.udd.cl\/english\/wp-json\/wp\/v2\/comments?post=45125"}],"version-history":[{"count":0,"href":"https:\/\/medicina.udd.cl\/english\/wp-json\/wp\/v2\/pages\/45125\/revisions"}],"wp:attachment":[{"href":"https:\/\/medicina.udd.cl\/english\/wp-json\/wp\/v2\/media?parent=45125"}],"curies":[{"name":"wp","href":"https:\/\/api.w.org\/{rel}","templated":true}]}}