{"version":"1.0","provider_name":"Fonoaudiolog\u00eda","provider_url":"https:\/\/medicina.udd.cl\/fonoaudiologia-santiago","author_name":"rbraidy","author_url":"https:\/\/medicina.udd.cl\/fonoaudiologia-santiago\/noticias\/author\/rbraidy\/","title":"Charla: \u201cVivir una experiencia de comunicaci\u00f3n\u201d - Fonoaudiolog\u00eda","type":"rich","width":600,"height":338,"html":"<blockquote class=\"wp-embedded-content\" data-secret=\"QxQfR7TQQu\"><a href=\"https:\/\/medicina.udd.cl\/fonoaudiologia-santiago\/charla-vivir-una-experiencia-de-comunicacion\/\">Charla: \u201cVivir una experiencia de comunicaci\u00f3n\u201d<\/a><\/blockquote><iframe sandbox=\"allow-scripts\" security=\"restricted\" src=\"https:\/\/medicina.udd.cl\/fonoaudiologia-santiago\/charla-vivir-una-experiencia-de-comunicacion\/embed\/#?secret=QxQfR7TQQu\" width=\"600\" height=\"338\" title=\"\u00abCharla: \u201cVivir una experiencia de comunicaci\u00f3n\u201d\u00bb \u2014 Fonoaudiolog\u00eda\" data-secret=\"QxQfR7TQQu\" frameborder=\"0\" marginwidth=\"0\" marginheight=\"0\" scrolling=\"no\" class=\"wp-embedded-content\"><\/iframe><script type=\"text\/javascript\">\n\/* <![CDATA[ *\/\n\/*! This file is auto-generated *\/\n!function(d,l){\"use strict\";l.querySelector&&d.addEventListener&&\"undefined\"!=typeof URL&&(d.wp=d.wp||{},d.wp.receiveEmbedMessage||(d.wp.receiveEmbedMessage=function(e){var t=e.data;if((t||t.secret||t.message||t.value)&&!\/[^a-zA-Z0-9]\/.test(t.secret)){for(var s,r,n,a=l.querySelectorAll('iframe[data-secret=\"'+t.secret+'\"]'),o=l.querySelectorAll('blockquote[data-secret=\"'+t.secret+'\"]'),c=new RegExp(\"^https?:$\",\"i\"),i=0;i<o.length;i++)o[i].style.display=\"none\";for(i=0;i<a.length;i++)s=a[i],e.source===s.contentWindow&&(s.removeAttribute(\"style\"),\"height\"===t.message?(1e3<(r=parseInt(t.value,10))?r=1e3:~~r<200&&(r=200),s.height=r):\"link\"===t.message&&(r=new URL(s.getAttribute(\"src\")),n=new URL(t.value),c.test(n.protocol))&&n.host===r.host&&l.activeElement===s&&(d.top.location.href=t.value))}},d.addEventListener(\"message\",d.wp.receiveEmbedMessage,!1),l.addEventListener(\"DOMContentLoaded\",function(){for(var e,t,s=l.querySelectorAll(\"iframe.wp-embedded-content\"),r=0;r<s.length;r++)(t=(e=s[r]).getAttribute(\"data-secret\"))||(t=Math.random().toString(36).substring(2,12),e.src+=\"#?secret=\"+t,e.setAttribute(\"data-secret\",t)),e.contentWindow.postMessage({message:\"ready\",secret:t},\"*\")},!1)))}(window,document);\n\/\/# sourceURL=https:\/\/medicina.udd.cl\/fonoaudiologia-santiago\/wp-includes\/js\/wp-embed.min.js\n\/* ]]> *\/\n<\/script>\n","description":"La charla \u201cVivir una oportunidad de Comunicaci\u00f3n\u201d, se presenta como una actividad dentro del mes de la Concientizaci\u00f3n sobre el S\u00edndrome de Rett que se conmemora en todo el mundo durante octubre. Es por eso que la carrera de Fonoaudiolog\u00eda de la Facultad de Medicina Cl\u00ednica Alemana Universidad del Desarrollo, se suma a estas actividades [&hellip;]","thumbnail_url":"https:\/\/medicina.udd.cl\/fonoaudiologia-santiago\/files\/2023\/10\/fono28oct-1024x576.png"}