{"id":1501,"date":"2013-01-08T15:20:38","date_gmt":"2013-01-08T18:20:38","guid":{"rendered":"http:\/\/medicina.udd.cl\/fonoaudiologia-santiago\/files\/2013\/01\/Lazos-esenciales-de-Mar\u00eda-Ang\u00e9lica-L\u00f3pez.jpg"},"modified":"2013-01-08T15:20:38","modified_gmt":"2013-01-08T18:20:38","slug":"lazos-esenciales-de-maria-angelica-lopez","status":"inherit","type":"attachment","link":"https:\/\/medicina.udd.cl\/fonoaudiologia-santiago\/noticias\/2013\/01\/08\/lanzamiento-de-libro-y-celebracion-de-los-40-anos-de-la-fonoaudiologia-en-chile\/lazos-esenciales-de-maria-angelica-lopez\/","title":{"rendered":"\u00abLazos esenciales\u00bb de Mar\u00eda Ang\u00e9lica L\u00f3pez"},"author":30,"featured_media":0,"comment_status":"open","ping_status":"open","template":"","meta":[],"class_list":["post-1501","attachment","type-attachment","status-inherit","hentry"],"yoast_head":"<!-- This site is optimized with the Yoast SEO plugin v26.9 - https:\/\/yoast.com\/product\/yoast-seo-wordpress\/ -->\n<title>&quot;Lazos esenciales&quot; de Mar\u00eda Ang\u00e9lica L\u00f3pez - Fonoaudiolog\u00eda<\/title>\n<meta name=\"robots\" content=\"index, follow, max-snippet:-1, max-image-preview:large, max-video-preview:-1\" \/>\n<link rel=\"canonical\" href=\"https:\/\/medicina.udd.cl\/fonoaudiologia-santiago\/files\/2013\/01\/Lazos-esenciales-de-Mar\u00eda-Ang\u00e9lica-L\u00f3pez.jpg\" \/>\n<meta property=\"og:locale\" content=\"es_ES\" \/>\n<meta property=\"og:type\" content=\"article\" \/>\n<meta property=\"og:title\" content=\"&quot;Lazos esenciales&quot; de Mar\u00eda Ang\u00e9lica L\u00f3pez - Fonoaudiolog\u00eda\" \/>\n<meta property=\"og:url\" content=\"https:\/\/medicina.udd.cl\/fonoaudiologia-santiago\/files\/2013\/01\/Lazos-esenciales-de-Mar\u00eda-Ang\u00e9lica-L\u00f3pez.jpg\" \/>\n<meta property=\"og:site_name\" content=\"Fonoaudiolog\u00eda\" \/>\n<meta property=\"og:image\" content=\"https:\/\/medicina.udd.cl\/fonoaudiologia-santiago\/files\/2013\/01\/Lazos-esenciales-de-Mar\u00eda-Ang\u00e9lica-L\u00f3pez.jpg\" \/>\n\t<meta property=\"og:image:width\" content=\"300\" \/>\n\t<meta property=\"og:image:height\" content=\"400\" \/>\n\t<meta property=\"og:image:type\" content=\"image\/jpeg\" \/>\n<script type=\"application\/ld+json\" class=\"yoast-schema-graph\">{\"@context\":\"https:\/\/schema.org\",\"@graph\":[{\"@type\":\"WebPage\",\"@id\":\"https:\/\/medicina.udd.cl\/fonoaudiologia-santiago\/files\/2013\/01\/Lazos-esenciales-de-Mar\u00eda-Ang\u00e9lica-L\u00f3pez.jpg\",\"url\":\"https:\/\/medicina.udd.cl\/fonoaudiologia-santiago\/files\/2013\/01\/Lazos-esenciales-de-Mar\u00eda-Ang\u00e9lica-L\u00f3pez.jpg\",\"name\":\"\\\"Lazos esenciales\\\" de Mar\u00eda Ang\u00e9lica L\u00f3pez - Fonoaudiolog\u00eda\",\"isPartOf\":{\"@id\":\"https:\/\/medicina.udd.cl\/fonoaudiologia-santiago\/#website\"},\"datePublished\":\"2013-01-08T18:20:38+00:00\",\"breadcrumb\":{\"@id\":\"https:\/\/medicina.udd.cl\/fonoaudiologia-santiago\/files\/2013\/01\/Lazos-esenciales-de-Mar\u00eda-Ang\u00e9lica-L\u00f3pez.jpg#breadcrumb\"},\"inLanguage\":\"es\",\"potentialAction\":[{\"@type\":\"ReadAction\",\"target\":[\"https:\/\/medicina.udd.cl\/fonoaudiologia-santiago\/files\/2013\/01\/Lazos-esenciales-de-Mar\u00eda-Ang\u00e9lica-L\u00f3pez.jpg\"]}]},{\"@type\":\"BreadcrumbList\",\"@id\":\"https:\/\/medicina.udd.cl\/fonoaudiologia-santiago\/files\/2013\/01\/Lazos-esenciales-de-Mar\u00eda-Ang\u00e9lica-L\u00f3pez.jpg#breadcrumb\",\"itemListElement\":[{\"@type\":\"ListItem\",\"position\":1,\"name\":\"Home\",\"item\":\"https:\/\/medicina.udd.cl\/fonoaudiologia-santiago\/\"},{\"@type\":\"ListItem\",\"position\":2,\"name\":\"Lanzamiento de libro y celebraci\u00f3n de los 40 a\u00f1os de la Fonoaudiolog\u00eda en Chile\",\"item\":\"https:\/\/medicina.udd.cl\/fonoaudiologia-santiago\/noticias\/2013\/01\/08\/lanzamiento-de-libro-y-celebracion-de-los-40-anos-de-la-fonoaudiologia-en-chile\/\"},{\"@type\":\"ListItem\",\"position\":3,\"name\":\"\u00abLazos esenciales\u00bb de Mar\u00eda Ang\u00e9lica L\u00f3pez\"}]},{\"@type\":\"WebSite\",\"@id\":\"https:\/\/medicina.udd.cl\/fonoaudiologia-santiago\/#website\",\"url\":\"https:\/\/medicina.udd.cl\/fonoaudiologia-santiago\/\",\"name\":\"Fonoaudiolog\u00eda\",\"description\":\"Facultad de Medicina Cl\u00ednica Alemana Universidad del Desarrollo\",\"inLanguage\":\"es\"}]}<\/script>\n<!-- \/ Yoast SEO plugin. -->","yoast_head_json":{"title":"\"Lazos esenciales\" de Mar\u00eda Ang\u00e9lica L\u00f3pez - Fonoaudiolog\u00eda","robots":{"index":"index","follow":"follow","max-snippet":"max-snippet:-1","max-image-preview":"max-image-preview:large","max-video-preview":"max-video-preview:-1"},"canonical":"https:\/\/medicina.udd.cl\/fonoaudiologia-santiago\/files\/2013\/01\/Lazos-esenciales-de-Mar\u00eda-Ang\u00e9lica-L\u00f3pez.jpg","og_locale":"es_ES","og_type":"article","og_title":"\"Lazos esenciales\" de Mar\u00eda Ang\u00e9lica L\u00f3pez - Fonoaudiolog\u00eda","og_url":"https:\/\/medicina.udd.cl\/fonoaudiologia-santiago\/files\/2013\/01\/Lazos-esenciales-de-Mar\u00eda-Ang\u00e9lica-L\u00f3pez.jpg","og_site_name":"Fonoaudiolog\u00eda","og_image":[{"width":300,"height":400,"url":"https:\/\/medicina.udd.cl\/fonoaudiologia-santiago\/files\/2013\/01\/Lazos-esenciales-de-Mar\u00eda-Ang\u00e9lica-L\u00f3pez.jpg","type":"image\/jpeg"}],"schema":{"@context":"https:\/\/schema.org","@graph":[{"@type":"WebPage","@id":"https:\/\/medicina.udd.cl\/fonoaudiologia-santiago\/files\/2013\/01\/Lazos-esenciales-de-Mar\u00eda-Ang\u00e9lica-L\u00f3pez.jpg","url":"https:\/\/medicina.udd.cl\/fonoaudiologia-santiago\/files\/2013\/01\/Lazos-esenciales-de-Mar\u00eda-Ang\u00e9lica-L\u00f3pez.jpg","name":"\"Lazos esenciales\" de Mar\u00eda Ang\u00e9lica L\u00f3pez - Fonoaudiolog\u00eda","isPartOf":{"@id":"https:\/\/medicina.udd.cl\/fonoaudiologia-santiago\/#website"},"datePublished":"2013-01-08T18:20:38+00:00","breadcrumb":{"@id":"https:\/\/medicina.udd.cl\/fonoaudiologia-santiago\/files\/2013\/01\/Lazos-esenciales-de-Mar\u00eda-Ang\u00e9lica-L\u00f3pez.jpg#breadcrumb"},"inLanguage":"es","potentialAction":[{"@type":"ReadAction","target":["https:\/\/medicina.udd.cl\/fonoaudiologia-santiago\/files\/2013\/01\/Lazos-esenciales-de-Mar\u00eda-Ang\u00e9lica-L\u00f3pez.jpg"]}]},{"@type":"BreadcrumbList","@id":"https:\/\/medicina.udd.cl\/fonoaudiologia-santiago\/files\/2013\/01\/Lazos-esenciales-de-Mar\u00eda-Ang\u00e9lica-L\u00f3pez.jpg#breadcrumb","itemListElement":[{"@type":"ListItem","position":1,"name":"Home","item":"https:\/\/medicina.udd.cl\/fonoaudiologia-santiago\/"},{"@type":"ListItem","position":2,"name":"Lanzamiento de libro y celebraci\u00f3n de los 40 a\u00f1os de la Fonoaudiolog\u00eda en Chile","item":"https:\/\/medicina.udd.cl\/fonoaudiologia-santiago\/noticias\/2013\/01\/08\/lanzamiento-de-libro-y-celebracion-de-los-40-anos-de-la-fonoaudiologia-en-chile\/"},{"@type":"ListItem","position":3,"name":"\u00abLazos esenciales\u00bb de Mar\u00eda Ang\u00e9lica L\u00f3pez"}]},{"@type":"WebSite","@id":"https:\/\/medicina.udd.cl\/fonoaudiologia-santiago\/#website","url":"https:\/\/medicina.udd.cl\/fonoaudiologia-santiago\/","name":"Fonoaudiolog\u00eda","description":"Facultad de Medicina Cl\u00ednica Alemana Universidad del Desarrollo","inLanguage":"es"}]}},"description":{"rendered":"<p class=\"attachment\"><a href='https:\/\/medicina.udd.cl\/fonoaudiologia-santiago\/files\/2013\/01\/Lazos-esenciales-de-Mar\u00eda-Ang\u00e9lica-L\u00f3pez.jpg'><img loading=\"lazy\" decoding=\"async\" width=\"225\" height=\"300\" src=\"https:\/\/medicina.udd.cl\/fonoaudiologia-santiago\/files\/2013\/01\/Lazos-esenciales-de-Mar\u00eda-Ang\u00e9lica-L\u00f3pez-225x300.jpg\" class=\"attachment-medium size-medium\" alt=\"\" srcset=\"https:\/\/medicina.udd.cl\/fonoaudiologia-santiago\/files\/2013\/01\/Lazos-esenciales-de-Mar\u00eda-Ang\u00e9lica-L\u00f3pez-225x300.jpg 225w, https:\/\/medicina.udd.cl\/fonoaudiologia-santiago\/files\/2013\/01\/Lazos-esenciales-de-Mar\u00eda-Ang\u00e9lica-L\u00f3pez.jpg 300w\" sizes=\"auto, (max-width: 225px) 100vw, 225px\" \/><\/a><\/p>\n"},"caption":{"rendered":""},"alt_text":"","media_type":"image","mime_type":"image\/jpeg","media_details":{"width":300,"height":400,"file":"2013\/01\/Lazos-esenciales-de-Mar\u00eda-Ang\u00e9lica-L\u00f3pez.jpg","sizes":{"thumbnail":{"file":"Lazos-esenciales-de-Mar\u00eda-Ang\u00e9lica-L\u00f3pez-150x150.jpg","width":150,"height":150,"mime_type":"image\/jpeg","source_url":"https:\/\/medicina.udd.cl\/fonoaudiologia-santiago\/files\/2013\/01\/Lazos-esenciales-de-Mar\u00eda-Ang\u00e9lica-L\u00f3pez-150x150.jpg"},"medium":{"file":"Lazos-esenciales-de-Mar\u00eda-Ang\u00e9lica-L\u00f3pez-225x300.jpg","width":225,"height":300,"mime_type":"image\/jpeg","source_url":"https:\/\/medicina.udd.cl\/fonoaudiologia-santiago\/files\/2013\/01\/Lazos-esenciales-de-Mar\u00eda-Ang\u00e9lica-L\u00f3pez-225x300.jpg"},"newsletter_featured":{"file":"Lazos-esenciales-de-Mar\u00eda-Ang\u00e9lica-L\u00f3pez-300x224.jpg","width":300,"height":224,"mime_type":"image\/jpeg","source_url":"https:\/\/medicina.udd.cl\/fonoaudiologia-santiago\/files\/2013\/01\/Lazos-esenciales-de-Mar\u00eda-Ang\u00e9lica-L\u00f3pez-300x224.jpg"},"newsletter_first":{"file":"Lazos-esenciales-de-Mar\u00eda-Ang\u00e9lica-L\u00f3pez-286x205.jpg","width":286,"height":205,"mime_type":"image\/jpeg","source_url":"https:\/\/medicina.udd.cl\/fonoaudiologia-santiago\/files\/2013\/01\/Lazos-esenciales-de-Mar\u00eda-Ang\u00e9lica-L\u00f3pez-286x205.jpg"},"newsletter_thumb":{"file":"Lazos-esenciales-de-Mar\u00eda-Ang\u00e9lica-L\u00f3pez-288x150.jpg","width":288,"height":150,"mime_type":"image\/jpeg","source_url":"https:\/\/medicina.udd.cl\/fonoaudiologia-santiago\/files\/2013\/01\/Lazos-esenciales-de-Mar\u00eda-Ang\u00e9lica-L\u00f3pez-288x150.jpg"},"newsletter_column":{"file":"Lazos-esenciales-de-Mar\u00eda-Ang\u00e9lica-L\u00f3pez-182x140.jpg","width":182,"height":140,"mime_type":"image\/jpeg","source_url":"https:\/\/medicina.udd.cl\/fonoaudiologia-santiago\/files\/2013\/01\/Lazos-esenciales-de-Mar\u00eda-Ang\u00e9lica-L\u00f3pez-182x140.jpg"},"newsletter_square":{"file":"Lazos-esenciales-de-Mar\u00eda-Ang\u00e9lica-L\u00f3pez-62x62.jpg","width":62,"height":62,"mime_type":"image\/jpeg","source_url":"https:\/\/medicina.udd.cl\/fonoaudiologia-santiago\/files\/2013\/01\/Lazos-esenciales-de-Mar\u00eda-Ang\u00e9lica-L\u00f3pez-62x62.jpg"},"newsletter_square_large":{"file":"Lazos-esenciales-de-Mar\u00eda-Ang\u00e9lica-L\u00f3pez-87x62.jpg","width":87,"height":62,"mime_type":"image\/jpeg","source_url":"https:\/\/medicina.udd.cl\/fonoaudiologia-santiago\/files\/2013\/01\/Lazos-esenciales-de-Mar\u00eda-Ang\u00e9lica-L\u00f3pez-87x62.jpg"},"squared":{"file":"Lazos-esenciales-de-Mar\u00eda-Ang\u00e9lica-L\u00f3pez-300x300.jpg","width":300,"height":300,"mime_type":"image\/jpeg","source_url":"https:\/\/medicina.udd.cl\/fonoaudiologia-santiago\/files\/2013\/01\/Lazos-esenciales-de-Mar\u00eda-Ang\u00e9lica-L\u00f3pez-300x300.jpg"},"portrait-medium":{"file":"Lazos-esenciales-de-Mar\u00eda-Ang\u00e9lica-L\u00f3pez-220x260.jpg","width":220,"height":260,"mime_type":"image\/jpeg","source_url":"https:\/\/medicina.udd.cl\/fonoaudiologia-santiago\/files\/2013\/01\/Lazos-esenciales-de-Mar\u00eda-Ang\u00e9lica-L\u00f3pez-220x260.jpg"},"landscape-small":{"file":"Lazos-esenciales-de-Mar\u00eda-Ang\u00e9lica-L\u00f3pez-125x80.jpg","width":125,"height":80,"mime_type":"image\/jpeg","source_url":"https:\/\/medicina.udd.cl\/fonoaudiologia-santiago\/files\/2013\/01\/Lazos-esenciales-de-Mar\u00eda-Ang\u00e9lica-L\u00f3pez-125x80.jpg"},"landscape-medium":{"file":"Lazos-esenciales-de-Mar\u00eda-Ang\u00e9lica-L\u00f3pez-300x220.jpg","width":300,"height":220,"mime_type":"image\/jpeg","source_url":"https:\/\/medicina.udd.cl\/fonoaudiologia-santiago\/files\/2013\/01\/Lazos-esenciales-de-Mar\u00eda-Ang\u00e9lica-L\u00f3pez-300x220.jpg"},"landscape-large":{"file":"Lazos-esenciales-de-Mar\u00eda-Ang\u00e9lica-L\u00f3pez-300x255.jpg","width":300,"height":255,"mime_type":"image\/jpeg","source_url":"https:\/\/medicina.udd.cl\/fonoaudiologia-santiago\/files\/2013\/01\/Lazos-esenciales-de-Mar\u00eda-Ang\u00e9lica-L\u00f3pez-300x255.jpg"},"panoramic":{"file":"Lazos-esenciales-de-Mar\u00eda-Ang\u00e9lica-L\u00f3pez-300x345.jpg","width":300,"height":345,"mime_type":"image\/jpeg","source_url":"https:\/\/medicina.udd.cl\/fonoaudiologia-santiago\/files\/2013\/01\/Lazos-esenciales-de-Mar\u00eda-Ang\u00e9lica-L\u00f3pez-300x345.jpg"},"custom_content":{"file":"Lazos-esenciales-de-Mar\u00eda-Ang\u00e9lica-L\u00f3pez-126x126.jpg","width":126,"height":126,"mime_type":"image\/jpeg","source_url":"https:\/\/medicina.udd.cl\/fonoaudiologia-santiago\/files\/2013\/01\/Lazos-esenciales-de-Mar\u00eda-Ang\u00e9lica-L\u00f3pez-126x126.jpg"},"full":{"file":"Lazos-esenciales-de-Mar\u00eda-Ang\u00e9lica-L\u00f3pez.jpg","width":300,"height":400,"mime_type":"image\/jpeg","source_url":"https:\/\/medicina.udd.cl\/fonoaudiologia-santiago\/files\/2013\/01\/Lazos-esenciales-de-Mar\u00eda-Ang\u00e9lica-L\u00f3pez.jpg"}},"image_meta":{"aperture":"2.8","credit":"","camera":"iPhone 3GS","caption":"","created_timestamp":"1356627133","copyright":"","focal_length":"3.85","iso":"64","shutter_speed":"0.058823529411765","title":"","orientation":"6","keywords":[]}},"post":1499,"source_url":"https:\/\/medicina.udd.cl\/fonoaudiologia-santiago\/files\/2013\/01\/Lazos-esenciales-de-Mar\u00eda-Ang\u00e9lica-L\u00f3pez.jpg","_links":{"self":[{"href":"https:\/\/medicina.udd.cl\/fonoaudiologia-santiago\/wp-json\/wp\/v2\/media\/1501","targetHints":{"allow":["GET"]}}],"collection":[{"href":"https:\/\/medicina.udd.cl\/fonoaudiologia-santiago\/wp-json\/wp\/v2\/media"}],"about":[{"href":"https:\/\/medicina.udd.cl\/fonoaudiologia-santiago\/wp-json\/wp\/v2\/types\/attachment"}],"author":[{"embeddable":true,"href":"https:\/\/medicina.udd.cl\/fonoaudiologia-santiago\/wp-json\/wp\/v2\/users\/30"}],"replies":[{"embeddable":true,"href":"https:\/\/medicina.udd.cl\/fonoaudiologia-santiago\/wp-json\/wp\/v2\/comments?post=1501"}],"wp:attached-to":[{"embeddable":true,"post_type":"post","id":1499,"href":"https:\/\/medicina.udd.cl\/fonoaudiologia-santiago\/wp-json\/wp\/v2\/posts\/1499"}],"curies":[{"name":"wp","href":"https:\/\/api.w.org\/{rel}","templated":true}]}}