{"id":2002,"date":"2013-09-30T10:20:50","date_gmt":"2013-09-30T14:20:50","guid":{"rendered":"http:\/\/medicina.udd.cl\/fonoaudiologia-santiago\/files\/2013\/09\/Docente-y-fonoaudi\u00f3logo-Fernando-\u00c1lvarez.jpg"},"modified":"2013-09-30T10:20:50","modified_gmt":"2013-09-30T14:20:50","slug":"docente-y-fonoaudiologo-fernando-alvarez","status":"inherit","type":"attachment","link":"https:\/\/medicina.udd.cl\/fonoaudiologia-santiago\/noticias\/2013\/09\/30\/campana-de-prevencion-en-dia-internacional-de-las-personas-sordas\/docente-y-fonoaudiologo-fernando-alvarez\/","title":{"rendered":"Docente y fonoaudi\u00f3logo Fernando \u00c1lvarez"},"author":40,"featured_media":0,"comment_status":"open","ping_status":"open","template":"","meta":[],"class_list":["post-2002","attachment","type-attachment","status-inherit","hentry"],"yoast_head":"<!-- This site is optimized with the Yoast SEO plugin v26.9 - https:\/\/yoast.com\/product\/yoast-seo-wordpress\/ -->\n<title>Docente y fonoaudi\u00f3logo Fernando \u00c1lvarez - Fonoaudiolog\u00eda<\/title>\n<meta name=\"robots\" content=\"index, follow, max-snippet:-1, max-image-preview:large, max-video-preview:-1\" \/>\n<link rel=\"canonical\" href=\"https:\/\/medicina.udd.cl\/fonoaudiologia-santiago\/files\/2013\/09\/Docente-y-fonoaudi\u00f3logo-Fernando-\u00c1lvarez.jpg\" \/>\n<meta property=\"og:locale\" content=\"es_ES\" \/>\n<meta property=\"og:type\" content=\"article\" \/>\n<meta property=\"og:title\" content=\"Docente y fonoaudi\u00f3logo Fernando \u00c1lvarez - Fonoaudiolog\u00eda\" \/>\n<meta property=\"og:url\" content=\"https:\/\/medicina.udd.cl\/fonoaudiologia-santiago\/files\/2013\/09\/Docente-y-fonoaudi\u00f3logo-Fernando-\u00c1lvarez.jpg\" \/>\n<meta property=\"og:site_name\" content=\"Fonoaudiolog\u00eda\" \/>\n<meta property=\"og:image\" content=\"https:\/\/medicina.udd.cl\/fonoaudiologia-santiago\/files\/2013\/09\/Docente-y-fonoaudi\u00f3logo-Fernando-\u00c1lvarez.jpg\" \/>\n\t<meta property=\"og:image:width\" content=\"1280\" \/>\n\t<meta property=\"og:image:height\" content=\"1073\" \/>\n\t<meta property=\"og:image:type\" content=\"image\/jpeg\" \/>\n<script type=\"application\/ld+json\" class=\"yoast-schema-graph\">{\"@context\":\"https:\/\/schema.org\",\"@graph\":[{\"@type\":\"WebPage\",\"@id\":\"https:\/\/medicina.udd.cl\/fonoaudiologia-santiago\/files\/2013\/09\/Docente-y-fonoaudi\u00f3logo-Fernando-\u00c1lvarez.jpg\",\"url\":\"https:\/\/medicina.udd.cl\/fonoaudiologia-santiago\/files\/2013\/09\/Docente-y-fonoaudi\u00f3logo-Fernando-\u00c1lvarez.jpg\",\"name\":\"Docente y fonoaudi\u00f3logo Fernando \u00c1lvarez - Fonoaudiolog\u00eda\",\"isPartOf\":{\"@id\":\"https:\/\/medicina.udd.cl\/fonoaudiologia-santiago\/#website\"},\"datePublished\":\"2013-09-30T14:20:50+00:00\",\"breadcrumb\":{\"@id\":\"https:\/\/medicina.udd.cl\/fonoaudiologia-santiago\/files\/2013\/09\/Docente-y-fonoaudi\u00f3logo-Fernando-\u00c1lvarez.jpg#breadcrumb\"},\"inLanguage\":\"es\",\"potentialAction\":[{\"@type\":\"ReadAction\",\"target\":[\"https:\/\/medicina.udd.cl\/fonoaudiologia-santiago\/files\/2013\/09\/Docente-y-fonoaudi\u00f3logo-Fernando-\u00c1lvarez.jpg\"]}]},{\"@type\":\"BreadcrumbList\",\"@id\":\"https:\/\/medicina.udd.cl\/fonoaudiologia-santiago\/files\/2013\/09\/Docente-y-fonoaudi\u00f3logo-Fernando-\u00c1lvarez.jpg#breadcrumb\",\"itemListElement\":[{\"@type\":\"ListItem\",\"position\":1,\"name\":\"Home\",\"item\":\"https:\/\/medicina.udd.cl\/fonoaudiologia-santiago\/\"},{\"@type\":\"ListItem\",\"position\":2,\"name\":\"Campa\u00f1a de Prevenci\u00f3n en D\u00eda Internacional de las Personas Sordas\",\"item\":\"https:\/\/medicina.udd.cl\/fonoaudiologia-santiago\/noticias\/2013\/09\/30\/campana-de-prevencion-en-dia-internacional-de-las-personas-sordas\/\"},{\"@type\":\"ListItem\",\"position\":3,\"name\":\"Docente y fonoaudi\u00f3logo Fernando \u00c1lvarez\"}]},{\"@type\":\"WebSite\",\"@id\":\"https:\/\/medicina.udd.cl\/fonoaudiologia-santiago\/#website\",\"url\":\"https:\/\/medicina.udd.cl\/fonoaudiologia-santiago\/\",\"name\":\"Fonoaudiolog\u00eda\",\"description\":\"Facultad de Medicina Cl\u00ednica Alemana Universidad del Desarrollo\",\"inLanguage\":\"es\"}]}<\/script>\n<!-- \/ Yoast SEO plugin. -->","yoast_head_json":{"title":"Docente y fonoaudi\u00f3logo Fernando \u00c1lvarez - Fonoaudiolog\u00eda","robots":{"index":"index","follow":"follow","max-snippet":"max-snippet:-1","max-image-preview":"max-image-preview:large","max-video-preview":"max-video-preview:-1"},"canonical":"https:\/\/medicina.udd.cl\/fonoaudiologia-santiago\/files\/2013\/09\/Docente-y-fonoaudi\u00f3logo-Fernando-\u00c1lvarez.jpg","og_locale":"es_ES","og_type":"article","og_title":"Docente y fonoaudi\u00f3logo Fernando \u00c1lvarez - Fonoaudiolog\u00eda","og_url":"https:\/\/medicina.udd.cl\/fonoaudiologia-santiago\/files\/2013\/09\/Docente-y-fonoaudi\u00f3logo-Fernando-\u00c1lvarez.jpg","og_site_name":"Fonoaudiolog\u00eda","og_image":[{"width":1280,"height":1073,"url":"https:\/\/medicina.udd.cl\/fonoaudiologia-santiago\/files\/2013\/09\/Docente-y-fonoaudi\u00f3logo-Fernando-\u00c1lvarez.jpg","type":"image\/jpeg"}],"schema":{"@context":"https:\/\/schema.org","@graph":[{"@type":"WebPage","@id":"https:\/\/medicina.udd.cl\/fonoaudiologia-santiago\/files\/2013\/09\/Docente-y-fonoaudi\u00f3logo-Fernando-\u00c1lvarez.jpg","url":"https:\/\/medicina.udd.cl\/fonoaudiologia-santiago\/files\/2013\/09\/Docente-y-fonoaudi\u00f3logo-Fernando-\u00c1lvarez.jpg","name":"Docente y fonoaudi\u00f3logo Fernando \u00c1lvarez - Fonoaudiolog\u00eda","isPartOf":{"@id":"https:\/\/medicina.udd.cl\/fonoaudiologia-santiago\/#website"},"datePublished":"2013-09-30T14:20:50+00:00","breadcrumb":{"@id":"https:\/\/medicina.udd.cl\/fonoaudiologia-santiago\/files\/2013\/09\/Docente-y-fonoaudi\u00f3logo-Fernando-\u00c1lvarez.jpg#breadcrumb"},"inLanguage":"es","potentialAction":[{"@type":"ReadAction","target":["https:\/\/medicina.udd.cl\/fonoaudiologia-santiago\/files\/2013\/09\/Docente-y-fonoaudi\u00f3logo-Fernando-\u00c1lvarez.jpg"]}]},{"@type":"BreadcrumbList","@id":"https:\/\/medicina.udd.cl\/fonoaudiologia-santiago\/files\/2013\/09\/Docente-y-fonoaudi\u00f3logo-Fernando-\u00c1lvarez.jpg#breadcrumb","itemListElement":[{"@type":"ListItem","position":1,"name":"Home","item":"https:\/\/medicina.udd.cl\/fonoaudiologia-santiago\/"},{"@type":"ListItem","position":2,"name":"Campa\u00f1a de Prevenci\u00f3n en D\u00eda Internacional de las Personas Sordas","item":"https:\/\/medicina.udd.cl\/fonoaudiologia-santiago\/noticias\/2013\/09\/30\/campana-de-prevencion-en-dia-internacional-de-las-personas-sordas\/"},{"@type":"ListItem","position":3,"name":"Docente y fonoaudi\u00f3logo Fernando \u00c1lvarez"}]},{"@type":"WebSite","@id":"https:\/\/medicina.udd.cl\/fonoaudiologia-santiago\/#website","url":"https:\/\/medicina.udd.cl\/fonoaudiologia-santiago\/","name":"Fonoaudiolog\u00eda","description":"Facultad de Medicina Cl\u00ednica Alemana Universidad del Desarrollo","inLanguage":"es"}]}},"description":{"rendered":"<p class=\"attachment\"><a href='https:\/\/medicina.udd.cl\/fonoaudiologia-santiago\/files\/2013\/09\/Docente-y-fonoaudi\u00f3logo-Fernando-\u00c1lvarez.jpg'><img loading=\"lazy\" decoding=\"async\" width=\"300\" height=\"251\" src=\"https:\/\/medicina.udd.cl\/fonoaudiologia-santiago\/files\/2013\/09\/Docente-y-fonoaudi\u00f3logo-Fernando-\u00c1lvarez-300x251.jpg\" class=\"attachment-medium size-medium\" alt=\"\" srcset=\"https:\/\/medicina.udd.cl\/fonoaudiologia-santiago\/files\/2013\/09\/Docente-y-fonoaudi\u00f3logo-Fernando-\u00c1lvarez-300x251.jpg 300w, https:\/\/medicina.udd.cl\/fonoaudiologia-santiago\/files\/2013\/09\/Docente-y-fonoaudi\u00f3logo-Fernando-\u00c1lvarez-768x644.jpg 768w, https:\/\/medicina.udd.cl\/fonoaudiologia-santiago\/files\/2013\/09\/Docente-y-fonoaudi\u00f3logo-Fernando-\u00c1lvarez-1024x858.jpg 1024w, https:\/\/medicina.udd.cl\/fonoaudiologia-santiago\/files\/2013\/09\/Docente-y-fonoaudi\u00f3logo-Fernando-\u00c1lvarez-960x805.jpg 960w, https:\/\/medicina.udd.cl\/fonoaudiologia-santiago\/files\/2013\/09\/Docente-y-fonoaudi\u00f3logo-Fernando-\u00c1lvarez.jpg 1280w\" sizes=\"auto, (max-width: 300px) 100vw, 300px\" \/><\/a><\/p>\n"},"caption":{"rendered":""},"alt_text":"","media_type":"image","mime_type":"image\/jpeg","media_details":{"width":1280,"height":1073,"file":"2013\/09\/Docente-y-fonoaudi\u00f3logo-Fernando-\u00c1lvarez.jpg","sizes":{"thumbnail":{"file":"Docente-y-fonoaudi\u00f3logo-Fernando-\u00c1lvarez-150x150.jpg","width":150,"height":150,"mime_type":"image\/jpeg","source_url":"https:\/\/medicina.udd.cl\/fonoaudiologia-santiago\/files\/2013\/09\/Docente-y-fonoaudi\u00f3logo-Fernando-\u00c1lvarez-150x150.jpg"},"medium":{"file":"Docente-y-fonoaudi\u00f3logo-Fernando-\u00c1lvarez-300x251.jpg","width":300,"height":251,"mime_type":"image\/jpeg","source_url":"https:\/\/medicina.udd.cl\/fonoaudiologia-santiago\/files\/2013\/09\/Docente-y-fonoaudi\u00f3logo-Fernando-\u00c1lvarez-300x251.jpg"},"medium_large":{"file":"Docente-y-fonoaudi\u00f3logo-Fernando-\u00c1lvarez-768x644.jpg","width":768,"height":644,"mime_type":"image\/jpeg","source_url":"https:\/\/medicina.udd.cl\/fonoaudiologia-santiago\/files\/2013\/09\/Docente-y-fonoaudi\u00f3logo-Fernando-\u00c1lvarez-768x644.jpg"},"large":{"file":"Docente-y-fonoaudi\u00f3logo-Fernando-\u00c1lvarez-1024x858.jpg","width":1024,"height":858,"mime_type":"image\/jpeg","source_url":"https:\/\/medicina.udd.cl\/fonoaudiologia-santiago\/files\/2013\/09\/Docente-y-fonoaudi\u00f3logo-Fernando-\u00c1lvarez-1024x858.jpg"},"newsletter_featured":{"file":"Docente-y-fonoaudi\u00f3logo-Fernando-\u00c1lvarez-316x224.jpg","width":316,"height":224,"mime_type":"image\/jpeg","source_url":"https:\/\/medicina.udd.cl\/fonoaudiologia-santiago\/files\/2013\/09\/Docente-y-fonoaudi\u00f3logo-Fernando-\u00c1lvarez-316x224.jpg"},"newsletter_first":{"file":"Docente-y-fonoaudi\u00f3logo-Fernando-\u00c1lvarez-286x205.jpg","width":286,"height":205,"mime_type":"image\/jpeg","source_url":"https:\/\/medicina.udd.cl\/fonoaudiologia-santiago\/files\/2013\/09\/Docente-y-fonoaudi\u00f3logo-Fernando-\u00c1lvarez-286x205.jpg"},"newsletter_thumb":{"file":"Docente-y-fonoaudi\u00f3logo-Fernando-\u00c1lvarez-288x150.jpg","width":288,"height":150,"mime_type":"image\/jpeg","source_url":"https:\/\/medicina.udd.cl\/fonoaudiologia-santiago\/files\/2013\/09\/Docente-y-fonoaudi\u00f3logo-Fernando-\u00c1lvarez-288x150.jpg"},"newsletter_column":{"file":"Docente-y-fonoaudi\u00f3logo-Fernando-\u00c1lvarez-182x140.jpg","width":182,"height":140,"mime_type":"image\/jpeg","source_url":"https:\/\/medicina.udd.cl\/fonoaudiologia-santiago\/files\/2013\/09\/Docente-y-fonoaudi\u00f3logo-Fernando-\u00c1lvarez-182x140.jpg"},"newsletter_square":{"file":"Docente-y-fonoaudi\u00f3logo-Fernando-\u00c1lvarez-62x62.jpg","width":62,"height":62,"mime_type":"image\/jpeg","source_url":"https:\/\/medicina.udd.cl\/fonoaudiologia-santiago\/files\/2013\/09\/Docente-y-fonoaudi\u00f3logo-Fernando-\u00c1lvarez-62x62.jpg"},"newsletter_square_large":{"file":"Docente-y-fonoaudi\u00f3logo-Fernando-\u00c1lvarez-87x62.jpg","width":87,"height":62,"mime_type":"image\/jpeg","source_url":"https:\/\/medicina.udd.cl\/fonoaudiologia-santiago\/files\/2013\/09\/Docente-y-fonoaudi\u00f3logo-Fernando-\u00c1lvarez-87x62.jpg"},"featured-home":{"file":"Docente-y-fonoaudi\u00f3logo-Fernando-\u00c1lvarez-800x450.jpg","width":800,"height":450,"mime_type":"image\/jpeg","source_url":"https:\/\/medicina.udd.cl\/fonoaudiologia-santiago\/files\/2013\/09\/Docente-y-fonoaudi\u00f3logo-Fernando-\u00c1lvarez-800x450.jpg"},"featured-career":{"file":"Docente-y-fonoaudi\u00f3logo-Fernando-\u00c1lvarez-660x430.jpg","width":660,"height":430,"mime_type":"image\/jpeg","source_url":"https:\/\/medicina.udd.cl\/fonoaudiologia-santiago\/files\/2013\/09\/Docente-y-fonoaudi\u00f3logo-Fernando-\u00c1lvarez-660x430.jpg"},"squared":{"file":"Docente-y-fonoaudi\u00f3logo-Fernando-\u00c1lvarez-300x300.jpg","width":300,"height":300,"mime_type":"image\/jpeg","source_url":"https:\/\/medicina.udd.cl\/fonoaudiologia-santiago\/files\/2013\/09\/Docente-y-fonoaudi\u00f3logo-Fernando-\u00c1lvarez-300x300.jpg"},"stretch":{"file":"Docente-y-fonoaudi\u00f3logo-Fernando-\u00c1lvarez-800x450.jpg","width":800,"height":450,"mime_type":"image\/jpeg","source_url":"https:\/\/medicina.udd.cl\/fonoaudiologia-santiago\/files\/2013\/09\/Docente-y-fonoaudi\u00f3logo-Fernando-\u00c1lvarez-800x450.jpg"},"portrait-medium":{"file":"Docente-y-fonoaudi\u00f3logo-Fernando-\u00c1lvarez-220x260.jpg","width":220,"height":260,"mime_type":"image\/jpeg","source_url":"https:\/\/medicina.udd.cl\/fonoaudiologia-santiago\/files\/2013\/09\/Docente-y-fonoaudi\u00f3logo-Fernando-\u00c1lvarez-220x260.jpg"},"landscape-small":{"file":"Docente-y-fonoaudi\u00f3logo-Fernando-\u00c1lvarez-125x80.jpg","width":125,"height":80,"mime_type":"image\/jpeg","source_url":"https:\/\/medicina.udd.cl\/fonoaudiologia-santiago\/files\/2013\/09\/Docente-y-fonoaudi\u00f3logo-Fernando-\u00c1lvarez-125x80.jpg"},"landscape-medium":{"file":"Docente-y-fonoaudi\u00f3logo-Fernando-\u00c1lvarez-340x220.jpg","width":340,"height":220,"mime_type":"image\/jpeg","source_url":"https:\/\/medicina.udd.cl\/fonoaudiologia-santiago\/files\/2013\/09\/Docente-y-fonoaudi\u00f3logo-Fernando-\u00c1lvarez-340x220.jpg"},"landscape-large":{"file":"Docente-y-fonoaudi\u00f3logo-Fernando-\u00c1lvarez-365x255.jpg","width":365,"height":255,"mime_type":"image\/jpeg","source_url":"https:\/\/medicina.udd.cl\/fonoaudiologia-santiago\/files\/2013\/09\/Docente-y-fonoaudi\u00f3logo-Fernando-\u00c1lvarez-365x255.jpg"},"landscape-xlarge":{"file":"Docente-y-fonoaudi\u00f3logo-Fernando-\u00c1lvarez-660x430.jpg","width":660,"height":430,"mime_type":"image\/jpeg","source_url":"https:\/\/medicina.udd.cl\/fonoaudiologia-santiago\/files\/2013\/09\/Docente-y-fonoaudi\u00f3logo-Fernando-\u00c1lvarez-660x430.jpg"},"panoramic":{"file":"Docente-y-fonoaudi\u00f3logo-Fernando-\u00c1lvarez-940x345.jpg","width":940,"height":345,"mime_type":"image\/jpeg","source_url":"https:\/\/medicina.udd.cl\/fonoaudiologia-santiago\/files\/2013\/09\/Docente-y-fonoaudi\u00f3logo-Fernando-\u00c1lvarez-940x345.jpg"},"stretch-large":{"file":"Docente-y-fonoaudi\u00f3logo-Fernando-\u00c1lvarez-940x450.jpg","width":940,"height":450,"mime_type":"image\/jpeg","source_url":"https:\/\/medicina.udd.cl\/fonoaudiologia-santiago\/files\/2013\/09\/Docente-y-fonoaudi\u00f3logo-Fernando-\u00c1lvarez-940x450.jpg"},"proportional-large":{"file":"Docente-y-fonoaudi\u00f3logo-Fernando-\u00c1lvarez-960x805.jpg","width":960,"height":805,"mime_type":"image\/jpeg","source_url":"https:\/\/medicina.udd.cl\/fonoaudiologia-santiago\/files\/2013\/09\/Docente-y-fonoaudi\u00f3logo-Fernando-\u00c1lvarez-960x805.jpg"},"custom_content":{"file":"Docente-y-fonoaudi\u00f3logo-Fernando-\u00c1lvarez-126x126.jpg","width":126,"height":126,"mime_type":"image\/jpeg","source_url":"https:\/\/medicina.udd.cl\/fonoaudiologia-santiago\/files\/2013\/09\/Docente-y-fonoaudi\u00f3logo-Fernando-\u00c1lvarez-126x126.jpg"},"full":{"file":"Docente-y-fonoaudi\u00f3logo-Fernando-\u00c1lvarez.jpg","width":1280,"height":1073,"mime_type":"image\/jpeg","source_url":"https:\/\/medicina.udd.cl\/fonoaudiologia-santiago\/files\/2013\/09\/Docente-y-fonoaudi\u00f3logo-Fernando-\u00c1lvarez.jpg"}},"image_meta":{"aperture":"3.4","credit":"","camera":"Canon PowerShot SX150 IS","caption":"","created_timestamp":"1380527644","copyright":"","focal_length":"5","iso":"160","shutter_speed":"0.005","title":"","orientation":"0","keywords":[]}},"post":2000,"source_url":"https:\/\/medicina.udd.cl\/fonoaudiologia-santiago\/files\/2013\/09\/Docente-y-fonoaudi\u00f3logo-Fernando-\u00c1lvarez.jpg","_links":{"self":[{"href":"https:\/\/medicina.udd.cl\/fonoaudiologia-santiago\/wp-json\/wp\/v2\/media\/2002","targetHints":{"allow":["GET"]}}],"collection":[{"href":"https:\/\/medicina.udd.cl\/fonoaudiologia-santiago\/wp-json\/wp\/v2\/media"}],"about":[{"href":"https:\/\/medicina.udd.cl\/fonoaudiologia-santiago\/wp-json\/wp\/v2\/types\/attachment"}],"author":[{"embeddable":true,"href":"https:\/\/medicina.udd.cl\/fonoaudiologia-santiago\/wp-json\/wp\/v2\/users\/40"}],"replies":[{"embeddable":true,"href":"https:\/\/medicina.udd.cl\/fonoaudiologia-santiago\/wp-json\/wp\/v2\/comments?post=2002"}],"wp:attached-to":[{"embeddable":true,"post_type":"post","id":2000,"href":"https:\/\/medicina.udd.cl\/fonoaudiologia-santiago\/wp-json\/wp\/v2\/posts\/2000"}],"curies":[{"name":"wp","href":"https:\/\/api.w.org\/{rel}","templated":true}]}}