{"id":2005,"date":"2013-09-30T10:21:10","date_gmt":"2013-09-30T14:21:10","guid":{"rendered":"http:\/\/medicina.udd.cl\/fonoaudiologia-santiago\/files\/2013\/09\/Personas-leyendo-el-folleto.jpg"},"modified":"2013-09-30T10:21:10","modified_gmt":"2013-09-30T14:21:10","slug":"personas-leyendo-el-folleto","status":"inherit","type":"attachment","link":"https:\/\/medicina.udd.cl\/fonoaudiologia-santiago\/noticias\/2013\/09\/30\/campana-de-prevencion-en-dia-internacional-de-las-personas-sordas\/personas-leyendo-el-folleto\/","title":{"rendered":"Personas leyendo el folleto"},"author":40,"featured_media":0,"comment_status":"open","ping_status":"open","template":"","meta":[],"class_list":["post-2005","attachment","type-attachment","status-inherit","hentry"],"yoast_head":"<!-- This site is optimized with the Yoast SEO plugin v26.9 - https:\/\/yoast.com\/product\/yoast-seo-wordpress\/ -->\n<title>Personas leyendo el folleto - Fonoaudiolog\u00eda<\/title>\n<meta name=\"robots\" content=\"index, follow, max-snippet:-1, max-image-preview:large, max-video-preview:-1\" \/>\n<link rel=\"canonical\" href=\"https:\/\/medicina.udd.cl\/fonoaudiologia-santiago\/files\/2013\/09\/Personas-leyendo-el-folleto.jpg\" \/>\n<meta property=\"og:locale\" content=\"es_ES\" \/>\n<meta property=\"og:type\" content=\"article\" \/>\n<meta property=\"og:title\" content=\"Personas leyendo el folleto - Fonoaudiolog\u00eda\" \/>\n<meta property=\"og:url\" content=\"https:\/\/medicina.udd.cl\/fonoaudiologia-santiago\/files\/2013\/09\/Personas-leyendo-el-folleto.jpg\" \/>\n<meta property=\"og:site_name\" content=\"Fonoaudiolog\u00eda\" \/>\n<meta property=\"og:image\" content=\"https:\/\/medicina.udd.cl\/fonoaudiologia-santiago\/files\/2013\/09\/Personas-leyendo-el-folleto.jpg\" \/>\n\t<meta property=\"og:image:width\" content=\"1414\" \/>\n\t<meta property=\"og:image:height\" content=\"1139\" \/>\n\t<meta property=\"og:image:type\" content=\"image\/jpeg\" \/>\n<script type=\"application\/ld+json\" class=\"yoast-schema-graph\">{\"@context\":\"https:\/\/schema.org\",\"@graph\":[{\"@type\":\"WebPage\",\"@id\":\"https:\/\/medicina.udd.cl\/fonoaudiologia-santiago\/files\/2013\/09\/Personas-leyendo-el-folleto.jpg\",\"url\":\"https:\/\/medicina.udd.cl\/fonoaudiologia-santiago\/files\/2013\/09\/Personas-leyendo-el-folleto.jpg\",\"name\":\"Personas leyendo el folleto - Fonoaudiolog\u00eda\",\"isPartOf\":{\"@id\":\"https:\/\/medicina.udd.cl\/fonoaudiologia-santiago\/#website\"},\"datePublished\":\"2013-09-30T14:21:10+00:00\",\"breadcrumb\":{\"@id\":\"https:\/\/medicina.udd.cl\/fonoaudiologia-santiago\/files\/2013\/09\/Personas-leyendo-el-folleto.jpg#breadcrumb\"},\"inLanguage\":\"es\",\"potentialAction\":[{\"@type\":\"ReadAction\",\"target\":[\"https:\/\/medicina.udd.cl\/fonoaudiologia-santiago\/files\/2013\/09\/Personas-leyendo-el-folleto.jpg\"]}]},{\"@type\":\"BreadcrumbList\",\"@id\":\"https:\/\/medicina.udd.cl\/fonoaudiologia-santiago\/files\/2013\/09\/Personas-leyendo-el-folleto.jpg#breadcrumb\",\"itemListElement\":[{\"@type\":\"ListItem\",\"position\":1,\"name\":\"Home\",\"item\":\"https:\/\/medicina.udd.cl\/fonoaudiologia-santiago\/\"},{\"@type\":\"ListItem\",\"position\":2,\"name\":\"Campa\u00f1a de Prevenci\u00f3n en D\u00eda Internacional de las Personas Sordas\",\"item\":\"https:\/\/medicina.udd.cl\/fonoaudiologia-santiago\/noticias\/2013\/09\/30\/campana-de-prevencion-en-dia-internacional-de-las-personas-sordas\/\"},{\"@type\":\"ListItem\",\"position\":3,\"name\":\"Personas leyendo el folleto\"}]},{\"@type\":\"WebSite\",\"@id\":\"https:\/\/medicina.udd.cl\/fonoaudiologia-santiago\/#website\",\"url\":\"https:\/\/medicina.udd.cl\/fonoaudiologia-santiago\/\",\"name\":\"Fonoaudiolog\u00eda\",\"description\":\"Facultad de Medicina Cl\u00ednica Alemana Universidad del Desarrollo\",\"inLanguage\":\"es\"}]}<\/script>\n<!-- \/ Yoast SEO plugin. -->","yoast_head_json":{"title":"Personas leyendo el folleto - Fonoaudiolog\u00eda","robots":{"index":"index","follow":"follow","max-snippet":"max-snippet:-1","max-image-preview":"max-image-preview:large","max-video-preview":"max-video-preview:-1"},"canonical":"https:\/\/medicina.udd.cl\/fonoaudiologia-santiago\/files\/2013\/09\/Personas-leyendo-el-folleto.jpg","og_locale":"es_ES","og_type":"article","og_title":"Personas leyendo el folleto - Fonoaudiolog\u00eda","og_url":"https:\/\/medicina.udd.cl\/fonoaudiologia-santiago\/files\/2013\/09\/Personas-leyendo-el-folleto.jpg","og_site_name":"Fonoaudiolog\u00eda","og_image":[{"width":1414,"height":1139,"url":"https:\/\/medicina.udd.cl\/fonoaudiologia-santiago\/files\/2013\/09\/Personas-leyendo-el-folleto.jpg","type":"image\/jpeg"}],"schema":{"@context":"https:\/\/schema.org","@graph":[{"@type":"WebPage","@id":"https:\/\/medicina.udd.cl\/fonoaudiologia-santiago\/files\/2013\/09\/Personas-leyendo-el-folleto.jpg","url":"https:\/\/medicina.udd.cl\/fonoaudiologia-santiago\/files\/2013\/09\/Personas-leyendo-el-folleto.jpg","name":"Personas leyendo el folleto - Fonoaudiolog\u00eda","isPartOf":{"@id":"https:\/\/medicina.udd.cl\/fonoaudiologia-santiago\/#website"},"datePublished":"2013-09-30T14:21:10+00:00","breadcrumb":{"@id":"https:\/\/medicina.udd.cl\/fonoaudiologia-santiago\/files\/2013\/09\/Personas-leyendo-el-folleto.jpg#breadcrumb"},"inLanguage":"es","potentialAction":[{"@type":"ReadAction","target":["https:\/\/medicina.udd.cl\/fonoaudiologia-santiago\/files\/2013\/09\/Personas-leyendo-el-folleto.jpg"]}]},{"@type":"BreadcrumbList","@id":"https:\/\/medicina.udd.cl\/fonoaudiologia-santiago\/files\/2013\/09\/Personas-leyendo-el-folleto.jpg#breadcrumb","itemListElement":[{"@type":"ListItem","position":1,"name":"Home","item":"https:\/\/medicina.udd.cl\/fonoaudiologia-santiago\/"},{"@type":"ListItem","position":2,"name":"Campa\u00f1a de Prevenci\u00f3n en D\u00eda Internacional de las Personas Sordas","item":"https:\/\/medicina.udd.cl\/fonoaudiologia-santiago\/noticias\/2013\/09\/30\/campana-de-prevencion-en-dia-internacional-de-las-personas-sordas\/"},{"@type":"ListItem","position":3,"name":"Personas leyendo el folleto"}]},{"@type":"WebSite","@id":"https:\/\/medicina.udd.cl\/fonoaudiologia-santiago\/#website","url":"https:\/\/medicina.udd.cl\/fonoaudiologia-santiago\/","name":"Fonoaudiolog\u00eda","description":"Facultad de Medicina Cl\u00ednica Alemana Universidad del Desarrollo","inLanguage":"es"}]}},"description":{"rendered":"<p class=\"attachment\"><a href='https:\/\/medicina.udd.cl\/fonoaudiologia-santiago\/files\/2013\/09\/Personas-leyendo-el-folleto.jpg'><img loading=\"lazy\" decoding=\"async\" width=\"300\" height=\"242\" src=\"https:\/\/medicina.udd.cl\/fonoaudiologia-santiago\/files\/2013\/09\/Personas-leyendo-el-folleto-300x242.jpg\" class=\"attachment-medium size-medium\" alt=\"\" srcset=\"https:\/\/medicina.udd.cl\/fonoaudiologia-santiago\/files\/2013\/09\/Personas-leyendo-el-folleto-300x242.jpg 300w, https:\/\/medicina.udd.cl\/fonoaudiologia-santiago\/files\/2013\/09\/Personas-leyendo-el-folleto-768x619.jpg 768w, https:\/\/medicina.udd.cl\/fonoaudiologia-santiago\/files\/2013\/09\/Personas-leyendo-el-folleto-1024x825.jpg 1024w, https:\/\/medicina.udd.cl\/fonoaudiologia-santiago\/files\/2013\/09\/Personas-leyendo-el-folleto-960x773.jpg 960w, https:\/\/medicina.udd.cl\/fonoaudiologia-santiago\/files\/2013\/09\/Personas-leyendo-el-folleto.jpg 1414w\" sizes=\"auto, (max-width: 300px) 100vw, 300px\" \/><\/a><\/p>\n"},"caption":{"rendered":""},"alt_text":"","media_type":"image","mime_type":"image\/jpeg","media_details":{"width":1414,"height":1139,"file":"2013\/09\/Personas-leyendo-el-folleto.jpg","sizes":{"thumbnail":{"file":"Personas-leyendo-el-folleto-150x150.jpg","width":150,"height":150,"mime_type":"image\/jpeg","source_url":"https:\/\/medicina.udd.cl\/fonoaudiologia-santiago\/files\/2013\/09\/Personas-leyendo-el-folleto-150x150.jpg"},"medium":{"file":"Personas-leyendo-el-folleto-300x242.jpg","width":300,"height":242,"mime_type":"image\/jpeg","source_url":"https:\/\/medicina.udd.cl\/fonoaudiologia-santiago\/files\/2013\/09\/Personas-leyendo-el-folleto-300x242.jpg"},"medium_large":{"file":"Personas-leyendo-el-folleto-768x619.jpg","width":768,"height":619,"mime_type":"image\/jpeg","source_url":"https:\/\/medicina.udd.cl\/fonoaudiologia-santiago\/files\/2013\/09\/Personas-leyendo-el-folleto-768x619.jpg"},"large":{"file":"Personas-leyendo-el-folleto-1024x825.jpg","width":1024,"height":825,"mime_type":"image\/jpeg","source_url":"https:\/\/medicina.udd.cl\/fonoaudiologia-santiago\/files\/2013\/09\/Personas-leyendo-el-folleto-1024x825.jpg"},"newsletter_featured":{"file":"Personas-leyendo-el-folleto-316x224.jpg","width":316,"height":224,"mime_type":"image\/jpeg","source_url":"https:\/\/medicina.udd.cl\/fonoaudiologia-santiago\/files\/2013\/09\/Personas-leyendo-el-folleto-316x224.jpg"},"newsletter_first":{"file":"Personas-leyendo-el-folleto-286x205.jpg","width":286,"height":205,"mime_type":"image\/jpeg","source_url":"https:\/\/medicina.udd.cl\/fonoaudiologia-santiago\/files\/2013\/09\/Personas-leyendo-el-folleto-286x205.jpg"},"newsletter_thumb":{"file":"Personas-leyendo-el-folleto-288x150.jpg","width":288,"height":150,"mime_type":"image\/jpeg","source_url":"https:\/\/medicina.udd.cl\/fonoaudiologia-santiago\/files\/2013\/09\/Personas-leyendo-el-folleto-288x150.jpg"},"newsletter_column":{"file":"Personas-leyendo-el-folleto-182x140.jpg","width":182,"height":140,"mime_type":"image\/jpeg","source_url":"https:\/\/medicina.udd.cl\/fonoaudiologia-santiago\/files\/2013\/09\/Personas-leyendo-el-folleto-182x140.jpg"},"newsletter_square":{"file":"Personas-leyendo-el-folleto-62x62.jpg","width":62,"height":62,"mime_type":"image\/jpeg","source_url":"https:\/\/medicina.udd.cl\/fonoaudiologia-santiago\/files\/2013\/09\/Personas-leyendo-el-folleto-62x62.jpg"},"newsletter_square_large":{"file":"Personas-leyendo-el-folleto-87x62.jpg","width":87,"height":62,"mime_type":"image\/jpeg","source_url":"https:\/\/medicina.udd.cl\/fonoaudiologia-santiago\/files\/2013\/09\/Personas-leyendo-el-folleto-87x62.jpg"},"featured-home":{"file":"Personas-leyendo-el-folleto-800x450.jpg","width":800,"height":450,"mime_type":"image\/jpeg","source_url":"https:\/\/medicina.udd.cl\/fonoaudiologia-santiago\/files\/2013\/09\/Personas-leyendo-el-folleto-800x450.jpg"},"featured-career":{"file":"Personas-leyendo-el-folleto-660x430.jpg","width":660,"height":430,"mime_type":"image\/jpeg","source_url":"https:\/\/medicina.udd.cl\/fonoaudiologia-santiago\/files\/2013\/09\/Personas-leyendo-el-folleto-660x430.jpg"},"squared":{"file":"Personas-leyendo-el-folleto-300x300.jpg","width":300,"height":300,"mime_type":"image\/jpeg","source_url":"https:\/\/medicina.udd.cl\/fonoaudiologia-santiago\/files\/2013\/09\/Personas-leyendo-el-folleto-300x300.jpg"},"stretch":{"file":"Personas-leyendo-el-folleto-800x450.jpg","width":800,"height":450,"mime_type":"image\/jpeg","source_url":"https:\/\/medicina.udd.cl\/fonoaudiologia-santiago\/files\/2013\/09\/Personas-leyendo-el-folleto-800x450.jpg"},"portrait-medium":{"file":"Personas-leyendo-el-folleto-220x260.jpg","width":220,"height":260,"mime_type":"image\/jpeg","source_url":"https:\/\/medicina.udd.cl\/fonoaudiologia-santiago\/files\/2013\/09\/Personas-leyendo-el-folleto-220x260.jpg"},"landscape-small":{"file":"Personas-leyendo-el-folleto-125x80.jpg","width":125,"height":80,"mime_type":"image\/jpeg","source_url":"https:\/\/medicina.udd.cl\/fonoaudiologia-santiago\/files\/2013\/09\/Personas-leyendo-el-folleto-125x80.jpg"},"landscape-medium":{"file":"Personas-leyendo-el-folleto-340x220.jpg","width":340,"height":220,"mime_type":"image\/jpeg","source_url":"https:\/\/medicina.udd.cl\/fonoaudiologia-santiago\/files\/2013\/09\/Personas-leyendo-el-folleto-340x220.jpg"},"landscape-large":{"file":"Personas-leyendo-el-folleto-365x255.jpg","width":365,"height":255,"mime_type":"image\/jpeg","source_url":"https:\/\/medicina.udd.cl\/fonoaudiologia-santiago\/files\/2013\/09\/Personas-leyendo-el-folleto-365x255.jpg"},"landscape-xlarge":{"file":"Personas-leyendo-el-folleto-660x430.jpg","width":660,"height":430,"mime_type":"image\/jpeg","source_url":"https:\/\/medicina.udd.cl\/fonoaudiologia-santiago\/files\/2013\/09\/Personas-leyendo-el-folleto-660x430.jpg"},"panoramic":{"file":"Personas-leyendo-el-folleto-940x345.jpg","width":940,"height":345,"mime_type":"image\/jpeg","source_url":"https:\/\/medicina.udd.cl\/fonoaudiologia-santiago\/files\/2013\/09\/Personas-leyendo-el-folleto-940x345.jpg"},"stretch-large":{"file":"Personas-leyendo-el-folleto-940x450.jpg","width":940,"height":450,"mime_type":"image\/jpeg","source_url":"https:\/\/medicina.udd.cl\/fonoaudiologia-santiago\/files\/2013\/09\/Personas-leyendo-el-folleto-940x450.jpg"},"proportional-large":{"file":"Personas-leyendo-el-folleto-960x773.jpg","width":960,"height":773,"mime_type":"image\/jpeg","source_url":"https:\/\/medicina.udd.cl\/fonoaudiologia-santiago\/files\/2013\/09\/Personas-leyendo-el-folleto-960x773.jpg"},"custom_content":{"file":"Personas-leyendo-el-folleto-126x126.jpg","width":126,"height":126,"mime_type":"image\/jpeg","source_url":"https:\/\/medicina.udd.cl\/fonoaudiologia-santiago\/files\/2013\/09\/Personas-leyendo-el-folleto-126x126.jpg"},"full":{"file":"Personas-leyendo-el-folleto.jpg","width":1414,"height":1139,"mime_type":"image\/jpeg","source_url":"https:\/\/medicina.udd.cl\/fonoaudiologia-santiago\/files\/2013\/09\/Personas-leyendo-el-folleto.jpg"}},"image_meta":{"aperture":"4.5","credit":"","camera":"Canon PowerShot SX150 IS","caption":"","created_timestamp":"1380527243","copyright":"","focal_length":"13.851","iso":"160","shutter_speed":"0.004","title":"","orientation":"0","keywords":[]}},"post":2000,"source_url":"https:\/\/medicina.udd.cl\/fonoaudiologia-santiago\/files\/2013\/09\/Personas-leyendo-el-folleto.jpg","_links":{"self":[{"href":"https:\/\/medicina.udd.cl\/fonoaudiologia-santiago\/wp-json\/wp\/v2\/media\/2005","targetHints":{"allow":["GET"]}}],"collection":[{"href":"https:\/\/medicina.udd.cl\/fonoaudiologia-santiago\/wp-json\/wp\/v2\/media"}],"about":[{"href":"https:\/\/medicina.udd.cl\/fonoaudiologia-santiago\/wp-json\/wp\/v2\/types\/attachment"}],"author":[{"embeddable":true,"href":"https:\/\/medicina.udd.cl\/fonoaudiologia-santiago\/wp-json\/wp\/v2\/users\/40"}],"replies":[{"embeddable":true,"href":"https:\/\/medicina.udd.cl\/fonoaudiologia-santiago\/wp-json\/wp\/v2\/comments?post=2005"}],"wp:attached-to":[{"embeddable":true,"post_type":"post","id":2000,"href":"https:\/\/medicina.udd.cl\/fonoaudiologia-santiago\/wp-json\/wp\/v2\/posts\/2000"}],"curies":[{"name":"wp","href":"https:\/\/api.w.org\/{rel}","templated":true}]}}