{"id":2100,"date":"2013-10-29T12:07:12","date_gmt":"2013-10-29T15:07:12","guid":{"rendered":"http:\/\/medicina.udd.cl\/fonoaudiologia-santiago\/files\/2013\/10\/Mar\u00eda-Hargrove-Iv\u00e1n-Castillo-Mara-Luque-dr.-Larrachea-directora-y-coordinadora-de-Fonoaudiolog\u00eda-UDD.jpg"},"modified":"2013-10-29T12:07:12","modified_gmt":"2013-10-29T15:07:12","slug":"maria-hargrove-ivan-castillo-mara-luque-dr-larrachea-directora-y-coordinadora-de-fonoaudiologia-udd","status":"inherit","type":"attachment","link":"https:\/\/medicina.udd.cl\/fonoaudiologia-santiago\/noticias\/2013\/10\/29\/finaliza-con-exito-primer-taller-de-tartamudez-en-la-udd\/maria-hargrove-ivan-castillo-mara-luque-dr-larrachea-directora-y-coordinadora-de-fonoaudiologia-udd\/","title":{"rendered":"Mar\u00eda Hargrove, Iv\u00e1n Castillo, Mara Luque, dr. Larrachea, directora y coordinadora de Fonoaudiolog\u00eda UDD"},"author":40,"featured_media":0,"comment_status":"open","ping_status":"open","template":"","meta":[],"class_list":["post-2100","attachment","type-attachment","status-inherit","hentry"],"yoast_head":"<!-- This site is optimized with the Yoast SEO plugin v26.9 - https:\/\/yoast.com\/product\/yoast-seo-wordpress\/ -->\n<title>Mar\u00eda Hargrove, Iv\u00e1n Castillo, Mara Luque, dr. Larrachea, directora y coordinadora de Fonoaudiolog\u00eda UDD - Fonoaudiolog\u00eda<\/title>\n<meta name=\"robots\" content=\"index, follow, max-snippet:-1, max-image-preview:large, max-video-preview:-1\" \/>\n<link rel=\"canonical\" href=\"https:\/\/medicina.udd.cl\/fonoaudiologia-santiago\/files\/2013\/10\/Mar\u00eda-Hargrove-Iv\u00e1n-Castillo-Mara-Luque-dr.-Larrachea-directora-y-coordinadora-de-Fonoaudiolog\u00eda-UDD.jpg\" \/>\n<meta property=\"og:locale\" content=\"es_ES\" \/>\n<meta property=\"og:type\" content=\"article\" \/>\n<meta property=\"og:title\" content=\"Mar\u00eda Hargrove, Iv\u00e1n Castillo, Mara Luque, dr. Larrachea, directora y coordinadora de Fonoaudiolog\u00eda UDD - Fonoaudiolog\u00eda\" \/>\n<meta property=\"og:url\" content=\"https:\/\/medicina.udd.cl\/fonoaudiologia-santiago\/files\/2013\/10\/Mar\u00eda-Hargrove-Iv\u00e1n-Castillo-Mara-Luque-dr.-Larrachea-directora-y-coordinadora-de-Fonoaudiolog\u00eda-UDD.jpg\" \/>\n<meta property=\"og:site_name\" content=\"Fonoaudiolog\u00eda\" \/>\n<meta property=\"og:image\" content=\"https:\/\/medicina.udd.cl\/fonoaudiologia-santiago\/files\/2013\/10\/Mar\u00eda-Hargrove-Iv\u00e1n-Castillo-Mara-Luque-dr.-Larrachea-directora-y-coordinadora-de-Fonoaudiolog\u00eda-UDD.jpg\" \/>\n\t<meta property=\"og:image:width\" content=\"3144\" \/>\n\t<meta property=\"og:image:height\" content=\"1961\" \/>\n\t<meta property=\"og:image:type\" content=\"image\/jpeg\" \/>\n<script type=\"application\/ld+json\" class=\"yoast-schema-graph\">{\"@context\":\"https:\/\/schema.org\",\"@graph\":[{\"@type\":\"WebPage\",\"@id\":\"https:\/\/medicina.udd.cl\/fonoaudiologia-santiago\/files\/2013\/10\/Mar\u00eda-Hargrove-Iv\u00e1n-Castillo-Mara-Luque-dr.-Larrachea-directora-y-coordinadora-de-Fonoaudiolog\u00eda-UDD.jpg\",\"url\":\"https:\/\/medicina.udd.cl\/fonoaudiologia-santiago\/files\/2013\/10\/Mar\u00eda-Hargrove-Iv\u00e1n-Castillo-Mara-Luque-dr.-Larrachea-directora-y-coordinadora-de-Fonoaudiolog\u00eda-UDD.jpg\",\"name\":\"Mar\u00eda Hargrove, Iv\u00e1n Castillo, Mara Luque, dr. Larrachea, directora y coordinadora de Fonoaudiolog\u00eda UDD - Fonoaudiolog\u00eda\",\"isPartOf\":{\"@id\":\"https:\/\/medicina.udd.cl\/fonoaudiologia-santiago\/#website\"},\"datePublished\":\"2013-10-29T15:07:12+00:00\",\"breadcrumb\":{\"@id\":\"https:\/\/medicina.udd.cl\/fonoaudiologia-santiago\/files\/2013\/10\/Mar\u00eda-Hargrove-Iv\u00e1n-Castillo-Mara-Luque-dr.-Larrachea-directora-y-coordinadora-de-Fonoaudiolog\u00eda-UDD.jpg#breadcrumb\"},\"inLanguage\":\"es\",\"potentialAction\":[{\"@type\":\"ReadAction\",\"target\":[\"https:\/\/medicina.udd.cl\/fonoaudiologia-santiago\/files\/2013\/10\/Mar\u00eda-Hargrove-Iv\u00e1n-Castillo-Mara-Luque-dr.-Larrachea-directora-y-coordinadora-de-Fonoaudiolog\u00eda-UDD.jpg\"]}]},{\"@type\":\"BreadcrumbList\",\"@id\":\"https:\/\/medicina.udd.cl\/fonoaudiologia-santiago\/files\/2013\/10\/Mar\u00eda-Hargrove-Iv\u00e1n-Castillo-Mara-Luque-dr.-Larrachea-directora-y-coordinadora-de-Fonoaudiolog\u00eda-UDD.jpg#breadcrumb\",\"itemListElement\":[{\"@type\":\"ListItem\",\"position\":1,\"name\":\"Home\",\"item\":\"https:\/\/medicina.udd.cl\/fonoaudiologia-santiago\/\"},{\"@type\":\"ListItem\",\"position\":2,\"name\":\"Finaliza con \u00e9xito primer Taller de Tartamudez en la UDD\",\"item\":\"https:\/\/medicina.udd.cl\/fonoaudiologia-santiago\/noticias\/2013\/10\/29\/finaliza-con-exito-primer-taller-de-tartamudez-en-la-udd\/\"},{\"@type\":\"ListItem\",\"position\":3,\"name\":\"Mar\u00eda Hargrove, Iv\u00e1n Castillo, Mara Luque, dr. Larrachea, directora y coordinadora de Fonoaudiolog\u00eda UDD\"}]},{\"@type\":\"WebSite\",\"@id\":\"https:\/\/medicina.udd.cl\/fonoaudiologia-santiago\/#website\",\"url\":\"https:\/\/medicina.udd.cl\/fonoaudiologia-santiago\/\",\"name\":\"Fonoaudiolog\u00eda\",\"description\":\"Facultad de Medicina Cl\u00ednica Alemana Universidad del Desarrollo\",\"inLanguage\":\"es\"}]}<\/script>\n<!-- \/ Yoast SEO plugin. -->","yoast_head_json":{"title":"Mar\u00eda Hargrove, Iv\u00e1n Castillo, Mara Luque, dr. Larrachea, directora y coordinadora de Fonoaudiolog\u00eda UDD - Fonoaudiolog\u00eda","robots":{"index":"index","follow":"follow","max-snippet":"max-snippet:-1","max-image-preview":"max-image-preview:large","max-video-preview":"max-video-preview:-1"},"canonical":"https:\/\/medicina.udd.cl\/fonoaudiologia-santiago\/files\/2013\/10\/Mar\u00eda-Hargrove-Iv\u00e1n-Castillo-Mara-Luque-dr.-Larrachea-directora-y-coordinadora-de-Fonoaudiolog\u00eda-UDD.jpg","og_locale":"es_ES","og_type":"article","og_title":"Mar\u00eda Hargrove, Iv\u00e1n Castillo, Mara Luque, dr. Larrachea, directora y coordinadora de Fonoaudiolog\u00eda UDD - Fonoaudiolog\u00eda","og_url":"https:\/\/medicina.udd.cl\/fonoaudiologia-santiago\/files\/2013\/10\/Mar\u00eda-Hargrove-Iv\u00e1n-Castillo-Mara-Luque-dr.-Larrachea-directora-y-coordinadora-de-Fonoaudiolog\u00eda-UDD.jpg","og_site_name":"Fonoaudiolog\u00eda","og_image":[{"width":3144,"height":1961,"url":"https:\/\/medicina.udd.cl\/fonoaudiologia-santiago\/files\/2013\/10\/Mar\u00eda-Hargrove-Iv\u00e1n-Castillo-Mara-Luque-dr.-Larrachea-directora-y-coordinadora-de-Fonoaudiolog\u00eda-UDD.jpg","type":"image\/jpeg"}],"schema":{"@context":"https:\/\/schema.org","@graph":[{"@type":"WebPage","@id":"https:\/\/medicina.udd.cl\/fonoaudiologia-santiago\/files\/2013\/10\/Mar\u00eda-Hargrove-Iv\u00e1n-Castillo-Mara-Luque-dr.-Larrachea-directora-y-coordinadora-de-Fonoaudiolog\u00eda-UDD.jpg","url":"https:\/\/medicina.udd.cl\/fonoaudiologia-santiago\/files\/2013\/10\/Mar\u00eda-Hargrove-Iv\u00e1n-Castillo-Mara-Luque-dr.-Larrachea-directora-y-coordinadora-de-Fonoaudiolog\u00eda-UDD.jpg","name":"Mar\u00eda Hargrove, Iv\u00e1n Castillo, Mara Luque, dr. Larrachea, directora y coordinadora de Fonoaudiolog\u00eda UDD - Fonoaudiolog\u00eda","isPartOf":{"@id":"https:\/\/medicina.udd.cl\/fonoaudiologia-santiago\/#website"},"datePublished":"2013-10-29T15:07:12+00:00","breadcrumb":{"@id":"https:\/\/medicina.udd.cl\/fonoaudiologia-santiago\/files\/2013\/10\/Mar\u00eda-Hargrove-Iv\u00e1n-Castillo-Mara-Luque-dr.-Larrachea-directora-y-coordinadora-de-Fonoaudiolog\u00eda-UDD.jpg#breadcrumb"},"inLanguage":"es","potentialAction":[{"@type":"ReadAction","target":["https:\/\/medicina.udd.cl\/fonoaudiologia-santiago\/files\/2013\/10\/Mar\u00eda-Hargrove-Iv\u00e1n-Castillo-Mara-Luque-dr.-Larrachea-directora-y-coordinadora-de-Fonoaudiolog\u00eda-UDD.jpg"]}]},{"@type":"BreadcrumbList","@id":"https:\/\/medicina.udd.cl\/fonoaudiologia-santiago\/files\/2013\/10\/Mar\u00eda-Hargrove-Iv\u00e1n-Castillo-Mara-Luque-dr.-Larrachea-directora-y-coordinadora-de-Fonoaudiolog\u00eda-UDD.jpg#breadcrumb","itemListElement":[{"@type":"ListItem","position":1,"name":"Home","item":"https:\/\/medicina.udd.cl\/fonoaudiologia-santiago\/"},{"@type":"ListItem","position":2,"name":"Finaliza con \u00e9xito primer Taller de Tartamudez en la UDD","item":"https:\/\/medicina.udd.cl\/fonoaudiologia-santiago\/noticias\/2013\/10\/29\/finaliza-con-exito-primer-taller-de-tartamudez-en-la-udd\/"},{"@type":"ListItem","position":3,"name":"Mar\u00eda Hargrove, Iv\u00e1n Castillo, Mara Luque, dr. Larrachea, directora y coordinadora de Fonoaudiolog\u00eda UDD"}]},{"@type":"WebSite","@id":"https:\/\/medicina.udd.cl\/fonoaudiologia-santiago\/#website","url":"https:\/\/medicina.udd.cl\/fonoaudiologia-santiago\/","name":"Fonoaudiolog\u00eda","description":"Facultad de Medicina Cl\u00ednica Alemana Universidad del Desarrollo","inLanguage":"es"}]}},"description":{"rendered":"<p class=\"attachment\"><a href='https:\/\/medicina.udd.cl\/fonoaudiologia-santiago\/files\/2013\/10\/Mar\u00eda-Hargrove-Iv\u00e1n-Castillo-Mara-Luque-dr.-Larrachea-directora-y-coordinadora-de-Fonoaudiolog\u00eda-UDD.jpg'><img loading=\"lazy\" decoding=\"async\" width=\"300\" height=\"187\" src=\"https:\/\/medicina.udd.cl\/fonoaudiologia-santiago\/files\/2013\/10\/Mar\u00eda-Hargrove-Iv\u00e1n-Castillo-Mara-Luque-dr.-Larrachea-directora-y-coordinadora-de-Fonoaudiolog\u00eda-UDD-300x187.jpg\" class=\"attachment-medium size-medium\" alt=\"\" srcset=\"https:\/\/medicina.udd.cl\/fonoaudiologia-santiago\/files\/2013\/10\/Mar\u00eda-Hargrove-Iv\u00e1n-Castillo-Mara-Luque-dr.-Larrachea-directora-y-coordinadora-de-Fonoaudiolog\u00eda-UDD-300x187.jpg 300w, https:\/\/medicina.udd.cl\/fonoaudiologia-santiago\/files\/2013\/10\/Mar\u00eda-Hargrove-Iv\u00e1n-Castillo-Mara-Luque-dr.-Larrachea-directora-y-coordinadora-de-Fonoaudiolog\u00eda-UDD-768x479.jpg 768w, https:\/\/medicina.udd.cl\/fonoaudiologia-santiago\/files\/2013\/10\/Mar\u00eda-Hargrove-Iv\u00e1n-Castillo-Mara-Luque-dr.-Larrachea-directora-y-coordinadora-de-Fonoaudiolog\u00eda-UDD-1024x639.jpg 1024w, https:\/\/medicina.udd.cl\/fonoaudiologia-santiago\/files\/2013\/10\/Mar\u00eda-Hargrove-Iv\u00e1n-Castillo-Mara-Luque-dr.-Larrachea-directora-y-coordinadora-de-Fonoaudiolog\u00eda-UDD-960x599.jpg 960w\" sizes=\"auto, (max-width: 300px) 100vw, 300px\" \/><\/a><\/p>\n"},"caption":{"rendered":""},"alt_text":"","media_type":"image","mime_type":"image\/jpeg","media_details":{"width":3144,"height":1961,"file":"2013\/10\/Mar\u00eda-Hargrove-Iv\u00e1n-Castillo-Mara-Luque-dr.-Larrachea-directora-y-coordinadora-de-Fonoaudiolog\u00eda-UDD.jpg","sizes":{"thumbnail":{"file":"Mar\u00eda-Hargrove-Iv\u00e1n-Castillo-Mara-Luque-dr.-Larrachea-directora-y-coordinadora-de-Fonoaudiolog\u00eda-UDD-150x150.jpg","width":150,"height":150,"mime_type":"image\/jpeg","source_url":"https:\/\/medicina.udd.cl\/fonoaudiologia-santiago\/files\/2013\/10\/Mar\u00eda-Hargrove-Iv\u00e1n-Castillo-Mara-Luque-dr.-Larrachea-directora-y-coordinadora-de-Fonoaudiolog\u00eda-UDD-150x150.jpg"},"medium":{"file":"Mar\u00eda-Hargrove-Iv\u00e1n-Castillo-Mara-Luque-dr.-Larrachea-directora-y-coordinadora-de-Fonoaudiolog\u00eda-UDD-300x187.jpg","width":300,"height":187,"mime_type":"image\/jpeg","source_url":"https:\/\/medicina.udd.cl\/fonoaudiologia-santiago\/files\/2013\/10\/Mar\u00eda-Hargrove-Iv\u00e1n-Castillo-Mara-Luque-dr.-Larrachea-directora-y-coordinadora-de-Fonoaudiolog\u00eda-UDD-300x187.jpg"},"medium_large":{"file":"Mar\u00eda-Hargrove-Iv\u00e1n-Castillo-Mara-Luque-dr.-Larrachea-directora-y-coordinadora-de-Fonoaudiolog\u00eda-UDD-768x479.jpg","width":768,"height":479,"mime_type":"image\/jpeg","source_url":"https:\/\/medicina.udd.cl\/fonoaudiologia-santiago\/files\/2013\/10\/Mar\u00eda-Hargrove-Iv\u00e1n-Castillo-Mara-Luque-dr.-Larrachea-directora-y-coordinadora-de-Fonoaudiolog\u00eda-UDD-768x479.jpg"},"large":{"file":"Mar\u00eda-Hargrove-Iv\u00e1n-Castillo-Mara-Luque-dr.-Larrachea-directora-y-coordinadora-de-Fonoaudiolog\u00eda-UDD-1024x639.jpg","width":1024,"height":639,"mime_type":"image\/jpeg","source_url":"https:\/\/medicina.udd.cl\/fonoaudiologia-santiago\/files\/2013\/10\/Mar\u00eda-Hargrove-Iv\u00e1n-Castillo-Mara-Luque-dr.-Larrachea-directora-y-coordinadora-de-Fonoaudiolog\u00eda-UDD-1024x639.jpg"},"newsletter_featured":{"file":"Mar\u00eda-Hargrove-Iv\u00e1n-Castillo-Mara-Luque-dr.-Larrachea-directora-y-coordinadora-de-Fonoaudiolog\u00eda-UDD-316x224.jpg","width":316,"height":224,"mime_type":"image\/jpeg","source_url":"https:\/\/medicina.udd.cl\/fonoaudiologia-santiago\/files\/2013\/10\/Mar\u00eda-Hargrove-Iv\u00e1n-Castillo-Mara-Luque-dr.-Larrachea-directora-y-coordinadora-de-Fonoaudiolog\u00eda-UDD-316x224.jpg"},"newsletter_first":{"file":"Mar\u00eda-Hargrove-Iv\u00e1n-Castillo-Mara-Luque-dr.-Larrachea-directora-y-coordinadora-de-Fonoaudiolog\u00eda-UDD-286x205.jpg","width":286,"height":205,"mime_type":"image\/jpeg","source_url":"https:\/\/medicina.udd.cl\/fonoaudiologia-santiago\/files\/2013\/10\/Mar\u00eda-Hargrove-Iv\u00e1n-Castillo-Mara-Luque-dr.-Larrachea-directora-y-coordinadora-de-Fonoaudiolog\u00eda-UDD-286x205.jpg"},"newsletter_thumb":{"file":"Mar\u00eda-Hargrove-Iv\u00e1n-Castillo-Mara-Luque-dr.-Larrachea-directora-y-coordinadora-de-Fonoaudiolog\u00eda-UDD-288x150.jpg","width":288,"height":150,"mime_type":"image\/jpeg","source_url":"https:\/\/medicina.udd.cl\/fonoaudiologia-santiago\/files\/2013\/10\/Mar\u00eda-Hargrove-Iv\u00e1n-Castillo-Mara-Luque-dr.-Larrachea-directora-y-coordinadora-de-Fonoaudiolog\u00eda-UDD-288x150.jpg"},"newsletter_column":{"file":"Mar\u00eda-Hargrove-Iv\u00e1n-Castillo-Mara-Luque-dr.-Larrachea-directora-y-coordinadora-de-Fonoaudiolog\u00eda-UDD-182x140.jpg","width":182,"height":140,"mime_type":"image\/jpeg","source_url":"https:\/\/medicina.udd.cl\/fonoaudiologia-santiago\/files\/2013\/10\/Mar\u00eda-Hargrove-Iv\u00e1n-Castillo-Mara-Luque-dr.-Larrachea-directora-y-coordinadora-de-Fonoaudiolog\u00eda-UDD-182x140.jpg"},"newsletter_square":{"file":"Mar\u00eda-Hargrove-Iv\u00e1n-Castillo-Mara-Luque-dr.-Larrachea-directora-y-coordinadora-de-Fonoaudiolog\u00eda-UDD-62x62.jpg","width":62,"height":62,"mime_type":"image\/jpeg","source_url":"https:\/\/medicina.udd.cl\/fonoaudiologia-santiago\/files\/2013\/10\/Mar\u00eda-Hargrove-Iv\u00e1n-Castillo-Mara-Luque-dr.-Larrachea-directora-y-coordinadora-de-Fonoaudiolog\u00eda-UDD-62x62.jpg"},"newsletter_square_large":{"file":"Mar\u00eda-Hargrove-Iv\u00e1n-Castillo-Mara-Luque-dr.-Larrachea-directora-y-coordinadora-de-Fonoaudiolog\u00eda-UDD-87x62.jpg","width":87,"height":62,"mime_type":"image\/jpeg","source_url":"https:\/\/medicina.udd.cl\/fonoaudiologia-santiago\/files\/2013\/10\/Mar\u00eda-Hargrove-Iv\u00e1n-Castillo-Mara-Luque-dr.-Larrachea-directora-y-coordinadora-de-Fonoaudiolog\u00eda-UDD-87x62.jpg"},"featured-home":{"file":"Mar\u00eda-Hargrove-Iv\u00e1n-Castillo-Mara-Luque-dr.-Larrachea-directora-y-coordinadora-de-Fonoaudiolog\u00eda-UDD-800x450.jpg","width":800,"height":450,"mime_type":"image\/jpeg","source_url":"https:\/\/medicina.udd.cl\/fonoaudiologia-santiago\/files\/2013\/10\/Mar\u00eda-Hargrove-Iv\u00e1n-Castillo-Mara-Luque-dr.-Larrachea-directora-y-coordinadora-de-Fonoaudiolog\u00eda-UDD-800x450.jpg"},"featured-career":{"file":"Mar\u00eda-Hargrove-Iv\u00e1n-Castillo-Mara-Luque-dr.-Larrachea-directora-y-coordinadora-de-Fonoaudiolog\u00eda-UDD-660x430.jpg","width":660,"height":430,"mime_type":"image\/jpeg","source_url":"https:\/\/medicina.udd.cl\/fonoaudiologia-santiago\/files\/2013\/10\/Mar\u00eda-Hargrove-Iv\u00e1n-Castillo-Mara-Luque-dr.-Larrachea-directora-y-coordinadora-de-Fonoaudiolog\u00eda-UDD-660x430.jpg"},"squared":{"file":"Mar\u00eda-Hargrove-Iv\u00e1n-Castillo-Mara-Luque-dr.-Larrachea-directora-y-coordinadora-de-Fonoaudiolog\u00eda-UDD-300x300.jpg","width":300,"height":300,"mime_type":"image\/jpeg","source_url":"https:\/\/medicina.udd.cl\/fonoaudiologia-santiago\/files\/2013\/10\/Mar\u00eda-Hargrove-Iv\u00e1n-Castillo-Mara-Luque-dr.-Larrachea-directora-y-coordinadora-de-Fonoaudiolog\u00eda-UDD-300x300.jpg"},"stretch":{"file":"Mar\u00eda-Hargrove-Iv\u00e1n-Castillo-Mara-Luque-dr.-Larrachea-directora-y-coordinadora-de-Fonoaudiolog\u00eda-UDD-800x450.jpg","width":800,"height":450,"mime_type":"image\/jpeg","source_url":"https:\/\/medicina.udd.cl\/fonoaudiologia-santiago\/files\/2013\/10\/Mar\u00eda-Hargrove-Iv\u00e1n-Castillo-Mara-Luque-dr.-Larrachea-directora-y-coordinadora-de-Fonoaudiolog\u00eda-UDD-800x450.jpg"},"portrait-medium":{"file":"Mar\u00eda-Hargrove-Iv\u00e1n-Castillo-Mara-Luque-dr.-Larrachea-directora-y-coordinadora-de-Fonoaudiolog\u00eda-UDD-220x260.jpg","width":220,"height":260,"mime_type":"image\/jpeg","source_url":"https:\/\/medicina.udd.cl\/fonoaudiologia-santiago\/files\/2013\/10\/Mar\u00eda-Hargrove-Iv\u00e1n-Castillo-Mara-Luque-dr.-Larrachea-directora-y-coordinadora-de-Fonoaudiolog\u00eda-UDD-220x260.jpg"},"landscape-small":{"file":"Mar\u00eda-Hargrove-Iv\u00e1n-Castillo-Mara-Luque-dr.-Larrachea-directora-y-coordinadora-de-Fonoaudiolog\u00eda-UDD-125x80.jpg","width":125,"height":80,"mime_type":"image\/jpeg","source_url":"https:\/\/medicina.udd.cl\/fonoaudiologia-santiago\/files\/2013\/10\/Mar\u00eda-Hargrove-Iv\u00e1n-Castillo-Mara-Luque-dr.-Larrachea-directora-y-coordinadora-de-Fonoaudiolog\u00eda-UDD-125x80.jpg"},"landscape-medium":{"file":"Mar\u00eda-Hargrove-Iv\u00e1n-Castillo-Mara-Luque-dr.-Larrachea-directora-y-coordinadora-de-Fonoaudiolog\u00eda-UDD-340x220.jpg","width":340,"height":220,"mime_type":"image\/jpeg","source_url":"https:\/\/medicina.udd.cl\/fonoaudiologia-santiago\/files\/2013\/10\/Mar\u00eda-Hargrove-Iv\u00e1n-Castillo-Mara-Luque-dr.-Larrachea-directora-y-coordinadora-de-Fonoaudiolog\u00eda-UDD-340x220.jpg"},"landscape-large":{"file":"Mar\u00eda-Hargrove-Iv\u00e1n-Castillo-Mara-Luque-dr.-Larrachea-directora-y-coordinadora-de-Fonoaudiolog\u00eda-UDD-365x255.jpg","width":365,"height":255,"mime_type":"image\/jpeg","source_url":"https:\/\/medicina.udd.cl\/fonoaudiologia-santiago\/files\/2013\/10\/Mar\u00eda-Hargrove-Iv\u00e1n-Castillo-Mara-Luque-dr.-Larrachea-directora-y-coordinadora-de-Fonoaudiolog\u00eda-UDD-365x255.jpg"},"landscape-xlarge":{"file":"Mar\u00eda-Hargrove-Iv\u00e1n-Castillo-Mara-Luque-dr.-Larrachea-directora-y-coordinadora-de-Fonoaudiolog\u00eda-UDD-660x430.jpg","width":660,"height":430,"mime_type":"image\/jpeg","source_url":"https:\/\/medicina.udd.cl\/fonoaudiologia-santiago\/files\/2013\/10\/Mar\u00eda-Hargrove-Iv\u00e1n-Castillo-Mara-Luque-dr.-Larrachea-directora-y-coordinadora-de-Fonoaudiolog\u00eda-UDD-660x430.jpg"},"panoramic":{"file":"Mar\u00eda-Hargrove-Iv\u00e1n-Castillo-Mara-Luque-dr.-Larrachea-directora-y-coordinadora-de-Fonoaudiolog\u00eda-UDD-940x345.jpg","width":940,"height":345,"mime_type":"image\/jpeg","source_url":"https:\/\/medicina.udd.cl\/fonoaudiologia-santiago\/files\/2013\/10\/Mar\u00eda-Hargrove-Iv\u00e1n-Castillo-Mara-Luque-dr.-Larrachea-directora-y-coordinadora-de-Fonoaudiolog\u00eda-UDD-940x345.jpg"},"stretch-large":{"file":"Mar\u00eda-Hargrove-Iv\u00e1n-Castillo-Mara-Luque-dr.-Larrachea-directora-y-coordinadora-de-Fonoaudiolog\u00eda-UDD-940x450.jpg","width":940,"height":450,"mime_type":"image\/jpeg","source_url":"https:\/\/medicina.udd.cl\/fonoaudiologia-santiago\/files\/2013\/10\/Mar\u00eda-Hargrove-Iv\u00e1n-Castillo-Mara-Luque-dr.-Larrachea-directora-y-coordinadora-de-Fonoaudiolog\u00eda-UDD-940x450.jpg"},"proportional-large":{"file":"Mar\u00eda-Hargrove-Iv\u00e1n-Castillo-Mara-Luque-dr.-Larrachea-directora-y-coordinadora-de-Fonoaudiolog\u00eda-UDD-960x599.jpg","width":960,"height":599,"mime_type":"image\/jpeg","source_url":"https:\/\/medicina.udd.cl\/fonoaudiologia-santiago\/files\/2013\/10\/Mar\u00eda-Hargrove-Iv\u00e1n-Castillo-Mara-Luque-dr.-Larrachea-directora-y-coordinadora-de-Fonoaudiolog\u00eda-UDD-960x599.jpg"},"custom_content":{"file":"Mar\u00eda-Hargrove-Iv\u00e1n-Castillo-Mara-Luque-dr.-Larrachea-directora-y-coordinadora-de-Fonoaudiolog\u00eda-UDD-126x126.jpg","width":126,"height":126,"mime_type":"image\/jpeg","source_url":"https:\/\/medicina.udd.cl\/fonoaudiologia-santiago\/files\/2013\/10\/Mar\u00eda-Hargrove-Iv\u00e1n-Castillo-Mara-Luque-dr.-Larrachea-directora-y-coordinadora-de-Fonoaudiolog\u00eda-UDD-126x126.jpg"},"full":{"file":"Mar\u00eda-Hargrove-Iv\u00e1n-Castillo-Mara-Luque-dr.-Larrachea-directora-y-coordinadora-de-Fonoaudiolog\u00eda-UDD.jpg","width":3144,"height":1961,"mime_type":"image\/jpeg","source_url":"https:\/\/medicina.udd.cl\/fonoaudiologia-santiago\/files\/2013\/10\/Mar\u00eda-Hargrove-Iv\u00e1n-Castillo-Mara-Luque-dr.-Larrachea-directora-y-coordinadora-de-Fonoaudiolog\u00eda-UDD.jpg"}},"image_meta":{"aperture":"4","credit":"","camera":"Canon EOS REBEL T2i","caption":"","created_timestamp":"1382697783","copyright":"","focal_length":"27","iso":"800","shutter_speed":"0.02","title":"","orientation":"0","keywords":[]}},"post":2096,"source_url":"https:\/\/medicina.udd.cl\/fonoaudiologia-santiago\/files\/2013\/10\/Mar\u00eda-Hargrove-Iv\u00e1n-Castillo-Mara-Luque-dr.-Larrachea-directora-y-coordinadora-de-Fonoaudiolog\u00eda-UDD.jpg","_links":{"self":[{"href":"https:\/\/medicina.udd.cl\/fonoaudiologia-santiago\/wp-json\/wp\/v2\/media\/2100","targetHints":{"allow":["GET"]}}],"collection":[{"href":"https:\/\/medicina.udd.cl\/fonoaudiologia-santiago\/wp-json\/wp\/v2\/media"}],"about":[{"href":"https:\/\/medicina.udd.cl\/fonoaudiologia-santiago\/wp-json\/wp\/v2\/types\/attachment"}],"author":[{"embeddable":true,"href":"https:\/\/medicina.udd.cl\/fonoaudiologia-santiago\/wp-json\/wp\/v2\/users\/40"}],"replies":[{"embeddable":true,"href":"https:\/\/medicina.udd.cl\/fonoaudiologia-santiago\/wp-json\/wp\/v2\/comments?post=2100"}],"wp:attached-to":[{"embeddable":true,"post_type":"post","id":2096,"href":"https:\/\/medicina.udd.cl\/fonoaudiologia-santiago\/wp-json\/wp\/v2\/posts\/2096"}],"curies":[{"name":"wp","href":"https:\/\/api.w.org\/{rel}","templated":true}]}}