{"id":2108,"date":"2013-11-11T17:36:25","date_gmt":"2013-11-11T20:36:25","guid":{"rendered":"http:\/\/medicina.udd.cl\/fonoaudiologia-santiago\/files\/2013\/11\/Seminario-Electroterapia-en-la-Rehabilitaci\u00f3n-de-la-Disfagia.jpg"},"modified":"2013-11-11T17:36:25","modified_gmt":"2013-11-11T20:36:25","slug":"seminario-electroterapia-en-la-rehabilitacion-de-la-disfagia","status":"inherit","type":"attachment","link":"https:\/\/medicina.udd.cl\/fonoaudiologia-santiago\/noticias\/2013\/11\/11\/fonoaudiologia-y-el-auge-de-la-electroterapia-en-la-rehabilitacion-de-la-disfagia\/seminario-electroterapia-en-la-rehabilitacion-de-la-disfagia\/","title":{"rendered":"Seminario Electroterapia en la Rehabilitaci\u00f3n de la Disfagia"},"author":40,"featured_media":0,"comment_status":"open","ping_status":"open","template":"","meta":[],"class_list":["post-2108","attachment","type-attachment","status-inherit","hentry"],"yoast_head":"<!-- This site is optimized with the Yoast SEO plugin v26.9 - https:\/\/yoast.com\/product\/yoast-seo-wordpress\/ -->\n<title>Seminario Electroterapia en la Rehabilitaci\u00f3n de la Disfagia - Fonoaudiolog\u00eda<\/title>\n<meta name=\"robots\" content=\"index, follow, max-snippet:-1, max-image-preview:large, max-video-preview:-1\" \/>\n<link rel=\"canonical\" href=\"https:\/\/medicina.udd.cl\/fonoaudiologia-santiago\/files\/2013\/11\/Seminario-Electroterapia-en-la-Rehabilitaci\u00f3n-de-la-Disfagia.jpg\" \/>\n<meta property=\"og:locale\" content=\"es_ES\" \/>\n<meta property=\"og:type\" content=\"article\" \/>\n<meta property=\"og:title\" content=\"Seminario Electroterapia en la Rehabilitaci\u00f3n de la Disfagia - Fonoaudiolog\u00eda\" \/>\n<meta property=\"og:url\" content=\"https:\/\/medicina.udd.cl\/fonoaudiologia-santiago\/files\/2013\/11\/Seminario-Electroterapia-en-la-Rehabilitaci\u00f3n-de-la-Disfagia.jpg\" \/>\n<meta property=\"og:site_name\" content=\"Fonoaudiolog\u00eda\" \/>\n<meta property=\"og:image\" content=\"https:\/\/medicina.udd.cl\/fonoaudiologia-santiago\/files\/2013\/11\/Seminario-Electroterapia-en-la-Rehabilitaci\u00f3n-de-la-Disfagia.jpg\" \/>\n\t<meta property=\"og:image:width\" content=\"3271\" \/>\n\t<meta property=\"og:image:height\" content=\"1197\" \/>\n\t<meta property=\"og:image:type\" content=\"image\/jpeg\" \/>\n<script type=\"application\/ld+json\" class=\"yoast-schema-graph\">{\"@context\":\"https:\/\/schema.org\",\"@graph\":[{\"@type\":\"WebPage\",\"@id\":\"https:\/\/medicina.udd.cl\/fonoaudiologia-santiago\/files\/2013\/11\/Seminario-Electroterapia-en-la-Rehabilitaci\u00f3n-de-la-Disfagia.jpg\",\"url\":\"https:\/\/medicina.udd.cl\/fonoaudiologia-santiago\/files\/2013\/11\/Seminario-Electroterapia-en-la-Rehabilitaci\u00f3n-de-la-Disfagia.jpg\",\"name\":\"Seminario Electroterapia en la Rehabilitaci\u00f3n de la Disfagia - Fonoaudiolog\u00eda\",\"isPartOf\":{\"@id\":\"https:\/\/medicina.udd.cl\/fonoaudiologia-santiago\/#website\"},\"datePublished\":\"2013-11-11T20:36:25+00:00\",\"breadcrumb\":{\"@id\":\"https:\/\/medicina.udd.cl\/fonoaudiologia-santiago\/files\/2013\/11\/Seminario-Electroterapia-en-la-Rehabilitaci\u00f3n-de-la-Disfagia.jpg#breadcrumb\"},\"inLanguage\":\"es\",\"potentialAction\":[{\"@type\":\"ReadAction\",\"target\":[\"https:\/\/medicina.udd.cl\/fonoaudiologia-santiago\/files\/2013\/11\/Seminario-Electroterapia-en-la-Rehabilitaci\u00f3n-de-la-Disfagia.jpg\"]}]},{\"@type\":\"BreadcrumbList\",\"@id\":\"https:\/\/medicina.udd.cl\/fonoaudiologia-santiago\/files\/2013\/11\/Seminario-Electroterapia-en-la-Rehabilitaci\u00f3n-de-la-Disfagia.jpg#breadcrumb\",\"itemListElement\":[{\"@type\":\"ListItem\",\"position\":1,\"name\":\"Home\",\"item\":\"https:\/\/medicina.udd.cl\/fonoaudiologia-santiago\/\"},{\"@type\":\"ListItem\",\"position\":2,\"name\":\"Fonoaudiolog\u00eda y el auge de la electroterapia en la rehabilitaci\u00f3n de la disfagia\",\"item\":\"https:\/\/medicina.udd.cl\/fonoaudiologia-santiago\/noticias\/2013\/11\/11\/fonoaudiologia-y-el-auge-de-la-electroterapia-en-la-rehabilitacion-de-la-disfagia\/\"},{\"@type\":\"ListItem\",\"position\":3,\"name\":\"Seminario Electroterapia en la Rehabilitaci\u00f3n de la Disfagia\"}]},{\"@type\":\"WebSite\",\"@id\":\"https:\/\/medicina.udd.cl\/fonoaudiologia-santiago\/#website\",\"url\":\"https:\/\/medicina.udd.cl\/fonoaudiologia-santiago\/\",\"name\":\"Fonoaudiolog\u00eda\",\"description\":\"Facultad de Medicina Cl\u00ednica Alemana Universidad del Desarrollo\",\"inLanguage\":\"es\"}]}<\/script>\n<!-- \/ Yoast SEO plugin. -->","yoast_head_json":{"title":"Seminario Electroterapia en la Rehabilitaci\u00f3n de la Disfagia - Fonoaudiolog\u00eda","robots":{"index":"index","follow":"follow","max-snippet":"max-snippet:-1","max-image-preview":"max-image-preview:large","max-video-preview":"max-video-preview:-1"},"canonical":"https:\/\/medicina.udd.cl\/fonoaudiologia-santiago\/files\/2013\/11\/Seminario-Electroterapia-en-la-Rehabilitaci\u00f3n-de-la-Disfagia.jpg","og_locale":"es_ES","og_type":"article","og_title":"Seminario Electroterapia en la Rehabilitaci\u00f3n de la Disfagia - Fonoaudiolog\u00eda","og_url":"https:\/\/medicina.udd.cl\/fonoaudiologia-santiago\/files\/2013\/11\/Seminario-Electroterapia-en-la-Rehabilitaci\u00f3n-de-la-Disfagia.jpg","og_site_name":"Fonoaudiolog\u00eda","og_image":[{"width":3271,"height":1197,"url":"https:\/\/medicina.udd.cl\/fonoaudiologia-santiago\/files\/2013\/11\/Seminario-Electroterapia-en-la-Rehabilitaci\u00f3n-de-la-Disfagia.jpg","type":"image\/jpeg"}],"schema":{"@context":"https:\/\/schema.org","@graph":[{"@type":"WebPage","@id":"https:\/\/medicina.udd.cl\/fonoaudiologia-santiago\/files\/2013\/11\/Seminario-Electroterapia-en-la-Rehabilitaci\u00f3n-de-la-Disfagia.jpg","url":"https:\/\/medicina.udd.cl\/fonoaudiologia-santiago\/files\/2013\/11\/Seminario-Electroterapia-en-la-Rehabilitaci\u00f3n-de-la-Disfagia.jpg","name":"Seminario Electroterapia en la Rehabilitaci\u00f3n de la Disfagia - Fonoaudiolog\u00eda","isPartOf":{"@id":"https:\/\/medicina.udd.cl\/fonoaudiologia-santiago\/#website"},"datePublished":"2013-11-11T20:36:25+00:00","breadcrumb":{"@id":"https:\/\/medicina.udd.cl\/fonoaudiologia-santiago\/files\/2013\/11\/Seminario-Electroterapia-en-la-Rehabilitaci\u00f3n-de-la-Disfagia.jpg#breadcrumb"},"inLanguage":"es","potentialAction":[{"@type":"ReadAction","target":["https:\/\/medicina.udd.cl\/fonoaudiologia-santiago\/files\/2013\/11\/Seminario-Electroterapia-en-la-Rehabilitaci\u00f3n-de-la-Disfagia.jpg"]}]},{"@type":"BreadcrumbList","@id":"https:\/\/medicina.udd.cl\/fonoaudiologia-santiago\/files\/2013\/11\/Seminario-Electroterapia-en-la-Rehabilitaci\u00f3n-de-la-Disfagia.jpg#breadcrumb","itemListElement":[{"@type":"ListItem","position":1,"name":"Home","item":"https:\/\/medicina.udd.cl\/fonoaudiologia-santiago\/"},{"@type":"ListItem","position":2,"name":"Fonoaudiolog\u00eda y el auge de la electroterapia en la rehabilitaci\u00f3n de la disfagia","item":"https:\/\/medicina.udd.cl\/fonoaudiologia-santiago\/noticias\/2013\/11\/11\/fonoaudiologia-y-el-auge-de-la-electroterapia-en-la-rehabilitacion-de-la-disfagia\/"},{"@type":"ListItem","position":3,"name":"Seminario Electroterapia en la Rehabilitaci\u00f3n de la Disfagia"}]},{"@type":"WebSite","@id":"https:\/\/medicina.udd.cl\/fonoaudiologia-santiago\/#website","url":"https:\/\/medicina.udd.cl\/fonoaudiologia-santiago\/","name":"Fonoaudiolog\u00eda","description":"Facultad de Medicina Cl\u00ednica Alemana Universidad del Desarrollo","inLanguage":"es"}]}},"description":{"rendered":"<p class=\"attachment\"><a href='https:\/\/medicina.udd.cl\/fonoaudiologia-santiago\/files\/2013\/11\/Seminario-Electroterapia-en-la-Rehabilitaci\u00f3n-de-la-Disfagia.jpg'><img loading=\"lazy\" decoding=\"async\" width=\"300\" height=\"110\" src=\"https:\/\/medicina.udd.cl\/fonoaudiologia-santiago\/files\/2013\/11\/Seminario-Electroterapia-en-la-Rehabilitaci\u00f3n-de-la-Disfagia-300x110.jpg\" class=\"attachment-medium size-medium\" alt=\"\" srcset=\"https:\/\/medicina.udd.cl\/fonoaudiologia-santiago\/files\/2013\/11\/Seminario-Electroterapia-en-la-Rehabilitaci\u00f3n-de-la-Disfagia-300x110.jpg 300w, https:\/\/medicina.udd.cl\/fonoaudiologia-santiago\/files\/2013\/11\/Seminario-Electroterapia-en-la-Rehabilitaci\u00f3n-de-la-Disfagia-768x281.jpg 768w, https:\/\/medicina.udd.cl\/fonoaudiologia-santiago\/files\/2013\/11\/Seminario-Electroterapia-en-la-Rehabilitaci\u00f3n-de-la-Disfagia-1024x375.jpg 1024w, https:\/\/medicina.udd.cl\/fonoaudiologia-santiago\/files\/2013\/11\/Seminario-Electroterapia-en-la-Rehabilitaci\u00f3n-de-la-Disfagia-940x345.jpg 940w, https:\/\/medicina.udd.cl\/fonoaudiologia-santiago\/files\/2013\/11\/Seminario-Electroterapia-en-la-Rehabilitaci\u00f3n-de-la-Disfagia-960x351.jpg 960w\" sizes=\"auto, (max-width: 300px) 100vw, 300px\" \/><\/a><\/p>\n"},"caption":{"rendered":""},"alt_text":"","media_type":"image","mime_type":"image\/jpeg","media_details":{"width":3271,"height":1197,"file":"2013\/11\/Seminario-Electroterapia-en-la-Rehabilitaci\u00f3n-de-la-Disfagia.jpg","sizes":{"thumbnail":{"file":"Seminario-Electroterapia-en-la-Rehabilitaci\u00f3n-de-la-Disfagia-150x150.jpg","width":150,"height":150,"mime_type":"image\/jpeg","source_url":"https:\/\/medicina.udd.cl\/fonoaudiologia-santiago\/files\/2013\/11\/Seminario-Electroterapia-en-la-Rehabilitaci\u00f3n-de-la-Disfagia-150x150.jpg"},"medium":{"file":"Seminario-Electroterapia-en-la-Rehabilitaci\u00f3n-de-la-Disfagia-300x110.jpg","width":300,"height":110,"mime_type":"image\/jpeg","source_url":"https:\/\/medicina.udd.cl\/fonoaudiologia-santiago\/files\/2013\/11\/Seminario-Electroterapia-en-la-Rehabilitaci\u00f3n-de-la-Disfagia-300x110.jpg"},"medium_large":{"file":"Seminario-Electroterapia-en-la-Rehabilitaci\u00f3n-de-la-Disfagia-768x281.jpg","width":768,"height":281,"mime_type":"image\/jpeg","source_url":"https:\/\/medicina.udd.cl\/fonoaudiologia-santiago\/files\/2013\/11\/Seminario-Electroterapia-en-la-Rehabilitaci\u00f3n-de-la-Disfagia-768x281.jpg"},"large":{"file":"Seminario-Electroterapia-en-la-Rehabilitaci\u00f3n-de-la-Disfagia-1024x375.jpg","width":1024,"height":375,"mime_type":"image\/jpeg","source_url":"https:\/\/medicina.udd.cl\/fonoaudiologia-santiago\/files\/2013\/11\/Seminario-Electroterapia-en-la-Rehabilitaci\u00f3n-de-la-Disfagia-1024x375.jpg"},"newsletter_featured":{"file":"Seminario-Electroterapia-en-la-Rehabilitaci\u00f3n-de-la-Disfagia-316x224.jpg","width":316,"height":224,"mime_type":"image\/jpeg","source_url":"https:\/\/medicina.udd.cl\/fonoaudiologia-santiago\/files\/2013\/11\/Seminario-Electroterapia-en-la-Rehabilitaci\u00f3n-de-la-Disfagia-316x224.jpg"},"newsletter_first":{"file":"Seminario-Electroterapia-en-la-Rehabilitaci\u00f3n-de-la-Disfagia-286x205.jpg","width":286,"height":205,"mime_type":"image\/jpeg","source_url":"https:\/\/medicina.udd.cl\/fonoaudiologia-santiago\/files\/2013\/11\/Seminario-Electroterapia-en-la-Rehabilitaci\u00f3n-de-la-Disfagia-286x205.jpg"},"newsletter_thumb":{"file":"Seminario-Electroterapia-en-la-Rehabilitaci\u00f3n-de-la-Disfagia-288x150.jpg","width":288,"height":150,"mime_type":"image\/jpeg","source_url":"https:\/\/medicina.udd.cl\/fonoaudiologia-santiago\/files\/2013\/11\/Seminario-Electroterapia-en-la-Rehabilitaci\u00f3n-de-la-Disfagia-288x150.jpg"},"newsletter_column":{"file":"Seminario-Electroterapia-en-la-Rehabilitaci\u00f3n-de-la-Disfagia-182x140.jpg","width":182,"height":140,"mime_type":"image\/jpeg","source_url":"https:\/\/medicina.udd.cl\/fonoaudiologia-santiago\/files\/2013\/11\/Seminario-Electroterapia-en-la-Rehabilitaci\u00f3n-de-la-Disfagia-182x140.jpg"},"newsletter_square":{"file":"Seminario-Electroterapia-en-la-Rehabilitaci\u00f3n-de-la-Disfagia-62x62.jpg","width":62,"height":62,"mime_type":"image\/jpeg","source_url":"https:\/\/medicina.udd.cl\/fonoaudiologia-santiago\/files\/2013\/11\/Seminario-Electroterapia-en-la-Rehabilitaci\u00f3n-de-la-Disfagia-62x62.jpg"},"newsletter_square_large":{"file":"Seminario-Electroterapia-en-la-Rehabilitaci\u00f3n-de-la-Disfagia-87x62.jpg","width":87,"height":62,"mime_type":"image\/jpeg","source_url":"https:\/\/medicina.udd.cl\/fonoaudiologia-santiago\/files\/2013\/11\/Seminario-Electroterapia-en-la-Rehabilitaci\u00f3n-de-la-Disfagia-87x62.jpg"},"featured-home":{"file":"Seminario-Electroterapia-en-la-Rehabilitaci\u00f3n-de-la-Disfagia-800x450.jpg","width":800,"height":450,"mime_type":"image\/jpeg","source_url":"https:\/\/medicina.udd.cl\/fonoaudiologia-santiago\/files\/2013\/11\/Seminario-Electroterapia-en-la-Rehabilitaci\u00f3n-de-la-Disfagia-800x450.jpg"},"featured-career":{"file":"Seminario-Electroterapia-en-la-Rehabilitaci\u00f3n-de-la-Disfagia-660x430.jpg","width":660,"height":430,"mime_type":"image\/jpeg","source_url":"https:\/\/medicina.udd.cl\/fonoaudiologia-santiago\/files\/2013\/11\/Seminario-Electroterapia-en-la-Rehabilitaci\u00f3n-de-la-Disfagia-660x430.jpg"},"squared":{"file":"Seminario-Electroterapia-en-la-Rehabilitaci\u00f3n-de-la-Disfagia-300x300.jpg","width":300,"height":300,"mime_type":"image\/jpeg","source_url":"https:\/\/medicina.udd.cl\/fonoaudiologia-santiago\/files\/2013\/11\/Seminario-Electroterapia-en-la-Rehabilitaci\u00f3n-de-la-Disfagia-300x300.jpg"},"stretch":{"file":"Seminario-Electroterapia-en-la-Rehabilitaci\u00f3n-de-la-Disfagia-800x450.jpg","width":800,"height":450,"mime_type":"image\/jpeg","source_url":"https:\/\/medicina.udd.cl\/fonoaudiologia-santiago\/files\/2013\/11\/Seminario-Electroterapia-en-la-Rehabilitaci\u00f3n-de-la-Disfagia-800x450.jpg"},"portrait-medium":{"file":"Seminario-Electroterapia-en-la-Rehabilitaci\u00f3n-de-la-Disfagia-220x260.jpg","width":220,"height":260,"mime_type":"image\/jpeg","source_url":"https:\/\/medicina.udd.cl\/fonoaudiologia-santiago\/files\/2013\/11\/Seminario-Electroterapia-en-la-Rehabilitaci\u00f3n-de-la-Disfagia-220x260.jpg"},"landscape-small":{"file":"Seminario-Electroterapia-en-la-Rehabilitaci\u00f3n-de-la-Disfagia-125x80.jpg","width":125,"height":80,"mime_type":"image\/jpeg","source_url":"https:\/\/medicina.udd.cl\/fonoaudiologia-santiago\/files\/2013\/11\/Seminario-Electroterapia-en-la-Rehabilitaci\u00f3n-de-la-Disfagia-125x80.jpg"},"landscape-medium":{"file":"Seminario-Electroterapia-en-la-Rehabilitaci\u00f3n-de-la-Disfagia-340x220.jpg","width":340,"height":220,"mime_type":"image\/jpeg","source_url":"https:\/\/medicina.udd.cl\/fonoaudiologia-santiago\/files\/2013\/11\/Seminario-Electroterapia-en-la-Rehabilitaci\u00f3n-de-la-Disfagia-340x220.jpg"},"landscape-large":{"file":"Seminario-Electroterapia-en-la-Rehabilitaci\u00f3n-de-la-Disfagia-365x255.jpg","width":365,"height":255,"mime_type":"image\/jpeg","source_url":"https:\/\/medicina.udd.cl\/fonoaudiologia-santiago\/files\/2013\/11\/Seminario-Electroterapia-en-la-Rehabilitaci\u00f3n-de-la-Disfagia-365x255.jpg"},"landscape-xlarge":{"file":"Seminario-Electroterapia-en-la-Rehabilitaci\u00f3n-de-la-Disfagia-660x430.jpg","width":660,"height":430,"mime_type":"image\/jpeg","source_url":"https:\/\/medicina.udd.cl\/fonoaudiologia-santiago\/files\/2013\/11\/Seminario-Electroterapia-en-la-Rehabilitaci\u00f3n-de-la-Disfagia-660x430.jpg"},"panoramic":{"file":"Seminario-Electroterapia-en-la-Rehabilitaci\u00f3n-de-la-Disfagia-940x345.jpg","width":940,"height":345,"mime_type":"image\/jpeg","source_url":"https:\/\/medicina.udd.cl\/fonoaudiologia-santiago\/files\/2013\/11\/Seminario-Electroterapia-en-la-Rehabilitaci\u00f3n-de-la-Disfagia-940x345.jpg"},"stretch-large":{"file":"Seminario-Electroterapia-en-la-Rehabilitaci\u00f3n-de-la-Disfagia-940x450.jpg","width":940,"height":450,"mime_type":"image\/jpeg","source_url":"https:\/\/medicina.udd.cl\/fonoaudiologia-santiago\/files\/2013\/11\/Seminario-Electroterapia-en-la-Rehabilitaci\u00f3n-de-la-Disfagia-940x450.jpg"},"proportional-large":{"file":"Seminario-Electroterapia-en-la-Rehabilitaci\u00f3n-de-la-Disfagia-960x351.jpg","width":960,"height":351,"mime_type":"image\/jpeg","source_url":"https:\/\/medicina.udd.cl\/fonoaudiologia-santiago\/files\/2013\/11\/Seminario-Electroterapia-en-la-Rehabilitaci\u00f3n-de-la-Disfagia-960x351.jpg"},"custom_content":{"file":"Seminario-Electroterapia-en-la-Rehabilitaci\u00f3n-de-la-Disfagia-126x126.jpg","width":126,"height":126,"mime_type":"image\/jpeg","source_url":"https:\/\/medicina.udd.cl\/fonoaudiologia-santiago\/files\/2013\/11\/Seminario-Electroterapia-en-la-Rehabilitaci\u00f3n-de-la-Disfagia-126x126.jpg"},"full":{"file":"Seminario-Electroterapia-en-la-Rehabilitaci\u00f3n-de-la-Disfagia.jpg","width":3271,"height":1197,"mime_type":"image\/jpeg","source_url":"https:\/\/medicina.udd.cl\/fonoaudiologia-santiago\/files\/2013\/11\/Seminario-Electroterapia-en-la-Rehabilitaci\u00f3n-de-la-Disfagia.jpg"}},"image_meta":{"aperture":"3.5","credit":"","camera":"Canon EOS REBEL T2i","caption":"","created_timestamp":"1383910555","copyright":"","focal_length":"20","iso":"640","shutter_speed":"0.033333333333333","title":"","orientation":"0","keywords":[]}},"post":2105,"source_url":"https:\/\/medicina.udd.cl\/fonoaudiologia-santiago\/files\/2013\/11\/Seminario-Electroterapia-en-la-Rehabilitaci\u00f3n-de-la-Disfagia.jpg","_links":{"self":[{"href":"https:\/\/medicina.udd.cl\/fonoaudiologia-santiago\/wp-json\/wp\/v2\/media\/2108","targetHints":{"allow":["GET"]}}],"collection":[{"href":"https:\/\/medicina.udd.cl\/fonoaudiologia-santiago\/wp-json\/wp\/v2\/media"}],"about":[{"href":"https:\/\/medicina.udd.cl\/fonoaudiologia-santiago\/wp-json\/wp\/v2\/types\/attachment"}],"author":[{"embeddable":true,"href":"https:\/\/medicina.udd.cl\/fonoaudiologia-santiago\/wp-json\/wp\/v2\/users\/40"}],"replies":[{"embeddable":true,"href":"https:\/\/medicina.udd.cl\/fonoaudiologia-santiago\/wp-json\/wp\/v2\/comments?post=2108"}],"wp:attached-to":[{"embeddable":true,"post_type":"post","id":2105,"href":"https:\/\/medicina.udd.cl\/fonoaudiologia-santiago\/wp-json\/wp\/v2\/posts\/2105"}],"curies":[{"name":"wp","href":"https:\/\/api.w.org\/{rel}","templated":true}]}}