{"id":2371,"date":"2014-08-27T15:46:31","date_gmt":"2014-08-27T19:46:31","guid":{"rendered":"http:\/\/medicina.udd.cl\/fonoaudiologia-santiago\/files\/2014\/08\/Curso-Internacional-M\u00e9todo-Lessac.jpeg"},"modified":"2014-08-27T15:46:31","modified_gmt":"2014-08-27T19:46:31","slug":"curso-internacional-metodo-lessac","status":"inherit","type":"attachment","link":"https:\/\/medicina.udd.cl\/fonoaudiologia-santiago\/noticias\/2014\/08\/27\/fonoaudiologia-primeros-chilenos-en-curso-internacional-de-metodo-lessac\/curso-internacional-metodo-lessac\/","title":{"rendered":"Curso Internacional M\u00e9todo Lessac"},"author":40,"featured_media":0,"comment_status":"open","ping_status":"open","template":"","meta":[],"class_list":["post-2371","attachment","type-attachment","status-inherit","hentry"],"yoast_head":"<!-- This site is optimized with the Yoast SEO plugin v26.9 - https:\/\/yoast.com\/product\/yoast-seo-wordpress\/ -->\n<title>Curso Internacional M\u00e9todo Lessac - Fonoaudiolog\u00eda<\/title>\n<meta name=\"robots\" content=\"index, follow, max-snippet:-1, max-image-preview:large, max-video-preview:-1\" \/>\n<link rel=\"canonical\" href=\"https:\/\/medicina.udd.cl\/fonoaudiologia-santiago\/files\/2014\/08\/Curso-Internacional-M\u00e9todo-Lessac.jpeg\" \/>\n<meta property=\"og:locale\" content=\"es_ES\" \/>\n<meta property=\"og:type\" content=\"article\" \/>\n<meta property=\"og:title\" content=\"Curso Internacional M\u00e9todo Lessac - Fonoaudiolog\u00eda\" \/>\n<meta property=\"og:url\" content=\"https:\/\/medicina.udd.cl\/fonoaudiologia-santiago\/files\/2014\/08\/Curso-Internacional-M\u00e9todo-Lessac.jpeg\" \/>\n<meta property=\"og:site_name\" content=\"Fonoaudiolog\u00eda\" \/>\n<meta property=\"og:image\" content=\"https:\/\/medicina.udd.cl\/fonoaudiologia-santiago\/files\/2014\/08\/Curso-Internacional-M\u00e9todo-Lessac.jpeg\" \/>\n\t<meta property=\"og:image:width\" content=\"800\" \/>\n\t<meta property=\"og:image:height\" content=\"497\" \/>\n\t<meta property=\"og:image:type\" content=\"image\/jpeg\" \/>\n<script type=\"application\/ld+json\" class=\"yoast-schema-graph\">{\"@context\":\"https:\/\/schema.org\",\"@graph\":[{\"@type\":\"WebPage\",\"@id\":\"https:\/\/medicina.udd.cl\/fonoaudiologia-santiago\/files\/2014\/08\/Curso-Internacional-M\u00e9todo-Lessac.jpeg\",\"url\":\"https:\/\/medicina.udd.cl\/fonoaudiologia-santiago\/files\/2014\/08\/Curso-Internacional-M\u00e9todo-Lessac.jpeg\",\"name\":\"Curso Internacional M\u00e9todo Lessac - Fonoaudiolog\u00eda\",\"isPartOf\":{\"@id\":\"https:\/\/medicina.udd.cl\/fonoaudiologia-santiago\/#website\"},\"datePublished\":\"2014-08-27T19:46:31+00:00\",\"breadcrumb\":{\"@id\":\"https:\/\/medicina.udd.cl\/fonoaudiologia-santiago\/files\/2014\/08\/Curso-Internacional-M\u00e9todo-Lessac.jpeg#breadcrumb\"},\"inLanguage\":\"es\",\"potentialAction\":[{\"@type\":\"ReadAction\",\"target\":[\"https:\/\/medicina.udd.cl\/fonoaudiologia-santiago\/files\/2014\/08\/Curso-Internacional-M\u00e9todo-Lessac.jpeg\"]}]},{\"@type\":\"BreadcrumbList\",\"@id\":\"https:\/\/medicina.udd.cl\/fonoaudiologia-santiago\/files\/2014\/08\/Curso-Internacional-M\u00e9todo-Lessac.jpeg#breadcrumb\",\"itemListElement\":[{\"@type\":\"ListItem\",\"position\":1,\"name\":\"Home\",\"item\":\"https:\/\/medicina.udd.cl\/fonoaudiologia-santiago\/\"},{\"@type\":\"ListItem\",\"position\":2,\"name\":\"Fonoaudiolog\u00eda: Primeros chilenos en curso internacional de M\u00e9todo Lessac\",\"item\":\"https:\/\/medicina.udd.cl\/fonoaudiologia-santiago\/noticias\/2014\/08\/27\/fonoaudiologia-primeros-chilenos-en-curso-internacional-de-metodo-lessac\/\"},{\"@type\":\"ListItem\",\"position\":3,\"name\":\"Curso Internacional M\u00e9todo Lessac\"}]},{\"@type\":\"WebSite\",\"@id\":\"https:\/\/medicina.udd.cl\/fonoaudiologia-santiago\/#website\",\"url\":\"https:\/\/medicina.udd.cl\/fonoaudiologia-santiago\/\",\"name\":\"Fonoaudiolog\u00eda\",\"description\":\"Facultad de Medicina Cl\u00ednica Alemana Universidad del Desarrollo\",\"inLanguage\":\"es\"}]}<\/script>\n<!-- \/ Yoast SEO plugin. -->","yoast_head_json":{"title":"Curso Internacional M\u00e9todo Lessac - Fonoaudiolog\u00eda","robots":{"index":"index","follow":"follow","max-snippet":"max-snippet:-1","max-image-preview":"max-image-preview:large","max-video-preview":"max-video-preview:-1"},"canonical":"https:\/\/medicina.udd.cl\/fonoaudiologia-santiago\/files\/2014\/08\/Curso-Internacional-M\u00e9todo-Lessac.jpeg","og_locale":"es_ES","og_type":"article","og_title":"Curso Internacional M\u00e9todo Lessac - Fonoaudiolog\u00eda","og_url":"https:\/\/medicina.udd.cl\/fonoaudiologia-santiago\/files\/2014\/08\/Curso-Internacional-M\u00e9todo-Lessac.jpeg","og_site_name":"Fonoaudiolog\u00eda","og_image":[{"width":800,"height":497,"url":"https:\/\/medicina.udd.cl\/fonoaudiologia-santiago\/files\/2014\/08\/Curso-Internacional-M\u00e9todo-Lessac.jpeg","type":"image\/jpeg"}],"schema":{"@context":"https:\/\/schema.org","@graph":[{"@type":"WebPage","@id":"https:\/\/medicina.udd.cl\/fonoaudiologia-santiago\/files\/2014\/08\/Curso-Internacional-M\u00e9todo-Lessac.jpeg","url":"https:\/\/medicina.udd.cl\/fonoaudiologia-santiago\/files\/2014\/08\/Curso-Internacional-M\u00e9todo-Lessac.jpeg","name":"Curso Internacional M\u00e9todo Lessac - Fonoaudiolog\u00eda","isPartOf":{"@id":"https:\/\/medicina.udd.cl\/fonoaudiologia-santiago\/#website"},"datePublished":"2014-08-27T19:46:31+00:00","breadcrumb":{"@id":"https:\/\/medicina.udd.cl\/fonoaudiologia-santiago\/files\/2014\/08\/Curso-Internacional-M\u00e9todo-Lessac.jpeg#breadcrumb"},"inLanguage":"es","potentialAction":[{"@type":"ReadAction","target":["https:\/\/medicina.udd.cl\/fonoaudiologia-santiago\/files\/2014\/08\/Curso-Internacional-M\u00e9todo-Lessac.jpeg"]}]},{"@type":"BreadcrumbList","@id":"https:\/\/medicina.udd.cl\/fonoaudiologia-santiago\/files\/2014\/08\/Curso-Internacional-M\u00e9todo-Lessac.jpeg#breadcrumb","itemListElement":[{"@type":"ListItem","position":1,"name":"Home","item":"https:\/\/medicina.udd.cl\/fonoaudiologia-santiago\/"},{"@type":"ListItem","position":2,"name":"Fonoaudiolog\u00eda: Primeros chilenos en curso internacional de M\u00e9todo Lessac","item":"https:\/\/medicina.udd.cl\/fonoaudiologia-santiago\/noticias\/2014\/08\/27\/fonoaudiologia-primeros-chilenos-en-curso-internacional-de-metodo-lessac\/"},{"@type":"ListItem","position":3,"name":"Curso Internacional M\u00e9todo Lessac"}]},{"@type":"WebSite","@id":"https:\/\/medicina.udd.cl\/fonoaudiologia-santiago\/#website","url":"https:\/\/medicina.udd.cl\/fonoaudiologia-santiago\/","name":"Fonoaudiolog\u00eda","description":"Facultad de Medicina Cl\u00ednica Alemana Universidad del Desarrollo","inLanguage":"es"}]}},"description":{"rendered":"<p class=\"attachment\"><a href='https:\/\/medicina.udd.cl\/fonoaudiologia-santiago\/files\/2014\/08\/Curso-Internacional-M\u00e9todo-Lessac.jpeg'><img loading=\"lazy\" decoding=\"async\" width=\"300\" height=\"186\" src=\"https:\/\/medicina.udd.cl\/fonoaudiologia-santiago\/files\/2014\/08\/Curso-Internacional-M\u00e9todo-Lessac-300x186.jpeg\" class=\"attachment-medium size-medium\" alt=\"\" srcset=\"https:\/\/medicina.udd.cl\/fonoaudiologia-santiago\/files\/2014\/08\/Curso-Internacional-M\u00e9todo-Lessac-300x186.jpeg 300w, https:\/\/medicina.udd.cl\/fonoaudiologia-santiago\/files\/2014\/08\/Curso-Internacional-M\u00e9todo-Lessac-768x477.jpeg 768w, https:\/\/medicina.udd.cl\/fonoaudiologia-santiago\/files\/2014\/08\/Curso-Internacional-M\u00e9todo-Lessac.jpeg 800w\" sizes=\"auto, (max-width: 300px) 100vw, 300px\" \/><\/a><\/p>\n"},"caption":{"rendered":""},"alt_text":"","media_type":"image","mime_type":"image\/jpeg","media_details":{"width":800,"height":497,"file":"2014\/08\/Curso-Internacional-M\u00e9todo-Lessac.jpeg","sizes":{"thumbnail":{"file":"Curso-Internacional-M\u00e9todo-Lessac-150x150.jpeg","width":150,"height":150,"mime_type":"image\/jpeg","source_url":"https:\/\/medicina.udd.cl\/fonoaudiologia-santiago\/files\/2014\/08\/Curso-Internacional-M\u00e9todo-Lessac-150x150.jpeg"},"medium":{"file":"Curso-Internacional-M\u00e9todo-Lessac-300x186.jpeg","width":300,"height":186,"mime_type":"image\/jpeg","source_url":"https:\/\/medicina.udd.cl\/fonoaudiologia-santiago\/files\/2014\/08\/Curso-Internacional-M\u00e9todo-Lessac-300x186.jpeg"},"medium_large":{"file":"Curso-Internacional-M\u00e9todo-Lessac-768x477.jpeg","width":768,"height":477,"mime_type":"image\/jpeg","source_url":"https:\/\/medicina.udd.cl\/fonoaudiologia-santiago\/files\/2014\/08\/Curso-Internacional-M\u00e9todo-Lessac-768x477.jpeg"},"newsletter_featured":{"file":"Curso-Internacional-M\u00e9todo-Lessac-316x224.jpeg","width":316,"height":224,"mime_type":"image\/jpeg","source_url":"https:\/\/medicina.udd.cl\/fonoaudiologia-santiago\/files\/2014\/08\/Curso-Internacional-M\u00e9todo-Lessac-316x224.jpeg"},"newsletter_first":{"file":"Curso-Internacional-M\u00e9todo-Lessac-286x205.jpeg","width":286,"height":205,"mime_type":"image\/jpeg","source_url":"https:\/\/medicina.udd.cl\/fonoaudiologia-santiago\/files\/2014\/08\/Curso-Internacional-M\u00e9todo-Lessac-286x205.jpeg"},"newsletter_thumb":{"file":"Curso-Internacional-M\u00e9todo-Lessac-288x150.jpeg","width":288,"height":150,"mime_type":"image\/jpeg","source_url":"https:\/\/medicina.udd.cl\/fonoaudiologia-santiago\/files\/2014\/08\/Curso-Internacional-M\u00e9todo-Lessac-288x150.jpeg"},"newsletter_column":{"file":"Curso-Internacional-M\u00e9todo-Lessac-182x140.jpeg","width":182,"height":140,"mime_type":"image\/jpeg","source_url":"https:\/\/medicina.udd.cl\/fonoaudiologia-santiago\/files\/2014\/08\/Curso-Internacional-M\u00e9todo-Lessac-182x140.jpeg"},"newsletter_square":{"file":"Curso-Internacional-M\u00e9todo-Lessac-62x62.jpeg","width":62,"height":62,"mime_type":"image\/jpeg","source_url":"https:\/\/medicina.udd.cl\/fonoaudiologia-santiago\/files\/2014\/08\/Curso-Internacional-M\u00e9todo-Lessac-62x62.jpeg"},"newsletter_square_large":{"file":"Curso-Internacional-M\u00e9todo-Lessac-87x62.jpeg","width":87,"height":62,"mime_type":"image\/jpeg","source_url":"https:\/\/medicina.udd.cl\/fonoaudiologia-santiago\/files\/2014\/08\/Curso-Internacional-M\u00e9todo-Lessac-87x62.jpeg"},"featured-home":{"file":"Curso-Internacional-M\u00e9todo-Lessac-800x450.jpeg","width":800,"height":450,"mime_type":"image\/jpeg","source_url":"https:\/\/medicina.udd.cl\/fonoaudiologia-santiago\/files\/2014\/08\/Curso-Internacional-M\u00e9todo-Lessac-800x450.jpeg"},"featured-career":{"file":"Curso-Internacional-M\u00e9todo-Lessac-660x430.jpeg","width":660,"height":430,"mime_type":"image\/jpeg","source_url":"https:\/\/medicina.udd.cl\/fonoaudiologia-santiago\/files\/2014\/08\/Curso-Internacional-M\u00e9todo-Lessac-660x430.jpeg"},"squared":{"file":"Curso-Internacional-M\u00e9todo-Lessac-300x300.jpeg","width":300,"height":300,"mime_type":"image\/jpeg","source_url":"https:\/\/medicina.udd.cl\/fonoaudiologia-santiago\/files\/2014\/08\/Curso-Internacional-M\u00e9todo-Lessac-300x300.jpeg"},"stretch":{"file":"Curso-Internacional-M\u00e9todo-Lessac-800x450.jpeg","width":800,"height":450,"mime_type":"image\/jpeg","source_url":"https:\/\/medicina.udd.cl\/fonoaudiologia-santiago\/files\/2014\/08\/Curso-Internacional-M\u00e9todo-Lessac-800x450.jpeg"},"portrait-medium":{"file":"Curso-Internacional-M\u00e9todo-Lessac-220x260.jpeg","width":220,"height":260,"mime_type":"image\/jpeg","source_url":"https:\/\/medicina.udd.cl\/fonoaudiologia-santiago\/files\/2014\/08\/Curso-Internacional-M\u00e9todo-Lessac-220x260.jpeg"},"landscape-small":{"file":"Curso-Internacional-M\u00e9todo-Lessac-125x80.jpeg","width":125,"height":80,"mime_type":"image\/jpeg","source_url":"https:\/\/medicina.udd.cl\/fonoaudiologia-santiago\/files\/2014\/08\/Curso-Internacional-M\u00e9todo-Lessac-125x80.jpeg"},"landscape-medium":{"file":"Curso-Internacional-M\u00e9todo-Lessac-340x220.jpeg","width":340,"height":220,"mime_type":"image\/jpeg","source_url":"https:\/\/medicina.udd.cl\/fonoaudiologia-santiago\/files\/2014\/08\/Curso-Internacional-M\u00e9todo-Lessac-340x220.jpeg"},"landscape-large":{"file":"Curso-Internacional-M\u00e9todo-Lessac-365x255.jpeg","width":365,"height":255,"mime_type":"image\/jpeg","source_url":"https:\/\/medicina.udd.cl\/fonoaudiologia-santiago\/files\/2014\/08\/Curso-Internacional-M\u00e9todo-Lessac-365x255.jpeg"},"landscape-xlarge":{"file":"Curso-Internacional-M\u00e9todo-Lessac-660x430.jpeg","width":660,"height":430,"mime_type":"image\/jpeg","source_url":"https:\/\/medicina.udd.cl\/fonoaudiologia-santiago\/files\/2014\/08\/Curso-Internacional-M\u00e9todo-Lessac-660x430.jpeg"},"panoramic":{"file":"Curso-Internacional-M\u00e9todo-Lessac-800x345.jpeg","width":800,"height":345,"mime_type":"image\/jpeg","source_url":"https:\/\/medicina.udd.cl\/fonoaudiologia-santiago\/files\/2014\/08\/Curso-Internacional-M\u00e9todo-Lessac-800x345.jpeg"},"stretch-large":{"file":"Curso-Internacional-M\u00e9todo-Lessac-800x450.jpeg","width":800,"height":450,"mime_type":"image\/jpeg","source_url":"https:\/\/medicina.udd.cl\/fonoaudiologia-santiago\/files\/2014\/08\/Curso-Internacional-M\u00e9todo-Lessac-800x450.jpeg"},"custom_content":{"file":"Curso-Internacional-M\u00e9todo-Lessac-126x126.jpeg","width":126,"height":126,"mime_type":"image\/jpeg","source_url":"https:\/\/medicina.udd.cl\/fonoaudiologia-santiago\/files\/2014\/08\/Curso-Internacional-M\u00e9todo-Lessac-126x126.jpeg"},"full":{"file":"Curso-Internacional-M\u00e9todo-Lessac.jpeg","width":800,"height":497,"mime_type":"image\/jpeg","source_url":"https:\/\/medicina.udd.cl\/fonoaudiologia-santiago\/files\/2014\/08\/Curso-Internacional-M\u00e9todo-Lessac.jpeg"}},"image_meta":{"aperture":"0","credit":"","camera":"","caption":"","created_timestamp":"0","copyright":"","focal_length":"0","iso":"0","shutter_speed":"0","title":"","orientation":"1","keywords":[]}},"post":2369,"source_url":"https:\/\/medicina.udd.cl\/fonoaudiologia-santiago\/files\/2014\/08\/Curso-Internacional-M\u00e9todo-Lessac.jpeg","_links":{"self":[{"href":"https:\/\/medicina.udd.cl\/fonoaudiologia-santiago\/wp-json\/wp\/v2\/media\/2371","targetHints":{"allow":["GET"]}}],"collection":[{"href":"https:\/\/medicina.udd.cl\/fonoaudiologia-santiago\/wp-json\/wp\/v2\/media"}],"about":[{"href":"https:\/\/medicina.udd.cl\/fonoaudiologia-santiago\/wp-json\/wp\/v2\/types\/attachment"}],"author":[{"embeddable":true,"href":"https:\/\/medicina.udd.cl\/fonoaudiologia-santiago\/wp-json\/wp\/v2\/users\/40"}],"replies":[{"embeddable":true,"href":"https:\/\/medicina.udd.cl\/fonoaudiologia-santiago\/wp-json\/wp\/v2\/comments?post=2371"}],"wp:attached-to":[{"embeddable":true,"post_type":"post","id":2369,"href":"https:\/\/medicina.udd.cl\/fonoaudiologia-santiago\/wp-json\/wp\/v2\/posts\/2369"}],"curies":[{"name":"wp","href":"https:\/\/api.w.org\/{rel}","templated":true}]}}