{"id":2632,"date":"2015-04-13T17:11:58","date_gmt":"2015-04-13T20:11:58","guid":{"rendered":"http:\/\/medicina.udd.cl\/fonoaudiologia-santiago\/files\/2015\/04\/Catalina-Rojas-Premio-UDD-Fonoaudiolog\u00eda-2015.jpg"},"modified":"2015-04-13T17:11:58","modified_gmt":"2015-04-13T20:11:58","slug":"catalina-rojas-premio-udd-fonoaudiologia-2015","status":"inherit","type":"attachment","link":"https:\/\/medicina.udd.cl\/fonoaudiologia-santiago\/noticias\/2015\/04\/13\/carreras-de-la-salud-titulan-nuevos-profesionales\/catalina-rojas-premio-udd-fonoaudiologia-2015\/","title":{"rendered":"Catalina Rojas &#8211; Premio UDD Fonoaudiolog\u00eda 2015"},"author":40,"featured_media":0,"comment_status":"open","ping_status":"open","template":"","meta":[],"class_list":["post-2632","attachment","type-attachment","status-inherit","hentry"],"yoast_head":"<!-- This site is optimized with the Yoast SEO plugin v26.9 - https:\/\/yoast.com\/product\/yoast-seo-wordpress\/ -->\n<title>Catalina Rojas - Premio UDD Fonoaudiolog\u00eda 2015 - Fonoaudiolog\u00eda<\/title>\n<meta name=\"robots\" content=\"index, follow, max-snippet:-1, max-image-preview:large, max-video-preview:-1\" \/>\n<link rel=\"canonical\" href=\"https:\/\/medicina.udd.cl\/fonoaudiologia-santiago\/files\/2015\/04\/Catalina-Rojas-Premio-UDD-Fonoaudiolog\u00eda-2015.jpg\" \/>\n<meta property=\"og:locale\" content=\"es_ES\" \/>\n<meta property=\"og:type\" content=\"article\" \/>\n<meta property=\"og:title\" content=\"Catalina Rojas - Premio UDD Fonoaudiolog\u00eda 2015 - Fonoaudiolog\u00eda\" \/>\n<meta property=\"og:description\" content=\"Catalina Rojas - Premio UDD Fonoaudiolog\u00eda 2015\" \/>\n<meta property=\"og:url\" content=\"https:\/\/medicina.udd.cl\/fonoaudiologia-santiago\/files\/2015\/04\/Catalina-Rojas-Premio-UDD-Fonoaudiolog\u00eda-2015.jpg\" \/>\n<meta property=\"og:site_name\" content=\"Fonoaudiolog\u00eda\" \/>\n<meta property=\"og:image\" content=\"https:\/\/medicina.udd.cl\/fonoaudiologia-santiago\/files\/2015\/04\/Catalina-Rojas-Premio-UDD-Fonoaudiolog\u00eda-2015.jpg\" \/>\n\t<meta property=\"og:image:width\" content=\"4794\" \/>\n\t<meta property=\"og:image:height\" content=\"3036\" \/>\n\t<meta property=\"og:image:type\" content=\"image\/jpeg\" \/>\n<script type=\"application\/ld+json\" class=\"yoast-schema-graph\">{\"@context\":\"https:\/\/schema.org\",\"@graph\":[{\"@type\":\"WebPage\",\"@id\":\"https:\/\/medicina.udd.cl\/fonoaudiologia-santiago\/files\/2015\/04\/Catalina-Rojas-Premio-UDD-Fonoaudiolog\u00eda-2015.jpg\",\"url\":\"https:\/\/medicina.udd.cl\/fonoaudiologia-santiago\/files\/2015\/04\/Catalina-Rojas-Premio-UDD-Fonoaudiolog\u00eda-2015.jpg\",\"name\":\"Catalina Rojas - Premio UDD Fonoaudiolog\u00eda 2015 - Fonoaudiolog\u00eda\",\"isPartOf\":{\"@id\":\"https:\/\/medicina.udd.cl\/fonoaudiologia-santiago\/#website\"},\"datePublished\":\"2015-04-13T20:11:58+00:00\",\"breadcrumb\":{\"@id\":\"https:\/\/medicina.udd.cl\/fonoaudiologia-santiago\/files\/2015\/04\/Catalina-Rojas-Premio-UDD-Fonoaudiolog\u00eda-2015.jpg#breadcrumb\"},\"inLanguage\":\"es\",\"potentialAction\":[{\"@type\":\"ReadAction\",\"target\":[\"https:\/\/medicina.udd.cl\/fonoaudiologia-santiago\/files\/2015\/04\/Catalina-Rojas-Premio-UDD-Fonoaudiolog\u00eda-2015.jpg\"]}]},{\"@type\":\"BreadcrumbList\",\"@id\":\"https:\/\/medicina.udd.cl\/fonoaudiologia-santiago\/files\/2015\/04\/Catalina-Rojas-Premio-UDD-Fonoaudiolog\u00eda-2015.jpg#breadcrumb\",\"itemListElement\":[{\"@type\":\"ListItem\",\"position\":1,\"name\":\"Home\",\"item\":\"https:\/\/medicina.udd.cl\/fonoaudiologia-santiago\/\"},{\"@type\":\"ListItem\",\"position\":2,\"name\":\"Carreras de la Salud titulan a nuevos profesionales\",\"item\":\"https:\/\/medicina.udd.cl\/fonoaudiologia-santiago\/noticias\/2015\/04\/13\/carreras-de-la-salud-titulan-nuevos-profesionales\/\"},{\"@type\":\"ListItem\",\"position\":3,\"name\":\"Catalina Rojas &#8211; Premio UDD Fonoaudiolog\u00eda 2015\"}]},{\"@type\":\"WebSite\",\"@id\":\"https:\/\/medicina.udd.cl\/fonoaudiologia-santiago\/#website\",\"url\":\"https:\/\/medicina.udd.cl\/fonoaudiologia-santiago\/\",\"name\":\"Fonoaudiolog\u00eda\",\"description\":\"Facultad de Medicina Cl\u00ednica Alemana Universidad del Desarrollo\",\"inLanguage\":\"es\"}]}<\/script>\n<!-- \/ Yoast SEO plugin. -->","yoast_head_json":{"title":"Catalina Rojas - Premio UDD Fonoaudiolog\u00eda 2015 - Fonoaudiolog\u00eda","robots":{"index":"index","follow":"follow","max-snippet":"max-snippet:-1","max-image-preview":"max-image-preview:large","max-video-preview":"max-video-preview:-1"},"canonical":"https:\/\/medicina.udd.cl\/fonoaudiologia-santiago\/files\/2015\/04\/Catalina-Rojas-Premio-UDD-Fonoaudiolog\u00eda-2015.jpg","og_locale":"es_ES","og_type":"article","og_title":"Catalina Rojas - Premio UDD Fonoaudiolog\u00eda 2015 - Fonoaudiolog\u00eda","og_description":"Catalina Rojas - Premio UDD Fonoaudiolog\u00eda 2015","og_url":"https:\/\/medicina.udd.cl\/fonoaudiologia-santiago\/files\/2015\/04\/Catalina-Rojas-Premio-UDD-Fonoaudiolog\u00eda-2015.jpg","og_site_name":"Fonoaudiolog\u00eda","og_image":[{"width":4794,"height":3036,"url":"https:\/\/medicina.udd.cl\/fonoaudiologia-santiago\/files\/2015\/04\/Catalina-Rojas-Premio-UDD-Fonoaudiolog\u00eda-2015.jpg","type":"image\/jpeg"}],"schema":{"@context":"https:\/\/schema.org","@graph":[{"@type":"WebPage","@id":"https:\/\/medicina.udd.cl\/fonoaudiologia-santiago\/files\/2015\/04\/Catalina-Rojas-Premio-UDD-Fonoaudiolog\u00eda-2015.jpg","url":"https:\/\/medicina.udd.cl\/fonoaudiologia-santiago\/files\/2015\/04\/Catalina-Rojas-Premio-UDD-Fonoaudiolog\u00eda-2015.jpg","name":"Catalina Rojas - Premio UDD Fonoaudiolog\u00eda 2015 - Fonoaudiolog\u00eda","isPartOf":{"@id":"https:\/\/medicina.udd.cl\/fonoaudiologia-santiago\/#website"},"datePublished":"2015-04-13T20:11:58+00:00","breadcrumb":{"@id":"https:\/\/medicina.udd.cl\/fonoaudiologia-santiago\/files\/2015\/04\/Catalina-Rojas-Premio-UDD-Fonoaudiolog\u00eda-2015.jpg#breadcrumb"},"inLanguage":"es","potentialAction":[{"@type":"ReadAction","target":["https:\/\/medicina.udd.cl\/fonoaudiologia-santiago\/files\/2015\/04\/Catalina-Rojas-Premio-UDD-Fonoaudiolog\u00eda-2015.jpg"]}]},{"@type":"BreadcrumbList","@id":"https:\/\/medicina.udd.cl\/fonoaudiologia-santiago\/files\/2015\/04\/Catalina-Rojas-Premio-UDD-Fonoaudiolog\u00eda-2015.jpg#breadcrumb","itemListElement":[{"@type":"ListItem","position":1,"name":"Home","item":"https:\/\/medicina.udd.cl\/fonoaudiologia-santiago\/"},{"@type":"ListItem","position":2,"name":"Carreras de la Salud titulan a nuevos profesionales","item":"https:\/\/medicina.udd.cl\/fonoaudiologia-santiago\/noticias\/2015\/04\/13\/carreras-de-la-salud-titulan-nuevos-profesionales\/"},{"@type":"ListItem","position":3,"name":"Catalina Rojas &#8211; Premio UDD Fonoaudiolog\u00eda 2015"}]},{"@type":"WebSite","@id":"https:\/\/medicina.udd.cl\/fonoaudiologia-santiago\/#website","url":"https:\/\/medicina.udd.cl\/fonoaudiologia-santiago\/","name":"Fonoaudiolog\u00eda","description":"Facultad de Medicina Cl\u00ednica Alemana Universidad del Desarrollo","inLanguage":"es"}]}},"description":{"rendered":"<p class=\"attachment\"><a href='https:\/\/medicina.udd.cl\/fonoaudiologia-santiago\/files\/2015\/04\/Catalina-Rojas-Premio-UDD-Fonoaudiolog\u00eda-2015.jpg'><img loading=\"lazy\" decoding=\"async\" width=\"300\" height=\"190\" src=\"https:\/\/medicina.udd.cl\/fonoaudiologia-santiago\/files\/2015\/04\/Catalina-Rojas-Premio-UDD-Fonoaudiolog\u00eda-2015-300x190.jpg\" class=\"attachment-medium size-medium\" alt=\"\" srcset=\"https:\/\/medicina.udd.cl\/fonoaudiologia-santiago\/files\/2015\/04\/Catalina-Rojas-Premio-UDD-Fonoaudiolog\u00eda-2015-300x190.jpg 300w, https:\/\/medicina.udd.cl\/fonoaudiologia-santiago\/files\/2015\/04\/Catalina-Rojas-Premio-UDD-Fonoaudiolog\u00eda-2015-768x486.jpg 768w, https:\/\/medicina.udd.cl\/fonoaudiologia-santiago\/files\/2015\/04\/Catalina-Rojas-Premio-UDD-Fonoaudiolog\u00eda-2015-1024x648.jpg 1024w, https:\/\/medicina.udd.cl\/fonoaudiologia-santiago\/files\/2015\/04\/Catalina-Rojas-Premio-UDD-Fonoaudiolog\u00eda-2015-125x80.jpg 125w, https:\/\/medicina.udd.cl\/fonoaudiologia-santiago\/files\/2015\/04\/Catalina-Rojas-Premio-UDD-Fonoaudiolog\u00eda-2015-960x608.jpg 960w\" sizes=\"auto, (max-width: 300px) 100vw, 300px\" \/><\/a><\/p>\n"},"caption":{"rendered":"<p>Catalina Rojas &#8211; Premio UDD Fonoaudiolog\u00eda 2015<\/p>\n"},"alt_text":"","media_type":"image","mime_type":"image\/jpeg","media_details":{"width":4794,"height":3036,"file":"2015\/04\/Catalina-Rojas-Premio-UDD-Fonoaudiolog\u00eda-2015.jpg","sizes":{"thumbnail":{"file":"Catalina-Rojas-Premio-UDD-Fonoaudiolog\u00eda-2015-150x150.jpg","width":150,"height":150,"mime_type":"image\/jpeg","source_url":"https:\/\/medicina.udd.cl\/fonoaudiologia-santiago\/files\/2015\/04\/Catalina-Rojas-Premio-UDD-Fonoaudiolog\u00eda-2015-150x150.jpg"},"medium":{"file":"Catalina-Rojas-Premio-UDD-Fonoaudiolog\u00eda-2015-300x190.jpg","width":300,"height":190,"mime_type":"image\/jpeg","source_url":"https:\/\/medicina.udd.cl\/fonoaudiologia-santiago\/files\/2015\/04\/Catalina-Rojas-Premio-UDD-Fonoaudiolog\u00eda-2015-300x190.jpg"},"medium_large":{"file":"Catalina-Rojas-Premio-UDD-Fonoaudiolog\u00eda-2015-768x486.jpg","width":768,"height":486,"mime_type":"image\/jpeg","source_url":"https:\/\/medicina.udd.cl\/fonoaudiologia-santiago\/files\/2015\/04\/Catalina-Rojas-Premio-UDD-Fonoaudiolog\u00eda-2015-768x486.jpg"},"large":{"file":"Catalina-Rojas-Premio-UDD-Fonoaudiolog\u00eda-2015-1024x648.jpg","width":1024,"height":648,"mime_type":"image\/jpeg","source_url":"https:\/\/medicina.udd.cl\/fonoaudiologia-santiago\/files\/2015\/04\/Catalina-Rojas-Premio-UDD-Fonoaudiolog\u00eda-2015-1024x648.jpg"},"newsletter_featured":{"file":"Catalina-Rojas-Premio-UDD-Fonoaudiolog\u00eda-2015-316x224.jpg","width":316,"height":224,"mime_type":"image\/jpeg","source_url":"https:\/\/medicina.udd.cl\/fonoaudiologia-santiago\/files\/2015\/04\/Catalina-Rojas-Premio-UDD-Fonoaudiolog\u00eda-2015-316x224.jpg"},"newsletter_first":{"file":"Catalina-Rojas-Premio-UDD-Fonoaudiolog\u00eda-2015-286x205.jpg","width":286,"height":205,"mime_type":"image\/jpeg","source_url":"https:\/\/medicina.udd.cl\/fonoaudiologia-santiago\/files\/2015\/04\/Catalina-Rojas-Premio-UDD-Fonoaudiolog\u00eda-2015-286x205.jpg"},"newsletter_thumb":{"file":"Catalina-Rojas-Premio-UDD-Fonoaudiolog\u00eda-2015-288x150.jpg","width":288,"height":150,"mime_type":"image\/jpeg","source_url":"https:\/\/medicina.udd.cl\/fonoaudiologia-santiago\/files\/2015\/04\/Catalina-Rojas-Premio-UDD-Fonoaudiolog\u00eda-2015-288x150.jpg"},"newsletter_column":{"file":"Catalina-Rojas-Premio-UDD-Fonoaudiolog\u00eda-2015-182x140.jpg","width":182,"height":140,"mime_type":"image\/jpeg","source_url":"https:\/\/medicina.udd.cl\/fonoaudiologia-santiago\/files\/2015\/04\/Catalina-Rojas-Premio-UDD-Fonoaudiolog\u00eda-2015-182x140.jpg"},"newsletter_square":{"file":"Catalina-Rojas-Premio-UDD-Fonoaudiolog\u00eda-2015-62x62.jpg","width":62,"height":62,"mime_type":"image\/jpeg","source_url":"https:\/\/medicina.udd.cl\/fonoaudiologia-santiago\/files\/2015\/04\/Catalina-Rojas-Premio-UDD-Fonoaudiolog\u00eda-2015-62x62.jpg"},"newsletter_square_large":{"file":"Catalina-Rojas-Premio-UDD-Fonoaudiolog\u00eda-2015-87x62.jpg","width":87,"height":62,"mime_type":"image\/jpeg","source_url":"https:\/\/medicina.udd.cl\/fonoaudiologia-santiago\/files\/2015\/04\/Catalina-Rojas-Premio-UDD-Fonoaudiolog\u00eda-2015-87x62.jpg"},"featured-home":{"file":"Catalina-Rojas-Premio-UDD-Fonoaudiolog\u00eda-2015-800x450.jpg","width":800,"height":450,"mime_type":"image\/jpeg","source_url":"https:\/\/medicina.udd.cl\/fonoaudiologia-santiago\/files\/2015\/04\/Catalina-Rojas-Premio-UDD-Fonoaudiolog\u00eda-2015-800x450.jpg"},"featured-career":{"file":"Catalina-Rojas-Premio-UDD-Fonoaudiolog\u00eda-2015-660x430.jpg","width":660,"height":430,"mime_type":"image\/jpeg","source_url":"https:\/\/medicina.udd.cl\/fonoaudiologia-santiago\/files\/2015\/04\/Catalina-Rojas-Premio-UDD-Fonoaudiolog\u00eda-2015-660x430.jpg"},"squared":{"file":"Catalina-Rojas-Premio-UDD-Fonoaudiolog\u00eda-2015-300x300.jpg","width":300,"height":300,"mime_type":"image\/jpeg","source_url":"https:\/\/medicina.udd.cl\/fonoaudiologia-santiago\/files\/2015\/04\/Catalina-Rojas-Premio-UDD-Fonoaudiolog\u00eda-2015-300x300.jpg"},"stretch":{"file":"Catalina-Rojas-Premio-UDD-Fonoaudiolog\u00eda-2015-800x450.jpg","width":800,"height":450,"mime_type":"image\/jpeg","source_url":"https:\/\/medicina.udd.cl\/fonoaudiologia-santiago\/files\/2015\/04\/Catalina-Rojas-Premio-UDD-Fonoaudiolog\u00eda-2015-800x450.jpg"},"portrait-medium":{"file":"Catalina-Rojas-Premio-UDD-Fonoaudiolog\u00eda-2015-220x260.jpg","width":220,"height":260,"mime_type":"image\/jpeg","source_url":"https:\/\/medicina.udd.cl\/fonoaudiologia-santiago\/files\/2015\/04\/Catalina-Rojas-Premio-UDD-Fonoaudiolog\u00eda-2015-220x260.jpg"},"landscape-small":{"file":"Catalina-Rojas-Premio-UDD-Fonoaudiolog\u00eda-2015-125x80.jpg","width":125,"height":80,"mime_type":"image\/jpeg","source_url":"https:\/\/medicina.udd.cl\/fonoaudiologia-santiago\/files\/2015\/04\/Catalina-Rojas-Premio-UDD-Fonoaudiolog\u00eda-2015-125x80.jpg"},"landscape-medium":{"file":"Catalina-Rojas-Premio-UDD-Fonoaudiolog\u00eda-2015-340x220.jpg","width":340,"height":220,"mime_type":"image\/jpeg","source_url":"https:\/\/medicina.udd.cl\/fonoaudiologia-santiago\/files\/2015\/04\/Catalina-Rojas-Premio-UDD-Fonoaudiolog\u00eda-2015-340x220.jpg"},"landscape-large":{"file":"Catalina-Rojas-Premio-UDD-Fonoaudiolog\u00eda-2015-365x255.jpg","width":365,"height":255,"mime_type":"image\/jpeg","source_url":"https:\/\/medicina.udd.cl\/fonoaudiologia-santiago\/files\/2015\/04\/Catalina-Rojas-Premio-UDD-Fonoaudiolog\u00eda-2015-365x255.jpg"},"landscape-xlarge":{"file":"Catalina-Rojas-Premio-UDD-Fonoaudiolog\u00eda-2015-660x430.jpg","width":660,"height":430,"mime_type":"image\/jpeg","source_url":"https:\/\/medicina.udd.cl\/fonoaudiologia-santiago\/files\/2015\/04\/Catalina-Rojas-Premio-UDD-Fonoaudiolog\u00eda-2015-660x430.jpg"},"panoramic":{"file":"Catalina-Rojas-Premio-UDD-Fonoaudiolog\u00eda-2015-940x345.jpg","width":940,"height":345,"mime_type":"image\/jpeg","source_url":"https:\/\/medicina.udd.cl\/fonoaudiologia-santiago\/files\/2015\/04\/Catalina-Rojas-Premio-UDD-Fonoaudiolog\u00eda-2015-940x345.jpg"},"stretch-large":{"file":"Catalina-Rojas-Premio-UDD-Fonoaudiolog\u00eda-2015-940x450.jpg","width":940,"height":450,"mime_type":"image\/jpeg","source_url":"https:\/\/medicina.udd.cl\/fonoaudiologia-santiago\/files\/2015\/04\/Catalina-Rojas-Premio-UDD-Fonoaudiolog\u00eda-2015-940x450.jpg"},"proportional-large":{"file":"Catalina-Rojas-Premio-UDD-Fonoaudiolog\u00eda-2015-960x608.jpg","width":960,"height":608,"mime_type":"image\/jpeg","source_url":"https:\/\/medicina.udd.cl\/fonoaudiologia-santiago\/files\/2015\/04\/Catalina-Rojas-Premio-UDD-Fonoaudiolog\u00eda-2015-960x608.jpg"},"custom_content":{"file":"Catalina-Rojas-Premio-UDD-Fonoaudiolog\u00eda-2015-126x126.jpg","width":126,"height":126,"mime_type":"image\/jpeg","source_url":"https:\/\/medicina.udd.cl\/fonoaudiologia-santiago\/files\/2015\/04\/Catalina-Rojas-Premio-UDD-Fonoaudiolog\u00eda-2015-126x126.jpg"},"full":{"file":"Catalina-Rojas-Premio-UDD-Fonoaudiolog\u00eda-2015.jpg","width":4794,"height":3036,"mime_type":"image\/jpeg","source_url":"https:\/\/medicina.udd.cl\/fonoaudiologia-santiago\/files\/2015\/04\/Catalina-Rojas-Premio-UDD-Fonoaudiolog\u00eda-2015.jpg"}},"image_meta":{"aperture":"6.3","credit":"","camera":"Canon EOS 60D","caption":"","created_timestamp":"1428610603","copyright":"","focal_length":"18","iso":"640","shutter_speed":"0.025","title":"","orientation":"1","keywords":[]}},"post":2629,"source_url":"https:\/\/medicina.udd.cl\/fonoaudiologia-santiago\/files\/2015\/04\/Catalina-Rojas-Premio-UDD-Fonoaudiolog\u00eda-2015.jpg","_links":{"self":[{"href":"https:\/\/medicina.udd.cl\/fonoaudiologia-santiago\/wp-json\/wp\/v2\/media\/2632","targetHints":{"allow":["GET"]}}],"collection":[{"href":"https:\/\/medicina.udd.cl\/fonoaudiologia-santiago\/wp-json\/wp\/v2\/media"}],"about":[{"href":"https:\/\/medicina.udd.cl\/fonoaudiologia-santiago\/wp-json\/wp\/v2\/types\/attachment"}],"author":[{"embeddable":true,"href":"https:\/\/medicina.udd.cl\/fonoaudiologia-santiago\/wp-json\/wp\/v2\/users\/40"}],"replies":[{"embeddable":true,"href":"https:\/\/medicina.udd.cl\/fonoaudiologia-santiago\/wp-json\/wp\/v2\/comments?post=2632"}],"wp:attached-to":[{"embeddable":true,"post_type":"post","id":2629,"href":"https:\/\/medicina.udd.cl\/fonoaudiologia-santiago\/wp-json\/wp\/v2\/posts\/2629"}],"curies":[{"name":"wp","href":"https:\/\/api.w.org\/{rel}","templated":true}]}}