{"id":3077,"date":"2016-02-18T10:30:02","date_gmt":"2016-02-18T13:30:02","guid":{"rendered":"http:\/\/medicina.udd.cl\/fonoaudiologia-santiago\/files\/2015\/01\/Diplomado-Fonoaudiolog\u00eda-final.jpg"},"modified":"2016-02-18T10:30:02","modified_gmt":"2016-02-18T13:30:02","slug":"diplomado-fonoaudiologia-final-2","status":"inherit","type":"attachment","link":"https:\/\/medicina.udd.cl\/fonoaudiologia-santiago\/diplomados\/diplomado-fonoaudiologia-final-2\/","title":{"rendered":"Diplomado Fonoaudiolog\u00eda final"},"author":47,"featured_media":0,"comment_status":"open","ping_status":"open","template":"","meta":[],"class_list":["post-3077","attachment","type-attachment","status-inherit","hentry"],"yoast_head":"<!-- This site is optimized with the Yoast SEO plugin v26.9 - https:\/\/yoast.com\/product\/yoast-seo-wordpress\/ -->\n<title>Diplomado Fonoaudiolog\u00eda final - Fonoaudiolog\u00eda<\/title>\n<meta name=\"robots\" content=\"index, follow, max-snippet:-1, max-image-preview:large, max-video-preview:-1\" \/>\n<link rel=\"canonical\" href=\"https:\/\/medicina.udd.cl\/fonoaudiologia-santiago\/files\/2015\/01\/Diplomado-Fonoaudiolog\u00eda-final.jpg\" \/>\n<meta property=\"og:locale\" content=\"es_ES\" \/>\n<meta property=\"og:type\" content=\"article\" \/>\n<meta property=\"og:title\" content=\"Diplomado Fonoaudiolog\u00eda final - Fonoaudiolog\u00eda\" \/>\n<meta property=\"og:url\" content=\"https:\/\/medicina.udd.cl\/fonoaudiologia-santiago\/files\/2015\/01\/Diplomado-Fonoaudiolog\u00eda-final.jpg\" \/>\n<meta property=\"og:site_name\" content=\"Fonoaudiolog\u00eda\" \/>\n<meta property=\"og:image\" content=\"https:\/\/medicina.udd.cl\/fonoaudiologia-santiago\/files\/2015\/01\/Diplomado-Fonoaudiolog\u00eda-final.jpg\" \/>\n\t<meta property=\"og:image:width\" content=\"801\" \/>\n\t<meta property=\"og:image:height\" content=\"505\" \/>\n\t<meta property=\"og:image:type\" content=\"image\/jpeg\" \/>\n<script type=\"application\/ld+json\" class=\"yoast-schema-graph\">{\"@context\":\"https:\/\/schema.org\",\"@graph\":[{\"@type\":\"WebPage\",\"@id\":\"https:\/\/medicina.udd.cl\/fonoaudiologia-santiago\/files\/2015\/01\/Diplomado-Fonoaudiolog\u00eda-final.jpg\",\"url\":\"https:\/\/medicina.udd.cl\/fonoaudiologia-santiago\/files\/2015\/01\/Diplomado-Fonoaudiolog\u00eda-final.jpg\",\"name\":\"Diplomado Fonoaudiolog\u00eda final - Fonoaudiolog\u00eda\",\"isPartOf\":{\"@id\":\"https:\/\/medicina.udd.cl\/fonoaudiologia-santiago\/#website\"},\"datePublished\":\"2016-02-18T13:30:02+00:00\",\"breadcrumb\":{\"@id\":\"https:\/\/medicina.udd.cl\/fonoaudiologia-santiago\/files\/2015\/01\/Diplomado-Fonoaudiolog\u00eda-final.jpg#breadcrumb\"},\"inLanguage\":\"es\",\"potentialAction\":[{\"@type\":\"ReadAction\",\"target\":[\"https:\/\/medicina.udd.cl\/fonoaudiologia-santiago\/files\/2015\/01\/Diplomado-Fonoaudiolog\u00eda-final.jpg\"]}]},{\"@type\":\"BreadcrumbList\",\"@id\":\"https:\/\/medicina.udd.cl\/fonoaudiologia-santiago\/files\/2015\/01\/Diplomado-Fonoaudiolog\u00eda-final.jpg#breadcrumb\",\"itemListElement\":[{\"@type\":\"ListItem\",\"position\":1,\"name\":\"Home\",\"item\":\"https:\/\/medicina.udd.cl\/fonoaudiologia-santiago\/\"},{\"@type\":\"ListItem\",\"position\":2,\"name\":\"Diplomados\",\"item\":\"https:\/\/medicina.udd.cl\/fonoaudiologia-santiago\/diplomados\/\"},{\"@type\":\"ListItem\",\"position\":3,\"name\":\"Diplomado Fonoaudiolog\u00eda final\"}]},{\"@type\":\"WebSite\",\"@id\":\"https:\/\/medicina.udd.cl\/fonoaudiologia-santiago\/#website\",\"url\":\"https:\/\/medicina.udd.cl\/fonoaudiologia-santiago\/\",\"name\":\"Fonoaudiolog\u00eda\",\"description\":\"Facultad de Medicina Cl\u00ednica Alemana Universidad del Desarrollo\",\"inLanguage\":\"es\"}]}<\/script>\n<!-- \/ Yoast SEO plugin. -->","yoast_head_json":{"title":"Diplomado Fonoaudiolog\u00eda final - Fonoaudiolog\u00eda","robots":{"index":"index","follow":"follow","max-snippet":"max-snippet:-1","max-image-preview":"max-image-preview:large","max-video-preview":"max-video-preview:-1"},"canonical":"https:\/\/medicina.udd.cl\/fonoaudiologia-santiago\/files\/2015\/01\/Diplomado-Fonoaudiolog\u00eda-final.jpg","og_locale":"es_ES","og_type":"article","og_title":"Diplomado Fonoaudiolog\u00eda final - Fonoaudiolog\u00eda","og_url":"https:\/\/medicina.udd.cl\/fonoaudiologia-santiago\/files\/2015\/01\/Diplomado-Fonoaudiolog\u00eda-final.jpg","og_site_name":"Fonoaudiolog\u00eda","og_image":[{"width":801,"height":505,"url":"https:\/\/medicina.udd.cl\/fonoaudiologia-santiago\/files\/2015\/01\/Diplomado-Fonoaudiolog\u00eda-final.jpg","type":"image\/jpeg"}],"schema":{"@context":"https:\/\/schema.org","@graph":[{"@type":"WebPage","@id":"https:\/\/medicina.udd.cl\/fonoaudiologia-santiago\/files\/2015\/01\/Diplomado-Fonoaudiolog\u00eda-final.jpg","url":"https:\/\/medicina.udd.cl\/fonoaudiologia-santiago\/files\/2015\/01\/Diplomado-Fonoaudiolog\u00eda-final.jpg","name":"Diplomado Fonoaudiolog\u00eda final - Fonoaudiolog\u00eda","isPartOf":{"@id":"https:\/\/medicina.udd.cl\/fonoaudiologia-santiago\/#website"},"datePublished":"2016-02-18T13:30:02+00:00","breadcrumb":{"@id":"https:\/\/medicina.udd.cl\/fonoaudiologia-santiago\/files\/2015\/01\/Diplomado-Fonoaudiolog\u00eda-final.jpg#breadcrumb"},"inLanguage":"es","potentialAction":[{"@type":"ReadAction","target":["https:\/\/medicina.udd.cl\/fonoaudiologia-santiago\/files\/2015\/01\/Diplomado-Fonoaudiolog\u00eda-final.jpg"]}]},{"@type":"BreadcrumbList","@id":"https:\/\/medicina.udd.cl\/fonoaudiologia-santiago\/files\/2015\/01\/Diplomado-Fonoaudiolog\u00eda-final.jpg#breadcrumb","itemListElement":[{"@type":"ListItem","position":1,"name":"Home","item":"https:\/\/medicina.udd.cl\/fonoaudiologia-santiago\/"},{"@type":"ListItem","position":2,"name":"Diplomados","item":"https:\/\/medicina.udd.cl\/fonoaudiologia-santiago\/diplomados\/"},{"@type":"ListItem","position":3,"name":"Diplomado Fonoaudiolog\u00eda final"}]},{"@type":"WebSite","@id":"https:\/\/medicina.udd.cl\/fonoaudiologia-santiago\/#website","url":"https:\/\/medicina.udd.cl\/fonoaudiologia-santiago\/","name":"Fonoaudiolog\u00eda","description":"Facultad de Medicina Cl\u00ednica Alemana Universidad del Desarrollo","inLanguage":"es"}]}},"description":{"rendered":"<p class=\"attachment\"><a href='https:\/\/medicina.udd.cl\/fonoaudiologia-santiago\/files\/2015\/01\/Diplomado-Fonoaudiolog\u00eda-final.jpg'><img loading=\"lazy\" decoding=\"async\" width=\"300\" height=\"189\" src=\"https:\/\/medicina.udd.cl\/fonoaudiologia-santiago\/files\/2015\/01\/Diplomado-Fonoaudiolog\u00eda-final-300x189.jpg\" class=\"attachment-medium size-medium\" alt=\"\" srcset=\"https:\/\/medicina.udd.cl\/fonoaudiologia-santiago\/files\/2015\/01\/Diplomado-Fonoaudiolog\u00eda-final-300x189.jpg 300w, https:\/\/medicina.udd.cl\/fonoaudiologia-santiago\/files\/2015\/01\/Diplomado-Fonoaudiolog\u00eda-final-768x484.jpg 768w, https:\/\/medicina.udd.cl\/fonoaudiologia-santiago\/files\/2015\/01\/Diplomado-Fonoaudiolog\u00eda-final-125x80.jpg 125w, https:\/\/medicina.udd.cl\/fonoaudiologia-santiago\/files\/2015\/01\/Diplomado-Fonoaudiolog\u00eda-final.jpg 801w\" sizes=\"auto, (max-width: 300px) 100vw, 300px\" \/><\/a><\/p>\n"},"caption":{"rendered":""},"alt_text":"","media_type":"image","mime_type":"image\/jpeg","media_details":{"width":801,"height":505,"file":"2015\/01\/Diplomado-Fonoaudiolog\u00eda-final.jpg","sizes":{"thumbnail":{"file":"Diplomado-Fonoaudiolog\u00eda-final-150x150.jpg","width":150,"height":150,"mime_type":"image\/jpeg","source_url":"https:\/\/medicina.udd.cl\/fonoaudiologia-santiago\/files\/2015\/01\/Diplomado-Fonoaudiolog\u00eda-final-150x150.jpg"},"medium":{"file":"Diplomado-Fonoaudiolog\u00eda-final-300x189.jpg","width":300,"height":189,"mime_type":"image\/jpeg","source_url":"https:\/\/medicina.udd.cl\/fonoaudiologia-santiago\/files\/2015\/01\/Diplomado-Fonoaudiolog\u00eda-final-300x189.jpg"},"medium_large":{"file":"Diplomado-Fonoaudiolog\u00eda-final-768x484.jpg","width":768,"height":484,"mime_type":"image\/jpeg","source_url":"https:\/\/medicina.udd.cl\/fonoaudiologia-santiago\/files\/2015\/01\/Diplomado-Fonoaudiolog\u00eda-final-768x484.jpg"},"newsletter_featured":{"file":"Diplomado-Fonoaudiolog\u00eda-final-316x224.jpg","width":316,"height":224,"mime_type":"image\/jpeg","source_url":"https:\/\/medicina.udd.cl\/fonoaudiologia-santiago\/files\/2015\/01\/Diplomado-Fonoaudiolog\u00eda-final-316x224.jpg"},"newsletter_first":{"file":"Diplomado-Fonoaudiolog\u00eda-final-286x205.jpg","width":286,"height":205,"mime_type":"image\/jpeg","source_url":"https:\/\/medicina.udd.cl\/fonoaudiologia-santiago\/files\/2015\/01\/Diplomado-Fonoaudiolog\u00eda-final-286x205.jpg"},"newsletter_thumb":{"file":"Diplomado-Fonoaudiolog\u00eda-final-288x150.jpg","width":288,"height":150,"mime_type":"image\/jpeg","source_url":"https:\/\/medicina.udd.cl\/fonoaudiologia-santiago\/files\/2015\/01\/Diplomado-Fonoaudiolog\u00eda-final-288x150.jpg"},"newsletter_column":{"file":"Diplomado-Fonoaudiolog\u00eda-final-182x140.jpg","width":182,"height":140,"mime_type":"image\/jpeg","source_url":"https:\/\/medicina.udd.cl\/fonoaudiologia-santiago\/files\/2015\/01\/Diplomado-Fonoaudiolog\u00eda-final-182x140.jpg"},"newsletter_square":{"file":"Diplomado-Fonoaudiolog\u00eda-final-62x62.jpg","width":62,"height":62,"mime_type":"image\/jpeg","source_url":"https:\/\/medicina.udd.cl\/fonoaudiologia-santiago\/files\/2015\/01\/Diplomado-Fonoaudiolog\u00eda-final-62x62.jpg"},"newsletter_square_large":{"file":"Diplomado-Fonoaudiolog\u00eda-final-87x62.jpg","width":87,"height":62,"mime_type":"image\/jpeg","source_url":"https:\/\/medicina.udd.cl\/fonoaudiologia-santiago\/files\/2015\/01\/Diplomado-Fonoaudiolog\u00eda-final-87x62.jpg"},"featured-home":{"file":"Diplomado-Fonoaudiolog\u00eda-final-800x450.jpg","width":800,"height":450,"mime_type":"image\/jpeg","source_url":"https:\/\/medicina.udd.cl\/fonoaudiologia-santiago\/files\/2015\/01\/Diplomado-Fonoaudiolog\u00eda-final-800x450.jpg"},"featured-career":{"file":"Diplomado-Fonoaudiolog\u00eda-final-660x430.jpg","width":660,"height":430,"mime_type":"image\/jpeg","source_url":"https:\/\/medicina.udd.cl\/fonoaudiologia-santiago\/files\/2015\/01\/Diplomado-Fonoaudiolog\u00eda-final-660x430.jpg"},"squared":{"file":"Diplomado-Fonoaudiolog\u00eda-final-300x300.jpg","width":300,"height":300,"mime_type":"image\/jpeg","source_url":"https:\/\/medicina.udd.cl\/fonoaudiologia-santiago\/files\/2015\/01\/Diplomado-Fonoaudiolog\u00eda-final-300x300.jpg"},"stretch":{"file":"Diplomado-Fonoaudiolog\u00eda-final-800x450.jpg","width":800,"height":450,"mime_type":"image\/jpeg","source_url":"https:\/\/medicina.udd.cl\/fonoaudiologia-santiago\/files\/2015\/01\/Diplomado-Fonoaudiolog\u00eda-final-800x450.jpg"},"portrait-medium":{"file":"Diplomado-Fonoaudiolog\u00eda-final-220x260.jpg","width":220,"height":260,"mime_type":"image\/jpeg","source_url":"https:\/\/medicina.udd.cl\/fonoaudiologia-santiago\/files\/2015\/01\/Diplomado-Fonoaudiolog\u00eda-final-220x260.jpg"},"landscape-small":{"file":"Diplomado-Fonoaudiolog\u00eda-final-125x80.jpg","width":125,"height":80,"mime_type":"image\/jpeg","source_url":"https:\/\/medicina.udd.cl\/fonoaudiologia-santiago\/files\/2015\/01\/Diplomado-Fonoaudiolog\u00eda-final-125x80.jpg"},"landscape-medium":{"file":"Diplomado-Fonoaudiolog\u00eda-final-340x220.jpg","width":340,"height":220,"mime_type":"image\/jpeg","source_url":"https:\/\/medicina.udd.cl\/fonoaudiologia-santiago\/files\/2015\/01\/Diplomado-Fonoaudiolog\u00eda-final-340x220.jpg"},"landscape-large":{"file":"Diplomado-Fonoaudiolog\u00eda-final-365x255.jpg","width":365,"height":255,"mime_type":"image\/jpeg","source_url":"https:\/\/medicina.udd.cl\/fonoaudiologia-santiago\/files\/2015\/01\/Diplomado-Fonoaudiolog\u00eda-final-365x255.jpg"},"landscape-xlarge":{"file":"Diplomado-Fonoaudiolog\u00eda-final-660x430.jpg","width":660,"height":430,"mime_type":"image\/jpeg","source_url":"https:\/\/medicina.udd.cl\/fonoaudiologia-santiago\/files\/2015\/01\/Diplomado-Fonoaudiolog\u00eda-final-660x430.jpg"},"panoramic":{"file":"Diplomado-Fonoaudiolog\u00eda-final-801x345.jpg","width":801,"height":345,"mime_type":"image\/jpeg","source_url":"https:\/\/medicina.udd.cl\/fonoaudiologia-santiago\/files\/2015\/01\/Diplomado-Fonoaudiolog\u00eda-final-801x345.jpg"},"stretch-large":{"file":"Diplomado-Fonoaudiolog\u00eda-final-801x450.jpg","width":801,"height":450,"mime_type":"image\/jpeg","source_url":"https:\/\/medicina.udd.cl\/fonoaudiologia-santiago\/files\/2015\/01\/Diplomado-Fonoaudiolog\u00eda-final-801x450.jpg"},"custom_content":{"file":"Diplomado-Fonoaudiolog\u00eda-final-126x126.jpg","width":126,"height":126,"mime_type":"image\/jpeg","source_url":"https:\/\/medicina.udd.cl\/fonoaudiologia-santiago\/files\/2015\/01\/Diplomado-Fonoaudiolog\u00eda-final-126x126.jpg"},"full":{"file":"Diplomado-Fonoaudiolog\u00eda-final.jpg","width":801,"height":505,"mime_type":"image\/jpeg","source_url":"https:\/\/medicina.udd.cl\/fonoaudiologia-santiago\/files\/2015\/01\/Diplomado-Fonoaudiolog\u00eda-final.jpg"}},"image_meta":{"aperture":"0","credit":"","camera":"","caption":"","created_timestamp":"0","copyright":"","focal_length":"0","iso":"0","shutter_speed":"0","title":"","orientation":"0","keywords":[]}},"post":2547,"source_url":"https:\/\/medicina.udd.cl\/fonoaudiologia-santiago\/files\/2015\/01\/Diplomado-Fonoaudiolog\u00eda-final.jpg","_links":{"self":[{"href":"https:\/\/medicina.udd.cl\/fonoaudiologia-santiago\/wp-json\/wp\/v2\/media\/3077","targetHints":{"allow":["GET"]}}],"collection":[{"href":"https:\/\/medicina.udd.cl\/fonoaudiologia-santiago\/wp-json\/wp\/v2\/media"}],"about":[{"href":"https:\/\/medicina.udd.cl\/fonoaudiologia-santiago\/wp-json\/wp\/v2\/types\/attachment"}],"author":[{"embeddable":true,"href":"https:\/\/medicina.udd.cl\/fonoaudiologia-santiago\/wp-json\/wp\/v2\/users\/47"}],"replies":[{"embeddable":true,"href":"https:\/\/medicina.udd.cl\/fonoaudiologia-santiago\/wp-json\/wp\/v2\/comments?post=3077"}],"wp:attached-to":[{"embeddable":true,"post_type":"page","id":2547,"href":"https:\/\/medicina.udd.cl\/fonoaudiologia-santiago\/wp-json\/wp\/v2\/pages\/2547"}],"curies":[{"name":"wp","href":"https:\/\/api.w.org\/{rel}","templated":true}]}}