{"id":3504,"date":"2016-09-05T11:21:43","date_gmt":"2016-09-05T14:21:43","guid":{"rendered":"http:\/\/medicina.udd.cl\/fonoaudiologia-santiago\/files\/2016\/09\/Claudia-Gillmore-San-Mart\u00edn.jpg"},"modified":"2016-09-05T11:21:43","modified_gmt":"2016-09-05T14:21:43","slug":"claudia-gillmore-san-martin","status":"inherit","type":"attachment","link":"https:\/\/medicina.udd.cl\/fonoaudiologia-santiago\/persona\/claudia-gillmore-san-martin\/claudia-gillmore-san-martin\/","title":{"rendered":"Claudia Gillmore San Mart\u00edn"},"author":9192192,"featured_media":0,"comment_status":"open","ping_status":"closed","template":"","meta":[],"class_list":["post-3504","attachment","type-attachment","status-inherit","hentry"],"yoast_head":"<!-- This site is optimized with the Yoast SEO plugin v26.9 - https:\/\/yoast.com\/product\/yoast-seo-wordpress\/ -->\n<title>Claudia Gillmore San Mart\u00edn - Fonoaudiolog\u00eda<\/title>\n<meta name=\"robots\" content=\"index, follow, max-snippet:-1, max-image-preview:large, max-video-preview:-1\" \/>\n<link rel=\"canonical\" href=\"https:\/\/medicina.udd.cl\/fonoaudiologia-santiago\/files\/2016\/09\/Claudia-Gillmore-San-Mart\u00edn.jpg\" \/>\n<meta property=\"og:locale\" content=\"es_ES\" \/>\n<meta property=\"og:type\" content=\"article\" \/>\n<meta property=\"og:title\" content=\"Claudia Gillmore San Mart\u00edn - Fonoaudiolog\u00eda\" \/>\n<meta property=\"og:url\" content=\"https:\/\/medicina.udd.cl\/fonoaudiologia-santiago\/files\/2016\/09\/Claudia-Gillmore-San-Mart\u00edn.jpg\" \/>\n<meta property=\"og:site_name\" content=\"Fonoaudiolog\u00eda\" \/>\n<meta property=\"og:image\" content=\"https:\/\/medicina.udd.cl\/fonoaudiologia-santiago\/files\/2016\/09\/Claudia-Gillmore-San-Mart\u00edn-1024x1024.jpg\" \/>\n\t<meta property=\"og:image:width\" content=\"1024\" \/>\n\t<meta property=\"og:image:height\" content=\"1024\" \/>\n\t<meta property=\"og:image:type\" content=\"image\/jpeg\" \/>\n<script type=\"application\/ld+json\" class=\"yoast-schema-graph\">{\"@context\":\"https:\/\/schema.org\",\"@graph\":[{\"@type\":\"WebPage\",\"@id\":\"https:\/\/medicina.udd.cl\/fonoaudiologia-santiago\/files\/2016\/09\/Claudia-Gillmore-San-Mart\u00edn.jpg\",\"url\":\"https:\/\/medicina.udd.cl\/fonoaudiologia-santiago\/files\/2016\/09\/Claudia-Gillmore-San-Mart\u00edn.jpg\",\"name\":\"Claudia Gillmore San Mart\u00edn - Fonoaudiolog\u00eda\",\"isPartOf\":{\"@id\":\"https:\/\/medicina.udd.cl\/fonoaudiologia-santiago\/#website\"},\"datePublished\":\"2016-09-05T14:21:43+00:00\",\"breadcrumb\":{\"@id\":\"https:\/\/medicina.udd.cl\/fonoaudiologia-santiago\/files\/2016\/09\/Claudia-Gillmore-San-Mart\u00edn.jpg#breadcrumb\"},\"inLanguage\":\"es\",\"potentialAction\":[{\"@type\":\"ReadAction\",\"target\":[\"https:\/\/medicina.udd.cl\/fonoaudiologia-santiago\/files\/2016\/09\/Claudia-Gillmore-San-Mart\u00edn.jpg\"]}]},{\"@type\":\"BreadcrumbList\",\"@id\":\"https:\/\/medicina.udd.cl\/fonoaudiologia-santiago\/files\/2016\/09\/Claudia-Gillmore-San-Mart\u00edn.jpg#breadcrumb\",\"itemListElement\":[{\"@type\":\"ListItem\",\"position\":1,\"name\":\"Home\",\"item\":\"https:\/\/medicina.udd.cl\/fonoaudiologia-santiago\/\"},{\"@type\":\"ListItem\",\"position\":2,\"name\":\"Claudia Gillmore San Mart\u00edn\",\"item\":\"https:\/\/medicina.udd.cl\/fonoaudiologia-santiago\/persona\/claudia-gillmore-san-martin\/\"},{\"@type\":\"ListItem\",\"position\":3,\"name\":\"Claudia Gillmore San Mart\u00edn\"}]},{\"@type\":\"WebSite\",\"@id\":\"https:\/\/medicina.udd.cl\/fonoaudiologia-santiago\/#website\",\"url\":\"https:\/\/medicina.udd.cl\/fonoaudiologia-santiago\/\",\"name\":\"Fonoaudiolog\u00eda\",\"description\":\"Facultad de Medicina Cl\u00ednica Alemana Universidad del Desarrollo\",\"inLanguage\":\"es\"}]}<\/script>\n<!-- \/ Yoast SEO plugin. -->","yoast_head_json":{"title":"Claudia Gillmore San Mart\u00edn - Fonoaudiolog\u00eda","robots":{"index":"index","follow":"follow","max-snippet":"max-snippet:-1","max-image-preview":"max-image-preview:large","max-video-preview":"max-video-preview:-1"},"canonical":"https:\/\/medicina.udd.cl\/fonoaudiologia-santiago\/files\/2016\/09\/Claudia-Gillmore-San-Mart\u00edn.jpg","og_locale":"es_ES","og_type":"article","og_title":"Claudia Gillmore San Mart\u00edn - Fonoaudiolog\u00eda","og_url":"https:\/\/medicina.udd.cl\/fonoaudiologia-santiago\/files\/2016\/09\/Claudia-Gillmore-San-Mart\u00edn.jpg","og_site_name":"Fonoaudiolog\u00eda","og_image":[{"width":1024,"height":1024,"url":"https:\/\/medicina.udd.cl\/fonoaudiologia-santiago\/files\/2016\/09\/Claudia-Gillmore-San-Mart\u00edn-1024x1024.jpg","type":"image\/jpeg"}],"schema":{"@context":"https:\/\/schema.org","@graph":[{"@type":"WebPage","@id":"https:\/\/medicina.udd.cl\/fonoaudiologia-santiago\/files\/2016\/09\/Claudia-Gillmore-San-Mart\u00edn.jpg","url":"https:\/\/medicina.udd.cl\/fonoaudiologia-santiago\/files\/2016\/09\/Claudia-Gillmore-San-Mart\u00edn.jpg","name":"Claudia Gillmore San Mart\u00edn - Fonoaudiolog\u00eda","isPartOf":{"@id":"https:\/\/medicina.udd.cl\/fonoaudiologia-santiago\/#website"},"datePublished":"2016-09-05T14:21:43+00:00","breadcrumb":{"@id":"https:\/\/medicina.udd.cl\/fonoaudiologia-santiago\/files\/2016\/09\/Claudia-Gillmore-San-Mart\u00edn.jpg#breadcrumb"},"inLanguage":"es","potentialAction":[{"@type":"ReadAction","target":["https:\/\/medicina.udd.cl\/fonoaudiologia-santiago\/files\/2016\/09\/Claudia-Gillmore-San-Mart\u00edn.jpg"]}]},{"@type":"BreadcrumbList","@id":"https:\/\/medicina.udd.cl\/fonoaudiologia-santiago\/files\/2016\/09\/Claudia-Gillmore-San-Mart\u00edn.jpg#breadcrumb","itemListElement":[{"@type":"ListItem","position":1,"name":"Home","item":"https:\/\/medicina.udd.cl\/fonoaudiologia-santiago\/"},{"@type":"ListItem","position":2,"name":"Claudia Gillmore San Mart\u00edn","item":"https:\/\/medicina.udd.cl\/fonoaudiologia-santiago\/persona\/claudia-gillmore-san-martin\/"},{"@type":"ListItem","position":3,"name":"Claudia Gillmore San Mart\u00edn"}]},{"@type":"WebSite","@id":"https:\/\/medicina.udd.cl\/fonoaudiologia-santiago\/#website","url":"https:\/\/medicina.udd.cl\/fonoaudiologia-santiago\/","name":"Fonoaudiolog\u00eda","description":"Facultad de Medicina Cl\u00ednica Alemana Universidad del Desarrollo","inLanguage":"es"}]}},"description":{"rendered":"<p class=\"attachment\"><a href='https:\/\/medicina.udd.cl\/fonoaudiologia-santiago\/files\/2016\/09\/Claudia-Gillmore-San-Mart\u00edn.jpg'><img loading=\"lazy\" decoding=\"async\" width=\"300\" height=\"300\" src=\"https:\/\/medicina.udd.cl\/fonoaudiologia-santiago\/files\/2016\/09\/Claudia-Gillmore-San-Mart\u00edn-300x300.jpg\" class=\"attachment-medium size-medium\" alt=\"\" srcset=\"https:\/\/medicina.udd.cl\/fonoaudiologia-santiago\/files\/2016\/09\/Claudia-Gillmore-San-Mart\u00edn-300x300.jpg 300w, https:\/\/medicina.udd.cl\/fonoaudiologia-santiago\/files\/2016\/09\/Claudia-Gillmore-San-Mart\u00edn-150x150.jpg 150w, https:\/\/medicina.udd.cl\/fonoaudiologia-santiago\/files\/2016\/09\/Claudia-Gillmore-San-Mart\u00edn-768x768.jpg 768w, https:\/\/medicina.udd.cl\/fonoaudiologia-santiago\/files\/2016\/09\/Claudia-Gillmore-San-Mart\u00edn-1024x1024.jpg 1024w, https:\/\/medicina.udd.cl\/fonoaudiologia-santiago\/files\/2016\/09\/Claudia-Gillmore-San-Mart\u00edn-62x62.jpg 62w, https:\/\/medicina.udd.cl\/fonoaudiologia-santiago\/files\/2016\/09\/Claudia-Gillmore-San-Mart\u00edn-960x960.jpg 960w, https:\/\/medicina.udd.cl\/fonoaudiologia-santiago\/files\/2016\/09\/Claudia-Gillmore-San-Mart\u00edn-126x126.jpg 126w\" sizes=\"auto, (max-width: 300px) 100vw, 300px\" \/><\/a><\/p>\n"},"caption":{"rendered":""},"alt_text":"","media_type":"image","mime_type":"image\/jpeg","media_details":{"width":2848,"height":2848,"file":"2016\/09\/Claudia-Gillmore-San-Mart\u00edn.jpg","sizes":{"thumbnail":{"file":"Claudia-Gillmore-San-Mart\u00edn-150x150.jpg","width":150,"height":150,"mime_type":"image\/jpeg","source_url":"https:\/\/medicina.udd.cl\/fonoaudiologia-santiago\/files\/2016\/09\/Claudia-Gillmore-San-Mart\u00edn-150x150.jpg"},"medium":{"file":"Claudia-Gillmore-San-Mart\u00edn-300x300.jpg","width":300,"height":300,"mime_type":"image\/jpeg","source_url":"https:\/\/medicina.udd.cl\/fonoaudiologia-santiago\/files\/2016\/09\/Claudia-Gillmore-San-Mart\u00edn-300x300.jpg"},"medium_large":{"file":"Claudia-Gillmore-San-Mart\u00edn-768x768.jpg","width":768,"height":768,"mime_type":"image\/jpeg","source_url":"https:\/\/medicina.udd.cl\/fonoaudiologia-santiago\/files\/2016\/09\/Claudia-Gillmore-San-Mart\u00edn-768x768.jpg"},"large":{"file":"Claudia-Gillmore-San-Mart\u00edn-1024x1024.jpg","width":1024,"height":1024,"mime_type":"image\/jpeg","source_url":"https:\/\/medicina.udd.cl\/fonoaudiologia-santiago\/files\/2016\/09\/Claudia-Gillmore-San-Mart\u00edn-1024x1024.jpg"},"newsletter_featured":{"file":"Claudia-Gillmore-San-Mart\u00edn-316x224.jpg","width":316,"height":224,"mime_type":"image\/jpeg","source_url":"https:\/\/medicina.udd.cl\/fonoaudiologia-santiago\/files\/2016\/09\/Claudia-Gillmore-San-Mart\u00edn-316x224.jpg"},"newsletter_first":{"file":"Claudia-Gillmore-San-Mart\u00edn-286x205.jpg","width":286,"height":205,"mime_type":"image\/jpeg","source_url":"https:\/\/medicina.udd.cl\/fonoaudiologia-santiago\/files\/2016\/09\/Claudia-Gillmore-San-Mart\u00edn-286x205.jpg"},"newsletter_thumb":{"file":"Claudia-Gillmore-San-Mart\u00edn-288x150.jpg","width":288,"height":150,"mime_type":"image\/jpeg","source_url":"https:\/\/medicina.udd.cl\/fonoaudiologia-santiago\/files\/2016\/09\/Claudia-Gillmore-San-Mart\u00edn-288x150.jpg"},"newsletter_column":{"file":"Claudia-Gillmore-San-Mart\u00edn-182x140.jpg","width":182,"height":140,"mime_type":"image\/jpeg","source_url":"https:\/\/medicina.udd.cl\/fonoaudiologia-santiago\/files\/2016\/09\/Claudia-Gillmore-San-Mart\u00edn-182x140.jpg"},"newsletter_square":{"file":"Claudia-Gillmore-San-Mart\u00edn-62x62.jpg","width":62,"height":62,"mime_type":"image\/jpeg","source_url":"https:\/\/medicina.udd.cl\/fonoaudiologia-santiago\/files\/2016\/09\/Claudia-Gillmore-San-Mart\u00edn-62x62.jpg"},"newsletter_square_large":{"file":"Claudia-Gillmore-San-Mart\u00edn-87x62.jpg","width":87,"height":62,"mime_type":"image\/jpeg","source_url":"https:\/\/medicina.udd.cl\/fonoaudiologia-santiago\/files\/2016\/09\/Claudia-Gillmore-San-Mart\u00edn-87x62.jpg"},"featured-home":{"file":"Claudia-Gillmore-San-Mart\u00edn-800x450.jpg","width":800,"height":450,"mime_type":"image\/jpeg","source_url":"https:\/\/medicina.udd.cl\/fonoaudiologia-santiago\/files\/2016\/09\/Claudia-Gillmore-San-Mart\u00edn-800x450.jpg"},"featured-career":{"file":"Claudia-Gillmore-San-Mart\u00edn-660x430.jpg","width":660,"height":430,"mime_type":"image\/jpeg","source_url":"https:\/\/medicina.udd.cl\/fonoaudiologia-santiago\/files\/2016\/09\/Claudia-Gillmore-San-Mart\u00edn-660x430.jpg"},"squared":{"file":"Claudia-Gillmore-San-Mart\u00edn-300x300.jpg","width":300,"height":300,"mime_type":"image\/jpeg","source_url":"https:\/\/medicina.udd.cl\/fonoaudiologia-santiago\/files\/2016\/09\/Claudia-Gillmore-San-Mart\u00edn-300x300.jpg"},"stretch":{"file":"Claudia-Gillmore-San-Mart\u00edn-800x450.jpg","width":800,"height":450,"mime_type":"image\/jpeg","source_url":"https:\/\/medicina.udd.cl\/fonoaudiologia-santiago\/files\/2016\/09\/Claudia-Gillmore-San-Mart\u00edn-800x450.jpg"},"portrait-medium":{"file":"Claudia-Gillmore-San-Mart\u00edn-220x260.jpg","width":220,"height":260,"mime_type":"image\/jpeg","source_url":"https:\/\/medicina.udd.cl\/fonoaudiologia-santiago\/files\/2016\/09\/Claudia-Gillmore-San-Mart\u00edn-220x260.jpg"},"landscape-small":{"file":"Claudia-Gillmore-San-Mart\u00edn-125x80.jpg","width":125,"height":80,"mime_type":"image\/jpeg","source_url":"https:\/\/medicina.udd.cl\/fonoaudiologia-santiago\/files\/2016\/09\/Claudia-Gillmore-San-Mart\u00edn-125x80.jpg"},"landscape-medium":{"file":"Claudia-Gillmore-San-Mart\u00edn-340x220.jpg","width":340,"height":220,"mime_type":"image\/jpeg","source_url":"https:\/\/medicina.udd.cl\/fonoaudiologia-santiago\/files\/2016\/09\/Claudia-Gillmore-San-Mart\u00edn-340x220.jpg"},"landscape-large":{"file":"Claudia-Gillmore-San-Mart\u00edn-365x255.jpg","width":365,"height":255,"mime_type":"image\/jpeg","source_url":"https:\/\/medicina.udd.cl\/fonoaudiologia-santiago\/files\/2016\/09\/Claudia-Gillmore-San-Mart\u00edn-365x255.jpg"},"landscape-xlarge":{"file":"Claudia-Gillmore-San-Mart\u00edn-660x430.jpg","width":660,"height":430,"mime_type":"image\/jpeg","source_url":"https:\/\/medicina.udd.cl\/fonoaudiologia-santiago\/files\/2016\/09\/Claudia-Gillmore-San-Mart\u00edn-660x430.jpg"},"panoramic":{"file":"Claudia-Gillmore-San-Mart\u00edn-940x345.jpg","width":940,"height":345,"mime_type":"image\/jpeg","source_url":"https:\/\/medicina.udd.cl\/fonoaudiologia-santiago\/files\/2016\/09\/Claudia-Gillmore-San-Mart\u00edn-940x345.jpg"},"stretch-large":{"file":"Claudia-Gillmore-San-Mart\u00edn-940x450.jpg","width":940,"height":450,"mime_type":"image\/jpeg","source_url":"https:\/\/medicina.udd.cl\/fonoaudiologia-santiago\/files\/2016\/09\/Claudia-Gillmore-San-Mart\u00edn-940x450.jpg"},"proportional-large":{"file":"Claudia-Gillmore-San-Mart\u00edn-960x960.jpg","width":960,"height":960,"mime_type":"image\/jpeg","source_url":"https:\/\/medicina.udd.cl\/fonoaudiologia-santiago\/files\/2016\/09\/Claudia-Gillmore-San-Mart\u00edn-960x960.jpg"},"custom_content":{"file":"Claudia-Gillmore-San-Mart\u00edn-126x126.jpg","width":126,"height":126,"mime_type":"image\/jpeg","source_url":"https:\/\/medicina.udd.cl\/fonoaudiologia-santiago\/files\/2016\/09\/Claudia-Gillmore-San-Mart\u00edn-126x126.jpg"},"full":{"file":"Claudia-Gillmore-San-Mart\u00edn.jpg","width":2848,"height":2848,"mime_type":"image\/jpeg","source_url":"https:\/\/medicina.udd.cl\/fonoaudiologia-santiago\/files\/2016\/09\/Claudia-Gillmore-San-Mart\u00edn.jpg"}},"image_meta":{"aperture":"5.6","credit":"Picasa","camera":"Canon EOS REBEL T3","caption":"","created_timestamp":"1472818841","copyright":"","focal_length":"55","iso":"3200","shutter_speed":"0.066666666666667","title":"","orientation":"0","keywords":[]}},"post":3503,"source_url":"https:\/\/medicina.udd.cl\/fonoaudiologia-santiago\/files\/2016\/09\/Claudia-Gillmore-San-Mart\u00edn.jpg","_links":{"self":[{"href":"https:\/\/medicina.udd.cl\/fonoaudiologia-santiago\/wp-json\/wp\/v2\/media\/3504","targetHints":{"allow":["GET"]}}],"collection":[{"href":"https:\/\/medicina.udd.cl\/fonoaudiologia-santiago\/wp-json\/wp\/v2\/media"}],"about":[{"href":"https:\/\/medicina.udd.cl\/fonoaudiologia-santiago\/wp-json\/wp\/v2\/types\/attachment"}],"author":[{"embeddable":true,"href":"https:\/\/medicina.udd.cl\/fonoaudiologia-santiago\/wp-json\/wp\/v2\/users\/9192192"}],"replies":[{"embeddable":true,"href":"https:\/\/medicina.udd.cl\/fonoaudiologia-santiago\/wp-json\/wp\/v2\/comments?post=3504"}],"wp:attached-to":[{"embeddable":true,"post_type":"person","id":3503,"href":"https:\/\/medicina.udd.cl\/fonoaudiologia-santiago\/wp-json\/wp\/v2\/people\/3503"}],"curies":[{"name":"wp","href":"https:\/\/api.w.org\/{rel}","templated":true}]}}