{"id":576,"date":"2011-07-14T10:19:04","date_gmt":"2011-07-14T14:19:04","guid":{"rendered":"http:\/\/medicina.udd.cl\/fonoaudiologia-santiago\/files\/2011\/07\/Visitas-campos-cl\u00ednicos-1.jpg"},"modified":"2011-07-14T10:19:04","modified_gmt":"2011-07-14T14:19:04","slug":"visitas-campos-clinicos-1","status":"inherit","type":"attachment","link":"https:\/\/medicina.udd.cl\/fonoaudiologia-santiago\/noticias\/2011\/07\/14\/cierre-asignaturas-area-linguistica\/visitas-campos-clinicos-1\/","title":{"rendered":"Visitas campos cl\u00ednicos"},"author":1,"featured_media":0,"comment_status":"open","ping_status":"open","template":"","meta":[],"class_list":["post-576","attachment","type-attachment","status-inherit","hentry"],"yoast_head":"<!-- This site is optimized with the Yoast SEO plugin v26.9 - https:\/\/yoast.com\/product\/yoast-seo-wordpress\/ -->\n<title>Visitas campos cl\u00ednicos - Fonoaudiolog\u00eda<\/title>\n<meta name=\"robots\" content=\"index, follow, max-snippet:-1, max-image-preview:large, max-video-preview:-1\" \/>\n<link rel=\"canonical\" href=\"https:\/\/medicina.udd.cl\/fonoaudiologia-santiago\/files\/2011\/07\/Visitas-campos-cl\u00ednicos-1.jpg\" \/>\n<meta property=\"og:locale\" content=\"es_ES\" \/>\n<meta property=\"og:type\" content=\"article\" \/>\n<meta property=\"og:title\" content=\"Visitas campos cl\u00ednicos - Fonoaudiolog\u00eda\" \/>\n<meta property=\"og:url\" content=\"https:\/\/medicina.udd.cl\/fonoaudiologia-santiago\/files\/2011\/07\/Visitas-campos-cl\u00ednicos-1.jpg\" \/>\n<meta property=\"og:site_name\" content=\"Fonoaudiolog\u00eda\" \/>\n<meta property=\"og:image\" content=\"https:\/\/medicina.udd.cl\/fonoaudiologia-santiago\/files\/2011\/07\/Visitas-campos-cl\u00ednicos-1.jpg\" \/>\n\t<meta property=\"og:image:width\" content=\"1000\" \/>\n\t<meta property=\"og:image:height\" content=\"757\" \/>\n\t<meta property=\"og:image:type\" content=\"image\/jpeg\" \/>\n<script type=\"application\/ld+json\" class=\"yoast-schema-graph\">{\"@context\":\"https:\/\/schema.org\",\"@graph\":[{\"@type\":\"WebPage\",\"@id\":\"https:\/\/medicina.udd.cl\/fonoaudiologia-santiago\/files\/2011\/07\/Visitas-campos-cl\u00ednicos-1.jpg\",\"url\":\"https:\/\/medicina.udd.cl\/fonoaudiologia-santiago\/files\/2011\/07\/Visitas-campos-cl\u00ednicos-1.jpg\",\"name\":\"Visitas campos cl\u00ednicos - Fonoaudiolog\u00eda\",\"isPartOf\":{\"@id\":\"https:\/\/medicina.udd.cl\/fonoaudiologia-santiago\/#website\"},\"datePublished\":\"2011-07-14T14:19:04+00:00\",\"breadcrumb\":{\"@id\":\"https:\/\/medicina.udd.cl\/fonoaudiologia-santiago\/files\/2011\/07\/Visitas-campos-cl\u00ednicos-1.jpg#breadcrumb\"},\"inLanguage\":\"es\",\"potentialAction\":[{\"@type\":\"ReadAction\",\"target\":[\"https:\/\/medicina.udd.cl\/fonoaudiologia-santiago\/files\/2011\/07\/Visitas-campos-cl\u00ednicos-1.jpg\"]}]},{\"@type\":\"BreadcrumbList\",\"@id\":\"https:\/\/medicina.udd.cl\/fonoaudiologia-santiago\/files\/2011\/07\/Visitas-campos-cl\u00ednicos-1.jpg#breadcrumb\",\"itemListElement\":[{\"@type\":\"ListItem\",\"position\":1,\"name\":\"Home\",\"item\":\"https:\/\/medicina.udd.cl\/fonoaudiologia-santiago\/\"},{\"@type\":\"ListItem\",\"position\":2,\"name\":\"Cierre asignaturas \u00e1rea ling\u00fc\u00edstica\",\"item\":\"https:\/\/medicina.udd.cl\/fonoaudiologia-santiago\/noticias\/2011\/07\/14\/cierre-asignaturas-area-linguistica\/\"},{\"@type\":\"ListItem\",\"position\":3,\"name\":\"Visitas campos cl\u00ednicos\"}]},{\"@type\":\"WebSite\",\"@id\":\"https:\/\/medicina.udd.cl\/fonoaudiologia-santiago\/#website\",\"url\":\"https:\/\/medicina.udd.cl\/fonoaudiologia-santiago\/\",\"name\":\"Fonoaudiolog\u00eda\",\"description\":\"Facultad de Medicina Cl\u00ednica Alemana Universidad del Desarrollo\",\"inLanguage\":\"es\"}]}<\/script>\n<!-- \/ Yoast SEO plugin. -->","yoast_head_json":{"title":"Visitas campos cl\u00ednicos - Fonoaudiolog\u00eda","robots":{"index":"index","follow":"follow","max-snippet":"max-snippet:-1","max-image-preview":"max-image-preview:large","max-video-preview":"max-video-preview:-1"},"canonical":"https:\/\/medicina.udd.cl\/fonoaudiologia-santiago\/files\/2011\/07\/Visitas-campos-cl\u00ednicos-1.jpg","og_locale":"es_ES","og_type":"article","og_title":"Visitas campos cl\u00ednicos - Fonoaudiolog\u00eda","og_url":"https:\/\/medicina.udd.cl\/fonoaudiologia-santiago\/files\/2011\/07\/Visitas-campos-cl\u00ednicos-1.jpg","og_site_name":"Fonoaudiolog\u00eda","og_image":[{"width":1000,"height":757,"url":"https:\/\/medicina.udd.cl\/fonoaudiologia-santiago\/files\/2011\/07\/Visitas-campos-cl\u00ednicos-1.jpg","type":"image\/jpeg"}],"schema":{"@context":"https:\/\/schema.org","@graph":[{"@type":"WebPage","@id":"https:\/\/medicina.udd.cl\/fonoaudiologia-santiago\/files\/2011\/07\/Visitas-campos-cl\u00ednicos-1.jpg","url":"https:\/\/medicina.udd.cl\/fonoaudiologia-santiago\/files\/2011\/07\/Visitas-campos-cl\u00ednicos-1.jpg","name":"Visitas campos cl\u00ednicos - Fonoaudiolog\u00eda","isPartOf":{"@id":"https:\/\/medicina.udd.cl\/fonoaudiologia-santiago\/#website"},"datePublished":"2011-07-14T14:19:04+00:00","breadcrumb":{"@id":"https:\/\/medicina.udd.cl\/fonoaudiologia-santiago\/files\/2011\/07\/Visitas-campos-cl\u00ednicos-1.jpg#breadcrumb"},"inLanguage":"es","potentialAction":[{"@type":"ReadAction","target":["https:\/\/medicina.udd.cl\/fonoaudiologia-santiago\/files\/2011\/07\/Visitas-campos-cl\u00ednicos-1.jpg"]}]},{"@type":"BreadcrumbList","@id":"https:\/\/medicina.udd.cl\/fonoaudiologia-santiago\/files\/2011\/07\/Visitas-campos-cl\u00ednicos-1.jpg#breadcrumb","itemListElement":[{"@type":"ListItem","position":1,"name":"Home","item":"https:\/\/medicina.udd.cl\/fonoaudiologia-santiago\/"},{"@type":"ListItem","position":2,"name":"Cierre asignaturas \u00e1rea ling\u00fc\u00edstica","item":"https:\/\/medicina.udd.cl\/fonoaudiologia-santiago\/noticias\/2011\/07\/14\/cierre-asignaturas-area-linguistica\/"},{"@type":"ListItem","position":3,"name":"Visitas campos cl\u00ednicos"}]},{"@type":"WebSite","@id":"https:\/\/medicina.udd.cl\/fonoaudiologia-santiago\/#website","url":"https:\/\/medicina.udd.cl\/fonoaudiologia-santiago\/","name":"Fonoaudiolog\u00eda","description":"Facultad de Medicina Cl\u00ednica Alemana Universidad del Desarrollo","inLanguage":"es"}]}},"description":{"rendered":"<p class=\"attachment\"><a href='https:\/\/medicina.udd.cl\/fonoaudiologia-santiago\/files\/2011\/07\/Visitas-campos-cl\u00ednicos-1.jpg'><img loading=\"lazy\" decoding=\"async\" width=\"300\" height=\"227\" src=\"https:\/\/medicina.udd.cl\/fonoaudiologia-santiago\/files\/2011\/07\/Visitas-campos-cl\u00ednicos-1-300x227.jpg\" class=\"attachment-medium size-medium\" alt=\"\" srcset=\"https:\/\/medicina.udd.cl\/fonoaudiologia-santiago\/files\/2011\/07\/Visitas-campos-cl\u00ednicos-1-300x227.jpg 300w, https:\/\/medicina.udd.cl\/fonoaudiologia-santiago\/files\/2011\/07\/Visitas-campos-cl\u00ednicos-1-768x581.jpg 768w, https:\/\/medicina.udd.cl\/fonoaudiologia-santiago\/files\/2011\/07\/Visitas-campos-cl\u00ednicos-1-960x727.jpg 960w, https:\/\/medicina.udd.cl\/fonoaudiologia-santiago\/files\/2011\/07\/Visitas-campos-cl\u00ednicos-1.jpg 1000w\" sizes=\"auto, (max-width: 300px) 100vw, 300px\" \/><\/a><\/p>\n"},"caption":{"rendered":""},"alt_text":"","media_type":"image","mime_type":"image\/jpeg","media_details":{"width":1000,"height":757,"file":"2011\/07\/Visitas-campos-cl\u00ednicos-1.jpg","sizes":{"thumbnail":{"file":"Visitas-campos-cl\u00ednicos-1-150x150.jpg","width":150,"height":150,"mime_type":"image\/jpeg","source_url":"https:\/\/medicina.udd.cl\/fonoaudiologia-santiago\/files\/2011\/07\/Visitas-campos-cl\u00ednicos-1-150x150.jpg"},"medium":{"file":"Visitas-campos-cl\u00ednicos-1-300x227.jpg","width":300,"height":227,"mime_type":"image\/jpeg","source_url":"https:\/\/medicina.udd.cl\/fonoaudiologia-santiago\/files\/2011\/07\/Visitas-campos-cl\u00ednicos-1-300x227.jpg"},"medium_large":{"file":"Visitas-campos-cl\u00ednicos-1-768x581.jpg","width":768,"height":581,"mime_type":"image\/jpeg","source_url":"https:\/\/medicina.udd.cl\/fonoaudiologia-santiago\/files\/2011\/07\/Visitas-campos-cl\u00ednicos-1-768x581.jpg"},"newsletter_featured":{"file":"Visitas-campos-cl\u00ednicos-1-316x224.jpg","width":316,"height":224,"mime_type":"image\/jpeg","source_url":"https:\/\/medicina.udd.cl\/fonoaudiologia-santiago\/files\/2011\/07\/Visitas-campos-cl\u00ednicos-1-316x224.jpg"},"newsletter_first":{"file":"Visitas-campos-cl\u00ednicos-1-286x205.jpg","width":286,"height":205,"mime_type":"image\/jpeg","source_url":"https:\/\/medicina.udd.cl\/fonoaudiologia-santiago\/files\/2011\/07\/Visitas-campos-cl\u00ednicos-1-286x205.jpg"},"newsletter_thumb":{"file":"Visitas-campos-cl\u00ednicos-1-288x150.jpg","width":288,"height":150,"mime_type":"image\/jpeg","source_url":"https:\/\/medicina.udd.cl\/fonoaudiologia-santiago\/files\/2011\/07\/Visitas-campos-cl\u00ednicos-1-288x150.jpg"},"newsletter_column":{"file":"Visitas-campos-cl\u00ednicos-1-182x140.jpg","width":182,"height":140,"mime_type":"image\/jpeg","source_url":"https:\/\/medicina.udd.cl\/fonoaudiologia-santiago\/files\/2011\/07\/Visitas-campos-cl\u00ednicos-1-182x140.jpg"},"newsletter_square":{"file":"Visitas-campos-cl\u00ednicos-1-62x62.jpg","width":62,"height":62,"mime_type":"image\/jpeg","source_url":"https:\/\/medicina.udd.cl\/fonoaudiologia-santiago\/files\/2011\/07\/Visitas-campos-cl\u00ednicos-1-62x62.jpg"},"newsletter_square_large":{"file":"Visitas-campos-cl\u00ednicos-1-87x62.jpg","width":87,"height":62,"mime_type":"image\/jpeg","source_url":"https:\/\/medicina.udd.cl\/fonoaudiologia-santiago\/files\/2011\/07\/Visitas-campos-cl\u00ednicos-1-87x62.jpg"},"featured-home":{"file":"Visitas-campos-cl\u00ednicos-1-800x450.jpg","width":800,"height":450,"mime_type":"image\/jpeg","source_url":"https:\/\/medicina.udd.cl\/fonoaudiologia-santiago\/files\/2011\/07\/Visitas-campos-cl\u00ednicos-1-800x450.jpg"},"featured-career":{"file":"Visitas-campos-cl\u00ednicos-1-660x430.jpg","width":660,"height":430,"mime_type":"image\/jpeg","source_url":"https:\/\/medicina.udd.cl\/fonoaudiologia-santiago\/files\/2011\/07\/Visitas-campos-cl\u00ednicos-1-660x430.jpg"},"squared":{"file":"Visitas-campos-cl\u00ednicos-1-300x300.jpg","width":300,"height":300,"mime_type":"image\/jpeg","source_url":"https:\/\/medicina.udd.cl\/fonoaudiologia-santiago\/files\/2011\/07\/Visitas-campos-cl\u00ednicos-1-300x300.jpg"},"stretch":{"file":"Visitas-campos-cl\u00ednicos-1-800x450.jpg","width":800,"height":450,"mime_type":"image\/jpeg","source_url":"https:\/\/medicina.udd.cl\/fonoaudiologia-santiago\/files\/2011\/07\/Visitas-campos-cl\u00ednicos-1-800x450.jpg"},"portrait-medium":{"file":"Visitas-campos-cl\u00ednicos-1-220x260.jpg","width":220,"height":260,"mime_type":"image\/jpeg","source_url":"https:\/\/medicina.udd.cl\/fonoaudiologia-santiago\/files\/2011\/07\/Visitas-campos-cl\u00ednicos-1-220x260.jpg"},"landscape-small":{"file":"Visitas-campos-cl\u00ednicos-1-125x80.jpg","width":125,"height":80,"mime_type":"image\/jpeg","source_url":"https:\/\/medicina.udd.cl\/fonoaudiologia-santiago\/files\/2011\/07\/Visitas-campos-cl\u00ednicos-1-125x80.jpg"},"landscape-medium":{"file":"Visitas-campos-cl\u00ednicos-1-340x220.jpg","width":340,"height":220,"mime_type":"image\/jpeg","source_url":"https:\/\/medicina.udd.cl\/fonoaudiologia-santiago\/files\/2011\/07\/Visitas-campos-cl\u00ednicos-1-340x220.jpg"},"landscape-large":{"file":"Visitas-campos-cl\u00ednicos-1-365x255.jpg","width":365,"height":255,"mime_type":"image\/jpeg","source_url":"https:\/\/medicina.udd.cl\/fonoaudiologia-santiago\/files\/2011\/07\/Visitas-campos-cl\u00ednicos-1-365x255.jpg"},"landscape-xlarge":{"file":"Visitas-campos-cl\u00ednicos-1-660x430.jpg","width":660,"height":430,"mime_type":"image\/jpeg","source_url":"https:\/\/medicina.udd.cl\/fonoaudiologia-santiago\/files\/2011\/07\/Visitas-campos-cl\u00ednicos-1-660x430.jpg"},"panoramic":{"file":"Visitas-campos-cl\u00ednicos-1-940x345.jpg","width":940,"height":345,"mime_type":"image\/jpeg","source_url":"https:\/\/medicina.udd.cl\/fonoaudiologia-santiago\/files\/2011\/07\/Visitas-campos-cl\u00ednicos-1-940x345.jpg"},"stretch-large":{"file":"Visitas-campos-cl\u00ednicos-1-940x450.jpg","width":940,"height":450,"mime_type":"image\/jpeg","source_url":"https:\/\/medicina.udd.cl\/fonoaudiologia-santiago\/files\/2011\/07\/Visitas-campos-cl\u00ednicos-1-940x450.jpg"},"proportional-large":{"file":"Visitas-campos-cl\u00ednicos-1-960x727.jpg","width":960,"height":727,"mime_type":"image\/jpeg","source_url":"https:\/\/medicina.udd.cl\/fonoaudiologia-santiago\/files\/2011\/07\/Visitas-campos-cl\u00ednicos-1-960x727.jpg"},"custom_content":{"file":"Visitas-campos-cl\u00ednicos-1-126x126.jpg","width":126,"height":126,"mime_type":"image\/jpeg","source_url":"https:\/\/medicina.udd.cl\/fonoaudiologia-santiago\/files\/2011\/07\/Visitas-campos-cl\u00ednicos-1-126x126.jpg"},"full":{"file":"Visitas-campos-cl\u00ednicos-1.jpg","width":1000,"height":757,"mime_type":"image\/jpeg","source_url":"https:\/\/medicina.udd.cl\/fonoaudiologia-santiago\/files\/2011\/07\/Visitas-campos-cl\u00ednicos-1.jpg"}},"image_meta":{"aperture":"0","credit":"","camera":"X3-00","caption":"","created_timestamp":"1307976326","copyright":"","focal_length":"0","iso":"0","shutter_speed":"0","title":"","orientation":"0","keywords":[]}},"post":575,"source_url":"https:\/\/medicina.udd.cl\/fonoaudiologia-santiago\/files\/2011\/07\/Visitas-campos-cl\u00ednicos-1.jpg","_links":{"self":[{"href":"https:\/\/medicina.udd.cl\/fonoaudiologia-santiago\/wp-json\/wp\/v2\/media\/576","targetHints":{"allow":["GET"]}}],"collection":[{"href":"https:\/\/medicina.udd.cl\/fonoaudiologia-santiago\/wp-json\/wp\/v2\/media"}],"about":[{"href":"https:\/\/medicina.udd.cl\/fonoaudiologia-santiago\/wp-json\/wp\/v2\/types\/attachment"}],"author":[{"embeddable":true,"href":"https:\/\/medicina.udd.cl\/fonoaudiologia-santiago\/wp-json\/wp\/v2\/users\/1"}],"replies":[{"embeddable":true,"href":"https:\/\/medicina.udd.cl\/fonoaudiologia-santiago\/wp-json\/wp\/v2\/comments?post=576"}],"wp:attached-to":[{"embeddable":true,"post_type":"post","id":575,"href":"https:\/\/medicina.udd.cl\/fonoaudiologia-santiago\/wp-json\/wp\/v2\/posts\/575"}],"curies":[{"name":"wp","href":"https:\/\/api.w.org\/{rel}","templated":true}]}}