{"id":142,"date":"2010-05-19T12:02:15","date_gmt":"2010-05-19T16:02:15","guid":{"rendered":"http:\/\/medicina.udd.cl\/fonoaudiologia-santiago\/palabras-de-la-directora\/"},"modified":"2016-09-21T15:09:13","modified_gmt":"2016-09-21T18:09:13","slug":"palabras-de-la-directora","status":"publish","type":"page","link":"https:\/\/medicina.udd.cl\/fonoaudiologia-santiago\/la-carrera\/palabras-de-la-directora\/","title":{"rendered":"Palabras de la directora"},"content":{"rendered":"<p style=\"text-align: justify\"><a href=\"http:\/\/medicina.udd.cl\/fonoaudiologia-santiago\/files\/2013\/08\/83-A.-L\u00f3pez.jpg\"><img loading=\"lazy\" decoding=\"async\" class=\"alignleft wp-image-1844\" src=\"http:\/\/medicina.udd.cl\/fonoaudiologia-santiago\/files\/2013\/08\/83-A.-L\u00f3pez-225x300.jpg\" alt=\"83 A. L\u00f3pez\" width=\"192\" height=\"256\" srcset=\"https:\/\/medicina.udd.cl\/fonoaudiologia-santiago\/files\/2013\/08\/83-A.-L\u00f3pez-225x300.jpg 225w, https:\/\/medicina.udd.cl\/fonoaudiologia-santiago\/files\/2013\/08\/83-A.-L\u00f3pez-768x1023.jpg 768w, https:\/\/medicina.udd.cl\/fonoaudiologia-santiago\/files\/2013\/08\/83-A.-L\u00f3pez-769x1024.jpg 769w, https:\/\/medicina.udd.cl\/fonoaudiologia-santiago\/files\/2013\/08\/83-A.-L\u00f3pez-721x960.jpg 721w\" sizes=\"auto, (max-width: 192px) 100vw, 192px\" \/><\/a>Te invito a descubrir la carrera de Fonoaudiolog\u00eda en la Universidad del Desarrollo. Ac\u00e1 favoreceremos, a trav\u00e9s de experiencias de trato directo con\u00a0 pacientes y grupos sociales de riesgo, el\u00a0 desarrollo de tus habilidades cient\u00edficas, humanas y de compromiso social asociadas a un esp\u00edritu de entrega y responsabilidad que caracterizar\u00e1 a nuestro egresado.<\/p>\n<p style=\"text-align: justify\">Nuestro compromiso es acompa\u00f1arte y guiarte para que tu vida universitaria sea una gran experiencia, entreg\u00e1ndote los recursos\u00a0pr\u00e1cticos, te\u00f3ricos y tecnol\u00f3gicos necesarios para ser un profesional l\u00edder en las diferentes \u00e1reas del desarrollo laboral.<\/p>\n<p style=\"text-align: justify\">Despu\u00e9s de a\u00f1os de experiencia cl\u00ednica, tengo la firme convicci\u00f3n de haber encontrado en la Fonoaudiolog\u00eda la realizaci\u00f3n profesional y personal que esperaba.<\/p>\n<p style=\"text-align: right\"><strong>Mar\u00eda Ang\u00e9lica L\u00f3pez<br \/>\n<\/strong><strong>Directora de Fonoaudiolog\u00eda<\/strong><\/p>\n","protected":false},"excerpt":{"rendered":"<p>Te invito a descubrir la carrera de Fonoaudiolog\u00eda en la Universidad del Desarrollo. Ac\u00e1 favoreceremos, a trav\u00e9s de experiencias de trato directo con\u00a0 pacientes y grupos sociales de riesgo, el\u00a0 desarrollo de tus habilidades cient\u00edficas, humanas y de compromiso social asociadas a un esp\u00edritu de entrega y responsabilidad que caracterizar\u00e1 a nuestro egresado. Nuestro compromiso [&hellip;]<\/p>\n","protected":false},"author":1,"featured_media":0,"parent":3,"menu_order":60,"comment_status":"open","ping_status":"closed","template":"","meta":{"footnotes":""},"class_list":["post-142","page","type-page","status-publish","hentry"],"yoast_head":"<!-- This site is optimized with the Yoast SEO plugin v26.9 - https:\/\/yoast.com\/product\/yoast-seo-wordpress\/ -->\n<title>Palabras de la Directora | Carrera de Fonoaudiolog\u00eda (Santiago) | UDD<\/title>\n<meta name=\"description\" content=\"La directora de Fonoaudiolog\u00eda, Mar\u00eda Ang\u00e9lica L\u00f3pez, te invita a ser parte de la carrera.\" \/>\n<meta name=\"robots\" content=\"index, follow, max-snippet:-1, max-image-preview:large, max-video-preview:-1\" \/>\n<link rel=\"canonical\" href=\"https:\/\/medicina.udd.cl\/fonoaudiologia-santiago\/la-carrera\/palabras-de-la-directora\/\" \/>\n<meta property=\"og:locale\" content=\"es_ES\" \/>\n<meta property=\"og:type\" content=\"article\" \/>\n<meta property=\"og:title\" content=\"Palabras de la Directora | Carrera de Fonoaudiolog\u00eda (Santiago) | UDD\" \/>\n<meta property=\"og:description\" content=\"La directora de Fonoaudiolog\u00eda, Mar\u00eda Ang\u00e9lica L\u00f3pez, te invita a ser parte de la carrera.\" \/>\n<meta property=\"og:url\" content=\"https:\/\/medicina.udd.cl\/fonoaudiologia-santiago\/la-carrera\/palabras-de-la-directora\/\" \/>\n<meta property=\"og:site_name\" content=\"Fonoaudiolog\u00eda\" \/>\n<meta property=\"article:modified_time\" content=\"2016-09-21T18:09:13+00:00\" \/>\n<meta name=\"twitter:label1\" content=\"Tiempo de lectura\" \/>\n\t<meta name=\"twitter:data1\" content=\"1 minuto\" \/>\n<script type=\"application\/ld+json\" class=\"yoast-schema-graph\">{\"@context\":\"https:\/\/schema.org\",\"@graph\":[{\"@type\":\"WebPage\",\"@id\":\"https:\/\/medicina.udd.cl\/fonoaudiologia-santiago\/la-carrera\/palabras-de-la-directora\/\",\"url\":\"https:\/\/medicina.udd.cl\/fonoaudiologia-santiago\/la-carrera\/palabras-de-la-directora\/\",\"name\":\"Palabras de la Directora | Carrera de Fonoaudiolog\u00eda (Santiago) | UDD\",\"isPartOf\":{\"@id\":\"https:\/\/medicina.udd.cl\/fonoaudiologia-santiago\/#website\"},\"datePublished\":\"2010-05-19T16:02:15+00:00\",\"dateModified\":\"2016-09-21T18:09:13+00:00\",\"description\":\"La directora de Fonoaudiolog\u00eda, Mar\u00eda Ang\u00e9lica L\u00f3pez, te invita a ser parte de la carrera.\",\"breadcrumb\":{\"@id\":\"https:\/\/medicina.udd.cl\/fonoaudiologia-santiago\/la-carrera\/palabras-de-la-directora\/#breadcrumb\"},\"inLanguage\":\"es\",\"potentialAction\":[{\"@type\":\"ReadAction\",\"target\":[\"https:\/\/medicina.udd.cl\/fonoaudiologia-santiago\/la-carrera\/palabras-de-la-directora\/\"]}]},{\"@type\":\"BreadcrumbList\",\"@id\":\"https:\/\/medicina.udd.cl\/fonoaudiologia-santiago\/la-carrera\/palabras-de-la-directora\/#breadcrumb\",\"itemListElement\":[{\"@type\":\"ListItem\",\"position\":1,\"name\":\"Home\",\"item\":\"https:\/\/medicina.udd.cl\/fonoaudiologia-santiago\/\"},{\"@type\":\"ListItem\",\"position\":2,\"name\":\"La Carrera\",\"item\":\"https:\/\/medicina.udd.cl\/fonoaudiologia-santiago\/la-carrera\/\"},{\"@type\":\"ListItem\",\"position\":3,\"name\":\"Palabras de la directora\"}]},{\"@type\":\"WebSite\",\"@id\":\"https:\/\/medicina.udd.cl\/fonoaudiologia-santiago\/#website\",\"url\":\"https:\/\/medicina.udd.cl\/fonoaudiologia-santiago\/\",\"name\":\"Fonoaudiolog\u00eda\",\"description\":\"Facultad de Medicina Cl\u00ednica Alemana Universidad del Desarrollo\",\"inLanguage\":\"es\"}]}<\/script>\n<!-- \/ Yoast SEO plugin. -->","yoast_head_json":{"title":"Palabras de la Directora | Carrera de Fonoaudiolog\u00eda (Santiago) | UDD","description":"La directora de Fonoaudiolog\u00eda, Mar\u00eda Ang\u00e9lica L\u00f3pez, te invita a ser parte de la carrera.","robots":{"index":"index","follow":"follow","max-snippet":"max-snippet:-1","max-image-preview":"max-image-preview:large","max-video-preview":"max-video-preview:-1"},"canonical":"https:\/\/medicina.udd.cl\/fonoaudiologia-santiago\/la-carrera\/palabras-de-la-directora\/","og_locale":"es_ES","og_type":"article","og_title":"Palabras de la Directora | Carrera de Fonoaudiolog\u00eda (Santiago) | UDD","og_description":"La directora de Fonoaudiolog\u00eda, Mar\u00eda Ang\u00e9lica L\u00f3pez, te invita a ser parte de la carrera.","og_url":"https:\/\/medicina.udd.cl\/fonoaudiologia-santiago\/la-carrera\/palabras-de-la-directora\/","og_site_name":"Fonoaudiolog\u00eda","article_modified_time":"2016-09-21T18:09:13+00:00","twitter_misc":{"Tiempo de lectura":"1 minuto"},"schema":{"@context":"https:\/\/schema.org","@graph":[{"@type":"WebPage","@id":"https:\/\/medicina.udd.cl\/fonoaudiologia-santiago\/la-carrera\/palabras-de-la-directora\/","url":"https:\/\/medicina.udd.cl\/fonoaudiologia-santiago\/la-carrera\/palabras-de-la-directora\/","name":"Palabras de la Directora | Carrera de Fonoaudiolog\u00eda (Santiago) | UDD","isPartOf":{"@id":"https:\/\/medicina.udd.cl\/fonoaudiologia-santiago\/#website"},"datePublished":"2010-05-19T16:02:15+00:00","dateModified":"2016-09-21T18:09:13+00:00","description":"La directora de Fonoaudiolog\u00eda, Mar\u00eda Ang\u00e9lica L\u00f3pez, te invita a ser parte de la carrera.","breadcrumb":{"@id":"https:\/\/medicina.udd.cl\/fonoaudiologia-santiago\/la-carrera\/palabras-de-la-directora\/#breadcrumb"},"inLanguage":"es","potentialAction":[{"@type":"ReadAction","target":["https:\/\/medicina.udd.cl\/fonoaudiologia-santiago\/la-carrera\/palabras-de-la-directora\/"]}]},{"@type":"BreadcrumbList","@id":"https:\/\/medicina.udd.cl\/fonoaudiologia-santiago\/la-carrera\/palabras-de-la-directora\/#breadcrumb","itemListElement":[{"@type":"ListItem","position":1,"name":"Home","item":"https:\/\/medicina.udd.cl\/fonoaudiologia-santiago\/"},{"@type":"ListItem","position":2,"name":"La Carrera","item":"https:\/\/medicina.udd.cl\/fonoaudiologia-santiago\/la-carrera\/"},{"@type":"ListItem","position":3,"name":"Palabras de la directora"}]},{"@type":"WebSite","@id":"https:\/\/medicina.udd.cl\/fonoaudiologia-santiago\/#website","url":"https:\/\/medicina.udd.cl\/fonoaudiologia-santiago\/","name":"Fonoaudiolog\u00eda","description":"Facultad de Medicina Cl\u00ednica Alemana Universidad del Desarrollo","inLanguage":"es"}]}},"_links":{"self":[{"href":"https:\/\/medicina.udd.cl\/fonoaudiologia-santiago\/wp-json\/wp\/v2\/pages\/142","targetHints":{"allow":["GET"]}}],"collection":[{"href":"https:\/\/medicina.udd.cl\/fonoaudiologia-santiago\/wp-json\/wp\/v2\/pages"}],"about":[{"href":"https:\/\/medicina.udd.cl\/fonoaudiologia-santiago\/wp-json\/wp\/v2\/types\/page"}],"author":[{"embeddable":true,"href":"https:\/\/medicina.udd.cl\/fonoaudiologia-santiago\/wp-json\/wp\/v2\/users\/1"}],"replies":[{"embeddable":true,"href":"https:\/\/medicina.udd.cl\/fonoaudiologia-santiago\/wp-json\/wp\/v2\/comments?post=142"}],"version-history":[{"count":13,"href":"https:\/\/medicina.udd.cl\/fonoaudiologia-santiago\/wp-json\/wp\/v2\/pages\/142\/revisions"}],"predecessor-version":[{"id":3557,"href":"https:\/\/medicina.udd.cl\/fonoaudiologia-santiago\/wp-json\/wp\/v2\/pages\/142\/revisions\/3557"}],"up":[{"embeddable":true,"href":"https:\/\/medicina.udd.cl\/fonoaudiologia-santiago\/wp-json\/wp\/v2\/pages\/3"}],"wp:attachment":[{"href":"https:\/\/medicina.udd.cl\/fonoaudiologia-santiago\/wp-json\/wp\/v2\/media?parent=142"}],"curies":[{"name":"wp","href":"https:\/\/api.w.org\/{rel}","templated":true}]}}