{"id":4344,"date":"2019-08-05T12:55:58","date_gmt":"2019-08-05T16:55:58","guid":{"rendered":"http:\/\/medicina.udd.cl\/fonoaudiologia-santiago\/?page_id=4344"},"modified":"2019-08-20T11:10:27","modified_gmt":"2019-08-20T15:10:27","slug":"carrera-de-fonoaudiologia","status":"publish","type":"page","link":"https:\/\/medicina.udd.cl\/fonoaudiologia-santiago\/carrera-de-fonoaudiologia\/","title":{"rendered":"FONOAUDIOLOG\u00cdA"},"content":{"rendered":"<!-- WP Block: UDD - Access Cards -->\n<section\n\tid=\"udd-access-cards--1\"\n\tclass=\"wp-block-udd-access-cards\n\t\t\"\n\t\tstyle=\"\n\t\t--udd-blocks-has-columns-number: 3\t\t\"\n\t>\n\t<div class=\"container\">\n\t\t\t\t\t<header class=\"header__innerblock block__header\">\n\t\t\t<h2 class=\"block__title\">Accesos destacados<\/h2>\n\t\n\t\n\t<\/header>\n\t\t\t\t<div class=\"block__content\">\n\t\t\t<div\n\t\t\t\tclass=\"udd-access-cards\"\n\t\t\t\t\t\t\t>\n\t\t\t<div\n\tdata-index=\"1\"\n\tclass=\"udd-access-card-wrapper\"\n\t>\n\t<a href=\"https:\/\/medicina.udd.cl\/la-carrera-fono\/\" class=\"access-card access-card--profile\" data-url=\"https:\/\/medicina.udd.cl\/la-carrera-fono\/\">\n\t\t\t\t\t\t<h3\n\t\t\tdata-index=\"1\"\n\t\t\tclass=\"access-card__title\"\n\t\t>\n\t\t\tLa Carrera\t\t<\/h3>\n\t\t\t\t<div class=\"access-card__link\">\n\t\t\t<span class=\"access-card__link-text\">Conocer m\u00e1s<\/span>\n\t\t<\/div>\n\t<\/a>\n<\/div>\n<div\n\tdata-index=\"2\"\n\tclass=\"udd-access-card-wrapper\"\n\t>\n\t<a href=\"https:\/\/medicina.udd.cl\/fonoaudiologia-santiago\/menu-admision\/\" class=\"access-card access-card--profile\" data-url=\"https:\/\/medicina.udd.cl\/fonoaudiologia-santiago\/menu-admision\/\">\n\t\t\t\t\t\t<h3\n\t\t\tdata-index=\"2\"\n\t\t\tclass=\"access-card__title\"\n\t\t>\n\t\t\tAdmisi\u00f3n\t\t<\/h3>\n\t\t\t\t<div class=\"access-card__link\">\n\t\t\t<span class=\"access-card__link-text\">Conocer m\u00e1s<\/span>\n\t\t<\/div>\n\t<\/a>\n<\/div>\n<div\n\tdata-index=\"3\"\n\tclass=\"udd-access-card-wrapper\"\n\t>\n\t<a href=\"https:\/\/medicina.udd.cl\/postgrados-y-educacion-continua\/\" class=\"access-card access-card--profile\" data-url=\"https:\/\/medicina.udd.cl\/postgrados-y-educacion-continua\/\">\n\t\t\t\t\t\t<h3\n\t\t\tdata-index=\"3\"\n\t\t\tclass=\"access-card__title\"\n\t\t>\n\t\t\tPostgrado y Ed. Continua\t\t<\/h3>\n\t\t\t\t<div class=\"access-card__link\">\n\t\t\t<span class=\"access-card__link-text\">Conocer m\u00e1s<\/span>\n\t\t<\/div>\n\t<\/a>\n<\/div>\n\t\t\t<\/div>\n\t\t<\/div>\n\t<\/div>\n<\/section>\n\n\n<!-- WP Block: UDD - Fullwidth Cards -->\n<section class=\"wp-block-udd-fullwidth-cards \">\n\t<div class=\"container\">\n\t\t<header class=\"block__header\">\n\t\t\t<h2 class=\"block__title\">Noticias<\/h2>\n\t\t\t\t\t\t<a href=\"https:\/\/medicina.udd.cl\/fonoaudiologia-santiago\/noticias\/\" class=\"block__view-more\">\n\t\t\t\tVer m\u00e1s noticias\t\t\t<\/a>\n\t\t\t\t\t<\/header>\n\t\t<div class=\"block__content\">\n\t\t\t<div class=\"fullwidth-cards\">\n\t\t\t<div class=\"fullwidth-card-wrapper \">\n\t<a href=\"https:\/\/medicina.udd.cl\/fonoaudiologia-santiago\/noticias\/2026\/04\/10\/inclusion-y-conciencia-en-la-comunidad-universitaria-terapia-ocupacional-y-fonoaudiologia-udd-conmemoran-el-dia-del-autismo\/\" class=\"fullwidth-card fullwidth-card--linkable\">\n\t\t\t\t<img loading=\"lazy\" decoding=\"async\" width=\"500\" height=\"500\" src=\"https:\/\/medicina.udd.cl\/fonoaudiologia-santiago\/files\/2026\/04\/to-fono-dia-del-autismo-2026-1-500x500.jpeg\" class=\"fullwidth-card__image wp-post-image\" alt=\"\" srcset=\"https:\/\/medicina.udd.cl\/fonoaudiologia-santiago\/files\/2026\/04\/to-fono-dia-del-autismo-2026-1-500x500.jpeg 500w, https:\/\/medicina.udd.cl\/fonoaudiologia-santiago\/files\/2026\/04\/to-fono-dia-del-autismo-2026-1-150x150.jpeg 150w, https:\/\/medicina.udd.cl\/fonoaudiologia-santiago\/files\/2026\/04\/to-fono-dia-del-autismo-2026-1-62x62.jpeg 62w, https:\/\/medicina.udd.cl\/fonoaudiologia-santiago\/files\/2026\/04\/to-fono-dia-del-autismo-2026-1-750x750.jpeg 750w, https:\/\/medicina.udd.cl\/fonoaudiologia-santiago\/files\/2026\/04\/to-fono-dia-del-autismo-2026-1-250x250.jpeg 250w, https:\/\/medicina.udd.cl\/fonoaudiologia-santiago\/files\/2026\/04\/to-fono-dia-del-autismo-2026-1-126x126.jpeg 126w\" sizes=\"auto, (max-width: 500px) 100vw, 500px\" \/>\t\t\t\t<div class=\"fullwidth-card__content\">\n\t\t\t<span class=\"fullwidth-card__date\">\n\t\t\t\t10 de abril 2026\t\t\t<\/span>\n\t\t\t<h3 class=\"fullwidth-card__title\">Inclusi\u00f3n y conciencia en la comunidad universitaria: Terapia Ocupacional y Fonoaudiolog\u00eda UDD conmemoran el D\u00eda del Autismo<\/h3>\n\t\t\t<span class=\"fullwidth-card__link\">\n\t\t\t\tConocer m\u00e1s\t\t\t<\/span>\n\t\t<\/div>\n\t<\/a>\n<\/div>\n<div class=\"fullwidth-card-wrapper \">\n\t<a href=\"https:\/\/medicina.udd.cl\/fonoaudiologia-santiago\/noticias\/2026\/03\/05\/estudiantes-de-fonoaudiologia-udd-protagonizan-emotiva-ceremonia-de-investidura\/\" class=\"fullwidth-card fullwidth-card--linkable\">\n\t\t\t\t<img loading=\"lazy\" decoding=\"async\" width=\"500\" height=\"500\" src=\"https:\/\/medicina.udd.cl\/fonoaudiologia-santiago\/files\/2026\/03\/fono-investidura-2026-13-500x500.jpg\" class=\"fullwidth-card__image wp-post-image\" alt=\"\" srcset=\"https:\/\/medicina.udd.cl\/fonoaudiologia-santiago\/files\/2026\/03\/fono-investidura-2026-13-500x500.jpg 500w, https:\/\/medicina.udd.cl\/fonoaudiologia-santiago\/files\/2026\/03\/fono-investidura-2026-13-150x150.jpg 150w, https:\/\/medicina.udd.cl\/fonoaudiologia-santiago\/files\/2026\/03\/fono-investidura-2026-13-62x62.jpg 62w, https:\/\/medicina.udd.cl\/fonoaudiologia-santiago\/files\/2026\/03\/fono-investidura-2026-13-750x750.jpg 750w, https:\/\/medicina.udd.cl\/fonoaudiologia-santiago\/files\/2026\/03\/fono-investidura-2026-13-250x250.jpg 250w, https:\/\/medicina.udd.cl\/fonoaudiologia-santiago\/files\/2026\/03\/fono-investidura-2026-13-126x126.jpg 126w\" sizes=\"auto, (max-width: 500px) 100vw, 500px\" \/>\t\t\t\t<div class=\"fullwidth-card__content\">\n\t\t\t<span class=\"fullwidth-card__date\">\n\t\t\t\t5 de marzo 2026\t\t\t<\/span>\n\t\t\t<h3 class=\"fullwidth-card__title\">Estudiantes de Fonoaudiolog\u00eda UDD protagonizan emotiva ceremonia de investidura<\/h3>\n\t\t\t<span class=\"fullwidth-card__link\">\n\t\t\t\tConocer m\u00e1s\t\t\t<\/span>\n\t\t<\/div>\n\t<\/a>\n<\/div>\n<div class=\"fullwidth-card-wrapper \">\n\t<a href=\"https:\/\/medicina.udd.cl\/fonoaudiologia-santiago\/noticias\/2026\/01\/28\/udd-realizo-jornada-practica-presencial-del-diplomado-internacional-de-terapia-auditiva\/\" class=\"fullwidth-card fullwidth-card--linkable\">\n\t\t\t\t<img loading=\"lazy\" decoding=\"async\" width=\"500\" height=\"500\" src=\"https:\/\/medicina.udd.cl\/fonoaudiologia-santiago\/files\/2026\/01\/fono-diplomado-terapia-auditiva-2025-11-500x500.jpg\" class=\"fullwidth-card__image wp-post-image\" alt=\"\" srcset=\"https:\/\/medicina.udd.cl\/fonoaudiologia-santiago\/files\/2026\/01\/fono-diplomado-terapia-auditiva-2025-11-500x500.jpg 500w, https:\/\/medicina.udd.cl\/fonoaudiologia-santiago\/files\/2026\/01\/fono-diplomado-terapia-auditiva-2025-11-150x150.jpg 150w, https:\/\/medicina.udd.cl\/fonoaudiologia-santiago\/files\/2026\/01\/fono-diplomado-terapia-auditiva-2025-11-62x62.jpg 62w, https:\/\/medicina.udd.cl\/fonoaudiologia-santiago\/files\/2026\/01\/fono-diplomado-terapia-auditiva-2025-11-750x750.jpg 750w, https:\/\/medicina.udd.cl\/fonoaudiologia-santiago\/files\/2026\/01\/fono-diplomado-terapia-auditiva-2025-11-250x250.jpg 250w, https:\/\/medicina.udd.cl\/fonoaudiologia-santiago\/files\/2026\/01\/fono-diplomado-terapia-auditiva-2025-11-126x126.jpg 126w\" sizes=\"auto, (max-width: 500px) 100vw, 500px\" \/>\t\t\t\t<div class=\"fullwidth-card__content\">\n\t\t\t<span class=\"fullwidth-card__date\">\n\t\t\t\t28 de enero 2026\t\t\t<\/span>\n\t\t\t<h3 class=\"fullwidth-card__title\">UDD realiz\u00f3 Jornada Pr\u00e1ctica Presencial del Diplomado Internacional de Terapia Auditiva<\/h3>\n\t\t\t<span class=\"fullwidth-card__link\">\n\t\t\t\tConocer m\u00e1s\t\t\t<\/span>\n\t\t<\/div>\n\t<\/a>\n<\/div>\n<div class=\"fullwidth-card-wrapper \">\n\t<a href=\"https:\/\/medicina.udd.cl\/fonoaudiologia-santiago\/noticias\/2025\/12\/22\/proyecto-mapa-inclusivo-udd-gana-fondo-interdisciplinario-interacciona-2025\/\" class=\"fullwidth-card fullwidth-card--linkable\">\n\t\t\t\t<img loading=\"lazy\" decoding=\"async\" width=\"500\" height=\"500\" src=\"https:\/\/medicina.udd.cl\/fonoaudiologia-santiago\/files\/2026\/01\/mapa-inclusivo-udd-500x500.jpg\" class=\"fullwidth-card__image wp-post-image\" alt=\"\" srcset=\"https:\/\/medicina.udd.cl\/fonoaudiologia-santiago\/files\/2026\/01\/mapa-inclusivo-udd-500x500.jpg 500w, https:\/\/medicina.udd.cl\/fonoaudiologia-santiago\/files\/2026\/01\/mapa-inclusivo-udd-150x150.jpg 150w, https:\/\/medicina.udd.cl\/fonoaudiologia-santiago\/files\/2026\/01\/mapa-inclusivo-udd-62x62.jpg 62w, https:\/\/medicina.udd.cl\/fonoaudiologia-santiago\/files\/2026\/01\/mapa-inclusivo-udd-750x750.jpg 750w, https:\/\/medicina.udd.cl\/fonoaudiologia-santiago\/files\/2026\/01\/mapa-inclusivo-udd-250x250.jpg 250w, https:\/\/medicina.udd.cl\/fonoaudiologia-santiago\/files\/2026\/01\/mapa-inclusivo-udd-126x126.jpg 126w\" sizes=\"auto, (max-width: 500px) 100vw, 500px\" \/>\t\t\t\t<div class=\"fullwidth-card__content\">\n\t\t\t<span class=\"fullwidth-card__date\">\n\t\t\t\t22 de diciembre 2025\t\t\t<\/span>\n\t\t\t<h3 class=\"fullwidth-card__title\">Proyecto \u201cMapa Inclusivo UDD\u201d gana fondo interdisciplinario InterAcciona 2025<\/h3>\n\t\t\t<span class=\"fullwidth-card__link\">\n\t\t\t\tConocer m\u00e1s\t\t\t<\/span>\n\t\t<\/div>\n\t<\/a>\n<\/div>\n<div class=\"fullwidth-card-wrapper \">\n\t<a href=\"https:\/\/medicina.udd.cl\/fonoaudiologia-santiago\/noticias\/2025\/12\/17\/academico-udd-es-reconocido-en-primera-edicion-de-los-encuadra-award\/\" class=\"fullwidth-card fullwidth-card--linkable\">\n\t\t\t\t<img loading=\"lazy\" decoding=\"async\" width=\"500\" height=\"500\" src=\"https:\/\/medicina.udd.cl\/fonoaudiologia-santiago\/files\/2025\/12\/fono-premio-ivan-castillo-2025-1-500x500.jpeg\" class=\"fullwidth-card__image wp-post-image\" alt=\"\" srcset=\"https:\/\/medicina.udd.cl\/fonoaudiologia-santiago\/files\/2025\/12\/fono-premio-ivan-castillo-2025-1-500x500.jpeg 500w, https:\/\/medicina.udd.cl\/fonoaudiologia-santiago\/files\/2025\/12\/fono-premio-ivan-castillo-2025-1-150x150.jpeg 150w, https:\/\/medicina.udd.cl\/fonoaudiologia-santiago\/files\/2025\/12\/fono-premio-ivan-castillo-2025-1-62x62.jpeg 62w, https:\/\/medicina.udd.cl\/fonoaudiologia-santiago\/files\/2025\/12\/fono-premio-ivan-castillo-2025-1-750x750.jpeg 750w, https:\/\/medicina.udd.cl\/fonoaudiologia-santiago\/files\/2025\/12\/fono-premio-ivan-castillo-2025-1-250x250.jpeg 250w, https:\/\/medicina.udd.cl\/fonoaudiologia-santiago\/files\/2025\/12\/fono-premio-ivan-castillo-2025-1-126x126.jpeg 126w\" sizes=\"auto, (max-width: 500px) 100vw, 500px\" \/>\t\t\t\t<div class=\"fullwidth-card__content\">\n\t\t\t<span class=\"fullwidth-card__date\">\n\t\t\t\t17 de diciembre 2025\t\t\t<\/span>\n\t\t\t<h3 class=\"fullwidth-card__title\">Acad\u00e9mico UDD es reconocido en primera edici\u00f3n de los Encuadra Awards 2025<\/h3>\n\t\t\t<span class=\"fullwidth-card__link\">\n\t\t\t\tConocer m\u00e1s\t\t\t<\/span>\n\t\t<\/div>\n\t<\/a>\n<\/div>\n\t\t\t<\/div>\n\t\t<\/div>\n\t<\/div>\n<\/section>\n\n\n<!-- WP Block: UDD - Testimonial -->\n<section class=\"wp-block-udd-testimonials\"\n\t>\n\t<div id=\"udd-testimonials-gallery--1\" class=\"testimonials carousel slide carousel-fade\" data-ride=\"false\" data-interval=\"false\" data-keyboard=\"false\">\n\t\t<div class=\"carousel-inner\">\n\t\t\t\t\t<div class=\"testimonial carousel-item active\">\n\t\t\t\t<div class=\"testimonial__container\">\n\t\t\t\t\t<div class=\"testimonial__inner\">\n\t\t\t\t\t\t<figure class=\"testimonial__media\">\n\t\t\t\t\t\t\t<img loading=\"lazy\" decoding=\"async\" width=\"500\" height=\"500\" src=\"https:\/\/medicina.udd.cl\/fonoaudiologia-santiago\/files\/2019\/08\/IMG_9890-500x500.jpg\" class=\"testimonial__media-image wp-post-image\" alt=\"\" srcset=\"https:\/\/medicina.udd.cl\/fonoaudiologia-santiago\/files\/2019\/08\/IMG_9890-500x500.jpg 500w, https:\/\/medicina.udd.cl\/fonoaudiologia-santiago\/files\/2019\/08\/IMG_9890-150x150.jpg 150w, https:\/\/medicina.udd.cl\/fonoaudiologia-santiago\/files\/2019\/08\/IMG_9890-62x62.jpg 62w, https:\/\/medicina.udd.cl\/fonoaudiologia-santiago\/files\/2019\/08\/IMG_9890-750x750.jpg 750w, https:\/\/medicina.udd.cl\/fonoaudiologia-santiago\/files\/2019\/08\/IMG_9890-250x250.jpg 250w, https:\/\/medicina.udd.cl\/fonoaudiologia-santiago\/files\/2019\/08\/IMG_9890-126x126.jpg 126w\" sizes=\"auto, (max-width: 500px) 100vw, 500px\" \/>\t\t\t\t\t\t<\/figure>\n\t\t\t\t\t\t<div class=\"testimonial__content\">\n\t\t\t\t\t\t\t<header class=\"testimonial__author\">\n\t\t\t\t\t\t\t\t<cite class=\"testimonial__author-name\">Antonia Villarroel<\/cite>\n\t\t\t\t\t\t\t\t\t\t\t\t\t\t\t\t<span class=\"testimonial__author-description\">Estudiante Fonoaudiolog\u00eda 5to a\u00f1o.<\/span>\n\t\t\t\t\t\t\t\t\t\t\t\t\t\t\t<\/header>\n\t\t\t\t\t\t\t<blockquote class=\"testimonial__quote\">\n\t\t\t\t\t\t\t\t<!-- wp:paragraph -->\n<p>Estoy muy feliz con la\nexperiencia adquirida en los campos cl\u00ednicos, podemos entregar apoyo y escuchar\na los pacientes, adem\u00e1s de ir aprendiendo a conocernos como personas y como\nprofesionales, en las dos partes uno entrega lo m\u00e1ximo de uno.&nbsp; <\/p>\n<!-- \/wp:paragraph -->\n\n<!-- wp:paragraph -->\n<p>A mi formaci\u00f3n\nprofesional el campo cl\u00ednico aporta experiencia y me entrega confianza en m\u00ed\nmisma, ya que puedo desarrollarme con los distintos pacientes. Personalmente,\nme llena de alegr\u00eda poder ayudar a la persona que lo est\u00e1 necesitando y poder\nhacer un gran trabajo.<\/p>\n<!-- \/wp:paragraph -->\t\t\t\t\t\t\t<\/blockquote>\n\t\t\t\t\t\t<\/div>\n\t\t\t\t\t<\/div>\n\t\t\t\t<\/div>\n\t\t\t<\/div>\n\t\t\t\t\t\t<div class=\"testimonial carousel-item\">\n\t\t\t\t<div class=\"testimonial__container\">\n\t\t\t\t\t<div class=\"testimonial__inner\">\n\t\t\t\t\t\t<figure class=\"testimonial__media\">\n\t\t\t\t\t\t\t<img loading=\"lazy\" decoding=\"async\" width=\"278\" height=\"284\" src=\"https:\/\/medicina.udd.cl\/fonoaudiologia-santiago\/files\/2019\/08\/v\u00edctor-zu\u00f1iga.png\" class=\"testimonial__media-image wp-post-image\" alt=\"\" srcset=\"https:\/\/medicina.udd.cl\/fonoaudiologia-santiago\/files\/2019\/08\/v\u00edctor-zu\u00f1iga.png 278w, https:\/\/medicina.udd.cl\/fonoaudiologia-santiago\/files\/2019\/08\/v\u00edctor-zu\u00f1iga-62x62.png 62w\" sizes=\"auto, (max-width: 278px) 100vw, 278px\" \/>\t\t\t\t\t\t<\/figure>\n\t\t\t\t\t\t<div class=\"testimonial__content\">\n\t\t\t\t\t\t\t<header class=\"testimonial__author\">\n\t\t\t\t\t\t\t\t<cite class=\"testimonial__author-name\">V\u00edctor Z\u00fa\u00f1iga<\/cite>\n\t\t\t\t\t\t\t\t\t\t\t\t\t\t\t\t<span class=\"testimonial__author-description\">Egresado Fonoaudiolog\u00eda \/ Curs\u00f3 su proceso de habilitaci\u00f3n profesional en el \u00e1rea de Infanto-Juvenil en HPH en el a\u00f1o 2017.<\/span>\n\t\t\t\t\t\t\t\t\t\t\t\t\t\t\t<\/header>\n\t\t\t\t\t\t\t<blockquote class=\"testimonial__quote\">\n\t\t\t\t\t\t\t\t<!-- wp:paragraph -->\n<p>Recuerdo con mucho cari\u00f1o mi experiencia en la UDD, muy agradecido de haber aprendido a dar mucho de m\u00ed mismo a trav\u00e9s de las terapias que le hac\u00edamos a los ni\u00f1os. Las tutoras eran ejemplares, el trato con nosotros, con los pacientes, con los padres, la manera de evaluarnos que era muy determinante, pero a la vez con mucho tacto para hacernos las cr\u00edticas. Esta ha sido la experiencia m\u00e1s gratificante que he tenido dentro de los campos cl\u00ednicos de la universidad, para m\u00ed gener\u00f3 un cambio de perspectiva desde el punto de vista de la terapia fonoaudiol\u00f3gica.<\/p>\n<!-- \/wp:paragraph -->\t\t\t\t\t\t\t<\/blockquote>\n\t\t\t\t\t\t<\/div>\n\t\t\t\t\t<\/div>\n\t\t\t\t<\/div>\n\t\t\t<\/div>\n\t\t\t\t\t<\/div>\n\t\t\t\t<footer class=\"carousel-footer\">\n\t\t\t<div class=\"carousel-counter\">\n\t\t\t\t<span class=\"carousel-counter-current\"><\/span> \/ <span class=\"carousel-counter-total\"><\/span>\n\t\t\t<\/div>\n\t\t\t<a class=\"carousel-control-prev\" href=\"#udd-testimonials-gallery--1\" role=\"button\" data-slide=\"prev\">\n\t\t\t\t<svg class=\"svg-chevron-left-dims\"><use xlink:href='https:\/\/medicina.udd.cl\/fonoaudiologia-santiago\/wp-content\/themes\/facultades-2018\/assets\/img\/svg\/dist\/main.svg?version=1695853099#chevron-left'><\/use><\/svg>\t\t\t\t<span class=\"sr-only\">Anterior<\/span>\n\t\t\t<\/a>\n\t\t\t<a class=\"carousel-control-next\" href=\"#udd-testimonials-gallery--1\" role=\"button\" data-slide=\"next\">\n\t\t\t\t<svg class=\"svg-chevron-right-dims\"><use xlink:href='https:\/\/medicina.udd.cl\/fonoaudiologia-santiago\/wp-content\/themes\/facultades-2018\/assets\/img\/svg\/dist\/main.svg?version=1695853099#chevron-right'><\/use><\/svg>\t\t\t\t<span class=\"sr-only\">Siguiente<\/span>\n\t\t\t<\/a>\n\t\t<\/footer>\n\t\t\t\t\t<\/div>\n<\/section>\n","protected":false},"excerpt":{"rendered":"","protected":false},"author":9192218,"featured_media":0,"parent":0,"menu_order":0,"comment_status":"closed","ping_status":"closed","template":"","meta":{"footnotes":""},"class_list":["post-4344","page","type-page","status-publish","hentry"],"yoast_head":"<!-- This site is optimized with the Yoast SEO plugin v26.9 - https:\/\/yoast.com\/product\/yoast-seo-wordpress\/ -->\n<title>FONOAUDIOLOG\u00cdA - Fonoaudiolog\u00eda<\/title>\n<meta name=\"robots\" content=\"index, follow, max-snippet:-1, max-image-preview:large, max-video-preview:-1\" \/>\n<link rel=\"canonical\" href=\"https:\/\/medicina.udd.cl\/fonoaudiologia-santiago\/carrera-de-fonoaudiologia\/\" \/>\n<meta property=\"og:locale\" content=\"es_ES\" \/>\n<meta property=\"og:type\" content=\"article\" \/>\n<meta property=\"og:title\" content=\"FONOAUDIOLOG\u00cdA - Fonoaudiolog\u00eda\" \/>\n<meta property=\"og:url\" content=\"https:\/\/medicina.udd.cl\/fonoaudiologia-santiago\/carrera-de-fonoaudiologia\/\" \/>\n<meta property=\"og:site_name\" content=\"Fonoaudiolog\u00eda\" \/>\n<meta property=\"article:modified_time\" content=\"2019-08-20T15:10:27+00:00\" \/>\n<script type=\"application\/ld+json\" class=\"yoast-schema-graph\">{\"@context\":\"https:\/\/schema.org\",\"@graph\":[{\"@type\":\"WebPage\",\"@id\":\"https:\/\/medicina.udd.cl\/fonoaudiologia-santiago\/carrera-de-fonoaudiologia\/\",\"url\":\"https:\/\/medicina.udd.cl\/fonoaudiologia-santiago\/carrera-de-fonoaudiologia\/\",\"name\":\"FONOAUDIOLOG\u00cdA - Fonoaudiolog\u00eda\",\"isPartOf\":{\"@id\":\"https:\/\/medicina.udd.cl\/fonoaudiologia-santiago\/#website\"},\"datePublished\":\"2019-08-05T16:55:58+00:00\",\"dateModified\":\"2019-08-20T15:10:27+00:00\",\"breadcrumb\":{\"@id\":\"https:\/\/medicina.udd.cl\/fonoaudiologia-santiago\/carrera-de-fonoaudiologia\/#breadcrumb\"},\"inLanguage\":\"es\",\"potentialAction\":[{\"@type\":\"ReadAction\",\"target\":[\"https:\/\/medicina.udd.cl\/fonoaudiologia-santiago\/carrera-de-fonoaudiologia\/\"]}]},{\"@type\":\"BreadcrumbList\",\"@id\":\"https:\/\/medicina.udd.cl\/fonoaudiologia-santiago\/carrera-de-fonoaudiologia\/#breadcrumb\",\"itemListElement\":[{\"@type\":\"ListItem\",\"position\":1,\"name\":\"Home\",\"item\":\"https:\/\/medicina.udd.cl\/fonoaudiologia-santiago\/\"},{\"@type\":\"ListItem\",\"position\":2,\"name\":\"FONOAUDIOLOG\u00cdA\"}]},{\"@type\":\"WebSite\",\"@id\":\"https:\/\/medicina.udd.cl\/fonoaudiologia-santiago\/#website\",\"url\":\"https:\/\/medicina.udd.cl\/fonoaudiologia-santiago\/\",\"name\":\"Fonoaudiolog\u00eda\",\"description\":\"Facultad de Medicina Cl\u00ednica Alemana Universidad del Desarrollo\",\"inLanguage\":\"es\"}]}<\/script>\n<!-- \/ Yoast SEO plugin. -->","yoast_head_json":{"title":"FONOAUDIOLOG\u00cdA - Fonoaudiolog\u00eda","robots":{"index":"index","follow":"follow","max-snippet":"max-snippet:-1","max-image-preview":"max-image-preview:large","max-video-preview":"max-video-preview:-1"},"canonical":"https:\/\/medicina.udd.cl\/fonoaudiologia-santiago\/carrera-de-fonoaudiologia\/","og_locale":"es_ES","og_type":"article","og_title":"FONOAUDIOLOG\u00cdA - Fonoaudiolog\u00eda","og_url":"https:\/\/medicina.udd.cl\/fonoaudiologia-santiago\/carrera-de-fonoaudiologia\/","og_site_name":"Fonoaudiolog\u00eda","article_modified_time":"2019-08-20T15:10:27+00:00","schema":{"@context":"https:\/\/schema.org","@graph":[{"@type":"WebPage","@id":"https:\/\/medicina.udd.cl\/fonoaudiologia-santiago\/carrera-de-fonoaudiologia\/","url":"https:\/\/medicina.udd.cl\/fonoaudiologia-santiago\/carrera-de-fonoaudiologia\/","name":"FONOAUDIOLOG\u00cdA - Fonoaudiolog\u00eda","isPartOf":{"@id":"https:\/\/medicina.udd.cl\/fonoaudiologia-santiago\/#website"},"datePublished":"2019-08-05T16:55:58+00:00","dateModified":"2019-08-20T15:10:27+00:00","breadcrumb":{"@id":"https:\/\/medicina.udd.cl\/fonoaudiologia-santiago\/carrera-de-fonoaudiologia\/#breadcrumb"},"inLanguage":"es","potentialAction":[{"@type":"ReadAction","target":["https:\/\/medicina.udd.cl\/fonoaudiologia-santiago\/carrera-de-fonoaudiologia\/"]}]},{"@type":"BreadcrumbList","@id":"https:\/\/medicina.udd.cl\/fonoaudiologia-santiago\/carrera-de-fonoaudiologia\/#breadcrumb","itemListElement":[{"@type":"ListItem","position":1,"name":"Home","item":"https:\/\/medicina.udd.cl\/fonoaudiologia-santiago\/"},{"@type":"ListItem","position":2,"name":"FONOAUDIOLOG\u00cdA"}]},{"@type":"WebSite","@id":"https:\/\/medicina.udd.cl\/fonoaudiologia-santiago\/#website","url":"https:\/\/medicina.udd.cl\/fonoaudiologia-santiago\/","name":"Fonoaudiolog\u00eda","description":"Facultad de Medicina Cl\u00ednica Alemana Universidad del Desarrollo","inLanguage":"es"}]}},"_links":{"self":[{"href":"https:\/\/medicina.udd.cl\/fonoaudiologia-santiago\/wp-json\/wp\/v2\/pages\/4344","targetHints":{"allow":["GET"]}}],"collection":[{"href":"https:\/\/medicina.udd.cl\/fonoaudiologia-santiago\/wp-json\/wp\/v2\/pages"}],"about":[{"href":"https:\/\/medicina.udd.cl\/fonoaudiologia-santiago\/wp-json\/wp\/v2\/types\/page"}],"author":[{"embeddable":true,"href":"https:\/\/medicina.udd.cl\/fonoaudiologia-santiago\/wp-json\/wp\/v2\/users\/9192218"}],"replies":[{"embeddable":true,"href":"https:\/\/medicina.udd.cl\/fonoaudiologia-santiago\/wp-json\/wp\/v2\/comments?post=4344"}],"version-history":[{"count":8,"href":"https:\/\/medicina.udd.cl\/fonoaudiologia-santiago\/wp-json\/wp\/v2\/pages\/4344\/revisions"}],"predecessor-version":[{"id":4370,"href":"https:\/\/medicina.udd.cl\/fonoaudiologia-santiago\/wp-json\/wp\/v2\/pages\/4344\/revisions\/4370"}],"wp:attachment":[{"href":"https:\/\/medicina.udd.cl\/fonoaudiologia-santiago\/wp-json\/wp\/v2\/media?parent=4344"}],"curies":[{"name":"wp","href":"https:\/\/api.w.org\/{rel}","templated":true}]}}