{"id":4859,"date":"2020-05-07T22:46:52","date_gmt":"2020-05-08T02:46:52","guid":{"rendered":"http:\/\/medicina.udd.cl\/fonoaudiologia-santiago\/?page_id=4859"},"modified":"2026-03-10T16:14:07","modified_gmt":"2026-03-10T19:14:07","slug":"nuestro-equipo","status":"publish","type":"page","link":"https:\/\/medicina.udd.cl\/fonoaudiologia-santiago\/nuestro-equipo\/","title":{"rendered":"Nuestro Equipo"},"content":{"rendered":"<!-- WP Block: UDD - People -->\n<section class=\"wp-block-udd-people \">\n\t<div class=\"container\">\n\t\t\t\t<header class=\"block__header\">\n\t\t\t\t\t\t\t\n<h2 class=\"wp-block-heading\">Nuestros docentes<\/h2>\n\t\t\t\t\t\t\t\t<\/header>\n\t\t\t\t<div class=\"people-cards\">\n\t\t\t\t\t<div class=\"person-card\">\n\t<a href=\"https:\/\/medicina.udd.cl\/fonoaudiologia-santiago\/persona\/maria-angelica-lopez\/\"\n\t\tclass=\"person-card__inner js-person-modal\"\n\t\tdata-post-id=\"1753\"\n\t\tdata-postid=\"1753\"\n\t>\n\t\t\t<div class=\"person-card__media\">\n\t\t\t<img loading=\"lazy\" decoding=\"async\" width=\"500\" height=\"500\" src=\"https:\/\/medicina.udd.cl\/fonoaudiologia-santiago\/files\/2013\/07\/Ma.Angelica-BN-500x500.png\" class=\"person-card__image wp-post-image\" alt=\"\" srcset=\"https:\/\/medicina.udd.cl\/fonoaudiologia-santiago\/files\/2013\/07\/Ma.Angelica-BN-500x500.png 500w, https:\/\/medicina.udd.cl\/fonoaudiologia-santiago\/files\/2013\/07\/Ma.Angelica-BN-150x150.png 150w, https:\/\/medicina.udd.cl\/fonoaudiologia-santiago\/files\/2013\/07\/Ma.Angelica-BN-62x62.png 62w, https:\/\/medicina.udd.cl\/fonoaudiologia-santiago\/files\/2013\/07\/Ma.Angelica-BN-250x250.png 250w, https:\/\/medicina.udd.cl\/fonoaudiologia-santiago\/files\/2013\/07\/Ma.Angelica-BN-126x126.png 126w\" sizes=\"auto, (max-width: 500px) 100vw, 500px\" \/>\t\t<\/div>\n\t\t\t<div class=\"person-card__content\">\n\t\t\t<h3 class=\"person-card__name\">Mar\u00eda Ang\u00e9lica L\u00f3pez O\u00f1att<\/h3>\n\t\t\t\t\t<span class=\"person-card__description\">Directora de Fonoaudiolog\u00eda<\/span>\n\t\t\t\t\t<span class=\"person-card__cta\">Ver perfil<\/span>\n\t\t<\/div>\n\t<\/a>\n<\/div>\n\t\t\t\t\t<div class=\"person-card\">\n\t<a href=\"https:\/\/medicina.udd.cl\/fonoaudiologia-santiago\/persona\/maria-antonella-urzua-dell-anno\/\"\n\t\tclass=\"person-card__inner js-person-modal\"\n\t\tdata-post-id=\"1755\"\n\t\tdata-postid=\"1755\"\n\t>\n\t\t\t<div class=\"person-card__media\">\n\t\t\t<img loading=\"lazy\" decoding=\"async\" width=\"350\" height=\"350\" src=\"https:\/\/medicina.udd.cl\/fonoaudiologia-santiago\/files\/2013\/07\/Antonella-Urz\u00faa.byn_.jpg\" class=\"person-card__image wp-post-image\" alt=\"\" srcset=\"https:\/\/medicina.udd.cl\/fonoaudiologia-santiago\/files\/2013\/07\/Antonella-Urz\u00faa.byn_.jpg 350w, https:\/\/medicina.udd.cl\/fonoaudiologia-santiago\/files\/2013\/07\/Antonella-Urz\u00faa.byn_-150x150.jpg 150w, https:\/\/medicina.udd.cl\/fonoaudiologia-santiago\/files\/2013\/07\/Antonella-Urz\u00faa.byn_-300x300.jpg 300w, https:\/\/medicina.udd.cl\/fonoaudiologia-santiago\/files\/2013\/07\/Antonella-Urz\u00faa.byn_-62x62.jpg 62w, https:\/\/medicina.udd.cl\/fonoaudiologia-santiago\/files\/2013\/07\/Antonella-Urz\u00faa.byn_-250x250.jpg 250w, https:\/\/medicina.udd.cl\/fonoaudiologia-santiago\/files\/2013\/07\/Antonella-Urz\u00faa.byn_-126x126.jpg 126w\" sizes=\"auto, (max-width: 350px) 100vw, 350px\" \/>\t\t<\/div>\n\t\t\t<div class=\"person-card__content\">\n\t\t\t<h3 class=\"person-card__name\">Mar\u00eda Antonella  Urz\u00faa Dell&#8217; Anno<\/h3>\n\t\t\t\t\t<span class=\"person-card__description\">Coordinadora Acad\u00e9mica<\/span>\n\t\t\t\t\t<span class=\"person-card__cta\">Ver perfil<\/span>\n\t\t<\/div>\n\t<\/a>\n<\/div>\n\t\t\t\t\t<div class=\"person-card\">\n\t<a href=\"https:\/\/medicina.udd.cl\/fonoaudiologia-santiago\/persona\/patricio-orellana-marambio\/\"\n\t\tclass=\"person-card__inner js-person-modal\"\n\t\tdata-post-id=\"2031\"\n\t\tdata-postid=\"2031\"\n\t>\n\t\t\t<div class=\"person-card__media\">\n\t\t\t<img loading=\"lazy\" decoding=\"async\" width=\"500\" height=\"500\" src=\"https:\/\/medicina.udd.cl\/fonoaudiologia-santiago\/files\/2013\/10\/PATRICIO-ORELLANA.byn_-500x500.jpg\" class=\"person-card__image wp-post-image\" alt=\"\" srcset=\"https:\/\/medicina.udd.cl\/fonoaudiologia-santiago\/files\/2013\/10\/PATRICIO-ORELLANA.byn_-500x500.jpg 500w, https:\/\/medicina.udd.cl\/fonoaudiologia-santiago\/files\/2013\/10\/PATRICIO-ORELLANA.byn_-150x150.jpg 150w, https:\/\/medicina.udd.cl\/fonoaudiologia-santiago\/files\/2013\/10\/PATRICIO-ORELLANA.byn_-62x62.jpg 62w, https:\/\/medicina.udd.cl\/fonoaudiologia-santiago\/files\/2013\/10\/PATRICIO-ORELLANA.byn_-750x750.jpg 750w, https:\/\/medicina.udd.cl\/fonoaudiologia-santiago\/files\/2013\/10\/PATRICIO-ORELLANA.byn_-250x250.jpg 250w, https:\/\/medicina.udd.cl\/fonoaudiologia-santiago\/files\/2013\/10\/PATRICIO-ORELLANA.byn_-126x126.jpg 126w\" sizes=\"auto, (max-width: 500px) 100vw, 500px\" \/>\t\t<\/div>\n\t\t\t<div class=\"person-card__content\">\n\t\t\t<h3 class=\"person-card__name\">Patricio Orellana Marambio<\/h3>\n\t\t\t\t\t<span class=\"person-card__description\">Coordinador del \u00c1rea de Voz y Postgrado<\/span>\n\t\t\t\t\t<span class=\"person-card__cta\">Ver perfil<\/span>\n\t\t<\/div>\n\t<\/a>\n<\/div>\n\t\t\t\t\t<div class=\"person-card\">\n\t<a href=\"https:\/\/medicina.udd.cl\/fonoaudiologia-santiago\/persona\/rodrigo-trujillo-manriquez\/\"\n\t\tclass=\"person-card__inner js-person-modal\"\n\t\tdata-post-id=\"1765\"\n\t\tdata-postid=\"1765\"\n\t>\n\t\t\t<div class=\"person-card__media\">\n\t\t\t<img loading=\"lazy\" decoding=\"async\" width=\"500\" height=\"500\" src=\"https:\/\/medicina.udd.cl\/fonoaudiologia-santiago\/files\/2013\/07\/RODRIGO-TRUJILLO.byn_-500x500.jpg\" class=\"person-card__image wp-post-image\" alt=\"\" srcset=\"https:\/\/medicina.udd.cl\/fonoaudiologia-santiago\/files\/2013\/07\/RODRIGO-TRUJILLO.byn_-500x500.jpg 500w, https:\/\/medicina.udd.cl\/fonoaudiologia-santiago\/files\/2013\/07\/RODRIGO-TRUJILLO.byn_-150x150.jpg 150w, https:\/\/medicina.udd.cl\/fonoaudiologia-santiago\/files\/2013\/07\/RODRIGO-TRUJILLO.byn_-62x62.jpg 62w, https:\/\/medicina.udd.cl\/fonoaudiologia-santiago\/files\/2013\/07\/RODRIGO-TRUJILLO.byn_-750x750.jpg 750w, https:\/\/medicina.udd.cl\/fonoaudiologia-santiago\/files\/2013\/07\/RODRIGO-TRUJILLO.byn_-250x250.jpg 250w, https:\/\/medicina.udd.cl\/fonoaudiologia-santiago\/files\/2013\/07\/RODRIGO-TRUJILLO.byn_-126x126.jpg 126w\" sizes=\"auto, (max-width: 500px) 100vw, 500px\" \/>\t\t<\/div>\n\t\t\t<div class=\"person-card__content\">\n\t\t\t<h3 class=\"person-card__name\">Rodrigo  Trujillo Manr\u00edquez<\/h3>\n\t\t\t\t\t<span class=\"person-card__description\">Coordinador \u00c1rea Ling\u00fc\u00edstica<\/span>\n\t\t\t\t\t<span class=\"person-card__cta\">Ver perfil<\/span>\n\t\t<\/div>\n\t<\/a>\n<\/div>\n\t\t\t\t\t<div class=\"person-card\">\n\t<a href=\"https:\/\/medicina.udd.cl\/fonoaudiologia-santiago\/persona\/paulina-fernandez\/\"\n\t\tclass=\"person-card__inner js-person-modal\"\n\t\tdata-post-id=\"1783\"\n\t\tdata-postid=\"1783\"\n\t>\n\t\t\t<div class=\"person-card__media\">\n\t\t\t<img loading=\"lazy\" decoding=\"async\" width=\"281\" height=\"338\" src=\"https:\/\/medicina.udd.cl\/fonoaudiologia-santiago\/files\/2013\/07\/PAULINA-FERNANDEZ.byn_.jpg\" class=\"person-card__image wp-post-image\" alt=\"\" srcset=\"https:\/\/medicina.udd.cl\/fonoaudiologia-santiago\/files\/2013\/07\/PAULINA-FERNANDEZ.byn_.jpg 281w, https:\/\/medicina.udd.cl\/fonoaudiologia-santiago\/files\/2013\/07\/PAULINA-FERNANDEZ.byn_-249x300.jpg 249w\" sizes=\"auto, (max-width: 281px) 100vw, 281px\" \/>\t\t<\/div>\n\t\t\t<div class=\"person-card__content\">\n\t\t\t<h3 class=\"person-card__name\">Paulina  Fern\u00e1ndez Aracena<\/h3>\n\t\t\t\t\t<span class=\"person-card__description\">Coordinadora del \u00c1rea del Lenguaje Infantil-Juvenil<\/span>\n\t\t\t\t\t<span class=\"person-card__cta\">Ver perfil<\/span>\n\t\t<\/div>\n\t<\/a>\n<\/div>\n\t\t\t\t\t<div class=\"person-card\">\n\t<a href=\"https:\/\/medicina.udd.cl\/fonoaudiologia-santiago\/persona\/paulina-kunstmann\/\"\n\t\tclass=\"person-card__inner js-person-modal\"\n\t\tdata-post-id=\"1781\"\n\t\tdata-postid=\"1781\"\n\t>\n\t\t\t<div class=\"person-card__media\">\n\t\t\t<img loading=\"lazy\" decoding=\"async\" width=\"354\" height=\"388\" src=\"https:\/\/medicina.udd.cl\/fonoaudiologia-santiago\/files\/2013\/07\/VALERIA-GONZALEZ.byn_.jpg\" class=\"person-card__image wp-post-image\" alt=\"\" srcset=\"https:\/\/medicina.udd.cl\/fonoaudiologia-santiago\/files\/2013\/07\/VALERIA-GONZALEZ.byn_.jpg 354w, https:\/\/medicina.udd.cl\/fonoaudiologia-santiago\/files\/2013\/07\/VALERIA-GONZALEZ.byn_-274x300.jpg 274w\" sizes=\"auto, (max-width: 354px) 100vw, 354px\" \/>\t\t<\/div>\n\t\t\t<div class=\"person-card__content\">\n\t\t\t<h3 class=\"person-card__name\">Valeria Gonz\u00e1lez Benvenutto<\/h3>\n\t\t\t\t\t<span class=\"person-card__description\">Coordinadora \u00c1rea Comunicaci\u00f3n y Degluci\u00f3n Adultos<\/span>\n\t\t\t\t\t<span class=\"person-card__cta\">Ver perfil<\/span>\n\t\t<\/div>\n\t<\/a>\n<\/div>\n\t\t\t\t\t<div class=\"person-card\">\n\t<a href=\"https:\/\/medicina.udd.cl\/fonoaudiologia-santiago\/persona\/maria-jesus-schnake-ferrer\/\"\n\t\tclass=\"person-card__inner js-person-modal\"\n\t\tdata-post-id=\"1771\"\n\t\tdata-postid=\"1771\"\n\t>\n\t\t\t<div class=\"person-card__media\">\n\t\t\t<img loading=\"lazy\" decoding=\"async\" width=\"321\" height=\"391\" src=\"https:\/\/medicina.udd.cl\/fonoaudiologia-santiago\/files\/2013\/07\/MARIA-JESUS-SCHNACKE.byn_.jpg\" class=\"person-card__image wp-post-image\" alt=\"\" srcset=\"https:\/\/medicina.udd.cl\/fonoaudiologia-santiago\/files\/2013\/07\/MARIA-JESUS-SCHNACKE.byn_.jpg 321w, https:\/\/medicina.udd.cl\/fonoaudiologia-santiago\/files\/2013\/07\/MARIA-JESUS-SCHNACKE.byn_-246x300.jpg 246w\" sizes=\"auto, (max-width: 321px) 100vw, 321px\" \/>\t\t<\/div>\n\t\t\t<div class=\"person-card__content\">\n\t\t\t<h3 class=\"person-card__name\">Mar\u00eda Jes\u00fas  Schnake Ferrer<\/h3>\n\t\t\t\t\t<span class=\"person-card__description\">Coordinadora Habilitaci\u00f3n Campos Cl\u00ednicos<\/span>\n\t\t\t\t\t<span class=\"person-card__cta\">Ver perfil<\/span>\n\t\t<\/div>\n\t<\/a>\n<\/div>\n\t\t\t\t\t<div class=\"person-card\">\n\t<a href=\"https:\/\/medicina.udd.cl\/fonoaudiologia-santiago\/persona\/ivan-castillo-caceres\/\"\n\t\tclass=\"person-card__inner js-person-modal\"\n\t\tdata-post-id=\"1773\"\n\t\tdata-postid=\"1773\"\n\t>\n\t\t\t<div class=\"person-card__media\">\n\t\t\t<img loading=\"lazy\" decoding=\"async\" width=\"500\" height=\"500\" src=\"https:\/\/medicina.udd.cl\/fonoaudiologia-santiago\/files\/2013\/07\/Iv\u00e1n-Castillo.byn_-500x500.jpg\" class=\"person-card__image wp-post-image\" alt=\"\" srcset=\"https:\/\/medicina.udd.cl\/fonoaudiologia-santiago\/files\/2013\/07\/Iv\u00e1n-Castillo.byn_-500x500.jpg 500w, https:\/\/medicina.udd.cl\/fonoaudiologia-santiago\/files\/2013\/07\/Iv\u00e1n-Castillo.byn_-150x150.jpg 150w, https:\/\/medicina.udd.cl\/fonoaudiologia-santiago\/files\/2013\/07\/Iv\u00e1n-Castillo.byn_-62x62.jpg 62w, https:\/\/medicina.udd.cl\/fonoaudiologia-santiago\/files\/2013\/07\/Iv\u00e1n-Castillo.byn_-750x750.jpg 750w, https:\/\/medicina.udd.cl\/fonoaudiologia-santiago\/files\/2013\/07\/Iv\u00e1n-Castillo.byn_-250x250.jpg 250w, https:\/\/medicina.udd.cl\/fonoaudiologia-santiago\/files\/2013\/07\/Iv\u00e1n-Castillo.byn_-126x126.jpg 126w\" sizes=\"auto, (max-width: 500px) 100vw, 500px\" \/>\t\t<\/div>\n\t\t\t<div class=\"person-card__content\">\n\t\t\t<h3 class=\"person-card__name\">Iv\u00e1n  Castillo C\u00e1ceres<\/h3>\n\t\t\t\t\t<span class=\"person-card__description\">Docente \u00c1rea Motricidad Orofacial <\/span>\n\t\t\t\t\t<span class=\"person-card__cta\">Ver perfil<\/span>\n\t\t<\/div>\n\t<\/a>\n<\/div>\n\t\t\t\t\t<div class=\"person-card\">\n\t<a href=\"https:\/\/medicina.udd.cl\/fonoaudiologia-santiago\/persona\/claudia-gillmore-san-martin\/\"\n\t\tclass=\"person-card__inner js-person-modal\"\n\t\tdata-post-id=\"3503\"\n\t\tdata-postid=\"3503\"\n\t>\n\t\t\t<div class=\"person-card__media\">\n\t\t\t<img loading=\"lazy\" decoding=\"async\" width=\"500\" height=\"500\" src=\"https:\/\/medicina.udd.cl\/fonoaudiologia-santiago\/files\/2016\/09\/claudia-guilmore-byn_-500x500.jpg\" class=\"person-card__image wp-post-image\" alt=\"\" srcset=\"https:\/\/medicina.udd.cl\/fonoaudiologia-santiago\/files\/2016\/09\/claudia-guilmore-byn_-500x500.jpg 500w, https:\/\/medicina.udd.cl\/fonoaudiologia-santiago\/files\/2016\/09\/claudia-guilmore-byn_-300x300.jpg 300w, https:\/\/medicina.udd.cl\/fonoaudiologia-santiago\/files\/2016\/09\/claudia-guilmore-byn_-1024x1024.jpg 1024w, https:\/\/medicina.udd.cl\/fonoaudiologia-santiago\/files\/2016\/09\/claudia-guilmore-byn_-150x150.jpg 150w, https:\/\/medicina.udd.cl\/fonoaudiologia-santiago\/files\/2016\/09\/claudia-guilmore-byn_-768x768.jpg 768w, https:\/\/medicina.udd.cl\/fonoaudiologia-santiago\/files\/2016\/09\/claudia-guilmore-byn_-62x62.jpg 62w, https:\/\/medicina.udd.cl\/fonoaudiologia-santiago\/files\/2016\/09\/claudia-guilmore-byn_-1536x1536.jpg 1536w, https:\/\/medicina.udd.cl\/fonoaudiologia-santiago\/files\/2016\/09\/claudia-guilmore-byn_-750x750.jpg 750w, https:\/\/medicina.udd.cl\/fonoaudiologia-santiago\/files\/2016\/09\/claudia-guilmore-byn_-250x250.jpg 250w, https:\/\/medicina.udd.cl\/fonoaudiologia-santiago\/files\/2016\/09\/claudia-guilmore-byn_-126x126.jpg 126w, https:\/\/medicina.udd.cl\/fonoaudiologia-santiago\/files\/2016\/09\/claudia-guilmore-byn_.jpg 1696w\" sizes=\"auto, (max-width: 500px) 100vw, 500px\" \/>\t\t<\/div>\n\t\t\t<div class=\"person-card__content\">\n\t\t\t<h3 class=\"person-card__name\">Claudia Gillmore San Mart\u00edn<\/h3>\n\t\t\t\t\t<span class=\"person-card__description\">Docente \u00c1rea Investigaci\u00f3n<\/span>\n\t\t\t\t\t<span class=\"person-card__cta\">Ver perfil<\/span>\n\t\t<\/div>\n\t<\/a>\n<\/div>\n\t\t\t\t\t<div class=\"person-card\">\n\t<a href=\"https:\/\/medicina.udd.cl\/fonoaudiologia-santiago\/persona\/gloria-garcia-del-solar\/\"\n\t\tclass=\"person-card__inner js-person-modal\"\n\t\tdata-post-id=\"2597\"\n\t\tdata-postid=\"2597\"\n\t>\n\t\t\t<div class=\"person-card__media\">\n\t\t\t<img loading=\"lazy\" decoding=\"async\" width=\"327\" height=\"411\" src=\"https:\/\/medicina.udd.cl\/fonoaudiologia-santiago\/files\/2015\/03\/GLORIA-GARC\u00cdA.byn_.jpg\" class=\"person-card__image wp-post-image\" alt=\"\" srcset=\"https:\/\/medicina.udd.cl\/fonoaudiologia-santiago\/files\/2015\/03\/GLORIA-GARC\u00cdA.byn_.jpg 327w, https:\/\/medicina.udd.cl\/fonoaudiologia-santiago\/files\/2015\/03\/GLORIA-GARC\u00cdA.byn_-239x300.jpg 239w\" sizes=\"auto, (max-width: 327px) 100vw, 327px\" \/>\t\t<\/div>\n\t\t\t<div class=\"person-card__content\">\n\t\t\t<h3 class=\"person-card__name\">Gloria  Garc\u00eda del Solar<\/h3>\n\t\t\t\t\t<span class=\"person-card__description\">Docente \u00c1rea Audiolog\u00eda<\/span>\n\t\t\t\t\t<span class=\"person-card__cta\">Ver perfil<\/span>\n\t\t<\/div>\n\t<\/a>\n<\/div>\n\t\t\t\t\t<div class=\"person-card\">\n\t<a href=\"https:\/\/medicina.udd.cl\/fonoaudiologia-santiago\/persona\/maria-ignacia-martinez-valle\/\"\n\t\tclass=\"person-card__inner js-person-modal\"\n\t\tdata-post-id=\"3115\"\n\t\tdata-postid=\"3115\"\n\t>\n\t\t\t<div class=\"person-card__media\">\n\t\t\t<img loading=\"lazy\" decoding=\"async\" width=\"434\" height=\"402\" src=\"https:\/\/medicina.udd.cl\/fonoaudiologia-santiago\/files\/2016\/03\/IGNACIA-MARTINEZ-VALLE.byn_.jpg\" class=\"person-card__image wp-post-image\" alt=\"\" srcset=\"https:\/\/medicina.udd.cl\/fonoaudiologia-santiago\/files\/2016\/03\/IGNACIA-MARTINEZ-VALLE.byn_.jpg 434w, https:\/\/medicina.udd.cl\/fonoaudiologia-santiago\/files\/2016\/03\/IGNACIA-MARTINEZ-VALLE.byn_-300x278.jpg 300w\" sizes=\"auto, (max-width: 434px) 100vw, 434px\" \/>\t\t<\/div>\n\t\t\t<div class=\"person-card__content\">\n\t\t\t<h3 class=\"person-card__name\">Mar\u00eda Ignacia  Mart\u00ednez Valle<\/h3>\n\t\t\t\t\t<span class=\"person-card__description\">Docente \u00c1rea de Audiolog\u00eda<\/span>\n\t\t\t\t\t<span class=\"person-card__cta\">Ver perfil<\/span>\n\t\t<\/div>\n\t<\/a>\n<\/div>\n\t\t\t\t\t<div class=\"person-card\">\n\t<a href=\"https:\/\/medicina.udd.cl\/fonoaudiologia-santiago\/persona\/sofia-aranda-olivares\/\"\n\t\tclass=\"person-card__inner js-person-modal\"\n\t\tdata-post-id=\"2599\"\n\t\tdata-postid=\"2599\"\n\t>\n\t\t\t<div class=\"person-card__media\">\n\t\t\t<img loading=\"lazy\" decoding=\"async\" width=\"354\" height=\"387\" src=\"https:\/\/medicina.udd.cl\/fonoaudiologia-santiago\/files\/2015\/03\/SOFIA-ARANDA.byn_.jpg\" class=\"person-card__image wp-post-image\" alt=\"\" srcset=\"https:\/\/medicina.udd.cl\/fonoaudiologia-santiago\/files\/2015\/03\/SOFIA-ARANDA.byn_.jpg 354w, https:\/\/medicina.udd.cl\/fonoaudiologia-santiago\/files\/2015\/03\/SOFIA-ARANDA.byn_-274x300.jpg 274w\" sizes=\"auto, (max-width: 354px) 100vw, 354px\" \/>\t\t<\/div>\n\t\t\t<div class=\"person-card__content\">\n\t\t\t<h3 class=\"person-card__name\">Sof\u00eda Aranda Olivares<\/h3>\n\t\t\t\t\t<span class=\"person-card__description\">Docente \u00c1rea Comunicaci\u00f3n y Degluci\u00f3n Adultos<\/span>\n\t\t\t\t\t<span class=\"person-card__cta\">Ver perfil<\/span>\n\t\t<\/div>\n\t<\/a>\n<\/div>\n\t\t\t\t\t<div class=\"person-card\">\n\t<a href=\"https:\/\/medicina.udd.cl\/fonoaudiologia-santiago\/persona\/maria-soledad-cuesta-garcia\/\"\n\t\tclass=\"person-card__inner js-person-modal\"\n\t\tdata-post-id=\"2588\"\n\t\tdata-postid=\"2588\"\n\t>\n\t\t\t<div class=\"person-card__media\">\n\t\t\t<img loading=\"lazy\" decoding=\"async\" width=\"314\" height=\"309\" src=\"https:\/\/medicina.udd.cl\/fonoaudiologia-santiago\/files\/2015\/03\/SOLEDAD-CUESTA.byn_.jpg\" class=\"person-card__image wp-post-image\" alt=\"\" srcset=\"https:\/\/medicina.udd.cl\/fonoaudiologia-santiago\/files\/2015\/03\/SOLEDAD-CUESTA.byn_.jpg 314w, https:\/\/medicina.udd.cl\/fonoaudiologia-santiago\/files\/2015\/03\/SOLEDAD-CUESTA.byn_-300x295.jpg 300w, https:\/\/medicina.udd.cl\/fonoaudiologia-santiago\/files\/2015\/03\/SOLEDAD-CUESTA.byn_-62x62.jpg 62w\" sizes=\"auto, (max-width: 314px) 100vw, 314px\" \/>\t\t<\/div>\n\t\t\t<div class=\"person-card__content\">\n\t\t\t<h3 class=\"person-card__name\">Mar\u00eda Soledad Cuesta Garc\u00eda<\/h3>\n\t\t\t\t\t<span class=\"person-card__description\">Docente \u00c1rea Lenguaje Infanto &#8211; Juvenil<\/span>\n\t\t\t\t\t<span class=\"person-card__cta\">Ver perfil<\/span>\n\t\t<\/div>\n\t<\/a>\n<\/div>\n\t\t\t\t\t<div class=\"person-card\">\n\t<a href=\"https:\/\/medicina.udd.cl\/fonoaudiologia-santiago\/persona\/ivan-zamorano-reveco\/\"\n\t\tclass=\"person-card__inner js-person-modal\"\n\t\tdata-post-id=\"4076\"\n\t\tdata-postid=\"4076\"\n\t>\n\t\t\t<div class=\"person-card__media\">\n\t\t\t<img loading=\"lazy\" decoding=\"async\" width=\"500\" height=\"500\" src=\"https:\/\/medicina.udd.cl\/fonoaudiologia-santiago\/files\/2018\/03\/Iv\u00e1n-Zamorano.byn_-500x500.jpg\" class=\"person-card__image wp-post-image\" alt=\"\" srcset=\"https:\/\/medicina.udd.cl\/fonoaudiologia-santiago\/files\/2018\/03\/Iv\u00e1n-Zamorano.byn_-500x500.jpg 500w, https:\/\/medicina.udd.cl\/fonoaudiologia-santiago\/files\/2018\/03\/Iv\u00e1n-Zamorano.byn_-150x150.jpg 150w, https:\/\/medicina.udd.cl\/fonoaudiologia-santiago\/files\/2018\/03\/Iv\u00e1n-Zamorano.byn_-62x62.jpg 62w, https:\/\/medicina.udd.cl\/fonoaudiologia-santiago\/files\/2018\/03\/Iv\u00e1n-Zamorano.byn_-750x750.jpg 750w, https:\/\/medicina.udd.cl\/fonoaudiologia-santiago\/files\/2018\/03\/Iv\u00e1n-Zamorano.byn_-250x250.jpg 250w, https:\/\/medicina.udd.cl\/fonoaudiologia-santiago\/files\/2018\/03\/Iv\u00e1n-Zamorano.byn_-126x126.jpg 126w\" sizes=\"auto, (max-width: 500px) 100vw, 500px\" \/>\t\t<\/div>\n\t\t\t<div class=\"person-card__content\">\n\t\t\t<h3 class=\"person-card__name\">Iv\u00e1n Zamorano Reveco<\/h3>\n\t\t\t\t\t<span class=\"person-card__description\">Docente del \u00c1rea de Voz <\/span>\n\t\t\t\t\t<span class=\"person-card__cta\">Ver perfil<\/span>\n\t\t<\/div>\n\t<\/a>\n<\/div>\n\t\t\t\t\t<div class=\"person-card\">\n\t<a href=\"https:\/\/medicina.udd.cl\/fonoaudiologia-santiago\/persona\/pablo-roa-espinoza\/\"\n\t\tclass=\"person-card__inner js-person-modal\"\n\t\tdata-post-id=\"5757\"\n\t\tdata-postid=\"5757\"\n\t>\n\t\t\t<div class=\"person-card__media\">\n\t\t\t<img loading=\"lazy\" decoding=\"async\" width=\"500\" height=\"500\" src=\"https:\/\/medicina.udd.cl\/fonoaudiologia-santiago\/files\/2022\/09\/Flgo.-Pablo-Roa-Espinoza.byn_-500x500.jpg\" class=\"person-card__image wp-post-image\" alt=\"\" srcset=\"https:\/\/medicina.udd.cl\/fonoaudiologia-santiago\/files\/2022\/09\/Flgo.-Pablo-Roa-Espinoza.byn_-500x500.jpg 500w, https:\/\/medicina.udd.cl\/fonoaudiologia-santiago\/files\/2022\/09\/Flgo.-Pablo-Roa-Espinoza.byn_-300x300.jpg 300w, https:\/\/medicina.udd.cl\/fonoaudiologia-santiago\/files\/2022\/09\/Flgo.-Pablo-Roa-Espinoza.byn_-1024x1024.jpg 1024w, https:\/\/medicina.udd.cl\/fonoaudiologia-santiago\/files\/2022\/09\/Flgo.-Pablo-Roa-Espinoza.byn_-150x150.jpg 150w, https:\/\/medicina.udd.cl\/fonoaudiologia-santiago\/files\/2022\/09\/Flgo.-Pablo-Roa-Espinoza.byn_-768x769.jpg 768w, https:\/\/medicina.udd.cl\/fonoaudiologia-santiago\/files\/2022\/09\/Flgo.-Pablo-Roa-Espinoza.byn_-62x62.jpg 62w, https:\/\/medicina.udd.cl\/fonoaudiologia-santiago\/files\/2022\/09\/Flgo.-Pablo-Roa-Espinoza.byn_-750x750.jpg 750w, https:\/\/medicina.udd.cl\/fonoaudiologia-santiago\/files\/2022\/09\/Flgo.-Pablo-Roa-Espinoza.byn_-250x250.jpg 250w, https:\/\/medicina.udd.cl\/fonoaudiologia-santiago\/files\/2022\/09\/Flgo.-Pablo-Roa-Espinoza.byn_-126x126.jpg 126w, https:\/\/medicina.udd.cl\/fonoaudiologia-santiago\/files\/2022\/09\/Flgo.-Pablo-Roa-Espinoza.byn_.jpg 1084w\" sizes=\"auto, (max-width: 500px) 100vw, 500px\" \/>\t\t<\/div>\n\t\t\t<div class=\"person-card__content\">\n\t\t\t<h3 class=\"person-card__name\">Pablo Roa Espinoza<\/h3>\n\t\t\t\t\t<span class=\"person-card__description\">Docente \u00c1rea Adulto<\/span>\n\t\t\t\t\t<span class=\"person-card__cta\">Ver perfil<\/span>\n\t\t<\/div>\n\t<\/a>\n<\/div>\n\t\t\t\t\t<div class=\"person-card\">\n\t<a href=\"https:\/\/medicina.udd.cl\/fonoaudiologia-santiago\/persona\/patricia-rojas-cruz\/\"\n\t\tclass=\"person-card__inner js-person-modal\"\n\t\tdata-post-id=\"3459\"\n\t\tdata-postid=\"3459\"\n\t>\n\t\t\t<div class=\"person-card__media\">\n\t\t\t<img loading=\"lazy\" decoding=\"async\" width=\"500\" height=\"500\" src=\"https:\/\/medicina.udd.cl\/fonoaudiologia-santiago\/files\/2016\/08\/Patricia-Rojas.byn_-500x500.jpg\" class=\"person-card__image wp-post-image\" alt=\"\" srcset=\"https:\/\/medicina.udd.cl\/fonoaudiologia-santiago\/files\/2016\/08\/Patricia-Rojas.byn_-500x500.jpg 500w, https:\/\/medicina.udd.cl\/fonoaudiologia-santiago\/files\/2016\/08\/Patricia-Rojas.byn_-150x150.jpg 150w, https:\/\/medicina.udd.cl\/fonoaudiologia-santiago\/files\/2016\/08\/Patricia-Rojas.byn_-300x300.jpg 300w, https:\/\/medicina.udd.cl\/fonoaudiologia-santiago\/files\/2016\/08\/Patricia-Rojas.byn_-1024x1021.jpg 1024w, https:\/\/medicina.udd.cl\/fonoaudiologia-santiago\/files\/2016\/08\/Patricia-Rojas.byn_-62x62.jpg 62w, https:\/\/medicina.udd.cl\/fonoaudiologia-santiago\/files\/2016\/08\/Patricia-Rojas.byn_-750x750.jpg 750w, https:\/\/medicina.udd.cl\/fonoaudiologia-santiago\/files\/2016\/08\/Patricia-Rojas.byn_-250x250.jpg 250w, https:\/\/medicina.udd.cl\/fonoaudiologia-santiago\/files\/2016\/08\/Patricia-Rojas.byn_-126x126.jpg 126w\" sizes=\"auto, (max-width: 500px) 100vw, 500px\" \/>\t\t<\/div>\n\t\t\t<div class=\"person-card__content\">\n\t\t\t<h3 class=\"person-card__name\">Patricia Rojas Cruz<\/h3>\n\t\t\t\t\t<span class=\"person-card__description\">Secretaria de Fonoaudiolog\u00eda<\/span>\n\t\t\t\t\t<span class=\"person-card__cta\">Ver perfil<\/span>\n\t\t<\/div>\n\t<\/a>\n<\/div>\n\t\t\t\t<\/div>\n\t<\/div>\n<\/section>\n","protected":false},"excerpt":{"rendered":"","protected":false},"author":9192194,"featured_media":0,"parent":0,"menu_order":0,"comment_status":"closed","ping_status":"closed","template":"","meta":{"footnotes":""},"class_list":["post-4859","page","type-page","status-publish","hentry"],"yoast_head":"<!-- This site is optimized with the Yoast SEO plugin v26.9 - https:\/\/yoast.com\/product\/yoast-seo-wordpress\/ -->\n<title>Nuestro Equipo - Fonoaudiolog\u00eda<\/title>\n<meta name=\"robots\" content=\"index, follow, max-snippet:-1, max-image-preview:large, max-video-preview:-1\" \/>\n<link rel=\"canonical\" href=\"https:\/\/medicina.udd.cl\/fonoaudiologia-santiago\/nuestro-equipo\/\" \/>\n<meta property=\"og:locale\" content=\"es_ES\" \/>\n<meta property=\"og:type\" content=\"article\" \/>\n<meta property=\"og:title\" content=\"Nuestro Equipo - Fonoaudiolog\u00eda\" \/>\n<meta property=\"og:url\" content=\"https:\/\/medicina.udd.cl\/fonoaudiologia-santiago\/nuestro-equipo\/\" \/>\n<meta property=\"og:site_name\" content=\"Fonoaudiolog\u00eda\" \/>\n<meta property=\"article:modified_time\" content=\"2026-03-10T19:14:07+00:00\" \/>\n<meta name=\"twitter:label1\" content=\"Tiempo de lectura\" \/>\n\t<meta name=\"twitter:data1\" content=\"1 minuto\" \/>\n<script type=\"application\/ld+json\" class=\"yoast-schema-graph\">{\"@context\":\"https:\/\/schema.org\",\"@graph\":[{\"@type\":\"WebPage\",\"@id\":\"https:\/\/medicina.udd.cl\/fonoaudiologia-santiago\/nuestro-equipo\/\",\"url\":\"https:\/\/medicina.udd.cl\/fonoaudiologia-santiago\/nuestro-equipo\/\",\"name\":\"Nuestro Equipo - Fonoaudiolog\u00eda\",\"isPartOf\":{\"@id\":\"https:\/\/medicina.udd.cl\/fonoaudiologia-santiago\/#website\"},\"datePublished\":\"2020-05-08T02:46:52+00:00\",\"dateModified\":\"2026-03-10T19:14:07+00:00\",\"breadcrumb\":{\"@id\":\"https:\/\/medicina.udd.cl\/fonoaudiologia-santiago\/nuestro-equipo\/#breadcrumb\"},\"inLanguage\":\"es\",\"potentialAction\":[{\"@type\":\"ReadAction\",\"target\":[\"https:\/\/medicina.udd.cl\/fonoaudiologia-santiago\/nuestro-equipo\/\"]}]},{\"@type\":\"BreadcrumbList\",\"@id\":\"https:\/\/medicina.udd.cl\/fonoaudiologia-santiago\/nuestro-equipo\/#breadcrumb\",\"itemListElement\":[{\"@type\":\"ListItem\",\"position\":1,\"name\":\"Home\",\"item\":\"https:\/\/medicina.udd.cl\/fonoaudiologia-santiago\/\"},{\"@type\":\"ListItem\",\"position\":2,\"name\":\"Nuestro Equipo\"}]},{\"@type\":\"WebSite\",\"@id\":\"https:\/\/medicina.udd.cl\/fonoaudiologia-santiago\/#website\",\"url\":\"https:\/\/medicina.udd.cl\/fonoaudiologia-santiago\/\",\"name\":\"Fonoaudiolog\u00eda\",\"description\":\"Facultad de Medicina Cl\u00ednica Alemana Universidad del Desarrollo\",\"inLanguage\":\"es\"}]}<\/script>\n<!-- \/ Yoast SEO plugin. -->","yoast_head_json":{"title":"Nuestro Equipo - Fonoaudiolog\u00eda","robots":{"index":"index","follow":"follow","max-snippet":"max-snippet:-1","max-image-preview":"max-image-preview:large","max-video-preview":"max-video-preview:-1"},"canonical":"https:\/\/medicina.udd.cl\/fonoaudiologia-santiago\/nuestro-equipo\/","og_locale":"es_ES","og_type":"article","og_title":"Nuestro Equipo - Fonoaudiolog\u00eda","og_url":"https:\/\/medicina.udd.cl\/fonoaudiologia-santiago\/nuestro-equipo\/","og_site_name":"Fonoaudiolog\u00eda","article_modified_time":"2026-03-10T19:14:07+00:00","twitter_misc":{"Tiempo de lectura":"1 minuto"},"schema":{"@context":"https:\/\/schema.org","@graph":[{"@type":"WebPage","@id":"https:\/\/medicina.udd.cl\/fonoaudiologia-santiago\/nuestro-equipo\/","url":"https:\/\/medicina.udd.cl\/fonoaudiologia-santiago\/nuestro-equipo\/","name":"Nuestro Equipo - Fonoaudiolog\u00eda","isPartOf":{"@id":"https:\/\/medicina.udd.cl\/fonoaudiologia-santiago\/#website"},"datePublished":"2020-05-08T02:46:52+00:00","dateModified":"2026-03-10T19:14:07+00:00","breadcrumb":{"@id":"https:\/\/medicina.udd.cl\/fonoaudiologia-santiago\/nuestro-equipo\/#breadcrumb"},"inLanguage":"es","potentialAction":[{"@type":"ReadAction","target":["https:\/\/medicina.udd.cl\/fonoaudiologia-santiago\/nuestro-equipo\/"]}]},{"@type":"BreadcrumbList","@id":"https:\/\/medicina.udd.cl\/fonoaudiologia-santiago\/nuestro-equipo\/#breadcrumb","itemListElement":[{"@type":"ListItem","position":1,"name":"Home","item":"https:\/\/medicina.udd.cl\/fonoaudiologia-santiago\/"},{"@type":"ListItem","position":2,"name":"Nuestro Equipo"}]},{"@type":"WebSite","@id":"https:\/\/medicina.udd.cl\/fonoaudiologia-santiago\/#website","url":"https:\/\/medicina.udd.cl\/fonoaudiologia-santiago\/","name":"Fonoaudiolog\u00eda","description":"Facultad de Medicina Cl\u00ednica Alemana Universidad del Desarrollo","inLanguage":"es"}]}},"_links":{"self":[{"href":"https:\/\/medicina.udd.cl\/fonoaudiologia-santiago\/wp-json\/wp\/v2\/pages\/4859","targetHints":{"allow":["GET"]}}],"collection":[{"href":"https:\/\/medicina.udd.cl\/fonoaudiologia-santiago\/wp-json\/wp\/v2\/pages"}],"about":[{"href":"https:\/\/medicina.udd.cl\/fonoaudiologia-santiago\/wp-json\/wp\/v2\/types\/page"}],"author":[{"embeddable":true,"href":"https:\/\/medicina.udd.cl\/fonoaudiologia-santiago\/wp-json\/wp\/v2\/users\/9192194"}],"replies":[{"embeddable":true,"href":"https:\/\/medicina.udd.cl\/fonoaudiologia-santiago\/wp-json\/wp\/v2\/comments?post=4859"}],"version-history":[{"count":15,"href":"https:\/\/medicina.udd.cl\/fonoaudiologia-santiago\/wp-json\/wp\/v2\/pages\/4859\/revisions"}],"predecessor-version":[{"id":7352,"href":"https:\/\/medicina.udd.cl\/fonoaudiologia-santiago\/wp-json\/wp\/v2\/pages\/4859\/revisions\/7352"}],"wp:attachment":[{"href":"https:\/\/medicina.udd.cl\/fonoaudiologia-santiago\/wp-json\/wp\/v2\/media?parent=4859"}],"curies":[{"name":"wp","href":"https:\/\/api.w.org\/{rel}","templated":true}]}}