{"id":6221,"date":"2023-10-17T10:11:46","date_gmt":"2023-10-17T13:11:46","guid":{"rendered":"https:\/\/medicina.udd.cl\/fonoaudiologia-santiago\/?page_id=6221"},"modified":"2023-10-23T10:50:56","modified_gmt":"2023-10-23T13:50:56","slug":"charla-vivir-una-experiencia-de-comunicacion","status":"publish","type":"page","link":"https:\/\/medicina.udd.cl\/fonoaudiologia-santiago\/charla-vivir-una-experiencia-de-comunicacion\/","title":{"rendered":"Charla: \u201cVivir una experiencia de comunicaci\u00f3n\u201d"},"content":{"rendered":"\n<figure class=\"wp-block-image alignright size-large is-resized\"><a href=\"https:\/\/medicina.udd.cl\/fonoaudiologia-santiago\/files\/2023\/10\/fono28oct.png\"><img loading=\"lazy\" decoding=\"async\" src=\"https:\/\/medicina.udd.cl\/fonoaudiologia-santiago\/files\/2023\/10\/fono28oct-1024x576.png\" alt=\"\" class=\"wp-image-6224\" width=\"512\" height=\"288\" srcset=\"https:\/\/medicina.udd.cl\/fonoaudiologia-santiago\/files\/2023\/10\/fono28oct-1024x576.png 1024w, https:\/\/medicina.udd.cl\/fonoaudiologia-santiago\/files\/2023\/10\/fono28oct-300x169.png 300w, https:\/\/medicina.udd.cl\/fonoaudiologia-santiago\/files\/2023\/10\/fono28oct-768x432.png 768w, https:\/\/medicina.udd.cl\/fonoaudiologia-santiago\/files\/2023\/10\/fono28oct-1536x864.png 1536w, https:\/\/medicina.udd.cl\/fonoaudiologia-santiago\/files\/2023\/10\/fono28oct.png 1920w, https:\/\/medicina.udd.cl\/fonoaudiologia-santiago\/files\/2023\/10\/fono28oct-1366x768.png 1366w, https:\/\/medicina.udd.cl\/fonoaudiologia-santiago\/files\/2023\/10\/fono28oct-952x534.png 952w, https:\/\/medicina.udd.cl\/fonoaudiologia-santiago\/files\/2023\/10\/fono28oct-680x382.png 680w\" sizes=\"auto, (max-width: 512px) 100vw, 512px\" \/><\/a><\/figure>\n\n\n\n<p>La charla <em>\u201cVivir una oportunidad de Comunicaci\u00f3n\u201d<\/em>, se presenta como una actividad dentro del mes de la Concientizaci\u00f3n sobre el S\u00edndrome de Rett que se conmemora en todo el mundo durante octubre. Es por eso que la carrera de Fonoaudiolog\u00eda de la Facultad de Medicina Cl\u00ednica Alemana Universidad del Desarrollo, se suma a estas actividades invitando a esta charla, cuyo objetivo es crear conciencia sobre el uso de intervenciones de Comunicaci\u00f3n Aumentativa y Alternativa que puede ayudar a las personas con S\u00edndrome de Rett a acceder a la comunicaci\u00f3n a trav\u00e9s de sistemas de alta tecnolog\u00eda que, de acuerdo a la evidencia, se adecuan m\u00e1s a sus caracter\u00edsticas y necesidades, mejorando as\u00ed la calidad de sus vidas.&nbsp;<\/p>\n\n\n\n<p><strong>DIRIGIDO:<\/strong><\/p>\n\n\n\n<p>Familias con hijas e hijos con S\u00edndrome de RETT en Chile, &nbsp;Comunidad Latinoamericana que es parte de RETTLatina<strong>, <\/strong>Fonoaudi\u00f3logos, Educadores Diferenciales, Psicopedagogos, Psic\u00f3logos, Terapeutas Ocupacionales, y&nbsp; alumnos de carreras afines.<\/p>\n\n\n<!-- WP Block: UDD - Cards Alternate -->\n<section class=\"wp-block-udd-cards\" style=\"--udd-blocks-has-columns-number: 3\">\n\t<div class=\"container\">\n\t\t\t\t\t\t\t\t\t<div class=\"block__content\">\n\t\t\t<div class=\"cards\">\n\t\t\t\t\t\t\t\t\t\t\t\t\t\t\t\t\t<div class=\"card-wrapper\">\n\t\t\t\t\t\t<div class=\"card\">\n\t\t\t\t\t\t\t<h3 class=\"card__title\">FECHA<\/h3>\n\t\t\t\t\t\t\t\t\t\t\t\t\t\t<div class=\"card__description\">\n\t\t\t\t\t\t\t\t<p>S\u00e1bado 28 de octubre<\/p>\n\t\t\t\t\t\t\t<\/div>\n\t\t\t\t\t\t\t\t\t\t\t\t\t<\/div>\n\t\t\t\t\t<\/div>\n\t\t\t\t\t\t\t\t\t\t\t\t\t\t\t\t\t\t\t\t\t<div class=\"card-wrapper\">\n\t\t\t\t\t\t<div class=\"card\">\n\t\t\t\t\t\t\t<h3 class=\"card__title\">HORARIO<\/h3>\n\t\t\t\t\t\t\t\t\t\t\t\t\t\t<div class=\"card__description\">\n\t\t\t\t\t\t\t\t<p>10:00 a 12:00 hrs. [Chile]<\/p>\n\t\t\t\t\t\t\t<\/div>\n\t\t\t\t\t\t\t\t\t\t\t\t\t<\/div>\n\t\t\t\t\t<\/div>\n\t\t\t\t\t\t\t\t\t\t\t\t\t\t\t\t\t\t\t\t\t<div class=\"card-wrapper\">\n\t\t\t\t\t\t<div class=\"card\">\n\t\t\t\t\t\t\t<h3 class=\"card__title\">TRANSMISI\u00d3N<\/h3>\n\t\t\t\t\t\t\t\t\t\t\t\t\t\t<div class=\"card__description\">\n\t\t\t\t\t\t\t\t<p>Zoom y uddtv.udd.cl <\/p>\n\t\t\t\t\t\t\t<\/div>\n\t\t\t\t\t\t\t\t\t\t\t\t\t<\/div>\n\t\t\t\t\t<\/div>\n\t\t\t\t\t\t\t\t\t\t<\/div>\n\t\t<\/div>\n\t<\/div>\n<\/section>\n\n\n\n<p><\/p>\n\n\n<div id=\"udd-accordion--1\" class=\"js-accordion accordion\">\n\t<div class=\"accordion__header\">\n\t\t<h3 class=\"accordion__title\">\n\t\t\t<a href=\"#udd-accordion--1__content\" class=\"js-accordion-collapse\" aria-expanded=\"false\" aria-controls=\"#udd-accordion--1\">\n\t\t\t\tEXPOSITORES\t\t\t<\/a>\n\t\t<\/h3>\n\t<\/div>\n\t<div id=\"udd-accordion--1__content\" class=\"accordion__content text js-accordion-content\">\n\t\t<ul class=\"wp-block-list\">\n<li><strong>Claudia Marim\u00f3n R.<\/strong> [Profesora de Educaci\u00f3n Especial; Docente carrera de Fonoaudiolog\u00eda; Directora del Diplomado en Comunicaci\u00f3n Aumentativa Alternativa. Universidad del Desarrollo. Chile].<\/li>\n<\/ul>\n<ul class=\"wp-block-list\">\n<li><strong>Ma. Soledad Cuesta<\/strong> [Fonoaudi\u00f3loga Centro de Rehabilitaci\u00f3n Amancay; Docente carrera de Fonoaudiolog\u00eda; Coordinadora del Diplomado en Comunicaci\u00f3n Aumentativa Alternativa. Universidad del Desarrollo. Chile].<\/li>\n<\/ul>\n<ul class=\"wp-block-list\">\n<li><strong>Sof\u00eda Honeyman L.<\/strong> [Mam\u00e1 de Olivia y compa\u00f1era de comunicaci\u00f3n. Miembro de la Fundaci\u00f3n \u201c\u201cCaminamos por ellas y ellos\u201d. S\u00edndrome de Rett].<\/li>\n<\/ul>\n\t<\/div>\n<\/div>\n\n\n\n<h3 class=\"has-text-align-left wp-block-heading\">-&gt; <a href=\"https:\/\/docs.google.com\/forms\/d\/e\/1FAIpQLSdR5m2Dm0ehRpQPoRq1duQGI_m4yLH6orEv1JMCNzsYOvIKIQ\/viewform\"><strong>INSCRIPCIONES GRATUITAS<\/strong><\/a> <\/h3>\n\n\n<section\n\tclass=\"wp-block-udd-contacts\"\n\t\t>\n\t\t<div class=\"block__bg\">\n\t\t\t<\/div>\n\t\t<div class=\"container\">\n\t\t<header class=\"block__header\">\n\t\t\t<h2 class=\"block__title\">CONTACTO<\/h2>\n\t\t<\/header>\n\t\t<div class=\"block__content\">\n\t\t\t<ul class=\"contacts\">\n\t\t\t\t\t\t\t<li class=\"contact\">\n\t\t\t\t\t<div class=\"person-contact\">\n\t\t\t\t\t\t\t\t\t\t\t\t<h3 class=\"person-contact__name\">Claudia Marim\u00f3n<\/h3>\n\t\t\t\t\t\t\t\t\t\t\t\t\t\t\t\t\t\t\t\t\t\t\t\t\t\t\t\t\t\t\t\t\t\t\t\t\t<span class=\"person-contact__email\">Email: <a href=\"mailto:c&#109;&#097;&#114;i&#109;on&#064;&#117;dd&#046;cl\">c&#109;a&#114;&#105;m&#111;&#110;&#064;&#117;dd.c&#108;<\/a><\/span>\n\t\t\t\t\t\t\t\t\t\t\t<\/div>\n\t\t\t\t<\/li>\n\t\t\t\t\t\t<\/ul>\n\t\t<\/div>\n\t<\/div>\n<\/section>\n","protected":false},"excerpt":{"rendered":"<p>La charla \u201cVivir una oportunidad de Comunicaci\u00f3n\u201d, se presenta como una actividad dentro del mes de la Concientizaci\u00f3n sobre el S\u00edndrome de Rett que se conmemora en todo el mundo durante octubre. Es por eso que la carrera de Fonoaudiolog\u00eda de la Facultad de Medicina Cl\u00ednica Alemana Universidad del Desarrollo, se suma a estas actividades [&hellip;]<\/p>\n","protected":false},"author":9192219,"featured_media":0,"parent":0,"menu_order":0,"comment_status":"closed","ping_status":"closed","template":"","meta":{"footnotes":""},"class_list":["post-6221","page","type-page","status-publish","hentry"],"yoast_head":"<!-- This site is optimized with the Yoast SEO plugin v26.9 - https:\/\/yoast.com\/product\/yoast-seo-wordpress\/ -->\n<title>Charla: \u201cVivir una experiencia de comunicaci\u00f3n\u201d - Fonoaudiolog\u00eda<\/title>\n<meta name=\"robots\" content=\"index, follow, max-snippet:-1, max-image-preview:large, max-video-preview:-1\" \/>\n<link rel=\"canonical\" href=\"https:\/\/medicina.udd.cl\/fonoaudiologia-santiago\/charla-vivir-una-experiencia-de-comunicacion\/\" \/>\n<meta property=\"og:locale\" content=\"es_ES\" \/>\n<meta property=\"og:type\" content=\"article\" \/>\n<meta property=\"og:title\" content=\"Charla: \u201cVivir una experiencia de comunicaci\u00f3n\u201d - Fonoaudiolog\u00eda\" \/>\n<meta property=\"og:description\" content=\"La charla \u201cVivir una oportunidad de Comunicaci\u00f3n\u201d, se presenta como una actividad dentro del mes de la Concientizaci\u00f3n sobre el S\u00edndrome de Rett que se conmemora en todo el mundo durante octubre. Es por eso que la carrera de Fonoaudiolog\u00eda de la Facultad de Medicina Cl\u00ednica Alemana Universidad del Desarrollo, se suma a estas actividades [&hellip;]\" \/>\n<meta property=\"og:url\" content=\"https:\/\/medicina.udd.cl\/fonoaudiologia-santiago\/charla-vivir-una-experiencia-de-comunicacion\/\" \/>\n<meta property=\"og:site_name\" content=\"Fonoaudiolog\u00eda\" \/>\n<meta property=\"article:modified_time\" content=\"2023-10-23T13:50:56+00:00\" \/>\n<meta property=\"og:image\" content=\"https:\/\/medicina.udd.cl\/fonoaudiologia-santiago\/files\/2023\/10\/fono28oct-1024x576.png\" \/>\n<meta name=\"twitter:label1\" content=\"Tiempo de lectura\" \/>\n\t<meta name=\"twitter:data1\" content=\"2 minutos\" \/>\n<script type=\"application\/ld+json\" class=\"yoast-schema-graph\">{\"@context\":\"https:\/\/schema.org\",\"@graph\":[{\"@type\":\"WebPage\",\"@id\":\"https:\/\/medicina.udd.cl\/fonoaudiologia-santiago\/charla-vivir-una-experiencia-de-comunicacion\/\",\"url\":\"https:\/\/medicina.udd.cl\/fonoaudiologia-santiago\/charla-vivir-una-experiencia-de-comunicacion\/\",\"name\":\"Charla: \u201cVivir una experiencia de comunicaci\u00f3n\u201d - Fonoaudiolog\u00eda\",\"isPartOf\":{\"@id\":\"https:\/\/medicina.udd.cl\/fonoaudiologia-santiago\/#website\"},\"primaryImageOfPage\":{\"@id\":\"https:\/\/medicina.udd.cl\/fonoaudiologia-santiago\/charla-vivir-una-experiencia-de-comunicacion\/#primaryimage\"},\"image\":{\"@id\":\"https:\/\/medicina.udd.cl\/fonoaudiologia-santiago\/charla-vivir-una-experiencia-de-comunicacion\/#primaryimage\"},\"thumbnailUrl\":\"https:\/\/medicina.udd.cl\/fonoaudiologia-santiago\/files\/2023\/10\/fono28oct-1024x576.png\",\"datePublished\":\"2023-10-17T13:11:46+00:00\",\"dateModified\":\"2023-10-23T13:50:56+00:00\",\"breadcrumb\":{\"@id\":\"https:\/\/medicina.udd.cl\/fonoaudiologia-santiago\/charla-vivir-una-experiencia-de-comunicacion\/#breadcrumb\"},\"inLanguage\":\"es\",\"potentialAction\":[{\"@type\":\"ReadAction\",\"target\":[\"https:\/\/medicina.udd.cl\/fonoaudiologia-santiago\/charla-vivir-una-experiencia-de-comunicacion\/\"]}]},{\"@type\":\"ImageObject\",\"inLanguage\":\"es\",\"@id\":\"https:\/\/medicina.udd.cl\/fonoaudiologia-santiago\/charla-vivir-una-experiencia-de-comunicacion\/#primaryimage\",\"url\":\"https:\/\/medicina.udd.cl\/fonoaudiologia-santiago\/files\/2023\/10\/fono28oct.png\",\"contentUrl\":\"https:\/\/medicina.udd.cl\/fonoaudiologia-santiago\/files\/2023\/10\/fono28oct.png\",\"width\":1920,\"height\":1080},{\"@type\":\"BreadcrumbList\",\"@id\":\"https:\/\/medicina.udd.cl\/fonoaudiologia-santiago\/charla-vivir-una-experiencia-de-comunicacion\/#breadcrumb\",\"itemListElement\":[{\"@type\":\"ListItem\",\"position\":1,\"name\":\"Home\",\"item\":\"https:\/\/medicina.udd.cl\/fonoaudiologia-santiago\/\"},{\"@type\":\"ListItem\",\"position\":2,\"name\":\"Charla: \u201cVivir una experiencia de comunicaci\u00f3n\u201d\"}]},{\"@type\":\"WebSite\",\"@id\":\"https:\/\/medicina.udd.cl\/fonoaudiologia-santiago\/#website\",\"url\":\"https:\/\/medicina.udd.cl\/fonoaudiologia-santiago\/\",\"name\":\"Fonoaudiolog\u00eda\",\"description\":\"Facultad de Medicina Cl\u00ednica Alemana Universidad del Desarrollo\",\"inLanguage\":\"es\"}]}<\/script>\n<!-- \/ Yoast SEO plugin. -->","yoast_head_json":{"title":"Charla: \u201cVivir una experiencia de comunicaci\u00f3n\u201d - Fonoaudiolog\u00eda","robots":{"index":"index","follow":"follow","max-snippet":"max-snippet:-1","max-image-preview":"max-image-preview:large","max-video-preview":"max-video-preview:-1"},"canonical":"https:\/\/medicina.udd.cl\/fonoaudiologia-santiago\/charla-vivir-una-experiencia-de-comunicacion\/","og_locale":"es_ES","og_type":"article","og_title":"Charla: \u201cVivir una experiencia de comunicaci\u00f3n\u201d - Fonoaudiolog\u00eda","og_description":"La charla \u201cVivir una oportunidad de Comunicaci\u00f3n\u201d, se presenta como una actividad dentro del mes de la Concientizaci\u00f3n sobre el S\u00edndrome de Rett que se conmemora en todo el mundo durante octubre. Es por eso que la carrera de Fonoaudiolog\u00eda de la Facultad de Medicina Cl\u00ednica Alemana Universidad del Desarrollo, se suma a estas actividades [&hellip;]","og_url":"https:\/\/medicina.udd.cl\/fonoaudiologia-santiago\/charla-vivir-una-experiencia-de-comunicacion\/","og_site_name":"Fonoaudiolog\u00eda","article_modified_time":"2023-10-23T13:50:56+00:00","og_image":[{"url":"https:\/\/medicina.udd.cl\/fonoaudiologia-santiago\/files\/2023\/10\/fono28oct-1024x576.png","type":"","width":"","height":""}],"twitter_misc":{"Tiempo de lectura":"2 minutos"},"schema":{"@context":"https:\/\/schema.org","@graph":[{"@type":"WebPage","@id":"https:\/\/medicina.udd.cl\/fonoaudiologia-santiago\/charla-vivir-una-experiencia-de-comunicacion\/","url":"https:\/\/medicina.udd.cl\/fonoaudiologia-santiago\/charla-vivir-una-experiencia-de-comunicacion\/","name":"Charla: \u201cVivir una experiencia de comunicaci\u00f3n\u201d - Fonoaudiolog\u00eda","isPartOf":{"@id":"https:\/\/medicina.udd.cl\/fonoaudiologia-santiago\/#website"},"primaryImageOfPage":{"@id":"https:\/\/medicina.udd.cl\/fonoaudiologia-santiago\/charla-vivir-una-experiencia-de-comunicacion\/#primaryimage"},"image":{"@id":"https:\/\/medicina.udd.cl\/fonoaudiologia-santiago\/charla-vivir-una-experiencia-de-comunicacion\/#primaryimage"},"thumbnailUrl":"https:\/\/medicina.udd.cl\/fonoaudiologia-santiago\/files\/2023\/10\/fono28oct-1024x576.png","datePublished":"2023-10-17T13:11:46+00:00","dateModified":"2023-10-23T13:50:56+00:00","breadcrumb":{"@id":"https:\/\/medicina.udd.cl\/fonoaudiologia-santiago\/charla-vivir-una-experiencia-de-comunicacion\/#breadcrumb"},"inLanguage":"es","potentialAction":[{"@type":"ReadAction","target":["https:\/\/medicina.udd.cl\/fonoaudiologia-santiago\/charla-vivir-una-experiencia-de-comunicacion\/"]}]},{"@type":"ImageObject","inLanguage":"es","@id":"https:\/\/medicina.udd.cl\/fonoaudiologia-santiago\/charla-vivir-una-experiencia-de-comunicacion\/#primaryimage","url":"https:\/\/medicina.udd.cl\/fonoaudiologia-santiago\/files\/2023\/10\/fono28oct.png","contentUrl":"https:\/\/medicina.udd.cl\/fonoaudiologia-santiago\/files\/2023\/10\/fono28oct.png","width":1920,"height":1080},{"@type":"BreadcrumbList","@id":"https:\/\/medicina.udd.cl\/fonoaudiologia-santiago\/charla-vivir-una-experiencia-de-comunicacion\/#breadcrumb","itemListElement":[{"@type":"ListItem","position":1,"name":"Home","item":"https:\/\/medicina.udd.cl\/fonoaudiologia-santiago\/"},{"@type":"ListItem","position":2,"name":"Charla: \u201cVivir una experiencia de comunicaci\u00f3n\u201d"}]},{"@type":"WebSite","@id":"https:\/\/medicina.udd.cl\/fonoaudiologia-santiago\/#website","url":"https:\/\/medicina.udd.cl\/fonoaudiologia-santiago\/","name":"Fonoaudiolog\u00eda","description":"Facultad de Medicina Cl\u00ednica Alemana Universidad del Desarrollo","inLanguage":"es"}]}},"_links":{"self":[{"href":"https:\/\/medicina.udd.cl\/fonoaudiologia-santiago\/wp-json\/wp\/v2\/pages\/6221","targetHints":{"allow":["GET"]}}],"collection":[{"href":"https:\/\/medicina.udd.cl\/fonoaudiologia-santiago\/wp-json\/wp\/v2\/pages"}],"about":[{"href":"https:\/\/medicina.udd.cl\/fonoaudiologia-santiago\/wp-json\/wp\/v2\/types\/page"}],"author":[{"embeddable":true,"href":"https:\/\/medicina.udd.cl\/fonoaudiologia-santiago\/wp-json\/wp\/v2\/users\/9192219"}],"replies":[{"embeddable":true,"href":"https:\/\/medicina.udd.cl\/fonoaudiologia-santiago\/wp-json\/wp\/v2\/comments?post=6221"}],"version-history":[{"count":7,"href":"https:\/\/medicina.udd.cl\/fonoaudiologia-santiago\/wp-json\/wp\/v2\/pages\/6221\/revisions"}],"predecessor-version":[{"id":6252,"href":"https:\/\/medicina.udd.cl\/fonoaudiologia-santiago\/wp-json\/wp\/v2\/pages\/6221\/revisions\/6252"}],"wp:attachment":[{"href":"https:\/\/medicina.udd.cl\/fonoaudiologia-santiago\/wp-json\/wp\/v2\/media?parent=6221"}],"curies":[{"name":"wp","href":"https:\/\/api.w.org\/{rel}","templated":true}]}}