{"id":1753,"date":"2013-07-25T23:34:49","date_gmt":"2013-07-26T03:34:49","guid":{"rendered":"http:\/\/medicina.udd.cl\/fonoaudiologia-santiago\/persona\/maria-angelica-lopez\/"},"modified":"2020-07-08T15:39:01","modified_gmt":"2020-07-08T19:39:01","slug":"maria-angelica-lopez","status":"publish","type":"person","link":"https:\/\/medicina.udd.cl\/fonoaudiologia-santiago\/persona\/maria-angelica-lopez\/","title":{"rendered":"Mar\u00eda Ang\u00e9lica L\u00f3pez O\u00f1att"},"featured_media":4940,"template":"","people_tax":[4034,4037,4035],"people_areas":[],"people_levels":[],"class_list":["post-1753","person","type-person","status-publish","has-post-thumbnail","hentry","people_tax-autoridad","people_tax-equipo","people_tax-profesor","people_list-directivos"],"yoast_head":"<!-- This site is optimized with the Yoast SEO plugin v26.9 - https:\/\/yoast.com\/product\/yoast-seo-wordpress\/ -->\n<title>Mar\u00eda Ang\u00e9lica L\u00f3pez O\u00f1att - Fonoaudiolog\u00eda<\/title>\n<meta name=\"robots\" content=\"index, follow, max-snippet:-1, max-image-preview:large, max-video-preview:-1\" \/>\n<link rel=\"canonical\" href=\"https:\/\/medicina.udd.cl\/fonoaudiologia-santiago\/persona\/maria-angelica-lopez\/\" \/>\n<meta property=\"og:locale\" content=\"es_ES\" \/>\n<meta property=\"og:type\" content=\"article\" \/>\n<meta property=\"og:title\" content=\"Mar\u00eda Ang\u00e9lica L\u00f3pez O\u00f1att - Fonoaudiolog\u00eda\" \/>\n<meta property=\"og:url\" content=\"https:\/\/medicina.udd.cl\/fonoaudiologia-santiago\/persona\/maria-angelica-lopez\/\" \/>\n<meta property=\"og:site_name\" content=\"Fonoaudiolog\u00eda\" \/>\n<meta property=\"article:modified_time\" content=\"2020-07-08T19:39:01+00:00\" \/>\n<meta property=\"og:image\" content=\"https:\/\/medicina.udd.cl\/fonoaudiologia-santiago\/files\/2013\/07\/Ma.Angelica-BN.png\" \/>\n\t<meta property=\"og:image:width\" content=\"626\" \/>\n\t<meta property=\"og:image:height\" content=\"632\" \/>\n\t<meta property=\"og:image:type\" content=\"image\/png\" \/>\n<script type=\"application\/ld+json\" class=\"yoast-schema-graph\">{\"@context\":\"https:\/\/schema.org\",\"@graph\":[{\"@type\":\"WebPage\",\"@id\":\"https:\/\/medicina.udd.cl\/fonoaudiologia-santiago\/persona\/maria-angelica-lopez\/\",\"url\":\"https:\/\/medicina.udd.cl\/fonoaudiologia-santiago\/persona\/maria-angelica-lopez\/\",\"name\":\"Mar\u00eda Ang\u00e9lica L\u00f3pez O\u00f1att - Fonoaudiolog\u00eda\",\"isPartOf\":{\"@id\":\"https:\/\/medicina.udd.cl\/fonoaudiologia-santiago\/#website\"},\"primaryImageOfPage\":{\"@id\":\"https:\/\/medicina.udd.cl\/fonoaudiologia-santiago\/persona\/maria-angelica-lopez\/#primaryimage\"},\"image\":{\"@id\":\"https:\/\/medicina.udd.cl\/fonoaudiologia-santiago\/persona\/maria-angelica-lopez\/#primaryimage\"},\"thumbnailUrl\":\"https:\/\/medicina.udd.cl\/fonoaudiologia-santiago\/files\/2013\/07\/Ma.Angelica-BN.png\",\"datePublished\":\"2013-07-26T03:34:49+00:00\",\"dateModified\":\"2020-07-08T19:39:01+00:00\",\"breadcrumb\":{\"@id\":\"https:\/\/medicina.udd.cl\/fonoaudiologia-santiago\/persona\/maria-angelica-lopez\/#breadcrumb\"},\"inLanguage\":\"es\",\"potentialAction\":[{\"@type\":\"ReadAction\",\"target\":[\"https:\/\/medicina.udd.cl\/fonoaudiologia-santiago\/persona\/maria-angelica-lopez\/\"]}]},{\"@type\":\"ImageObject\",\"inLanguage\":\"es\",\"@id\":\"https:\/\/medicina.udd.cl\/fonoaudiologia-santiago\/persona\/maria-angelica-lopez\/#primaryimage\",\"url\":\"https:\/\/medicina.udd.cl\/fonoaudiologia-santiago\/files\/2013\/07\/Ma.Angelica-BN.png\",\"contentUrl\":\"https:\/\/medicina.udd.cl\/fonoaudiologia-santiago\/files\/2013\/07\/Ma.Angelica-BN.png\",\"width\":626,\"height\":632},{\"@type\":\"BreadcrumbList\",\"@id\":\"https:\/\/medicina.udd.cl\/fonoaudiologia-santiago\/persona\/maria-angelica-lopez\/#breadcrumb\",\"itemListElement\":[{\"@type\":\"ListItem\",\"position\":1,\"name\":\"Home\",\"item\":\"https:\/\/medicina.udd.cl\/fonoaudiologia-santiago\/\"},{\"@type\":\"ListItem\",\"position\":2,\"name\":\"Personas\",\"item\":\"https:\/\/medicina.udd.cl\/fonoaudiologia-santiago\/persona\/\"},{\"@type\":\"ListItem\",\"position\":3,\"name\":\"Mar\u00eda Ang\u00e9lica L\u00f3pez O\u00f1att\"}]},{\"@type\":\"WebSite\",\"@id\":\"https:\/\/medicina.udd.cl\/fonoaudiologia-santiago\/#website\",\"url\":\"https:\/\/medicina.udd.cl\/fonoaudiologia-santiago\/\",\"name\":\"Fonoaudiolog\u00eda\",\"description\":\"Facultad de Medicina Cl\u00ednica Alemana Universidad del Desarrollo\",\"inLanguage\":\"es\"}]}<\/script>\n<!-- \/ Yoast SEO plugin. -->","yoast_head_json":{"title":"Mar\u00eda Ang\u00e9lica L\u00f3pez O\u00f1att - Fonoaudiolog\u00eda","robots":{"index":"index","follow":"follow","max-snippet":"max-snippet:-1","max-image-preview":"max-image-preview:large","max-video-preview":"max-video-preview:-1"},"canonical":"https:\/\/medicina.udd.cl\/fonoaudiologia-santiago\/persona\/maria-angelica-lopez\/","og_locale":"es_ES","og_type":"article","og_title":"Mar\u00eda Ang\u00e9lica L\u00f3pez O\u00f1att - Fonoaudiolog\u00eda","og_url":"https:\/\/medicina.udd.cl\/fonoaudiologia-santiago\/persona\/maria-angelica-lopez\/","og_site_name":"Fonoaudiolog\u00eda","article_modified_time":"2020-07-08T19:39:01+00:00","og_image":[{"width":626,"height":632,"url":"https:\/\/medicina.udd.cl\/fonoaudiologia-santiago\/files\/2013\/07\/Ma.Angelica-BN.png","type":"image\/png"}],"schema":{"@context":"https:\/\/schema.org","@graph":[{"@type":"WebPage","@id":"https:\/\/medicina.udd.cl\/fonoaudiologia-santiago\/persona\/maria-angelica-lopez\/","url":"https:\/\/medicina.udd.cl\/fonoaudiologia-santiago\/persona\/maria-angelica-lopez\/","name":"Mar\u00eda Ang\u00e9lica L\u00f3pez O\u00f1att - Fonoaudiolog\u00eda","isPartOf":{"@id":"https:\/\/medicina.udd.cl\/fonoaudiologia-santiago\/#website"},"primaryImageOfPage":{"@id":"https:\/\/medicina.udd.cl\/fonoaudiologia-santiago\/persona\/maria-angelica-lopez\/#primaryimage"},"image":{"@id":"https:\/\/medicina.udd.cl\/fonoaudiologia-santiago\/persona\/maria-angelica-lopez\/#primaryimage"},"thumbnailUrl":"https:\/\/medicina.udd.cl\/fonoaudiologia-santiago\/files\/2013\/07\/Ma.Angelica-BN.png","datePublished":"2013-07-26T03:34:49+00:00","dateModified":"2020-07-08T19:39:01+00:00","breadcrumb":{"@id":"https:\/\/medicina.udd.cl\/fonoaudiologia-santiago\/persona\/maria-angelica-lopez\/#breadcrumb"},"inLanguage":"es","potentialAction":[{"@type":"ReadAction","target":["https:\/\/medicina.udd.cl\/fonoaudiologia-santiago\/persona\/maria-angelica-lopez\/"]}]},{"@type":"ImageObject","inLanguage":"es","@id":"https:\/\/medicina.udd.cl\/fonoaudiologia-santiago\/persona\/maria-angelica-lopez\/#primaryimage","url":"https:\/\/medicina.udd.cl\/fonoaudiologia-santiago\/files\/2013\/07\/Ma.Angelica-BN.png","contentUrl":"https:\/\/medicina.udd.cl\/fonoaudiologia-santiago\/files\/2013\/07\/Ma.Angelica-BN.png","width":626,"height":632},{"@type":"BreadcrumbList","@id":"https:\/\/medicina.udd.cl\/fonoaudiologia-santiago\/persona\/maria-angelica-lopez\/#breadcrumb","itemListElement":[{"@type":"ListItem","position":1,"name":"Home","item":"https:\/\/medicina.udd.cl\/fonoaudiologia-santiago\/"},{"@type":"ListItem","position":2,"name":"Personas","item":"https:\/\/medicina.udd.cl\/fonoaudiologia-santiago\/persona\/"},{"@type":"ListItem","position":3,"name":"Mar\u00eda Ang\u00e9lica L\u00f3pez O\u00f1att"}]},{"@type":"WebSite","@id":"https:\/\/medicina.udd.cl\/fonoaudiologia-santiago\/#website","url":"https:\/\/medicina.udd.cl\/fonoaudiologia-santiago\/","name":"Fonoaudiolog\u00eda","description":"Facultad de Medicina Cl\u00ednica Alemana Universidad del Desarrollo","inLanguage":"es"}]}},"label":"Mar\u00eda Ang\u00e9lica L\u00f3pez O\u00f1att","role":"Directora de Fonoaudiolog\u00eda","thumbnail_url":"https:\/\/medicina.udd.cl\/fonoaudiologia-santiago\/files\/2013\/07\/Ma.Angelica-BN-500x500.png","email":"alopez@udd.cl","tel_job":"","content":{"rendered":"<div class=\"person-modal person-modal--scl\">\n\t<header class=\"person-modal__header\">\n\t\t<div class=\"person-modal__bg\"><\/div>\n\t\t<div class=\"modal-container\">\n\t\t\t\t\t\t<div class=\"person-modal__media\">\n\t\t\t\t<img width=\"500\" height=\"500\" src=\"https:\/\/medicina.udd.cl\/fonoaudiologia-santiago\/files\/2013\/07\/Ma.Angelica-BN-500x500.png\" class=\"person-modal__image wp-post-image\" alt=\"\" decoding=\"async\" loading=\"lazy\" srcset=\"https:\/\/medicina.udd.cl\/fonoaudiologia-santiago\/files\/2013\/07\/Ma.Angelica-BN-500x500.png 500w, https:\/\/medicina.udd.cl\/fonoaudiologia-santiago\/files\/2013\/07\/Ma.Angelica-BN-150x150.png 150w, https:\/\/medicina.udd.cl\/fonoaudiologia-santiago\/files\/2013\/07\/Ma.Angelica-BN-62x62.png 62w, https:\/\/medicina.udd.cl\/fonoaudiologia-santiago\/files\/2013\/07\/Ma.Angelica-BN-250x250.png 250w, https:\/\/medicina.udd.cl\/fonoaudiologia-santiago\/files\/2013\/07\/Ma.Angelica-BN-126x126.png 126w\" sizes=\"auto, (max-width: 500px) 100vw, 500px\" \/>\t\t\t<\/div>\n\t\t\t\t\t\t<div class=\"person-modal__data\">\n\t\t\t\t<h1 class=\"person-modal__name\">Mar\u00eda Ang\u00e9lica L\u00f3pez O\u00f1att<\/h1>\n\t\t\t\t\t\t\t<span class=\"person-modal__description\">Directora de Fonoaudiolog\u00eda<\/span>\n\t\t\t\t\t\t\t\t\t\t\t\t\t<a href=\"mailto:al&#111;pez&#064;u&#100;&#100;.cl\" class=\"person-modal__email\">&#97;lo&#112;ez&#64;&#117;&#100;d&#46;&#99;l<\/a>\n\t\t\t\t\t\t\t\t\t<\/div>\n\t\t<\/div>\n\t<\/header>\n\t<div class=\"modal-container\">\n\t\t\t<div class=\"person-modal__content text\">\n\t\t\t\t\t\t\t\t\t\t<ul>\n<li>Fonoaudi\u00f3loga de la Universidad de Chile<\/li>\n<li>Diplomado en Educaci\u00f3n en Docencia Cl\u00ednica, Facultad de Medicina Cl\u00ednica Alemana Universidad del Desarrollo<\/li>\n<li>Diplomado en Gesti\u00f3n Acad\u00e9mica para la Educaci\u00f3n Superior &#8211; Universidad Cat\u00f3lica\/Universidad del Desarrollo<\/li>\n<li><span>Experiencia:<\/span> 39 a\u00f1os de trabajo cl\u00ednico en el \u00e1rea de Lenguaje Adulto y Disfagia.\u00a0Ingres\u00f3 a Cl\u00ednica Alemana de Santiago el a\u00f1o 1992 como Fonoaudi\u00f3loga del Equipo de Neurorehabilitaci\u00f3n. Fue impulsora del trabajo Fonoaudiol\u00f3gico en Paciente Agudo (UCI). Desde el a\u00f1o 2004 realiza Videofluoroscop\u00eda, Estudio de Degluci\u00f3n,\u00a0 en Servicio de Im\u00e1genes de Cl\u00ednica Alemana.\u00a0 El a\u00f1o 2015 se integra al\u00a0 Equipo de Neurocirug\u00eda de Cl\u00ednica Alemana prestando apoyo fonoaudiol\u00f3gico durante\u00a0 Cirug\u00eda Cerebral en Vigilia.<\/li>\n<\/ul>\n\t\t<\/div>\n\t<\/div>\n<\/div>\n"},"identifier":"bc03269e46cf07e6d7a6646216ab40a968ec0a61","has_credential":[],"given_name":"Mar\u00eda Ang\u00e9lica","family_name":"L\u00f3pez O\u00f1att","name":"Mar\u00eda Ang\u00e9lica L\u00f3pez O\u00f1att","job_title":"Directora de Fonoaudiolog\u00eda","telephone":"","note":"","im":"","_self_schedule":null,"_links":{"self":[{"href":"https:\/\/medicina.udd.cl\/fonoaudiologia-santiago\/wp-json\/wp\/v2\/people\/1753","targetHints":{"allow":["GET"]}}],"collection":[{"href":"https:\/\/medicina.udd.cl\/fonoaudiologia-santiago\/wp-json\/wp\/v2\/people"}],"about":[{"href":"https:\/\/medicina.udd.cl\/fonoaudiologia-santiago\/wp-json\/wp\/v2\/types\/person"}],"wp:featuredmedia":[{"embeddable":true,"href":"https:\/\/medicina.udd.cl\/fonoaudiologia-santiago\/wp-json\/wp\/v2\/media\/4940"}],"wp:attachment":[{"href":"https:\/\/medicina.udd.cl\/fonoaudiologia-santiago\/wp-json\/wp\/v2\/media?parent=1753"}],"wp:term":[{"taxonomy":"people_tax","embeddable":true,"href":"https:\/\/medicina.udd.cl\/fonoaudiologia-santiago\/wp-json\/wp\/v2\/people_tax?post=1753"},{"taxonomy":"people_areas","embeddable":true,"href":"https:\/\/medicina.udd.cl\/fonoaudiologia-santiago\/wp-json\/wp\/v2\/people_areas?post=1753"},{"taxonomy":"people_levels","embeddable":true,"href":"https:\/\/medicina.udd.cl\/fonoaudiologia-santiago\/wp-json\/wp\/v2\/people_levels?post=1753"}],"curies":[{"name":"wp","href":"https:\/\/api.w.org\/{rel}","templated":true}]}}