{"id":2597,"date":"2015-03-19T17:53:11","date_gmt":"2015-03-19T20:53:11","guid":{"rendered":"http:\/\/medicina.udd.cl\/fonoaudiologia-santiago\/?post_type=person&#038;p=2597"},"modified":"2020-06-19T11:26:31","modified_gmt":"2020-06-19T15:26:31","slug":"gloria-garcia-del-solar","status":"publish","type":"person","link":"https:\/\/medicina.udd.cl\/fonoaudiologia-santiago\/persona\/gloria-garcia-del-solar\/","title":{"rendered":"Gloria  Garc\u00eda del Solar"},"featured_media":4799,"template":"","people_tax":[4034,4037],"people_areas":[],"people_levels":[],"class_list":["post-2597","person","type-person","status-publish","has-post-thumbnail","hentry","people_tax-autoridad","people_tax-equipo","people_list-docentes"],"yoast_head":"<!-- This site is optimized with the Yoast SEO plugin v26.9 - https:\/\/yoast.com\/product\/yoast-seo-wordpress\/ -->\n<title>Gloria Garc\u00eda del Solar - Fonoaudiolog\u00eda<\/title>\n<meta name=\"robots\" content=\"index, follow, max-snippet:-1, max-image-preview:large, max-video-preview:-1\" \/>\n<link rel=\"canonical\" href=\"https:\/\/medicina.udd.cl\/fonoaudiologia-santiago\/persona\/gloria-garcia-del-solar\/\" \/>\n<meta property=\"og:locale\" content=\"es_ES\" \/>\n<meta property=\"og:type\" content=\"article\" \/>\n<meta property=\"og:title\" content=\"Gloria Garc\u00eda del Solar - Fonoaudiolog\u00eda\" \/>\n<meta property=\"og:url\" content=\"https:\/\/medicina.udd.cl\/fonoaudiologia-santiago\/persona\/gloria-garcia-del-solar\/\" \/>\n<meta property=\"og:site_name\" content=\"Fonoaudiolog\u00eda\" \/>\n<meta property=\"article:modified_time\" content=\"2020-06-19T15:26:31+00:00\" \/>\n<meta property=\"og:image\" content=\"https:\/\/medicina.udd.cl\/fonoaudiologia-santiago\/files\/2015\/03\/GLORIA-GARC\u00cdA.byn_.jpg\" \/>\n\t<meta property=\"og:image:width\" content=\"327\" \/>\n\t<meta property=\"og:image:height\" content=\"411\" \/>\n\t<meta property=\"og:image:type\" content=\"image\/jpeg\" \/>\n<script type=\"application\/ld+json\" class=\"yoast-schema-graph\">{\"@context\":\"https:\/\/schema.org\",\"@graph\":[{\"@type\":\"WebPage\",\"@id\":\"https:\/\/medicina.udd.cl\/fonoaudiologia-santiago\/persona\/gloria-garcia-del-solar\/\",\"url\":\"https:\/\/medicina.udd.cl\/fonoaudiologia-santiago\/persona\/gloria-garcia-del-solar\/\",\"name\":\"Gloria Garc\u00eda del Solar - Fonoaudiolog\u00eda\",\"isPartOf\":{\"@id\":\"https:\/\/medicina.udd.cl\/fonoaudiologia-santiago\/#website\"},\"primaryImageOfPage\":{\"@id\":\"https:\/\/medicina.udd.cl\/fonoaudiologia-santiago\/persona\/gloria-garcia-del-solar\/#primaryimage\"},\"image\":{\"@id\":\"https:\/\/medicina.udd.cl\/fonoaudiologia-santiago\/persona\/gloria-garcia-del-solar\/#primaryimage\"},\"thumbnailUrl\":\"https:\/\/medicina.udd.cl\/fonoaudiologia-santiago\/files\/2015\/03\/GLORIA-GARC\u00cdA.byn_.jpg\",\"datePublished\":\"2015-03-19T20:53:11+00:00\",\"dateModified\":\"2020-06-19T15:26:31+00:00\",\"breadcrumb\":{\"@id\":\"https:\/\/medicina.udd.cl\/fonoaudiologia-santiago\/persona\/gloria-garcia-del-solar\/#breadcrumb\"},\"inLanguage\":\"es\",\"potentialAction\":[{\"@type\":\"ReadAction\",\"target\":[\"https:\/\/medicina.udd.cl\/fonoaudiologia-santiago\/persona\/gloria-garcia-del-solar\/\"]}]},{\"@type\":\"ImageObject\",\"inLanguage\":\"es\",\"@id\":\"https:\/\/medicina.udd.cl\/fonoaudiologia-santiago\/persona\/gloria-garcia-del-solar\/#primaryimage\",\"url\":\"https:\/\/medicina.udd.cl\/fonoaudiologia-santiago\/files\/2015\/03\/GLORIA-GARC\u00cdA.byn_.jpg\",\"contentUrl\":\"https:\/\/medicina.udd.cl\/fonoaudiologia-santiago\/files\/2015\/03\/GLORIA-GARC\u00cdA.byn_.jpg\",\"width\":327,\"height\":411},{\"@type\":\"BreadcrumbList\",\"@id\":\"https:\/\/medicina.udd.cl\/fonoaudiologia-santiago\/persona\/gloria-garcia-del-solar\/#breadcrumb\",\"itemListElement\":[{\"@type\":\"ListItem\",\"position\":1,\"name\":\"Home\",\"item\":\"https:\/\/medicina.udd.cl\/fonoaudiologia-santiago\/\"},{\"@type\":\"ListItem\",\"position\":2,\"name\":\"Personas\",\"item\":\"https:\/\/medicina.udd.cl\/fonoaudiologia-santiago\/persona\/\"},{\"@type\":\"ListItem\",\"position\":3,\"name\":\"Gloria Garc\u00eda del Solar\"}]},{\"@type\":\"WebSite\",\"@id\":\"https:\/\/medicina.udd.cl\/fonoaudiologia-santiago\/#website\",\"url\":\"https:\/\/medicina.udd.cl\/fonoaudiologia-santiago\/\",\"name\":\"Fonoaudiolog\u00eda\",\"description\":\"Facultad de Medicina Cl\u00ednica Alemana Universidad del Desarrollo\",\"inLanguage\":\"es\"}]}<\/script>\n<!-- \/ Yoast SEO plugin. -->","yoast_head_json":{"title":"Gloria Garc\u00eda del Solar - Fonoaudiolog\u00eda","robots":{"index":"index","follow":"follow","max-snippet":"max-snippet:-1","max-image-preview":"max-image-preview:large","max-video-preview":"max-video-preview:-1"},"canonical":"https:\/\/medicina.udd.cl\/fonoaudiologia-santiago\/persona\/gloria-garcia-del-solar\/","og_locale":"es_ES","og_type":"article","og_title":"Gloria Garc\u00eda del Solar - Fonoaudiolog\u00eda","og_url":"https:\/\/medicina.udd.cl\/fonoaudiologia-santiago\/persona\/gloria-garcia-del-solar\/","og_site_name":"Fonoaudiolog\u00eda","article_modified_time":"2020-06-19T15:26:31+00:00","og_image":[{"width":327,"height":411,"url":"https:\/\/medicina.udd.cl\/fonoaudiologia-santiago\/files\/2015\/03\/GLORIA-GARC\u00cdA.byn_.jpg","type":"image\/jpeg"}],"schema":{"@context":"https:\/\/schema.org","@graph":[{"@type":"WebPage","@id":"https:\/\/medicina.udd.cl\/fonoaudiologia-santiago\/persona\/gloria-garcia-del-solar\/","url":"https:\/\/medicina.udd.cl\/fonoaudiologia-santiago\/persona\/gloria-garcia-del-solar\/","name":"Gloria Garc\u00eda del Solar - Fonoaudiolog\u00eda","isPartOf":{"@id":"https:\/\/medicina.udd.cl\/fonoaudiologia-santiago\/#website"},"primaryImageOfPage":{"@id":"https:\/\/medicina.udd.cl\/fonoaudiologia-santiago\/persona\/gloria-garcia-del-solar\/#primaryimage"},"image":{"@id":"https:\/\/medicina.udd.cl\/fonoaudiologia-santiago\/persona\/gloria-garcia-del-solar\/#primaryimage"},"thumbnailUrl":"https:\/\/medicina.udd.cl\/fonoaudiologia-santiago\/files\/2015\/03\/GLORIA-GARC\u00cdA.byn_.jpg","datePublished":"2015-03-19T20:53:11+00:00","dateModified":"2020-06-19T15:26:31+00:00","breadcrumb":{"@id":"https:\/\/medicina.udd.cl\/fonoaudiologia-santiago\/persona\/gloria-garcia-del-solar\/#breadcrumb"},"inLanguage":"es","potentialAction":[{"@type":"ReadAction","target":["https:\/\/medicina.udd.cl\/fonoaudiologia-santiago\/persona\/gloria-garcia-del-solar\/"]}]},{"@type":"ImageObject","inLanguage":"es","@id":"https:\/\/medicina.udd.cl\/fonoaudiologia-santiago\/persona\/gloria-garcia-del-solar\/#primaryimage","url":"https:\/\/medicina.udd.cl\/fonoaudiologia-santiago\/files\/2015\/03\/GLORIA-GARC\u00cdA.byn_.jpg","contentUrl":"https:\/\/medicina.udd.cl\/fonoaudiologia-santiago\/files\/2015\/03\/GLORIA-GARC\u00cdA.byn_.jpg","width":327,"height":411},{"@type":"BreadcrumbList","@id":"https:\/\/medicina.udd.cl\/fonoaudiologia-santiago\/persona\/gloria-garcia-del-solar\/#breadcrumb","itemListElement":[{"@type":"ListItem","position":1,"name":"Home","item":"https:\/\/medicina.udd.cl\/fonoaudiologia-santiago\/"},{"@type":"ListItem","position":2,"name":"Personas","item":"https:\/\/medicina.udd.cl\/fonoaudiologia-santiago\/persona\/"},{"@type":"ListItem","position":3,"name":"Gloria Garc\u00eda del Solar"}]},{"@type":"WebSite","@id":"https:\/\/medicina.udd.cl\/fonoaudiologia-santiago\/#website","url":"https:\/\/medicina.udd.cl\/fonoaudiologia-santiago\/","name":"Fonoaudiolog\u00eda","description":"Facultad de Medicina Cl\u00ednica Alemana Universidad del Desarrollo","inLanguage":"es"}]}},"label":"Gloria  Garc\u00eda del Solar","role":"Docente \u00c1rea Audiolog\u00eda","thumbnail_url":"https:\/\/medicina.udd.cl\/fonoaudiologia-santiago\/files\/2015\/03\/GLORIA-GARC\u00cdA.byn_.jpg","email":"gloriagarcia@udd.cl","tel_job":"","content":{"rendered":"<div class=\"person-modal person-modal--scl\">\n\t<header class=\"person-modal__header\">\n\t\t<div class=\"person-modal__bg\"><\/div>\n\t\t<div class=\"modal-container\">\n\t\t\t\t\t\t<div class=\"person-modal__media\">\n\t\t\t\t<img width=\"327\" height=\"411\" src=\"https:\/\/medicina.udd.cl\/fonoaudiologia-santiago\/files\/2015\/03\/GLORIA-GARC\u00cdA.byn_.jpg\" class=\"person-modal__image wp-post-image\" alt=\"\" decoding=\"async\" loading=\"lazy\" srcset=\"https:\/\/medicina.udd.cl\/fonoaudiologia-santiago\/files\/2015\/03\/GLORIA-GARC\u00cdA.byn_.jpg 327w, https:\/\/medicina.udd.cl\/fonoaudiologia-santiago\/files\/2015\/03\/GLORIA-GARC\u00cdA.byn_-239x300.jpg 239w\" sizes=\"auto, (max-width: 327px) 100vw, 327px\" \/>\t\t\t<\/div>\n\t\t\t\t\t\t<div class=\"person-modal__data\">\n\t\t\t\t<h1 class=\"person-modal__name\">Gloria  Garc\u00eda del Solar<\/h1>\n\t\t\t\t\t\t\t<span class=\"person-modal__description\">Docente \u00c1rea Audiolog\u00eda<\/span>\n\t\t\t\t\t\t\t\t\t\t\t\t\t<a href=\"mailto:g&#108;o&#114;ia&#103;&#097;r&#099;&#105;a&#064;ud&#100;.&#099;l\" class=\"person-modal__email\">gl&#111;ria&#103;ar&#99;i&#97;&#64;&#117;&#100;d&#46;cl<\/a>\n\t\t\t\t\t\t\t\t\t<\/div>\n\t\t<\/div>\n\t<\/header>\n\t<div class=\"modal-container\">\n\t\t\t<div class=\"person-modal__content text\">\n\t\t\t\t\t\t\t\t\t\t<ul>\n<li class=\"MsoNormal\"><span lang=\"ES\">Fonoaudi\u00f3loga de la Universidad de Valpara\u00edso<\/span><\/li>\n<\/ul>\n<ul>\n<li class=\"MsoNormal\"><span lang=\"ES\">Diplomada en Audiolog\u00eda Cl\u00ednica, Facultad de Medicina Universidad de Chile.<\/span><\/li>\n<\/ul>\n<ul>\n<li class=\"MsoNormal\"><span lang=\"ES-CL\">MED-EL Accreditation for Hearing Implant Rehabilitation.<\/span><\/li>\n<\/ul>\n<ul>\n<li class=\"MsoNormal\"><span lang=\"ES\">Diplomada en Bioestad\u00edstica y Epidemiolog\u00eda Aplicada, Escuela de Salud P\u00fablica Universidad de Chile.<\/span><\/li>\n<\/ul>\n<ul>\n<li class=\"MsoNormal\"><span lang=\"ES\">Magister<\/span><span lang=\"ES-CL\">\u00a9\u00a0Docencia en Educaci\u00f3n Superior e Investigaci\u00f3n Aplicada, UVM<\/span><\/li>\n<\/ul>\n<ul>\n<li class=\"MsoNormal\"><span lang=\"ES\">Amplia experiencia en el trabajo con familias de ni\u00f1os usuarios de tecnolog\u00eda de ayuda auditiva desde la audiolog\u00eda y rehabilitaci\u00f3n. Actualmente, en formaci\u00f3n para la obtenci\u00f3n de Certificaci\u00f3n de\u00a0<\/span><span lang=\"ES-CL\">LSLS Cert. AVT de AG Bell Academy for\u00a0Listening and Spoken Language.<\/span><\/li>\n<\/ul>\n<ul>\n<li class=\"MsoNormal\"><span lang=\"ES\">Docente del \u00c1rea de Audiolog\u00eda<\/span><\/li>\n<\/ul>\n\t\t<\/div>\n\t<\/div>\n<\/div>\n"},"identifier":"10e2b0bc061e48d5a0c691bf624621c376e922cf","has_credential":[],"given_name":"Gloria ","family_name":"Garc\u00eda del Solar","name":"Gloria  Garc\u00eda del Solar","job_title":"Docente \u00c1rea Audiolog\u00eda","telephone":"","note":"","im":"","_self_schedule":null,"_links":{"self":[{"href":"https:\/\/medicina.udd.cl\/fonoaudiologia-santiago\/wp-json\/wp\/v2\/people\/2597","targetHints":{"allow":["GET"]}}],"collection":[{"href":"https:\/\/medicina.udd.cl\/fonoaudiologia-santiago\/wp-json\/wp\/v2\/people"}],"about":[{"href":"https:\/\/medicina.udd.cl\/fonoaudiologia-santiago\/wp-json\/wp\/v2\/types\/person"}],"wp:featuredmedia":[{"embeddable":true,"href":"https:\/\/medicina.udd.cl\/fonoaudiologia-santiago\/wp-json\/wp\/v2\/media\/4799"}],"wp:attachment":[{"href":"https:\/\/medicina.udd.cl\/fonoaudiologia-santiago\/wp-json\/wp\/v2\/media?parent=2597"}],"wp:term":[{"taxonomy":"people_tax","embeddable":true,"href":"https:\/\/medicina.udd.cl\/fonoaudiologia-santiago\/wp-json\/wp\/v2\/people_tax?post=2597"},{"taxonomy":"people_areas","embeddable":true,"href":"https:\/\/medicina.udd.cl\/fonoaudiologia-santiago\/wp-json\/wp\/v2\/people_areas?post=2597"},{"taxonomy":"people_levels","embeddable":true,"href":"https:\/\/medicina.udd.cl\/fonoaudiologia-santiago\/wp-json\/wp\/v2\/people_levels?post=2597"}],"curies":[{"name":"wp","href":"https:\/\/api.w.org\/{rel}","templated":true}]}}