{"id":5757,"date":"2022-09-05T12:16:33","date_gmt":"2022-09-05T15:16:33","guid":{"rendered":"https:\/\/medicina.udd.cl\/fonoaudiologia-santiago\/?post_type=person&#038;p=5757"},"modified":"2022-09-05T12:20:24","modified_gmt":"2022-09-05T15:20:24","slug":"pablo-roa-espinoza","status":"publish","type":"person","link":"https:\/\/medicina.udd.cl\/fonoaudiologia-santiago\/persona\/pablo-roa-espinoza\/","title":{"rendered":"Pablo Roa Espinoza"},"featured_media":5758,"template":"","people_tax":[],"people_areas":[],"people_levels":[],"class_list":["post-5757","person","type-person","status-publish","has-post-thumbnail","hentry"],"yoast_head":"<!-- This site is optimized with the Yoast SEO plugin v26.9 - https:\/\/yoast.com\/product\/yoast-seo-wordpress\/ -->\n<title>Pablo Roa Espinoza - Fonoaudiolog\u00eda<\/title>\n<meta name=\"robots\" content=\"index, follow, max-snippet:-1, max-image-preview:large, max-video-preview:-1\" \/>\n<link rel=\"canonical\" href=\"https:\/\/medicina.udd.cl\/fonoaudiologia-santiago\/persona\/pablo-roa-espinoza\/\" \/>\n<meta property=\"og:locale\" content=\"es_ES\" \/>\n<meta property=\"og:type\" content=\"article\" \/>\n<meta property=\"og:title\" content=\"Pablo Roa Espinoza - Fonoaudiolog\u00eda\" \/>\n<meta property=\"og:url\" content=\"https:\/\/medicina.udd.cl\/fonoaudiologia-santiago\/persona\/pablo-roa-espinoza\/\" \/>\n<meta property=\"og:site_name\" content=\"Fonoaudiolog\u00eda\" \/>\n<meta property=\"article:modified_time\" content=\"2022-09-05T15:20:24+00:00\" \/>\n<meta property=\"og:image\" content=\"https:\/\/medicina.udd.cl\/fonoaudiologia-santiago\/files\/2022\/09\/Flgo.-Pablo-Roa-Espinoza.byn_.jpg\" \/>\n\t<meta property=\"og:image:width\" content=\"1084\" \/>\n\t<meta property=\"og:image:height\" content=\"1085\" \/>\n\t<meta property=\"og:image:type\" content=\"image\/jpeg\" \/>\n<script type=\"application\/ld+json\" class=\"yoast-schema-graph\">{\"@context\":\"https:\/\/schema.org\",\"@graph\":[{\"@type\":\"WebPage\",\"@id\":\"https:\/\/medicina.udd.cl\/fonoaudiologia-santiago\/persona\/pablo-roa-espinoza\/\",\"url\":\"https:\/\/medicina.udd.cl\/fonoaudiologia-santiago\/persona\/pablo-roa-espinoza\/\",\"name\":\"Pablo Roa Espinoza - Fonoaudiolog\u00eda\",\"isPartOf\":{\"@id\":\"https:\/\/medicina.udd.cl\/fonoaudiologia-santiago\/#website\"},\"primaryImageOfPage\":{\"@id\":\"https:\/\/medicina.udd.cl\/fonoaudiologia-santiago\/persona\/pablo-roa-espinoza\/#primaryimage\"},\"image\":{\"@id\":\"https:\/\/medicina.udd.cl\/fonoaudiologia-santiago\/persona\/pablo-roa-espinoza\/#primaryimage\"},\"thumbnailUrl\":\"https:\/\/medicina.udd.cl\/fonoaudiologia-santiago\/files\/2022\/09\/Flgo.-Pablo-Roa-Espinoza.byn_.jpg\",\"datePublished\":\"2022-09-05T15:16:33+00:00\",\"dateModified\":\"2022-09-05T15:20:24+00:00\",\"breadcrumb\":{\"@id\":\"https:\/\/medicina.udd.cl\/fonoaudiologia-santiago\/persona\/pablo-roa-espinoza\/#breadcrumb\"},\"inLanguage\":\"es\",\"potentialAction\":[{\"@type\":\"ReadAction\",\"target\":[\"https:\/\/medicina.udd.cl\/fonoaudiologia-santiago\/persona\/pablo-roa-espinoza\/\"]}]},{\"@type\":\"ImageObject\",\"inLanguage\":\"es\",\"@id\":\"https:\/\/medicina.udd.cl\/fonoaudiologia-santiago\/persona\/pablo-roa-espinoza\/#primaryimage\",\"url\":\"https:\/\/medicina.udd.cl\/fonoaudiologia-santiago\/files\/2022\/09\/Flgo.-Pablo-Roa-Espinoza.byn_.jpg\",\"contentUrl\":\"https:\/\/medicina.udd.cl\/fonoaudiologia-santiago\/files\/2022\/09\/Flgo.-Pablo-Roa-Espinoza.byn_.jpg\",\"width\":1084,\"height\":1085},{\"@type\":\"BreadcrumbList\",\"@id\":\"https:\/\/medicina.udd.cl\/fonoaudiologia-santiago\/persona\/pablo-roa-espinoza\/#breadcrumb\",\"itemListElement\":[{\"@type\":\"ListItem\",\"position\":1,\"name\":\"Home\",\"item\":\"https:\/\/medicina.udd.cl\/fonoaudiologia-santiago\/\"},{\"@type\":\"ListItem\",\"position\":2,\"name\":\"Personas\",\"item\":\"https:\/\/medicina.udd.cl\/fonoaudiologia-santiago\/persona\/\"},{\"@type\":\"ListItem\",\"position\":3,\"name\":\"Pablo Roa Espinoza\"}]},{\"@type\":\"WebSite\",\"@id\":\"https:\/\/medicina.udd.cl\/fonoaudiologia-santiago\/#website\",\"url\":\"https:\/\/medicina.udd.cl\/fonoaudiologia-santiago\/\",\"name\":\"Fonoaudiolog\u00eda\",\"description\":\"Facultad de Medicina Cl\u00ednica Alemana Universidad del Desarrollo\",\"inLanguage\":\"es\"}]}<\/script>\n<!-- \/ Yoast SEO plugin. -->","yoast_head_json":{"title":"Pablo Roa Espinoza - Fonoaudiolog\u00eda","robots":{"index":"index","follow":"follow","max-snippet":"max-snippet:-1","max-image-preview":"max-image-preview:large","max-video-preview":"max-video-preview:-1"},"canonical":"https:\/\/medicina.udd.cl\/fonoaudiologia-santiago\/persona\/pablo-roa-espinoza\/","og_locale":"es_ES","og_type":"article","og_title":"Pablo Roa Espinoza - Fonoaudiolog\u00eda","og_url":"https:\/\/medicina.udd.cl\/fonoaudiologia-santiago\/persona\/pablo-roa-espinoza\/","og_site_name":"Fonoaudiolog\u00eda","article_modified_time":"2022-09-05T15:20:24+00:00","og_image":[{"width":1084,"height":1085,"url":"https:\/\/medicina.udd.cl\/fonoaudiologia-santiago\/files\/2022\/09\/Flgo.-Pablo-Roa-Espinoza.byn_.jpg","type":"image\/jpeg"}],"schema":{"@context":"https:\/\/schema.org","@graph":[{"@type":"WebPage","@id":"https:\/\/medicina.udd.cl\/fonoaudiologia-santiago\/persona\/pablo-roa-espinoza\/","url":"https:\/\/medicina.udd.cl\/fonoaudiologia-santiago\/persona\/pablo-roa-espinoza\/","name":"Pablo Roa Espinoza - Fonoaudiolog\u00eda","isPartOf":{"@id":"https:\/\/medicina.udd.cl\/fonoaudiologia-santiago\/#website"},"primaryImageOfPage":{"@id":"https:\/\/medicina.udd.cl\/fonoaudiologia-santiago\/persona\/pablo-roa-espinoza\/#primaryimage"},"image":{"@id":"https:\/\/medicina.udd.cl\/fonoaudiologia-santiago\/persona\/pablo-roa-espinoza\/#primaryimage"},"thumbnailUrl":"https:\/\/medicina.udd.cl\/fonoaudiologia-santiago\/files\/2022\/09\/Flgo.-Pablo-Roa-Espinoza.byn_.jpg","datePublished":"2022-09-05T15:16:33+00:00","dateModified":"2022-09-05T15:20:24+00:00","breadcrumb":{"@id":"https:\/\/medicina.udd.cl\/fonoaudiologia-santiago\/persona\/pablo-roa-espinoza\/#breadcrumb"},"inLanguage":"es","potentialAction":[{"@type":"ReadAction","target":["https:\/\/medicina.udd.cl\/fonoaudiologia-santiago\/persona\/pablo-roa-espinoza\/"]}]},{"@type":"ImageObject","inLanguage":"es","@id":"https:\/\/medicina.udd.cl\/fonoaudiologia-santiago\/persona\/pablo-roa-espinoza\/#primaryimage","url":"https:\/\/medicina.udd.cl\/fonoaudiologia-santiago\/files\/2022\/09\/Flgo.-Pablo-Roa-Espinoza.byn_.jpg","contentUrl":"https:\/\/medicina.udd.cl\/fonoaudiologia-santiago\/files\/2022\/09\/Flgo.-Pablo-Roa-Espinoza.byn_.jpg","width":1084,"height":1085},{"@type":"BreadcrumbList","@id":"https:\/\/medicina.udd.cl\/fonoaudiologia-santiago\/persona\/pablo-roa-espinoza\/#breadcrumb","itemListElement":[{"@type":"ListItem","position":1,"name":"Home","item":"https:\/\/medicina.udd.cl\/fonoaudiologia-santiago\/"},{"@type":"ListItem","position":2,"name":"Personas","item":"https:\/\/medicina.udd.cl\/fonoaudiologia-santiago\/persona\/"},{"@type":"ListItem","position":3,"name":"Pablo Roa Espinoza"}]},{"@type":"WebSite","@id":"https:\/\/medicina.udd.cl\/fonoaudiologia-santiago\/#website","url":"https:\/\/medicina.udd.cl\/fonoaudiologia-santiago\/","name":"Fonoaudiolog\u00eda","description":"Facultad de Medicina Cl\u00ednica Alemana Universidad del Desarrollo","inLanguage":"es"}]}},"label":"Pablo Roa Espinoza","role":"Docente \u00c1rea Adulto","thumbnail_url":"https:\/\/medicina.udd.cl\/fonoaudiologia-santiago\/files\/2022\/09\/Flgo.-Pablo-Roa-Espinoza.byn_-500x500.jpg","email":"p.roa@udd.cl","tel_job":"","content":{"rendered":"<div class=\"person-modal person-modal--scl\">\n\t<header class=\"person-modal__header\">\n\t\t<div class=\"person-modal__bg\"><\/div>\n\t\t<div class=\"modal-container\">\n\t\t\t\t\t\t<div class=\"person-modal__media\">\n\t\t\t\t<img width=\"500\" height=\"500\" src=\"https:\/\/medicina.udd.cl\/fonoaudiologia-santiago\/files\/2022\/09\/Flgo.-Pablo-Roa-Espinoza.byn_-500x500.jpg\" class=\"person-modal__image wp-post-image\" alt=\"\" decoding=\"async\" loading=\"lazy\" srcset=\"https:\/\/medicina.udd.cl\/fonoaudiologia-santiago\/files\/2022\/09\/Flgo.-Pablo-Roa-Espinoza.byn_-500x500.jpg 500w, https:\/\/medicina.udd.cl\/fonoaudiologia-santiago\/files\/2022\/09\/Flgo.-Pablo-Roa-Espinoza.byn_-300x300.jpg 300w, https:\/\/medicina.udd.cl\/fonoaudiologia-santiago\/files\/2022\/09\/Flgo.-Pablo-Roa-Espinoza.byn_-1024x1024.jpg 1024w, https:\/\/medicina.udd.cl\/fonoaudiologia-santiago\/files\/2022\/09\/Flgo.-Pablo-Roa-Espinoza.byn_-150x150.jpg 150w, https:\/\/medicina.udd.cl\/fonoaudiologia-santiago\/files\/2022\/09\/Flgo.-Pablo-Roa-Espinoza.byn_-768x769.jpg 768w, https:\/\/medicina.udd.cl\/fonoaudiologia-santiago\/files\/2022\/09\/Flgo.-Pablo-Roa-Espinoza.byn_-62x62.jpg 62w, https:\/\/medicina.udd.cl\/fonoaudiologia-santiago\/files\/2022\/09\/Flgo.-Pablo-Roa-Espinoza.byn_-750x750.jpg 750w, https:\/\/medicina.udd.cl\/fonoaudiologia-santiago\/files\/2022\/09\/Flgo.-Pablo-Roa-Espinoza.byn_-250x250.jpg 250w, https:\/\/medicina.udd.cl\/fonoaudiologia-santiago\/files\/2022\/09\/Flgo.-Pablo-Roa-Espinoza.byn_-126x126.jpg 126w, https:\/\/medicina.udd.cl\/fonoaudiologia-santiago\/files\/2022\/09\/Flgo.-Pablo-Roa-Espinoza.byn_.jpg 1084w\" sizes=\"auto, (max-width: 500px) 100vw, 500px\" \/>\t\t\t<\/div>\n\t\t\t\t\t\t<div class=\"person-modal__data\">\n\t\t\t\t<h1 class=\"person-modal__name\">Pablo Roa Espinoza<\/h1>\n\t\t\t\t\t\t\t<span class=\"person-modal__description\">Docente \u00c1rea Adulto<\/span>\n\t\t\t\t\t\t\t\t\t\t\t\t\t<a href=\"mailto:p&#046;&#114;&#111;&#097;&#064;u&#100;&#100;.&#099;l\" class=\"person-modal__email\">&#112;&#46;roa&#64;&#117;&#100;&#100;.&#99;&#108;<\/a>\n\t\t\t\t\t\t\t\t\t<\/div>\n\t\t<\/div>\n\t<\/header>\n\t<div class=\"modal-container\">\n\t\t\t<div class=\"person-modal__content text\">\n\t\t\t\t\t\t\t\t\t\t<ul>\n<li class=\"MsoNormal\"><span>Fonoaudi\u00f3logo U. de Concepci\u00f3n.<\/span><\/li>\n<li class=\"MsoNormal\"><span>Diplomado en Neuropsicolog\u00eda y Neuropsiquiatr\u00eda del Adulto, P.U.C.<\/span><\/li>\n<li class=\"MsoNormal\"><span>Diplomado en docencia universitaria, UDD.<\/span><\/li>\n<li class=\"MsoNormal\"><span>Instructor en simulaci\u00f3n cl\u00ednica, UDD.<\/span><\/li>\n<li class=\"MsoNormal\"><span>Doctor (c) Salud Mental UdeC.<\/span><\/li>\n<li class=\"MsoNormal\"><span>Dedicado al manejo de usuarios adultos con alteraciones cognitivas-comunicativas y deglutorias, de origen neurol\u00f3gico.<\/span><\/li>\n<li class=\"MsoNormal\"><span>L\u00ednea de investigaci\u00f3n: Deterioro Cognitivo y Salud Mental.<\/span><\/li>\n<\/ul>\n\t\t<\/div>\n\t<\/div>\n<\/div>\n"},"identifier":"db4ed9edf3168e63fd3e66f8ea02dc47e99c6db9","has_credential":[],"given_name":"Pablo","family_name":"Roa Espinoza","name":"Pablo Roa Espinoza","job_title":"Docente \u00c1rea Adulto","telephone":"","note":"","im":"","_self_schedule":null,"_links":{"self":[{"href":"https:\/\/medicina.udd.cl\/fonoaudiologia-santiago\/wp-json\/wp\/v2\/people\/5757","targetHints":{"allow":["GET"]}}],"collection":[{"href":"https:\/\/medicina.udd.cl\/fonoaudiologia-santiago\/wp-json\/wp\/v2\/people"}],"about":[{"href":"https:\/\/medicina.udd.cl\/fonoaudiologia-santiago\/wp-json\/wp\/v2\/types\/person"}],"wp:featuredmedia":[{"embeddable":true,"href":"https:\/\/medicina.udd.cl\/fonoaudiologia-santiago\/wp-json\/wp\/v2\/media\/5758"}],"wp:attachment":[{"href":"https:\/\/medicina.udd.cl\/fonoaudiologia-santiago\/wp-json\/wp\/v2\/media?parent=5757"}],"wp:term":[{"taxonomy":"people_tax","embeddable":true,"href":"https:\/\/medicina.udd.cl\/fonoaudiologia-santiago\/wp-json\/wp\/v2\/people_tax?post=5757"},{"taxonomy":"people_areas","embeddable":true,"href":"https:\/\/medicina.udd.cl\/fonoaudiologia-santiago\/wp-json\/wp\/v2\/people_areas?post=5757"},{"taxonomy":"people_levels","embeddable":true,"href":"https:\/\/medicina.udd.cl\/fonoaudiologia-santiago\/wp-json\/wp\/v2\/people_levels?post=5757"}],"curies":[{"name":"wp","href":"https:\/\/api.w.org\/{rel}","templated":true}]}}