{"id":14447,"date":"2025-11-07T10:28:29","date_gmt":"2025-11-07T13:28:29","guid":{"rendered":"https:\/\/medicina.udd.cl\/icim\/files\/2025\/11\/simposio_latinoamericano_udd_vst-9413.jpg"},"modified":"2025-11-07T10:28:29","modified_gmt":"2025-11-07T13:28:29","slug":"registro-fotografico-del-primer-simposio-latinoamericano-en-descubrimiento-y-desarrollo-de-farmacos-en-santiago-05-11-2025-fotografo-valentino-saldivar-8","status":"inherit","type":"attachment","link":"https:\/\/medicina.udd.cl\/icim\/2025\/11\/06\/icim-inaugura-plataforma-pionera-para-el-descubrimiento-de-farmacos-en-latinoamerica\/registro-fotografico-del-primer-simposio-latinoamericano-en-descubrimiento-y-desarrollo-de-farmacos-en-santiago-05-11-2025-fotografo-valentino-saldivar-8\/","title":{"rendered":"Registro fotogr\u00e1fico del primer Simposio Latinoamericano en Descubrimiento y Desarrollo de F\u00e1rmacos. En Santiago: 05\/11\/2025.  Fot\u00f3grafo: Valentino Saldivar."},"author":9192254,"featured_media":0,"comment_status":"","ping_status":"closed","template":"","meta":[],"class_list":["post-14447","attachment","type-attachment","status-inherit","hentry"],"yoast_head":"<!-- This site is optimized with the Yoast SEO plugin v26.9 - https:\/\/yoast.com\/product\/yoast-seo-wordpress\/ -->\n<title>Registro fotogr\u00e1fico del primer Simposio Latinoamericano en Descubrimiento y Desarrollo de F\u00e1rmacos. En Santiago: 05\/11\/2025. Fot\u00f3grafo: Valentino Saldivar. - ICIM<\/title>\n<meta name=\"robots\" content=\"index, follow, max-snippet:-1, max-image-preview:large, max-video-preview:-1\" \/>\n<link rel=\"canonical\" href=\"https:\/\/medicina.udd.cl\/icim\/files\/2025\/11\/simposio_latinoamericano_udd_vst-9413.jpg\" \/>\n<meta property=\"og:locale\" content=\"es_ES\" \/>\n<meta property=\"og:type\" content=\"article\" \/>\n<meta property=\"og:title\" content=\"Registro fotogr\u00e1fico del primer Simposio Latinoamericano en Descubrimiento y Desarrollo de F\u00e1rmacos. En Santiago: 05\/11\/2025. Fot\u00f3grafo: Valentino Saldivar. - ICIM\" \/>\n<meta property=\"og:description\" content=\"Registro fotogr\u00e1fico del primer Simposio Latinoamericano en Descubrimiento y Desarrollo de F\u00e1rmacos. En Santiago: 05\/11\/2025. Fot\u00f3grafo: Valentino Saldivar.\" \/>\n<meta property=\"og:url\" content=\"https:\/\/medicina.udd.cl\/icim\/files\/2025\/11\/simposio_latinoamericano_udd_vst-9413.jpg\" \/>\n<meta property=\"og:site_name\" content=\"ICIM\" \/>\n<meta property=\"og:image\" content=\"https:\/\/medicina.udd.cl\/icim\/files\/2025\/11\/simposio_latinoamericano_udd_vst-9413.jpg\" \/>\n\t<meta property=\"og:image:width\" content=\"1\" \/>\n\t<meta property=\"og:image:height\" content=\"1\" \/>\n\t<meta property=\"og:image:type\" content=\"image\/jpeg\" \/>\n<meta name=\"twitter:card\" content=\"summary_large_image\" \/>\n<script type=\"application\/ld+json\" class=\"yoast-schema-graph\">{\"@context\":\"https:\/\/schema.org\",\"@graph\":[{\"@type\":\"WebPage\",\"@id\":\"https:\/\/medicina.udd.cl\/icim\/files\/2025\/11\/simposio_latinoamericano_udd_vst-9413.jpg\",\"url\":\"https:\/\/medicina.udd.cl\/icim\/files\/2025\/11\/simposio_latinoamericano_udd_vst-9413.jpg\",\"name\":\"Registro fotogr\u00e1fico del primer Simposio Latinoamericano en Descubrimiento y Desarrollo de F\u00e1rmacos. En Santiago: 05\/11\/2025. Fot\u00f3grafo: Valentino Saldivar. - ICIM\",\"isPartOf\":{\"@id\":\"https:\/\/medicina.udd.cl\/icim\/#website\"},\"datePublished\":\"2025-11-07T13:28:29+00:00\",\"breadcrumb\":{\"@id\":\"https:\/\/medicina.udd.cl\/icim\/files\/2025\/11\/simposio_latinoamericano_udd_vst-9413.jpg#breadcrumb\"},\"inLanguage\":\"es\",\"potentialAction\":[{\"@type\":\"ReadAction\",\"target\":[\"https:\/\/medicina.udd.cl\/icim\/files\/2025\/11\/simposio_latinoamericano_udd_vst-9413.jpg\"]}]},{\"@type\":\"BreadcrumbList\",\"@id\":\"https:\/\/medicina.udd.cl\/icim\/files\/2025\/11\/simposio_latinoamericano_udd_vst-9413.jpg#breadcrumb\",\"itemListElement\":[{\"@type\":\"ListItem\",\"position\":1,\"name\":\"Inicio\",\"item\":\"https:\/\/medicina.udd.cl\/icim\/\"},{\"@type\":\"ListItem\",\"position\":2,\"name\":\"ICIM inaugura plataforma pionera para el descubrimiento de f\u00e1rmacos en Latinoam\u00e9rica\",\"item\":\"https:\/\/medicina.udd.cl\/icim\/2025\/11\/06\/icim-inaugura-plataforma-pionera-para-el-descubrimiento-de-farmacos-en-latinoamerica\/\"},{\"@type\":\"ListItem\",\"position\":3,\"name\":\"Registro fotogr\u00e1fico del primer Simposio Latinoamericano en Descubrimiento y Desarrollo de F\u00e1rmacos. En Santiago: 05\/11\/2025. Fot\u00f3grafo: Valentino Saldivar.\"}]},{\"@type\":\"WebSite\",\"@id\":\"https:\/\/medicina.udd.cl\/icim\/#website\",\"url\":\"https:\/\/medicina.udd.cl\/icim\/\",\"name\":\"ICIM\",\"description\":\"Una iniciativa de Universidad del Desarrollo y Cl\u00ednica Alemana\",\"inLanguage\":\"es\"}]}<\/script>\n<!-- \/ Yoast SEO plugin. -->","yoast_head_json":{"title":"Registro fotogr\u00e1fico del primer Simposio Latinoamericano en Descubrimiento y Desarrollo de F\u00e1rmacos. En Santiago: 05\/11\/2025. Fot\u00f3grafo: Valentino Saldivar. - ICIM","robots":{"index":"index","follow":"follow","max-snippet":"max-snippet:-1","max-image-preview":"max-image-preview:large","max-video-preview":"max-video-preview:-1"},"canonical":"https:\/\/medicina.udd.cl\/icim\/files\/2025\/11\/simposio_latinoamericano_udd_vst-9413.jpg","og_locale":"es_ES","og_type":"article","og_title":"Registro fotogr\u00e1fico del primer Simposio Latinoamericano en Descubrimiento y Desarrollo de F\u00e1rmacos. En Santiago: 05\/11\/2025. Fot\u00f3grafo: Valentino Saldivar. - ICIM","og_description":"Registro fotogr\u00e1fico del primer Simposio Latinoamericano en Descubrimiento y Desarrollo de F\u00e1rmacos. En Santiago: 05\/11\/2025. Fot\u00f3grafo: Valentino Saldivar.","og_url":"https:\/\/medicina.udd.cl\/icim\/files\/2025\/11\/simposio_latinoamericano_udd_vst-9413.jpg","og_site_name":"ICIM","og_image":[{"url":"https:\/\/medicina.udd.cl\/icim\/files\/2025\/11\/simposio_latinoamericano_udd_vst-9413.jpg","width":1,"height":1,"type":"image\/jpeg"}],"twitter_card":"summary_large_image","schema":{"@context":"https:\/\/schema.org","@graph":[{"@type":"WebPage","@id":"https:\/\/medicina.udd.cl\/icim\/files\/2025\/11\/simposio_latinoamericano_udd_vst-9413.jpg","url":"https:\/\/medicina.udd.cl\/icim\/files\/2025\/11\/simposio_latinoamericano_udd_vst-9413.jpg","name":"Registro fotogr\u00e1fico del primer Simposio Latinoamericano en Descubrimiento y Desarrollo de F\u00e1rmacos. En Santiago: 05\/11\/2025. Fot\u00f3grafo: Valentino Saldivar. - ICIM","isPartOf":{"@id":"https:\/\/medicina.udd.cl\/icim\/#website"},"datePublished":"2025-11-07T13:28:29+00:00","breadcrumb":{"@id":"https:\/\/medicina.udd.cl\/icim\/files\/2025\/11\/simposio_latinoamericano_udd_vst-9413.jpg#breadcrumb"},"inLanguage":"es","potentialAction":[{"@type":"ReadAction","target":["https:\/\/medicina.udd.cl\/icim\/files\/2025\/11\/simposio_latinoamericano_udd_vst-9413.jpg"]}]},{"@type":"BreadcrumbList","@id":"https:\/\/medicina.udd.cl\/icim\/files\/2025\/11\/simposio_latinoamericano_udd_vst-9413.jpg#breadcrumb","itemListElement":[{"@type":"ListItem","position":1,"name":"Inicio","item":"https:\/\/medicina.udd.cl\/icim\/"},{"@type":"ListItem","position":2,"name":"ICIM inaugura plataforma pionera para el descubrimiento de f\u00e1rmacos en Latinoam\u00e9rica","item":"https:\/\/medicina.udd.cl\/icim\/2025\/11\/06\/icim-inaugura-plataforma-pionera-para-el-descubrimiento-de-farmacos-en-latinoamerica\/"},{"@type":"ListItem","position":3,"name":"Registro fotogr\u00e1fico del primer Simposio Latinoamericano en Descubrimiento y Desarrollo de F\u00e1rmacos. En Santiago: 05\/11\/2025. Fot\u00f3grafo: Valentino Saldivar."}]},{"@type":"WebSite","@id":"https:\/\/medicina.udd.cl\/icim\/#website","url":"https:\/\/medicina.udd.cl\/icim\/","name":"ICIM","description":"Una iniciativa de Universidad del Desarrollo y Cl\u00ednica Alemana","inLanguage":"es"}]}},"description":{"rendered":"<p class=\"attachment\"><a href='https:\/\/medicina.udd.cl\/icim\/files\/2025\/11\/simposio_latinoamericano_udd_vst-9413.jpg'><img loading=\"lazy\" decoding=\"async\" width=\"300\" height=\"200\" src=\"https:\/\/medicina.udd.cl\/icim\/wp-content\/plugins\/wp-async-img-load\/blank.png\" class=\"attachment-medium size-medium lazyload\" alt=\"\" sizes=\"auto, (max-width: 300px) 100vw, 300px\" data-src=\"https:\/\/medicina.udd.cl\/icim\/files\/2025\/11\/simposio_latinoamericano_udd_vst-9413-300x200.jpg\" data-srcset=\"https:\/\/medicina.udd.cl\/icim\/files\/2025\/11\/simposio_latinoamericano_udd_vst-9413-300x200.jpg 300w, https:\/\/medicina.udd.cl\/icim\/files\/2025\/11\/simposio_latinoamericano_udd_vst-9413-1024x683.jpg 1024w, https:\/\/medicina.udd.cl\/icim\/files\/2025\/11\/simposio_latinoamericano_udd_vst-9413-768x512.jpg 768w, https:\/\/medicina.udd.cl\/icim\/files\/2025\/11\/simposio_latinoamericano_udd_vst-9413-1536x1024.jpg 1536w, https:\/\/medicina.udd.cl\/icim\/files\/2025\/11\/simposio_latinoamericano_udd_vst-9413.jpg 1620w\" \/><\/a><\/p>\n"},"caption":{"rendered":"<p>Registro fotogr\u00e1fico del primer Simposio Latinoamericano en Descubrimiento y Desarrollo de F\u00e1rmacos. En Santiago: 05\/11\/2025.  Fot\u00f3grafo: Valentino Saldivar.<\/p>\n"},"alt_text":"","media_type":"image","mime_type":"image\/jpeg","media_details":{"width":1620,"height":1080,"file":"2025\/11\/simposio_latinoamericano_udd_vst-9413.jpg","filesize":1043251,"sizes":{"medium":{"file":"simposio_latinoamericano_udd_vst-9413-300x200.jpg","width":300,"height":200,"filesize":55774,"mime_type":"image\/jpeg","source_url":"https:\/\/medicina.udd.cl\/icim\/files\/2025\/11\/simposio_latinoamericano_udd_vst-9413-300x200.jpg"},"large":{"file":"simposio_latinoamericano_udd_vst-9413-1024x683.jpg","width":1024,"height":683,"filesize":149505,"mime_type":"image\/jpeg","source_url":"https:\/\/medicina.udd.cl\/icim\/files\/2025\/11\/simposio_latinoamericano_udd_vst-9413-1024x683.jpg"},"thumbnail":{"file":"simposio_latinoamericano_udd_vst-9413-150x150.jpg","width":150,"height":150,"filesize":44952,"mime_type":"image\/jpeg","source_url":"https:\/\/medicina.udd.cl\/icim\/files\/2025\/11\/simposio_latinoamericano_udd_vst-9413-150x150.jpg"},"medium_large":{"file":"simposio_latinoamericano_udd_vst-9413-768x512.jpg","width":768,"height":512,"filesize":110534,"mime_type":"image\/jpeg","source_url":"https:\/\/medicina.udd.cl\/icim\/files\/2025\/11\/simposio_latinoamericano_udd_vst-9413-768x512.jpg"},"newsletter_featured":{"file":"simposio_latinoamericano_udd_vst-9413-316x224.jpg","width":316,"height":224,"filesize":57806,"mime_type":"image\/jpeg","source_url":"https:\/\/medicina.udd.cl\/icim\/files\/2025\/11\/simposio_latinoamericano_udd_vst-9413-316x224.jpg"},"newsletter_first":{"file":"simposio_latinoamericano_udd_vst-9413-286x205.jpg","width":286,"height":205,"filesize":55145,"mime_type":"image\/jpeg","source_url":"https:\/\/medicina.udd.cl\/icim\/files\/2025\/11\/simposio_latinoamericano_udd_vst-9413-286x205.jpg"},"newsletter_thumb":{"file":"simposio_latinoamericano_udd_vst-9413-288x150.jpg","width":288,"height":150,"filesize":51963,"mime_type":"image\/jpeg","source_url":"https:\/\/medicina.udd.cl\/icim\/files\/2025\/11\/simposio_latinoamericano_udd_vst-9413-288x150.jpg"},"newsletter_column":{"file":"simposio_latinoamericano_udd_vst-9413-182x140.jpg","width":182,"height":140,"filesize":46623,"mime_type":"image\/jpeg","source_url":"https:\/\/medicina.udd.cl\/icim\/files\/2025\/11\/simposio_latinoamericano_udd_vst-9413-182x140.jpg"},"newsletter_square":{"file":"simposio_latinoamericano_udd_vst-9413-62x62.jpg","width":62,"height":62,"filesize":39281,"mime_type":"image\/jpeg","source_url":"https:\/\/medicina.udd.cl\/icim\/files\/2025\/11\/simposio_latinoamericano_udd_vst-9413-62x62.jpg"},"newsletter_square_large":{"file":"simposio_latinoamericano_udd_vst-9413-87x62.jpg","width":87,"height":62,"filesize":40088,"mime_type":"image\/jpeg","source_url":"https:\/\/medicina.udd.cl\/icim\/files\/2025\/11\/simposio_latinoamericano_udd_vst-9413-87x62.jpg"},"1536x1536":{"file":"simposio_latinoamericano_udd_vst-9413-1536x1024.jpg","width":1536,"height":1024,"filesize":242142,"mime_type":"image\/jpeg","source_url":"https:\/\/medicina.udd.cl\/icim\/files\/2025\/11\/simposio_latinoamericano_udd_vst-9413-1536x1024.jpg"},"landscape_1366":{"file":"simposio_latinoamericano_udd_vst-9413-1366x768.jpg","width":1366,"height":768,"filesize":187434,"mime_type":"image\/jpeg","source_url":"https:\/\/medicina.udd.cl\/icim\/files\/2025\/11\/simposio_latinoamericano_udd_vst-9413-1366x768.jpg"},"landscape_952":{"file":"simposio_latinoamericano_udd_vst-9413-952x534.jpg","width":952,"height":534,"filesize":125424,"mime_type":"image\/jpeg","source_url":"https:\/\/medicina.udd.cl\/icim\/files\/2025\/11\/simposio_latinoamericano_udd_vst-9413-952x534.jpg"},"landscape_680":{"file":"simposio_latinoamericano_udd_vst-9413-680x382.jpg","width":680,"height":382,"filesize":91495,"mime_type":"image\/jpeg","source_url":"https:\/\/medicina.udd.cl\/icim\/files\/2025\/11\/simposio_latinoamericano_udd_vst-9413-680x382.jpg"},"square_750":{"file":"simposio_latinoamericano_udd_vst-9413-750x750.jpg","width":750,"height":750,"filesize":120949,"mime_type":"image\/jpeg","source_url":"https:\/\/medicina.udd.cl\/icim\/files\/2025\/11\/simposio_latinoamericano_udd_vst-9413-750x750.jpg"},"square_500":{"file":"simposio_latinoamericano_udd_vst-9413-500x500.jpg","width":500,"height":500,"filesize":83236,"mime_type":"image\/jpeg","source_url":"https:\/\/medicina.udd.cl\/icim\/files\/2025\/11\/simposio_latinoamericano_udd_vst-9413-500x500.jpg"},"square_200":{"file":"simposio_latinoamericano_udd_vst-9413-250x250.jpg","width":250,"height":250,"filesize":54051,"mime_type":"image\/jpeg","source_url":"https:\/\/medicina.udd.cl\/icim\/files\/2025\/11\/simposio_latinoamericano_udd_vst-9413-250x250.jpg"},"post-thumbnail":{"file":"simposio_latinoamericano_udd_vst-9413-952x534.jpg","width":952,"height":534,"filesize":125424,"mime_type":"image\/jpeg","source_url":"https:\/\/medicina.udd.cl\/icim\/files\/2025\/11\/simposio_latinoamericano_udd_vst-9413-952x534.jpg"},"custom_content":{"file":"simposio_latinoamericano_udd_vst-9413-126x126.jpg","width":126,"height":126,"filesize":43174,"mime_type":"image\/jpeg","source_url":"https:\/\/medicina.udd.cl\/icim\/files\/2025\/11\/simposio_latinoamericano_udd_vst-9413-126x126.jpg"},"full":{"file":"simposio_latinoamericano_udd_vst-9413.jpg","width":1620,"height":1080,"mime_type":"image\/jpeg","source_url":"https:\/\/medicina.udd.cl\/icim\/files\/2025\/11\/simposio_latinoamericano_udd_vst-9413.jpg"}},"image_meta":{"aperture":"3.2","credit":"Valentino Saldivar","camera":"Canon EOS R3","caption":"Registro fotogr\u00e1fico del primer Simposio Latinoamericano en Descubrimiento y Desarrollo de F\u00e1rmacos. En Santiago: 05\/11\/2025.  Fot\u00f3grafo: Valentino Saldivar.","created_timestamp":"1762349525","copyright":"@copyright2025","focal_length":"95","iso":"3200","shutter_speed":"0.004","title":"Registro fotogr\u00e1fico del primer Simposio Latinoamericano en Descubrimiento y Desarrollo de F\u00e1rmacos. En Santiago: 05\/11\/2025.  Fot\u00f3grafo: Valentino Saldivar.","orientation":"0","keywords":["INAUGURACION FARMACOS","MEDICINA 2025 FARMACOS","SIMPOSIO LATINOAMERICANO","UDD 2025"]}},"post":14439,"source_url":"https:\/\/medicina.udd.cl\/icim\/files\/2025\/11\/simposio_latinoamericano_udd_vst-9413.jpg","_links":{"self":[{"href":"https:\/\/medicina.udd.cl\/icim\/wp-json\/wp\/v2\/media\/14447","targetHints":{"allow":["GET"]}}],"collection":[{"href":"https:\/\/medicina.udd.cl\/icim\/wp-json\/wp\/v2\/media"}],"about":[{"href":"https:\/\/medicina.udd.cl\/icim\/wp-json\/wp\/v2\/types\/attachment"}],"author":[{"embeddable":true,"href":"https:\/\/medicina.udd.cl\/icim\/wp-json\/wp\/v2\/users\/9192254"}],"replies":[{"embeddable":true,"href":"https:\/\/medicina.udd.cl\/icim\/wp-json\/wp\/v2\/comments?post=14447"}],"wp:attached-to":[{"embeddable":true,"post_type":"post","id":14439,"href":"https:\/\/medicina.udd.cl\/icim\/wp-json\/wp\/v2\/posts\/14439"}],"curies":[{"name":"wp","href":"https:\/\/api.w.org\/{rel}","templated":true}]}}