{"id":13180,"date":"2024-06-24T10:36:04","date_gmt":"2024-06-24T14:36:04","guid":{"rendered":"https:\/\/medicina.udd.cl\/icim\/?page_id=13180"},"modified":"2024-10-08T11:20:25","modified_gmt":"2024-10-08T14:20:25","slug":"jornada-de-asesoramiento-genetico-y-medicina-de-precision","status":"publish","type":"page","link":"https:\/\/medicina.udd.cl\/icim\/jornada-de-asesoramiento-genetico-y-medicina-de-precision\/","title":{"rendered":"Jornada de Asesoramiento Gen\u00e9tico y Medicina de Precisi\u00f3n"},"content":{"rendered":"\n<figure class=\"wp-block-image aligncenter size-large is-resized\"><img loading=\"lazy\" decoding=\"async\" width=\"1024\" height=\"1024\" src=\"https:\/\/medicina.udd.cl\/icim\/files\/2024\/06\/flyer-imagen-1024x1024.png\" alt=\"\" class=\"wp-image-13183\" style=\"width:709px;height:auto\" srcset=\"https:\/\/medicina.udd.cl\/icim\/files\/2024\/06\/flyer-imagen-1024x1024.png 1024w, https:\/\/medicina.udd.cl\/icim\/files\/2024\/06\/flyer-imagen-300x300.png 300w, https:\/\/medicina.udd.cl\/icim\/files\/2024\/06\/flyer-imagen-150x150.png 150w, https:\/\/medicina.udd.cl\/icim\/files\/2024\/06\/flyer-imagen-768x768.png 768w, https:\/\/medicina.udd.cl\/icim\/files\/2024\/06\/flyer-imagen-62x62.png 62w, https:\/\/medicina.udd.cl\/icim\/files\/2024\/06\/flyer-imagen-750x750.png 750w, https:\/\/medicina.udd.cl\/icim\/files\/2024\/06\/flyer-imagen-500x500.png 500w, https:\/\/medicina.udd.cl\/icim\/files\/2024\/06\/flyer-imagen-250x250.png 250w, https:\/\/medicina.udd.cl\/icim\/files\/2024\/06\/flyer-imagen-126x126.png 126w, https:\/\/medicina.udd.cl\/icim\/files\/2024\/06\/flyer-imagen.png 1080w\" sizes=\"auto, (max-width: 1024px) 100vw, 1024px\" \/><\/figure>\n\n\n\n<p>La <strong><em>Jornada de Asesoramiento Gen\u00e9tico y Medicina de Precisi\u00f3n<\/em><\/strong>, es un evento dedicado a explorar los avances y desaf\u00edos en la pr\u00e1ctica cl\u00ednica de oncolog\u00eda. Este encuentro ser\u00e1 una excelente oportunidad para reunir a profesionales de la salud, investigadores y estudiantes con el objetivo de actualizar conocimientos, intercambiar experiencias y promover la colaboraci\u00f3n interdisciplinaria sobre la importancia del asesoramiento gen\u00e9tico en el diagn\u00f3stico, tratamiento y prevenci\u00f3n del c\u00e1ncer.<\/p>\n\n\n\n<p>Este evento est\u00e1 dirigido a genetistas, m\u00e9dicos, enfermeros, bi\u00f3logos, psic\u00f3logos y estudiantes de carreras afines interesados en integrar el asesoramiento gen\u00e9tico y la medicina de precisi\u00f3n en la pr\u00e1ctica cl\u00ednica oncol\u00f3gica.<\/p>\n\n\n\n<p>La Jornada de Asesoramiento Gen\u00e9tico y Medicina de Precisi\u00f3n ser\u00e1 una oportunidad \u00fanica para estar a la vanguardia de la gen\u00e9tica m\u00e9dica, conocer a expertos en el campo y aumentar la concienciaci\u00f3n sobre la importancia del asesoramiento gen\u00e9tico y la medicina de precisi\u00f3n en la mejora de los resultados de salud.<\/p>\n\n\n<!-- WP Block: UDD - Cards Alternate -->\n<section class=\"wp-block-udd-cards\" style=\"--udd-blocks-has-columns-number: 3\">\n\t<div class=\"container\">\n\t\t\t\t<div class=\"block__content\">\n\t\t\t<div class=\"cards\">\n\t\t\t\t\t\t\t\t\t\t\t\t\t\t\t\t\t<div class=\"card-wrapper\">\n\t\t\t\t\t\t<div class=\"card\">\n\t\t\t\t\t\t\t<h3 class=\"card__title\">FECHA<\/h3>\n\t\t\t\t\t\t\t\t\t\t\t\t\t\t<div class=\"card__description\">\n\t\t\t\t\t\t\t\t<p>Jueves 27 de junio de 2024<\/p>\n\t\t\t\t\t\t\t<\/div>\n\t\t\t\t\t\t\t\t\t\t\t\t\t<\/div>\n\t\t\t\t\t<\/div>\n\t\t\t\t\t\t\t\t\t\t\t\t\t\t\t\t\t\t\t\t\t<div class=\"card-wrapper\">\n\t\t\t\t\t\t<div class=\"card\">\n\t\t\t\t\t\t\t<h3 class=\"card__title\">HORARIO<\/h3>\n\t\t\t\t\t\t\t\t\t\t\t\t\t\t<div class=\"card__description\">\n\t\t\t\t\t\t\t\t<p>09:00 a 13:00 horas. <\/p>\n\t\t\t\t\t\t\t<\/div>\n\t\t\t\t\t\t\t\t\t\t\t\t\t<\/div>\n\t\t\t\t\t<\/div>\n\t\t\t\t\t\t\t\t\t\t\t\t\t\t\t\t\t\t\t\t\t<div class=\"card-wrapper\">\n\t\t\t\t\t\t<div class=\"card\">\n\t\t\t\t\t\t\t<h3 class=\"card__title\">LUGAR<\/h3>\n\t\t\t\t\t\t\t\t\t\t\t\t\t\t<div class=\"card__description\">\n\t\t\t\t\t\t\t\t<p>Auditorio Jpost02, 1er piso Edificio de Postgrado, Universidad del Desarrollo (avenida Plaza 680, Las Condes).<\/p>\n\t\t\t\t\t\t\t<\/div>\n\t\t\t\t\t\t\t\t\t\t\t\t\t<\/div>\n\t\t\t\t\t<\/div>\n\t\t\t\t\t\t\t\t\t\t<\/div>\n\t\t<\/div>\n\t<\/div>\n<\/section>\n\n\n<!-- WP Block: UDD - Disposable -->\n<section\n\tdata-sps-offset=\"100\"\n\tid=\"udd-disposable--1--13180\"\n\tclass=\"wp-block-udd-disposable udd-notice disposable-block \"\n>\n\t<div class=\"container\">\n\t\t<div\n\t\t\tclass=\"udd-notice__header \"\n\t\t\tstyle=\"background-color: \"\n\t\t>\n\t\t\t\t\t\t<span class=\"udd-notice__header-label\">PROGRAMA<\/span>\n\t\t<\/div>\n\t\t<div\n\t\t\tclass=\"udd-notice__content\"\n\t\t\tstyle=\"background-color: \"\n\t\t>\n\t\t\t<a href=\"https:\/\/medicina.udd.cl\/icim\/files\/2024\/06\/ii-update-timetable-vf.png\"><strong>VER PROGRAMA<\/strong><\/a>\t\t<\/div>\n\t\t\t<\/div>\n<\/section>\n\n\n<!-- WP Block: UDD - Disposable -->\n<section\n\tdata-sps-offset=\"100\"\n\tid=\"udd-disposable--2--13180\"\n\tclass=\"wp-block-udd-disposable udd-notice disposable-block \"\n>\n\t<div class=\"container\">\n\t\t<div\n\t\t\tclass=\"udd-notice__header \"\n\t\t\tstyle=\"background-color: \"\n\t\t>\n\t\t\t\t\t\t<span class=\"udd-notice__header-label\">TRANSMISI\u00d3N<\/span>\n\t\t<\/div>\n\t\t<div\n\t\t\tclass=\"udd-notice__content\"\n\t\t\tstyle=\"background-color: \"\n\t\t>\n\t\t\t<strong><a href=\"https:\/\/uddtv.udd.cl\/streaming\/charla-jornada-internacional-de-asesoramiento-genetico-y-medicina-de-precision\/\">UDDTV.UDD.CL<\/a><\/strong>\t\t<\/div>\n\t\t\t<\/div>\n<\/section>\n\n\n<!-- WP Block: UDD - Disposable -->\n<section\n\tdata-sps-offset=\"100\"\n\tid=\"udd-disposable--3--13180\"\n\tclass=\"wp-block-udd-disposable udd-notice disposable-block \"\n>\n\t<div class=\"container\">\n\t\t<div\n\t\t\tclass=\"udd-notice__header \"\n\t\t\tstyle=\"background-color: \"\n\t\t>\n\t\t\t\t\t\t<span class=\"udd-notice__header-label\">DESCARGA<\/span>\n\t\t<\/div>\n\t\t<div\n\t\t\tclass=\"udd-notice__content\"\n\t\t\tstyle=\"background-color: \"\n\t\t>\n\t\t\t<a href=\"https:\/\/uddcl-my.sharepoint.com\/:u:\/g\/personal\/icim_udd_cl\/EfGIddqCWNtFpfXO1jgWXRgBlZxHPqn86-2y0t2jPvhv9w?e=pb1WTE\"><strong>CERTIFICADOS<\/strong><\/a>\t\t<\/div>\n\t\t\t<\/div>\n<\/section>\n","protected":false},"excerpt":{"rendered":"<p>La Jornada de Asesoramiento Gen\u00e9tico y Medicina de Precisi\u00f3n, es un evento dedicado a explorar los avances y desaf\u00edos en la pr\u00e1ctica cl\u00ednica de oncolog\u00eda. Este encuentro ser\u00e1 una excelente oportunidad para reunir a profesionales de la salud, investigadores y estudiantes con el objetivo de actualizar conocimientos, intercambiar experiencias y promover la colaboraci\u00f3n interdisciplinaria sobre [&hellip;]<\/p>\n","protected":false},"author":9192219,"featured_media":0,"parent":0,"menu_order":0,"comment_status":"closed","ping_status":"closed","template":"","meta":{"footnotes":""},"class_list":["post-13180","page","type-page","status-publish","hentry"],"yoast_head":"<!-- This site is optimized with the Yoast SEO plugin v26.9 - https:\/\/yoast.com\/product\/yoast-seo-wordpress\/ -->\n<title>Jornada de Asesoramiento Gen\u00e9tico y Medicina de Precisi\u00f3n - ICIM<\/title>\n<meta name=\"robots\" content=\"index, follow, max-snippet:-1, max-image-preview:large, max-video-preview:-1\" \/>\n<link rel=\"canonical\" href=\"https:\/\/medicina.udd.cl\/icim\/jornada-de-asesoramiento-genetico-y-medicina-de-precision\/\" \/>\n<meta property=\"og:locale\" content=\"es_ES\" \/>\n<meta property=\"og:type\" content=\"article\" \/>\n<meta property=\"og:title\" content=\"Jornada de Asesoramiento Gen\u00e9tico y Medicina de Precisi\u00f3n - ICIM\" \/>\n<meta property=\"og:description\" content=\"La Jornada de Asesoramiento Gen\u00e9tico y Medicina de Precisi\u00f3n, es un evento dedicado a explorar los avances y desaf\u00edos en la pr\u00e1ctica cl\u00ednica de oncolog\u00eda. Este encuentro ser\u00e1 una excelente oportunidad para reunir a profesionales de la salud, investigadores y estudiantes con el objetivo de actualizar conocimientos, intercambiar experiencias y promover la colaboraci\u00f3n interdisciplinaria sobre [&hellip;]\" \/>\n<meta property=\"og:url\" content=\"https:\/\/medicina.udd.cl\/icim\/jornada-de-asesoramiento-genetico-y-medicina-de-precision\/\" \/>\n<meta property=\"og:site_name\" content=\"ICIM\" \/>\n<meta property=\"article:modified_time\" content=\"2024-10-08T14:20:25+00:00\" \/>\n<meta property=\"og:image\" content=\"https:\/\/medicina.udd.cl\/icim\/files\/2024\/06\/flyer-imagen-1024x1024.png\" \/>\n<meta name=\"twitter:card\" content=\"summary_large_image\" \/>\n<meta name=\"twitter:label1\" content=\"Tiempo de lectura\" \/>\n\t<meta name=\"twitter:data1\" content=\"1 minuto\" \/>\n<script type=\"application\/ld+json\" class=\"yoast-schema-graph\">{\"@context\":\"https:\/\/schema.org\",\"@graph\":[{\"@type\":\"WebPage\",\"@id\":\"https:\/\/medicina.udd.cl\/icim\/jornada-de-asesoramiento-genetico-y-medicina-de-precision\/\",\"url\":\"https:\/\/medicina.udd.cl\/icim\/jornada-de-asesoramiento-genetico-y-medicina-de-precision\/\",\"name\":\"Jornada de Asesoramiento Gen\u00e9tico y Medicina de Precisi\u00f3n - ICIM\",\"isPartOf\":{\"@id\":\"https:\/\/medicina.udd.cl\/icim\/#website\"},\"primaryImageOfPage\":{\"@id\":\"https:\/\/medicina.udd.cl\/icim\/jornada-de-asesoramiento-genetico-y-medicina-de-precision\/#primaryimage\"},\"image\":{\"@id\":\"https:\/\/medicina.udd.cl\/icim\/jornada-de-asesoramiento-genetico-y-medicina-de-precision\/#primaryimage\"},\"thumbnailUrl\":\"https:\/\/medicina.udd.cl\/icim\/files\/2024\/06\/flyer-imagen-1024x1024.png\",\"datePublished\":\"2024-06-24T14:36:04+00:00\",\"dateModified\":\"2024-10-08T14:20:25+00:00\",\"breadcrumb\":{\"@id\":\"https:\/\/medicina.udd.cl\/icim\/jornada-de-asesoramiento-genetico-y-medicina-de-precision\/#breadcrumb\"},\"inLanguage\":\"es\",\"potentialAction\":[{\"@type\":\"ReadAction\",\"target\":[\"https:\/\/medicina.udd.cl\/icim\/jornada-de-asesoramiento-genetico-y-medicina-de-precision\/\"]}]},{\"@type\":\"ImageObject\",\"inLanguage\":\"es\",\"@id\":\"https:\/\/medicina.udd.cl\/icim\/jornada-de-asesoramiento-genetico-y-medicina-de-precision\/#primaryimage\",\"url\":\"https:\/\/medicina.udd.cl\/icim\/files\/2024\/06\/flyer-imagen.png\",\"contentUrl\":\"https:\/\/medicina.udd.cl\/icim\/files\/2024\/06\/flyer-imagen.png\",\"width\":1080,\"height\":1080},{\"@type\":\"BreadcrumbList\",\"@id\":\"https:\/\/medicina.udd.cl\/icim\/jornada-de-asesoramiento-genetico-y-medicina-de-precision\/#breadcrumb\",\"itemListElement\":[{\"@type\":\"ListItem\",\"position\":1,\"name\":\"Inicio\",\"item\":\"https:\/\/medicina.udd.cl\/icim\/\"},{\"@type\":\"ListItem\",\"position\":2,\"name\":\"Jornada de Asesoramiento Gen\u00e9tico y Medicina de Precisi\u00f3n\"}]},{\"@type\":\"WebSite\",\"@id\":\"https:\/\/medicina.udd.cl\/icim\/#website\",\"url\":\"https:\/\/medicina.udd.cl\/icim\/\",\"name\":\"ICIM\",\"description\":\"Una iniciativa de Universidad del Desarrollo y Cl\u00ednica Alemana\",\"inLanguage\":\"es\"}]}<\/script>\n<!-- \/ Yoast SEO plugin. -->","yoast_head_json":{"title":"Jornada de Asesoramiento Gen\u00e9tico y Medicina de Precisi\u00f3n - ICIM","robots":{"index":"index","follow":"follow","max-snippet":"max-snippet:-1","max-image-preview":"max-image-preview:large","max-video-preview":"max-video-preview:-1"},"canonical":"https:\/\/medicina.udd.cl\/icim\/jornada-de-asesoramiento-genetico-y-medicina-de-precision\/","og_locale":"es_ES","og_type":"article","og_title":"Jornada de Asesoramiento Gen\u00e9tico y Medicina de Precisi\u00f3n - ICIM","og_description":"La Jornada de Asesoramiento Gen\u00e9tico y Medicina de Precisi\u00f3n, es un evento dedicado a explorar los avances y desaf\u00edos en la pr\u00e1ctica cl\u00ednica de oncolog\u00eda. Este encuentro ser\u00e1 una excelente oportunidad para reunir a profesionales de la salud, investigadores y estudiantes con el objetivo de actualizar conocimientos, intercambiar experiencias y promover la colaboraci\u00f3n interdisciplinaria sobre [&hellip;]","og_url":"https:\/\/medicina.udd.cl\/icim\/jornada-de-asesoramiento-genetico-y-medicina-de-precision\/","og_site_name":"ICIM","article_modified_time":"2024-10-08T14:20:25+00:00","og_image":[{"url":"https:\/\/medicina.udd.cl\/icim\/files\/2024\/06\/flyer-imagen-1024x1024.png","type":"","width":"","height":""}],"twitter_card":"summary_large_image","twitter_misc":{"Tiempo de lectura":"1 minuto"},"schema":{"@context":"https:\/\/schema.org","@graph":[{"@type":"WebPage","@id":"https:\/\/medicina.udd.cl\/icim\/jornada-de-asesoramiento-genetico-y-medicina-de-precision\/","url":"https:\/\/medicina.udd.cl\/icim\/jornada-de-asesoramiento-genetico-y-medicina-de-precision\/","name":"Jornada de Asesoramiento Gen\u00e9tico y Medicina de Precisi\u00f3n - ICIM","isPartOf":{"@id":"https:\/\/medicina.udd.cl\/icim\/#website"},"primaryImageOfPage":{"@id":"https:\/\/medicina.udd.cl\/icim\/jornada-de-asesoramiento-genetico-y-medicina-de-precision\/#primaryimage"},"image":{"@id":"https:\/\/medicina.udd.cl\/icim\/jornada-de-asesoramiento-genetico-y-medicina-de-precision\/#primaryimage"},"thumbnailUrl":"https:\/\/medicina.udd.cl\/icim\/files\/2024\/06\/flyer-imagen-1024x1024.png","datePublished":"2024-06-24T14:36:04+00:00","dateModified":"2024-10-08T14:20:25+00:00","breadcrumb":{"@id":"https:\/\/medicina.udd.cl\/icim\/jornada-de-asesoramiento-genetico-y-medicina-de-precision\/#breadcrumb"},"inLanguage":"es","potentialAction":[{"@type":"ReadAction","target":["https:\/\/medicina.udd.cl\/icim\/jornada-de-asesoramiento-genetico-y-medicina-de-precision\/"]}]},{"@type":"ImageObject","inLanguage":"es","@id":"https:\/\/medicina.udd.cl\/icim\/jornada-de-asesoramiento-genetico-y-medicina-de-precision\/#primaryimage","url":"https:\/\/medicina.udd.cl\/icim\/files\/2024\/06\/flyer-imagen.png","contentUrl":"https:\/\/medicina.udd.cl\/icim\/files\/2024\/06\/flyer-imagen.png","width":1080,"height":1080},{"@type":"BreadcrumbList","@id":"https:\/\/medicina.udd.cl\/icim\/jornada-de-asesoramiento-genetico-y-medicina-de-precision\/#breadcrumb","itemListElement":[{"@type":"ListItem","position":1,"name":"Inicio","item":"https:\/\/medicina.udd.cl\/icim\/"},{"@type":"ListItem","position":2,"name":"Jornada de Asesoramiento Gen\u00e9tico y Medicina de Precisi\u00f3n"}]},{"@type":"WebSite","@id":"https:\/\/medicina.udd.cl\/icim\/#website","url":"https:\/\/medicina.udd.cl\/icim\/","name":"ICIM","description":"Una iniciativa de Universidad del Desarrollo y Cl\u00ednica Alemana","inLanguage":"es"}]}},"_links":{"self":[{"href":"https:\/\/medicina.udd.cl\/icim\/wp-json\/wp\/v2\/pages\/13180","targetHints":{"allow":["GET"]}}],"collection":[{"href":"https:\/\/medicina.udd.cl\/icim\/wp-json\/wp\/v2\/pages"}],"about":[{"href":"https:\/\/medicina.udd.cl\/icim\/wp-json\/wp\/v2\/types\/page"}],"author":[{"embeddable":true,"href":"https:\/\/medicina.udd.cl\/icim\/wp-json\/wp\/v2\/users\/9192219"}],"replies":[{"embeddable":true,"href":"https:\/\/medicina.udd.cl\/icim\/wp-json\/wp\/v2\/comments?post=13180"}],"version-history":[{"count":5,"href":"https:\/\/medicina.udd.cl\/icim\/wp-json\/wp\/v2\/pages\/13180\/revisions"}],"predecessor-version":[{"id":13743,"href":"https:\/\/medicina.udd.cl\/icim\/wp-json\/wp\/v2\/pages\/13180\/revisions\/13743"}],"wp:attachment":[{"href":"https:\/\/medicina.udd.cl\/icim\/wp-json\/wp\/v2\/media?parent=13180"}],"curies":[{"name":"wp","href":"https:\/\/api.w.org\/{rel}","templated":true}]}}