{"id":4982,"date":"2017-07-03T21:58:11","date_gmt":"2017-07-03T21:58:11","guid":{"rendered":"http:\/\/medicina.udd.cl\/icim\/?page_id=4982"},"modified":"2018-06-08T19:56:35","modified_gmt":"2018-06-08T19:56:35","slug":"publicaciones-destacadas","status":"publish","type":"page","link":"https:\/\/medicina.udd.cl\/icim\/publicaciones-destacadas\/","title":{"rendered":"Publicaciones destacadas"},"content":{"rendered":"<div class=\"supp\">\n<h4 class=\"desc\">Centro de Fisiolog\u00eda Celular e Integrativa<\/h4>\n<\/div>\n<h4><a href=\"http:\/\/repositorio.udd.cl\/bitstream\/handle\/11447\/899\/Immunosensory%20signaling%20by%20carotid%20body%20chemoreceptors.pdf?sequence=1\" target=\"_blank\">Immunosensory signaling by carotid body chemoreceptors<\/a><\/h4>\n<p>Zapata P, Larra\u00edn C, Reyes P, Fern\u00e1ndez R. Immunosensory signaling by carotid body chemoreceptors. <em>Respiratory &amp; Physiology Neurobiology, 2011;\u00a0<\/em>178(3): 370-374.<\/p>\n<hr \/>\n<h4><a href=\"https:\/\/www.ncbi.nlm.nih.gov\/pmc\/articles\/PMC4781978\/\" target=\"_blank\" rel=\"noopener\">Ion Channels in Inflammatory Processes: What Is Known and What Is Next?<\/a><\/h4>\n<div class=\"supp\">\n<p>Retamal MA,\u00a0Bennett M, Pelegrin P, Fern\u00e1ndez R. Ion Channels in Inflammatory Processes: What Is Known and What Is Next?.\u00a0<em><span class=\"jrnl\" title=\"Mediators of inflammation\">Mediators of Inflammation<\/span><\/em>. 2016; 2016:1.<\/p>\n<hr \/>\n<h4><a href=\"http:\/\/repositorio.udd.cl\/bitstream\/handle\/11447\/1009\/Cxs%20and%20Panx-%20hemichannels%20in%20peripheral%20and%20central%20chemosensing%20in%20mammals.pdf?sequence=1\" target=\"_blank\" rel=\"noopener\">Cxs and Panx- hemichannels in peripheral and central chemosensing in mammals<\/a><\/h4>\n<\/div>\n<div class=\"desc\">\n<p>Reyes EP, Cerpa V, Corval\u00e1n L, Retamal MA, Cxs and Panx- hemichannels in peripheral and central chemosensing in mammals. <em>Frontiers in Cellular Neuroscience<\/em>. <span class=\"citation-publication-date\">2014;\u00a0<\/span>8: 123.<\/p>\n<hr \/>\n<p>&nbsp;<\/p>\n<h4>Centro de Gen\u00e9tica y Gen\u00f3mica<\/h4>\n<\/div>\n<h4 class=\"details\"><a href=\"http:\/\/www.mdpi.com\/1422-0067\/19\/1\/321\" target=\"_blank\">Identification of a Rare Germline Heterozygous Deletion Involving the Polycistronic miR-17\u201392 Cluster in Two First-Degree Relatives from a BRCA 1\/2 Negative Chilean Family with Familial Breast Cancer: Possible Functional Implications<\/a><\/h4>\n<p class=\"details\">De Mayo T, Ziegler A, Morales S, Jara L.\u00a0.\u00a0<em>International Journal of Molecular Science<\/em>. 2018; 19 (01).<\/p>\n<hr \/>\n<h4 class=\"details\"><a href=\"http:\/\/repositorio.udd.cl\/bitstream\/handle\/11447\/289\/Genetic%20structure%20characterization%20of%20Chileans%20reflects%20historical%20immigration%20patterns.pdf?sequence=1\" target=\"_blank\" rel=\"noopener\">Genetic structure characterization of chileans reflects historical immigration patterns<\/a><\/h4>\n<div class=\"details\">\n<div class=\"desc\">Eyheramendy S, Mart\u00ednez FI, Manevy F, Vial C, Repetto GM.\u00a0Genetic structure characterization of Chileans reflects historical immigration patterns. <em>Nature Communications<\/em>.<span class=\"citation-publication-date\">\u00a02015;\u00a0<\/span>6: 6472.<\/div>\n<\/div>\n<div class=\"details\">\n<hr \/>\n<\/div>\n<h4 class=\"details\"><a href=\"http:\/\/repositorio.udd.cl\/bitstream\/handle\/11447\/288\/Practical%20guidelines%20for%20managing%20adults%20with%2022q11.2%20deletion.pdf?sequence=1\" target=\"_blank\" rel=\"noopener\">Practical guidelines for managing adults with 22q11.2 deletion syndrome<\/a><\/h4>\n<p class=\"desc\">Fung Wai Lun A, Butcher NJ, Costain G, Andrade DM, Boot E, Chow E, Chung B, Cytrynbaum C, Faghfoury HH, Fishman L, Garc\u00eda-Mi\u00f1a\u00far S, George S, Lang AE, Repetto MG, Shugar A, Silversides C, Swillen A, Van Amelsvoort T, McDonald-McGinn DM, Bassett A.S. Practical guidelines for managing adults with 22q11.2 deletion syndrome. <em>Genetics in Medicine.<\/em>\u00a02015; 17(8): 599\u2013609.<\/p>\n<hr \/>\n<h4 class=\"desc\"><a href=\"http:\/\/repositorio.udd.cl\/bitstream\/handle\/11447\/279\/Chromosomal%20microarrays%20testing%20in%20children%20with.pdf?sequence=1\" target=\"_blank\">Chromosomal microarray testing in children with developmental disabilities and congenital anomalies<\/a><\/h4>\n<p><span lang=\"EN-US\">Lay-Son G, Espinoza K, Vial C, Rivera JC, Guzm\u00e1n ML, Repetto GM. Chromosomal microarray testing in children with developmental disabilities and congenital anomalies.<em>\u00a0<\/em><\/span><em>Jornal de Pediatria (Rio J). 2015;<\/em>\u00a091(2): 189-195.<\/p>\n<hr \/>\n<h4><a href=\"http:\/\/repositorio.udd.cl\/handle\/11447\/1615\" target=\"_blank\">Expression of teneurins is associated with tumor differentiation and patient survival in ovarian cancer<\/a><\/h4>\n<p>Graumann R,\u00a0 A. Di Capua G , Oyarz\u00fan J.E,\u00a0A. V\u00e1squez M, Liao C, A. Bra\u00f1es J, Roa I, Casanello P, H. Corval\u00e1n A, I. Owen G,\u00a0Delgado\u00a0I, Zangemeister-Wittke U,\u00a0Ziegler A.\u00a0Expression of teneurins is associated with tumor differentiation and patient survival in ovarian cancer. <em>PloS ONE<\/em>. 2017 May 4;12(5):e0177244.<\/p>\n<hr \/>\n<h4><a href=\"http:\/\/circgenetics.ahajournals.org\/content\/10\/5\/e001690\" target=\"_blank\">Genome-wide association study to find modifiers for tetralogy of Fallot in the 22q11.2 deletion syndrome identifies variants in the GPR98 locus on 5q14.3<\/a><\/h4>\n<p>Guo T,\u00a0Repetto GM, McDonald-McGinn D,\u00a0 Chung J.\u00a0Genome-wide association study to find modifiers for tetralogy of Fallot in the 22q11.2 deletion syndrome identifies variants in the GPR98 locus on 5q14.3. Circulation:\u00a0<span class=\"highwire-cite-metadata-journal highwire-cite-metadata\"><em>Cardiovascular Genetics<\/em>.\u00a0<\/span><span class=\"highwire-cite-metadata-date highwire-cite-metadata\">2017;<\/span><span class=\"highwire-cite-metadata-volume highwire-cite-metadata\">10:<\/span><span class=\"highwire-cite-metadata-pages highwire-cite-metadata\">e001690.<\/span><\/p>\n<hr \/>\n<p>&nbsp;<\/p>\n<h4>Centro de Medicina Regenerativa<\/h4>\n<h4><a href=\"https:\/\/www.nature.com\/articles\/s41598-018-22750-7\" target=\"_blank\">Intravenous administration of anti-inflammatory mesenchymal stem cell spheroids reduces chronic alcohol intake and abolishes binge-drinking<\/a><\/h4>\n<p>Ezquer F, Morales P, Quintanilla ME, Santapau D, Lespay-Rebolledo C, Ezquer M, Herrera-Marschitz M, Israel Y.\u00a0Intravenous administration of anti-inflammatory mesenchymal stem cell spheroids reduces chronic alcohol intake and abolishes binge-drinking. <em>Nature Scientific Reports<\/em>.\u00a02018;8:4325.<\/p>\n<hr \/>\n<h4><a href=\"https:\/\/www.ncbi.nlm.nih.gov\/pmc\/articles\/PMC5273822\/\" target=\"_blank\" rel=\"noopener\">Administration of multipotent mesenchymal stromal cells restores liver regeneration and improves liver function in obese mice with hepatic steatosis after partial hepatectomy<\/a><\/h4>\n<div class=\"m_-7063784378999730086supp\">\n<p class=\"m_-7063784378999730086desc\">Ezquer F, Bahamonde J, Huang YL, Ezquer M.\u00a0Administration of multipotent mesenchymal stromal cells restores liver regeneration and improves liver function in obese mice with hepatic steatosis after partial hepatectomy.\u00a0<em><span class=\"m_-7063784378999730086jrnl\" title=\"Stem cell research &amp; therapy\">Stem Cell Research &amp; Therapy.<\/span><\/em>\u00a02017;8:20.<\/p>\n<\/div>\n<div class=\"m_-7063784378999730086aux\">\n<div class=\"m_-7063784378999730086resc\">\n<dl class=\"m_-7063784378999730086rprtid\">\n<dt>\n<hr \/>\n<\/dt>\n<\/dl>\n<\/div>\n<\/div>\n<h4 class=\"m_-7063784378999730086title\"><a href=\"http:\/\/repositorio.udd.cl\/bitstream\/handle\/11447\/921\/Intravitreal%20administration%20of%20multipotent%20mesenchymal%20stromal%20cells%20triggers%20a%20cytoprotective%20microen....pdf?sequence=1\" target=\"_blank\" rel=\"noopener\">Intravitreal administration of multipotent mesenchymal stromal cells triggers a cytoprotective microenvironment in the retina of diabetic mice<\/a><\/h4>\n<div class=\"m_-7063784378999730086supp\">\n<p class=\"m_-7063784378999730086desc\">Ezquer M, Urz\u00faa CA, Montecino S, Leal K, Conget P, Ezquer F. Intravitreal administration of multipotent mesenchymal stromal cells triggers a cytoprotective microenvironment in the retina of diabetic mice.\u00a0<em><span class=\"m_-7063784378999730086jrnl\" title=\"Stem cell research &amp; therapy\">Stem Cell Research &amp; Theraphy<\/span><\/em>. 2016;7:42.<\/p>\n<\/div>\n<div class=\"m_-7063784378999730086aux\">\n<div class=\"m_-7063784378999730086resc\">\n<dl class=\"m_-7063784378999730086rprtid\">\n<dt>\n<hr \/>\n<h4 class=\"m_-7063784378999730086title\"><a href=\"http:\/\/onlinelibrary.wiley.com\/doi\/10.1002\/stem.1132\/abstract;jsessionid=5EC4E30D0166CC860CF16BED16B1E9AC.f02t04\" target=\"_blank\" rel=\"noopener\">The antidiabetic effect of mesenchymal stem cells is unrelated to their transdifferentiation potential but to their capability to restore Th1\/Th2 balance and to modify the pancreatic microenvironment.<\/a><\/h4>\n<\/dt>\n<\/dl>\n<\/div>\n<\/div>\n<div class=\"m_-7063784378999730086supp\">\n<p>Ezquer F, Ezquer M, Contador D, Ricca M, Simon V, Conget P. The antidiabetic effect of mesenchymal stem cells is unrelated to their transdifferentiation potential but to their capability to restore Th1\/Th2 balance and to modify the pancreatic microenvironment.\u00a0<em><span class=\"m_-7063784378999730086jrnl\" title=\"Stem cell research &amp; therapy\">Stem Cell Research &amp; Theraphy.<\/span><\/em>\u00a02012;30(8):1664-1674.<\/p>\n<\/div>\n<hr \/>\n<p>&nbsp;<\/p>\n<h4>Centro de Epidemiolog\u00eda y Pol\u00edticas de Salud<\/h4>\n<h4><a href=\"http:\/\/repositorio.udd.cl\/bitstream\/handle\/11447\/1642\/Case%E2%88%92Control%20Study%20of%20Risk%20Factors%20for%20Meningococcal%20Disease%20in%20Chile.pdf?sequence=1\" target=\"_blank\" rel=\"noopener\">Case\u2212control study of risk factors for meningococcal disease in Chile<\/a><\/h4>\n<p>Olea A, Matute I, Gonz\u00e1lez C, Delgado I, Poffald L, Pedroni E, Aguilera X. Case-control study of risk Factors for meningococcal disease in Chile. <em>Emerging Infectious Diseases<\/em>. 2017;\u00a023(7), 1070-1078.<\/p>\n<hr \/>\n<h4><a href=\"http:\/\/repositorio.udd.cl\/bitstream\/handle\/11447\/1635\/From%20instinct%20to%20evidence%20the%20role%20of%20data%20in%20country%20decision-making%20in%20Chile___COMPLETO.pdf?sequence=1\" target=\"_blank\" rel=\"noopener\">From\u00a0instinct\u00a0to\u00a0evidence: the\u00a0role\u00a0of data in country decision-making in Chile<\/a><\/h4>\n<p class=\"desc\">Aguilera X, Espinosa MC, Castillo-Laborde C, Gonz\u00e1lez C. From instinct to evidence: the role of data in country decision-making in Chile.\u00a0<em>Global Health Action<\/em>. 2017; 9.32611.<\/p>\n<hr \/>\n<h4 class=\"desc\"><a href=\"http:\/\/repositorio.udd.cl\/handle\/11447\/1716\" target=\"_blank\" rel=\"noopener\"><span class=\"NLM_article-title hlFld-title\">Knowledge, attitudes, and practices regarding hantavirus disease and acceptance of a vaccine trial in rural communities of southern Chile<\/span><\/a><\/h4>\n<div class=\"auths\">\n<p><span lang=\"EN-US\"><span lang=\"EN-US\"><span lang=\"EN-US\">Valdivieso F, Gonz\u00e1lez C, Najera M, Olea A, Cuiza A, Aguilera X, Mertz G. Knowledge, attitudes, and practices regarding hantavirus disease and acceptance of a vaccine trial in rural communities of southern Chile. <em>Human Vaccines &amp; Immunotherapeutics<\/em>. 2017;13(4):808-815.<\/span><\/span><\/span><\/p>\n<hr \/>\n<h4><a href=\"http:\/\/repositorio.udd.cl\/handle\/11447\/908\" target=\"_blank\">Tuberculosis in prisoners and their contacts in Chile: estimating incidence and latent infection<\/a><\/h4>\n<\/div>\n<div>Aguilera X, Gonz\u00e1lez C, N\u00e1jera-De Ferrari M, Hirmas M, Delgado I, Olea A, Lazaeta L, Monta\u00f1a A, Gonz\u00e1lez P, Hormaz\u00e1bal JC, Fern\u00e1ndez J, Garc\u00eda C, Herrera T.\u00a0Tuberculosis in prisoners and their contacts in Chile: estimating incidence and latent infection.\u00a0<em>International Journal of Tuberculosis and Lung Disease. 2016;<\/em>20(1):63-70.<\/div>\n<div>\n<hr \/>\n<\/div>\n<h4><span style=\"color: #808080\">Libros<\/span><br \/>\n<a href=\"http:\/\/repositorio.udd.cl\/bitstream\/handle\/11447\/1460\/Serie%20de%20salud%20poblacional_Las%20Enfermedades%20No%20Transmisibles%20en%20Chile.pdf?sequence=1\" target=\"_blank\">Serie de salud poblacional. Las enfermedades no transmisibles de Chile. Aspectos Epidemiol\u00f3gicos y de Salud P\u00fablica<\/a><\/h4>\n<div>Aguilera X, Gonz\u00e1lez C, Matute W, N\u00e1jera M, Olea, A. Serie de salud poblacional. Las enfermedades no transmisibles de Chile. Aspectos Epidemiol\u00f3gicos y de Salud P\u00fablica. 2016.<\/div>\n<div><\/div>\n<div>\n<hr \/>\n<p>&nbsp;<\/p>\n<h4>Centro de Bio\u00e9tica<\/h4>\n<h4><a href=\"http:\/\/www.revistamedicadechile.cl\/ojs\/index.php\/rmedica\/article\/view\/6312\" target=\"_blank\">An\u00e1lisis \u00e9tico de la entrega parcial de informaci\u00f3n al paciente para prevenir efectos nocebo<\/a><\/h4>\n<p>Aguilera, B. &amp; Beca, JP. \u00abAn\u00e1lisis \u00e9tico de la entrega parcial de informaci\u00f3n al paciente para prevenir efectos nocebo\u00bb. Rev Med Chile 2018, 146: 518-22<\/p>\n<hr \/>\n<h4><a href=\"http:\/\/repositorio.udd.cl\/handle\/11447\/1865\" target=\"_blank\">Survey research implementation in educational centers in Chile: fulfillments of ethical and legal regulatory aspects<\/a><\/h4>\n<p>Merino-Osorio C, Mattar G, Leppe J, Bahamondes P, Lecaros JA. Survey research implementation in educational centers in Chile: fulfillments of ethical and legal regulatory aspects.\u00a0<em>Acta Bioethica.<\/em> 2017; vol 23, n1.<\/p>\n<hr \/>\n<h4>\u00a0<a href=\"https:\/\/www.medwave.cl\/link.cgi\/Medwave\/Enfoques\/Ensayo\/7105.act\" target=\"_blank\">\u00bfTiene el m\u00e9dico el deber moral de trabajar en el sector p\u00fablico de salud? Consideraciones \u00e9ticas sobre las obligaciones sociales del m\u00e9dico<\/a><\/h4>\n<p>Aguilera B, L\u00f3pez G.\u00a0\u00bfTiene el m\u00e9dico el deber moral de trabajar en el sector p\u00fablico de salud? Consideraciones \u00e9ticas sobre las obligaciones sociales del m\u00e9dico. <em>Medwave<\/em>. 2017 Nov-Dic;17(9):7105.<\/p>\n<hr \/>\n<h4><a href=\"http:\/\/repositorio.udd.cl\/handle\/11447\/1649\" target=\"_blank\">Formas de revisi\u00f3n \u00e9tica de proyectos de investigaci\u00f3n biom\u00e9dica<\/a><\/h4>\n<p>Portales MB, Michaud P, Salas SP, Beca JP. Formas de revisi\u00f3n \u00e9tica de proyectos de investigaci\u00f3n biom\u00e9dica.\u00a0<em>Revista M\u00e9dica de Chile<\/em>. 2017 Mar;145(3):386-92.<\/p>\n<hr \/>\n<h4><a href=\"http:\/\/repositorio.udd.cl\/handle\/11447\/1707\" target=\"_blank\">Un llamado \u00e9tico a la inclusi\u00f3n de mujeres embarazadas en investigaci\u00f3n: Reflexiones del Foro Global de Bio\u00e9tica en Investigaci\u00f3n<\/a><\/h4>\n<p>Saenz C, Alger J, Beca JP, Beliz\u00e1n JM, Cafferata ML, Canario Guzm\u00e1n JA et al.\u00a0 <em>Revista Panamericana de Salud P\u00fablica.<\/em> 41, 2017.<\/p>\n<hr \/>\n<h4><span style=\"color: #808080\">Cap\u00edtulos de libros<\/span><\/p>\n<h4><span style=\"color: #808080\">Origen y evoluci\u00f3n de la bio\u00e9tica<\/span><br \/>\nLecaros, JA, Vald\u00e9s, E. Origen y evoluci\u00f3n de la bio\u00e9tica. En: Ferrer, JJ, Lecaros, JA, Molins, R. Bio\u00e9tica: pluralismos de la fundamentaci\u00f3n. Editorial Universidad Pontificia Comillas. 2016: 53-89.<\/p>\n<hr \/>\n<h4><span style=\"color: #808080\">Las \u00e9ticas de la responsabilidad en la bio\u00e9tica global<\/span><br \/>\nLecaros, JA. Las \u00e9ticas de la responsabilidad en la bio\u00e9tica global. En: Ferrer, JJ, Lecaros, JA, Molins, R. Bio\u00e9tica: pluralismos de la fundamentaci\u00f3n\u201d. Editorial Universidad Pontificia Comillas. 2016: 323-357.<\/p>\n<hr \/>\n<p>&nbsp;<\/p>\n<\/div>\n<h4><strong>Programa de Estudios Sociales en Salud<\/strong><\/h4>\n<h4><span class=\"m_4843112981122820950gmail-hps\"><span lang=\"EN-US\"><a href=\"https:\/\/www.ncbi.nlm.nih.gov\/pubmed\/27203503\" target=\"_blank\" rel=\"noopener\">The urgency of a socio-cultural approach to adolescent men\u00b4s health risk behaviours<\/a>.\u00a0<\/span><\/span><\/h4>\n<p><span class=\"m_4843112981122820950gmail-hps\">Bernales M, Cabieses B, Macdonald J. The urgency of a socio-cultural approach to adolescent men&#8217;s health risk behaviours.\u00a0<span lang=\"EN-US\"><em>The Lancet<\/em>. 2016;387: 1815.<\/span><\/span><\/p>\n<hr \/>\n<h4><a href=\"http:\/\/repositorio.udd.cl\/bitstream\/handle\/11447\/1207\/Did%20Socioeconomic%20Inequality%20in%20Self-Reported%20Health%20in%20Chile%20Fall%20after%20the%20Equity-Based%20Healthcare%20Reform%20of%202005%20A%20Concentration%20Index%20Decomposition%20Analysis.pdf?sequence=1\" target=\"_blank\" rel=\"noopener\"><span class=\"m_4843112981122820950gmail-hps\">Did socioeconomic inequality in self-reported health in Chile fall after the equity-based healthcare reform of 2005? A concentration index decomposition analysis<\/span><\/a><\/h4>\n<p><span class=\"m_4843112981122820950gmail-hps\">Cabieses B<\/span><span class=\"m_4843112981122820950gmail-hps\">, Cookson R, Espinoza M, Santorelli G, Delgado I, Did socioeconomic inequality in self-reported health in Chile fall after the equity-based healthcare reform of 2005? A concentration index decomposition analysis.\u00a0<em>Plos One<\/em>\u00a02015;10(9):e0138227.<span class=\"m_4843112981122820950gmail-apple-converted-space\"><span lang=\"EN-US\">\u00a0<\/span><\/span><\/span><\/p>\n<hr \/>\n<h4><a href=\"http:\/\/repositorio.udd.cl\/handle\/11447\/1223\" target=\"_blank\" rel=\"noopener\">Where are socioeconomically deprived immigrants located in Chile? A spatial analysis of census data using an index of multiple deprivation from the last three decades<\/a><\/h4>\n<p>V\u00e1squez A, Cabieses B, Tunstall H. Where are socioeconomically deprived inmigrants located in Chile? A spatial analysis of census data using an index of multiple deprivation from the last three decades. <em>PLoS One<\/em>. 2016;11(1):e0146047.<\/p>\n<hr \/>\n<h4><span style=\"color: #808080\">Libros<\/span><br \/>\n<a href=\"http:\/\/medicina.udd.cl\/files\/2016\/03\/Libro-Completo-2016.pdf\" target=\"_blank\" rel=\"noopener\">La vulnerabilidad social y su efecto en salud en Chile: desde la comprensi\u00f3n del fen\u00f3meno hacia la implementaci\u00f3n de soluciones. Edici\u00f3n UDD<\/a><\/h4>\n<p>Cabieses B, Bernales M, Obach A, Pedrero V. La vulnerabilidad y su efecto en salud en Chile: desde la comprensi\u00f3n del fen\u00f3meno hacia la implementaci\u00f3n de soluciones. Edici\u00f3n UDD. 2016.<\/p>\n<hr \/>\n<h4 class=\"gmail_default\"><a href=\"http:\/\/repositorio.udd.cl\/handle\/11447\/1461\" target=\"_blank\" rel=\"noopener\">La migraci\u00f3n internacional como determinante social de la salud: evidencia y propuestas para pol\u00edticas p\u00fablicas. Edici\u00f3n UDD.<\/a><\/h4>\n<div>Cabieses B, Bernales M, McIntyre AM. La migraci\u00f3n internacional como determinante social de la salud: evidencia y propuestas para pol\u00edticas p\u00fablicas. Edici\u00f3n UDD. 2017.<\/div>\n<div>\n<hr \/>\n<\/div>\n<p>&nbsp;<\/p>\n<h4><strong><a href=\"http:\/\/repositorio.udd.cl\/\" target=\"_blank\">Buscar m\u00e1s en repositorio<\/a><\/strong><\/h4>\n","protected":false},"excerpt":{"rendered":"<p>Centro de Fisiolog\u00eda Celular e Integrativa Immunosensory signaling by carotid body chemoreceptors Zapata P, Larra\u00edn C, Reyes P, Fern\u00e1ndez R. Immunosensory signaling by carotid body chemoreceptors. Respiratory &amp; Physiology Neurobiology, 2011;\u00a0178(3): 370-374. Ion Channels in Inflammatory Processes: What Is Known and What Is Next? Retamal MA,\u00a0Bennett M, Pelegrin P, Fern\u00e1ndez R. Ion Channels in Inflammatory [&hellip;]<\/p>\n","protected":false},"author":42,"featured_media":0,"parent":0,"menu_order":0,"comment_status":"closed","ping_status":"closed","template":"template-toc.php","meta":{"footnotes":""},"class_list":["post-4982","page","type-page","status-publish","hentry"],"yoast_head":"<!-- This site is optimized with the Yoast SEO plugin v26.9 - https:\/\/yoast.com\/product\/yoast-seo-wordpress\/ -->\n<title>Publicaciones destacadas - ICIM<\/title>\n<meta name=\"robots\" content=\"index, follow, max-snippet:-1, max-image-preview:large, max-video-preview:-1\" \/>\n<link rel=\"canonical\" href=\"https:\/\/medicina.udd.cl\/icim\/publicaciones-destacadas\/\" \/>\n<meta property=\"og:locale\" content=\"es_ES\" \/>\n<meta property=\"og:type\" content=\"article\" \/>\n<meta property=\"og:title\" content=\"Publicaciones destacadas - ICIM\" \/>\n<meta property=\"og:description\" content=\"Centro de Fisiolog\u00eda Celular e Integrativa Immunosensory signaling by carotid body chemoreceptors Zapata P, Larra\u00edn C, Reyes P, Fern\u00e1ndez R. Immunosensory signaling by carotid body chemoreceptors. Respiratory &amp; Physiology Neurobiology, 2011;\u00a0178(3): 370-374. Ion Channels in Inflammatory Processes: What Is Known and What Is Next? Retamal MA,\u00a0Bennett M, Pelegrin P, Fern\u00e1ndez R. Ion Channels in Inflammatory [&hellip;]\" \/>\n<meta property=\"og:url\" content=\"https:\/\/medicina.udd.cl\/icim\/publicaciones-destacadas\/\" \/>\n<meta property=\"og:site_name\" content=\"ICIM\" \/>\n<meta property=\"article:modified_time\" content=\"2018-06-08T19:56:35+00:00\" \/>\n<meta name=\"twitter:card\" content=\"summary_large_image\" \/>\n<meta name=\"twitter:label1\" content=\"Tiempo de lectura\" \/>\n\t<meta name=\"twitter:data1\" content=\"8 minutos\" \/>\n<script type=\"application\/ld+json\" class=\"yoast-schema-graph\">{\"@context\":\"https:\/\/schema.org\",\"@graph\":[{\"@type\":\"WebPage\",\"@id\":\"https:\/\/medicina.udd.cl\/icim\/publicaciones-destacadas\/\",\"url\":\"https:\/\/medicina.udd.cl\/icim\/publicaciones-destacadas\/\",\"name\":\"Publicaciones destacadas - ICIM\",\"isPartOf\":{\"@id\":\"https:\/\/medicina.udd.cl\/icim\/#website\"},\"datePublished\":\"2017-07-03T21:58:11+00:00\",\"dateModified\":\"2018-06-08T19:56:35+00:00\",\"breadcrumb\":{\"@id\":\"https:\/\/medicina.udd.cl\/icim\/publicaciones-destacadas\/#breadcrumb\"},\"inLanguage\":\"es\",\"potentialAction\":[{\"@type\":\"ReadAction\",\"target\":[\"https:\/\/medicina.udd.cl\/icim\/publicaciones-destacadas\/\"]}]},{\"@type\":\"BreadcrumbList\",\"@id\":\"https:\/\/medicina.udd.cl\/icim\/publicaciones-destacadas\/#breadcrumb\",\"itemListElement\":[{\"@type\":\"ListItem\",\"position\":1,\"name\":\"Inicio\",\"item\":\"https:\/\/medicina.udd.cl\/icim\/\"},{\"@type\":\"ListItem\",\"position\":2,\"name\":\"Publicaciones destacadas\"}]},{\"@type\":\"WebSite\",\"@id\":\"https:\/\/medicina.udd.cl\/icim\/#website\",\"url\":\"https:\/\/medicina.udd.cl\/icim\/\",\"name\":\"ICIM\",\"description\":\"Una iniciativa de Universidad del Desarrollo y Cl\u00ednica Alemana\",\"inLanguage\":\"es\"}]}<\/script>\n<!-- \/ Yoast SEO plugin. -->","yoast_head_json":{"title":"Publicaciones destacadas - ICIM","robots":{"index":"index","follow":"follow","max-snippet":"max-snippet:-1","max-image-preview":"max-image-preview:large","max-video-preview":"max-video-preview:-1"},"canonical":"https:\/\/medicina.udd.cl\/icim\/publicaciones-destacadas\/","og_locale":"es_ES","og_type":"article","og_title":"Publicaciones destacadas - ICIM","og_description":"Centro de Fisiolog\u00eda Celular e Integrativa Immunosensory signaling by carotid body chemoreceptors Zapata P, Larra\u00edn C, Reyes P, Fern\u00e1ndez R. Immunosensory signaling by carotid body chemoreceptors. Respiratory &amp; Physiology Neurobiology, 2011;\u00a0178(3): 370-374. Ion Channels in Inflammatory Processes: What Is Known and What Is Next? Retamal MA,\u00a0Bennett M, Pelegrin P, Fern\u00e1ndez R. Ion Channels in Inflammatory [&hellip;]","og_url":"https:\/\/medicina.udd.cl\/icim\/publicaciones-destacadas\/","og_site_name":"ICIM","article_modified_time":"2018-06-08T19:56:35+00:00","twitter_card":"summary_large_image","twitter_misc":{"Tiempo de lectura":"8 minutos"},"schema":{"@context":"https:\/\/schema.org","@graph":[{"@type":"WebPage","@id":"https:\/\/medicina.udd.cl\/icim\/publicaciones-destacadas\/","url":"https:\/\/medicina.udd.cl\/icim\/publicaciones-destacadas\/","name":"Publicaciones destacadas - ICIM","isPartOf":{"@id":"https:\/\/medicina.udd.cl\/icim\/#website"},"datePublished":"2017-07-03T21:58:11+00:00","dateModified":"2018-06-08T19:56:35+00:00","breadcrumb":{"@id":"https:\/\/medicina.udd.cl\/icim\/publicaciones-destacadas\/#breadcrumb"},"inLanguage":"es","potentialAction":[{"@type":"ReadAction","target":["https:\/\/medicina.udd.cl\/icim\/publicaciones-destacadas\/"]}]},{"@type":"BreadcrumbList","@id":"https:\/\/medicina.udd.cl\/icim\/publicaciones-destacadas\/#breadcrumb","itemListElement":[{"@type":"ListItem","position":1,"name":"Inicio","item":"https:\/\/medicina.udd.cl\/icim\/"},{"@type":"ListItem","position":2,"name":"Publicaciones destacadas"}]},{"@type":"WebSite","@id":"https:\/\/medicina.udd.cl\/icim\/#website","url":"https:\/\/medicina.udd.cl\/icim\/","name":"ICIM","description":"Una iniciativa de Universidad del Desarrollo y Cl\u00ednica Alemana","inLanguage":"es"}]}},"_links":{"self":[{"href":"https:\/\/medicina.udd.cl\/icim\/wp-json\/wp\/v2\/pages\/4982","targetHints":{"allow":["GET"]}}],"collection":[{"href":"https:\/\/medicina.udd.cl\/icim\/wp-json\/wp\/v2\/pages"}],"about":[{"href":"https:\/\/medicina.udd.cl\/icim\/wp-json\/wp\/v2\/types\/page"}],"author":[{"embeddable":true,"href":"https:\/\/medicina.udd.cl\/icim\/wp-json\/wp\/v2\/users\/42"}],"replies":[{"embeddable":true,"href":"https:\/\/medicina.udd.cl\/icim\/wp-json\/wp\/v2\/comments?post=4982"}],"version-history":[{"count":137,"href":"https:\/\/medicina.udd.cl\/icim\/wp-json\/wp\/v2\/pages\/4982\/revisions"}],"predecessor-version":[{"id":6799,"href":"https:\/\/medicina.udd.cl\/icim\/wp-json\/wp\/v2\/pages\/4982\/revisions\/6799"}],"wp:attachment":[{"href":"https:\/\/medicina.udd.cl\/icim\/wp-json\/wp\/v2\/media?parent=4982"}],"curies":[{"name":"wp","href":"https:\/\/api.w.org\/{rel}","templated":true}]}}