{"id":6734,"date":"2018-05-24T13:42:23","date_gmt":"2018-05-24T13:42:23","guid":{"rendered":"http:\/\/medicina.udd.cl\/icim\/?page_id=6734"},"modified":"2018-05-24T13:57:22","modified_gmt":"2018-05-24T13:57:22","slug":"apoyo-a-la-formacion-de-redes-entre-centros-de-investigacion","status":"publish","type":"page","link":"https:\/\/medicina.udd.cl\/icim\/apoyo-a-la-formacion-de-redes-entre-centros-de-investigacion\/","title":{"rendered":"Apoyo a la formaci\u00f3n de Redes entre Centros de Investigaci\u00f3n"},"content":{"rendered":"<p style=\"font-weight: 400; text-align: justify;\">La formaci\u00f3n de redes internacionales de investigaci\u00f3n en ciencia y tecnolog\u00eda permite potenciar, enriquecer y fortalecer los sistemas nacionales de CTI y, al mismo tiempo, contribuir, tanto a la soluci\u00f3n de problemas comunes como a la formaci\u00f3n del capital humano necesario para la creaci\u00f3n de conocimiento que impacte en el desarrollo econ\u00f3mico y social de los pa\u00edses.<\/p>\n<p style=\"font-weight: 400; text-align: justify;\">En virtud de lo anterior, CONICYT, a trav\u00e9s de su Programa de Cooperaci\u00f3n Internacional, llama a concurso para proyectos de fortalecimiento de redes internacionales, que vinculen a la comunidad cient\u00edfica nacional con sus contrapartes en el extranjero.<\/p>\n<p style=\"font-weight: 400; text-align: justify;\"><strong>Objetivos del Concurso:\u00a0<\/strong><\/p>\n<ul style=\"text-align: justify;\">\n<li style=\"font-weight: 400;\">Apoyar la generaci\u00f3n de redes para fortalecer v\u00ednculos internacionales, en todas las \u00e1reas del conocimiento, entre centros de investigaci\u00f3n cient\u00edfica y tecnol\u00f3gica nacionales y centros extranjeros de cualquier pa\u00eds del mundo.<\/li>\n<li style=\"font-weight: 400;\">Contribuir a la formaci\u00f3n de recursos humanos en el extranjero, a fin de participar en investigaci\u00f3n de frontera y en nuevos procesos de innovaci\u00f3n, de manera que aporten conocimientos en \u00e1reas de inter\u00e9s para el desarrollo nacional.<\/li>\n<\/ul>\n<p style=\"font-weight: 400; text-align: justify;\"><strong>Monto m\u00e1ximo total adjudicable<\/strong>\u00a0por CONICYT por proyecto (anual y total) y por concurso: El financiamiento m\u00e1ximo a otorgar ser\u00e1 de $16.000.000.- (diecis\u00e9is millones de pesos) para todo el per\u00edodo de ejecuci\u00f3n del proyecto.<\/p>\n<p style=\"font-weight: 400; text-align: justify;\"><strong>Beneficios:<\/strong><\/p>\n<p style=\"font-weight: 400; text-align: justify;\">Las modalidades de vinculaci\u00f3n con centros de investigaci\u00f3n cient\u00edfica y tecnol\u00f3gica extranjeros son las siguientes:<\/p>\n<ul style=\"text-align: justify;\">\n<li style=\"font-weight: 400;\">Pasant\u00edas de perfeccionamiento de corta duraci\u00f3n en el extranjero, para doctorantes y postdoctorantes residentes en Chile, en centros de investigaci\u00f3n extranjeros.<\/li>\n<li style=\"font-weight: 400;\">Estad\u00edas en Chile, para investigadores\/as o acad\u00e9micos\/as extranjeros\/as en centros de investigaci\u00f3n cient\u00edfica y tecnol\u00f3gica nacionales.<\/li>\n<li style=\"font-weight: 400;\">Estad\u00edas en el extranjero, para investigadores\/as o acad\u00e9micos\/as residentes en Chile, en Centros de Investigaci\u00f3n extranjeros.<\/li>\n<li style=\"font-weight: 400;\">Realizaci\u00f3n de talleres o seminarios bilaterales en Chile, con el centro o instituto de investigaci\u00f3n de contraparte en el proyecto.<\/li>\n<li style=\"font-weight: 400;\">Acceso al uso de equipamiento cient\u00edfico y tecnol\u00f3gico, en instituciones extranjeras de investigaci\u00f3n y\/o de servicios para la investigaci\u00f3n, para investigadores\/as o acad\u00e9micos\/as residentes en Chile.<\/li>\n<\/ul>\n<p style=\"font-weight: 400; text-align: justify;\">\u00a0<strong>Disciplinas involucradas:<\/strong>\u00a0Todas las \u00e1reas del conocimiento<\/p>\n<p style=\"font-weight: 400;\"><strong>Mayor Informaci\u00f3n:\u00a0<\/strong><span style=\"color: #ff9900;\"><a style=\"color: #ff9900;\" href=\"http:\/\/www.conicyt.cl\/pci\/2018\/04\/apoyo-a-la-formacion-de-redes-internacionales-entre-centros-de-investigacion-concurso-2018\/\" data-saferedirecturl=\"https:\/\/www.google.com\/url?hl=es&amp;q=http:\/\/www.conicyt.cl\/pci\/2018\/04\/apoyo-a-la-formacion-de-redes-internacionales-entre-centros-de-investigacion-concurso-2018\/&amp;source=gmail&amp;ust=1527254853077000&amp;usg=AFQjCNH1ptZ0flwmrdhdgUrY9IWiHvaTfQ\">http:\/\/www.conicyt.cl\/pci\/2018\/04\/apoyo-a-la-formacion-de-redes-internacionales-entre-centros-de-investigacion-concurso-2018\/<\/a><\/span><\/p>\n<p style=\"font-weight: 400; text-align: justify;\"><strong>Bases:\u00a0<\/strong><span style=\"color: #ff9900;\"><a style=\"color: #ff9900;\" href=\"http:\/\/www.conicyt.cl\/pci\/files\/2018\/04\/REX-4534-2018-APRUEBA-BASES-CONCURSO-REDES-2018.pdf\" data-saferedirecturl=\"https:\/\/www.google.com\/url?hl=es&amp;q=http:\/\/www.conicyt.cl\/pci\/files\/2018\/04\/REX-4534-2018-APRUEBA-BASES-CONCURSO-REDES-2018.pdf&amp;source=gmail&amp;ust=1527254853077000&amp;usg=AFQjCNHcp3mc6ncDkYBMChrhEvQDWNjvkw\">http:\/\/www.conicyt.cl\/pci\/files\/2018\/04\/REX-4534-2018-APRUEBA-BASES-CONCURSO-REDES-2018.pdf<\/a><\/span><\/p>\n<p style=\"font-weight: 400;\"><strong>Fechas importantes:\u00a0<\/strong><\/p>\n<p style=\"font-weight: 400;\">Fecha de inicio de Concurso: 24 de abril 2018<\/p>\n<p style=\"font-weight: 400;\">Fecha de cierre de Concurso: 05 de junio de 2018, a las 16:00 hrs. (hora de Chile continental).<\/p>\n<p style=\"font-weight: 400;\"><strong>Fecha recepci\u00f3n propuestas DID: 22 de mayo<\/strong><\/p>\n<p style=\"font-weight: 400;\">Fecha estimada de adjudicaci\u00f3n: octubre 2018<\/p>\n","protected":false},"excerpt":{"rendered":"<p>La formaci\u00f3n de redes internacionales de investigaci\u00f3n en ciencia y tecnolog\u00eda permite potenciar, enriquecer y fortalecer los sistemas nacionales de CTI y, al mismo tiempo, contribuir, tanto a la soluci\u00f3n de problemas comunes como a la formaci\u00f3n del capital humano necesario para la creaci\u00f3n de conocimiento que impacte en el desarrollo econ\u00f3mico y social de [&hellip;]<\/p>\n","protected":false},"author":42,"featured_media":0,"parent":0,"menu_order":0,"comment_status":"closed","ping_status":"closed","template":"","meta":{"footnotes":""},"class_list":["post-6734","page","type-page","status-publish","hentry"],"yoast_head":"<!-- This site is optimized with the Yoast SEO plugin v26.9 - https:\/\/yoast.com\/product\/yoast-seo-wordpress\/ -->\n<title>Apoyo a la formaci\u00f3n de Redes entre Centros de Investigaci\u00f3n - ICIM<\/title>\n<meta name=\"robots\" content=\"index, follow, max-snippet:-1, max-image-preview:large, max-video-preview:-1\" \/>\n<link rel=\"canonical\" href=\"https:\/\/medicina.udd.cl\/icim\/apoyo-a-la-formacion-de-redes-entre-centros-de-investigacion\/\" \/>\n<meta property=\"og:locale\" content=\"es_ES\" \/>\n<meta property=\"og:type\" content=\"article\" \/>\n<meta property=\"og:title\" content=\"Apoyo a la formaci\u00f3n de Redes entre Centros de Investigaci\u00f3n - ICIM\" \/>\n<meta property=\"og:description\" content=\"La formaci\u00f3n de redes internacionales de investigaci\u00f3n en ciencia y tecnolog\u00eda permite potenciar, enriquecer y fortalecer los sistemas nacionales de CTI y, al mismo tiempo, contribuir, tanto a la soluci\u00f3n de problemas comunes como a la formaci\u00f3n del capital humano necesario para la creaci\u00f3n de conocimiento que impacte en el desarrollo econ\u00f3mico y social de [&hellip;]\" \/>\n<meta property=\"og:url\" content=\"https:\/\/medicina.udd.cl\/icim\/apoyo-a-la-formacion-de-redes-entre-centros-de-investigacion\/\" \/>\n<meta property=\"og:site_name\" content=\"ICIM\" \/>\n<meta property=\"article:modified_time\" content=\"2018-05-24T13:57:22+00:00\" \/>\n<meta name=\"twitter:card\" content=\"summary_large_image\" \/>\n<meta name=\"twitter:label1\" content=\"Tiempo de lectura\" \/>\n\t<meta name=\"twitter:data1\" content=\"2 minutos\" \/>\n<script type=\"application\/ld+json\" class=\"yoast-schema-graph\">{\"@context\":\"https:\/\/schema.org\",\"@graph\":[{\"@type\":\"WebPage\",\"@id\":\"https:\/\/medicina.udd.cl\/icim\/apoyo-a-la-formacion-de-redes-entre-centros-de-investigacion\/\",\"url\":\"https:\/\/medicina.udd.cl\/icim\/apoyo-a-la-formacion-de-redes-entre-centros-de-investigacion\/\",\"name\":\"Apoyo a la formaci\u00f3n de Redes entre Centros de Investigaci\u00f3n - ICIM\",\"isPartOf\":{\"@id\":\"https:\/\/medicina.udd.cl\/icim\/#website\"},\"datePublished\":\"2018-05-24T13:42:23+00:00\",\"dateModified\":\"2018-05-24T13:57:22+00:00\",\"breadcrumb\":{\"@id\":\"https:\/\/medicina.udd.cl\/icim\/apoyo-a-la-formacion-de-redes-entre-centros-de-investigacion\/#breadcrumb\"},\"inLanguage\":\"es\",\"potentialAction\":[{\"@type\":\"ReadAction\",\"target\":[\"https:\/\/medicina.udd.cl\/icim\/apoyo-a-la-formacion-de-redes-entre-centros-de-investigacion\/\"]}]},{\"@type\":\"BreadcrumbList\",\"@id\":\"https:\/\/medicina.udd.cl\/icim\/apoyo-a-la-formacion-de-redes-entre-centros-de-investigacion\/#breadcrumb\",\"itemListElement\":[{\"@type\":\"ListItem\",\"position\":1,\"name\":\"Inicio\",\"item\":\"https:\/\/medicina.udd.cl\/icim\/\"},{\"@type\":\"ListItem\",\"position\":2,\"name\":\"Apoyo a la formaci\u00f3n de Redes entre Centros de Investigaci\u00f3n\"}]},{\"@type\":\"WebSite\",\"@id\":\"https:\/\/medicina.udd.cl\/icim\/#website\",\"url\":\"https:\/\/medicina.udd.cl\/icim\/\",\"name\":\"ICIM\",\"description\":\"Una iniciativa de Universidad del Desarrollo y Cl\u00ednica Alemana\",\"inLanguage\":\"es\"}]}<\/script>\n<!-- \/ Yoast SEO plugin. -->","yoast_head_json":{"title":"Apoyo a la formaci\u00f3n de Redes entre Centros de Investigaci\u00f3n - ICIM","robots":{"index":"index","follow":"follow","max-snippet":"max-snippet:-1","max-image-preview":"max-image-preview:large","max-video-preview":"max-video-preview:-1"},"canonical":"https:\/\/medicina.udd.cl\/icim\/apoyo-a-la-formacion-de-redes-entre-centros-de-investigacion\/","og_locale":"es_ES","og_type":"article","og_title":"Apoyo a la formaci\u00f3n de Redes entre Centros de Investigaci\u00f3n - ICIM","og_description":"La formaci\u00f3n de redes internacionales de investigaci\u00f3n en ciencia y tecnolog\u00eda permite potenciar, enriquecer y fortalecer los sistemas nacionales de CTI y, al mismo tiempo, contribuir, tanto a la soluci\u00f3n de problemas comunes como a la formaci\u00f3n del capital humano necesario para la creaci\u00f3n de conocimiento que impacte en el desarrollo econ\u00f3mico y social de [&hellip;]","og_url":"https:\/\/medicina.udd.cl\/icim\/apoyo-a-la-formacion-de-redes-entre-centros-de-investigacion\/","og_site_name":"ICIM","article_modified_time":"2018-05-24T13:57:22+00:00","twitter_card":"summary_large_image","twitter_misc":{"Tiempo de lectura":"2 minutos"},"schema":{"@context":"https:\/\/schema.org","@graph":[{"@type":"WebPage","@id":"https:\/\/medicina.udd.cl\/icim\/apoyo-a-la-formacion-de-redes-entre-centros-de-investigacion\/","url":"https:\/\/medicina.udd.cl\/icim\/apoyo-a-la-formacion-de-redes-entre-centros-de-investigacion\/","name":"Apoyo a la formaci\u00f3n de Redes entre Centros de Investigaci\u00f3n - ICIM","isPartOf":{"@id":"https:\/\/medicina.udd.cl\/icim\/#website"},"datePublished":"2018-05-24T13:42:23+00:00","dateModified":"2018-05-24T13:57:22+00:00","breadcrumb":{"@id":"https:\/\/medicina.udd.cl\/icim\/apoyo-a-la-formacion-de-redes-entre-centros-de-investigacion\/#breadcrumb"},"inLanguage":"es","potentialAction":[{"@type":"ReadAction","target":["https:\/\/medicina.udd.cl\/icim\/apoyo-a-la-formacion-de-redes-entre-centros-de-investigacion\/"]}]},{"@type":"BreadcrumbList","@id":"https:\/\/medicina.udd.cl\/icim\/apoyo-a-la-formacion-de-redes-entre-centros-de-investigacion\/#breadcrumb","itemListElement":[{"@type":"ListItem","position":1,"name":"Inicio","item":"https:\/\/medicina.udd.cl\/icim\/"},{"@type":"ListItem","position":2,"name":"Apoyo a la formaci\u00f3n de Redes entre Centros de Investigaci\u00f3n"}]},{"@type":"WebSite","@id":"https:\/\/medicina.udd.cl\/icim\/#website","url":"https:\/\/medicina.udd.cl\/icim\/","name":"ICIM","description":"Una iniciativa de Universidad del Desarrollo y Cl\u00ednica Alemana","inLanguage":"es"}]}},"_links":{"self":[{"href":"https:\/\/medicina.udd.cl\/icim\/wp-json\/wp\/v2\/pages\/6734","targetHints":{"allow":["GET"]}}],"collection":[{"href":"https:\/\/medicina.udd.cl\/icim\/wp-json\/wp\/v2\/pages"}],"about":[{"href":"https:\/\/medicina.udd.cl\/icim\/wp-json\/wp\/v2\/types\/page"}],"author":[{"embeddable":true,"href":"https:\/\/medicina.udd.cl\/icim\/wp-json\/wp\/v2\/users\/42"}],"replies":[{"embeddable":true,"href":"https:\/\/medicina.udd.cl\/icim\/wp-json\/wp\/v2\/comments?post=6734"}],"version-history":[{"count":7,"href":"https:\/\/medicina.udd.cl\/icim\/wp-json\/wp\/v2\/pages\/6734\/revisions"}],"predecessor-version":[{"id":6750,"href":"https:\/\/medicina.udd.cl\/icim\/wp-json\/wp\/v2\/pages\/6734\/revisions\/6750"}],"wp:attachment":[{"href":"https:\/\/medicina.udd.cl\/icim\/wp-json\/wp\/v2\/media?parent=6734"}],"curies":[{"name":"wp","href":"https:\/\/api.w.org\/{rel}","templated":true}]}}