{"id":143,"date":"2025-09-09T10:19:02","date_gmt":"2025-09-09T13:19:02","guid":{"rendered":"https:\/\/medicina.udd.cl\/innovatm\/?post_type=person&#038;p=143"},"modified":"2025-09-09T10:19:02","modified_gmt":"2025-09-09T13:19:02","slug":"matias-salinero","status":"publish","type":"person","link":"https:\/\/medicina.udd.cl\/innovatm\/persona\/matias-salinero\/","title":{"rendered":"Mat\u00edas Salinero"},"featured_media":144,"template":"","people_tax":[6],"people_areas":[],"people_levels":[],"class_list":["post-143","person","type-person","status-publish","has-post-thumbnail","hentry","people_tax-docentes-y-tutores"],"yoast_head":"<!-- This site is optimized with the Yoast SEO plugin v26.9 - https:\/\/yoast.com\/product\/yoast-seo-wordpress\/ -->\n<title>Mat\u00edas Salinero - Innova Tecnolog\u00eda M\u00e9dica<\/title>\n<meta name=\"robots\" content=\"index, follow, max-snippet:-1, max-image-preview:large, max-video-preview:-1\" \/>\n<link rel=\"canonical\" href=\"https:\/\/medicina.udd.cl\/innovatm\/persona\/matias-salinero\/\" \/>\n<meta property=\"og:locale\" content=\"es_ES\" \/>\n<meta property=\"og:type\" content=\"article\" \/>\n<meta property=\"og:title\" content=\"Mat\u00edas Salinero - Innova Tecnolog\u00eda M\u00e9dica\" \/>\n<meta property=\"og:url\" content=\"https:\/\/medicina.udd.cl\/innovatm\/persona\/matias-salinero\/\" \/>\n<meta property=\"og:site_name\" content=\"Innova Tecnolog\u00eda M\u00e9dica\" \/>\n<meta property=\"og:image\" content=\"http:\/\/medicina.udd.cl\/innovatm\/files\/2025\/09\/matias-salinero.jpg\" \/>\n\t<meta property=\"og:image:width\" content=\"1140\" \/>\n\t<meta property=\"og:image:height\" content=\"1305\" \/>\n\t<meta property=\"og:image:type\" content=\"image\/jpeg\" \/>\n<meta name=\"twitter:card\" content=\"summary_large_image\" \/>\n<meta name=\"twitter:label1\" content=\"Tiempo de lectura\" \/>\n\t<meta name=\"twitter:data1\" content=\"1 minuto\" \/>\n<script type=\"application\/ld+json\" class=\"yoast-schema-graph\">{\"@context\":\"https:\/\/schema.org\",\"@graph\":[{\"@type\":\"WebPage\",\"@id\":\"https:\/\/medicina.udd.cl\/innovatm\/persona\/matias-salinero\/\",\"url\":\"https:\/\/medicina.udd.cl\/innovatm\/persona\/matias-salinero\/\",\"name\":\"Mat\u00edas Salinero - Innova Tecnolog\u00eda M\u00e9dica\",\"isPartOf\":{\"@id\":\"https:\/\/medicina.udd.cl\/innovatm\/#website\"},\"primaryImageOfPage\":{\"@id\":\"https:\/\/medicina.udd.cl\/innovatm\/persona\/matias-salinero\/#primaryimage\"},\"image\":{\"@id\":\"https:\/\/medicina.udd.cl\/innovatm\/persona\/matias-salinero\/#primaryimage\"},\"thumbnailUrl\":\"https:\/\/medicina.udd.cl\/innovatm\/files\/2025\/09\/matias-salinero.jpg\",\"datePublished\":\"2025-09-09T13:19:02+00:00\",\"breadcrumb\":{\"@id\":\"https:\/\/medicina.udd.cl\/innovatm\/persona\/matias-salinero\/#breadcrumb\"},\"inLanguage\":\"es\",\"potentialAction\":[{\"@type\":\"ReadAction\",\"target\":[\"https:\/\/medicina.udd.cl\/innovatm\/persona\/matias-salinero\/\"]}]},{\"@type\":\"ImageObject\",\"inLanguage\":\"es\",\"@id\":\"https:\/\/medicina.udd.cl\/innovatm\/persona\/matias-salinero\/#primaryimage\",\"url\":\"https:\/\/medicina.udd.cl\/innovatm\/files\/2025\/09\/matias-salinero.jpg\",\"contentUrl\":\"https:\/\/medicina.udd.cl\/innovatm\/files\/2025\/09\/matias-salinero.jpg\",\"width\":1140,\"height\":1305},{\"@type\":\"BreadcrumbList\",\"@id\":\"https:\/\/medicina.udd.cl\/innovatm\/persona\/matias-salinero\/#breadcrumb\",\"itemListElement\":[{\"@type\":\"ListItem\",\"position\":1,\"name\":\"Personas\",\"item\":\"https:\/\/medicina.udd.cl\/innovatm\/persona\/\"},{\"@type\":\"ListItem\",\"position\":2,\"name\":\"Mat\u00edas Salinero\"}]},{\"@type\":\"WebSite\",\"@id\":\"https:\/\/medicina.udd.cl\/innovatm\/#website\",\"url\":\"https:\/\/medicina.udd.cl\/innovatm\/\",\"name\":\"Innova Tecnolog\u00eda M\u00e9dica\",\"description\":\"\",\"inLanguage\":\"es\"}]}<\/script>\n<!-- \/ Yoast SEO plugin. -->","yoast_head_json":{"title":"Mat\u00edas Salinero - Innova Tecnolog\u00eda M\u00e9dica","robots":{"index":"index","follow":"follow","max-snippet":"max-snippet:-1","max-image-preview":"max-image-preview:large","max-video-preview":"max-video-preview:-1"},"canonical":"https:\/\/medicina.udd.cl\/innovatm\/persona\/matias-salinero\/","og_locale":"es_ES","og_type":"article","og_title":"Mat\u00edas Salinero - Innova Tecnolog\u00eda M\u00e9dica","og_url":"https:\/\/medicina.udd.cl\/innovatm\/persona\/matias-salinero\/","og_site_name":"Innova Tecnolog\u00eda M\u00e9dica","og_image":[{"width":1140,"height":1305,"url":"http:\/\/medicina.udd.cl\/innovatm\/files\/2025\/09\/matias-salinero.jpg","type":"image\/jpeg"}],"twitter_card":"summary_large_image","twitter_misc":{"Tiempo de lectura":"1 minuto"},"schema":{"@context":"https:\/\/schema.org","@graph":[{"@type":"WebPage","@id":"https:\/\/medicina.udd.cl\/innovatm\/persona\/matias-salinero\/","url":"https:\/\/medicina.udd.cl\/innovatm\/persona\/matias-salinero\/","name":"Mat\u00edas Salinero - Innova Tecnolog\u00eda M\u00e9dica","isPartOf":{"@id":"https:\/\/medicina.udd.cl\/innovatm\/#website"},"primaryImageOfPage":{"@id":"https:\/\/medicina.udd.cl\/innovatm\/persona\/matias-salinero\/#primaryimage"},"image":{"@id":"https:\/\/medicina.udd.cl\/innovatm\/persona\/matias-salinero\/#primaryimage"},"thumbnailUrl":"https:\/\/medicina.udd.cl\/innovatm\/files\/2025\/09\/matias-salinero.jpg","datePublished":"2025-09-09T13:19:02+00:00","breadcrumb":{"@id":"https:\/\/medicina.udd.cl\/innovatm\/persona\/matias-salinero\/#breadcrumb"},"inLanguage":"es","potentialAction":[{"@type":"ReadAction","target":["https:\/\/medicina.udd.cl\/innovatm\/persona\/matias-salinero\/"]}]},{"@type":"ImageObject","inLanguage":"es","@id":"https:\/\/medicina.udd.cl\/innovatm\/persona\/matias-salinero\/#primaryimage","url":"https:\/\/medicina.udd.cl\/innovatm\/files\/2025\/09\/matias-salinero.jpg","contentUrl":"https:\/\/medicina.udd.cl\/innovatm\/files\/2025\/09\/matias-salinero.jpg","width":1140,"height":1305},{"@type":"BreadcrumbList","@id":"https:\/\/medicina.udd.cl\/innovatm\/persona\/matias-salinero\/#breadcrumb","itemListElement":[{"@type":"ListItem","position":1,"name":"Personas","item":"https:\/\/medicina.udd.cl\/innovatm\/persona\/"},{"@type":"ListItem","position":2,"name":"Mat\u00edas Salinero"}]},{"@type":"WebSite","@id":"https:\/\/medicina.udd.cl\/innovatm\/#website","url":"https:\/\/medicina.udd.cl\/innovatm\/","name":"Innova Tecnolog\u00eda M\u00e9dica","description":"","inLanguage":"es"}]}},"label":"Mat\u00edas Salinero","role":"Docente","thumbnail_url":"https:\/\/medicina.udd.cl\/innovatm\/files\/2025\/09\/matias-salinero-500x500.jpg","email":"","tel_job":"","content":{"rendered":"<div class=\"person-modal person-modal--scl\">\n\t<header class=\"person-modal__header\">\n\t\t<div class=\"person-modal__bg\"><\/div>\n\t\t<div class=\"modal-container\">\n\t\t\t\t\t\t<div class=\"person-modal__media\">\n\t\t\t\t<img width=\"500\" height=\"500\" src=\"https:\/\/medicina.udd.cl\/innovatm\/files\/2025\/09\/matias-salinero-62x62.jpg\" class=\"person-modal__image wp-post-image lazyload\" alt=\"\" decoding=\"async\" loading=\"lazy\" sizes=\"auto, (max-width: 500px) 100vw, 500px\" data-src=\"https:\/\/medicina.udd.cl\/innovatm\/files\/2025\/09\/matias-salinero-500x500.jpg\" data-srcset=\"https:\/\/medicina.udd.cl\/innovatm\/files\/2025\/09\/matias-salinero-500x500.jpg 500w, https:\/\/medicina.udd.cl\/innovatm\/files\/2025\/09\/matias-salinero-150x150.jpg 150w, https:\/\/medicina.udd.cl\/innovatm\/files\/2025\/09\/matias-salinero-62x62.jpg 62w, https:\/\/medicina.udd.cl\/innovatm\/files\/2025\/09\/matias-salinero-750x750.jpg 750w, https:\/\/medicina.udd.cl\/innovatm\/files\/2025\/09\/matias-salinero-250x250.jpg 250w, https:\/\/medicina.udd.cl\/innovatm\/files\/2025\/09\/matias-salinero-126x126.jpg 126w\" \/>\t\t\t<\/div>\n\t\t\t\t\t\t<div class=\"person-modal__data\">\n\t\t\t\t<h1 class=\"person-modal__name\">Mat\u00edas Salinero<\/h1>\n\t\t\t\t\t\t\t<span class=\"person-modal__description\">Docente<\/span>\n\t\t\t\t\t\t\t\t\t\t\t\t\t\t\t<\/div>\n\t\t<\/div>\n\t<\/header>\n\t<div class=\"modal-container\">\n\t\t\t<div class=\"person-modal__content text\">\n\t\t\t\t\t<p>Tecn\u00f3logo M\u00e9dico<\/p>\n\t\t\t\t\t\t\t\t\t\t\t\t<\/div>\n\t<\/div>\n<\/div>\n"},"identifier":"815da40beeab445656f0116a176e35211a79c729","has_credential":[],"given_name":"Mat\u00edas","family_name":"Salinero","name":"Mat\u00edas Salinero","job_title":"Docente","telephone":"","note":"Tecn\u00f3logo M\u00e9dico","im":"","_self_schedule":null,"_links":{"self":[{"href":"https:\/\/medicina.udd.cl\/innovatm\/wp-json\/wp\/v2\/people\/143","targetHints":{"allow":["GET"]}}],"collection":[{"href":"https:\/\/medicina.udd.cl\/innovatm\/wp-json\/wp\/v2\/people"}],"about":[{"href":"https:\/\/medicina.udd.cl\/innovatm\/wp-json\/wp\/v2\/types\/person"}],"wp:featuredmedia":[{"embeddable":true,"href":"https:\/\/medicina.udd.cl\/innovatm\/wp-json\/wp\/v2\/media\/144"}],"wp:attachment":[{"href":"https:\/\/medicina.udd.cl\/innovatm\/wp-json\/wp\/v2\/media?parent=143"}],"wp:term":[{"taxonomy":"people_tax","embeddable":true,"href":"https:\/\/medicina.udd.cl\/innovatm\/wp-json\/wp\/v2\/people_tax?post=143"},{"taxonomy":"people_areas","embeddable":true,"href":"https:\/\/medicina.udd.cl\/innovatm\/wp-json\/wp\/v2\/people_areas?post=143"},{"taxonomy":"people_levels","embeddable":true,"href":"https:\/\/medicina.udd.cl\/innovatm\/wp-json\/wp\/v2\/people_levels?post=143"}],"curies":[{"name":"wp","href":"https:\/\/api.w.org\/{rel}","templated":true}]}}