{"id":147,"date":"2025-09-09T10:20:31","date_gmt":"2025-09-09T13:20:31","guid":{"rendered":"https:\/\/medicina.udd.cl\/innovatm\/?post_type=person&#038;p=147"},"modified":"2025-09-09T10:20:31","modified_gmt":"2025-09-09T13:20:31","slug":"fernanda-carrasco","status":"publish","type":"person","link":"https:\/\/medicina.udd.cl\/innovatm\/persona\/fernanda-carrasco\/","title":{"rendered":"Fernanda  Carrasco"},"featured_media":148,"template":"","people_tax":[7],"people_areas":[],"people_levels":[],"class_list":["post-147","person","type-person","status-publish","has-post-thumbnail","hentry","people_tax-estudiantes-colaboradores"],"yoast_head":"<!-- This site is optimized with the Yoast SEO plugin v26.9 - https:\/\/yoast.com\/product\/yoast-seo-wordpress\/ -->\n<title>Fernanda Carrasco - Innova Tecnolog\u00eda M\u00e9dica<\/title>\n<meta name=\"robots\" content=\"index, follow, max-snippet:-1, max-image-preview:large, max-video-preview:-1\" \/>\n<link rel=\"canonical\" href=\"https:\/\/medicina.udd.cl\/innovatm\/persona\/fernanda-carrasco\/\" \/>\n<meta property=\"og:locale\" content=\"es_ES\" \/>\n<meta property=\"og:type\" content=\"article\" \/>\n<meta property=\"og:title\" content=\"Fernanda Carrasco - Innova Tecnolog\u00eda M\u00e9dica\" \/>\n<meta property=\"og:url\" content=\"https:\/\/medicina.udd.cl\/innovatm\/persona\/fernanda-carrasco\/\" \/>\n<meta property=\"og:site_name\" content=\"Innova Tecnolog\u00eda M\u00e9dica\" \/>\n<meta property=\"og:image\" content=\"http:\/\/medicina.udd.cl\/innovatm\/files\/2025\/09\/fernanda-carrasco.jpg\" \/>\n\t<meta property=\"og:image:width\" content=\"580\" \/>\n\t<meta property=\"og:image:height\" content=\"430\" \/>\n\t<meta property=\"og:image:type\" content=\"image\/jpeg\" \/>\n<meta name=\"twitter:card\" content=\"summary_large_image\" \/>\n<meta name=\"twitter:label1\" content=\"Tiempo de lectura\" \/>\n\t<meta name=\"twitter:data1\" content=\"1 minuto\" \/>\n<script type=\"application\/ld+json\" class=\"yoast-schema-graph\">{\"@context\":\"https:\/\/schema.org\",\"@graph\":[{\"@type\":\"WebPage\",\"@id\":\"https:\/\/medicina.udd.cl\/innovatm\/persona\/fernanda-carrasco\/\",\"url\":\"https:\/\/medicina.udd.cl\/innovatm\/persona\/fernanda-carrasco\/\",\"name\":\"Fernanda Carrasco - Innova Tecnolog\u00eda M\u00e9dica\",\"isPartOf\":{\"@id\":\"https:\/\/medicina.udd.cl\/innovatm\/#website\"},\"primaryImageOfPage\":{\"@id\":\"https:\/\/medicina.udd.cl\/innovatm\/persona\/fernanda-carrasco\/#primaryimage\"},\"image\":{\"@id\":\"https:\/\/medicina.udd.cl\/innovatm\/persona\/fernanda-carrasco\/#primaryimage\"},\"thumbnailUrl\":\"https:\/\/medicina.udd.cl\/innovatm\/files\/2025\/09\/fernanda-carrasco.jpg\",\"datePublished\":\"2025-09-09T13:20:31+00:00\",\"breadcrumb\":{\"@id\":\"https:\/\/medicina.udd.cl\/innovatm\/persona\/fernanda-carrasco\/#breadcrumb\"},\"inLanguage\":\"es\",\"potentialAction\":[{\"@type\":\"ReadAction\",\"target\":[\"https:\/\/medicina.udd.cl\/innovatm\/persona\/fernanda-carrasco\/\"]}]},{\"@type\":\"ImageObject\",\"inLanguage\":\"es\",\"@id\":\"https:\/\/medicina.udd.cl\/innovatm\/persona\/fernanda-carrasco\/#primaryimage\",\"url\":\"https:\/\/medicina.udd.cl\/innovatm\/files\/2025\/09\/fernanda-carrasco.jpg\",\"contentUrl\":\"https:\/\/medicina.udd.cl\/innovatm\/files\/2025\/09\/fernanda-carrasco.jpg\",\"width\":580,\"height\":430},{\"@type\":\"BreadcrumbList\",\"@id\":\"https:\/\/medicina.udd.cl\/innovatm\/persona\/fernanda-carrasco\/#breadcrumb\",\"itemListElement\":[{\"@type\":\"ListItem\",\"position\":1,\"name\":\"Personas\",\"item\":\"https:\/\/medicina.udd.cl\/innovatm\/persona\/\"},{\"@type\":\"ListItem\",\"position\":2,\"name\":\"Fernanda Carrasco\"}]},{\"@type\":\"WebSite\",\"@id\":\"https:\/\/medicina.udd.cl\/innovatm\/#website\",\"url\":\"https:\/\/medicina.udd.cl\/innovatm\/\",\"name\":\"Innova Tecnolog\u00eda M\u00e9dica\",\"description\":\"\",\"inLanguage\":\"es\"}]}<\/script>\n<!-- \/ Yoast SEO plugin. -->","yoast_head_json":{"title":"Fernanda Carrasco - Innova Tecnolog\u00eda M\u00e9dica","robots":{"index":"index","follow":"follow","max-snippet":"max-snippet:-1","max-image-preview":"max-image-preview:large","max-video-preview":"max-video-preview:-1"},"canonical":"https:\/\/medicina.udd.cl\/innovatm\/persona\/fernanda-carrasco\/","og_locale":"es_ES","og_type":"article","og_title":"Fernanda Carrasco - Innova Tecnolog\u00eda M\u00e9dica","og_url":"https:\/\/medicina.udd.cl\/innovatm\/persona\/fernanda-carrasco\/","og_site_name":"Innova Tecnolog\u00eda M\u00e9dica","og_image":[{"width":580,"height":430,"url":"http:\/\/medicina.udd.cl\/innovatm\/files\/2025\/09\/fernanda-carrasco.jpg","type":"image\/jpeg"}],"twitter_card":"summary_large_image","twitter_misc":{"Tiempo de lectura":"1 minuto"},"schema":{"@context":"https:\/\/schema.org","@graph":[{"@type":"WebPage","@id":"https:\/\/medicina.udd.cl\/innovatm\/persona\/fernanda-carrasco\/","url":"https:\/\/medicina.udd.cl\/innovatm\/persona\/fernanda-carrasco\/","name":"Fernanda Carrasco - Innova Tecnolog\u00eda M\u00e9dica","isPartOf":{"@id":"https:\/\/medicina.udd.cl\/innovatm\/#website"},"primaryImageOfPage":{"@id":"https:\/\/medicina.udd.cl\/innovatm\/persona\/fernanda-carrasco\/#primaryimage"},"image":{"@id":"https:\/\/medicina.udd.cl\/innovatm\/persona\/fernanda-carrasco\/#primaryimage"},"thumbnailUrl":"https:\/\/medicina.udd.cl\/innovatm\/files\/2025\/09\/fernanda-carrasco.jpg","datePublished":"2025-09-09T13:20:31+00:00","breadcrumb":{"@id":"https:\/\/medicina.udd.cl\/innovatm\/persona\/fernanda-carrasco\/#breadcrumb"},"inLanguage":"es","potentialAction":[{"@type":"ReadAction","target":["https:\/\/medicina.udd.cl\/innovatm\/persona\/fernanda-carrasco\/"]}]},{"@type":"ImageObject","inLanguage":"es","@id":"https:\/\/medicina.udd.cl\/innovatm\/persona\/fernanda-carrasco\/#primaryimage","url":"https:\/\/medicina.udd.cl\/innovatm\/files\/2025\/09\/fernanda-carrasco.jpg","contentUrl":"https:\/\/medicina.udd.cl\/innovatm\/files\/2025\/09\/fernanda-carrasco.jpg","width":580,"height":430},{"@type":"BreadcrumbList","@id":"https:\/\/medicina.udd.cl\/innovatm\/persona\/fernanda-carrasco\/#breadcrumb","itemListElement":[{"@type":"ListItem","position":1,"name":"Personas","item":"https:\/\/medicina.udd.cl\/innovatm\/persona\/"},{"@type":"ListItem","position":2,"name":"Fernanda Carrasco"}]},{"@type":"WebSite","@id":"https:\/\/medicina.udd.cl\/innovatm\/#website","url":"https:\/\/medicina.udd.cl\/innovatm\/","name":"Innova Tecnolog\u00eda M\u00e9dica","description":"","inLanguage":"es"}]}},"label":"Fernanda  Carrasco","role":"Estudiante Tecnolog\u00eda M\u00e9dica","thumbnail_url":"https:\/\/medicina.udd.cl\/innovatm\/files\/2025\/09\/fernanda-carrasco-500x430.jpg","email":"","tel_job":"","content":{"rendered":"<div class=\"person-modal person-modal--scl\">\n\t<header class=\"person-modal__header\">\n\t\t<div class=\"person-modal__bg\"><\/div>\n\t\t<div class=\"modal-container\">\n\t\t\t\t\t\t<div class=\"person-modal__media\">\n\t\t\t\t<img width=\"500\" height=\"430\" src=\"https:\/\/medicina.udd.cl\/innovatm\/files\/2025\/09\/fernanda-carrasco-62x62.jpg\" class=\"person-modal__image wp-post-image lazyload\" alt=\"\" decoding=\"async\" loading=\"lazy\" data-src=\"https:\/\/medicina.udd.cl\/innovatm\/files\/2025\/09\/fernanda-carrasco-500x430.jpg\" \/>\t\t\t<\/div>\n\t\t\t\t\t\t<div class=\"person-modal__data\">\n\t\t\t\t<h1 class=\"person-modal__name\">Fernanda  Carrasco<\/h1>\n\t\t\t\t\t\t\t<span class=\"person-modal__description\">Estudiante Tecnolog\u00eda M\u00e9dica<\/span>\n\t\t\t\t\t\t\t\t\t\t\t\t\t\t\t<\/div>\n\t\t<\/div>\n\t<\/header>\n\t<div class=\"modal-container\">\n\t\t\t<div class=\"person-modal__content text\">\n\t\t\t\t\t\t\t\t\t\t\t\t<\/div>\n\t<\/div>\n<\/div>\n"},"identifier":"fad0f7915bcb9f11def24856ee156025ef6ff84c","has_credential":[],"given_name":"Fernanda ","family_name":"Carrasco","name":"Fernanda  Carrasco","job_title":"Estudiante Tecnolog\u00eda M\u00e9dica","telephone":"","note":"","im":"","_self_schedule":null,"_links":{"self":[{"href":"https:\/\/medicina.udd.cl\/innovatm\/wp-json\/wp\/v2\/people\/147","targetHints":{"allow":["GET"]}}],"collection":[{"href":"https:\/\/medicina.udd.cl\/innovatm\/wp-json\/wp\/v2\/people"}],"about":[{"href":"https:\/\/medicina.udd.cl\/innovatm\/wp-json\/wp\/v2\/types\/person"}],"wp:featuredmedia":[{"embeddable":true,"href":"https:\/\/medicina.udd.cl\/innovatm\/wp-json\/wp\/v2\/media\/148"}],"wp:attachment":[{"href":"https:\/\/medicina.udd.cl\/innovatm\/wp-json\/wp\/v2\/media?parent=147"}],"wp:term":[{"taxonomy":"people_tax","embeddable":true,"href":"https:\/\/medicina.udd.cl\/innovatm\/wp-json\/wp\/v2\/people_tax?post=147"},{"taxonomy":"people_areas","embeddable":true,"href":"https:\/\/medicina.udd.cl\/innovatm\/wp-json\/wp\/v2\/people_areas?post=147"},{"taxonomy":"people_levels","embeddable":true,"href":"https:\/\/medicina.udd.cl\/innovatm\/wp-json\/wp\/v2\/people_levels?post=147"}],"curies":[{"name":"wp","href":"https:\/\/api.w.org\/{rel}","templated":true}]}}