{"id":1465,"date":"2013-10-14T16:57:01","date_gmt":"2013-10-14T19:57:01","guid":{"rendered":"http:\/\/medicina.udd.cl\/kinesiologia-santiago\/files\/2013\/10\/Charla-Prevenci\u00f3n-C\u00e1ncer-de-Mama.jpg"},"modified":"2013-10-14T16:57:01","modified_gmt":"2013-10-14T19:57:01","slug":"charla-prevencion-cancer-de-mama","status":"inherit","type":"attachment","link":"https:\/\/medicina.udd.cl\/kinesiologia-santiago\/eventos\/charla-prevencion-del-cancer\/charla-prevencion-cancer-de-mama\/","title":{"rendered":"Charla Prevenci\u00f3n C\u00e1ncer de Mama"},"author":40,"featured_media":0,"comment_status":"open","ping_status":"open","template":"","meta":[],"class_list":["post-1465","attachment","type-attachment","status-inherit","hentry"],"yoast_head":"<!-- This site is optimized with the Yoast SEO plugin v26.9 - https:\/\/yoast.com\/product\/yoast-seo-wordpress\/ -->\n<title>Charla Prevenci\u00f3n C\u00e1ncer de Mama - Kinesiolog\u00eda<\/title>\n<meta name=\"robots\" content=\"index, follow, max-snippet:-1, max-image-preview:large, max-video-preview:-1\" \/>\n<link rel=\"canonical\" href=\"https:\/\/medicina.udd.cl\/kinesiologia-santiago\/files\/2013\/10\/Charla-Prevenci\u00f3n-C\u00e1ncer-de-Mama.jpg\" \/>\n<meta property=\"og:locale\" content=\"es_ES\" \/>\n<meta property=\"og:type\" content=\"article\" \/>\n<meta property=\"og:title\" content=\"Charla Prevenci\u00f3n C\u00e1ncer de Mama - Kinesiolog\u00eda\" \/>\n<meta property=\"og:url\" content=\"https:\/\/medicina.udd.cl\/kinesiologia-santiago\/files\/2013\/10\/Charla-Prevenci\u00f3n-C\u00e1ncer-de-Mama.jpg\" \/>\n<meta property=\"og:site_name\" content=\"Kinesiolog\u00eda\" \/>\n<meta property=\"og:image\" content=\"https:\/\/medicina.udd.cl\/kinesiologia-santiago\/files\/2013\/10\/Charla-Prevenci\u00f3n-C\u00e1ncer-de-Mama.jpg\" \/>\n\t<meta property=\"og:image:width\" content=\"816\" \/>\n\t<meta property=\"og:image:height\" content=\"908\" \/>\n\t<meta property=\"og:image:type\" content=\"image\/jpeg\" \/>\n<script type=\"application\/ld+json\" class=\"yoast-schema-graph\">{\"@context\":\"https:\/\/schema.org\",\"@graph\":[{\"@type\":\"WebPage\",\"@id\":\"https:\/\/medicina.udd.cl\/kinesiologia-santiago\/files\/2013\/10\/Charla-Prevenci\u00f3n-C\u00e1ncer-de-Mama.jpg\",\"url\":\"https:\/\/medicina.udd.cl\/kinesiologia-santiago\/files\/2013\/10\/Charla-Prevenci\u00f3n-C\u00e1ncer-de-Mama.jpg\",\"name\":\"Charla Prevenci\u00f3n C\u00e1ncer de Mama - Kinesiolog\u00eda\",\"isPartOf\":{\"@id\":\"https:\/\/medicina.udd.cl\/kinesiologia-santiago\/#website\"},\"datePublished\":\"2013-10-14T19:57:01+00:00\",\"breadcrumb\":{\"@id\":\"https:\/\/medicina.udd.cl\/kinesiologia-santiago\/files\/2013\/10\/Charla-Prevenci\u00f3n-C\u00e1ncer-de-Mama.jpg#breadcrumb\"},\"inLanguage\":\"es\",\"potentialAction\":[{\"@type\":\"ReadAction\",\"target\":[\"https:\/\/medicina.udd.cl\/kinesiologia-santiago\/files\/2013\/10\/Charla-Prevenci\u00f3n-C\u00e1ncer-de-Mama.jpg\"]}]},{\"@type\":\"BreadcrumbList\",\"@id\":\"https:\/\/medicina.udd.cl\/kinesiologia-santiago\/files\/2013\/10\/Charla-Prevenci\u00f3n-C\u00e1ncer-de-Mama.jpg#breadcrumb\",\"itemListElement\":[{\"@type\":\"ListItem\",\"position\":1,\"name\":\"Home\",\"item\":\"https:\/\/medicina.udd.cl\/kinesiologia-santiago\/\"},{\"@type\":\"ListItem\",\"position\":2,\"name\":\"Charla Prevenci\u00f3n del C\u00e1ncer\",\"item\":\"https:\/\/medicina.udd.cl\/kinesiologia-santiago\/eventos\/charla-prevencion-del-cancer\/\"},{\"@type\":\"ListItem\",\"position\":3,\"name\":\"Charla Prevenci\u00f3n C\u00e1ncer de Mama\"}]},{\"@type\":\"WebSite\",\"@id\":\"https:\/\/medicina.udd.cl\/kinesiologia-santiago\/#website\",\"url\":\"https:\/\/medicina.udd.cl\/kinesiologia-santiago\/\",\"name\":\"Kinesiolog\u00eda\",\"description\":\"Facultad de Medicina Cl\u00ednica Alemana Universidad del Desarrollo\",\"inLanguage\":\"es\"}]}<\/script>\n<!-- \/ Yoast SEO plugin. -->","yoast_head_json":{"title":"Charla Prevenci\u00f3n C\u00e1ncer de Mama - Kinesiolog\u00eda","robots":{"index":"index","follow":"follow","max-snippet":"max-snippet:-1","max-image-preview":"max-image-preview:large","max-video-preview":"max-video-preview:-1"},"canonical":"https:\/\/medicina.udd.cl\/kinesiologia-santiago\/files\/2013\/10\/Charla-Prevenci\u00f3n-C\u00e1ncer-de-Mama.jpg","og_locale":"es_ES","og_type":"article","og_title":"Charla Prevenci\u00f3n C\u00e1ncer de Mama - Kinesiolog\u00eda","og_url":"https:\/\/medicina.udd.cl\/kinesiologia-santiago\/files\/2013\/10\/Charla-Prevenci\u00f3n-C\u00e1ncer-de-Mama.jpg","og_site_name":"Kinesiolog\u00eda","og_image":[{"width":816,"height":908,"url":"https:\/\/medicina.udd.cl\/kinesiologia-santiago\/files\/2013\/10\/Charla-Prevenci\u00f3n-C\u00e1ncer-de-Mama.jpg","type":"image\/jpeg"}],"schema":{"@context":"https:\/\/schema.org","@graph":[{"@type":"WebPage","@id":"https:\/\/medicina.udd.cl\/kinesiologia-santiago\/files\/2013\/10\/Charla-Prevenci\u00f3n-C\u00e1ncer-de-Mama.jpg","url":"https:\/\/medicina.udd.cl\/kinesiologia-santiago\/files\/2013\/10\/Charla-Prevenci\u00f3n-C\u00e1ncer-de-Mama.jpg","name":"Charla Prevenci\u00f3n C\u00e1ncer de Mama - Kinesiolog\u00eda","isPartOf":{"@id":"https:\/\/medicina.udd.cl\/kinesiologia-santiago\/#website"},"datePublished":"2013-10-14T19:57:01+00:00","breadcrumb":{"@id":"https:\/\/medicina.udd.cl\/kinesiologia-santiago\/files\/2013\/10\/Charla-Prevenci\u00f3n-C\u00e1ncer-de-Mama.jpg#breadcrumb"},"inLanguage":"es","potentialAction":[{"@type":"ReadAction","target":["https:\/\/medicina.udd.cl\/kinesiologia-santiago\/files\/2013\/10\/Charla-Prevenci\u00f3n-C\u00e1ncer-de-Mama.jpg"]}]},{"@type":"BreadcrumbList","@id":"https:\/\/medicina.udd.cl\/kinesiologia-santiago\/files\/2013\/10\/Charla-Prevenci\u00f3n-C\u00e1ncer-de-Mama.jpg#breadcrumb","itemListElement":[{"@type":"ListItem","position":1,"name":"Home","item":"https:\/\/medicina.udd.cl\/kinesiologia-santiago\/"},{"@type":"ListItem","position":2,"name":"Charla Prevenci\u00f3n del C\u00e1ncer","item":"https:\/\/medicina.udd.cl\/kinesiologia-santiago\/eventos\/charla-prevencion-del-cancer\/"},{"@type":"ListItem","position":3,"name":"Charla Prevenci\u00f3n C\u00e1ncer de Mama"}]},{"@type":"WebSite","@id":"https:\/\/medicina.udd.cl\/kinesiologia-santiago\/#website","url":"https:\/\/medicina.udd.cl\/kinesiologia-santiago\/","name":"Kinesiolog\u00eda","description":"Facultad de Medicina Cl\u00ednica Alemana Universidad del Desarrollo","inLanguage":"es"}]}},"description":{"rendered":"<p class=\"attachment\"><a href='https:\/\/medicina.udd.cl\/kinesiologia-santiago\/files\/2013\/10\/Charla-Prevenci\u00f3n-C\u00e1ncer-de-Mama.jpg'><img loading=\"lazy\" decoding=\"async\" width=\"270\" height=\"300\" src=\"https:\/\/medicina.udd.cl\/kinesiologia-santiago\/files\/2013\/10\/Charla-Prevenci\u00f3n-C\u00e1ncer-de-Mama-270x300.jpg\" class=\"attachment-medium size-medium\" alt=\"\" srcset=\"https:\/\/medicina.udd.cl\/kinesiologia-santiago\/files\/2013\/10\/Charla-Prevenci\u00f3n-C\u00e1ncer-de-Mama-270x300.jpg 270w, https:\/\/medicina.udd.cl\/kinesiologia-santiago\/files\/2013\/10\/Charla-Prevenci\u00f3n-C\u00e1ncer-de-Mama-768x855.jpg 768w, https:\/\/medicina.udd.cl\/kinesiologia-santiago\/files\/2013\/10\/Charla-Prevenci\u00f3n-C\u00e1ncer-de-Mama.jpg 816w\" sizes=\"auto, (max-width: 270px) 100vw, 270px\" \/><\/a><\/p>\n"},"caption":{"rendered":""},"alt_text":"","media_type":"image","mime_type":"image\/jpeg","media_details":{"width":816,"height":908,"file":"2013\/10\/Charla-Prevenci\u00f3n-C\u00e1ncer-de-Mama.jpg","sizes":{"thumbnail":{"file":"Charla-Prevenci\u00f3n-C\u00e1ncer-de-Mama-150x150.jpg","width":150,"height":150,"mime_type":"image\/jpeg","source_url":"https:\/\/medicina.udd.cl\/kinesiologia-santiago\/files\/2013\/10\/Charla-Prevenci\u00f3n-C\u00e1ncer-de-Mama-150x150.jpg"},"medium":{"file":"Charla-Prevenci\u00f3n-C\u00e1ncer-de-Mama-270x300.jpg","width":270,"height":300,"mime_type":"image\/jpeg","source_url":"https:\/\/medicina.udd.cl\/kinesiologia-santiago\/files\/2013\/10\/Charla-Prevenci\u00f3n-C\u00e1ncer-de-Mama-270x300.jpg"},"medium_large":{"file":"Charla-Prevenci\u00f3n-C\u00e1ncer-de-Mama-768x855.jpg","width":768,"height":855,"mime_type":"image\/jpeg","source_url":"https:\/\/medicina.udd.cl\/kinesiologia-santiago\/files\/2013\/10\/Charla-Prevenci\u00f3n-C\u00e1ncer-de-Mama-768x855.jpg"},"newsletter_featured":{"file":"Charla-Prevenci\u00f3n-C\u00e1ncer-de-Mama-316x224.jpg","width":316,"height":224,"mime_type":"image\/jpeg","source_url":"https:\/\/medicina.udd.cl\/kinesiologia-santiago\/files\/2013\/10\/Charla-Prevenci\u00f3n-C\u00e1ncer-de-Mama-316x224.jpg"},"newsletter_first":{"file":"Charla-Prevenci\u00f3n-C\u00e1ncer-de-Mama-286x205.jpg","width":286,"height":205,"mime_type":"image\/jpeg","source_url":"https:\/\/medicina.udd.cl\/kinesiologia-santiago\/files\/2013\/10\/Charla-Prevenci\u00f3n-C\u00e1ncer-de-Mama-286x205.jpg"},"newsletter_thumb":{"file":"Charla-Prevenci\u00f3n-C\u00e1ncer-de-Mama-288x150.jpg","width":288,"height":150,"mime_type":"image\/jpeg","source_url":"https:\/\/medicina.udd.cl\/kinesiologia-santiago\/files\/2013\/10\/Charla-Prevenci\u00f3n-C\u00e1ncer-de-Mama-288x150.jpg"},"newsletter_column":{"file":"Charla-Prevenci\u00f3n-C\u00e1ncer-de-Mama-182x140.jpg","width":182,"height":140,"mime_type":"image\/jpeg","source_url":"https:\/\/medicina.udd.cl\/kinesiologia-santiago\/files\/2013\/10\/Charla-Prevenci\u00f3n-C\u00e1ncer-de-Mama-182x140.jpg"},"newsletter_square":{"file":"Charla-Prevenci\u00f3n-C\u00e1ncer-de-Mama-62x62.jpg","width":62,"height":62,"mime_type":"image\/jpeg","source_url":"https:\/\/medicina.udd.cl\/kinesiologia-santiago\/files\/2013\/10\/Charla-Prevenci\u00f3n-C\u00e1ncer-de-Mama-62x62.jpg"},"newsletter_square_large":{"file":"Charla-Prevenci\u00f3n-C\u00e1ncer-de-Mama-87x62.jpg","width":87,"height":62,"mime_type":"image\/jpeg","source_url":"https:\/\/medicina.udd.cl\/kinesiologia-santiago\/files\/2013\/10\/Charla-Prevenci\u00f3n-C\u00e1ncer-de-Mama-87x62.jpg"},"featured-home":{"file":"Charla-Prevenci\u00f3n-C\u00e1ncer-de-Mama-800x450.jpg","width":800,"height":450,"mime_type":"image\/jpeg","source_url":"https:\/\/medicina.udd.cl\/kinesiologia-santiago\/files\/2013\/10\/Charla-Prevenci\u00f3n-C\u00e1ncer-de-Mama-800x450.jpg"},"featured-career":{"file":"Charla-Prevenci\u00f3n-C\u00e1ncer-de-Mama-660x430.jpg","width":660,"height":430,"mime_type":"image\/jpeg","source_url":"https:\/\/medicina.udd.cl\/kinesiologia-santiago\/files\/2013\/10\/Charla-Prevenci\u00f3n-C\u00e1ncer-de-Mama-660x430.jpg"},"squared":{"file":"Charla-Prevenci\u00f3n-C\u00e1ncer-de-Mama-300x300.jpg","width":300,"height":300,"mime_type":"image\/jpeg","source_url":"https:\/\/medicina.udd.cl\/kinesiologia-santiago\/files\/2013\/10\/Charla-Prevenci\u00f3n-C\u00e1ncer-de-Mama-300x300.jpg"},"stretch":{"file":"Charla-Prevenci\u00f3n-C\u00e1ncer-de-Mama-800x450.jpg","width":800,"height":450,"mime_type":"image\/jpeg","source_url":"https:\/\/medicina.udd.cl\/kinesiologia-santiago\/files\/2013\/10\/Charla-Prevenci\u00f3n-C\u00e1ncer-de-Mama-800x450.jpg"},"portrait-medium":{"file":"Charla-Prevenci\u00f3n-C\u00e1ncer-de-Mama-220x260.jpg","width":220,"height":260,"mime_type":"image\/jpeg","source_url":"https:\/\/medicina.udd.cl\/kinesiologia-santiago\/files\/2013\/10\/Charla-Prevenci\u00f3n-C\u00e1ncer-de-Mama-220x260.jpg"},"landscape-small":{"file":"Charla-Prevenci\u00f3n-C\u00e1ncer-de-Mama-125x80.jpg","width":125,"height":80,"mime_type":"image\/jpeg","source_url":"https:\/\/medicina.udd.cl\/kinesiologia-santiago\/files\/2013\/10\/Charla-Prevenci\u00f3n-C\u00e1ncer-de-Mama-125x80.jpg"},"landscape-medium":{"file":"Charla-Prevenci\u00f3n-C\u00e1ncer-de-Mama-340x220.jpg","width":340,"height":220,"mime_type":"image\/jpeg","source_url":"https:\/\/medicina.udd.cl\/kinesiologia-santiago\/files\/2013\/10\/Charla-Prevenci\u00f3n-C\u00e1ncer-de-Mama-340x220.jpg"},"landscape-large":{"file":"Charla-Prevenci\u00f3n-C\u00e1ncer-de-Mama-365x255.jpg","width":365,"height":255,"mime_type":"image\/jpeg","source_url":"https:\/\/medicina.udd.cl\/kinesiologia-santiago\/files\/2013\/10\/Charla-Prevenci\u00f3n-C\u00e1ncer-de-Mama-365x255.jpg"},"landscape-xlarge":{"file":"Charla-Prevenci\u00f3n-C\u00e1ncer-de-Mama-660x430.jpg","width":660,"height":430,"mime_type":"image\/jpeg","source_url":"https:\/\/medicina.udd.cl\/kinesiologia-santiago\/files\/2013\/10\/Charla-Prevenci\u00f3n-C\u00e1ncer-de-Mama-660x430.jpg"},"panoramic":{"file":"Charla-Prevenci\u00f3n-C\u00e1ncer-de-Mama-816x345.jpg","width":816,"height":345,"mime_type":"image\/jpeg","source_url":"https:\/\/medicina.udd.cl\/kinesiologia-santiago\/files\/2013\/10\/Charla-Prevenci\u00f3n-C\u00e1ncer-de-Mama-816x345.jpg"},"stretch-large":{"file":"Charla-Prevenci\u00f3n-C\u00e1ncer-de-Mama-816x450.jpg","width":816,"height":450,"mime_type":"image\/jpeg","source_url":"https:\/\/medicina.udd.cl\/kinesiologia-santiago\/files\/2013\/10\/Charla-Prevenci\u00f3n-C\u00e1ncer-de-Mama-816x450.jpg"},"custom_content":{"file":"Charla-Prevenci\u00f3n-C\u00e1ncer-de-Mama-126x126.jpg","width":126,"height":126,"mime_type":"image\/jpeg","source_url":"https:\/\/medicina.udd.cl\/kinesiologia-santiago\/files\/2013\/10\/Charla-Prevenci\u00f3n-C\u00e1ncer-de-Mama-126x126.jpg"},"full":{"file":"Charla-Prevenci\u00f3n-C\u00e1ncer-de-Mama.jpg","width":816,"height":908,"mime_type":"image\/jpeg","source_url":"https:\/\/medicina.udd.cl\/kinesiologia-santiago\/files\/2013\/10\/Charla-Prevenci\u00f3n-C\u00e1ncer-de-Mama.jpg"}},"image_meta":{"aperture":"0","credit":"","camera":"","caption":"","created_timestamp":"0","copyright":"","focal_length":"0","iso":"0","shutter_speed":"0","title":"","orientation":"0","keywords":[]}},"post":1464,"source_url":"https:\/\/medicina.udd.cl\/kinesiologia-santiago\/files\/2013\/10\/Charla-Prevenci\u00f3n-C\u00e1ncer-de-Mama.jpg","_links":{"self":[{"href":"https:\/\/medicina.udd.cl\/kinesiologia-santiago\/wp-json\/wp\/v2\/media\/1465","targetHints":{"allow":["GET"]}}],"collection":[{"href":"https:\/\/medicina.udd.cl\/kinesiologia-santiago\/wp-json\/wp\/v2\/media"}],"about":[{"href":"https:\/\/medicina.udd.cl\/kinesiologia-santiago\/wp-json\/wp\/v2\/types\/attachment"}],"author":[{"embeddable":true,"href":"https:\/\/medicina.udd.cl\/kinesiologia-santiago\/wp-json\/wp\/v2\/users\/40"}],"replies":[{"embeddable":true,"href":"https:\/\/medicina.udd.cl\/kinesiologia-santiago\/wp-json\/wp\/v2\/comments?post=1465"}],"wp:attached-to":[{"embeddable":true,"post_type":"event","id":1464,"href":"https:\/\/medicina.udd.cl\/kinesiologia-santiago\/wp-json\/wp\/v2\/events\/1464"}],"curies":[{"name":"wp","href":"https:\/\/api.w.org\/{rel}","templated":true}]}}