{"id":1539,"date":"2013-12-04T12:46:59","date_gmt":"2013-12-04T15:46:59","guid":{"rendered":"http:\/\/medicina.udd.cl\/kinesiologia-santiago\/files\/2013\/12\/Clase-magistral-de-Carla-Benaglio.jpg"},"modified":"2013-12-04T12:46:59","modified_gmt":"2013-12-04T15:46:59","slug":"clase-magistral-de-carla-benaglio","status":"inherit","type":"attachment","link":"https:\/\/medicina.udd.cl\/kinesiologia-santiago\/noticias\/2013\/12\/04\/campos-clinicos-de-la-facultad-celebran-cierre-de-ano-academico\/clase-magistral-de-carla-benaglio\/","title":{"rendered":"Clase magistral de Carla Benaglio"},"author":40,"featured_media":0,"comment_status":"open","ping_status":"open","template":"","meta":[],"class_list":["post-1539","attachment","type-attachment","status-inherit","hentry"],"yoast_head":"<!-- This site is optimized with the Yoast SEO plugin v26.9 - https:\/\/yoast.com\/product\/yoast-seo-wordpress\/ -->\n<title>Clase magistral de Carla Benaglio - Kinesiolog\u00eda<\/title>\n<meta name=\"robots\" content=\"index, follow, max-snippet:-1, max-image-preview:large, max-video-preview:-1\" \/>\n<link rel=\"canonical\" href=\"https:\/\/medicina.udd.cl\/kinesiologia-santiago\/files\/2013\/12\/Clase-magistral-de-Carla-Benaglio.jpg\" \/>\n<meta property=\"og:locale\" content=\"es_ES\" \/>\n<meta property=\"og:type\" content=\"article\" \/>\n<meta property=\"og:title\" content=\"Clase magistral de Carla Benaglio - Kinesiolog\u00eda\" \/>\n<meta property=\"og:url\" content=\"https:\/\/medicina.udd.cl\/kinesiologia-santiago\/files\/2013\/12\/Clase-magistral-de-Carla-Benaglio.jpg\" \/>\n<meta property=\"og:site_name\" content=\"Kinesiolog\u00eda\" \/>\n<meta property=\"og:image\" content=\"https:\/\/medicina.udd.cl\/kinesiologia-santiago\/files\/2013\/12\/Clase-magistral-de-Carla-Benaglio.jpg\" \/>\n\t<meta property=\"og:image:width\" content=\"2384\" \/>\n\t<meta property=\"og:image:height\" content=\"2097\" \/>\n\t<meta property=\"og:image:type\" content=\"image\/jpeg\" \/>\n<script type=\"application\/ld+json\" class=\"yoast-schema-graph\">{\"@context\":\"https:\/\/schema.org\",\"@graph\":[{\"@type\":\"WebPage\",\"@id\":\"https:\/\/medicina.udd.cl\/kinesiologia-santiago\/files\/2013\/12\/Clase-magistral-de-Carla-Benaglio.jpg\",\"url\":\"https:\/\/medicina.udd.cl\/kinesiologia-santiago\/files\/2013\/12\/Clase-magistral-de-Carla-Benaglio.jpg\",\"name\":\"Clase magistral de Carla Benaglio - Kinesiolog\u00eda\",\"isPartOf\":{\"@id\":\"https:\/\/medicina.udd.cl\/kinesiologia-santiago\/#website\"},\"datePublished\":\"2013-12-04T15:46:59+00:00\",\"breadcrumb\":{\"@id\":\"https:\/\/medicina.udd.cl\/kinesiologia-santiago\/files\/2013\/12\/Clase-magistral-de-Carla-Benaglio.jpg#breadcrumb\"},\"inLanguage\":\"es\",\"potentialAction\":[{\"@type\":\"ReadAction\",\"target\":[\"https:\/\/medicina.udd.cl\/kinesiologia-santiago\/files\/2013\/12\/Clase-magistral-de-Carla-Benaglio.jpg\"]}]},{\"@type\":\"BreadcrumbList\",\"@id\":\"https:\/\/medicina.udd.cl\/kinesiologia-santiago\/files\/2013\/12\/Clase-magistral-de-Carla-Benaglio.jpg#breadcrumb\",\"itemListElement\":[{\"@type\":\"ListItem\",\"position\":1,\"name\":\"Home\",\"item\":\"https:\/\/medicina.udd.cl\/kinesiologia-santiago\/\"},{\"@type\":\"ListItem\",\"position\":2,\"name\":\"Campos cl\u00ednicos de la Facultad celebran cierre de a\u00f1o acad\u00e9mico\",\"item\":\"https:\/\/medicina.udd.cl\/kinesiologia-santiago\/noticias\/2013\/12\/04\/campos-clinicos-de-la-facultad-celebran-cierre-de-ano-academico\/\"},{\"@type\":\"ListItem\",\"position\":3,\"name\":\"Clase magistral de Carla Benaglio\"}]},{\"@type\":\"WebSite\",\"@id\":\"https:\/\/medicina.udd.cl\/kinesiologia-santiago\/#website\",\"url\":\"https:\/\/medicina.udd.cl\/kinesiologia-santiago\/\",\"name\":\"Kinesiolog\u00eda\",\"description\":\"Facultad de Medicina Cl\u00ednica Alemana Universidad del Desarrollo\",\"inLanguage\":\"es\"}]}<\/script>\n<!-- \/ Yoast SEO plugin. -->","yoast_head_json":{"title":"Clase magistral de Carla Benaglio - Kinesiolog\u00eda","robots":{"index":"index","follow":"follow","max-snippet":"max-snippet:-1","max-image-preview":"max-image-preview:large","max-video-preview":"max-video-preview:-1"},"canonical":"https:\/\/medicina.udd.cl\/kinesiologia-santiago\/files\/2013\/12\/Clase-magistral-de-Carla-Benaglio.jpg","og_locale":"es_ES","og_type":"article","og_title":"Clase magistral de Carla Benaglio - Kinesiolog\u00eda","og_url":"https:\/\/medicina.udd.cl\/kinesiologia-santiago\/files\/2013\/12\/Clase-magistral-de-Carla-Benaglio.jpg","og_site_name":"Kinesiolog\u00eda","og_image":[{"width":2384,"height":2097,"url":"https:\/\/medicina.udd.cl\/kinesiologia-santiago\/files\/2013\/12\/Clase-magistral-de-Carla-Benaglio.jpg","type":"image\/jpeg"}],"schema":{"@context":"https:\/\/schema.org","@graph":[{"@type":"WebPage","@id":"https:\/\/medicina.udd.cl\/kinesiologia-santiago\/files\/2013\/12\/Clase-magistral-de-Carla-Benaglio.jpg","url":"https:\/\/medicina.udd.cl\/kinesiologia-santiago\/files\/2013\/12\/Clase-magistral-de-Carla-Benaglio.jpg","name":"Clase magistral de Carla Benaglio - Kinesiolog\u00eda","isPartOf":{"@id":"https:\/\/medicina.udd.cl\/kinesiologia-santiago\/#website"},"datePublished":"2013-12-04T15:46:59+00:00","breadcrumb":{"@id":"https:\/\/medicina.udd.cl\/kinesiologia-santiago\/files\/2013\/12\/Clase-magistral-de-Carla-Benaglio.jpg#breadcrumb"},"inLanguage":"es","potentialAction":[{"@type":"ReadAction","target":["https:\/\/medicina.udd.cl\/kinesiologia-santiago\/files\/2013\/12\/Clase-magistral-de-Carla-Benaglio.jpg"]}]},{"@type":"BreadcrumbList","@id":"https:\/\/medicina.udd.cl\/kinesiologia-santiago\/files\/2013\/12\/Clase-magistral-de-Carla-Benaglio.jpg#breadcrumb","itemListElement":[{"@type":"ListItem","position":1,"name":"Home","item":"https:\/\/medicina.udd.cl\/kinesiologia-santiago\/"},{"@type":"ListItem","position":2,"name":"Campos cl\u00ednicos de la Facultad celebran cierre de a\u00f1o acad\u00e9mico","item":"https:\/\/medicina.udd.cl\/kinesiologia-santiago\/noticias\/2013\/12\/04\/campos-clinicos-de-la-facultad-celebran-cierre-de-ano-academico\/"},{"@type":"ListItem","position":3,"name":"Clase magistral de Carla Benaglio"}]},{"@type":"WebSite","@id":"https:\/\/medicina.udd.cl\/kinesiologia-santiago\/#website","url":"https:\/\/medicina.udd.cl\/kinesiologia-santiago\/","name":"Kinesiolog\u00eda","description":"Facultad de Medicina Cl\u00ednica Alemana Universidad del Desarrollo","inLanguage":"es"}]}},"description":{"rendered":"<p class=\"attachment\"><a href='https:\/\/medicina.udd.cl\/kinesiologia-santiago\/files\/2013\/12\/Clase-magistral-de-Carla-Benaglio.jpg'><img loading=\"lazy\" decoding=\"async\" width=\"300\" height=\"264\" src=\"https:\/\/medicina.udd.cl\/kinesiologia-santiago\/files\/2013\/12\/Clase-magistral-de-Carla-Benaglio-300x264.jpg\" class=\"attachment-medium size-medium\" alt=\"\" srcset=\"https:\/\/medicina.udd.cl\/kinesiologia-santiago\/files\/2013\/12\/Clase-magistral-de-Carla-Benaglio-300x264.jpg 300w, https:\/\/medicina.udd.cl\/kinesiologia-santiago\/files\/2013\/12\/Clase-magistral-de-Carla-Benaglio-768x676.jpg 768w, https:\/\/medicina.udd.cl\/kinesiologia-santiago\/files\/2013\/12\/Clase-magistral-de-Carla-Benaglio-1024x901.jpg 1024w, https:\/\/medicina.udd.cl\/kinesiologia-santiago\/files\/2013\/12\/Clase-magistral-de-Carla-Benaglio-960x844.jpg 960w\" sizes=\"auto, (max-width: 300px) 100vw, 300px\" \/><\/a><\/p>\n"},"caption":{"rendered":""},"alt_text":"","media_type":"image","mime_type":"image\/jpeg","media_details":{"width":2384,"height":2097,"file":"2013\/12\/Clase-magistral-de-Carla-Benaglio.jpg","sizes":{"thumbnail":{"file":"Clase-magistral-de-Carla-Benaglio-150x150.jpg","width":150,"height":150,"mime_type":"image\/jpeg","source_url":"https:\/\/medicina.udd.cl\/kinesiologia-santiago\/files\/2013\/12\/Clase-magistral-de-Carla-Benaglio-150x150.jpg"},"medium":{"file":"Clase-magistral-de-Carla-Benaglio-300x264.jpg","width":300,"height":264,"mime_type":"image\/jpeg","source_url":"https:\/\/medicina.udd.cl\/kinesiologia-santiago\/files\/2013\/12\/Clase-magistral-de-Carla-Benaglio-300x264.jpg"},"medium_large":{"file":"Clase-magistral-de-Carla-Benaglio-768x676.jpg","width":768,"height":676,"mime_type":"image\/jpeg","source_url":"https:\/\/medicina.udd.cl\/kinesiologia-santiago\/files\/2013\/12\/Clase-magistral-de-Carla-Benaglio-768x676.jpg"},"large":{"file":"Clase-magistral-de-Carla-Benaglio-1024x901.jpg","width":1024,"height":901,"mime_type":"image\/jpeg","source_url":"https:\/\/medicina.udd.cl\/kinesiologia-santiago\/files\/2013\/12\/Clase-magistral-de-Carla-Benaglio-1024x901.jpg"},"newsletter_featured":{"file":"Clase-magistral-de-Carla-Benaglio-316x224.jpg","width":316,"height":224,"mime_type":"image\/jpeg","source_url":"https:\/\/medicina.udd.cl\/kinesiologia-santiago\/files\/2013\/12\/Clase-magistral-de-Carla-Benaglio-316x224.jpg"},"newsletter_first":{"file":"Clase-magistral-de-Carla-Benaglio-286x205.jpg","width":286,"height":205,"mime_type":"image\/jpeg","source_url":"https:\/\/medicina.udd.cl\/kinesiologia-santiago\/files\/2013\/12\/Clase-magistral-de-Carla-Benaglio-286x205.jpg"},"newsletter_thumb":{"file":"Clase-magistral-de-Carla-Benaglio-288x150.jpg","width":288,"height":150,"mime_type":"image\/jpeg","source_url":"https:\/\/medicina.udd.cl\/kinesiologia-santiago\/files\/2013\/12\/Clase-magistral-de-Carla-Benaglio-288x150.jpg"},"newsletter_column":{"file":"Clase-magistral-de-Carla-Benaglio-182x140.jpg","width":182,"height":140,"mime_type":"image\/jpeg","source_url":"https:\/\/medicina.udd.cl\/kinesiologia-santiago\/files\/2013\/12\/Clase-magistral-de-Carla-Benaglio-182x140.jpg"},"newsletter_square":{"file":"Clase-magistral-de-Carla-Benaglio-62x62.jpg","width":62,"height":62,"mime_type":"image\/jpeg","source_url":"https:\/\/medicina.udd.cl\/kinesiologia-santiago\/files\/2013\/12\/Clase-magistral-de-Carla-Benaglio-62x62.jpg"},"newsletter_square_large":{"file":"Clase-magistral-de-Carla-Benaglio-87x62.jpg","width":87,"height":62,"mime_type":"image\/jpeg","source_url":"https:\/\/medicina.udd.cl\/kinesiologia-santiago\/files\/2013\/12\/Clase-magistral-de-Carla-Benaglio-87x62.jpg"},"featured-home":{"file":"Clase-magistral-de-Carla-Benaglio-800x450.jpg","width":800,"height":450,"mime_type":"image\/jpeg","source_url":"https:\/\/medicina.udd.cl\/kinesiologia-santiago\/files\/2013\/12\/Clase-magistral-de-Carla-Benaglio-800x450.jpg"},"featured-career":{"file":"Clase-magistral-de-Carla-Benaglio-660x430.jpg","width":660,"height":430,"mime_type":"image\/jpeg","source_url":"https:\/\/medicina.udd.cl\/kinesiologia-santiago\/files\/2013\/12\/Clase-magistral-de-Carla-Benaglio-660x430.jpg"},"squared":{"file":"Clase-magistral-de-Carla-Benaglio-300x300.jpg","width":300,"height":300,"mime_type":"image\/jpeg","source_url":"https:\/\/medicina.udd.cl\/kinesiologia-santiago\/files\/2013\/12\/Clase-magistral-de-Carla-Benaglio-300x300.jpg"},"stretch":{"file":"Clase-magistral-de-Carla-Benaglio-800x450.jpg","width":800,"height":450,"mime_type":"image\/jpeg","source_url":"https:\/\/medicina.udd.cl\/kinesiologia-santiago\/files\/2013\/12\/Clase-magistral-de-Carla-Benaglio-800x450.jpg"},"portrait-medium":{"file":"Clase-magistral-de-Carla-Benaglio-220x260.jpg","width":220,"height":260,"mime_type":"image\/jpeg","source_url":"https:\/\/medicina.udd.cl\/kinesiologia-santiago\/files\/2013\/12\/Clase-magistral-de-Carla-Benaglio-220x260.jpg"},"landscape-small":{"file":"Clase-magistral-de-Carla-Benaglio-125x80.jpg","width":125,"height":80,"mime_type":"image\/jpeg","source_url":"https:\/\/medicina.udd.cl\/kinesiologia-santiago\/files\/2013\/12\/Clase-magistral-de-Carla-Benaglio-125x80.jpg"},"landscape-medium":{"file":"Clase-magistral-de-Carla-Benaglio-340x220.jpg","width":340,"height":220,"mime_type":"image\/jpeg","source_url":"https:\/\/medicina.udd.cl\/kinesiologia-santiago\/files\/2013\/12\/Clase-magistral-de-Carla-Benaglio-340x220.jpg"},"landscape-large":{"file":"Clase-magistral-de-Carla-Benaglio-365x255.jpg","width":365,"height":255,"mime_type":"image\/jpeg","source_url":"https:\/\/medicina.udd.cl\/kinesiologia-santiago\/files\/2013\/12\/Clase-magistral-de-Carla-Benaglio-365x255.jpg"},"landscape-xlarge":{"file":"Clase-magistral-de-Carla-Benaglio-660x430.jpg","width":660,"height":430,"mime_type":"image\/jpeg","source_url":"https:\/\/medicina.udd.cl\/kinesiologia-santiago\/files\/2013\/12\/Clase-magistral-de-Carla-Benaglio-660x430.jpg"},"panoramic":{"file":"Clase-magistral-de-Carla-Benaglio-940x345.jpg","width":940,"height":345,"mime_type":"image\/jpeg","source_url":"https:\/\/medicina.udd.cl\/kinesiologia-santiago\/files\/2013\/12\/Clase-magistral-de-Carla-Benaglio-940x345.jpg"},"stretch-large":{"file":"Clase-magistral-de-Carla-Benaglio-940x450.jpg","width":940,"height":450,"mime_type":"image\/jpeg","source_url":"https:\/\/medicina.udd.cl\/kinesiologia-santiago\/files\/2013\/12\/Clase-magistral-de-Carla-Benaglio-940x450.jpg"},"proportional-large":{"file":"Clase-magistral-de-Carla-Benaglio-960x844.jpg","width":960,"height":844,"mime_type":"image\/jpeg","source_url":"https:\/\/medicina.udd.cl\/kinesiologia-santiago\/files\/2013\/12\/Clase-magistral-de-Carla-Benaglio-960x844.jpg"},"custom_content":{"file":"Clase-magistral-de-Carla-Benaglio-126x126.jpg","width":126,"height":126,"mime_type":"image\/jpeg","source_url":"https:\/\/medicina.udd.cl\/kinesiologia-santiago\/files\/2013\/12\/Clase-magistral-de-Carla-Benaglio-126x126.jpg"},"full":{"file":"Clase-magistral-de-Carla-Benaglio.jpg","width":2384,"height":2097,"mime_type":"image\/jpeg","source_url":"https:\/\/medicina.udd.cl\/kinesiologia-santiago\/files\/2013\/12\/Clase-magistral-de-Carla-Benaglio.jpg"}},"image_meta":{"aperture":"5.6","credit":"","camera":"Canon EOS REBEL T2i","caption":"","created_timestamp":"1385635545","copyright":"","focal_length":"47","iso":"3200","shutter_speed":"0.025","title":"","orientation":"0","keywords":[]}},"post":1533,"source_url":"https:\/\/medicina.udd.cl\/kinesiologia-santiago\/files\/2013\/12\/Clase-magistral-de-Carla-Benaglio.jpg","_links":{"self":[{"href":"https:\/\/medicina.udd.cl\/kinesiologia-santiago\/wp-json\/wp\/v2\/media\/1539","targetHints":{"allow":["GET"]}}],"collection":[{"href":"https:\/\/medicina.udd.cl\/kinesiologia-santiago\/wp-json\/wp\/v2\/media"}],"about":[{"href":"https:\/\/medicina.udd.cl\/kinesiologia-santiago\/wp-json\/wp\/v2\/types\/attachment"}],"author":[{"embeddable":true,"href":"https:\/\/medicina.udd.cl\/kinesiologia-santiago\/wp-json\/wp\/v2\/users\/40"}],"replies":[{"embeddable":true,"href":"https:\/\/medicina.udd.cl\/kinesiologia-santiago\/wp-json\/wp\/v2\/comments?post=1539"}],"wp:attached-to":[{"embeddable":true,"post_type":"post","id":1533,"href":"https:\/\/medicina.udd.cl\/kinesiologia-santiago\/wp-json\/wp\/v2\/posts\/1533"}],"curies":[{"name":"wp","href":"https:\/\/api.w.org\/{rel}","templated":true}]}}