{"id":1752,"date":"2014-05-19T11:30:24","date_gmt":"2014-05-19T15:30:24","guid":{"rendered":"http:\/\/medicina.udd.cl\/kinesiologia-santiago\/files\/2014\/05\/Taller-Fonoaudiolog\u00eda-UDD.jpg"},"modified":"2014-05-19T11:30:24","modified_gmt":"2014-05-19T15:30:24","slug":"taller-fonoaudiologia-udd","status":"inherit","type":"attachment","link":"https:\/\/medicina.udd.cl\/kinesiologia-santiago\/noticias\/2014\/05\/19\/mas-de-mil-secundarios-asisten-a-jornada-vocacional-en-la-clinica-udd\/taller-fonoaudiologia-udd\/","title":{"rendered":"Taller Fonoaudiolog\u00eda UDD"},"author":40,"featured_media":0,"comment_status":"open","ping_status":"open","template":"","meta":[],"class_list":["post-1752","attachment","type-attachment","status-inherit","hentry"],"yoast_head":"<!-- This site is optimized with the Yoast SEO plugin v26.9 - https:\/\/yoast.com\/product\/yoast-seo-wordpress\/ -->\n<title>Taller Fonoaudiolog\u00eda UDD - Kinesiolog\u00eda<\/title>\n<meta name=\"robots\" content=\"index, follow, max-snippet:-1, max-image-preview:large, max-video-preview:-1\" \/>\n<link rel=\"canonical\" href=\"https:\/\/medicina.udd.cl\/kinesiologia-santiago\/files\/2014\/05\/Taller-Fonoaudiolog\u00eda-UDD.jpg\" \/>\n<meta property=\"og:locale\" content=\"es_ES\" \/>\n<meta property=\"og:type\" content=\"article\" \/>\n<meta property=\"og:title\" content=\"Taller Fonoaudiolog\u00eda UDD - Kinesiolog\u00eda\" \/>\n<meta property=\"og:url\" content=\"https:\/\/medicina.udd.cl\/kinesiologia-santiago\/files\/2014\/05\/Taller-Fonoaudiolog\u00eda-UDD.jpg\" \/>\n<meta property=\"og:site_name\" content=\"Kinesiolog\u00eda\" \/>\n<meta property=\"og:image\" content=\"https:\/\/medicina.udd.cl\/kinesiologia-santiago\/files\/2014\/05\/Taller-Fonoaudiolog\u00eda-UDD.jpg\" \/>\n\t<meta property=\"og:image:width\" content=\"3456\" \/>\n\t<meta property=\"og:image:height\" content=\"2304\" \/>\n\t<meta property=\"og:image:type\" content=\"image\/jpeg\" \/>\n<script type=\"application\/ld+json\" class=\"yoast-schema-graph\">{\"@context\":\"https:\/\/schema.org\",\"@graph\":[{\"@type\":\"WebPage\",\"@id\":\"https:\/\/medicina.udd.cl\/kinesiologia-santiago\/files\/2014\/05\/Taller-Fonoaudiolog\u00eda-UDD.jpg\",\"url\":\"https:\/\/medicina.udd.cl\/kinesiologia-santiago\/files\/2014\/05\/Taller-Fonoaudiolog\u00eda-UDD.jpg\",\"name\":\"Taller Fonoaudiolog\u00eda UDD - Kinesiolog\u00eda\",\"isPartOf\":{\"@id\":\"https:\/\/medicina.udd.cl\/kinesiologia-santiago\/#website\"},\"datePublished\":\"2014-05-19T15:30:24+00:00\",\"breadcrumb\":{\"@id\":\"https:\/\/medicina.udd.cl\/kinesiologia-santiago\/files\/2014\/05\/Taller-Fonoaudiolog\u00eda-UDD.jpg#breadcrumb\"},\"inLanguage\":\"es\",\"potentialAction\":[{\"@type\":\"ReadAction\",\"target\":[\"https:\/\/medicina.udd.cl\/kinesiologia-santiago\/files\/2014\/05\/Taller-Fonoaudiolog\u00eda-UDD.jpg\"]}]},{\"@type\":\"BreadcrumbList\",\"@id\":\"https:\/\/medicina.udd.cl\/kinesiologia-santiago\/files\/2014\/05\/Taller-Fonoaudiolog\u00eda-UDD.jpg#breadcrumb\",\"itemListElement\":[{\"@type\":\"ListItem\",\"position\":1,\"name\":\"Home\",\"item\":\"https:\/\/medicina.udd.cl\/kinesiologia-santiago\/\"},{\"@type\":\"ListItem\",\"position\":2,\"name\":\"M\u00e1s de mil secundarios asisten a jornada vocacional en la Cl\u00ednica UDD\",\"item\":\"https:\/\/medicina.udd.cl\/kinesiologia-santiago\/noticias\/2014\/05\/19\/mas-de-mil-secundarios-asisten-a-jornada-vocacional-en-la-clinica-udd\/\"},{\"@type\":\"ListItem\",\"position\":3,\"name\":\"Taller Fonoaudiolog\u00eda UDD\"}]},{\"@type\":\"WebSite\",\"@id\":\"https:\/\/medicina.udd.cl\/kinesiologia-santiago\/#website\",\"url\":\"https:\/\/medicina.udd.cl\/kinesiologia-santiago\/\",\"name\":\"Kinesiolog\u00eda\",\"description\":\"Facultad de Medicina Cl\u00ednica Alemana Universidad del Desarrollo\",\"inLanguage\":\"es\"}]}<\/script>\n<!-- \/ Yoast SEO plugin. -->","yoast_head_json":{"title":"Taller Fonoaudiolog\u00eda UDD - Kinesiolog\u00eda","robots":{"index":"index","follow":"follow","max-snippet":"max-snippet:-1","max-image-preview":"max-image-preview:large","max-video-preview":"max-video-preview:-1"},"canonical":"https:\/\/medicina.udd.cl\/kinesiologia-santiago\/files\/2014\/05\/Taller-Fonoaudiolog\u00eda-UDD.jpg","og_locale":"es_ES","og_type":"article","og_title":"Taller Fonoaudiolog\u00eda UDD - Kinesiolog\u00eda","og_url":"https:\/\/medicina.udd.cl\/kinesiologia-santiago\/files\/2014\/05\/Taller-Fonoaudiolog\u00eda-UDD.jpg","og_site_name":"Kinesiolog\u00eda","og_image":[{"width":3456,"height":2304,"url":"https:\/\/medicina.udd.cl\/kinesiologia-santiago\/files\/2014\/05\/Taller-Fonoaudiolog\u00eda-UDD.jpg","type":"image\/jpeg"}],"schema":{"@context":"https:\/\/schema.org","@graph":[{"@type":"WebPage","@id":"https:\/\/medicina.udd.cl\/kinesiologia-santiago\/files\/2014\/05\/Taller-Fonoaudiolog\u00eda-UDD.jpg","url":"https:\/\/medicina.udd.cl\/kinesiologia-santiago\/files\/2014\/05\/Taller-Fonoaudiolog\u00eda-UDD.jpg","name":"Taller Fonoaudiolog\u00eda UDD - Kinesiolog\u00eda","isPartOf":{"@id":"https:\/\/medicina.udd.cl\/kinesiologia-santiago\/#website"},"datePublished":"2014-05-19T15:30:24+00:00","breadcrumb":{"@id":"https:\/\/medicina.udd.cl\/kinesiologia-santiago\/files\/2014\/05\/Taller-Fonoaudiolog\u00eda-UDD.jpg#breadcrumb"},"inLanguage":"es","potentialAction":[{"@type":"ReadAction","target":["https:\/\/medicina.udd.cl\/kinesiologia-santiago\/files\/2014\/05\/Taller-Fonoaudiolog\u00eda-UDD.jpg"]}]},{"@type":"BreadcrumbList","@id":"https:\/\/medicina.udd.cl\/kinesiologia-santiago\/files\/2014\/05\/Taller-Fonoaudiolog\u00eda-UDD.jpg#breadcrumb","itemListElement":[{"@type":"ListItem","position":1,"name":"Home","item":"https:\/\/medicina.udd.cl\/kinesiologia-santiago\/"},{"@type":"ListItem","position":2,"name":"M\u00e1s de mil secundarios asisten a jornada vocacional en la Cl\u00ednica UDD","item":"https:\/\/medicina.udd.cl\/kinesiologia-santiago\/noticias\/2014\/05\/19\/mas-de-mil-secundarios-asisten-a-jornada-vocacional-en-la-clinica-udd\/"},{"@type":"ListItem","position":3,"name":"Taller Fonoaudiolog\u00eda UDD"}]},{"@type":"WebSite","@id":"https:\/\/medicina.udd.cl\/kinesiologia-santiago\/#website","url":"https:\/\/medicina.udd.cl\/kinesiologia-santiago\/","name":"Kinesiolog\u00eda","description":"Facultad de Medicina Cl\u00ednica Alemana Universidad del Desarrollo","inLanguage":"es"}]}},"description":{"rendered":"<p class=\"attachment\"><a href='https:\/\/medicina.udd.cl\/kinesiologia-santiago\/files\/2014\/05\/Taller-Fonoaudiolog\u00eda-UDD.jpg'><img loading=\"lazy\" decoding=\"async\" width=\"300\" height=\"200\" src=\"https:\/\/medicina.udd.cl\/kinesiologia-santiago\/files\/2014\/05\/Taller-Fonoaudiolog\u00eda-UDD-300x200.jpg\" class=\"attachment-medium size-medium\" alt=\"\" srcset=\"https:\/\/medicina.udd.cl\/kinesiologia-santiago\/files\/2014\/05\/Taller-Fonoaudiolog\u00eda-UDD-300x200.jpg 300w, https:\/\/medicina.udd.cl\/kinesiologia-santiago\/files\/2014\/05\/Taller-Fonoaudiolog\u00eda-UDD-768x512.jpg 768w, https:\/\/medicina.udd.cl\/kinesiologia-santiago\/files\/2014\/05\/Taller-Fonoaudiolog\u00eda-UDD-1024x683.jpg 1024w, https:\/\/medicina.udd.cl\/kinesiologia-santiago\/files\/2014\/05\/Taller-Fonoaudiolog\u00eda-UDD-960x640.jpg 960w\" sizes=\"auto, (max-width: 300px) 100vw, 300px\" \/><\/a><\/p>\n"},"caption":{"rendered":""},"alt_text":"","media_type":"image","mime_type":"image\/jpeg","media_details":{"width":3456,"height":2304,"file":"2014\/05\/Taller-Fonoaudiolog\u00eda-UDD.jpg","sizes":{"thumbnail":{"file":"Taller-Fonoaudiolog\u00eda-UDD-150x150.jpg","width":150,"height":150,"mime_type":"image\/jpeg","source_url":"https:\/\/medicina.udd.cl\/kinesiologia-santiago\/files\/2014\/05\/Taller-Fonoaudiolog\u00eda-UDD-150x150.jpg"},"medium":{"file":"Taller-Fonoaudiolog\u00eda-UDD-300x200.jpg","width":300,"height":200,"mime_type":"image\/jpeg","source_url":"https:\/\/medicina.udd.cl\/kinesiologia-santiago\/files\/2014\/05\/Taller-Fonoaudiolog\u00eda-UDD-300x200.jpg"},"medium_large":{"file":"Taller-Fonoaudiolog\u00eda-UDD-768x512.jpg","width":768,"height":512,"mime_type":"image\/jpeg","source_url":"https:\/\/medicina.udd.cl\/kinesiologia-santiago\/files\/2014\/05\/Taller-Fonoaudiolog\u00eda-UDD-768x512.jpg"},"large":{"file":"Taller-Fonoaudiolog\u00eda-UDD-1024x683.jpg","width":1024,"height":683,"mime_type":"image\/jpeg","source_url":"https:\/\/medicina.udd.cl\/kinesiologia-santiago\/files\/2014\/05\/Taller-Fonoaudiolog\u00eda-UDD-1024x683.jpg"},"newsletter_featured":{"file":"Taller-Fonoaudiolog\u00eda-UDD-316x224.jpg","width":316,"height":224,"mime_type":"image\/jpeg","source_url":"https:\/\/medicina.udd.cl\/kinesiologia-santiago\/files\/2014\/05\/Taller-Fonoaudiolog\u00eda-UDD-316x224.jpg"},"newsletter_first":{"file":"Taller-Fonoaudiolog\u00eda-UDD-286x205.jpg","width":286,"height":205,"mime_type":"image\/jpeg","source_url":"https:\/\/medicina.udd.cl\/kinesiologia-santiago\/files\/2014\/05\/Taller-Fonoaudiolog\u00eda-UDD-286x205.jpg"},"newsletter_thumb":{"file":"Taller-Fonoaudiolog\u00eda-UDD-288x150.jpg","width":288,"height":150,"mime_type":"image\/jpeg","source_url":"https:\/\/medicina.udd.cl\/kinesiologia-santiago\/files\/2014\/05\/Taller-Fonoaudiolog\u00eda-UDD-288x150.jpg"},"newsletter_column":{"file":"Taller-Fonoaudiolog\u00eda-UDD-182x140.jpg","width":182,"height":140,"mime_type":"image\/jpeg","source_url":"https:\/\/medicina.udd.cl\/kinesiologia-santiago\/files\/2014\/05\/Taller-Fonoaudiolog\u00eda-UDD-182x140.jpg"},"newsletter_square":{"file":"Taller-Fonoaudiolog\u00eda-UDD-62x62.jpg","width":62,"height":62,"mime_type":"image\/jpeg","source_url":"https:\/\/medicina.udd.cl\/kinesiologia-santiago\/files\/2014\/05\/Taller-Fonoaudiolog\u00eda-UDD-62x62.jpg"},"newsletter_square_large":{"file":"Taller-Fonoaudiolog\u00eda-UDD-87x62.jpg","width":87,"height":62,"mime_type":"image\/jpeg","source_url":"https:\/\/medicina.udd.cl\/kinesiologia-santiago\/files\/2014\/05\/Taller-Fonoaudiolog\u00eda-UDD-87x62.jpg"},"featured-home":{"file":"Taller-Fonoaudiolog\u00eda-UDD-800x450.jpg","width":800,"height":450,"mime_type":"image\/jpeg","source_url":"https:\/\/medicina.udd.cl\/kinesiologia-santiago\/files\/2014\/05\/Taller-Fonoaudiolog\u00eda-UDD-800x450.jpg"},"featured-career":{"file":"Taller-Fonoaudiolog\u00eda-UDD-660x430.jpg","width":660,"height":430,"mime_type":"image\/jpeg","source_url":"https:\/\/medicina.udd.cl\/kinesiologia-santiago\/files\/2014\/05\/Taller-Fonoaudiolog\u00eda-UDD-660x430.jpg"},"squared":{"file":"Taller-Fonoaudiolog\u00eda-UDD-300x300.jpg","width":300,"height":300,"mime_type":"image\/jpeg","source_url":"https:\/\/medicina.udd.cl\/kinesiologia-santiago\/files\/2014\/05\/Taller-Fonoaudiolog\u00eda-UDD-300x300.jpg"},"stretch":{"file":"Taller-Fonoaudiolog\u00eda-UDD-800x450.jpg","width":800,"height":450,"mime_type":"image\/jpeg","source_url":"https:\/\/medicina.udd.cl\/kinesiologia-santiago\/files\/2014\/05\/Taller-Fonoaudiolog\u00eda-UDD-800x450.jpg"},"portrait-medium":{"file":"Taller-Fonoaudiolog\u00eda-UDD-220x260.jpg","width":220,"height":260,"mime_type":"image\/jpeg","source_url":"https:\/\/medicina.udd.cl\/kinesiologia-santiago\/files\/2014\/05\/Taller-Fonoaudiolog\u00eda-UDD-220x260.jpg"},"landscape-small":{"file":"Taller-Fonoaudiolog\u00eda-UDD-125x80.jpg","width":125,"height":80,"mime_type":"image\/jpeg","source_url":"https:\/\/medicina.udd.cl\/kinesiologia-santiago\/files\/2014\/05\/Taller-Fonoaudiolog\u00eda-UDD-125x80.jpg"},"landscape-medium":{"file":"Taller-Fonoaudiolog\u00eda-UDD-340x220.jpg","width":340,"height":220,"mime_type":"image\/jpeg","source_url":"https:\/\/medicina.udd.cl\/kinesiologia-santiago\/files\/2014\/05\/Taller-Fonoaudiolog\u00eda-UDD-340x220.jpg"},"landscape-large":{"file":"Taller-Fonoaudiolog\u00eda-UDD-365x255.jpg","width":365,"height":255,"mime_type":"image\/jpeg","source_url":"https:\/\/medicina.udd.cl\/kinesiologia-santiago\/files\/2014\/05\/Taller-Fonoaudiolog\u00eda-UDD-365x255.jpg"},"landscape-xlarge":{"file":"Taller-Fonoaudiolog\u00eda-UDD-660x430.jpg","width":660,"height":430,"mime_type":"image\/jpeg","source_url":"https:\/\/medicina.udd.cl\/kinesiologia-santiago\/files\/2014\/05\/Taller-Fonoaudiolog\u00eda-UDD-660x430.jpg"},"panoramic":{"file":"Taller-Fonoaudiolog\u00eda-UDD-940x345.jpg","width":940,"height":345,"mime_type":"image\/jpeg","source_url":"https:\/\/medicina.udd.cl\/kinesiologia-santiago\/files\/2014\/05\/Taller-Fonoaudiolog\u00eda-UDD-940x345.jpg"},"stretch-large":{"file":"Taller-Fonoaudiolog\u00eda-UDD-940x450.jpg","width":940,"height":450,"mime_type":"image\/jpeg","source_url":"https:\/\/medicina.udd.cl\/kinesiologia-santiago\/files\/2014\/05\/Taller-Fonoaudiolog\u00eda-UDD-940x450.jpg"},"proportional-large":{"file":"Taller-Fonoaudiolog\u00eda-UDD-960x640.jpg","width":960,"height":640,"mime_type":"image\/jpeg","source_url":"https:\/\/medicina.udd.cl\/kinesiologia-santiago\/files\/2014\/05\/Taller-Fonoaudiolog\u00eda-UDD-960x640.jpg"},"custom_content":{"file":"Taller-Fonoaudiolog\u00eda-UDD-126x126.jpg","width":126,"height":126,"mime_type":"image\/jpeg","source_url":"https:\/\/medicina.udd.cl\/kinesiologia-santiago\/files\/2014\/05\/Taller-Fonoaudiolog\u00eda-UDD-126x126.jpg"},"full":{"file":"Taller-Fonoaudiolog\u00eda-UDD.jpg","width":3456,"height":2304,"mime_type":"image\/jpeg","source_url":"https:\/\/medicina.udd.cl\/kinesiologia-santiago\/files\/2014\/05\/Taller-Fonoaudiolog\u00eda-UDD.jpg"}},"image_meta":{"aperture":"3.5","credit":"","camera":"Canon EOS REBEL T2i","caption":"","created_timestamp":"1400333139","copyright":"","focal_length":"18","iso":"500","shutter_speed":"0.025","title":"","orientation":"1","keywords":[]}},"post":1745,"source_url":"https:\/\/medicina.udd.cl\/kinesiologia-santiago\/files\/2014\/05\/Taller-Fonoaudiolog\u00eda-UDD.jpg","_links":{"self":[{"href":"https:\/\/medicina.udd.cl\/kinesiologia-santiago\/wp-json\/wp\/v2\/media\/1752","targetHints":{"allow":["GET"]}}],"collection":[{"href":"https:\/\/medicina.udd.cl\/kinesiologia-santiago\/wp-json\/wp\/v2\/media"}],"about":[{"href":"https:\/\/medicina.udd.cl\/kinesiologia-santiago\/wp-json\/wp\/v2\/types\/attachment"}],"author":[{"embeddable":true,"href":"https:\/\/medicina.udd.cl\/kinesiologia-santiago\/wp-json\/wp\/v2\/users\/40"}],"replies":[{"embeddable":true,"href":"https:\/\/medicina.udd.cl\/kinesiologia-santiago\/wp-json\/wp\/v2\/comments?post=1752"}],"wp:attached-to":[{"embeddable":true,"post_type":"post","id":1745,"href":"https:\/\/medicina.udd.cl\/kinesiologia-santiago\/wp-json\/wp\/v2\/posts\/1745"}],"curies":[{"name":"wp","href":"https:\/\/api.w.org\/{rel}","templated":true}]}}